{"applied_filters":{"end_date":"","lang":"","language":"","network":"","page":1,"per_page":20,"search":"","source":"","start_date":"","topic":"Abriendo Espacios","type":"audio"},"available_filters":{"language_choices":[{"label":"Choose Language","value":""},{"label":"Espa\u00f1ol","value":"Espa\u00f1ol"}],"network_choices":[{"label":"All networks","value":""},{"label":"OCB","value":"OCB"}],"source_choices":[{"label":"All sources","value":""},{"label":"OCB \u00b7 Abriendo Espacios","value":"ocb_spanish_audio_html_scrape_562"}],"sources":["ocb_spanish_audio_html_scrape_562"],"topics":["Abriendo Espacios","Agenda hemisf\u00e9rica","Barrio Adentro","Bernamey\u00ean radyoy\u00ea y\u00ean rojane","Caf\u00e9 Digital","Cuba al D\u00eda","Cuba en la Memoria","De cara al sol","El futuro es ya","Foro abierto","Hablando claro","Izme\u0111u redova","La libertad es una librer\u00eda","Las noticias como son","Lawton Libre","Liberaci\u00f3n","Mart\u00ed Noticias A.M.","Mozaik \u017eivota","Nicaragua al d\u00eda","N\u00fb\u00e7ey\u00ean C\u00eehan\u00ea 1","N\u00fb\u00e7ey\u00ean C\u00eehan\u00ea 2","Pe Agend\u0103","Programas de Radio Nuestra Am\u00e9rica","Radio Mart\u00ed","Radyo","Taller de prensa","Th\u1eddi S\u1ef1","Zaviri ispod povr\u0161ine","adri%C3%A1n del sol mi padre est%C3%A1 muy d%C3%A9bil","atienden a mas de 50 personas en santiago de cuba por presunta intoxicacion alimentaria","auge en contagios de dengue en cuba","aumenta a 379 la cifra de desaparecidos por terremoto en colombia hay 285 fallecidos","banco mundial desembolsa millonaria ayuda para afectados por terremoto en colombia","casi 300 fallecidos almenos 4 000 heridos y 140 desaparecidos a 7 dias del terremoto en colombia","cifra de muertos por el terremoto en colombia supera las 200 personas seg%C3%BAn reporte","colombia declara estado de emergencia durante 30 dias por grave calamidad","colombia ingresa formalmente al escudo de las am%C3%A9ricas liderado por washington","convocan marcha pac%C3%ADfica por la libertad de todos los presos pol%C3%ADticos en venezuela","crece reclutamiento de ni%C3%B1os y ni%C3%B1as en colombia por parte de grupos ilegales seg%C3%BAn hrw","creo que el presidente trump ir%C3%A1 a la habana antes de que termine su mandato","eeuu cierra acuerdo petrolero que le dar%C3%A1 importante control de reservas venezolanas","eeuu ecuador y colombia se reunen para acordar lucha contra mafias del narcotr%C3%A1fico","eeuu sostiene operaciones militares junto a ecuador cerca de la frontera con colombia","el papel peri%C3%B3dico de la habana autores sociedad patri%C3%B3tica de la habana y sociedad econ%C3%B3mica de amigos del pa%C3","gobierno de colombia da por terminada conversaciones con otros tres grupos armados ilegales","informe pide mayor presencia militar en cuba","joven con vih permanece encarcelado tras protesta por apagones en guanabacoa","la bola nostra","la ola de robos a la infraestructura publica y privada agrava la crisis en cuba","la periodista independiente yoanni limonta reporta una protesta frente al gobierno provincial de cienfuegos tras apagones de mas","las farmacias privadas abren en cuba entre criticas por sus altos precios y dudas medicas sobre sus controles","m%C3%A1s hoteles menos hospitales","oea aprueba convocatoria urgente de cancilleres para condenar a la dictadura de nicaragua","padre castor %C3%A1lvarez devesa","rechazo en cuba a los festejos estatales durante el colapso de los servicios basicos","sismo de 7 4 en colombia deja m%C3%A1s de 100 muertos 87 heridos y 61 edificios colapsados","trump asegura que eeuu y venezuela est%C3%A1n haciendo una fortuna con acuerdo petrolero","\u0410\u0440\u0445\u0435\u043e\u043b\u043e\u0433\u0438\u044f","\u0412\u0440\u0435\u043c\u044f \u0421\u0432\u043e\u0431\u043e\u0434\u044b","\u0413\u0440\u0430\u043d\u0438 \u0432\u0440\u0435\u043c\u0435\u043d\u0438","\u041b\u0438\u0446\u043e\u043c \u043a \u0441\u043e\u0431\u044b\u0442\u0438\u044e","\u041c\u0443\u0437\u044b\u043a\u0430 \u043d\u0430 \u0421\u0432\u043e\u0431\u043e\u0434\u0435.\u0410\u0440\u0445\u0438\u0432","\u0421\u043f\u0435\u0446\u0438\u0430\u043b\u044c\u043d\u0430\u044f \u043f\u0440\u043e\u0433\u0440\u0430\u043c\u043c\u0430","\u0426\u0438\u0442\u0430\u0442\u044b \u0421\u0432\u043e\u0431\u043e\u0434\u044b","\u0427\u0435\u043b\u043e\u0432\u0435\u043a \u0438\u043c\u0435\u0435\u0442 \u043f\u0440\u0430\u0432\u043e. \u041f\u043e\u0434\u043a\u0430\u0441\u0442","\u0627\u0645\u0631\u06cc\u06a9\u0627 \u063a\u0696 \u067e\u069a\u062a\u0648","\u0628\u0634\u0646\u0648\u06cc\u062f","\u0628\u06d5\u0631\u0646\u0627\u0645\u06d5\u06a9\u0627\u0646\u06cc \u0695\u06c6\u0698\u0627\u0646\u06d5\u06cc \u0695\u0627\u062f\u06cc\u06c6","\u062e\u0628\u0631\u06d0 \u0627\u0648 \u0633\u0646\u062f\u0631\u06d0","\u062f\u0631\u06d0\u06cc\u0645\u0647 \u0645\u0627\u0633\u067e\u069a\u06cc\u0646\u06cd \u062e\u067e\u0631\u0648\u0646\u0647","\u062f\u0648\u06cc\u0645\u0647 \u062e\u0628\u0631\u064a \u06ab\u0693\u06cd","\u062f\u0648\u06cc\u0645\u0647 \u0645\u0627\u0633\u067e\u069a\u06cc\u0646\u06cd \u06ab\u0693\u06cd","\u0633\u0644\u0627\u0645 \u067e\u069a\u062a\u0648\u0646\u062e\u0648\u0627","\u0633\u0647\u0627\u0631\u0646\u06cd \u062e\u067e\u0631\u0648\u0646\u0647","\u0635\u062f\u0627\u06cc \u0627\u0645\u0631\u06cc\u06a9\u0627 \u062f\u0631\u06cc","\u0642\u0649\u0633\u0642\u0627 \u062e\u06d5\u06cb\u06d5\u0631\u0644\u06d5\u0631","\u0644\u0648\u0645\u0693\u06cd \u062e\u0628\u0631\u064a \u06ab\u0693\u06cd","\u0644\u0648\u0645\u0693\u06cd \u0645\u0627\u0633\u067e\u069a\u06cc\u0646\u06cd \u062e\u067e\u0631\u0648\u0646\u0647","\u0645\u0627\u069a\u0627\u0645\u0646\u06cd \u062e\u067e\u0631\u0648\u0646\u0647","\u0647\u06d5\u0648\u0627\u06b5\u06d5 \u062c\u06cc\u0647\u0627\u0646\u06cc\u06cc\u06d5\u06a9\u0627\u06461","\u0647\u06d5\u0648\u0627\u06b5\u06d5 \u062c\u06cc\u0647\u0627\u0646\u06cc\u06cc\u06d5\u06a9\u0627\u06462","\u5c08\u984c","\u65b0\u805e","\u6e2f\u6fb3\u53f0","\u6fa4\u8ad6\u56db\u65b9","\u7f8e\u56fd\u4e4b\u97f3\u4e2d\u6587\u5e7f\u64ad","\u9999\u6e2f","\ub274\uc2a4","\uc8fc\uac04\ud504\ub85c","\ud55c\ubc18\ub3c4"],"types":[["","All types"],["audio","Audio"],["media","Media"]]},"has_next":false,"has_prev":false,"items":[{"article_body_paragraphs":[],"audio_source_url":"https://ocb-audio-ns.akamaized.net/cu/2026/08/24/3ba840c4-6530-42ed-68e0-08def2ff2efe.mp3","author":null,"available_dubs":[],"downloadable_assets":["https://ocb-audio-ns.akamaized.net/cu/2026/08/24/3ba840c4-6530-42ed-68e0-08def2ff2efe.mp3"],"duration_display":"0:00","duration_seconds":null,"embed_url":null,"id":13506,"image_caption":null,"image_url":"https://gdb.martinoticias.com/ba46d877-d9ed-4665-bf91-08de3cb98067_w1200_h630.png","is_clip":false,"item_type":"audio","item_type_label":"Audio","language_label":"Espa\u00f1ol","media_credit":null,"micro_label":"Audio program","micro_label_kind":"audio","network_label":"OCB","network_logo_url":"/static/uploads/direct_network_logos/ocb_0888427dcb1d.svg","published_at":"2026-08-24T16:42:58","published_at_display":"24 Aug 2026, 16:42 GMT","sequence_badge_label":null,"sequence_count":null,"sequence_count_label":null,"sequence_frames":[],"sequence_kind":null,"source_name":"ocb_spanish_audio_html_scrape_562","source_name_label":"OCB \u00b7 Abriendo Espacios","source_type":"scrape","summary":"Conversamos esta semana con la realizadora y periodista Nitsy Grau sobre la realidad de las mujeres y lo que le gustaria contar al p\u00fablico","title":"Nitsy Grau, periodista","topic":"Abriendo Espacios","translation_language":"","url":"https://www.martinoticias.com/a/476147.html","video_url":null},{"article_body_paragraphs":[],"audio_source_url":"https://ocb-audio-ns.akamaized.net/cu/2026/08/24/56e28d76-828e-4d27-cfbf-08decd5b38e4.mp3","author":null,"available_dubs":[],"downloadable_assets":["https://ocb-audio-ns.akamaized.net/cu/2026/08/24/56e28d76-828e-4d27-cfbf-08decd5b38e4.mp3"],"duration_display":"0:00","duration_seconds":null,"embed_url":null,"id":13507,"image_caption":null,"image_url":"https://gdb.martinoticias.com/ba46d877-d9ed-4665-bf91-08de3cb98067_w1200_h630.png","is_clip":false,"item_type":"audio","item_type_label":"Audio","language_label":"Espa\u00f1ol","media_credit":null,"micro_label":"Audio program","micro_label_kind":"audio","network_label":"OCB","network_logo_url":"/static/uploads/direct_network_logos/ocb_0888427dcb1d.svg","published_at":"2026-08-22T16:39:11","published_at_display":"22 Aug 2026, 16:39 GMT","sequence_badge_label":null,"sequence_count":null,"sequence_count_label":null,"sequence_frames":[],"sequence_kind":null,"source_name":"ocb_spanish_audio_html_scrape_562","source_name_label":"OCB \u00b7 Abriendo Espacios","source_type":"scrape","summary":"En Abriendo Espacios conversamos con la activista Marthadela Tamayo sobre el proceso de veedur\u00eda (o comit\u00e9 de supervisi\u00f3n ciudadana) y la realidad actual de Cuba.","title":"Marthadela Tamayo, activista","topic":"Abriendo Espacios","translation_language":"","url":"https://www.martinoticias.com/a/476145.html","video_url":null},{"article_body_paragraphs":[],"audio_source_url":"https://ocb-audio-ns.akamaized.net/cu/2026/08/24/b2a7fb7d-d23e-4412-5a7d-08decd6ea425.mp3","author":null,"available_dubs":[],"downloadable_assets":["https://ocb-audio-ns.akamaized.net/cu/2026/08/24/b2a7fb7d-d23e-4412-5a7d-08decd6ea425.mp3"],"duration_display":"0:00","duration_seconds":null,"embed_url":null,"id":13508,"image_caption":null,"image_url":"https://gdb.martinoticias.com/ba46d877-d9ed-4665-bf91-08de3cb98067_w1200_h630.png","is_clip":false,"item_type":"audio","item_type_label":"Audio","language_label":"Espa\u00f1ol","media_credit":null,"micro_label":"Audio program","micro_label_kind":"audio","network_label":"OCB","network_logo_url":"/static/uploads/direct_network_logos/ocb_0888427dcb1d.svg","published_at":"2026-07-25T18:32:49","published_at_display":"25 Jul 2026, 18:32 GMT","sequence_badge_label":null,"sequence_count":null,"sequence_count_label":null,"sequence_frames":[],"sequence_kind":null,"source_name":"ocb_spanish_audio_html_scrape_562","source_name_label":"OCB \u00b7 Abriendo Espacios","source_type":"scrape","summary":"CONVERSAMOS CON YANELIS N\u00da\u00d1EZ ESPECIALISTA DE G\u00c9NERO DE ALAS TENSAS SOBRE LAS ALERTAS POR MUJERES DESAPARECIDAS.","title":"YANELIS N\u00da\u00d1EZ, ESPECIALISTA DE G\u00c9NERO","topic":"Abriendo Espacios","translation_language":"","url":"https://www.martinoticias.com/a/476151.html","video_url":null},{"article_body_paragraphs":[],"audio_source_url":"https://ocb-audio-ns.akamaized.net/cu/2026/07/22/442085b9-c155-4889-59cc-08decd6ea425.mp3","author":null,"available_dubs":[],"downloadable_assets":["https://ocb-audio-ns.akamaized.net/cu/2026/07/22/442085b9-c155-4889-59cc-08decd6ea425.mp3"],"duration_display":"0:00","duration_seconds":null,"embed_url":null,"id":13509,"image_caption":null,"image_url":"https://gdb.martinoticias.com/ba46d877-d9ed-4665-bf91-08de3cb98067_w1200_h630.png","is_clip":false,"item_type":"audio","item_type_label":"Audio","language_label":"Espa\u00f1ol","media_credit":null,"micro_label":"Audio program","micro_label_kind":"audio","network_label":"OCB","network_logo_url":"/static/uploads/direct_network_logos/ocb_0888427dcb1d.svg","published_at":"2026-07-22T18:10:35","published_at_display":"22 Jul 2026, 18:10 GMT","sequence_badge_label":null,"sequence_count":null,"sequence_count_label":null,"sequence_frames":[],"sequence_kind":null,"source_name":"ocb_spanish_audio_html_scrape_562","source_name_label":"OCB \u00b7 Abriendo Espacios","source_type":"scrape","summary":"Esta semana en Abriendo Espacios conversamos con Darcy Borrero, periodista, sobre el consumo de droga en la isla y la violencia generalizada.","title":"Darcy Borrero, periodista","topic":"Abriendo Espacios","translation_language":"","url":"https://www.martinoticias.com/a/472599.html","video_url":null},{"article_body_paragraphs":[],"audio_source_url":"https://ocb-audio-ns.akamaized.net/cu/2026/07/01/d8bd5697-02fc-47b7-ce7b-08decd5b38e4.mp3","author":null,"available_dubs":[],"downloadable_assets":["https://ocb-audio-ns.akamaized.net/cu/2026/07/01/d8bd5697-02fc-47b7-ce7b-08decd5b38e4.mp3"],"duration_display":"0:00","duration_seconds":null,"embed_url":null,"id":13510,"image_caption":null,"image_url":"https://gdb.martinoticias.com/ba46d877-d9ed-4665-bf91-08de3cb98067_w1200_h630.png","is_clip":false,"item_type":"audio","item_type_label":"Audio","language_label":"Espa\u00f1ol","media_credit":null,"micro_label":"Audio program","micro_label_kind":"audio","network_label":"OCB","network_logo_url":"/static/uploads/direct_network_logos/ocb_0888427dcb1d.svg","published_at":"2026-07-01T19:54:29","published_at_display":"1 Jul 2026, 19:54 GMT","sequence_badge_label":null,"sequence_count":null,"sequence_count_label":null,"sequence_frames":[],"sequence_kind":null,"source_name":"ocb_spanish_audio_html_scrape_562","source_name_label":"OCB \u00b7 Abriendo Espacios","source_type":"scrape","summary":"Esta semana en Abriendo Espacios conversamos con Ileana \u00c1lvarez directora del Observatorio de G\u00e9nero Alas Tensas sobre la alerta por el incremento de los feminicidios en la isla","title":"Ileana \u00c1lvarez directora del Observatorio de G\u00e9nero Alas Tensas","topic":"Abriendo Espacios","translation_language":"","url":"https://www.martinoticias.com/a/469889.html","video_url":null},{"article_body_paragraphs":[],"audio_source_url":"https://ocb-audio-ns.akamaized.net/cu/2026/06/26/50b45a03-305a-402b-029b-08decd63a0c8.mp3","author":null,"available_dubs":[],"downloadable_assets":["https://ocb-audio-ns.akamaized.net/cu/2026/06/26/50b45a03-305a-402b-029b-08decd63a0c8.mp3"],"duration_display":"0:00","duration_seconds":null,"embed_url":null,"id":13511,"image_caption":null,"image_url":"https://gdb.martinoticias.com/ba46d877-d9ed-4665-bf91-08de3cb98067_w1200_h630.png","is_clip":false,"item_type":"audio","item_type_label":"Audio","language_label":"Espa\u00f1ol","media_credit":null,"micro_label":"Audio program","micro_label_kind":"audio","network_label":"OCB","network_logo_url":"/static/uploads/direct_network_logos/ocb_0888427dcb1d.svg","published_at":"2026-06-26T18:20:31","published_at_display":"26 Jun 2026, 18:20 GMT","sequence_badge_label":null,"sequence_count":null,"sequence_count_label":null,"sequence_frames":[],"sequence_kind":null,"source_name":"ocb_spanish_audio_html_scrape_562","source_name_label":"OCB \u00b7 Abriendo Espacios","source_type":"scrape","summary":"EN ABRIENDO ESPACIOS VAMOS A CONOCER EL TRABAJO QUE REALIZAN LAS ACTIVISTAS DE FLAMUR EN LA ISLA CON MUJERES QUE PADECEN LA VIOLENCIA INTRAFAMILIAR EN EL CAMPO CUBANO, NOS ACOMPA\u00d1A SU PRESIDENTA MAGDELIVIA HIDALGO.","title":"Magdelivia Hidalgo","topic":"Abriendo Espacios","translation_language":"","url":"https://www.martinoticias.com/a/469542.html","video_url":null},{"article_body_paragraphs":[],"audio_source_url":"https://ocb-audio-ns.akamaized.net/cu/2026/06/12/b2c702bb-e70d-495b-2930-08debb04b817.mp3","author":null,"available_dubs":[],"downloadable_assets":["https://ocb-audio-ns.akamaized.net/cu/2026/06/12/b2c702bb-e70d-495b-2930-08debb04b817.mp3"],"duration_display":"0:00","duration_seconds":null,"embed_url":null,"id":13512,"image_caption":null,"image_url":"https://gdb.martinoticias.com/ba46d877-d9ed-4665-bf91-08de3cb98067_w1200_h630.png","is_clip":false,"item_type":"audio","item_type_label":"Audio","language_label":"Espa\u00f1ol","media_credit":null,"micro_label":"Audio program","micro_label_kind":"audio","network_label":"OCB","network_logo_url":"/static/uploads/direct_network_logos/ocb_0888427dcb1d.svg","published_at":"2026-06-12T18:06:38","published_at_display":"12 Jun 2026, 18:06 GMT","sequence_badge_label":null,"sequence_count":null,"sequence_count_label":null,"sequence_frames":[],"sequence_kind":null,"source_name":"ocb_spanish_audio_html_scrape_562","source_name_label":"OCB \u00b7 Abriendo Espacios","source_type":"scrape","summary":"La comunidad cubana en Uruguay. Su expansi\u00f3n, ra\u00edces y cultura.","title":"Leydis Aguilera, Parlamentaria Cubana en Uruguay","topic":"Abriendo Espacios","translation_language":"","url":"https://www.martinoticias.com/a/468429.html","video_url":null},{"article_body_paragraphs":[],"audio_source_url":"https://ocb-audio-ns.akamaized.net/cu/2026/06/02/43818fc6-4a77-42d7-0175-08debb4c862b.mp3","author":null,"available_dubs":[],"downloadable_assets":["https://ocb-audio-ns.akamaized.net/cu/2026/06/02/43818fc6-4a77-42d7-0175-08debb4c862b.mp3"],"duration_display":"0:00","duration_seconds":null,"embed_url":null,"id":13513,"image_caption":null,"image_url":"https://gdb.martinoticias.com/ba46d877-d9ed-4665-bf91-08de3cb98067_w1200_h630.png","is_clip":false,"item_type":"audio","item_type_label":"Audio","language_label":"Espa\u00f1ol","media_credit":null,"micro_label":"Audio program","micro_label_kind":"audio","network_label":"OCB","network_logo_url":"/static/uploads/direct_network_logos/ocb_0888427dcb1d.svg","published_at":"2026-06-02T18:55:38","published_at_display":"2 Jun 2026, 18:55 GMT","sequence_badge_label":null,"sequence_count":null,"sequence_count_label":null,"sequence_frames":[],"sequence_kind":null,"source_name":"ocb_spanish_audio_html_scrape_562","source_name_label":"OCB \u00b7 Abriendo Espacios","source_type":"scrape","summary":"Hoy conversamos con la joven escritora cubana, Massiel Pita.","title":"Massiel Pita, escritora","topic":"Abriendo Espacios","translation_language":"","url":"https://www.martinoticias.com/a/465639.html","video_url":null},{"article_body_paragraphs":[],"audio_source_url":"https://ocb-audio-ns.akamaized.net/cu/2026/05/28/33e2a03a-454a-4297-48b5-08debb04a25d.mp3","author":null,"available_dubs":[],"downloadable_assets":["https://ocb-audio-ns.akamaized.net/cu/2026/05/28/33e2a03a-454a-4297-48b5-08debb04a25d.mp3"],"duration_display":"0:00","duration_seconds":null,"embed_url":null,"id":13514,"image_caption":null,"image_url":"https://gdb.martinoticias.com/ba46d877-d9ed-4665-bf91-08de3cb98067_w1200_h630.png","is_clip":false,"item_type":"audio","item_type_label":"Audio","language_label":"Espa\u00f1ol","media_credit":null,"micro_label":"Audio program","micro_label_kind":"audio","network_label":"OCB","network_logo_url":"/static/uploads/direct_network_logos/ocb_0888427dcb1d.svg","published_at":"2026-05-28T19:25:56","published_at_display":"28 May 2026, 19:25 GMT","sequence_badge_label":null,"sequence_count":null,"sequence_count_label":null,"sequence_frames":[],"sequence_kind":null,"source_name":"ocb_spanish_audio_html_scrape_562","source_name_label":"OCB \u00b7 Abriendo Espacios","source_type":"scrape","summary":"Mari Paz Mart\u00ednez Nieto, Escritora, luchadora infatigable en pro de los derechos humanos, fundadora y presidenta de ASOPAZCO","title":"Mari Paz Mart\u00ednez Nieto","topic":"Abriendo Espacios","translation_language":"","url":"https://www.martinoticias.com/a/464907.html","video_url":null},{"article_body_paragraphs":[],"audio_source_url":"https://ocb-audio-ns.akamaized.net/cu/2026/05/14/3c678cb0-ad1c-4751-7979-08de3ca5a9e8.mp3","author":null,"available_dubs":[],"downloadable_assets":["https://ocb-audio-ns.akamaized.net/cu/2026/05/14/3c678cb0-ad1c-4751-7979-08de3ca5a9e8.mp3"],"duration_display":"0:00","duration_seconds":null,"embed_url":null,"id":13515,"image_caption":null,"image_url":"https://gdb.martinoticias.com/ba46d877-d9ed-4665-bf91-08de3cb98067_w1200_h630.png","is_clip":false,"item_type":"audio","item_type_label":"Audio","language_label":"Espa\u00f1ol","media_credit":null,"micro_label":"Audio program","micro_label_kind":"audio","network_label":"OCB","network_logo_url":"/static/uploads/direct_network_logos/ocb_0888427dcb1d.svg","published_at":"2026-05-16T14:00:00","published_at_display":"16 May 2026, 14:00 GMT","sequence_badge_label":null,"sequence_count":null,"sequence_count_label":null,"sequence_frames":[],"sequence_kind":null,"source_name":"ocb_spanish_audio_html_scrape_562","source_name_label":"OCB \u00b7 Abriendo Espacios","source_type":"scrape","summary":"Dignas cubanas es el segundo volumen que contin\u00faa con esos nombres, una selecci\u00f3n en la que procurar\u00e9 no olvidar a ninguna de esas mujeres y madres cubanas, que dentro de Cuba y en el exilio, hicieron tanto y siguen haciendo por Cuba.","title":"Dignas cubanas, de Zo\u00e9 Vald\u00e9s","topic":"Abriendo Espacios","translation_language":"","url":"https://www.martinoticias.com/a/463855.html","video_url":null},{"article_body_paragraphs":[],"audio_source_url":"https://ocb-audio-ns.akamaized.net/cu/2026/05/12/eb4c7c0f-3e17-4246-c182-08de3cb98067.mp3","author":null,"available_dubs":[],"downloadable_assets":["https://ocb-audio-ns.akamaized.net/cu/2026/05/12/eb4c7c0f-3e17-4246-c182-08de3cb98067.mp3"],"duration_display":"0:00","duration_seconds":null,"embed_url":null,"id":13516,"image_caption":null,"image_url":"https://gdb.martinoticias.com/ba46d877-d9ed-4665-bf91-08de3cb98067_w1200_h630.png","is_clip":false,"item_type":"audio","item_type_label":"Audio","language_label":"Espa\u00f1ol","media_credit":null,"micro_label":"Audio program","micro_label_kind":"audio","network_label":"OCB","network_logo_url":"/static/uploads/direct_network_logos/ocb_0888427dcb1d.svg","published_at":"2026-05-12T17:43:41","published_at_display":"12 May 2026, 17:43 GMT","sequence_badge_label":null,"sequence_count":null,"sequence_count_label":null,"sequence_frames":[],"sequence_kind":null,"source_name":"ocb_spanish_audio_html_scrape_562","source_name_label":"OCB \u00b7 Abriendo Espacios","source_type":"scrape","summary":"Hoy conversamos con la profesora e investigadora del Observatorio de Envejecimiento, Cuidados y Derechos:Cuido 60,Teresa Diaz, sobre la realidad de los ancianos en la isla.","title":"Teresa Diaz, investigadora de Cuido 60","topic":"Abriendo Espacios","translation_language":"","url":"https://www.martinoticias.com/a/463690.html","video_url":null},{"article_body_paragraphs":[],"audio_source_url":"https://ocb-audio-ns.akamaized.net/cu/2026/05/05/5c448e9f-304e-48bd-fcc3-08de3bfab561.mp3","author":null,"available_dubs":[],"downloadable_assets":["https://ocb-audio-ns.akamaized.net/cu/2026/05/05/5c448e9f-304e-48bd-fcc3-08de3bfab561.mp3"],"duration_display":"0:00","duration_seconds":null,"embed_url":null,"id":13517,"image_caption":null,"image_url":"https://gdb.martinoticias.com/ba46d877-d9ed-4665-bf91-08de3cb98067_w1200_h630.png","is_clip":false,"item_type":"audio","item_type_label":"Audio","language_label":"Espa\u00f1ol","media_credit":null,"micro_label":"Audio program","micro_label_kind":"audio","network_label":"OCB","network_logo_url":"/static/uploads/direct_network_logos/ocb_0888427dcb1d.svg","published_at":"2026-05-05T20:16:33","published_at_display":"5 May 2026, 20:16 GMT","sequence_badge_label":null,"sequence_count":null,"sequence_count_label":null,"sequence_frames":[],"sequence_kind":null,"source_name":"ocb_spanish_audio_html_scrape_562","source_name_label":"OCB \u00b7 Abriendo Espacios","source_type":"scrape","summary":"Conversamos con la activista cubana Amelia Calzadilla sobre una encuesta independiente muestra rechazo masivo al r\u00e9gimen y apoyo a cambios pol\u00edticos en Cuba y el anuncio de la creaci\u00f3n del Partido Liberal Ortodoxo Cubano.","title":"Amelia Cazadilla, activista cubana","topic":"Abriendo Espacios","translation_language":"","url":"https://www.martinoticias.com/a/462871.html","video_url":null}],"next_num":null,"page":1,"pages":1,"per_page":20,"prev_num":null,"total":12}
