{"applied_filters":{"end_date":"","lang":"","language":"","network":"","page":1,"per_page":20,"search":"","source":"","start_date":"","topic":"Agenda hemisf\u00e9rica","type":"audio"},"available_filters":{"language_choices":[{"label":"Choose Language","value":""},{"label":"Espa\u00f1ol","value":"Espa\u00f1ol"}],"network_choices":[{"label":"All networks","value":""},{"label":"OCB","value":"OCB"}],"source_choices":[{"label":"All sources","value":""},{"label":"OCB \u00b7 Agenda hemisf\u00e9rica","value":"ocb_spanish_audio_html_scrape_1028"}],"sources":["ocb_spanish_audio_html_scrape_1028"],"topics":["Abriendo Espacios","Agenda hemisf\u00e9rica","Barrio Adentro","Bernamey\u00ean radyoy\u00ea y\u00ean rojane","Caf\u00e9 Digital","Cuba al D\u00eda","Cuba en la Memoria","De cara al sol","El futuro es ya","Foro abierto","Hablando claro","Izme\u0111u redova","La libertad es una librer\u00eda","Las noticias como son","Lawton Libre","Liberaci\u00f3n","Mart\u00ed Noticias A.M.","Mozaik \u017eivota","Nicaragua al d\u00eda","N\u00fb\u00e7ey\u00ean C\u00eehan\u00ea 1","N\u00fb\u00e7ey\u00ean C\u00eehan\u00ea 2","Pe Agend\u0103","Programas de Radio Nuestra Am\u00e9rica","Radio Mart\u00ed","Radyo","Taller de prensa","Th\u1eddi S\u1ef1","Zaviri ispod povr\u0161ine","adri%C3%A1n del sol mi padre est%C3%A1 muy d%C3%A9bil","atienden a mas de 50 personas en santiago de cuba por presunta intoxicacion alimentaria","auge en contagios de dengue en cuba","aumenta a 379 la cifra de desaparecidos por terremoto en colombia hay 285 fallecidos","banco mundial desembolsa millonaria ayuda para afectados por terremoto en colombia","casi 300 fallecidos almenos 4 000 heridos y 140 desaparecidos a 7 dias del terremoto en colombia","cifra de muertos por el terremoto en colombia supera las 200 personas seg%C3%BAn reporte","colombia declara estado de emergencia durante 30 dias por grave calamidad","colombia ingresa formalmente al escudo de las am%C3%A9ricas liderado por washington","convocan marcha pac%C3%ADfica por la libertad de todos los presos pol%C3%ADticos en venezuela","crece reclutamiento de ni%C3%B1os y ni%C3%B1as en colombia por parte de grupos ilegales seg%C3%BAn hrw","creo que el presidente trump ir%C3%A1 a la habana antes de que termine su mandato","eeuu cierra acuerdo petrolero que le dar%C3%A1 importante control de reservas venezolanas","eeuu ecuador y colombia se reunen para acordar lucha contra mafias del narcotr%C3%A1fico","eeuu sostiene operaciones militares junto a ecuador cerca de la frontera con colombia","el papel peri%C3%B3dico de la habana autores sociedad patri%C3%B3tica de la habana y sociedad econ%C3%B3mica de amigos del pa%C3","gobierno de colombia da por terminada conversaciones con otros tres grupos armados ilegales","informe pide mayor presencia militar en cuba","joven con vih permanece encarcelado tras protesta por apagones en guanabacoa","la bola nostra","la ola de robos a la infraestructura publica y privada agrava la crisis en cuba","la periodista independiente yoanni limonta reporta una protesta frente al gobierno provincial de cienfuegos tras apagones de mas","las farmacias privadas abren en cuba entre criticas por sus altos precios y dudas medicas sobre sus controles","m%C3%A1s hoteles menos hospitales","oea aprueba convocatoria urgente de cancilleres para condenar a la dictadura de nicaragua","padre castor %C3%A1lvarez devesa","rechazo en cuba a los festejos estatales durante el colapso de los servicios basicos","sismo de 7 4 en colombia deja m%C3%A1s de 100 muertos 87 heridos y 61 edificios colapsados","trump asegura que eeuu y venezuela est%C3%A1n haciendo una fortuna con acuerdo petrolero","\u0410\u0440\u0445\u0435\u043e\u043b\u043e\u0433\u0438\u044f","\u0412\u0440\u0435\u043c\u044f \u0421\u0432\u043e\u0431\u043e\u0434\u044b","\u0413\u0440\u0430\u043d\u0438 \u0432\u0440\u0435\u043c\u0435\u043d\u0438","\u041b\u0438\u0446\u043e\u043c \u043a \u0441\u043e\u0431\u044b\u0442\u0438\u044e","\u041c\u0443\u0437\u044b\u043a\u0430 \u043d\u0430 \u0421\u0432\u043e\u0431\u043e\u0434\u0435.\u0410\u0440\u0445\u0438\u0432","\u0421\u043f\u0435\u0446\u0438\u0430\u043b\u044c\u043d\u0430\u044f \u043f\u0440\u043e\u0433\u0440\u0430\u043c\u043c\u0430","\u0426\u0438\u0442\u0430\u0442\u044b \u0421\u0432\u043e\u0431\u043e\u0434\u044b","\u0427\u0435\u043b\u043e\u0432\u0435\u043a \u0438\u043c\u0435\u0435\u0442 \u043f\u0440\u0430\u0432\u043e. \u041f\u043e\u0434\u043a\u0430\u0441\u0442","\u0627\u0645\u0631\u06cc\u06a9\u0627 \u063a\u0696 \u067e\u069a\u062a\u0648","\u0628\u0634\u0646\u0648\u06cc\u062f","\u0628\u06d5\u0631\u0646\u0627\u0645\u06d5\u06a9\u0627\u0646\u06cc \u0695\u06c6\u0698\u0627\u0646\u06d5\u06cc \u0695\u0627\u062f\u06cc\u06c6","\u062e\u0628\u0631\u06d0 \u0627\u0648 \u0633\u0646\u062f\u0631\u06d0","\u062f\u0631\u06d0\u06cc\u0645\u0647 \u0645\u0627\u0633\u067e\u069a\u06cc\u0646\u06cd \u062e\u067e\u0631\u0648\u0646\u0647","\u062f\u0648\u06cc\u0645\u0647 \u062e\u0628\u0631\u064a \u06ab\u0693\u06cd","\u062f\u0648\u06cc\u0645\u0647 \u0645\u0627\u0633\u067e\u069a\u06cc\u0646\u06cd \u06ab\u0693\u06cd","\u0633\u0644\u0627\u0645 \u067e\u069a\u062a\u0648\u0646\u062e\u0648\u0627","\u0633\u0647\u0627\u0631\u0646\u06cd \u062e\u067e\u0631\u0648\u0646\u0647","\u0635\u062f\u0627\u06cc \u0627\u0645\u0631\u06cc\u06a9\u0627 \u062f\u0631\u06cc","\u0642\u0649\u0633\u0642\u0627 \u062e\u06d5\u06cb\u06d5\u0631\u0644\u06d5\u0631","\u0644\u0648\u0645\u0693\u06cd \u062e\u0628\u0631\u064a \u06ab\u0693\u06cd","\u0644\u0648\u0645\u0693\u06cd \u0645\u0627\u0633\u067e\u069a\u06cc\u0646\u06cd \u062e\u067e\u0631\u0648\u0646\u0647","\u0645\u0627\u069a\u0627\u0645\u0646\u06cd \u062e\u067e\u0631\u0648\u0646\u0647","\u0647\u06d5\u0648\u0627\u06b5\u06d5 \u062c\u06cc\u0647\u0627\u0646\u06cc\u06cc\u06d5\u06a9\u0627\u06461","\u0647\u06d5\u0648\u0627\u06b5\u06d5 \u062c\u06cc\u0647\u0627\u0646\u06cc\u06cc\u06d5\u06a9\u0627\u06462","\u5c08\u984c","\u65b0\u805e","\u6e2f\u6fb3\u53f0","\u6fa4\u8ad6\u56db\u65b9","\u7f8e\u56fd\u4e4b\u97f3\u4e2d\u6587\u5e7f\u64ad","\u9999\u6e2f","\ub274\uc2a4","\uc8fc\uac04\ud504\ub85c","\ud55c\ubc18\ub3c4"],"types":[["","All types"],["audio","Audio"],["media","Media"]]},"has_next":false,"has_prev":false,"items":[{"article_body_paragraphs":[],"audio_source_url":"https://ocb-audio-ns.akamaized.net/cu/2026/08/21/668c04b0-0fac-4eb2-03e5-08decd63a0c8.mp3","author":null,"available_dubs":[],"downloadable_assets":["https://ocb-audio-ns.akamaized.net/cu/2026/08/21/668c04b0-0fac-4eb2-03e5-08decd63a0c8.mp3"],"duration_display":"0:00","duration_seconds":null,"embed_url":null,"id":13554,"image_caption":null,"image_url":"https://gdb.martinoticias.com/d964525e-4389-450c-763e-08de3ca5a9e8_w1200_h630.png","is_clip":false,"item_type":"audio","item_type_label":"Audio","language_label":"Espa\u00f1ol","media_credit":null,"micro_label":"Audio program","micro_label_kind":"audio","network_label":"OCB","network_logo_url":"/static/uploads/direct_network_logos/ocb_0888427dcb1d.svg","published_at":"2026-08-22T04:00:00","published_at_display":"22 Aug 2026, 04:00 GMT","sequence_badge_label":null,"sequence_count":null,"sequence_count_label":null,"sequence_frames":[],"sequence_kind":null,"source_name":"ocb_spanish_audio_html_scrape_1028","source_name_label":"OCB \u00b7 Agenda hemisf\u00e9rica","source_type":"scrape","summary":"Am\u00e9rica Latina enfrenta un escenario marcado por el avance del crimen organizado, el narcotr\u00e1fico, la corrupci\u00f3n y el debilitamiento de las instituciones democr\u00e1ticas.","title":"Am\u00e9rica Latina: El futuro de la regi\u00f3n","topic":"Agenda hemisf\u00e9rica","translation_language":"","url":"https://www.martinoticias.com/a/475981.html","video_url":null},{"article_body_paragraphs":[],"audio_source_url":"https://ocb-audio-ns.akamaized.net/cu/2026/08/21/118b2de9-4904-47de-cfaa-08decd5b38e4.mp3","author":null,"available_dubs":[],"downloadable_assets":["https://ocb-audio-ns.akamaized.net/cu/2026/08/21/118b2de9-4904-47de-cfaa-08decd5b38e4.mp3"],"duration_display":"0:00","duration_seconds":null,"embed_url":null,"id":13555,"image_caption":null,"image_url":"https://gdb.martinoticias.com/d964525e-4389-450c-763e-08de3ca5a9e8_w1200_h630.png","is_clip":false,"item_type":"audio","item_type_label":"Audio","language_label":"Espa\u00f1ol","media_credit":null,"micro_label":"Audio program","micro_label_kind":"audio","network_label":"OCB","network_logo_url":"/static/uploads/direct_network_logos/ocb_0888427dcb1d.svg","published_at":"2026-08-13T19:23:17","published_at_display":"13 Aug 2026, 19:23 GMT","sequence_badge_label":null,"sequence_count":null,"sequence_count_label":null,"sequence_frames":[],"sequence_kind":null,"source_name":"ocb_spanish_audio_html_scrape_1028","source_name_label":"OCB \u00b7 Agenda hemisf\u00e9rica","source_type":"scrape","summary":"La primera prueba de fuego a De la Espriella lleg\u00f3 con el terremoto del lunes.","title":"Los temblores de Colombia","topic":"Agenda hemisf\u00e9rica","translation_language":"","url":"https://www.martinoticias.com/a/475980.html","video_url":null},{"article_body_paragraphs":[],"audio_source_url":"https://ocb-audio-ns.akamaized.net/cu/2026/08/21/afc83ab1-ab12-430d-5a67-08decd6ea425.mp3","author":null,"available_dubs":[],"downloadable_assets":["https://ocb-audio-ns.akamaized.net/cu/2026/08/21/afc83ab1-ab12-430d-5a67-08decd6ea425.mp3"],"duration_display":"0:00","duration_seconds":null,"embed_url":null,"id":13556,"image_caption":null,"image_url":"https://gdb.martinoticias.com/d964525e-4389-450c-763e-08de3ca5a9e8_w1200_h630.png","is_clip":false,"item_type":"audio","item_type_label":"Audio","language_label":"Espa\u00f1ol","media_credit":null,"micro_label":"Audio program","micro_label_kind":"audio","network_label":"OCB","network_logo_url":"/static/uploads/direct_network_logos/ocb_0888427dcb1d.svg","published_at":"2026-08-06T19:21:05","published_at_display":"6 Aug 2026, 19:21 GMT","sequence_badge_label":null,"sequence_count":null,"sequence_count_label":null,"sequence_frames":[],"sequence_kind":null,"source_name":"ocb_spanish_audio_html_scrape_1028","source_name_label":"OCB \u00b7 Agenda hemisf\u00e9rica","source_type":"scrape","summary":"Fuerza de Tarea Conjunta-hemisferio occidental, coordinar\u00e1 operaciones contra los carteles de la droga y el crimen organizado transnacional en Am\u00e9rica Latina y el Caribe.","title":"Escudo de Am\u00e9rica","topic":"Agenda hemisf\u00e9rica","translation_language":"","url":"https://www.martinoticias.com/a/475979.html","video_url":null},{"article_body_paragraphs":[],"audio_source_url":"https://ocb-audio-ns.akamaized.net/cu/2026/07/31/0173e402-2d04-46f7-fc17-08decd3a80a4.mp3","author":null,"available_dubs":[],"downloadable_assets":["https://ocb-audio-ns.akamaized.net/cu/2026/07/31/0173e402-2d04-46f7-fc17-08decd3a80a4.mp3"],"duration_display":"0:00","duration_seconds":null,"embed_url":null,"id":13557,"image_caption":null,"image_url":"https://gdb.martinoticias.com/d964525e-4389-450c-763e-08de3ca5a9e8_w1200_h630.png","is_clip":false,"item_type":"audio","item_type_label":"Audio","language_label":"Espa\u00f1ol","media_credit":null,"micro_label":"Audio program","micro_label_kind":"audio","network_label":"OCB","network_logo_url":"/static/uploads/direct_network_logos/ocb_0888427dcb1d.svg","published_at":"2026-08-01T15:00:00","published_at_display":"1 Aug 2026, 15:00 GMT","sequence_badge_label":null,"sequence_count":null,"sequence_count_label":null,"sequence_frames":[],"sequence_kind":null,"source_name":"ocb_spanish_audio_html_scrape_1028","source_name_label":"OCB \u00b7 Agenda hemisf\u00e9rica","source_type":"scrape","summary":"Per\u00fa inicia una nueva etapa pol\u00edtica con la presidencia de Keiko Fujimori. Expectativas y cuestionamientos, en un pa\u00eds dividido.","title":"Per\u00fa: nuevo gobierno, nueva ilusi\u00f3n","topic":"Agenda hemisf\u00e9rica","translation_language":"","url":"https://www.martinoticias.com/a/473372.html","video_url":null},{"article_body_paragraphs":[],"audio_source_url":"https://ocb-audio-ns.akamaized.net/cu/2026/07/31/b490eae9-e3ee-4864-0371-08decd63a0c8.mp3","author":null,"available_dubs":[],"downloadable_assets":["https://ocb-audio-ns.akamaized.net/cu/2026/07/31/b490eae9-e3ee-4864-0371-08decd63a0c8.mp3"],"duration_display":"0:00","duration_seconds":null,"embed_url":null,"id":13558,"image_caption":null,"image_url":"https://gdb.martinoticias.com/d964525e-4389-450c-763e-08de3ca5a9e8_w1200_h630.png","is_clip":false,"item_type":"audio","item_type_label":"Audio","language_label":"Espa\u00f1ol","media_credit":null,"micro_label":"Audio program","micro_label_kind":"audio","network_label":"OCB","network_logo_url":"/static/uploads/direct_network_logos/ocb_0888427dcb1d.svg","published_at":"2026-07-25T18:50:52","published_at_display":"25 Jul 2026, 18:50 GMT","sequence_badge_label":null,"sequence_count":null,"sequence_count_label":null,"sequence_frames":[],"sequence_kind":null,"source_name":"ocb_spanish_audio_html_scrape_1028","source_name_label":"OCB \u00b7 Agenda hemisf\u00e9rica","source_type":"scrape","summary":"\"Aqu\u00ed no volver\u00e1 a haber elecciones\": reacci\u00f3n internacional por dichos de Daniel Ortega.","title":"Nicaragua: \u00bfDemocracia enterrada?","topic":"Agenda hemisf\u00e9rica","translation_language":"","url":"https://www.martinoticias.com/a/473374.html","video_url":null},{"article_body_paragraphs":[],"audio_source_url":"https://ocb-audio-ns.akamaized.net/cu/2026/07/31/f1106707-fd0e-498b-0372-08decd63a0c8.mp3","author":null,"available_dubs":[],"downloadable_assets":["https://ocb-audio-ns.akamaized.net/cu/2026/07/31/f1106707-fd0e-498b-0372-08decd63a0c8.mp3"],"duration_display":"0:00","duration_seconds":null,"embed_url":null,"id":13559,"image_caption":null,"image_url":"https://gdb.martinoticias.com/d964525e-4389-450c-763e-08de3ca5a9e8_w1200_h630.png","is_clip":false,"item_type":"audio","item_type_label":"Audio","language_label":"Espa\u00f1ol","media_credit":null,"micro_label":"Audio program","micro_label_kind":"audio","network_label":"OCB","network_logo_url":"/static/uploads/direct_network_logos/ocb_0888427dcb1d.svg","published_at":"2026-07-18T18:45:50","published_at_display":"18 Jul 2026, 18:45 GMT","sequence_badge_label":null,"sequence_count":null,"sequence_count_label":null,"sequence_frames":[],"sequence_kind":null,"source_name":"ocb_spanish_audio_html_scrape_1028","source_name_label":"OCB \u00b7 Agenda hemisf\u00e9rica","source_type":"scrape","summary":"A semanas del cambio de gobierno en Colombia analizamos las alternativas de esa transici\u00f3n hist\u00f3rica.","title":"Camino a la presidencia","topic":"Agenda hemisf\u00e9rica","translation_language":"","url":"https://www.martinoticias.com/a/473373.html","video_url":null},{"article_body_paragraphs":[],"audio_source_url":"https://ocb-audio-ns.akamaized.net/cu/2026/07/13/e66f4a4c-1e4f-46e1-ceb5-08decd5b38e4.mp3","author":null,"available_dubs":[],"downloadable_assets":["https://ocb-audio-ns.akamaized.net/cu/2026/07/13/e66f4a4c-1e4f-46e1-ceb5-08decd5b38e4.mp3"],"duration_display":"0:00","duration_seconds":null,"embed_url":null,"id":13560,"image_caption":null,"image_url":"https://gdb.martinoticias.com/d964525e-4389-450c-763e-08de3ca5a9e8_w1200_h630.png","is_clip":false,"item_type":"audio","item_type_label":"Audio","language_label":"Espa\u00f1ol","media_credit":null,"micro_label":"Audio program","micro_label_kind":"audio","network_label":"OCB","network_logo_url":"/static/uploads/direct_network_logos/ocb_0888427dcb1d.svg","published_at":"2026-07-09T14:20:17","published_at_display":"9 Jul 2026, 14:20 GMT","sequence_badge_label":null,"sequence_count":null,"sequence_count_label":null,"sequence_frames":[],"sequence_kind":null,"source_name":"ocb_spanish_audio_html_scrape_1028","source_name_label":"OCB \u00b7 Agenda hemisf\u00e9rica","source_type":"scrape","summary":"Un an\u00e1lisis sobre la respuesta pol\u00edtica y humanitaria tras la tragedia en Venezuela","title":"Venezuela el comienzo de la reconstrucci\u00f3n","topic":"Agenda hemisf\u00e9rica","translation_language":"","url":"https://www.martinoticias.com/a/471111.html","video_url":null},{"article_body_paragraphs":[],"audio_source_url":"https://ocb-audio-ns.akamaized.net/cu/2026/07/13/4a927e76-7313-4e79-ac29-08decd4f1c2d.mp3","author":null,"available_dubs":[],"downloadable_assets":["https://ocb-audio-ns.akamaized.net/cu/2026/07/13/4a927e76-7313-4e79-ac29-08decd4f1c2d.mp3"],"duration_display":"0:00","duration_seconds":null,"embed_url":null,"id":13561,"image_caption":null,"image_url":"https://gdb.martinoticias.com/d964525e-4389-450c-763e-08de3ca5a9e8_w1200_h630.png","is_clip":false,"item_type":"audio","item_type_label":"Audio","language_label":"Espa\u00f1ol","media_credit":null,"micro_label":"Audio program","micro_label_kind":"audio","network_label":"OCB","network_logo_url":"/static/uploads/direct_network_logos/ocb_0888427dcb1d.svg","published_at":"2026-07-01T14:39:20","published_at_display":"1 Jul 2026, 14:39 GMT","sequence_badge_label":null,"sequence_count":null,"sequence_count_label":null,"sequence_frames":[],"sequence_kind":null,"source_name":"ocb_spanish_audio_html_scrape_1028","source_name_label":"OCB \u00b7 Agenda hemisf\u00e9rica","source_type":"scrape","summary":"Repasamos el nacimiento de una naci\u00f3n que transform\u00f3 la historia moderna y se convirti\u00f3 en un referente de democracia, libertad, innovaci\u00f3n y oportunidades.","title":"250 a\u00f1os de la Independencia de EEUU","topic":"Agenda hemisf\u00e9rica","translation_language":"","url":"https://www.martinoticias.com/a/471112.html","video_url":null},{"article_body_paragraphs":[],"audio_source_url":"https://ocb-audio-ns.akamaized.net/cu/2026/06/29/d4133bdb-f0b5-4cda-fb59-08decd3a80a4.mp3","author":null,"available_dubs":[],"downloadable_assets":["https://ocb-audio-ns.akamaized.net/cu/2026/06/29/d4133bdb-f0b5-4cda-fb59-08decd3a80a4.mp3"],"duration_display":"0:00","duration_seconds":null,"embed_url":null,"id":13562,"image_caption":null,"image_url":"https://gdb.martinoticias.com/d964525e-4389-450c-763e-08de3ca5a9e8_w1200_h630.png","is_clip":false,"item_type":"audio","item_type_label":"Audio","language_label":"Espa\u00f1ol","media_credit":null,"micro_label":"Audio program","micro_label_kind":"audio","network_label":"OCB","network_logo_url":"/static/uploads/direct_network_logos/ocb_0888427dcb1d.svg","published_at":"2026-06-29T18:24:13","published_at_display":"29 Jun 2026, 18:24 GMT","sequence_badge_label":null,"sequence_count":null,"sequence_count_label":null,"sequence_frames":[],"sequence_kind":null,"source_name":"ocb_spanish_audio_html_scrape_1028","source_name_label":"OCB \u00b7 Agenda hemisf\u00e9rica","source_type":"scrape","summary":"A horas de la tragedia que impact\u00f3 a Venezuela, hablamos con sobrevivientes quienes vislumbran una crisis humanitaria, tambi\u00e9n conocimos detalles de la labor de ayuda con el Padre Wilfredo, de la Iglesia Nuestra Se\u00f1ora del C\u00e1rmen de Carabobo y con Janeth M\u00e1rquez, directora de Caritas Venezuela","title":"Terremotos en Venezuela","topic":"Agenda hemisf\u00e9rica","translation_language":"","url":"https://www.martinoticias.com/a/469711.html","video_url":null},{"article_body_paragraphs":[],"audio_source_url":"https://ocb-audio-ns.akamaized.net/cu/2026/06/18/c771b14f-738f-4b50-e382-08decd478c11.mp3","author":null,"available_dubs":[],"downloadable_assets":["https://ocb-audio-ns.akamaized.net/cu/2026/06/18/c771b14f-738f-4b50-e382-08decd478c11.mp3"],"duration_display":"0:00","duration_seconds":null,"embed_url":null,"id":13563,"image_caption":null,"image_url":"https://gdb.martinoticias.com/d964525e-4389-450c-763e-08de3ca5a9e8_w1200_h630.png","is_clip":false,"item_type":"audio","item_type_label":"Audio","language_label":"Espa\u00f1ol","media_credit":null,"micro_label":"Audio program","micro_label_kind":"audio","network_label":"OCB","network_logo_url":"/static/uploads/direct_network_logos/ocb_0888427dcb1d.svg","published_at":"2026-06-19T13:00:00","published_at_display":"19 Jun 2026, 13:00 GMT","sequence_badge_label":null,"sequence_count":null,"sequence_count_label":null,"sequence_frames":[],"sequence_kind":null,"source_name":"ocb_spanish_audio_html_scrape_1028","source_name_label":"OCB \u00b7 Agenda hemisf\u00e9rica","source_type":"scrape","summary":"A pocas horas de definir quien asumir\u00e1 la presidencia del pa\u00eds para el periodo 2026\u20132030","title":"Colombia","topic":"Agenda hemisf\u00e9rica","translation_language":"","url":"https://www.martinoticias.com/a/468910.html","video_url":null},{"article_body_paragraphs":[],"audio_source_url":"https://ocb-audio-ns.akamaized.net/cu/2026/06/11/62a99df0-2540-4283-7d6b-08debb5a54fb.mp3","author":null,"available_dubs":[],"downloadable_assets":["https://ocb-audio-ns.akamaized.net/cu/2026/06/11/62a99df0-2540-4283-7d6b-08debb5a54fb.mp3"],"duration_display":"0:00","duration_seconds":null,"embed_url":null,"id":13564,"image_caption":null,"image_url":"https://gdb.martinoticias.com/d964525e-4389-450c-763e-08de3ca5a9e8_w1200_h630.png","is_clip":false,"item_type":"audio","item_type_label":"Audio","language_label":"Espa\u00f1ol","media_credit":null,"micro_label":"Audio program","micro_label_kind":"audio","network_label":"OCB","network_logo_url":"/static/uploads/direct_network_logos/ocb_0888427dcb1d.svg","published_at":"2026-06-14T21:50:50","published_at_display":"14 Jun 2026, 21:50 GMT","sequence_badge_label":null,"sequence_count":null,"sequence_count_label":null,"sequence_frames":[],"sequence_kind":null,"source_name":"ocb_spanish_audio_html_scrape_1028","source_name_label":"OCB \u00b7 Agenda hemisf\u00e9rica","source_type":"scrape","summary":"El juicio masivo contra la c\u00fapula de la MS-13 se ha convertido en una prueba clave del modelo de seguridad impulsado por Nayib Bukele.","title":"El Salvador","topic":"Agenda hemisf\u00e9rica","translation_language":"","url":"https://www.martinoticias.com/a/468338.html","video_url":null},{"article_body_paragraphs":[],"audio_source_url":"https://ocb-audio-ns.akamaized.net/cu/2026/06/11/3313582c-a056-4a09-2928-08debb04b817.mp3","author":null,"available_dubs":[],"downloadable_assets":["https://ocb-audio-ns.akamaized.net/cu/2026/06/11/3313582c-a056-4a09-2928-08debb04b817.mp3"],"duration_display":"0:00","duration_seconds":null,"embed_url":null,"id":13565,"image_caption":null,"image_url":"https://gdb.martinoticias.com/d964525e-4389-450c-763e-08de3ca5a9e8_w1200_h630.png","is_clip":false,"item_type":"audio","item_type_label":"Audio","language_label":"Espa\u00f1ol","media_credit":null,"micro_label":"Audio program","micro_label_kind":"audio","network_label":"OCB","network_logo_url":"/static/uploads/direct_network_logos/ocb_0888427dcb1d.svg","published_at":"2026-06-07T21:47:38","published_at_display":"7 Jun 2026, 21:47 GMT","sequence_badge_label":null,"sequence_count":null,"sequence_count_label":null,"sequence_frames":[],"sequence_kind":null,"source_name":"ocb_spanish_audio_html_scrape_1028","source_name_label":"OCB \u00b7 Agenda hemisf\u00e9rica","source_type":"scrape","summary":"La primera vuelta confirm\u00f3 la desaparici\u00f3n del centro pol\u00edtico y dej\u00f3 una contienda marcada por la polarizaci\u00f3n.","title":"Colombia 1ra, vuelta","topic":"Agenda hemisf\u00e9rica","translation_language":"","url":"https://www.martinoticias.com/a/468337.html","video_url":null}],"next_num":null,"page":1,"pages":1,"per_page":20,"prev_num":null,"total":12}
