{"applied_filters":{"end_date":"","lang":"","language":"","network":"","page":1,"per_page":20,"search":"","source":"","start_date":"","topic":"Audiovisuales Mart\u00ed","type":"clips"},"available_filters":{"language_choices":[{"label":"Choose Language","value":""},{"label":"Espa\u00f1ol","value":"Espa\u00f1ol"}],"network_choices":[{"label":"All networks","value":""},{"label":"OCB","value":"OCB"}],"source_choices":[{"label":"All sources","value":""},{"label":"OCB Spanish Video","value":"ocb_spanish_video_scrape"}],"sources":["ocb_spanish_video_scrape"],"topics":["250em\u00een Salvegera Serxweb\u00fbna Amer\u00eekay\u00ea","250\u0647\u06d5\u0645\u06cc\u0646 \u0633\u0627\u06b5\u06cc\u0627\u062f\u06cc \u0633\u06d5\u0631\u0628\u06d5\u062e\u06c6\u06cc\u06cc \u0626\u06d5\u0645\u06d5\u0631\u06cc\u06a9\u0627","Afghanistan","Amer\u00eeka","Am\u00e9rica Latina, VENEZUELA, Maiquetia","Asuntos de Estado","Audiovisuales Mart\u00ed","Audiovisuales Mart\u00ed, Cuba turismo, crisis del turismo en Cuba","Audiovisuales Mart\u00ed, VENEZUELA, apagones","Como Come Cuba, cuba, Como Come Cuba","Cuba Habla","Cuba Habla, Cuba","C\u00eehan","Human Rights","Info Mart\u00ed","Info Mart\u00ed , Cuba","Info Mart\u00ed , Estados Unidos, Colombia","Info Mart\u00ed , Estados Unidos, VENEZUELA","Info Mart\u00ed , estados unidos, Venezuela","Iran","Iz RSE sveta","Korea","Laos","Multimedija","Myanmar","Pacific","Ser Madre en cuba, cuba, hambre, r\u00e9gimen, madre, negligencia, Testimonios, Crisis Econ\u00f3mica, madre cubana, Crisis Alimentaria","Ser viejo en Cuba, cuba, cubanos, crisis, alimentos, ancianos, viejos, vejez","South China Sea","Srbija","Tibet","Ukraine","Video","Videos","V\u00eedyo Galer\u00ee","\u0412\u0438\u0434\u0435\u043e","\u0418\u043d\u0442\u0435\u0440\u0432\u044c\u044e","\u041a\u0430\u0434\u0440\u044b \u0434\u043d\u044f","\u0420\u043e\u0441\u0441\u0438\u044f","\u0421\u043c\u043e\u0442\u0440\u0438 \u0432 \u043e\u0431\u0430","\u0622\u062e\u0631\u06cc\u0646 \u0648\u06cc\u062f\u06cc\u0648\u0647\u0627","\u0626\u06ce\u0631\u0627\u0646","\u0626\u06d5\u0645\u06d5\u0631\u06cc\u06a9\u0627","\u0628\u06d5\u0631\u0646\u0627\u0645\u06d5\u06cc \u0695\u06c6\u0698\u0627\u0646\u06d5\u06cc \u062a\u06d5\u0644\u06d5\u0641\u06cc\u0632\u06cc\u06c6\u0646","\u062a\u0648\u0631\u06a9\u06cc\u0627","\u062c\u0647\u0627\u0646","\u062c\u06cc\u0647\u0627\u0646","\u0633\u0648\u0631\u06cc\u0627","\u0633\u0649\u0646","\u0639\u06ce\u0631\u0627\u0642","\u0642\u0649\u0633\u0642\u0627 \u062e\u06d5\u06cb\u06d5\u0631\u0644\u06d5\u0631","\u0645\u0631\u06a9\u06d0","\u0646\u0648\u0631 \u062e\u0628\u0631\u0648\u0646\u0647","\u0647\u06d5\u0631\u06ce\u0645\u06d5 \u06a9\u0648\u0631\u062f\u06cc\u0640\u06cc\u06d5\u06a9\u0627\u0646","\u0648\u06cc\u062f\u06cc\u0648","\u0648\u06cc\u0698\u0647 \u0628\u0631\u0646\u0627\u0645\u0647\u200c\u0647\u0627","\u0695\u06c6\u0698\u0647\u06d5\u06b5\u0627\u062a\u06cc \u0646\u0627\u0648\u06d5\u0695\u0627\u0633\u062a","\u06a4\u06cc\u062f\u06cc\u06c6","\u0e82\u0ec8\u0eb2\u0ea7\u0ec1\u0ea5\u0eb0\u0ea5\u0eb2\u0e8d\u0e87\u0eb2\u0e99","\u0ea7\u0eb5\u0e94\u0eb5\u0ec2\u0ead","\u0f38\u0f42\u0f7c\u0f44\u0f0b\u0f66\u0f0b\u0f58\u0f46\u0f7c\u0f42","\u0f56\u0f59\u0f53\u0f0b\u0f56\u0fb1\u0f7c\u0f63\u0f0d","\u0f56\u0f62\u0f99\u0f53\u0f0d","\u0f56\u0f7c\u0f51\u0f0d","\u1017\u102e\u1012\u102e\u101a\u102d\u102f\u1019\u103b\u102c\u1038","\u101e\u1010\u1004\u103a\u1038\u1019\u103b\u102c\u1038","\u10d5\u10d8\u10d3\u10d4\u10dd","\u1785\u17d2\u1794\u17b6\u1794\u17cb","\u1793\u1799\u17c4\u1794\u17b6\u1799","\u1794\u179a\u17b7\u179f\u17d2\u1790\u17b6\u1793","\u179c\u17b8\u178a\u17c1\u17a2\u17bc","\u179f\u1784\u17d2\u1782\u1798","\u4eba\u6743\u6cd5\u6cbb","\u56fd\u9645\u65b0\u95fb","\u5c08\u984c","\u5f71\u7247","\u653f\u6cbb","\u65b0\u805e","\u65b0\u95fb\u5feb\u8baf","\u6bcf\u65e5\u89c6\u9891\u65b0\u95fb","\u6e2f\u6fb3\u53f0","\u793e\u4f1a","\u79d1\u6559\u6587","\u7f8e\u56fd\u4e4b\u97f3\u4e13\u8bbf","\u89c6\u9891","\ub274\uc2a4","\ub274\uc2a4 \ud074\ub9ad","\uba40\ud2f0\ubbf8\ub514\uc5b4","\ubbf8\uad6d","\ube44\ub514\uc624","\uc138\uacc4","\ud55c\ubc18\ub3c4"],"types":[["","All types"],["video","Videos"],["clips","Clips"],["media","Media"]]},"has_next":false,"has_prev":false,"items":[{"article_body_paragraphs":[],"audio_source_url":null,"author":"Rolando N\u00e1poles","available_dubs":[],"downloadable_assets":["https://ocb-video-ns.akamaized.net/pangeavideo/2026/09/4/4a/4af4b113-c55d-4ee1-0426-08decd63a0c8_1080p.mp4?cb=ee22a5bae"],"duration_display":"2:28","duration_seconds":148.0,"embed_url":null,"id":13262,"image_caption":null,"image_url":"https://gdb.martinoticias.com/4af4b113-c55d-4ee1-0426-08decd63a0c8_tv_w1080_h608.jpg","is_clip":true,"item_type":"video","item_type_label":"Video","language_label":"Espa\u00f1ol","media_credit":"Rolando N\u00e1poles","micro_label":"Video report","micro_label_kind":"video","network_label":"OCB","network_logo_url":"/static/uploads/direct_network_logos/ocb_0888427dcb1d.svg","published_at":"2026-09-02T18:02:22","published_at_display":"2 Sep 2026, 18:02 GMT","sequence_badge_label":null,"sequence_count":null,"sequence_count_label":null,"sequence_frames":[],"sequence_kind":null,"source_name":"ocb_spanish_video_scrape","source_name_label":"OCB Spanish Video","source_type":"scrape","summary":"Madre califica de \"catastr\u00f3fico\" nuevo curso escolar en Cuba.","title":"\"El m\u00e1s catastr\u00f3fico de todos\": madre sobre curso escolar en Cuba","topic":"Audiovisuales Mart\u00ed","translation_language":"","url":"https://www.martinoticias.com/a/476810.html","video_url":"https://ocb-video-ns.akamaized.net/pangeavideo/2026/09/4/4a/4af4b113-c55d-4ee1-0426-08decd63a0c8_1080p.mp4?cb=ee22a5bae"},{"article_body_paragraphs":[],"audio_source_url":null,"author":"Rolando N\u00e1poles","available_dubs":[],"downloadable_assets":["https://ocb-video-ns.akamaized.net/pangeavideo/2026/09/7/7c/7c60ed48-bfc4-430a-690f-08def2ff2efe_1080p.mp4?cb=ee2291750"],"duration_display":"3:58","duration_seconds":238.0,"embed_url":null,"id":12693,"image_caption":null,"image_url":"https://gdb.martinoticias.com/7c60ed48-bfc4-430a-690f-08def2ff2efe_tv_w1080_h608.jpg","is_clip":true,"item_type":"video","item_type_label":"Video","language_label":"Espa\u00f1ol","media_credit":"Rolando N\u00e1poles","micro_label":"Video report","micro_label_kind":"video","network_label":"OCB","network_logo_url":"/static/uploads/direct_network_logos/ocb_0888427dcb1d.svg","published_at":"2026-09-01T18:58:16","published_at_display":"1 Sep 2026, 18:58 GMT","sequence_badge_label":null,"sequence_count":null,"sequence_count_label":null,"sequence_frames":[],"sequence_kind":null,"source_name":"ocb_spanish_video_scrape","source_name_label":"OCB Spanish Video","source_type":"scrape","summary":"Investigaci\u00f3n revel\u00f3 c\u00f3mo el r\u00e9gimen cubano prioriz\u00f3 la inversi\u00f3n extranjera en el turismo antes de producir alimentos","title":"R\u00e9gimen prioriz\u00f3 inversi\u00f3n extranjera en el turismo antes de producir alimentos en Cuba","topic":"Audiovisuales Mart\u00ed","translation_language":"","url":"https://www.martinoticias.com/a/r%C3%A9gimen-prioriz%C3%B3-inversi%C3%B3n-extranjera-en-el-turismo-antes-de-producir-alimentos-en-cuba/476746.html","video_url":"https://ocb-video-ns.akamaized.net/pangeavideo/2026/09/7/7c/7c60ed48-bfc4-430a-690f-08def2ff2efe_1080p.mp4?cb=ee2291750"},{"article_body_paragraphs":[],"audio_source_url":null,"author":"Rolando N\u00e1poles","available_dubs":[],"downloadable_assets":["https://ocb-video-ns.akamaized.net/pangeavideo/2026/08/0/00/00f92552-0ad0-4405-bc70-08def2b1d8dc_1080p.mp4?cb=ee227a789"],"duration_display":"3:35","duration_seconds":215.0,"embed_url":null,"id":12696,"image_caption":null,"image_url":"https://gdb.martinoticias.com/00f92552-0ad0-4405-bc70-08def2b1d8dc_tv_w1080_h608.jpg","is_clip":true,"item_type":"video","item_type_label":"Video","language_label":"Espa\u00f1ol","media_credit":"Rolando N\u00e1poles","micro_label":"Video report","micro_label_kind":"video","network_label":"OCB","network_logo_url":"/static/uploads/direct_network_logos/ocb_0888427dcb1d.svg","published_at":"2026-08-31T16:49:13","published_at_display":"31 Aug 2026, 16:49 GMT","sequence_badge_label":null,"sequence_count":null,"sequence_count_label":null,"sequence_frames":[],"sequence_kind":null,"source_name":"ocb_spanish_video_scrape","source_name_label":"OCB Spanish Video","source_type":"scrape","summary":"Economista advierte que medidas del r\u00e9gimen no va a beneficiar a empresas privadas en Cuba","title":"Las medidas que no beneficiar\u00edan a los negocios privados en Cuba","topic":"Audiovisuales Mart\u00ed","translation_language":"","url":"https://www.martinoticias.com/a/las-medidas-que-no-beneficiar%C3%ADan-a-los-negocios-privados-en-cuba/476655.html","video_url":"https://ocb-video-ns.akamaized.net/pangeavideo/2026/08/0/00/00f92552-0ad0-4405-bc70-08def2b1d8dc_1080p.mp4?cb=ee227a789"},{"article_body_paragraphs":[],"audio_source_url":null,"author":"Jany Gonz\u00e1lez","available_dubs":[],"downloadable_assets":["https://ocb-video-ns.akamaized.net/pangeavideo/2026/08/b/bc/bc78fb55-568f-42a3-0412-08decd63a0c8_1080p.mp4?cb=ee223fe70"],"duration_display":"3:16","duration_seconds":196.0,"embed_url":null,"id":12697,"image_caption":null,"image_url":"https://gdb.martinoticias.com/bc78fb55-568f-42a3-0412-08decd63a0c8_tv_w1080_h608.jpg","is_clip":true,"item_type":"video","item_type_label":"Video","language_label":"Espa\u00f1ol","media_credit":"Jany Gonz\u00e1lez","micro_label":"Video report","micro_label_kind":"video","network_label":"OCB","network_logo_url":"/static/uploads/direct_network_logos/ocb_0888427dcb1d.svg","published_at":"2026-08-28T21:56:25","published_at_display":"28 Aug 2026, 21:56 GMT","sequence_badge_label":null,"sequence_count":null,"sequence_count_label":null,"sequence_frames":[],"sequence_kind":null,"source_name":"ocb_spanish_video_scrape","source_name_label":"OCB Spanish Video","source_type":"scrape","summary":"Julio Rebull naci\u00f3 en Estados Unidos, pero hered\u00f3 de su padre, miembro de la Brigada 2506, un profundo v\u00ednculo con Cuba. Ahora dedica \u201cSu Majestad\u201d a quienes siguen en la isla y sue\u00f1a con ver una Cuba libre.","title":"\"Su Majestad\u201d: una canci\u00f3n que busca unir a los cubanos dentro y fuera de la isla","topic":"Audiovisuales Mart\u00ed","translation_language":"","url":"https://www.martinoticias.com/a/su-majestad-una-canci%C3%B3n-que-busca-unir-a-los-cubanos-dentro-y-fuera-de-la-isla/476510.html","video_url":"https://ocb-video-ns.akamaized.net/pangeavideo/2026/08/b/bc/bc78fb55-568f-42a3-0412-08decd63a0c8_1080p.mp4?cb=ee223fe70"},{"article_body_paragraphs":[],"audio_source_url":null,"author":"Rolando N\u00e1poles","available_dubs":[],"downloadable_assets":["https://ocb-video-ns.akamaized.net/pangeavideo/2026/08/5/57/57c1b373-c21a-4cfb-0409-08decd63a0c8_1080p.mp4?cb=ee22289a4"],"duration_display":"3:09","duration_seconds":189.0,"embed_url":null,"id":12700,"image_caption":null,"image_url":"https://gdb.martinoticias.com/57c1b373-c21a-4cfb-0409-08decd63a0c8_tv_w1080_h608.jpg","is_clip":true,"item_type":"video","item_type_label":"Video","language_label":"Espa\u00f1ol","media_credit":"Rolando N\u00e1poles","micro_label":"Video report","micro_label_kind":"video","network_label":"OCB","network_logo_url":"/static/uploads/direct_network_logos/ocb_0888427dcb1d.svg","published_at":"2026-08-27T19:40:20","published_at_display":"27 Aug 2026, 19:40 GMT","sequence_badge_label":null,"sequence_count":null,"sequence_count_label":null,"sequence_frames":[],"sequence_kind":null,"source_name":"ocb_spanish_video_scrape","source_name_label":"OCB Spanish Video","source_type":"scrape","summary":"Investigaci\u00f3n revela los encuentros del embajador cubano con l\u00edderes del Partido Comunista en Chile","title":"Reporte detalla los encuentros del embajador cubano en Chile con l\u00edderes del Partido Comunista","topic":"Audiovisuales Mart\u00ed","translation_language":"","url":"https://www.martinoticias.com/a/reporte-detalla-los-encuentros-del-embajador-cubano-en-chile-con-l%C3%ADderes-del-partido-comunista/476414.html","video_url":"https://ocb-video-ns.akamaized.net/pangeavideo/2026/08/5/57/57c1b373-c21a-4cfb-0409-08decd63a0c8_1080p.mp4?cb=ee22289a4"},{"article_body_paragraphs":[],"audio_source_url":null,"author":"Jany Gonz\u00e1lez","available_dubs":[],"downloadable_assets":["https://ocb-video-ns.akamaized.net/pangeavideo/2026/08/8/85/850278bb-dc7d-41b3-68eb-08def2ff2efe_1080p.mp4?cb=ee21ff800"],"duration_display":"2:51","duration_seconds":171.0,"embed_url":null,"id":12704,"image_caption":null,"image_url":"https://gdb.martinoticias.com/850278bb-dc7d-41b3-68eb-08def2ff2efe_tv_w1080_h608.jpg","is_clip":true,"item_type":"video","item_type_label":"Video","language_label":"Espa\u00f1ol","media_credit":"Jany Gonz\u00e1lez","micro_label":"Video report","micro_label_kind":"video","network_label":"OCB","network_logo_url":"/static/uploads/direct_network_logos/ocb_0888427dcb1d.svg","published_at":"2026-08-25T20:54:24","published_at_display":"25 Aug 2026, 20:54 GMT","sequence_badge_label":null,"sequence_count":null,"sequence_count_label":null,"sequence_frames":[],"sequence_kind":null,"source_name":"ocb_spanish_video_scrape","source_name_label":"OCB Spanish Video","source_type":"scrape","summary":"Cuba no logra frenar el embarazo precoz. La escasez de anticonceptivos, las dificultades en el acceso a la salud y la vulnerabilidad econ\u00f3mica son algunos de los factores detr\u00e1s de una realidad que cada a\u00f1o lleva a miles de adolescentes a convertirse en madres.","title":"Embarazo adolescente en Cuba: cientos de ni\u00f1as son madres antes de cumplir los 15 a\u00f1os","topic":"Audiovisuales Mart\u00ed","translation_language":"","url":"https://www.martinoticias.com/a/476263.html","video_url":"https://ocb-video-ns.akamaized.net/pangeavideo/2026/08/8/85/850278bb-dc7d-41b3-68eb-08def2ff2efe_1080p.mp4?cb=ee21ff800"},{"article_body_paragraphs":[],"audio_source_url":null,"author":"Laura Artal","available_dubs":[],"downloadable_assets":["https://ocb-video-ns.akamaized.net/pangeavideo/2026/08/6/63/63d49e7c-6e19-45bd-7c73-08def2b1c8fe_1080p.mp4?cb=ee21ff76e"],"duration_display":"2:21","duration_seconds":141.0,"embed_url":null,"id":12706,"image_caption":null,"image_url":"https://gdb.martinoticias.com/63d49e7c-6e19-45bd-7c73-08def2b1c8fe_tv_w1080_h608.jpg","is_clip":true,"item_type":"video","item_type_label":"Video","language_label":"Espa\u00f1ol","media_credit":"Laura Artal","micro_label":"Video report","micro_label_kind":"video","network_label":"OCB","network_logo_url":"/static/uploads/direct_network_logos/ocb_0888427dcb1d.svg","published_at":"2026-08-25T20:05:03","published_at_display":"25 Aug 2026, 20:05 GMT","sequence_badge_label":null,"sequence_count":null,"sequence_count_label":null,"sequence_frames":[],"sequence_kind":null,"source_name":"ocb_spanish_video_scrape","source_name_label":"OCB Spanish Video","source_type":"scrape","summary":"La decisi\u00f3n genera preocupaci\u00f3n entre representantes de la comunidad venezolana, que piden diferenciar entre quienes cometen delitos y quienes permanecen en condici\u00f3n irregular, adem\u00e1s de evitar discursos que puedan derivar en estigmatizaci\u00f3n o xenofobia.","title":"El presidente de Colombia, Abelardo De La Espriella, orden\u00f3 iniciar operativos contra migrantes en...","topic":"Audiovisuales Mart\u00ed","translation_language":"","url":"https://www.martinoticias.com/a/el-presidente-de-colombia-abelardo-de-la-espriella-orden%C3%B3-iniciar-operativos-contra-migrantes-en-situaci%C3%B3n-irregular/476256.html","video_url":"https://ocb-video-ns.akamaized.net/pangeavideo/2026/08/6/63/63d49e7c-6e19-45bd-7c73-08def2b1c8fe_1080p.mp4?cb=ee21ff76e"},{"article_body_paragraphs":[],"audio_source_url":null,"author":"Rolando N\u00e1poles","available_dubs":[],"downloadable_assets":["https://ocb-video-ns.akamaized.net/pangeavideo/2026/08/a/a5/a50d26a3-6d9b-4957-68e7-08def2ff2efe_1080p.mp4?cb=ee21fdfd2"],"duration_display":"3:05","duration_seconds":185.0,"embed_url":null,"id":12708,"image_caption":null,"image_url":"https://gdb.martinoticias.com/a50d26a3-6d9b-4957-68e7-08def2ff2efe_tv_w1080_h608.jpg","is_clip":true,"item_type":"video","item_type_label":"Video","language_label":"Espa\u00f1ol","media_credit":"Rolando N\u00e1poles","micro_label":"Video report","micro_label_kind":"video","network_label":"OCB","network_logo_url":"/static/uploads/direct_network_logos/ocb_0888427dcb1d.svg","published_at":"2026-08-25T19:11:11","published_at_display":"25 Aug 2026, 19:11 GMT","sequence_badge_label":null,"sequence_count":null,"sequence_count_label":null,"sequence_frames":[],"sequence_kind":null,"source_name":"ocb_spanish_video_scrape","source_name_label":"OCB Spanish Video","source_type":"scrape","summary":"Prisoners Defenders denunci\u00f3 la explotaci\u00f3n de m\u00e9dicos cubanos en Botsuana","title":"Denuncian otro caso de explotaci\u00f3n de m\u00e9dicos cubanos en pa\u00eds africano","topic":"Audiovisuales Mart\u00ed","translation_language":"","url":"https://www.martinoticias.com/a/denuncian-otro-caso-de-explotaci%C3%B3n-de-m%C3%A9dicos-cubanos-en-pa%C3%ADs-africano/476247.html","video_url":"https://ocb-video-ns.akamaized.net/pangeavideo/2026/08/a/a5/a50d26a3-6d9b-4957-68e7-08def2ff2efe_1080p.mp4?cb=ee21fdfd2"}],"next_num":null,"page":1,"pages":1,"per_page":20,"prev_num":null,"total":8}
