{"applied_filters":{"end_date":"","lang":"","language":"","network":"","page":1,"per_page":20,"search":"","source":"","start_date":"","topic":"B\u00ecnh lu\u1eadn","type":"photo"},"available_filters":{"language_choices":[{"label":"Choose Language","value":""},{"label":"Vietnamese","value":"Vietnamese"}],"network_choices":[{"label":"All networks","value":""},{"label":"RFA","value":"RFA"}],"source_choices":[{"label":"All sources","value":""},{"label":"RFA Vietnamese","value":"rfa_vietnamese_rss"}],"sources":["rfa_vietnamese_rss"],"topics":["B\u00ecnh lu\u1eadn","China","Chuy\u00ean m\u1ee5c","Korea","Laos","Myanmar","Pacific","South China Sea","Th\u1eddi S\u1ef1","Tibet","Trong n\u01b0\u1edbc","Uyghur","\u0642\u0649\u0633\u0642\u0627 \u062e\u06d5\u06cb\u06d5\u0631\u0644\u06d5\u0631","\u0e82\u0ec8\u0eb2\u0ea7\u0ec1\u0ea5\u0eb0\u0ea5\u0eb2\u0e8d\u0e87\u0eb2\u0e99","\u0f38\u0f42\u0f7c\u0f44\u0f0b\u0f66\u0f0b\u0f58\u0f46\u0f7c\u0f42","\u0f42\u0f66\u0f62\u0f0b\u0f60\u0f42\u0fb1\u0f74\u0f62\u0f0b\u0f51\u0f44\u0f0b\u0f63\u0f7a\u0f0b\u0f5a\u0f53\u0f0d","\u0f56\u0f59\u0f53\u0f0b\u0f56\u0fb1\u0f7c\u0f63\u0f0d","\u0f56\u0f7c\u0f51\u0f0d","\u0f60\u0f5b\u0f58\u0f0b\u0f42\u0fb3\u0f72\u0f44\u0f0c\u0f0d","\u0f62\u0f92\u0fb1\u0f0b\u0f51\u0f40\u0f62\u0f0b\u0f53\u0f42","\u0f66\u0fa4\u0fb1\u0f72\u0f0b\u0f5a\u0f7c\u0f42\u0f66\u0f0d","\u101e\u1010\u1004\u103a\u1038\u1019\u103b\u102c\u1038","\u1785\u17d2\u1794\u17b6\u1794\u17cb","\u1793\u1799\u17c4\u1794\u17b6\u1799","\u1794\u179a\u17b7\u179f\u17d2\u1790\u17b6\u1793","\u179a\u17bc\u1794\u1797\u17b6\u1796","\u179f\u1784\u17d2\u1782\u1798","\u179f\u17b7\u1791\u17d2\u1792\u17b7\u200b\u1798\u1793\u17bb\u179f\u17d2\u179f","\u4e9a\u592a\u62a5\u9053","\u4e9e\u6d32","\u4eba\u6743\u6cd5\u6cbb","\u53f8\u6cd5","\u56fd\u9645\u65b0\u95fb","\u5916\u4ea4","\u5c08\u984c","\u5c11\u6570\u6c11\u65cf","\u653f\u6cbb","\u65b0\u805e","\u65b0\u95fb\u5feb\u8baf","\u6e2f\u6fb3\u53f0","\u6fa4\u8ad6\u56db\u65b9","\u793e\u4f1a","\u79d1\u6559\u6587","\u7ecf\u6d4e","\u9999\u6e2f","\ub274\uc2a4","\uc8fc\uac04\ud504\ub85c"],"types":[["","All types"],["article","Articles"],["media","Media"]]},"has_next":false,"has_prev":false,"items":[{"article_body_paragraphs":[],"audio_source_url":null,"author":"B\u00ecnh lu\u1eadn c\u1ee7a Tr\u1ea7n \u0110\u00f4ng A","available_dubs":[],"downloadable_assets":["https://www.rfa.org/resizer/v2/PYHTJZUQDXLCIHDJOAI66FIRJ4.jpg?auth=043008034827eb325ab9063aa445dabb4f3d8e377e9be80c6bba8a0557511dbc&smart=true&width=1500"],"duration_display":"0:00","duration_seconds":null,"embed_url":null,"id":11765,"image_caption":"Ch\u1ee7 t\u1ecbch n\u01b0\u1edbc T\u00f4 L\u00e2m khi ch\u1edd \u0111\u00f3n Th\u1ee7 t\u01b0\u1edbng Nh\u1eadt Yoshihide Suga \u1edf H\u00e0 N\u1ed9i h\u00f4m 25/7/2024 (minh ho\u1ea1)","image_url":"https://www.rfa.org/resizer/v2/PYHTJZUQDXLCIHDJOAI66FIRJ4.jpg?auth=043008034827eb325ab9063aa445dabb4f3d8e377e9be80c6bba8a0557511dbc&smart=true&width=1500","is_clip":false,"item_type":"photo","item_type_label":"Photo","language_label":"Vietnamese","media_credit":"B\u00ecnh lu\u1eadn c\u1ee7a Tr\u1ea7n \u0110\u00f4ng A","micro_label":"Photo","micro_label_kind":"gallery","network_label":"RFA","network_logo_url":"/static/uploads/direct_network_logos/rfa_ca00144ac549.png","published_at":"2026-07-15T08:46:26","published_at_display":"15 Jul 2026, 08:46 GMT","sequence_badge_label":null,"sequence_count":null,"sequence_count_label":null,"sequence_frames":[],"sequence_kind":null,"source_name":"rfa_vietnamese_rss","source_name_label":"RFA Vietnamese","source_type":"rss","summary":"Ch\u1ee7 t\u1ecbch n\u01b0\u1edbc T\u00f4 L\u00e2m khi ch\u1edd \u0111\u00f3n Th\u1ee7 t\u01b0\u1edbng Nh\u1eadt Yoshihide Suga \u1edf H\u00e0 N\u1ed9i h\u00f4m 25/7/2024 (minh ho\u1ea1)","title":"V\u1ee5 Nguy\u1ec5n Th\u00e0nh Nam:ph\u00e9p th\u1eed \u0111\u1ed1i v\u1edbi tham v\u1ecdng c\u1ea3i c\u00e1ch c\u1ee7a \u00f4ng T\u00f4 L\u00e2m","topic":"B\u00ecnh lu\u1eadn","translation_language":"","url":"https://rfa.org/vietnamese/binh-luan/2026/07/15/nguyen-thanh-nam-chuyen-voi-thanh/","video_url":null},{"article_body_paragraphs":[],"audio_source_url":null,"author":"B\u00ecnh lu\u1eadn c\u1ee7a lu\u1eadt s\u01b0 \u0110\u1eb7ng \u0110\u00ecnh M\u1ea1nh","available_dubs":[],"downloadable_assets":["https://www.rfa.org/resizer/v2/JJ4522UI7FGAHGLP7RNBEQ7HXY.JPG?auth=b55794d74018d1c1322e2ba64bba1cbf66781c8d7f8f82182ed9e2008a9d2f85&smart=true&width=1500"],"duration_display":"0:00","duration_seconds":null,"embed_url":null,"id":11767,"image_caption":"\u00d4ng Ph\u1ea1m Nh\u1eadt V\u01b0\u1ee3ng t\u1ea1i m\u1ed9t cu\u1ed9c h\u1ecdp c\u1ee7a t\u1eadp \u0111o\u00e0n VinGroup.","image_url":"https://www.rfa.org/resizer/v2/JJ4522UI7FGAHGLP7RNBEQ7HXY.JPG?auth=b55794d74018d1c1322e2ba64bba1cbf66781c8d7f8f82182ed9e2008a9d2f85&smart=true&width=1500","is_clip":false,"item_type":"photo","item_type_label":"Photo","language_label":"Vietnamese","media_credit":"B\u00ecnh lu\u1eadn c\u1ee7a lu\u1eadt s\u01b0 \u0110\u1eb7ng \u0110\u00ecnh M\u1ea1nh","micro_label":"Photo","micro_label_kind":"gallery","network_label":"RFA","network_logo_url":"/static/uploads/direct_network_logos/rfa_ca00144ac549.png","published_at":"2025-09-25T17:00:54","published_at_display":"25 Sep 2025, 17:00 GMT","sequence_badge_label":null,"sequence_count":null,"sequence_count_label":null,"sequence_frames":[],"sequence_kind":null,"source_name":"rfa_vietnamese_rss","source_name_label":"RFA Vietnamese","source_type":"rss","summary":"\u00d4ng Ph\u1ea1m Nh\u1eadt V\u01b0\u1ee3ng t\u1ea1i m\u1ed9t cu\u1ed9c h\u1ecdp c\u1ee7a t\u1eadp \u0111o\u00e0n VinGroup.","title":"B\u00ecnh lu\u1eadn: Ki\u1ec7n c\u00e1o 68 c\u00e1 nh\u00e2n, Vingroup kh\u00e1c g\u00ec \u00f4ng k\u1eb9 hai m\u1eb7t","topic":"B\u00ecnh lu\u1eadn","translation_language":"","url":"https://rfa.org/vietnamese/binh-luan/2025/09/25/vingroup-kien-facebook-dang-bai/","video_url":null},{"article_body_paragraphs":[],"audio_source_url":null,"author":"B\u00ecnh lu\u1eadn c\u1ee7a Nam Vi\u1ec7t","available_dubs":[],"downloadable_assets":["https://www.rfa.org/resizer/v2/T75HMGHZ3ZCFFJU4RED7ZRDAMU.jpg?auth=cce7cc79b8168fe14605fcdbc25bd41b12418059f9fc6506237002e51aa1d82f&smart=true&width=1500"],"duration_display":"0:00","duration_seconds":null,"embed_url":null,"id":686,"image_caption":null,"image_url":"https://www.rfa.org/resizer/v2/T75HMGHZ3ZCFFJU4RED7ZRDAMU.jpg?auth=cce7cc79b8168fe14605fcdbc25bd41b12418059f9fc6506237002e51aa1d82f&smart=true&width=1500","is_clip":false,"item_type":"photo","item_type_label":"Photo","language_label":"Vietnamese","media_credit":"B\u00ecnh lu\u1eadn c\u1ee7a Nam Vi\u1ec7t","micro_label":"Photo","micro_label_kind":"gallery","network_label":"RFA","network_logo_url":"/static/uploads/direct_network_logos/rfa_ca00144ac549.png","published_at":"2025-08-28T15:40:55","published_at_display":"28 Aug 2025, 15:40 GMT","sequence_badge_label":null,"sequence_count":null,"sequence_count_label":null,"sequence_frames":[],"sequence_kind":null,"source_name":"rfa_vietnamese_rss","source_name_label":"RFA Vietnamese","source_type":"rss","summary":"Nh\u1eefng c\u1ea3i c\u00e1ch n\u00e0y c\u00f3 th\u1ec3 g\u1ecdi l\u00e0 \u201cc\u1ea3i c\u00e1ch m\u00e0u\u201d, \u0111\u1ea7y m\u00e0u s\u1eafc m\u00e0 kh\u00f4ng h\u1ec1 c\u00f3 n\u1ed9i dung th\u1eadt s\u1ef1.","title":"B\u00ecnh lu\u1eadn: V\u00e9n b\u1ee9c m\u00e0n c\u1ea3i c\u00e1ch c\u1ee7a T\u00f4 L\u00e2m","topic":"B\u00ecnh lu\u1eadn","translation_language":"","url":"https://rfa.org/vietnamese/binh-luan/2025/08/28/to-lam-cai-cach-chinh-tri-viet-nam/","video_url":null},{"article_body_paragraphs":[],"audio_source_url":null,"author":"B\u00ecnh lu\u1eadn c\u1ee7a Tu\u1ea5n Khanh","available_dubs":[],"downloadable_assets":["https://www.rfa.org/resizer/v2/PBQXWZ4XPVA7HKZBWJJARZ3XLY.webp?auth=4920aae10b5a7c7d402a0cf3f04e645f862a3d7b9ca315f57675cfef06c06c0a&smart=true&width=1500"],"duration_display":"0:00","duration_seconds":null,"embed_url":null,"id":690,"image_caption":null,"image_url":"https://www.rfa.org/resizer/v2/PBQXWZ4XPVA7HKZBWJJARZ3XLY.webp?auth=4920aae10b5a7c7d402a0cf3f04e645f862a3d7b9ca315f57675cfef06c06c0a&smart=true&width=1500","is_clip":false,"item_type":"photo","item_type_label":"Photo","language_label":"Vietnamese","media_credit":"B\u00ecnh lu\u1eadn c\u1ee7a Tu\u1ea5n Khanh","micro_label":"Photo","micro_label_kind":"gallery","network_label":"RFA","network_logo_url":"/static/uploads/direct_network_logos/rfa_ca00144ac549.png","published_at":"2025-08-12T13:24:53","published_at_display":"12 Aug 2025, 13:24 GMT","sequence_badge_label":null,"sequence_count":null,"sequence_count_label":null,"sequence_frames":[],"sequence_kind":null,"source_name":"rfa_vietnamese_rss","source_name_label":"RFA Vietnamese","source_type":"rss","summary":"Thay v\u00ec b\u1eaft b\u1ecf t\u00f9, li\u1ec7u nh\u00e0 c\u1ea7m quy\u1ec1n c\u00f3 n\u00ean h\u1ecdc h\u1ecfi t\u1eeb anh c\u00e1ch nh\u00e2n gi\u1ed1ng qu\u00fd hi\u1ebfm?","title":"\u00c1n t\u00f9 ng\u01b0\u1eddi nu\u00f4i g\u00e0 l\u00f4i tr\u1eafng: c\u00f4ng b\u1eb1ng hay thi\u1ebfu nh\u00e2n v\u0103n? - B\u00ecnh lu\u1eadn","topic":"B\u00ecnh lu\u1eadn","translation_language":"","url":"https://rfa.org/vietnamese/binh-luan/2025/08/12/ga-loi-trang-nuoi-ga-di-tu/","video_url":null},{"article_body_paragraphs":[],"audio_source_url":null,"author":"B\u00ecnh lu\u1eadn c\u1ee7a Nam Vi\u1ec7t","available_dubs":[],"downloadable_assets":["https://www.rfa.org/resizer/v2/MHLPV4UQJ5JOOEITQPLOIH2J5A.jpg?auth=ad3d6ce20acfa3393e54e917603ef7517f4dc57e8ac85f6ed174ed6c7df5c657&smart=true&width=1500"],"duration_display":"0:00","duration_seconds":null,"embed_url":null,"id":697,"image_caption":null,"image_url":"https://www.rfa.org/resizer/v2/MHLPV4UQJ5JOOEITQPLOIH2J5A.jpg?auth=ad3d6ce20acfa3393e54e917603ef7517f4dc57e8ac85f6ed174ed6c7df5c657&smart=true&width=1500","is_clip":false,"item_type":"photo","item_type_label":"Photo","language_label":"Vietnamese","media_credit":"B\u00ecnh lu\u1eadn c\u1ee7a Nam Vi\u1ec7t","micro_label":"Photo","micro_label_kind":"gallery","network_label":"RFA","network_logo_url":"/static/uploads/direct_network_logos/rfa_ca00144ac549.png","published_at":"2024-11-29T15:25:55","published_at_display":"29 Nov 2024, 15:25 GMT","sequence_badge_label":null,"sequence_count":null,"sequence_count_label":null,"sequence_frames":[],"sequence_kind":null,"source_name":"rfa_vietnamese_rss","source_name_label":"RFA Vietnamese","source_type":"rss","summary":"Ngay c\u1ea3 n\u1ebfu nh\u01b0 S\u01b0 Minh Tu\u1ec7 l\u00e0 Ph\u1eadt, th\u00ec Ph\u1eadt mu\u1ed1n \u0111\u01b0\u1ee3c t\u1ed3n t\u1ea1i, c\u0169ng ph\u1ea3i r\u1eddi b\u1ecf qu\u00ea h\u01b0\u01a1ng c\u1ed9ng s\u1ea3n, \u0111\u1ec3 \u0111\u01b0\u1ee3c t\u1ef1 do trong l\u01b0u vong.","title":"T\u1ea1i sao ch\u00ednh quy\u1ec1n n\u00f3ng l\u00f2ng mu\u1ed1n d\u1ee9t \u0111i\u1ec3m tr\u01b0\u1eddng h\u1ee3p s\u01b0 Minh Tu\u1ec7?","topic":"B\u00ecnh lu\u1eadn","translation_language":"","url":"https://rfa.org/vietnamese/news/comment/blog/thich-minh-tue-di-an-do-dan-ap-phat-giao-11292024100318.html","video_url":null},{"article_body_paragraphs":[],"audio_source_url":null,"author":"B\u00ecnh lu\u1eadn c\u1ee7a H\u1ea3i \u0110\u0103ng","available_dubs":[],"downloadable_assets":["https://www.rfa.org/resizer/v2/2YPCI5CT2DWHMQEMVBOCL6AWOA.jpg?auth=f84925b820243d987398fb571f091f3adfd8f6eb4f8d402c9dc0c466fea2bf86&smart=true&width=1500"],"duration_display":"0:00","duration_seconds":null,"embed_url":null,"id":708,"image_caption":null,"image_url":"https://www.rfa.org/resizer/v2/2YPCI5CT2DWHMQEMVBOCL6AWOA.jpg?auth=f84925b820243d987398fb571f091f3adfd8f6eb4f8d402c9dc0c466fea2bf86&smart=true&width=1500","is_clip":false,"item_type":"photo","item_type_label":"Photo","language_label":"Vietnamese","media_credit":"B\u00ecnh lu\u1eadn c\u1ee7a H\u1ea3i \u0110\u0103ng","micro_label":"Photo","micro_label_kind":"gallery","network_label":"RFA","network_logo_url":"/static/uploads/direct_network_logos/rfa_ca00144ac549.png","published_at":"2023-05-02T23:43:21","published_at_display":"2 May 2023, 23:43 GMT","sequence_badge_label":null,"sequence_count":null,"sequence_count_label":null,"sequence_frames":[],"sequence_kind":null,"source_name":"rfa_vietnamese_rss","source_name_label":"RFA Vietnamese","source_type":"rss","summary":"T\u00e1m T\u1ed5 ch\u1ee9c X\u00e3 h\u1ed9i D\u00e2n s\u1ef1 \u1edf trong n\u01b0\u1edbc v\u1eeba ra tuy\u00ean b\u1ed1 ph\u1ea3n \u0111\u1ed1i m\u1ea1nh m\u1ebd l\u1ec7nh c\u1ea5m \u0111\u00e1nh b\u1eaft c\u00e1 c\u1ee7a Trung Qu\u1ed1c \u1edf Bi\u1ec3n \u0110\u00f4ng k\u00e9o d\u00e0i ba th\u00e1ng","title":"X\u00e3 h\u1ed9i d\u00e2n s\u1ef1 t\u1ed1 c\u00e1o \u00e2m m\u01b0u c\u1ee7a Trung Qu\u1ed1c v\u1ec1 Bi\u1ec3n \u0110\u00f4ng","topic":"B\u00ecnh lu\u1eadn","translation_language":"","url":"https://rfa.org/vietnamese/news/comment/blog/civil-society-organizations-protest-china-s-agression-behavior-in-the-scs-05022023194056.html","video_url":null},{"article_body_paragraphs":[],"audio_source_url":null,"author":"B\u00ecnh lu\u1eadn c\u1ee7a Nguy\u1ec5n H\u1eefu Vinh (Ba S\u00e0m)","available_dubs":[],"downloadable_assets":["https://www.rfa.org/resizer/v2/WM2JLYGI3MWWJMGO7NYAMLUYZI.jpg?auth=bf90ce7cdbd073e2a71ab87fc62850e65061946b14f68359d06facbfa90246c0&smart=true&width=1500"],"duration_display":"0:00","duration_seconds":null,"embed_url":null,"id":1567,"image_caption":null,"image_url":"https://www.rfa.org/resizer/v2/WM2JLYGI3MWWJMGO7NYAMLUYZI.jpg?auth=bf90ce7cdbd073e2a71ab87fc62850e65061946b14f68359d06facbfa90246c0&smart=true&width=1500","is_clip":false,"item_type":"photo","item_type_label":"Photo","language_label":"Vietnamese","media_credit":"B\u00ecnh lu\u1eadn c\u1ee7a Nguy\u1ec5n H\u1eefu Vinh (Ba S\u00e0m)","micro_label":"Photo","micro_label_kind":"gallery","network_label":"RFA","network_logo_url":"/static/uploads/direct_network_logos/rfa_ca00144ac549.png","published_at":"2022-12-07T14:15:17","published_at_display":"7 Dec 2022, 14:15 GMT","sequence_badge_label":null,"sequence_count":null,"sequence_count_label":null,"sequence_frames":[],"sequence_kind":null,"source_name":"rfa_vietnamese_rss","source_name_label":"RFA Vietnamese","source_type":"rss","summary":"\u0110\u1ebfn khi Trung Qu\u1ed1c n\u1edbi l\u1ecfng ch\u00ednh s\u00e1ch, b\u00e1o Vi\u1ec7t Nam c\u0169ng ph\u1ea3i l\u1eb7p l\u1ea1i c\u00e1ch l\u00fd gi\u1ea3i c\u1ee7a Trung Qu\u1ed1c, c\u00f2n kh\u00f4ng d\u00e1m nh\u1eafc \u0111\u1ebfn ch\u1eef \u201cbi\u1ec3u t\u00ecnh\u201d","title":"\u201cBi\u1ec3u t\u00ecnh\u201d \u2013 hai ch\u1eef xa x\u1ec9 v\u1edbi d\u00e2n Vi\u1ec7t c\u00f2n h\u01a1n c\u1ea3 Trung Qu\u1ed1c","topic":"B\u00ecnh lu\u1eadn","translation_language":"","url":"https://rfa.org/vietnamese/news/comment/ReadersOpinions/protests-luxury-word-for-the-vn-12072022091258.html","video_url":null},{"article_body_paragraphs":[],"audio_source_url":null,"author":"B\u00e0i blog c\u1ee7a Nguy\u1ec5n Ho\u00e0ng Mai","available_dubs":[],"downloadable_assets":["https://www.rfa.org/resizer/v2/Z5NVO5XJQLZPSGMT2NZ4JOPLAA.jpg?auth=e542725df2a9a8e4ec1cb9b3ed78290a342b53690ee3ebb6512a41857bef64ad&smart=true&width=1500"],"duration_display":"0:00","duration_seconds":null,"embed_url":null,"id":1568,"image_caption":null,"image_url":"https://www.rfa.org/resizer/v2/Z5NVO5XJQLZPSGMT2NZ4JOPLAA.jpg?auth=e542725df2a9a8e4ec1cb9b3ed78290a342b53690ee3ebb6512a41857bef64ad&smart=true&width=1500","is_clip":false,"item_type":"photo","item_type_label":"Photo","language_label":"Vietnamese","media_credit":"B\u00e0i blog c\u1ee7a Nguy\u1ec5n Ho\u00e0ng Mai","micro_label":"Photo","micro_label_kind":"gallery","network_label":"RFA","network_logo_url":"/static/uploads/direct_network_logos/rfa_ca00144ac549.png","published_at":"2022-09-27T16:24:00","published_at_display":"27 Sep 2022, 16:24 GMT","sequence_badge_label":null,"sequence_count":null,"sequence_count_label":null,"sequence_frames":[],"sequence_kind":null,"source_name":"rfa_vietnamese_rss","source_name_label":"RFA Vietnamese","source_type":"rss","summary":"\u0110\u00e2y l\u00e0 b\u00e0i ti\u1ebfp theo b\u00e0i B\u00e1c s\u0129 m\u1edbi ra tr\u01b0\u1eddng l\u00e0 b\u00e1nh tr\u00f4i n\u01b0\u1edbc. B\u00e0i tr\u01b0\u1edbc ch\u00fang t\u00f4i tr\u00ecnh b\u00e0y v\u1ec1 nh\u1eefng c\u00e1nh c\u1eeda (cao ng\u1ea5t, \u0111\u00f3ng k\u00edn, treo l\u1ee7ng l\u1eb3ng b\u1ed1n, n\u0103m \u1ed5 kh\u00f3a) m\u00e0 b\u00e1c s\u0129 \u0111a khoa m\u1edbi ra tr\u01b0\u1eddng \u1edf Vi\u1ec7t Nam ph\u1ea3i t\u00ecm c\u00e1ch tr\u00e8o v\u00e0o.","title":"B\u00e1nh tr\u00f4i n\u01b0\u1edbc \u01a1i, trong phong b\u00ec c\u00f3 g\u00ec?","topic":"B\u00ecnh lu\u1eadn","translation_language":"","url":"https://rfa.org/vietnamese/news/comment/blog/floating-sweet-dumpling-what-is-in-the-envelope-09272022111702.html","video_url":null},{"article_body_paragraphs":[],"audio_source_url":null,"author":"B\u00ecnh lu\u1eadn c\u1ee7a Tr\u1ea7n V\u0103n B\u1ea3y","available_dubs":[],"downloadable_assets":["https://www.rfa.org/resizer/v2/6AQVQ45F35ZRHPJJZSC3UYS6JQ.jpg?auth=2d09546cf5f66694e4fe17778170fce24130fabd52b50fed781af0ef210eea12&smart=true&width=1500"],"duration_display":"0:00","duration_seconds":null,"embed_url":null,"id":1569,"image_caption":null,"image_url":"https://www.rfa.org/resizer/v2/6AQVQ45F35ZRHPJJZSC3UYS6JQ.jpg?auth=2d09546cf5f66694e4fe17778170fce24130fabd52b50fed781af0ef210eea12&smart=true&width=1500","is_clip":false,"item_type":"photo","item_type_label":"Photo","language_label":"Vietnamese","media_credit":"B\u00ecnh lu\u1eadn c\u1ee7a Tr\u1ea7n V\u0103n B\u1ea3y","micro_label":"Photo","micro_label_kind":"gallery","network_label":"RFA","network_logo_url":"/static/uploads/direct_network_logos/rfa_ca00144ac549.png","published_at":"2022-05-31T17:02:00","published_at_display":"31 May 2022, 17:02 GMT","sequence_badge_label":null,"sequence_count":null,"sequence_count_label":null,"sequence_frames":[],"sequence_kind":null,"source_name":"rfa_vietnamese_rss","source_name_label":"RFA Vietnamese","source_type":"rss","summary":"Trung Qu\u1ed1c \u0111ang c\u1ed1 ve v\u00e3n c\u00e1c n\u01b0\u1edbc Nam Th\u00e1i B\u00ecnh D\u01b0\u01a1ng qua vi\u1ec7c \u0111\u1ec1 ngh\u1ecb m\u1ed9t hi\u1ec7p \u0111\u1ecbnh m\u1edf r\u1ed9ng h\u1ee3p t\u00e1c an ninh v\u00e0 th\u01b0\u01a1ng m\u1ea1i t\u1ef1 do v\u1edbi khu v\u1ef1c n\u00e0y.","title":"Trung Qu\u1ed1c \u0111ang v\u01b0\u01a1n v\u00f2i tr\u00ean nam Th\u00e1i B\u00ecnh D\u01b0\u01a1ng","topic":"B\u00ecnh lu\u1eadn","translation_language":"","url":"https://rfa.org/vietnamese/news/comment/blog/china-reach-in-south-pacific-05312022130159.html","video_url":null}],"next_num":null,"page":1,"pages":1,"per_page":20,"prev_num":null,"total":9}
