{"applied_filters":{"end_date":"","lang":"","language":"","network":"","page":1,"per_page":20,"search":"","source":"","start_date":"","topic":"Noticiero Mart\u00ed Noticias","type":"video"},"available_filters":{"language_choices":[{"label":"Choose Language","value":""},{"label":"Espa\u00f1ol","value":"Espa\u00f1ol"}],"network_choices":[{"label":"All networks","value":""},{"label":"OCB","value":"OCB"}],"source_choices":[{"label":"All sources","value":""},{"label":"OCB Spanish Video","value":"ocb_spanish_video_scrape"}],"sources":["ocb_spanish_video_scrape"],"topics":["250em\u00een Salvegera Serxweb\u00fbna Amer\u00eekay\u00ea","250\u0647\u06d5\u0645\u06cc\u0646 \u0633\u0627\u06b5\u06cc\u0627\u062f\u06cc \u0633\u06d5\u0631\u0628\u06d5\u062e\u06c6\u06cc\u06cc \u0626\u06d5\u0645\u06d5\u0631\u06cc\u06a9\u0627","8 \u10e4\u10dd\u10e2\u10dd \u10d0\u10e0\u10e5\u10d8\u10d5\u10d8\u10d3\u10d0\u10dc","Afghanistan","Amer\u00eeka","Am\u00e9rica Latina, VENEZUELA, Maiquetia","Asuntos de Estado","Audiovisuales Mart\u00ed","Audiovisuales Mart\u00ed, Cuba turismo, crisis del turismo en Cuba","Audiovisuales Mart\u00ed, VENEZUELA, apagones","Bernameya Televizyon\u00ee ya Rojane","Como Come Cuba, cuba, Como Come Cuba","Cuba Habla","Cuba Habla, Cuba","Cuba al D\u00eda, Cuba","C\u00eehan","Derechos Humanos, cuba, exilio, c\u00e1ncer, Ram\u00f3n Sa\u00fal S\u00e1nchez","Especiales, Exilio cubano, Freedom tower, \"Libertad\", Torre de la Libertad de Miami, Exilio cubano en Miami","Especiales, jos\u00e9 mart\u00ed, Exilio cubano","Esperando un techo, cuba, crisis, vivienda, derrumbes, techo, paredes, EsperandounTecho","Human Rights","Info Mart\u00ed","Info Mart\u00ed , Brigada 2506","Info Mart\u00ed , Cuba","Info Mart\u00ed , Estados Unidos, Colombia","Info Mart\u00ed , Estados Unidos, VENEZUELA","Info Mart\u00ed , estados unidos, Venezuela","Info Mart\u00ed , presos politicos, torturas, VENEZUELA","Iran","Iz RSE sveta","Kentu-Cubano, cuba, cubanos, Kentucky, migrantes, KentoCubano","Korea","Laos","Las Noticias Como Son, Cuba","Multimedija","Myanmar","Noticiero Mart\u00ed Noticias","Noticiero Mart\u00ed Noticias, Cuba","Pacific","Pe Agend\u0103 cu Cristina Popu\u0219oi","Perspektiva","Ser Madre en cuba, cuba, hambre, r\u00e9gimen, madre, negligencia, Testimonios, Crisis Econ\u00f3mica, madre cubana, Crisis Alimentaria","Ser viejo en Cuba, cuba, cubanos, crisis, alimentos, ancianos, viejos, vejez","South China Sea","Srbija","Tibet","Ukraine","Uvid","VOA \ud55c\uad6d\uc5b4 \ubcf4\uc774\ub294 \ub77c\ub514\uc624","VOA\u4eca\u65e5\u7126\u70b9","Video","Videos","V\u00eedyo Galer\u00ee","\u0410\u0440\u0445\u0435\u043e\u043b\u043e\u0433\u0438\u044f","\u0411\u0430\u043b\u0442\u0438\u044f","\u0412\u0438\u0434\u0435\u043e","\u0413\u043b\u0430\u0432\u043d\u043e\u0435","\u0413\u0440\u0430\u043d\u0438 \u0432\u0440\u0435\u043c\u0435\u043d\u0438","\u0418\u043d\u0442\u0435\u0440\u0432\u044c\u044e","\u041a\u0430\u0434\u0440\u044b \u0434\u043d\u044f","\u041b\u0438\u0446\u043e\u043c \u043a \u0441\u043e\u0431\u044b\u0442\u0438\u044e","\u0420\u0435\u043f\u043e\u0440\u0442\u0430\u0436","\u0420\u043e\u0441\u0441\u0438\u044f","\u0421\u043c\u043e\u0442\u0440\u0438 \u0432 \u043e\u0431\u0430","\u0423\u043a\u0440\u0430\u0438\u043d\u0430","\u0622\u062e\u0631\u06cc\u0646 \u0648\u06cc\u062f\u06cc\u0648\u0647\u0627","\u0626\u06ce\u0631\u0627\u0646","\u0626\u06d5\u0645\u06d5\u0631\u06cc\u06a9\u0627","\u0627\u0645\u0631\u06cc\u06a9\u0627 \u063a\u0696 \u067e\u069a\u062a\u0648","\u0628\u06d5\u0631\u0646\u0627\u0645\u06d5\u06cc \u0695\u06c6\u0698\u0627\u0646\u06d5\u06cc \u062a\u06d5\u0644\u06d5\u0641\u06cc\u0632\u06cc\u06c6\u0646","\u062a\u0648\u0631\u06a9\u06cc\u0627","\u062c\u0647\u0627\u0646","\u062c\u06cc\u0647\u0627\u0646","\u0633\u0648\u0631\u06cc\u0627","\u0633\u0649\u0646","\u0635\u062f\u0627\u06cc \u0627\u0645\u0631\u06cc\u06a9\u0627 \u062f\u0631\u06cc","\u0639\u06ce\u0631\u0627\u0642","\u0642\u0649\u0633\u0642\u0627 \u062e\u06d5\u06cb\u06d5\u0631\u0644\u06d5\u0631","\u0645\u0631\u06a9\u06d0","\u0646\u0648\u0631 \u062e\u0628\u0631\u0648\u0646\u0647","\u0647\u06d5\u0631\u06ce\u0645\u06d5 \u06a9\u0648\u0631\u062f\u06cc\u0640\u06cc\u06d5\u06a9\u0627\u0646","\u0648\u06cc\u062f\u06cc\u0648","\u0648\u06cc\u0698\u0647 \u0628\u0631\u0646\u0627\u0645\u0647\u200c\u0647\u0627","\u0695\u06c6\u0698\u0647\u06d5\u06b5\u0627\u062a\u06cc \u0646\u0627\u0648\u06d5\u0695\u0627\u0633\u062a","\u06a4\u06cc\u062f\u06cc\u06c6","\u0e82\u0ec8\u0eb2\u0ea7\u0ec1\u0ea5\u0eb0\u0ea5\u0eb2\u0e8d\u0e87\u0eb2\u0e99","\u0ea7\u0eb5\u0e94\u0eb5\u0ec2\u0ead","\u0f38\u0f42\u0f7c\u0f44\u0f0b\u0f66\u0f0b\u0f58\u0f46\u0f7c\u0f42","\u0f56\u0f59\u0f53\u0f0b\u0f56\u0fb1\u0f7c\u0f63\u0f0d","\u0f56\u0f62\u0f99\u0f53\u0f0d","\u0f56\u0f7c\u0f51\u0f0d","\u1017\u102e\u1012\u102e\u101a\u102d\u102f\u1019\u103b\u102c\u1038","\u101e\u1010\u1004\u103a\u1038\u1019\u103b\u102c\u1038","\u10d5\u10d8\u10d3\u10d4\u10dd","\u1785\u17d2\u1794\u17b6\u1794\u17cb","\u1793\u1799\u17c4\u1794\u17b6\u1799","\u1794\u179a\u17b7\u179f\u17d2\u1790\u17b6\u1793","\u179c\u17b8\u178a\u17c1\u17a2\u17bc","\u179f\u1784\u17d2\u1782\u1798","\u4eba\u6743\u6cd5\u6cbb"],"types":[["","All types"],["video","Videos"],["media","Media"]]},"has_next":false,"has_prev":false,"items":[{"article_body_paragraphs":[],"audio_source_url":null,"author":"Mart\u00ed Noticias","available_dubs":[],"downloadable_assets":["https://ocb-video-ns.akamaized.net/pangeavideo/2026/09/9/92/925a2952-e1cf-453f-b7af-6c60457b8331_1080p.mp4?cb=ee22923e5"],"duration_display":"29:14","duration_seconds":1754.0,"embed_url":null,"id":12747,"image_caption":null,"image_url":"https://gdb.martinoticias.com/925a2952-e1cf-453f-b7af-6c60457b8331_tv_w1080_h608.jpg","is_clip":false,"item_type":"video","item_type_label":"Video","language_label":"Espa\u00f1ol","media_credit":"Mart\u00ed Noticias","micro_label":"Video report","micro_label_kind":"video","network_label":"OCB","network_logo_url":"/static/uploads/direct_network_logos/ocb_0888427dcb1d.svg","published_at":"2026-09-01T19:37:58","published_at_display":"1 Sep 2026, 19:37 GMT","sequence_badge_label":null,"sequence_count":null,"sequence_count_label":null,"sequence_frames":[],"sequence_kind":null,"source_name":"ocb_spanish_video_scrape","source_name_label":"OCB Spanish Video","source_type":"scrape","summary":"Inicia el curso escolar en Cuba con falta de uniformes y d\u00e9ficit de maestros. -El Observatorio Cubano de Conflictos registra una sensible reducci\u00f3n de las protestas en Cuba durante agosto.","title":"Noticiero Mart\u00ed Noticias","topic":"Noticiero Mart\u00ed Noticias","translation_language":"","url":"https://www.martinoticias.com/a/noticiero-mart%C3%AD-noticias/476737.html","video_url":"https://ocb-video-ns.akamaized.net/pangeavideo/2026/09/9/92/925a2952-e1cf-453f-b7af-6c60457b8331_1080p.mp4?cb=ee22923e5"}],"next_num":null,"page":1,"pages":1,"per_page":20,"prev_num":null,"total":1}
