{"applied_filters":{"end_date":"","lang":"","language":"","network":"","page":1,"per_page":20,"search":"","source":"","start_date":"","topic":"RFE/RL Shorts","type":"clips"},"available_filters":{"language_choices":[{"label":"Choose Language","value":""},{"label":"English","value":"English"}],"network_choices":[{"label":"All networks","value":""},{"label":"RFE/RL","value":"RFE/RL"}],"source_choices":[{"label":"All sources","value":""},{"label":"RFE/RL YouTube Shorts","value":"rferl_youtube_shorts"}],"sources":["rferl_youtube_shorts"],"topics":["250em\u00een Salvegera Serxweb\u00fbna Amer\u00eekay\u00ea","250\u0647\u06d5\u0645\u06cc\u0646 \u0633\u0627\u06b5\u06cc\u0627\u062f\u06cc \u0633\u06d5\u0631\u0628\u06d5\u062e\u06c6\u06cc\u06cc \u0626\u06d5\u0645\u06d5\u0631\u06cc\u06a9\u0627","Afghanistan","Amer\u00eeka","Am\u00e9rica Latina, VENEZUELA, Maiquetia","Asuntos de Estado","Audiovisuales Mart\u00ed","Audiovisuales Mart\u00ed, Cuba turismo, crisis del turismo en Cuba","Audiovisuales Mart\u00ed, VENEZUELA, apagones","Bosna i Hercegovina","Como Come Cuba, cuba, Como Come Cuba","Cuba Habla","Cuba Habla, Cuba","C\u00eehan","Human Rights","Info Mart\u00ed","Info Mart\u00ed , Cuba","Info Mart\u00ed , Estados Unidos, Colombia","Info Mart\u00ed , Estados Unidos, VENEZUELA","Info Mart\u00ed , estados unidos, Venezuela","Iran","Iz RSE sveta","Korea","Kyiv Independent","Laos","Mart\u00ed Noticias AM","Multimedija","Myanmar","Pacific","RFA Explains","RFA Mandarin Shorts","RFE/RL Shorts","Ser Madre en cuba, cuba, hambre, r\u00e9gimen, madre, negligencia, Testimonios, Crisis Econ\u00f3mica, madre cubana, Crisis Alimentaria","Ser viejo en Cuba, cuba, cubanos, crisis, alimentos, ancianos, viejos, vejez","South China Sea","Srbija","Tibet","Ukraine","Video","Videos","V\u00eedyo Galer\u00ee","\u0412\u0438\u0434\u0435\u043e","\u0417 \u0442\u043e\u0447\u043a\u0438 \u0410 \u0432 \u0442\u043e\u0447\u0443 \u0411: \u044f\u043a \u0432 \u0423\u043a\u0440\u0430\u0457\u043d\u0456 \u043f\u0440\u0430\u0446\u044e\u0454 \u0456\u043d\u043a\u043b\u044e\u0437\u0438\u0432\u043d\u0438\u0439 \u043a\u043b\u0430\u0441 \u0430\u0432\u0442\u043e","\u0418\u043d\u0442\u0435\u0440\u0432\u044c\u044e","\u041a\u0430\u0434\u0440\u044b \u0434\u043d\u044f","\u0420\u043e\u0441\u0441\u0438\u044f","\u0421\u043c\u043e\u0442\u0440\u0438 \u0432 \u043e\u0431\u0430","\u0622\u062e\u0631\u06cc\u0646 \u0648\u06cc\u062f\u06cc\u0648\u0647\u0627","\u0626\u06ce\u0631\u0627\u0646","\u0626\u06d5\u0645\u06d5\u0631\u06cc\u06a9\u0627","\u0628\u06d5\u0631\u0646\u0627\u0645\u06d5\u06cc \u0695\u06c6\u0698\u0627\u0646\u06d5\u06cc \u062a\u06d5\u0644\u06d5\u0641\u06cc\u0632\u06cc\u06c6\u0646","\u062a\u0648\u0631\u06a9\u06cc\u0627","\u062c\u0647\u0627\u0646","\u062c\u06cc\u0647\u0627\u0646","\u0633\u0648\u0631\u06cc\u0627","\u0633\u0649\u0646","\u0639\u06ce\u0631\u0627\u0642","\u0642\u0646\u0627\u0629 \u0627\u0644\u062d\u0631\u0629 - Alhurra","\u0642\u0649\u0633\u0642\u0627 \u062e\u06d5\u06cb\u06d5\u0631\u0644\u06d5\u0631","\u0645\u0631\u06a9\u06d0","\u0646\u0648\u0631 \u062e\u0628\u0631\u0648\u0646\u0647","\u0647\u06d5\u0631\u06ce\u0645\u06d5 \u06a9\u0648\u0631\u062f\u06cc\u0640\u06cc\u06d5\u06a9\u0627\u0646","\u0648\u06cc\u062f\u06cc\u0648","\u0648\u06cc\u0698\u0647 \u0628\u0631\u0646\u0627\u0645\u0647\u200c\u0647\u0627","\u0695\u06c6\u0698\u0647\u06d5\u06b5\u0627\u062a\u06cc \u0646\u0627\u0648\u06d5\u0695\u0627\u0633\u062a","\u06a4\u06cc\u062f\u06cc\u06c6","\u0e82\u0ec8\u0eb2\u0ea7\u0ec1\u0ea5\u0eb0\u0ea5\u0eb2\u0e8d\u0e87\u0eb2\u0e99","\u0ea7\u0eb5\u0e94\u0eb5\u0ec2\u0ead","\u0f38\u0f42\u0f7c\u0f44\u0f0b\u0f66\u0f0b\u0f58\u0f46\u0f7c\u0f42","\u0f56\u0f59\u0f53\u0f0b\u0f56\u0fb1\u0f7c\u0f63\u0f0d","\u0f56\u0f62\u0f99\u0f53\u0f0d","\u0f56\u0f7c\u0f51\u0f0d","\u1017\u102e\u1012\u102e\u101a\u102d\u102f\u1019\u103b\u102c\u1038","\u101e\u1010\u1004\u103a\u1038\u1019\u103b\u102c\u1038","\u10d5\u10d8\u10d3\u10d4\u10dd","\u1785\u17d2\u1794\u17b6\u1794\u17cb","\u1793\u1799\u17c4\u1794\u17b6\u1799","\u1794\u179a\u17b7\u179f\u17d2\u1790\u17b6\u1793","\u179c\u17b8\u178a\u17c1\u17a2\u17bc","\u179f\u1784\u17d2\u1782\u1798","\u4eba\u6743\u6cd5\u6cbb","\u56fd\u9645\u65b0\u95fb","\u5c08\u984c","\u5f71\u7247","\u653f\u6cbb","\u65b0\u805e","\u65b0\u95fb\u5feb\u8baf","\u6bcf\u65e5\u89c6\u9891\u65b0\u95fb","\u6e2f\u6fb3\u53f0","\u793e\u4f1a","\u79d1\u6559\u6587","\u7f8e\u56fd\u4e4b\u97f3\u4e13\u8bbf","\u89c6\u9891","\ub274\uc2a4","\ub274\uc2a4 \ud074\ub9ad","\uba40\ud2f0\ubbf8\ub514\uc5b4","\ubbf8\uad6d","\ube44\ub514\uc624","\uc138\uacc4","\ud55c\ubc18\ub3c4"],"types":[["","All types"],["video","Videos"],["clips","Clips"],["media","Media"]]},"has_next":false,"has_prev":false,"items":[{"article_body_paragraphs":[],"audio_source_url":null,"author":"Radio Free Europe/Radio Liberty","available_dubs":[],"downloadable_assets":[],"duration_display":"1:33","duration_seconds":93.0,"embed_url":"https://www.youtube.com/embed/VBxvgU-seR8","id":14602,"image_caption":null,"image_url":"https://i3.ytimg.com/vi/VBxvgU-seR8/hqdefault.jpg","is_clip":true,"is_youtube_embed":true,"item_type":"video","item_type_label":"Video","language_label":"English","media_credit":"Radio Free Europe/Radio Liberty","micro_label":"Video report","micro_label_kind":"video","network_label":"Radio Free Europe/Radio Liberty","network_logo_url":"","published_at":"2026-09-03T12:12:13","published_at_display":"3 Sep 2026, 12:12 GMT","sequence_badge_label":null,"sequence_count":null,"sequence_count_label":null,"sequence_frames":[],"sequence_kind":null,"source_name":"rferl_youtube_shorts","source_name_label":"Radio Free Europe/Radio Liberty","source_type":"scrape","summary":"A Kyiv shoot-out between Ukraine intelligence and security service left three officers wounded in Kyiv. Both sides have given conflicting accounts of what happened, and Ukrainian President Volodymyr Zelenskyy called the incident \"absolutely disgraceful.\" What triggered the clash, and what could it mean for Ukrainian security services? #ukraine #ukrainenews #kyiv","title":"Why Was There A Shoot-Out In Kyiv Between Ukraine\u2019s Government Agencies?","topic":"RFE/RL Shorts","translation_language":"","url":"https://www.youtube.com/shorts/VBxvgU-seR8","video_url":null,"youtube_conversion_active":false,"youtube_conversion_error":"","youtube_conversion_status":""},{"article_body_paragraphs":[],"audio_source_url":null,"author":"Radio Free Europe/Radio Liberty","available_dubs":[],"downloadable_assets":[],"duration_display":"2:48","duration_seconds":168.0,"embed_url":"https://www.youtube.com/embed/gkBiRbNnjaU","id":14605,"image_caption":null,"image_url":"https://i4.ytimg.com/vi/gkBiRbNnjaU/hqdefault.jpg","is_clip":true,"is_youtube_embed":true,"item_type":"video","item_type_label":"Video","language_label":"English","media_credit":"Radio Free Europe/Radio Liberty","micro_label":"Video report","micro_label_kind":"video","network_label":"Radio Free Europe/Radio Liberty","network_logo_url":"","published_at":"2026-08-29T08:00:03","published_at_display":"29 Aug 2026, 08:00 GMT","sequence_badge_label":null,"sequence_count":null,"sequence_count_label":null,"sequence_frames":[],"sequence_kind":null,"source_name":"rferl_youtube_shorts","source_name_label":"Radio Free Europe/Radio Liberty","source_type":"scrape","summary":"Latvia's volunteer National Guard, the Zemessardze, has taken on a growing role in the country's defense since Russia\u2019s full-scale invasion of Ukraine in 2022. Following ordinary Latvians as they take part in military exercises, Current Time looks at why they give up their weekends to train, how the force has changed in four years, and the role it could play in defending Latvia alongside NATO. #latvia #latvianews #natorussia #russianatoconflict #russianato #","title":"Preparing For The Worst From Russia: Latvia's 'Weekend Warriors' #shorts","topic":"RFE/RL Shorts","translation_language":"","url":"https://www.youtube.com/shorts/gkBiRbNnjaU","video_url":null,"youtube_conversion_active":false,"youtube_conversion_error":"","youtube_conversion_status":""},{"article_body_paragraphs":[],"audio_source_url":null,"author":"Radio Free Europe/Radio Liberty","available_dubs":[],"downloadable_assets":[],"duration_display":"2:20","duration_seconds":140.0,"embed_url":"https://www.youtube.com/embed/Ykr6xVLaU8Y","id":14606,"image_caption":null,"image_url":"https://i2.ytimg.com/vi/Ykr6xVLaU8Y/hqdefault.jpg","is_clip":true,"is_youtube_embed":true,"item_type":"video","item_type_label":"Video","language_label":"English","media_credit":"Radio Free Europe/Radio Liberty","micro_label":"Video report","micro_label_kind":"video","network_label":"Radio Free Europe/Radio Liberty","network_logo_url":"","published_at":"2026-08-28T13:02:13","published_at_display":"28 Aug 2026, 13:02 GMT","sequence_badge_label":null,"sequence_count":null,"sequence_count_label":null,"sequence_frames":[],"sequence_kind":null,"source_name":"rferl_youtube_shorts","source_name_label":"Radio Free Europe/Radio Liberty","source_type":"scrape","summary":"Families who lost loved ones in the 1995 Srebrenica massacre and in the siege of Sarajevo say the death of former Bosnian Serb military commander Ratko Mladic on August 27 does little to ease decades of grief. But one man says what matters most is that Mladic was held accountable for his crimes, which included genocide and crimes against humanity. Mladic died in prison at the age of 84 while serving a life sentence for his role during the 1992-95 Bosnian War. #butcherofbosnia #ratkomladic #bosnia #yugoslavia #news #bosniaherzegovina","title":"'Only The Truth Matters': Families Of Srebrenica, Sarajevo Victims React To Mladic's Death","topic":"RFE/RL Shorts","translation_language":"","url":"https://www.youtube.com/shorts/Ykr6xVLaU8Y","video_url":null,"youtube_conversion_active":false,"youtube_conversion_error":"","youtube_conversion_status":""},{"article_body_paragraphs":[],"audio_source_url":null,"author":"Radio Free Europe/Radio Liberty","available_dubs":[],"downloadable_assets":[],"duration_display":"2:03","duration_seconds":123.0,"embed_url":"https://www.youtube.com/embed/6q_k1XMxsTI","id":14609,"image_caption":null,"image_url":"https://i3.ytimg.com/vi/6q_k1XMxsTI/hqdefault.jpg","is_clip":true,"is_youtube_embed":true,"item_type":"video","item_type_label":"Video","language_label":"English","media_credit":"Radio Free Europe/Radio Liberty","micro_label":"Video report","micro_label_kind":"video","network_label":"Radio Free Europe/Radio Liberty","network_logo_url":"","published_at":"2026-08-27T07:00:25","published_at_display":"27 Aug 2026, 07:00 GMT","sequence_badge_label":null,"sequence_count":null,"sequence_count_label":null,"sequence_frames":[],"sequence_kind":null,"source_name":"rferl_youtube_shorts","source_name_label":"Radio Free Europe/Radio Liberty","source_type":"scrape","summary":"The Ibar River feeds Lake Gazivode, providing drinking water as well as water for crop irrigation and cooling power plants across Kosovo. But after recent local disputes, Serbian President Aleksandar Vucic has raised the prospect of altering the river's course upstream. #water #geopolitics #serbia #kosovo #shorts","title":"Can Serbia Control Kosovo's Water Supply? #balkans #news #geopolitics #shorts","topic":"RFE/RL Shorts","translation_language":"","url":"https://www.youtube.com/shorts/6q_k1XMxsTI","video_url":null,"youtube_conversion_active":false,"youtube_conversion_error":"","youtube_conversion_status":""},{"article_body_paragraphs":[],"audio_source_url":null,"author":"Radio Free Europe/Radio Liberty","available_dubs":[],"downloadable_assets":[],"duration_display":"2:06","duration_seconds":126.0,"embed_url":"https://www.youtube.com/embed/6B37LXpazaY","id":14610,"image_caption":null,"image_url":"https://i3.ytimg.com/vi/6B37LXpazaY/hqdefault.jpg","is_clip":true,"is_youtube_embed":true,"item_type":"video","item_type_label":"Video","language_label":"English","media_credit":"Radio Free Europe/Radio Liberty","micro_label":"Video report","micro_label_kind":"video","network_label":"Radio Free Europe/Radio Liberty","network_logo_url":"","published_at":"2026-08-25T17:32:37","published_at_display":"25 Aug 2026, 17:32 GMT","sequence_badge_label":null,"sequence_count":null,"sequence_count_label":null,"sequence_frames":[],"sequence_kind":null,"source_name":"rferl_youtube_shorts","source_name_label":"Radio Free Europe/Radio Liberty","source_type":"scrape","summary":"For four years in Russian captivity, Ukrainian POW Oleksandr Ivanov retold the entire Harry Potter series from memory to his fellow prisoners. The defender of Mariupol says the stories gave them something to look forward to. After his release in a prisoner exchange, Ivanov received a letter from the author of the books, J.K. Rowling. But, he says, he wishes he had never had a reason to receive it. #harrypotter #harrypotterfan","title":"Harry Potter Helped A Ukrainian POW Survive 4 Years In Russian Captivity #shorts","topic":"RFE/RL Shorts","translation_language":"","url":"https://www.youtube.com/shorts/6B37LXpazaY","video_url":null,"youtube_conversion_active":false,"youtube_conversion_error":"","youtube_conversion_status":""},{"article_body_paragraphs":[],"audio_source_url":null,"author":"Radio Free Europe/Radio Liberty","available_dubs":[],"downloadable_assets":[],"duration_display":"1:15","duration_seconds":75.0,"embed_url":"https://www.youtube.com/embed/2oRdU8VrIGw","id":14611,"image_caption":null,"image_url":"https://i3.ytimg.com/vi/2oRdU8VrIGw/hqdefault.jpg","is_clip":true,"is_youtube_embed":true,"item_type":"video","item_type_label":"Video","language_label":"English","media_credit":"Radio Free Europe/Radio Liberty","micro_label":"Video report","micro_label_kind":"video","network_label":"Radio Free Europe/Radio Liberty","network_logo_url":"","published_at":"2026-08-24T16:28:26","published_at_display":"24 Aug 2026, 16:28 GMT","sequence_badge_label":null,"sequence_count":null,"sequence_count_label":null,"sequence_frames":[],"sequence_kind":null,"source_name":"rferl_youtube_shorts","source_name_label":"Radio Free Europe/Radio Liberty","source_type":"scrape","summary":"As Ukraine marked the 35th anniversary of its declaration of independence from the Soviet Union, Ukrainian President Volodymyr Zelenskyy hosted a summit of world leaders from the so-called Coalition of the Willing -- a group of countries that has pledged military and security support for Ukraine. He appealed to the heads of those 34 countries to bolster Ukraine's air defenses amid ongoing Russian missile strikes. #ukrainenews #ukrainewar #ukrainerussiawar #russiaukrainewar","title":"Ukraine Appeals For More Air Defense Amid Independence Celebrations #shorts","topic":"RFE/RL Shorts","translation_language":"","url":"https://www.youtube.com/shorts/2oRdU8VrIGw","video_url":null,"youtube_conversion_active":false,"youtube_conversion_error":"","youtube_conversion_status":""},{"article_body_paragraphs":[],"audio_source_url":null,"author":"Radio Free Europe/Radio Liberty","available_dubs":[],"downloadable_assets":[],"duration_display":"1:10","duration_seconds":70.0,"embed_url":"https://www.youtube.com/embed/8RAY8U4SbuU","id":14612,"image_caption":null,"image_url":"https://i1.ytimg.com/vi/8RAY8U4SbuU/hqdefault.jpg","is_clip":true,"is_youtube_embed":true,"item_type":"video","item_type_label":"Video","language_label":"English","media_credit":"Radio Free Europe/Radio Liberty","micro_label":"Video report","micro_label_kind":"video","network_label":"Radio Free Europe/Radio Liberty","network_logo_url":"","published_at":"2026-08-23T10:32:13","published_at_display":"23 Aug 2026, 10:32 GMT","sequence_badge_label":null,"sequence_count":null,"sequence_count_label":null,"sequence_frames":[],"sequence_kind":null,"source_name":"rferl_youtube_shorts","source_name_label":"Radio Free Europe/Radio Liberty","source_type":"scrape","summary":"Iranian singer Hiwa Seyfizade says she has been sentenced to four years in prison after being charged with \"encouraging corruption and prostitution\" following her arrest at the Emarat-e Rooberoo cultural complex in Tehran on February 27, 2025. She has appealed the verdict and expressed hope that her case would be reviewed independently based on the law and the evidence.","title":"Sentenced for Singing: Iranian Singer Hiwa Seyfizade Handed 4-Year Prison Term","topic":"RFE/RL Shorts","translation_language":"","url":"https://www.youtube.com/shorts/8RAY8U4SbuU","video_url":null,"youtube_conversion_active":false,"youtube_conversion_error":"","youtube_conversion_status":""},{"article_body_paragraphs":[],"audio_source_url":null,"author":"Radio Free Europe/Radio Liberty","available_dubs":[],"downloadable_assets":[],"duration_display":"0:40","duration_seconds":40.0,"embed_url":"https://www.youtube.com/embed/KmPEwGf-YEs","id":14613,"image_caption":null,"image_url":"https://i4.ytimg.com/vi/KmPEwGf-YEs/hqdefault.jpg","is_clip":true,"is_youtube_embed":true,"item_type":"video","item_type_label":"Video","language_label":"English","media_credit":"Radio Free Europe/Radio Liberty","micro_label":"Video report","micro_label_kind":"video","network_label":"Radio Free Europe/Radio Liberty","network_logo_url":"","published_at":"2026-08-22T12:29:47","published_at_display":"22 Aug 2026, 12:29 GMT","sequence_badge_label":null,"sequence_count":null,"sequence_count_label":null,"sequence_frames":[],"sequence_kind":null,"source_name":"rferl_youtube_shorts","source_name_label":"Radio Free Europe/Radio Liberty","source_type":"scrape","summary":"A Russian drone attack on a shopping mall in the south-central Ukrainian city of Kryviy Rih on August 21 killed at least 16 people and left more than 130 others injured, including 23 children, some of them in critical condition.","title":"Ukrainian President Vows Retaliation After Double-Tap Strike On Hometown","topic":"RFE/RL Shorts","translation_language":"","url":"https://www.youtube.com/shorts/KmPEwGf-YEs","video_url":null,"youtube_conversion_active":false,"youtube_conversion_error":"","youtube_conversion_status":""},{"article_body_paragraphs":[],"audio_source_url":null,"author":"Radio Free Europe/Radio Liberty","available_dubs":[],"downloadable_assets":[],"duration_display":"2:38","duration_seconds":158.0,"embed_url":"https://www.youtube.com/embed/kFB5-os4iZ4","id":14614,"image_caption":null,"image_url":"https://i4.ytimg.com/vi/kFB5-os4iZ4/hqdefault.jpg","is_clip":true,"is_youtube_embed":true,"item_type":"video","item_type_label":"Video","language_label":"English","media_credit":"Radio Free Europe/Radio Liberty","micro_label":"Video report","micro_label_kind":"video","network_label":"Radio Free Europe/Radio Liberty","network_logo_url":"","published_at":"2026-08-22T08:29:47","published_at_display":"22 Aug 2026, 08:29 GMT","sequence_badge_label":null,"sequence_count":null,"sequence_count_label":null,"sequence_frames":[],"sequence_kind":null,"source_name":"rferl_youtube_shorts","source_name_label":"Radio Free Europe/Radio Liberty","source_type":"scrape","summary":"An unauthorized Iranian film released for free on YouTube is stirring debate by openly challenging restrictions on women singing and Iran\u2019s compulsory hijab rules. Bidad, or Outcry, directed by Soheil Beiraghi, was made without government approval and features the voice of Parastoo Ahmadi, a singer who was sentenced to 74 lashes after performing publicly without a head scarf. Parisa Sohbati from RFE/RL's Iran Tomorrow program explains.","title":"Lashed for Singing: The Uncensored Iranian Film Defying the Mandatory Hijab","topic":"RFE/RL Shorts","translation_language":"","url":"https://www.youtube.com/shorts/kFB5-os4iZ4","video_url":null,"youtube_conversion_active":false,"youtube_conversion_error":"","youtube_conversion_status":""},{"article_body_paragraphs":[],"audio_source_url":null,"author":"Radio Free Europe/Radio Liberty","available_dubs":[],"downloadable_assets":[],"duration_display":"2:59","duration_seconds":179.0,"embed_url":"https://www.youtube.com/embed/emfjlivbN_U","id":14615,"image_caption":null,"image_url":"https://i2.ytimg.com/vi/emfjlivbN_U/hqdefault.jpg","is_clip":true,"is_youtube_embed":true,"item_type":"video","item_type_label":"Video","language_label":"English","media_credit":"Radio Free Europe/Radio Liberty","micro_label":"Video report","micro_label_kind":"video","network_label":"Radio Free Europe/Radio Liberty","network_logo_url":"","published_at":"2026-08-21T12:09:00","published_at_display":"21 Aug 2026, 12:09 GMT","sequence_badge_label":null,"sequence_count":null,"sequence_count_label":null,"sequence_frames":[],"sequence_kind":null,"source_name":"rferl_youtube_shorts","source_name_label":"Radio Free Europe/Radio Liberty","source_type":"scrape","summary":"Can Ukraine hold elections during wartime? Popular former defense minister Mykhaylo Fedorov whose dismissal last month sparked protests, has delivered a videotaped address to Ukrainians in which he assailed wartime corruption, warned of a systemic crisis of governance, and said Ukraine elections must happen despite the continuing Russian invasion. #ukrainenews #ukrainewar #russiaukrainewar #ukrainerussiawar","title":"Can Ukraine Hold Elections During The War, As Ex-Minister Fedorov Wants? #shorts","topic":"RFE/RL Shorts","translation_language":"","url":"https://www.youtube.com/shorts/emfjlivbN_U","video_url":null,"youtube_conversion_active":false,"youtube_conversion_error":"","youtube_conversion_status":""}],"next_num":null,"page":1,"pages":1,"per_page":20,"prev_num":null,"total":10}
