{"applied_filters":{"end_date":"","lang":"","language":"","network":"","page":1,"per_page":20,"search":"","source":"","start_date":"","topic":"Th\u1eddi S\u1ef1","type":"audio"},"available_filters":{"language_choices":[{"label":"Choose Language","value":""},{"label":"Vietnamese","value":"Vietnamese"}],"network_choices":[{"label":"All networks","value":""},{"label":"RFA","value":"RFA"}],"source_choices":[{"label":"All sources","value":""},{"label":"RFA Vietnamese","value":"rfa_vietnamese_rss"}],"sources":["rfa_vietnamese_rss"],"topics":["Abriendo Espacios","Agenda hemisf\u00e9rica","Barrio Adentro","Bernamey\u00ean radyoy\u00ea y\u00ean rojane","Caf\u00e9 Digital","Cuba al D\u00eda","Cuba en la Memoria","De cara al sol","El futuro es ya","Foro abierto","Hablando claro","Izme\u0111u redova","La libertad es una librer\u00eda","Las noticias como son","Lawton Libre","Liberaci\u00f3n","Mart\u00ed Noticias A.M.","Mozaik \u017eivota","Nicaragua al d\u00eda","N\u00fb\u00e7ey\u00ean C\u00eehan\u00ea 1","N\u00fb\u00e7ey\u00ean C\u00eehan\u00ea 2","Pe Agend\u0103","Programas de Radio Nuestra Am\u00e9rica","Radio Mart\u00ed","Radyo","Taller de prensa","Th\u1eddi S\u1ef1","Zaviri ispod povr\u0161ine","adri%C3%A1n del sol mi padre est%C3%A1 muy d%C3%A9bil","atienden a mas de 50 personas en santiago de cuba por presunta intoxicacion alimentaria","auge en contagios de dengue en cuba","aumenta a 379 la cifra de desaparecidos por terremoto en colombia hay 285 fallecidos","banco mundial desembolsa millonaria ayuda para afectados por terremoto en colombia","casi 300 fallecidos almenos 4 000 heridos y 140 desaparecidos a 7 dias del terremoto en colombia","cifra de muertos por el terremoto en colombia supera las 200 personas seg%C3%BAn reporte","colombia declara estado de emergencia durante 30 dias por grave calamidad","colombia ingresa formalmente al escudo de las am%C3%A9ricas liderado por washington","convocan marcha pac%C3%ADfica por la libertad de todos los presos pol%C3%ADticos en venezuela","crece reclutamiento de ni%C3%B1os y ni%C3%B1as en colombia por parte de grupos ilegales seg%C3%BAn hrw","creo que el presidente trump ir%C3%A1 a la habana antes de que termine su mandato","eeuu cierra acuerdo petrolero que le dar%C3%A1 importante control de reservas venezolanas","eeuu ecuador y colombia se reunen para acordar lucha contra mafias del narcotr%C3%A1fico","eeuu sostiene operaciones militares junto a ecuador cerca de la frontera con colombia","el papel peri%C3%B3dico de la habana autores sociedad patri%C3%B3tica de la habana y sociedad econ%C3%B3mica de amigos del pa%C3","gobierno de colombia da por terminada conversaciones con otros tres grupos armados ilegales","informe pide mayor presencia militar en cuba","joven con vih permanece encarcelado tras protesta por apagones en guanabacoa","la bola nostra","la periodista independiente yoanni limonta reporta una protesta frente al gobierno provincial de cienfuegos tras apagones de mas","las farmacias privadas abren en cuba entre criticas por sus altos precios y dudas medicas sobre sus controles","m%C3%A1s hoteles menos hospitales","oea aprueba convocatoria urgente de cancilleres para condenar a la dictadura de nicaragua","padre castor %C3%A1lvarez devesa","rechazo en cuba a los festejos estatales durante el colapso de los servicios basicos","sismo de 7 4 en colombia deja m%C3%A1s de 100 muertos 87 heridos y 61 edificios colapsados","trump asegura que eeuu y venezuela est%C3%A1n haciendo una fortuna con acuerdo petrolero","\u0410\u0440\u0445\u0435\u043e\u043b\u043e\u0433\u0438\u044f","\u0412\u0440\u0435\u043c\u044f \u0421\u0432\u043e\u0431\u043e\u0434\u044b","\u0413\u0440\u0430\u043d\u0438 \u0432\u0440\u0435\u043c\u0435\u043d\u0438","\u041b\u0438\u0446\u043e\u043c \u043a \u0441\u043e\u0431\u044b\u0442\u0438\u044e","\u041c\u0443\u0437\u044b\u043a\u0430 \u043d\u0430 \u0421\u0432\u043e\u0431\u043e\u0434\u0435.\u0410\u0440\u0445\u0438\u0432","\u0421\u043f\u0435\u0446\u0438\u0430\u043b\u044c\u043d\u0430\u044f \u043f\u0440\u043e\u0433\u0440\u0430\u043c\u043c\u0430","\u0426\u0438\u0442\u0430\u0442\u044b \u0421\u0432\u043e\u0431\u043e\u0434\u044b","\u0427\u0435\u043b\u043e\u0432\u0435\u043a \u0438\u043c\u0435\u0435\u0442 \u043f\u0440\u0430\u0432\u043e. \u041f\u043e\u0434\u043a\u0430\u0441\u0442","\u0627\u0645\u0631\u06cc\u06a9\u0627 \u063a\u0696 \u067e\u069a\u062a\u0648","\u0628\u0634\u0646\u0648\u06cc\u062f","\u0628\u06d5\u0631\u0646\u0627\u0645\u06d5\u06a9\u0627\u0646\u06cc \u0695\u06c6\u0698\u0627\u0646\u06d5\u06cc \u0695\u0627\u062f\u06cc\u06c6","\u062e\u0628\u0631\u06d0 \u0627\u0648 \u0633\u0646\u062f\u0631\u06d0","\u062f\u0631\u06d0\u06cc\u0645\u0647 \u0645\u0627\u0633\u067e\u069a\u06cc\u0646\u06cd \u062e\u067e\u0631\u0648\u0646\u0647","\u062f\u0648\u06cc\u0645\u0647 \u062e\u0628\u0631\u064a \u06ab\u0693\u06cd","\u062f\u0648\u06cc\u0645\u0647 \u0645\u0627\u0633\u067e\u069a\u06cc\u0646\u06cd \u06ab\u0693\u06cd","\u0633\u0644\u0627\u0645 \u067e\u069a\u062a\u0648\u0646\u062e\u0648\u0627","\u0633\u0647\u0627\u0631\u0646\u06cd \u062e\u067e\u0631\u0648\u0646\u0647","\u0635\u062f\u0627\u06cc \u0627\u0645\u0631\u06cc\u06a9\u0627 \u062f\u0631\u06cc","\u0642\u0649\u0633\u0642\u0627 \u062e\u06d5\u06cb\u06d5\u0631\u0644\u06d5\u0631","\u0644\u0648\u0645\u0693\u06cd \u062e\u0628\u0631\u064a \u06ab\u0693\u06cd","\u0644\u0648\u0645\u0693\u06cd \u0645\u0627\u0633\u067e\u069a\u06cc\u0646\u06cd \u062e\u067e\u0631\u0648\u0646\u0647","\u0645\u0627\u069a\u0627\u0645\u0646\u06cd \u062e\u067e\u0631\u0648\u0646\u0647","\u0647\u06d5\u0648\u0627\u06b5\u06d5 \u062c\u06cc\u0647\u0627\u0646\u06cc\u06cc\u06d5\u06a9\u0627\u06461","\u0647\u06d5\u0648\u0627\u06b5\u06d5 \u062c\u06cc\u0647\u0627\u0646\u06cc\u06cc\u06d5\u06a9\u0627\u06462","\u5c08\u984c","\u65b0\u805e","\u6e2f\u6fb3\u53f0","\u6fa4\u8ad6\u56db\u65b9","\u7f8e\u56fd\u4e4b\u97f3\u4e2d\u6587\u5e7f\u64ad","\u9999\u6e2f","\ub274\uc2a4","\uc8fc\uac04\ud504\ub85c","\ud55c\ubc18\ub3c4"],"types":[["","All types"],["article","Articles"],["audio","Audio"],["media","Media"]]},"has_next":false,"has_prev":false,"items":[{"article_body_paragraphs":[],"audio_source_url":"https://audio.rfa.org/vie/ftrwfahoc5kcwmkv2td2vy6d4i.mp3","author":"Cao Nguy\u00ean","available_dubs":[],"downloadable_assets":["https://audio.rfa.org/vie/ftrwfahoc5kcwmkv2td2vy6d4i.mp3","https://www.rfa.org/resizer/v2/QJ7AUDN7VHEMLNXDJVQQNOH22I.jpg?auth=3be7b7a4d350be58a0ee8f91b74faec9c025aa39c0a8f7064662e41e0715a6b3&smart=true&width=1500"],"duration_display":"0:00","duration_seconds":null,"embed_url":null,"id":11770,"image_caption":"S\u01b0 Th\u00edch Minh Tu\u1ec7 v\u00e0 \u00f4ng \u0110o\u00e0n V\u0103n B\u00e1u (\u00e1o xanh ph\u00eda sau)","image_url":"https://www.rfa.org/resizer/v2/QJ7AUDN7VHEMLNXDJVQQNOH22I.jpg?auth=3be7b7a4d350be58a0ee8f91b74faec9c025aa39c0a8f7064662e41e0715a6b3&smart=true&width=1500","is_clip":false,"item_type":"audio","item_type_label":"Audio","language_label":"Vietnamese","media_credit":"Cao Nguy\u00ean","micro_label":"Audio program","micro_label_kind":"audio","network_label":"RFA","network_logo_url":"/static/uploads/direct_network_logos/rfa_ca00144ac549.png","published_at":"2025-01-09T22:12:00","published_at_display":"9 Jan 2025, 22:12 GMT","sequence_badge_label":null,"sequence_count":null,"sequence_count_label":null,"sequence_frames":[],"sequence_kind":null,"source_name":"rfa_vietnamese_rss","source_name_label":"RFA Vietnamese","source_type":"rss","summary":"Vai tr\u00f2 c\u1ee7a c\u1ee7a \u00f4ng B\u00e1u trong chuy\u1ebfn b\u1ed9 h\u00e0nh n\u00e0y l\u00e0 g\u00ec, \u0111\u01a1n gi\u1ea3n ch\u1ec9 l\u00e0 m\u1ed9t c\u00f4ng d\u00e2n b\u00ecnh th\u01b0\u1eddng hay l\u00e0 th\u1eeba l\u1ec7nh ch\u00ednh quy\u1ec1n \u0111\u01b0a t\u0103ng \u0111o\u00e0n ra kh\u1ecfi Vi\u1ec7t Nam?","title":"\u00d4ng \u0110o\u00e0n V\u0103n B\u00e1u ki\u1ec3m so\u00e1t t\u0103ng \u0111o\u00e0n s\u01b0 Minh Tu\u1ec7 nh\u01b0 th\u1ebf n\u00e0o?","topic":"Th\u1eddi S\u1ef1","translation_language":"","url":"https://rfa.org/vietnamese/in_depth/thich-minh-tue-thailand-doan-van-bau-01092025171146.html","video_url":null},{"article_body_paragraphs":[],"audio_source_url":"https://audio.rfa.org/vie/l42txhhfo3tmms6jjcczh73vpu.mp3","author":"RFA","available_dubs":[],"downloadable_assets":["https://audio.rfa.org/vie/l42txhhfo3tmms6jjcczh73vpu.mp3","https://www.rfa.org/resizer/v2/4HBWWN32R5CPNLG4ZVRZ6CD6FQ.png?auth=4c3b0d179e679b06325206850373b9c7744695749db396ee52d636473952bc70&smart=true&width=1500"],"duration_display":"0:00","duration_seconds":null,"embed_url":null,"id":698,"image_caption":null,"image_url":"https://www.rfa.org/resizer/v2/4HBWWN32R5CPNLG4ZVRZ6CD6FQ.png?auth=4c3b0d179e679b06325206850373b9c7744695749db396ee52d636473952bc70&smart=true&width=1500","is_clip":false,"item_type":"audio","item_type_label":"Audio","language_label":"Vietnamese","media_credit":"RFA","micro_label":"Audio program","micro_label_kind":"audio","network_label":"RFA","network_logo_url":"/static/uploads/direct_network_logos/rfa_ca00144ac549.png","published_at":"2024-11-02T17:01:00","published_at_display":"2 Nov 2024, 17:01 GMT","sequence_badge_label":null,"sequence_count":null,"sequence_count_label":null,"sequence_frames":[],"sequence_kind":null,"source_name":"rfa_vietnamese_rss","source_name_label":"RFA Vietnamese","source_type":"rss","summary":"Trong khi c\u00e1c n\u01b0\u1edbc c\u1ed9ng s\u1ea3n nh\u01b0 Trung Qu\u1ed1c, B\u1eafc Tri\u1ec1u Ti\u00ean, Cu Ba, L\u00e0o \u0111\u1ec1u \u0111\u00e3 nh\u1ea5t th\u1ec3 h\u00f3a hai ch\u1ee9c danh t\u1ed5ng b\u00ed th\u01b0 v\u00e0 ch\u1ee7 t\u1ecbch n\u01b0\u1edbc, t\u1ea1i sao Vi\u1ec7t Nam v\u1eabn chia t\u00e1ch hai ch\u1ee9c danh n\u00e0y?","title":"Vi\u1ec7t Nam: N\u01b0\u1edbc c\u1ed9ng s\u1ea3n duy nh\u1ea5t kh\u00f4ng \u201cnh\u1ea5t th\u1ec3 h\u00f3a\u201d","topic":"Th\u1eddi S\u1ef1","translation_language":"","url":"https://rfa.org/vietnamese/in_depth/vietnam-the-only-communist-country-that-is-not-unified-general-secreaty-and-president-11022024125354.html","video_url":null},{"article_body_paragraphs":[],"audio_source_url":"https://audio.rfa.org/vie/pdqinow2n6jwaarwdqgmejkrge.mp3","author":null,"available_dubs":[],"downloadable_assets":["https://audio.rfa.org/vie/pdqinow2n6jwaarwdqgmejkrge.mp3","https://www.rfa.org/resizer/v2/7WVMA5M66TOJUF4GR7YIPJKO5M.jpg?auth=c4484c5a0eb5e525b5d5cae6844c377f4673a77d6698b42cc4bdebab361fdc9e&smart=true&width=1500"],"duration_display":"0:00","duration_seconds":null,"embed_url":null,"id":702,"image_caption":null,"image_url":"https://www.rfa.org/resizer/v2/7WVMA5M66TOJUF4GR7YIPJKO5M.jpg?auth=c4484c5a0eb5e525b5d5cae6844c377f4673a77d6698b42cc4bdebab361fdc9e&smart=true&width=1500","is_clip":false,"item_type":"audio","item_type_label":"Audio","language_label":"Vietnamese","media_credit":null,"micro_label":"Audio program","micro_label_kind":"audio","network_label":"RFA","network_logo_url":"/static/uploads/direct_network_logos/rfa_ca00144ac549.png","published_at":"2024-02-15T18:44:00","published_at_display":"15 Feb 2024, 18:44 GMT","sequence_badge_label":null,"sequence_count":null,"sequence_count_label":null,"sequence_frames":[],"sequence_kind":null,"source_name":"rfa_vietnamese_rss","source_name_label":"RFA Vietnamese","source_type":"rss","summary":"T\u1eadp \u0111o\u00e0n Power Machines c\u1ee7a Nga \u0111\u00e3 th\u1eafng ki\u1ec7n T\u1eadp \u0111o\u00e0n D\u1ea7u kh\u00ed Qu\u1ed1c gia Vi\u1ec7t Nam (PVN) t\u1eeb th\u00e1ng 11 n\u0103m ngo\u00e1i v\u00e0 ph\u00eda Power Machines \u0111ang \u201c\u0111\u00f2i\u201d kho\u1ea3n ti\u1ec1n b\u1ed3i th\u01b0\u1eddng kho\u1ea3ng 500 tri\u1ec7u USD. Vi\u1ec7c n\u00e0y \u1ea3nh h\u01b0\u1edfng th\u1ebf n\u00e0o \u0111\u1ebfn quan h\u1ec7 Vi\u1ec7t - Nga?","title":"Quan h\u1ec7 Vi\u1ec7t-Nga \u1ea3nh h\u01b0\u1edfng ra sao sau v\u1ee5 th\u1eafng ki\u1ec7n c\u1ee7a T\u1eadp \u0111o\u00e0n Nga v\u1edbi PVN?","topic":"Th\u1eddi S\u1ef1","translation_language":"","url":"https://rfa.org/vietnamese/in_depth/how-relation-vietnam-russia-be-affected-after-the-russian-cooperation-won-the-lawsuit-against-pvn-02152024134307.html","video_url":null},{"article_body_paragraphs":[],"audio_source_url":"https://audio.rfa.org/vie/kq4hiq7gdi2vas4pm65zjuw4cq.mp3","author":"RFA","available_dubs":[],"downloadable_assets":["https://audio.rfa.org/vie/kq4hiq7gdi2vas4pm65zjuw4cq.mp3","https://www.rfa.org/resizer/v2/DZGO5SIFEONHCVXQZAWGMA2C74.png?auth=127c198a5dca903da35145b46984390f9f59bfbd2d17f47c211c866fe286b747&smart=true&width=1500"],"duration_display":"0:00","duration_seconds":null,"embed_url":null,"id":704,"image_caption":null,"image_url":"https://www.rfa.org/resizer/v2/DZGO5SIFEONHCVXQZAWGMA2C74.png?auth=127c198a5dca903da35145b46984390f9f59bfbd2d17f47c211c866fe286b747&smart=true&width=1500","is_clip":false,"item_type":"audio","item_type_label":"Audio","language_label":"Vietnamese","media_credit":"RFA","micro_label":"Audio program","micro_label_kind":"audio","network_label":"RFA","network_logo_url":"/static/uploads/direct_network_logos/rfa_ca00144ac549.png","published_at":"2023-12-20T17:44:00","published_at_display":"20 Dec 2023, 17:44 GMT","sequence_badge_label":null,"sequence_count":null,"sequence_count_label":null,"sequence_frames":[],"sequence_kind":null,"source_name":"rfa_vietnamese_rss","source_name_label":"RFA Vietnamese","source_type":"rss","summary":"BS. Ng\u00f4 Th\u1ebf Vinh nh\u1ea5n m\u1ea1nh r\u1eb1ng \u0110BSCL \u0111ang g\u1eb7p nguy c\u01a1 tan r\u00e3 v\u00e0 Vi\u1ec7t Nam c\u1ea7n th\u1ea3o lu\u1eadn m\u1ed9t chi\u1ebfn l\u01b0\u1ee3c ph\u00e1t tri\u1ec3n m\u1edbi cho \u0110BSCL.","title":"Chuy\u00ean gia: K\u00eanh Funan c\u1ee7a Campuchia l\u1ea5y n\u01b0\u1edbc t\u1eeb Mekong, Vi\u1ec7t Nam c\u1ea7n m\u1ed9t chi\u1ebfn l\u01b0\u1ee3c m\u1edbi cho \u0110BSCL","topic":"Th\u1eddi S\u1ef1","translation_language":"","url":"https://rfa.org/vietnamese/in_depth/expert-cambodia-funan-canal-takes-water-from-the-mekong-vietnam-needs-a-new-strategy-for-the-mekong-delta-12202023123419.html","video_url":null},{"article_body_paragraphs":[],"audio_source_url":"https://audio.rfa.org/vie/bzszuuwswkl4ec74zafzuiba5a.mp3","author":"RFA","available_dubs":[],"downloadable_assets":["https://audio.rfa.org/vie/bzszuuwswkl4ec74zafzuiba5a.mp3","https://www.rfa.org/resizer/v2/GVUZQJY7XSKXHV2TF2SNXM6P24.jpg?auth=a959aeaedb1a4bf0cc6b35a1d3d4aa746b733246a4205d82d61ddaec2cdefc78&smart=true&width=1500"],"duration_display":"0:00","duration_seconds":null,"embed_url":null,"id":705,"image_caption":null,"image_url":"https://www.rfa.org/resizer/v2/GVUZQJY7XSKXHV2TF2SNXM6P24.jpg?auth=a959aeaedb1a4bf0cc6b35a1d3d4aa746b733246a4205d82d61ddaec2cdefc78&smart=true&width=1500","is_clip":false,"item_type":"audio","item_type_label":"Audio","language_label":"Vietnamese","media_credit":"RFA","micro_label":"Audio program","micro_label_kind":"audio","network_label":"RFA","network_logo_url":"/static/uploads/direct_network_logos/rfa_ca00144ac549.png","published_at":"2023-10-16T15:15:00","published_at_display":"16 Oct 2023, 15:15 GMT","sequence_badge_label":null,"sequence_count":null,"sequence_count_label":null,"sequence_frames":[],"sequence_kind":null,"source_name":"rfa_vietnamese_rss","source_name_label":"RFA Vietnamese","source_type":"rss","summary":"Vi\u1ec7t Nam v\u00e0 Campuchia c\u1ea7n h\u1ee3p t\u00e1c \u0111\u1ec3 gi\u1ea3m thi\u1ec3u t\u00e1c h\u1ea1i c\u1ee7a K\u00eanh \u0111\u00e0o \u0110\u1ebf ch\u1ebf Ph\u00f9 Nam \u0111\u1ed1i v\u1edbi c\u1ea3 hai n\u01b0\u1edbc.","title":"K\u00eanh \u0111\u00e0o \u0110\u1ebf ch\u1ebf Ph\u00f9 Nam: \u201c\u00e2m m\u01b0u th\u00e2m \u0111\u1ed9c c\u1ee7a B\u1eafc Kinh\u201d?","topic":"Th\u1eddi S\u1ef1","translation_language":"","url":"https://rfa.org/vietnamese/in_depth/funan-techo-canal-a-beijing-sinister-plot-10162023111345.html","video_url":null},{"article_body_paragraphs":[],"audio_source_url":"https://audio.rfa.org/vie/golqxsc3h6zu24wknnedc7gqke.mp3","author":null,"available_dubs":[],"downloadable_assets":["https://audio.rfa.org/vie/golqxsc3h6zu24wknnedc7gqke.mp3","https://www.rfa.org/resizer/v2/WCBWQAP4CDYZ26OQ43YRXJLP2Y.jpg?auth=c5ec5eb2723206102f304effc83244d4164cd6c4ac3669b6a5fca831d7400ef5&smart=true&width=1500"],"duration_display":"0:00","duration_seconds":null,"embed_url":null,"id":1566,"image_caption":null,"image_url":"https://www.rfa.org/resizer/v2/WCBWQAP4CDYZ26OQ43YRXJLP2Y.jpg?auth=c5ec5eb2723206102f304effc83244d4164cd6c4ac3669b6a5fca831d7400ef5&smart=true&width=1500","is_clip":false,"item_type":"audio","item_type_label":"Audio","language_label":"Vietnamese","media_credit":null,"micro_label":"Audio program","micro_label_kind":"audio","network_label":"RFA","network_logo_url":"/static/uploads/direct_network_logos/rfa_ca00144ac549.png","published_at":"2022-12-16T19:54:00","published_at_display":"16 Dec 2022, 19:54 GMT","sequence_badge_label":null,"sequence_count":null,"sequence_count_label":null,"sequence_frames":[],"sequence_kind":null,"source_name":"rfa_vietnamese_rss","source_name_label":"RFA Vietnamese","source_type":"rss","summary":"Ch\u00ednh quy\u1ec1n H\u00e0 N\u1ed9i d\u00f9ng m\u1ecdi ph\u01b0\u01a1ng c\u00e1ch, t\u1eeb v\u1eadn \u0111\u1ed9ng, ng\u0103n ch\u1eb7n, t\u1ea5n c\u00f4ng, cho t\u1edbi b\u1ecf t\u00f9\u2026 h\u00f2ng xo\u00e1 b\u1ecf b\u1ea5t k\u1ef3 nh\u00f3m t\u00f4n gi\u00e1o n\u00e0o kh\u00f4ng \u0111i theo khu\u00f4n kh\u1ed5 c\u1ee7a Nh\u00e0 n\u01b0\u1edbc.","title":"T\u1ef1 do T\u00f4n gi\u00e1o 2022 - Vi\u1ec7t Nam quy\u1ebft xo\u00e1 b\u1ecf c\u00e1c nh\u00f3m \u0111\u1ed9c l\u1eadp","topic":"Th\u1eddi S\u1ef1","translation_language":"","url":"https://rfa.org/vietnamese/in_depth/religious-freedom-2022-vietnam-determines-to-eliminate-independent-groups-12162022145330.html","video_url":null},{"article_body_paragraphs":[],"audio_source_url":"https://audio.rfa.org/vie/jxlrmqh3d6pie6pjkpct2nbaxe.mp3","author":"Giang Nguy\u1ec5n","available_dubs":[],"downloadable_assets":["https://audio.rfa.org/vie/jxlrmqh3d6pie6pjkpct2nbaxe.mp3","https://www.rfa.org/resizer/v2/E2LYJ7ECZ4QHMSB5ENCN6WD5RA.jpg?auth=16cbe80e540c330fe4e4e40a252af3c8cece019c8fabceb37ba53efee23ad279&smart=true&width=1500"],"duration_display":"0:00","duration_seconds":null,"embed_url":null,"id":2066,"image_caption":null,"image_url":"https://www.rfa.org/resizer/v2/E2LYJ7ECZ4QHMSB5ENCN6WD5RA.jpg?auth=16cbe80e540c330fe4e4e40a252af3c8cece019c8fabceb37ba53efee23ad279&smart=true&width=1500","is_clip":false,"item_type":"audio","item_type_label":"Audio","language_label":"Vietnamese","media_credit":"Giang Nguy\u1ec5n","micro_label":"Audio program","micro_label_kind":"audio","network_label":"RFA","network_logo_url":"/static/uploads/direct_network_logos/rfa_ca00144ac549.png","published_at":"2021-11-01T01:27:00","published_at_display":"1 Nov 2021, 01:27 GMT","sequence_badge_label":null,"sequence_count":null,"sequence_count_label":null,"sequence_frames":[],"sequence_kind":null,"source_name":"rfa_vietnamese_rss","source_name_label":"RFA Vietnamese","source_type":"rss","summary":"\"N\u1ebfu Ch\u00ednh ph\u1ee7 Vi\u1ec7t Nam ti\u1ebfp t\u1ee5c kh\u00f4ng tu\u00e2n th\u1ee7, th\u00ec h\u1ecd s\u1ebd \u0111\u01b0\u1ee3c m\u1eddi \u0111\u1ebfn H\u1ed9i \u0111\u1ed3ng Nh\u00e2n quy\u1ec1n Li\u00ean Hi\u1ec7p Qu\u1ed1c \u0111\u1ec3 b\u1ecb ch\u1ea5t v\u1ea5n. H\u1ecd s\u1ebd \u0111\u01b0\u1ee3c y\u00eau c\u1ea7u cung c\u1ea5p l\u00fd do t\u1ea1i sao h\u1ecd kh\u00f4ng th\u1ef1c hi\u1ec7n nh\u1eefng \u0111i\u1ec1u \u0111\u01b0\u1ee3c y\u00eau c\u1ea7u trong quy\u1ebft \u0111\u1ecbnh.\" - Lu\u1eadt s\u01b0 nh\u00e2n quy\u1ec1n Th\u1ed5 Nh\u0129 K\u1ef3, Kurtulu\u015f Ba\u015ftimar, ng\u01b0\u1eddi \u0111\u00e3 ki\u1ebfn ngh\u1ecb v\u1edbi Nh\u00f3m C\u00f4ng t\u00e1c c\u1ee7a LHQ v\u1ec1 tr\u01b0\u1eddng h\u1ee3p c\u1ee7a b\u00e0 Ph\u1ea1m \u0110oan Trang n\u00f3i.","title":"V\u1ee5 nh\u00e0 b\u00e1o Ph\u1ea1m \u0110oan Trang: Ch\u00ednh ph\u1ee7 VN c\u00f3 th\u1ec3 b\u1ecb ch\u1ea5t v\u1ea5n tr\u01b0\u1edbc H\u1ed9i \u0111\u1ed3ng nh\u00e2n quy\u1ec1n","topic":"Th\u1eddi S\u1ef1","translation_language":"","url":"https://rfa.org/vietnamese/in_depth/20-year-sentence-for-journalist-pham-doan-trang-could-be-reduced-to-three-years-from-20-human-rights-lawyer-kurtulus-bastimar-10312021212607.html","video_url":null}],"next_num":null,"page":1,"pages":1,"per_page":20,"prev_num":null,"total":7}
