{"applied_filters":{"end_date":"","lang":"","language":"","network":"","page":1,"per_page":20,"search":"","source":"","start_date":"","topic":"Th\u1eddi S\u1ef1","type":"photo"},"available_filters":{"language_choices":[{"label":"Choose Language","value":""},{"label":"Vietnamese","value":"Vietnamese"}],"network_choices":[{"label":"All networks","value":""},{"label":"RFA","value":"RFA"}],"source_choices":[{"label":"All sources","value":""},{"label":"RFA Vietnamese","value":"rfa_vietnamese_rss"}],"sources":["rfa_vietnamese_rss"],"topics":["B\u00ecnh lu\u1eadn","China","Chuy\u00ean m\u1ee5c","Korea","Laos","Myanmar","Pacific","South China Sea","Th\u1eddi S\u1ef1","Tibet","Trong n\u01b0\u1edbc","Uyghur","\u0642\u0649\u0633\u0642\u0627 \u062e\u06d5\u06cb\u06d5\u0631\u0644\u06d5\u0631","\u0e82\u0ec8\u0eb2\u0ea7\u0ec1\u0ea5\u0eb0\u0ea5\u0eb2\u0e8d\u0e87\u0eb2\u0e99","\u0f38\u0f42\u0f7c\u0f44\u0f0b\u0f66\u0f0b\u0f58\u0f46\u0f7c\u0f42","\u0f42\u0f66\u0f62\u0f0b\u0f60\u0f42\u0fb1\u0f74\u0f62\u0f0b\u0f51\u0f44\u0f0b\u0f63\u0f7a\u0f0b\u0f5a\u0f53\u0f0d","\u0f56\u0f59\u0f53\u0f0b\u0f56\u0fb1\u0f7c\u0f63\u0f0d","\u0f56\u0f7c\u0f51\u0f0d","\u0f60\u0f5b\u0f58\u0f0b\u0f42\u0fb3\u0f72\u0f44\u0f0c\u0f0d","\u0f62\u0f92\u0fb1\u0f0b\u0f51\u0f40\u0f62\u0f0b\u0f53\u0f42","\u0f66\u0fa4\u0fb1\u0f72\u0f0b\u0f5a\u0f7c\u0f42\u0f66\u0f0d","\u101e\u1010\u1004\u103a\u1038\u1019\u103b\u102c\u1038","\u1785\u17d2\u1794\u17b6\u1794\u17cb","\u1793\u1799\u17c4\u1794\u17b6\u1799","\u1794\u179a\u17b7\u179f\u17d2\u1790\u17b6\u1793","\u179a\u17bc\u1794\u1797\u17b6\u1796","\u179f\u1784\u17d2\u1782\u1798","\u179f\u17b7\u1791\u17d2\u1792\u17b7\u200b\u1798\u1793\u17bb\u179f\u17d2\u179f","\u4e9a\u592a\u62a5\u9053","\u4e9e\u6d32","\u4eba\u6743\u6cd5\u6cbb","\u53f8\u6cd5","\u56fd\u9645\u65b0\u95fb","\u5916\u4ea4","\u5c08\u984c","\u5c11\u6570\u6c11\u65cf","\u653f\u6cbb","\u65b0\u805e","\u65b0\u95fb\u5feb\u8baf","\u6e2f\u6fb3\u53f0","\u6fa4\u8ad6\u56db\u65b9","\u793e\u4f1a","\u79d1\u6559\u6587","\u7ecf\u6d4e","\u9999\u6e2f","\ub274\uc2a4","\uc8fc\uac04\ud504\ub85c"],"types":[["","All types"],["article","Articles"],["audio","Audio"],["media","Media"]]},"has_next":false,"has_prev":false,"items":[{"article_body_paragraphs":[],"audio_source_url":null,"author":"S\u01b0\u01a1ng S\u01b0\u01a1ng","available_dubs":[],"downloadable_assets":["https://www.rfa.org/resizer/v2/IRGMLYWNXKZDNDYGX7S3C554KQ.jpg?auth=c6c1f6fc4da960f1c8864211afe447424ef4c48a9993b4f20a4aeb6ec7f0a8d0&smart=true&width=1500"],"duration_display":"0:00","duration_seconds":null,"embed_url":null,"id":11757,"image_caption":"H\u00ecnh minh h\u1ecda. H\u1ecdc sinh m\u1ed9t tr\u01b0\u1eddng c\u1ea5p ba \u1edf H\u00e0 N\u1ed9i h\u00f4m 4/10/2016","image_url":"https://www.rfa.org/resizer/v2/IRGMLYWNXKZDNDYGX7S3C554KQ.jpg?auth=c6c1f6fc4da960f1c8864211afe447424ef4c48a9993b4f20a4aeb6ec7f0a8d0&smart=true&width=1500","is_clip":false,"item_type":"photo","item_type_label":"Photo","language_label":"Vietnamese","media_credit":"S\u01b0\u01a1ng S\u01b0\u01a1ng","micro_label":"Photo","micro_label_kind":"gallery","network_label":"RFA","network_logo_url":"/static/uploads/direct_network_logos/rfa_ca00144ac549.png","published_at":"2026-08-10T09:55:02","published_at_display":"10 Aug 2026, 09:55 GMT","sequence_badge_label":null,"sequence_count":null,"sequence_count_label":null,"sequence_frames":[],"sequence_kind":null,"source_name":"rfa_vietnamese_rss","source_name_label":"RFA Vietnamese","source_type":"rss","summary":"H\u00ecnh minh h\u1ecda. H\u1ecdc sinh m\u1ed9t tr\u01b0\u1eddng c\u1ea5p ba \u1edf H\u00e0 N\u1ed9i h\u00f4m 4/10/2016","title":"Thi l\u1ea1i \u1edf Tuy\u00ean Quang: Khi l\u1ed7i sai t\u1eadp th\u1ec3 l\u00e0 c\u00e1i c\u1edb cho ngo\u1ea1i l\u1ec7 v\u1ec1 ph\u00e1p lu\u1eadt","topic":"Th\u1eddi S\u1ef1","translation_language":"","url":"https://rfa.org/vietnamese/thoi-su/2026/08/10/tuyen-quang-thi-lai-tot-nghiep/","video_url":null},{"article_body_paragraphs":[],"audio_source_url":null,"author":"S\u01b0\u01a1ng S\u01b0\u01a1ng","available_dubs":[],"downloadable_assets":["https://www.rfa.org/resizer/v2/3WGOQOY6PNBBNAG3SLULR7DHJM.png?auth=70569c3c12977f39951cc5698b4cf7651dbe3740f96a7f662188de7d1fadf14d&smart=true&width=1500"],"duration_display":"0:00","duration_seconds":null,"embed_url":null,"id":12300,"image_caption":"Th\u00f4ng tin \u0111\u00e1 r\u01a1i xu\u1ed1ng \u0111\u01b0\u1eddng s\u1eaft B\u1eafc-Nam t\u1ea1i d\u1ef1 \u00e1n Vin L\u00e0ng V\u00e2n.","image_url":"https://cloudfront-us-east-1.images.arcpublishing.com/radiofreeasia/IS6Q44EILNE53J6PZGOVTDY73Q.png","is_clip":false,"item_type":"photo","item_type_label":"Photo","language_label":"Vietnamese","media_credit":"S\u01b0\u01a1ng S\u01b0\u01a1ng","micro_label":"Photo","micro_label_kind":"gallery","network_label":"RFA","network_logo_url":"/static/uploads/direct_network_logos/rfa_ca00144ac549.png","published_at":"2026-07-23T08:50:25","published_at_display":"23 Jul 2026, 08:50 GMT","sequence_badge_label":null,"sequence_count":null,"sequence_count_label":null,"sequence_frames":[],"sequence_kind":null,"source_name":"rfa_vietnamese_rss","source_name_label":"RFA Vietnamese","source_type":"rss","summary":"Th\u00f4ng tin \u0111\u00e1 r\u01a1i xu\u1ed1ng \u0111\u01b0\u1eddng s\u1eaft B\u1eafc-Nam t\u1ea1i d\u1ef1 \u00e1n Vin L\u00e0ng V\u00e2n.","title":"\u0110\u00e1 r\u01a1i xu\u1ed1ng \u0111\u01b0\u1eddng s\u1eaft B\u1eafc-Nam t\u1ea1i d\u1ef1 \u00e1n Vin L\u00e0ng V\u00e2n","topic":"Th\u1eddi S\u1ef1","translation_language":"","url":"https://rfa.org/vietnamese/thoi-su/2026/07/23/vin-lang-van-deo-hai-van/","video_url":null},{"article_body_paragraphs":[],"audio_source_url":null,"author":"S\u01b0\u01a1ng S\u01b0\u01a1ng","available_dubs":[],"downloadable_assets":["https://www.rfa.org/resizer/v2/3WGOQOY6PNBBNAG3SLULR7DHJM.png?auth=70569c3c12977f39951cc5698b4cf7651dbe3740f96a7f662188de7d1fadf14d&smart=true&width=1500"],"duration_display":"0:00","duration_seconds":null,"embed_url":null,"id":11763,"image_caption":"Khu v\u1ef1c d\u1ef1 \u00e1n Vin L\u00e0ng V\u00e2n nh\u00ecn t\u1eeb \u0111\u00e8o H\u1ea3i V\u00e2n","image_url":"https://www.rfa.org/resizer/v2/3WGOQOY6PNBBNAG3SLULR7DHJM.png?auth=70569c3c12977f39951cc5698b4cf7651dbe3740f96a7f662188de7d1fadf14d&smart=true&width=1500","is_clip":false,"item_type":"photo","item_type_label":"Photo","language_label":"Vietnamese","media_credit":"S\u01b0\u01a1ng S\u01b0\u01a1ng","micro_label":"Photo","micro_label_kind":"gallery","network_label":"RFA","network_logo_url":"/static/uploads/direct_network_logos/rfa_ca00144ac549.png","published_at":"2026-07-23T08:50:25","published_at_display":"23 Jul 2026, 08:50 GMT","sequence_badge_label":null,"sequence_count":null,"sequence_count_label":null,"sequence_frames":[],"sequence_kind":null,"source_name":"rfa_vietnamese_rss","source_name_label":"RFA Vietnamese","source_type":"rss","summary":"Khu v\u1ef1c d\u1ef1 \u00e1n Vin L\u00e0ng V\u00e2n nh\u00ecn t\u1eeb \u0111\u00e8o H\u1ea3i V\u00e2n","title":"D\u1ef1 \u00e1n Vin L\u00e0ng V\u00e2n: v\u00ec sao d\u01b0 lu\u1eadn d\u1eady s\u00f3ng?","topic":"Th\u1eddi S\u1ef1","translation_language":"","url":"https://rfa.org/vietnamese/thoi-su/2026/07/23/vin-lang-van-deo-hai-van/","video_url":null},{"article_body_paragraphs":[],"audio_source_url":null,"author":"D\u01b0 Lan","available_dubs":[],"downloadable_assets":["https://www.rfa.org/resizer/v2/YX4PZL635LOMK4MN2PJVYFDYQE.jpg?auth=8f5898b8ae70ae41ada449d7780b2bf4570248e0545374d82ff0cc2866f14b62&smart=true&width=1500"],"duration_display":"0:00","duration_seconds":null,"embed_url":null,"id":687,"image_caption":null,"image_url":"https://www.rfa.org/resizer/v2/YX4PZL635LOMK4MN2PJVYFDYQE.jpg?auth=8f5898b8ae70ae41ada449d7780b2bf4570248e0545374d82ff0cc2866f14b62&smart=true&width=1500","is_clip":false,"item_type":"photo","item_type_label":"Photo","language_label":"Vietnamese","media_credit":"D\u01b0 Lan","micro_label":"Photo","micro_label_kind":"gallery","network_label":"RFA","network_logo_url":"/static/uploads/direct_network_logos/rfa_ca00144ac549.png","published_at":"2025-08-20T15:54:58","published_at_display":"20 Aug 2025, 15:54 GMT","sequence_badge_label":null,"sequence_count":null,"sequence_count_label":null,"sequence_frames":[],"sequence_kind":null,"source_name":"rfa_vietnamese_rss","source_name_label":"RFA Vietnamese","source_type":"rss","summary":"\u0110\u1eb1ng sau l\u1eddi k\u00eau g\u1ecdi \u1ee7ng h\u1ed9 Cuba l\u00e0 nh\u1eefng m\u00e2u thu\u1eabn v\u00e0 n\u1ed7i s\u1ee3 h\u00e3i c\u1ed1 h\u1eefu trong b\u1ed9 m\u00e1y tuy\u00ean gi\u00e1o c\u1ee7a Vi\u1ec7t Nam.","title":"Chi\u1ebfn d\u1ecbch \u1ee7ng h\u1ed9 Cuba: l\u1eddi tr\u1ea5n an phe b\u1ea3o th\u1ee7 trong l\u00f2ng H\u00e0 N\u1ed9i?","topic":"Th\u1eddi S\u1ef1","translation_language":"","url":"https://rfa.org/vietnamese/thoi-su/2025/08/20/cuba-quyen-gop-tinh-hinh-kinh-te/","video_url":null},{"article_body_paragraphs":[],"audio_source_url":null,"author":"Di\u1ec5m Thi","available_dubs":[],"downloadable_assets":["https://www.rfa.org/resizer/v2/5ZGCNYP36VXZIRYTB4XSCT2LCM.jpg?auth=8dda80e3073ae8721ea752c898e1a97f16b52c0b28dd12b077f15e36f0a409f9&smart=true&width=1500"],"duration_display":"0:00","duration_seconds":null,"embed_url":null,"id":11768,"image_caption":"C\u1ea3nh s\u00e1t Vi\u1ec7t Nam tham gia ho\u1ea1t \u0111\u1ed9ng d\u1eabn \u0111o\u00e0n, th\u00e1ng 2 n\u0103m 2019.","image_url":"https://www.rfa.org/resizer/v2/5ZGCNYP36VXZIRYTB4XSCT2LCM.jpg?auth=8dda80e3073ae8721ea752c898e1a97f16b52c0b28dd12b077f15e36f0a409f9&smart=true&width=1500","is_clip":false,"item_type":"photo","item_type_label":"Photo","language_label":"Vietnamese","media_credit":"Di\u1ec5m Thi","micro_label":"Photo","micro_label_kind":"gallery","network_label":"RFA","network_logo_url":"/static/uploads/direct_network_logos/rfa_ca00144ac549.png","published_at":"2025-01-20T01:49:00","published_at_display":"20 Jan 2025, 01:49 GMT","sequence_badge_label":null,"sequence_count":null,"sequence_count_label":null,"sequence_frames":[],"sequence_kind":null,"source_name":"rfa_vietnamese_rss","source_name_label":"RFA Vietnamese","source_type":"rss","summary":"C\u1ea3nh s\u00e1t Vi\u1ec7t Nam tham gia ho\u1ea1t \u0111\u1ed9ng d\u1eabn \u0111o\u00e0n, th\u00e1ng 2 n\u0103m 2019.","title":"C\u1ea5p gi\u1ea5y ph\u00e9p l\u00e1i xe: mi\u1ebfng b\u00e1nh b\u00e9o b\u1edf c\u1ee7a B\u1ed9 C\u00f4ng an","topic":"Th\u1eddi S\u1ef1","translation_language":"","url":"https://rfa.org/vietnamese/in_depth/cap-giay-phep-lai-xe-cong-an-tiep-quan-thi-bang-lai-01192025203852.html","video_url":null},{"article_body_paragraphs":[],"audio_source_url":null,"author":"Cao Nguy\u00ean","available_dubs":[],"downloadable_assets":["https://audio.rfa.org/vie/ftrwfahoc5kcwmkv2td2vy6d4i.mp3","https://www.rfa.org/resizer/v2/QJ7AUDN7VHEMLNXDJVQQNOH22I.jpg?auth=3be7b7a4d350be58a0ee8f91b74faec9c025aa39c0a8f7064662e41e0715a6b3&smart=true&width=1500"],"duration_display":"0:00","duration_seconds":null,"embed_url":null,"id":11771,"image_caption":"S\u01b0 Th\u00edch Minh Tu\u1ec7 v\u00e0 \u00f4ng \u0110o\u00e0n V\u0103n B\u00e1u (\u00e1o xanh ph\u00eda sau)","image_url":"https://www.rfa.org/resizer/v2/QJ7AUDN7VHEMLNXDJVQQNOH22I.jpg?auth=3be7b7a4d350be58a0ee8f91b74faec9c025aa39c0a8f7064662e41e0715a6b3&smart=true&width=1500","is_clip":false,"item_type":"photo","item_type_label":"Photo","language_label":"Vietnamese","media_credit":"Cao Nguy\u00ean","micro_label":"Photo","micro_label_kind":"gallery","network_label":"RFA","network_logo_url":"/static/uploads/direct_network_logos/rfa_ca00144ac549.png","published_at":"2025-01-09T22:12:00","published_at_display":"9 Jan 2025, 22:12 GMT","sequence_badge_label":null,"sequence_count":null,"sequence_count_label":null,"sequence_frames":[],"sequence_kind":null,"source_name":"rfa_vietnamese_rss","source_name_label":"RFA Vietnamese","source_type":"rss","summary":"S\u01b0 Th\u00edch Minh Tu\u1ec7 v\u00e0 \u00f4ng \u0110o\u00e0n V\u0103n B\u00e1u (\u00e1o xanh ph\u00eda sau)","title":"\u00d4ng \u0110o\u00e0n V\u0103n B\u00e1u ki\u1ec3m so\u00e1t t\u0103ng \u0111o\u00e0n s\u01b0 Minh Tu\u1ec7 nh\u01b0 th\u1ebf n\u00e0o?","topic":"Th\u1eddi S\u1ef1","translation_language":"","url":"https://rfa.org/vietnamese/in_depth/thich-minh-tue-thailand-doan-van-bau-01092025171146.html","video_url":null},{"article_body_paragraphs":[],"audio_source_url":null,"author":null,"available_dubs":[],"downloadable_assets":["https://www.rfa.org/resizer/v2/7DV3QCYX3BUI3H2BXBQSMI6QUQ.jpg?auth=3672e9255299a2569d304fe41847ac647ff5add3c4a277b07801e211d4ad8b6f&smart=true&width=1500"],"duration_display":"0:00","duration_seconds":null,"embed_url":null,"id":699,"image_caption":null,"image_url":"https://www.rfa.org/resizer/v2/7DV3QCYX3BUI3H2BXBQSMI6QUQ.jpg?auth=3672e9255299a2569d304fe41847ac647ff5add3c4a277b07801e211d4ad8b6f&smart=true&width=1500","is_clip":false,"item_type":"photo","item_type_label":"Photo","language_label":"Vietnamese","media_credit":null,"micro_label":"Photo","micro_label_kind":"gallery","network_label":"RFA","network_logo_url":"/static/uploads/direct_network_logos/rfa_ca00144ac549.png","published_at":"2024-10-23T17:40:00","published_at_display":"23 Oct 2024, 17:40 GMT","sequence_badge_label":null,"sequence_count":null,"sequence_count_label":null,"sequence_frames":[],"sequence_kind":null,"source_name":"rfa_vietnamese_rss","source_name_label":"RFA Vietnamese","source_type":"rss","summary":"Ch\u1ee9c danh Ch\u1ee7 t\u1ecbch n\u01b0\u1edbc v\u1ed1n \u0111\u01b0\u1ee3c coi l\u00e0 mang t\u00ednh nghi l\u1ec5 v\u00e0 \u00edt \u1ea3nh h\u01b0\u1edfng \u0111\u1ebfn ch\u00ednh tr\u01b0\u1eddng Vi\u1ec7t Nam. Tuy nhi\u00ean, trong b\u1ed1i c\u1ea3nh ch\u00ednh tr\u1ecb hi\u1ec7n nay, v\u1ecb tr\u00ed n\u00e0y v\u1eabn c\u00f3 t\u1ea7m quan tr\u1ecdng nh\u1ea5t \u0111\u1ecbnh trong h\u1ec7 th\u1ed1ng ch\u00ednh tr\u1ecb.","title":"Vai tr\u00f2 c\u1ee7a t\u00e2n Ch\u1ee7 t\u1ecbch n\u01b0\u1edbc L\u01b0\u01a1ng C\u01b0\u1eddng trong ch\u00ednh tr\u01b0\u1eddng Vi\u1ec7t Nam","topic":"Th\u1eddi S\u1ef1","translation_language":"","url":"https://rfa.org/vietnamese/in_depth/luong-cuong-president-politburo-10232024133502.html","video_url":null},{"article_body_paragraphs":[],"audio_source_url":null,"author":"B\u00e0i vi\u1ebft c\u1ee7a Luna Pham cho RFA","available_dubs":[],"downloadable_assets":["https://www.rfa.org/resizer/v2/3KCN5EVNRDBAUCJ6CJJKFHYEJQ.jpg?auth=884b3bc012895e749aa186a2ea8e6c89d6615101929df54e9932a3791b99f47c&smart=true&width=1500"],"duration_display":"0:00","duration_seconds":null,"embed_url":null,"id":700,"image_caption":null,"image_url":"https://www.rfa.org/resizer/v2/3KCN5EVNRDBAUCJ6CJJKFHYEJQ.jpg?auth=884b3bc012895e749aa186a2ea8e6c89d6615101929df54e9932a3791b99f47c&smart=true&width=1500","is_clip":false,"item_type":"photo","item_type_label":"Photo","language_label":"Vietnamese","media_credit":"B\u00e0i vi\u1ebft c\u1ee7a Luna Pham cho RFA","micro_label":"Photo","micro_label_kind":"gallery","network_label":"RFA","network_logo_url":"/static/uploads/direct_network_logos/rfa_ca00144ac549.png","published_at":"2024-10-03T18:12:00","published_at_display":"3 Oct 2024, 18:12 GMT","sequence_badge_label":null,"sequence_count":null,"sequence_count_label":null,"sequence_frames":[],"sequence_kind":null,"source_name":"rfa_vietnamese_rss","source_name_label":"RFA Vietnamese","source_type":"rss","summary":"Nh\u1eefng h\u00e0nh \u0111\u1ed9ng th\u00f9 \u0111\u1ecbch c\u1ee7a Trung Qu\u1ed1c \u0111\u1ed1i v\u1edbi t\u00e0u c\u00e1 c\u1ee7a Vi\u1ec7t Nam cho th\u1ea5y r\u00f5 tranh ch\u1ea5p c\u1ee7a hai qu\u1ed1c gia l\u00e1ng gi\u1ec1ng \u0111\u1ed1i v\u1edbi qu\u1ea7n \u0111\u1ea3o n\u00e0y","title":"GI\u1ea2I TH\u00cdCH: Qu\u1ea7n \u0111\u1ea3o Ho\u00e0ng Sa l\u00e0 g\u00ec v\u00e0 t\u1ea1i sao l\u1ea1i c\u00f3 tranh ch\u1ea5p?","topic":"Th\u1eddi S\u1ef1","translation_language":"","url":"https://rfa.org/vietnamese/in_depth/explained-what-are-the-paracel-islands-and-why-are-they-disputed-10032024141100.html","video_url":null},{"article_body_paragraphs":[],"audio_source_url":null,"author":"B\u00e0i vi\u1ebft c\u1ee7a Luna Pham cho RFA","available_dubs":[],"downloadable_assets":["https://www.rfa.org/resizer/v2/M2VT2OSOAROCGRV45CZWYIUFGM.jpg?auth=5a64daaddf1039e6bad65eec1a640391d8ae3dfa6f43c9a8097683ee21068ddb&smart=true&width=1500"],"duration_display":"0:00","duration_seconds":null,"embed_url":null,"id":701,"image_caption":null,"image_url":"https://www.rfa.org/resizer/v2/M2VT2OSOAROCGRV45CZWYIUFGM.jpg?auth=5a64daaddf1039e6bad65eec1a640391d8ae3dfa6f43c9a8097683ee21068ddb&smart=true&width=1500","is_clip":false,"item_type":"photo","item_type_label":"Photo","language_label":"Vietnamese","media_credit":"B\u00e0i vi\u1ebft c\u1ee7a Luna Pham cho RFA","micro_label":"Photo","micro_label_kind":"gallery","network_label":"RFA","network_logo_url":"/static/uploads/direct_network_logos/rfa_ca00144ac549.png","published_at":"2024-10-02T19:48:00","published_at_display":"2 Oct 2024, 19:48 GMT","sequence_badge_label":null,"sequence_count":null,"sequence_count_label":null,"sequence_frames":[],"sequence_kind":null,"source_name":"rfa_vietnamese_rss","source_name_label":"RFA Vietnamese","source_type":"rss","summary":"Trung Qu\u1ed1c c\u00f3 th\u1ec3 \u0111\u01b0\u1ee3c l\u1ee3i l\u00e2u d\u00e0i t\u1eeb d\u1ef1 \u00e1n \u201cNi\u1ec1m t\u1ef1 h\u00e0o c\u1ee7a ng\u01b0\u1eddi Khmer\u201d","title":"D\u1ef1 \u00e1n K\u00eanh \u0111\u00e0o Ph\u00f9 Nam Techo cho th\u1ea5y r\u1ea1n n\u1ee9t trong quan h\u1ec7 Vi\u1ec7t Nam \u2013 Campuchia","topic":"Th\u1eddi S\u1ef1","translation_language":"","url":"https://rfa.org/vietnamese/in_depth/cambodias-funan-techo-canal-exposes-cracks-in-vietnam-ties-10022024154820.html","video_url":null}],"next_num":null,"page":1,"pages":1,"per_page":20,"prev_num":null,"total":9}
