{"applied_filters":{"end_date":"","lang":"","language":"","network":"","page":1,"per_page":20,"search":"","source":"","start_date":"","topic":"Uvid","type":"video"},"available_filters":{"language_choices":[{"label":"Choose Language","value":""},{"label":"Serbo-Croatian","value":"Serbo-Croatian"}],"network_choices":[{"label":"All networks","value":""},{"label":"RFE/RL","value":"RFE/RL"}],"source_choices":[{"label":"All sources","value":""},{"label":"Slobodnaevropa","value":"slobodnaevropa_org_direct"}],"sources":["slobodnaevropa_org_direct"],"topics":["250em\u00een Salvegera Serxweb\u00fbna Amer\u00eekay\u00ea","250\u0647\u06d5\u0645\u06cc\u0646 \u0633\u0627\u06b5\u06cc\u0627\u062f\u06cc \u0633\u06d5\u0631\u0628\u06d5\u062e\u06c6\u06cc\u06cc \u0626\u06d5\u0645\u06d5\u0631\u06cc\u06a9\u0627","8 \u10e4\u10dd\u10e2\u10dd \u10d0\u10e0\u10e5\u10d8\u10d5\u10d8\u10d3\u10d0\u10dc","Afghanistan","Amer\u00eeka","Am\u00e9rica Latina, VENEZUELA, Maiquetia","Asuntos de Estado","Audiovisuales Mart\u00ed","Audiovisuales Mart\u00ed, Cuba turismo, crisis del turismo en Cuba","Audiovisuales Mart\u00ed, VENEZUELA, apagones","Bernameya Televizyon\u00ee ya Rojane","Como Come Cuba, cuba, Como Come Cuba","Cuba Habla","Cuba Habla, Cuba","Cuba al D\u00eda, Cuba","C\u00eehan","Derechos Humanos, cuba, exilio, c\u00e1ncer, Ram\u00f3n Sa\u00fal S\u00e1nchez","Especiales, Exilio cubano, Freedom tower, \"Libertad\", Torre de la Libertad de Miami, Exilio cubano en Miami","Especiales, jos\u00e9 mart\u00ed, Exilio cubano","Esperando un techo, cuba, crisis, vivienda, derrumbes, techo, paredes, EsperandounTecho","Human Rights","Info Mart\u00ed","Info Mart\u00ed , Brigada 2506","Info Mart\u00ed , Cuba","Info Mart\u00ed , Estados Unidos, Colombia","Info Mart\u00ed , Estados Unidos, VENEZUELA","Info Mart\u00ed , estados unidos, Venezuela","Info Mart\u00ed , presos politicos, torturas, VENEZUELA","Iran","Iz RSE sveta","Kentu-Cubano, cuba, cubanos, Kentucky, migrantes, KentoCubano","Korea","Laos","Las Noticias Como Son, Cuba","Multimedija","Myanmar","Noticiero Mart\u00ed Noticias","Noticiero Mart\u00ed Noticias, Cuba","Pacific","Pe Agend\u0103 cu Cristina Popu\u0219oi","Perspektiva","Ser Madre en cuba, cuba, hambre, r\u00e9gimen, madre, negligencia, Testimonios, Crisis Econ\u00f3mica, madre cubana, Crisis Alimentaria","Ser viejo en Cuba, cuba, cubanos, crisis, alimentos, ancianos, viejos, vejez","South China Sea","Srbija","Tibet","Ukraine","Uvid","VOA \ud55c\uad6d\uc5b4 \ubcf4\uc774\ub294 \ub77c\ub514\uc624","VOA\u4eca\u65e5\u7126\u70b9","Video","Videos","V\u00eedyo Galer\u00ee","\u0410\u0440\u0445\u0435\u043e\u043b\u043e\u0433\u0438\u044f","\u0411\u0430\u043b\u0442\u0438\u044f","\u0412\u0438\u0434\u0435\u043e","\u0413\u043b\u0430\u0432\u043d\u043e\u0435","\u0413\u0440\u0430\u043d\u0438 \u0432\u0440\u0435\u043c\u0435\u043d\u0438","\u0418\u043d\u0442\u0435\u0440\u0432\u044c\u044e","\u041a\u0430\u0434\u0440\u044b \u0434\u043d\u044f","\u041b\u0438\u0446\u043e\u043c \u043a \u0441\u043e\u0431\u044b\u0442\u0438\u044e","\u0420\u0435\u043f\u043e\u0440\u0442\u0430\u0436","\u0420\u043e\u0441\u0441\u0438\u044f","\u0421\u043c\u043e\u0442\u0440\u0438 \u0432 \u043e\u0431\u0430","\u0423\u043a\u0440\u0430\u0438\u043d\u0430","\u0622\u062e\u0631\u06cc\u0646 \u0648\u06cc\u062f\u06cc\u0648\u0647\u0627","\u0626\u06ce\u0631\u0627\u0646","\u0626\u06d5\u0645\u06d5\u0631\u06cc\u06a9\u0627","\u0627\u0645\u0631\u06cc\u06a9\u0627 \u063a\u0696 \u067e\u069a\u062a\u0648","\u0628\u06d5\u0631\u0646\u0627\u0645\u06d5\u06cc \u0695\u06c6\u0698\u0627\u0646\u06d5\u06cc \u062a\u06d5\u0644\u06d5\u0641\u06cc\u0632\u06cc\u06c6\u0646","\u062a\u0648\u0631\u06a9\u06cc\u0627","\u062c\u0647\u0627\u0646","\u062c\u06cc\u0647\u0627\u0646","\u0633\u0648\u0631\u06cc\u0627","\u0633\u0649\u0646","\u0635\u062f\u0627\u06cc \u0627\u0645\u0631\u06cc\u06a9\u0627 \u062f\u0631\u06cc","\u0639\u06ce\u0631\u0627\u0642","\u0642\u0649\u0633\u0642\u0627 \u062e\u06d5\u06cb\u06d5\u0631\u0644\u06d5\u0631","\u0645\u0631\u06a9\u06d0","\u0646\u0648\u0631 \u062e\u0628\u0631\u0648\u0646\u0647","\u0647\u06d5\u0631\u06ce\u0645\u06d5 \u06a9\u0648\u0631\u062f\u06cc\u0640\u06cc\u06d5\u06a9\u0627\u0646","\u0648\u06cc\u062f\u06cc\u0648","\u0648\u06cc\u0698\u0647 \u0628\u0631\u0646\u0627\u0645\u0647\u200c\u0647\u0627","\u0695\u06c6\u0698\u0647\u06d5\u06b5\u0627\u062a\u06cc \u0646\u0627\u0648\u06d5\u0695\u0627\u0633\u062a","\u06a4\u06cc\u062f\u06cc\u06c6","\u0e82\u0ec8\u0eb2\u0ea7\u0ec1\u0ea5\u0eb0\u0ea5\u0eb2\u0e8d\u0e87\u0eb2\u0e99","\u0ea7\u0eb5\u0e94\u0eb5\u0ec2\u0ead","\u0f38\u0f42\u0f7c\u0f44\u0f0b\u0f66\u0f0b\u0f58\u0f46\u0f7c\u0f42","\u0f56\u0f59\u0f53\u0f0b\u0f56\u0fb1\u0f7c\u0f63\u0f0d","\u0f56\u0f62\u0f99\u0f53\u0f0d","\u0f56\u0f7c\u0f51\u0f0d","\u1017\u102e\u1012\u102e\u101a\u102d\u102f\u1019\u103b\u102c\u1038","\u101e\u1010\u1004\u103a\u1038\u1019\u103b\u102c\u1038","\u10d5\u10d8\u10d3\u10d4\u10dd","\u1785\u17d2\u1794\u17b6\u1794\u17cb","\u1793\u1799\u17c4\u1794\u17b6\u1799","\u1794\u179a\u17b7\u179f\u17d2\u1790\u17b6\u1793","\u179c\u17b8\u178a\u17c1\u17a2\u17bc","\u179f\u1784\u17d2\u1782\u1798","\u4eba\u6743\u6cd5\u6cbb"],"types":[["","All types"],["video","Videos"],["media","Media"]]},"has_next":false,"has_prev":false,"items":[{"article_body_paragraphs":[],"audio_source_url":null,"author":"Milo\u0161 Teodorovi\u0107, Sini\u0161a Nenadi\u0107","available_dubs":[],"downloadable_assets":["https://rfe-video-ns.akamaized.net/pangeavideo/2026/07/4/4f/4fe18a7a-49da-44b0-41f2-08decacf94d0_1080p.mp4?cb=ee1e9a45a"],"duration_display":"32:09","duration_seconds":1929.96,"embed_url":null,"id":241,"image_caption":null,"image_url":"https://gdb.rferl.org/c0503876-71c9-4088-15ff-08decad58b60_mw2048_mh2048_n.jpg","is_clip":false,"item_type":"video","item_type_label":"Video","language_label":"Serbo-Croatian","media_credit":"RFE","micro_label":"Video report","micro_label_kind":"video","network_label":"RFE/RL","network_logo_url":"/static/uploads/direct_network_logos/rfe_rl_e69d397fdd7d.png","published_at":"2026-07-15T13:07:41.070000","published_at_display":"15 Jul 2026, 13:07 GMT","sequence_badge_label":null,"sequence_count":null,"sequence_count_label":null,"sequence_frames":[],"sequence_kind":null,"source_name":"slobodnaevropa_org_direct","source_name_label":"Slobodnaevropa","source_type":"direct_api","summary":"Ta\u010dan obim izvoza oru\u017eja iz Srbije u Izrael nije zvani\u010dno poznat, ali teretni avioni saobra\u0107aju izme\u0111u Tel Aviva i Beograda. Kobi Majkl iz Instituta za studije nacionalne bezbednosti u Tel Avivu ka\u017ee da je Srbija pomogla Izraelu da prevazi\u0111e \"krizu nesta\u0161ice naoru\u017eanja\" sa kojom se suo\u010dio nakon napada Hamasa u oktobru 2023. godine. U \"Uvidu\" se izme\u0111u ostalog, govori i o tome: za\u0161to je srpski \u010dlan Predsedni\u0161tva Bosne i Hercegovine u Jerusalimu do\u010dekan sa zastavom entiteta, a ne dr\u017eavnom zastavom; kako Izrael gleda na bliske veze Srbije sa Iranom; za\u0161to se saradnja sa Izraelom u Albaniji smatra izrazom lojalnosti Sjedinjenim Ameri\u010dkim Dr\u017eavama; i kako je Izrael izazvao politi\u010dku krizu u Sloveniji. Sagovornici: Kobi Majkl, Institut za studije nacionalne bezbednosti (Tel Aviv); Roland Bimo, biv\u0161i ambasador Albanije u SAD (Tirana); Luka Lisjak Gabrijel\u010di\u010d, istori\u010dar (Ljubljana); Du\u0161ko Lopandi\u0107, Evropski pokret u Srbiji (Beograd); Vedran Obu\u0107ina, Centar za me\u0111ureligijski dijalog (Rijeka).","title":"Kakve interese Izrael ima na Balkanu?","topic":"Uvid","translation_language":"","url":"https://rfe-video-ns.akamaized.net/pangeavideo/2026/07/4/4f/4fe18a7a-49da-44b0-41f2-08decacf94d0_1080p.mp4?cb=ee1e9a45a","video_url":"https://rfe-video-ns.akamaized.net/pangeavideo/2026/07/4/4f/4fe18a7a-49da-44b0-41f2-08decacf94d0_1080p.mp4?cb=ee1e9a45a"},{"article_body_paragraphs":[],"audio_source_url":null,"author":"Milo\u0161 Teodorovi\u0107, Sini\u0161a Nenadi\u0107","available_dubs":[],"downloadable_assets":["https://rfe-video-ns.akamaized.net/pangeavideo/2026/06/0/00/00fb693c-a526-403d-75ae-08debadc3b87_1080p.mp4?cb=ee1e6f598"],"duration_display":"24:03","duration_seconds":1443.69,"embed_url":null,"id":247,"image_caption":null,"image_url":"https://gdb.rferl.org/319e4c94-881d-4be2-a45e-08debadd8a36_cx9_cy5_cw87_mw2048_mh2048_n.jpg","is_clip":false,"item_type":"video","item_type_label":"Video","language_label":"Serbo-Croatian","media_credit":"RFE","micro_label":"Video report","micro_label_kind":"video","network_label":"RFE/RL","network_logo_url":"/static/uploads/direct_network_logos/rfe_rl_e69d397fdd7d.png","published_at":"2026-06-03T09:52:28.457000","published_at_display":"3 Jun 2026, 09:52 GMT","sequence_badge_label":null,"sequence_count":null,"sequence_count_label":null,"sequence_frames":[],"sequence_kind":null,"source_name":"slobodnaevropa_org_direct","source_name_label":"Slobodnaevropa","source_type":"direct_api","summary":"\"Mo\u0107ne grupe operi\u0161u na Zapadnom Balkanu, a balkanska ruta ostaje va\u017ena ulazna ruta za trgovinu drogom, oru\u017ejem i ljudima\", stoji u jednom od \u010desto citiranih izve\u0161taja Evropske unije, u kom se opisuju okolnosti u regiji koja se decenijama bori sa silama organizovanog kriminala. O tome u \"Uvidu\" su razgovarali Jelena Jankovi\u0107, novinarka podgori\u010dkih \"Vijesti\" koja pi\u0161e o organizovanom kriminalu, a pod merama je policijske za\u0161tite zbog pretnji koje dobija, i Du\u0161an Stankovi\u0107, iz Beogradskog centra za bezbednost, nekada zaposlen u policiji Srbije, danas na doktorskim studijama u \u0160vedskoj.","title":"Ko zna odgovore na slu\u010dajeve 'Mili\u0107' i 'Medenica'?","topic":"Uvid","translation_language":"","url":"https://rfe-video-ns.akamaized.net/pangeavideo/2026/06/0/00/00fb693c-a526-403d-75ae-08debadc3b87_1080p.mp4?cb=ee1e6f598","video_url":"https://rfe-video-ns.akamaized.net/pangeavideo/2026/06/0/00/00fb693c-a526-403d-75ae-08debadc3b87_1080p.mp4?cb=ee1e6f598"}],"next_num":null,"page":1,"pages":1,"per_page":20,"prev_num":null,"total":2}
