{"applied_filters":{"end_date":"","lang":"","language":"","network":"","page":1,"per_page":20,"search":"","source":"","start_date":"","topic":"V\u00eedyo Galer\u00ee","type":"video"},"available_filters":{"language_choices":[{"label":"Choose Language","value":""},{"label":"English","value":"English"},{"label":"Espa\u00f1ol","value":"Espa\u00f1ol"},{"label":"Kurdish","value":"Kurdish"}],"network_choices":[{"label":"All networks","value":""},{"label":"VOA","value":"VOA"}],"source_choices":[{"label":"All sources","value":""},{"label":"Dengeamerika","value":"dengeamerika_com_direct"}],"sources":["dengeamerika_com_direct"],"topics":["250em\u00een Salvegera Serxweb\u00fbna Amer\u00eekay\u00ea","250\u0647\u06d5\u0645\u06cc\u0646 \u0633\u0627\u06b5\u06cc\u0627\u062f\u06cc \u0633\u06d5\u0631\u0628\u06d5\u062e\u06c6\u06cc\u06cc \u0626\u06d5\u0645\u06d5\u0631\u06cc\u06a9\u0627","8 \u10e4\u10dd\u10e2\u10dd \u10d0\u10e0\u10e5\u10d8\u10d5\u10d8\u10d3\u10d0\u10dc","Afghanistan","Amer\u00eeka","Am\u00e9rica Latina, VENEZUELA, Maiquetia","Asuntos de Estado","Audiovisuales Mart\u00ed","Audiovisuales Mart\u00ed, Cuba turismo, crisis del turismo en Cuba","Audiovisuales Mart\u00ed, VENEZUELA, apagones","Bernameya Televizyon\u00ee ya Rojane","Como Come Cuba, cuba, Como Come Cuba","Cuba Habla","Cuba Habla, Cuba","Cuba al D\u00eda, Cuba","C\u00eehan","Derechos Humanos, cuba, exilio, c\u00e1ncer, Ram\u00f3n Sa\u00fal S\u00e1nchez","Especiales, Exilio cubano, Freedom tower, \"Libertad\", Torre de la Libertad de Miami, Exilio cubano en Miami","Especiales, jos\u00e9 mart\u00ed, Exilio cubano","Esperando un techo, cuba, crisis, vivienda, derrumbes, techo, paredes, EsperandounTecho","Human Rights","Info Mart\u00ed","Info Mart\u00ed , Brigada 2506","Info Mart\u00ed , Cuba","Info Mart\u00ed , Estados Unidos, Colombia","Info Mart\u00ed , Estados Unidos, VENEZUELA","Info Mart\u00ed , estados unidos, Venezuela","Info Mart\u00ed , presos politicos, torturas, VENEZUELA","Iran","Iz RSE sveta","Kentu-Cubano, cuba, cubanos, Kentucky, migrantes, KentoCubano","Korea","Laos","Las Noticias Como Son, Cuba","Multimedija","Myanmar","Noticiero Mart\u00ed Noticias","Pacific","Pe Agend\u0103 cu Cristina Popu\u0219oi","Perspektiva","Ser Madre en cuba, cuba, hambre, r\u00e9gimen, madre, negligencia, Testimonios, Crisis Econ\u00f3mica, madre cubana, Crisis Alimentaria","Ser viejo en Cuba, cuba, cubanos, crisis, alimentos, ancianos, viejos, vejez","South China Sea","Srbija","Tibet","Ukraine","Uvid","VOA \ud55c\uad6d\uc5b4 \ubcf4\uc774\ub294 \ub77c\ub514\uc624","VOA\u4eca\u65e5\u7126\u70b9","Video","Videos","V\u00eedyo Galer\u00ee","\u0410\u0440\u0445\u0435\u043e\u043b\u043e\u0433\u0438\u044f","\u0411\u0430\u043b\u0442\u0438\u044f","\u0412\u0438\u0434\u0435\u043e","\u0413\u043b\u0430\u0432\u043d\u043e\u0435","\u0413\u0440\u0430\u043d\u0438 \u0432\u0440\u0435\u043c\u0435\u043d\u0438","\u0418\u043d\u0442\u0435\u0440\u0432\u044c\u044e","\u041a\u0430\u0434\u0440\u044b \u0434\u043d\u044f","\u041b\u0438\u0446\u043e\u043c \u043a \u0441\u043e\u0431\u044b\u0442\u0438\u044e","\u0420\u0435\u043f\u043e\u0440\u0442\u0430\u0436","\u0420\u043e\u0441\u0441\u0438\u044f","\u0421\u043c\u043e\u0442\u0440\u0438 \u0432 \u043e\u0431\u0430","\u0423\u043a\u0440\u0430\u0438\u043d\u0430","\u0622\u062e\u0631\u06cc\u0646 \u0648\u06cc\u062f\u06cc\u0648\u0647\u0627","\u0626\u06ce\u0631\u0627\u0646","\u0626\u06d5\u0645\u06d5\u0631\u06cc\u06a9\u0627","\u0627\u0645\u0631\u06cc\u06a9\u0627 \u063a\u0696 \u067e\u069a\u062a\u0648","\u0628\u06d5\u0631\u0646\u0627\u0645\u06d5\u06cc \u0695\u06c6\u0698\u0627\u0646\u06d5\u06cc \u062a\u06d5\u0644\u06d5\u0641\u06cc\u0632\u06cc\u06c6\u0646","\u062a\u0648\u0631\u06a9\u06cc\u0627","\u062c\u0647\u0627\u0646","\u062c\u06cc\u0647\u0627\u0646","\u0633\u0648\u0631\u06cc\u0627","\u0633\u0649\u0646","\u0635\u062f\u0627\u06cc \u0627\u0645\u0631\u06cc\u06a9\u0627 \u062f\u0631\u06cc","\u0639\u06ce\u0631\u0627\u0642","\u0642\u0649\u0633\u0642\u0627 \u062e\u06d5\u06cb\u06d5\u0631\u0644\u06d5\u0631","\u0645\u0631\u06a9\u06d0","\u0646\u0648\u0631 \u062e\u0628\u0631\u0648\u0646\u0647","\u0647\u06d5\u0631\u06ce\u0645\u06d5 \u06a9\u0648\u0631\u062f\u06cc\u0640\u06cc\u06d5\u06a9\u0627\u0646","\u0648\u06cc\u062f\u06cc\u0648","\u0648\u06cc\u0698\u0647 \u0628\u0631\u0646\u0627\u0645\u0647\u200c\u0647\u0627","\u0695\u06c6\u0698\u0647\u06d5\u06b5\u0627\u062a\u06cc \u0646\u0627\u0648\u06d5\u0695\u0627\u0633\u062a","\u06a4\u06cc\u062f\u06cc\u06c6","\u0e82\u0ec8\u0eb2\u0ea7\u0ec1\u0ea5\u0eb0\u0ea5\u0eb2\u0e8d\u0e87\u0eb2\u0e99","\u0ea7\u0eb5\u0e94\u0eb5\u0ec2\u0ead","\u0f38\u0f42\u0f7c\u0f44\u0f0b\u0f66\u0f0b\u0f58\u0f46\u0f7c\u0f42","\u0f56\u0f59\u0f53\u0f0b\u0f56\u0fb1\u0f7c\u0f63\u0f0d","\u0f56\u0f62\u0f99\u0f53\u0f0d","\u0f56\u0f7c\u0f51\u0f0d","\u1017\u102e\u1012\u102e\u101a\u102d\u102f\u1019\u103b\u102c\u1038","\u101e\u1010\u1004\u103a\u1038\u1019\u103b\u102c\u1038","\u10d5\u10d8\u10d3\u10d4\u10dd","\u1785\u17d2\u1794\u17b6\u1794\u17cb","\u1793\u1799\u17c4\u1794\u17b6\u1799","\u1794\u179a\u17b7\u179f\u17d2\u1790\u17b6\u1793","\u179c\u17b8\u178a\u17c1\u17a2\u17bc","\u179f\u1784\u17d2\u1782\u1798","\u4eba\u6743\u6cd5\u6cbb","\u56fd\u9645\u65b0\u95fb"],"types":[["","All types"],["video","Videos"],["clips","Clips"],["media","Media"]]},"has_next":true,"has_prev":false,"items":[{"article_body_paragraphs":[],"audio_source_url":null,"author":null,"available_dubs":[],"downloadable_assets":["https://voa-video-ns.akamaized.net/pangeavideo/2026/09/f/f3/f38c5358-30c1-4f08-cb05-08decaecd3b3_1080p.mp4?cb=ee22a6815"],"duration_display":"2:50","duration_seconds":170.81,"embed_url":null,"id":13359,"image_caption":null,"image_url":"https://gdb.voanews.com/f38c5358-30c1-4f08-cb05-08decaecd3b3_tv_mw2048_mh2048_n.jpg","is_clip":true,"item_type":"video","item_type_label":"Video","language_label":"Kurdish","media_credit":"VOA","micro_label":"Video report","micro_label_kind":"video","network_label":"VOA","network_logo_url":"/static/uploads/direct_network_logos/voa_1ef13eedbd2f.svg","published_at":"2026-09-02T18:55:17.220000","published_at_display":"2 Sep 2026, 18:55 GMT","sequence_badge_label":null,"sequence_count":null,"sequence_count_label":null,"sequence_frames":[],"sequence_kind":null,"source_name":"dengeamerika_com_direct","source_name_label":"Dengeamerika","source_type":"direct_api","summary":"Niv\u00eeskar\u00ea Destxetan \u00ea Amer\u00eek\u00ee Josh Berer a z\u00eadetir\u00ee 20 salan a di hunera dest nivs\u00ee a Ereb\u00ee-Aram\u00ee-Kurd\u00ee de, gir\u00eadaneke k\u00fbr bi \u00e7and \u00fb d\u00eeroka Kurd\u00ee re n\u00ee\u015fan dide.","title":"Kesek\u00ee Amer\u00eek\u00ee Dibe Pisor\u00ea Niv\u00eesa Destxet a Aram\u00ee (Kurd\u00ee)","topic":"V\u00eedyo Galer\u00ee","translation_language":"","url":"https://voa-video-ns.akamaized.net/pangeavideo/2026/09/f/f3/f38c5358-30c1-4f08-cb05-08decaecd3b3_1080p.mp4?cb=ee22a6815","video_url":"https://voa-video-ns.akamaized.net/pangeavideo/2026/09/f/f3/f38c5358-30c1-4f08-cb05-08decaecd3b3_1080p.mp4?cb=ee22a6815"},{"article_body_paragraphs":[],"audio_source_url":null,"author":"D\u00eeyar Cemal","available_dubs":[],"downloadable_assets":["https://voa-video-ns.akamaized.net/pangeavideo/2026/09/1/12/12c96b04-c288-4958-cb04-08decaecd3b3_1080p.mp4?cb=ee22a64b6"],"duration_display":"3:58","duration_seconds":238.44,"embed_url":null,"id":13267,"image_caption":null,"image_url":"https://gdb.voanews.com/12c96b04-c288-4958-cb04-08decaecd3b3_tv_mw2048_mh2048_n.jpg","is_clip":true,"item_type":"video","item_type_label":"Video","language_label":"Kurdish","media_credit":"VOA","micro_label":"Video report","micro_label_kind":"video","network_label":"VOA","network_logo_url":"/static/uploads/direct_network_logos/voa_1ef13eedbd2f.svg","published_at":"2026-09-02T18:35:42.640000","published_at_display":"2 Sep 2026, 18:35 GMT","sequence_badge_label":null,"sequence_count":null,"sequence_count_label":null,"sequence_frames":[],"sequence_kind":null,"source_name":"dengeamerika_com_direct","source_name_label":"Dengeamerika","source_type":"direct_api","summary":"Pi\u015ft\u00ee k\u00eamb\u00fbna perwerdehiya Kurd\u00ee di sal\u00ean daw\u00ee de ji ber b\u00eaaram\u00eey\u00ea li tevahiya dever\u00ean nakokbar y\u00ean di navbera Her\u00eama Kurdistan\u00ea \u00fb Bexday\u00ea de, niha helmetek berfireh hatiye destp\u00eakirin da ku zareok\u00ean Kurd bi ziman\u00ea Kurd\u00ee bixw\u00eenin.","title":"Malbat\u00ean Kurd li Her\u00eam\u00ean Nakokbar Dixwazin Zarok\u00ean Wan Perwerdeya Ziman\u00ea Kurd\u00ee Bib\u00eebin","topic":"V\u00eedyo Galer\u00ee","translation_language":"","url":"https://voa-video-ns.akamaized.net/pangeavideo/2026/09/1/12/12c96b04-c288-4958-cb04-08decaecd3b3_1080p.mp4?cb=ee22a64b6","video_url":"https://voa-video-ns.akamaized.net/pangeavideo/2026/09/1/12/12c96b04-c288-4958-cb04-08decaecd3b3_1080p.mp4?cb=ee22a64b6"},{"article_body_paragraphs":[],"audio_source_url":null,"author":null,"available_dubs":[],"downloadable_assets":["https://voa-video-ns.akamaized.net/pangeavideo/2026/09/6/6d/6d3a7078-ad47-4c6d-82b3-08decae8682a_1080p.mp4?cb=ee22a5878"],"duration_display":"1:54","duration_seconds":114.52,"embed_url":null,"id":13240,"image_caption":null,"image_url":"https://gdb.voanews.com/6d3a7078-ad47-4c6d-82b3-08decae8682a_tv_mw2048_mh2048_n.jpg","is_clip":true,"item_type":"video","item_type_label":"Video","language_label":"Kurdish","media_credit":"VOA","micro_label":"Video report","micro_label_kind":"video","network_label":"VOA","network_logo_url":"/static/uploads/direct_network_logos/voa_1ef13eedbd2f.svg","published_at":"2026-09-02T17:43:40.440000","published_at_display":"2 Sep 2026, 17:43 GMT","sequence_badge_label":null,"sequence_count":null,"sequence_count_label":null,"sequence_frames":[],"sequence_kind":null,"source_name":"dengeamerika_com_direct","source_name_label":"Dengeamerika","source_type":"direct_api","summary":"Donald Trump careke din pirsgir\u00eak\u00ean navxwey\u00ee y\u00ean \u00ceran\u00ea \u00fb \u00eeht\u00eemala serhildanek\u00ea an\u00ee ziman.","title":"Donald Trump Dib\u00eaje Gel\u00ea \u00ceran\u00ea Keng\u00ee D\u00ea Rabe Ser Xwe \u00fb Ser\u00ee Hilde?","topic":"V\u00eedyo Galer\u00ee","translation_language":"","url":"https://voa-video-ns.akamaized.net/pangeavideo/2026/09/6/6d/6d3a7078-ad47-4c6d-82b3-08decae8682a_1080p.mp4?cb=ee22a5878","video_url":"https://voa-video-ns.akamaized.net/pangeavideo/2026/09/6/6d/6d3a7078-ad47-4c6d-82b3-08decae8682a_1080p.mp4?cb=ee22a5878"},{"article_body_paragraphs":[],"audio_source_url":null,"author":null,"available_dubs":[],"downloadable_assets":["https://voa-video-ns.akamaized.net/pangeavideo/2026/09/4/42/423d96af-5526-4e3f-48d8-08decadaa577_1080p.mp4?cb=ee22a4e85"],"duration_display":"1:00","duration_seconds":60.01,"embed_url":null,"id":13216,"image_caption":null,"image_url":"https://gdb.voanews.com/423d96af-5526-4e3f-48d8-08decadaa577_tv_mw2048_mh2048_n.jpg","is_clip":true,"item_type":"video","item_type_label":"Video","language_label":"Kurdish","media_credit":"VOA","micro_label":"Video report","micro_label_kind":"video","network_label":"VOA","network_logo_url":"/static/uploads/direct_network_logos/voa_1ef13eedbd2f.svg","published_at":"2026-09-02T16:57:14.103000","published_at_display":"2 Sep 2026, 16:57 GMT","sequence_badge_label":null,"sequence_count":null,"sequence_count_label":null,"sequence_frames":[],"sequence_kind":null,"source_name":"dengeamerika_com_direct","source_name_label":"Dengeamerika","source_type":"direct_api","summary":"L\u00eakoler \u00fb pis\u00fbr\u00ean tendrust\u00eey\u00ea di hewldanan de ne, ku bikarin j\u00ee bermay\u00ean plast\u00eek\u00ea, madey\u00ean xwarin\u00ea hilber\u00eenin.","title":"L\u00eakoler Hewl Didin ji Bermay\u00ean Plast\u00eekan Xwarin\u00ea \u00c7edikin","topic":"V\u00eedyo Galer\u00ee","translation_language":"","url":"https://voa-video-ns.akamaized.net/pangeavideo/2026/09/4/42/423d96af-5526-4e3f-48d8-08decadaa577_1080p.mp4?cb=ee22a4e85","video_url":"https://voa-video-ns.akamaized.net/pangeavideo/2026/09/4/42/423d96af-5526-4e3f-48d8-08decadaa577_1080p.mp4?cb=ee22a4e85"},{"article_body_paragraphs":[],"audio_source_url":null,"author":null,"available_dubs":[],"downloadable_assets":["https://voa-video-ns.akamaized.net/pangeavideo/2026/09/2/2f/2f184913-5881-4cf7-48d9-08decadaa577_1080p.mp4?cb=ee22a4b59"],"duration_display":"2:21","duration_seconds":141.97,"embed_url":null,"id":13217,"image_caption":null,"image_url":"https://gdb.voanews.com/2f184913-5881-4cf7-48d9-08decadaa577_tv_mw2048_mh2048_n.jpg","is_clip":true,"item_type":"video","item_type_label":"Video","language_label":"Kurdish","media_credit":"VOA","micro_label":"Video report","micro_label_kind":"video","network_label":"VOA","network_logo_url":"/static/uploads/direct_network_logos/voa_1ef13eedbd2f.svg","published_at":"2026-09-02T16:52:41.127000","published_at_display":"2 Sep 2026, 16:52 GMT","sequence_badge_label":null,"sequence_count":null,"sequence_count_label":null,"sequence_frames":[],"sequence_kind":null,"source_name":"dengeamerika_com_direct","source_name_label":"Dengeamerika","source_type":"direct_api","summary":"N\u00fb\u00e7ey\u00ean Zanist\u00ee y\u00ean ji seranser\u00ee c\u00eehan\u00ea di v\u00ea raport\u00ea de bib\u00eenin ku Fatima Sind\u00ee wergerand\u00eeye ser ziman\u00ea kurd\u00ee.","title":"N\u00fb\u00e7ey\u00ean Zanist\u00ee y\u00ean Her\u00ee Daw\u00ee ji Seranser\u00ea C\u00eehan\u00ea","topic":"V\u00eedyo Galer\u00ee","translation_language":"","url":"https://voa-video-ns.akamaized.net/pangeavideo/2026/09/2/2f/2f184913-5881-4cf7-48d9-08decadaa577_1080p.mp4?cb=ee22a4b59","video_url":"https://voa-video-ns.akamaized.net/pangeavideo/2026/09/2/2f/2f184913-5881-4cf7-48d9-08decadaa577_1080p.mp4?cb=ee22a4b59"},{"article_body_paragraphs":[],"audio_source_url":null,"author":null,"available_dubs":[],"downloadable_assets":["https://voa-video-ns.akamaized.net/pangeavideo/2026/09/b/ba/baf52335-d7ac-46e1-48d2-08decadaa577_1080p.mp4?cb=ee22a3234"],"duration_display":"3:03","duration_seconds":183.06,"embed_url":null,"id":13115,"image_caption":null,"image_url":"https://gdb.voanews.com/baf52335-d7ac-46e1-48d2-08decadaa577_tv_mw2048_mh2048_n.jpg","is_clip":true,"item_type":"video","item_type_label":"Video","language_label":"Kurdish","media_credit":"VOA","micro_label":"Video report","micro_label_kind":"video","network_label":"VOA","network_logo_url":"/static/uploads/direct_network_logos/voa_1ef13eedbd2f.svg","published_at":"2026-09-02T15:05:24.147000","published_at_display":"2 Sep 2026, 15:05 GMT","sequence_badge_label":null,"sequence_count":null,"sequence_count_label":null,"sequence_frames":[],"sequence_kind":null,"source_name":"dengeamerika_com_direct","source_name_label":"Dengeamerika","source_type":"direct_api","summary":"Saz\u00ee \u00fb navend\u00ean kultura Kurd\u00ee, di nav de Komeleya Mala Kurd\u00ee be\u015fdar\u00ee Global Fest\u00eeval a li bajar\u00ea Calgary y\u00ea Keneday\u00ea b\u00fbn. Kurdan bi m\u00fbz\u00eek, d\u00eelan, xwarin \u00fb hunera xwe ya kevne\u015fop\u00ee fest\u00eeval xemiland. Raporta Ebdo Seyd\u00ee ji Calgary.","title":"Be\u015fdar\u00eeya Kurdan di Global Fest\u00eeval a li Bajar\u00ea Calgary y\u00ea Kendeday\u00ea de","topic":"V\u00eedyo Galer\u00ee","translation_language":"","url":"https://voa-video-ns.akamaized.net/pangeavideo/2026/09/b/ba/baf52335-d7ac-46e1-48d2-08decadaa577_1080p.mp4?cb=ee22a3234","video_url":"https://voa-video-ns.akamaized.net/pangeavideo/2026/09/b/ba/baf52335-d7ac-46e1-48d2-08decadaa577_1080p.mp4?cb=ee22a3234"},{"article_body_paragraphs":[],"audio_source_url":null,"author":"Emced Kurdo","available_dubs":[],"downloadable_assets":["https://voa-video-ns.akamaized.net/pangeavideo/2026/09/a/a6/a6dcf022-6610-4296-82ad-08decae8682a_1080p.mp4?cb=ee22a2f78"],"duration_display":"2:47","duration_seconds":167.76,"embed_url":null,"id":13062,"image_caption":null,"image_url":"https://gdb.voanews.com/a6dcf022-6610-4296-82ad-08decae8682a_tv_mw2048_mh2048_n.jpg","is_clip":true,"item_type":"video","item_type_label":"Video","language_label":"Kurdish","media_credit":"VOA","micro_label":"Video report","micro_label_kind":"video","network_label":"VOA","network_logo_url":"/static/uploads/direct_network_logos/voa_1ef13eedbd2f.svg","published_at":"2026-09-02T14:23:00.120000","published_at_display":"2 Sep 2026, 14:23 GMT","sequence_badge_label":null,"sequence_count":null,"sequence_count_label":null,"sequence_frames":[],"sequence_kind":null,"source_name":"dengeamerika_com_direct","source_name_label":"Dengeamerika","source_type":"direct_api","summary":"Ciwan\u00ean Kurd di Koma Ar\u00ee de li Qami\u015flo hewl didin kevne\u015fopiy\u00ean folklora Kurd\u00ee bipar\u00eazin.","title":"Koma Ar\u00ee Hewla Parastina Folklora Kurd\u00ee Dide","topic":"V\u00eedyo Galer\u00ee","translation_language":"","url":"https://voa-video-ns.akamaized.net/pangeavideo/2026/09/a/a6/a6dcf022-6610-4296-82ad-08decae8682a_1080p.mp4?cb=ee22a2f78","video_url":"https://voa-video-ns.akamaized.net/pangeavideo/2026/09/a/a6/a6dcf022-6610-4296-82ad-08decae8682a_1080p.mp4?cb=ee22a2f78"},{"article_body_paragraphs":[],"audio_source_url":null,"author":"Huner Ehmed","available_dubs":[{"dubbed_video_url":"/static/video/direct_dubs/direct_dub_57_17e1bf5e3f24.mp4","id":57,"label":"Espa\u00f1ol","target_language":"es","target_language_label":"Espa\u00f1ol","voice":"alloy"}],"downloadable_assets":["https://voa-video-ns.akamaized.net/pangeavideo/2026/09/0/05/05bb9e04-5707-4181-f359-08def2b12219_1080p.mp4?cb=ee2294a59"],"duration_display":"2:29","duration_seconds":149.2,"embed_url":null,"id":12607,"image_caption":null,"image_url":"https://gdb.voanews.com/05bb9e04-5707-4181-f359-08def2b12219_tv_mw2048_mh2048_n.jpg","is_clip":true,"item_type":"video","item_type_label":"Video","language_label":"Kurdish","media_credit":"VOA","micro_label":"Video report","micro_label_kind":"video","network_label":"VOA","network_logo_url":"/static/uploads/direct_network_logos/voa_1ef13eedbd2f.svg","published_at":"2026-09-01T22:36:09.930000","published_at_display":"1 Sep 2026, 22:36 GMT","sequence_badge_label":null,"sequence_count":null,"sequence_count_label":null,"sequence_frames":[],"sequence_kind":null,"source_name":"dengeamerika_com_direct","source_name_label":"Dengeamerika","source_type":"direct_api","summary":"Endam\u00ea fraksiyona Yek\u00eetiya Ni\u015ftiman\u00ee ya Kurdistan\u00ea (YNK)\u00ea li parlamentoya \u00ceraq\u00ea ji Deng\u00ea Amer\u00eekay\u00ea re got ku rew\u015f guheriye \u00fb partiy\u00ean siyas\u00ee namzed\u00ean xwe ji bo serokwez\u00eer p\u00ea\u015fk\u00ea\u015f kirine.","title":"Parlamenterk\u00ee \u00ceraq\u00ee: Partiy\u00ean Siyas\u00ee Kand\u00eed\u00ean Xwe ji bo Wezaret\u00ean May\u00ee Dane Serokwez\u00eer","topic":"V\u00eedyo Galer\u00ee","translation_language":"","url":"https://voa-video-ns.akamaized.net/pangeavideo/2026/09/0/05/05bb9e04-5707-4181-f359-08def2b12219_1080p.mp4?cb=ee2294a59","video_url":"https://voa-video-ns.akamaized.net/pangeavideo/2026/09/0/05/05bb9e04-5707-4181-f359-08def2b12219_1080p.mp4?cb=ee2294a59"},{"article_body_paragraphs":[],"audio_source_url":null,"author":"S\u00eenor Ker\u00eem","available_dubs":[{"dubbed_video_url":"/static/video/direct_dubs/direct_dub_52_4caf220b815f.mp4","id":52,"label":"English","target_language":"en","target_language_label":"English","voice":"alloy"}],"downloadable_assets":["https://voa-video-ns.akamaized.net/pangeavideo/2026/09/d/dd/dd3e7e8c-5f57-477b-caf1-08decaecd3b3_1080p.mp4?cb=ee229494b"],"duration_display":"2:32","duration_seconds":152.17,"embed_url":null,"id":12608,"image_caption":null,"image_url":"https://gdb.voanews.com/dd3e7e8c-5f57-477b-caf1-08decaecd3b3_tv_mw2048_mh2048_n.jpg","is_clip":true,"item_type":"video","item_type_label":"Video","language_label":"Kurdish","media_credit":"VOA","micro_label":"Video report","micro_label_kind":"video","network_label":"VOA","network_logo_url":"/static/uploads/direct_network_logos/voa_1ef13eedbd2f.svg","published_at":"2026-09-01T22:31:39.130000","published_at_display":"1 Sep 2026, 22:31 GMT","sequence_badge_label":null,"sequence_count":null,"sequence_count_label":null,"sequence_frames":[],"sequence_kind":null,"source_name":"dengeamerika_com_direct","source_name_label":"Dengeamerika","source_type":"direct_api","summary":"Dadgeha Cezay\u00ea ya \u00ceraq\u00ea bi 15 sal cezay\u00ea girt\u00eegeh\u00ea dan du endam\u00ean kom\u00ean \u00e7ekdar ji ber \u00ear\u00ee\u015fa li ser saz\u00ee \u00fb bingeh\u00ean d\u00eeplomat\u00eek \u00fb balyozxaneya Amer\u00eek\u00ee li Bexday\u00ea.","title":"Cezakirina \u00c7end Endam\u00ean Kom\u00ean \u00c7ekdar li \u00ceraq\u00ea","topic":"V\u00eedyo Galer\u00ee","translation_language":"","url":"https://voa-video-ns.akamaized.net/pangeavideo/2026/09/d/dd/dd3e7e8c-5f57-477b-caf1-08decaecd3b3_1080p.mp4?cb=ee229494b","video_url":"https://voa-video-ns.akamaized.net/pangeavideo/2026/09/d/dd/dd3e7e8c-5f57-477b-caf1-08decaecd3b3_1080p.mp4?cb=ee229494b"},{"article_body_paragraphs":[],"audio_source_url":null,"author":"D\u00eeyar Cemal","available_dubs":[],"downloadable_assets":["https://voa-video-ns.akamaized.net/pangeavideo/2026/09/e/ef/effbc8d6-a4c4-4c8b-7fd2-08def2ed48ad_1080p.mp4?cb=ee2294c32"],"duration_display":"3:57","duration_seconds":237.41,"embed_url":null,"id":12606,"image_caption":null,"image_url":"https://gdb.voanews.com/effbc8d6-a4c4-4c8b-7fd2-08def2ed48ad_tv_mw2048_mh2048_n.jpg","is_clip":true,"item_type":"video","item_type_label":"Video","language_label":"Kurdish","media_credit":"VOA","micro_label":"Video report","micro_label_kind":"video","network_label":"VOA","network_logo_url":"/static/uploads/direct_network_logos/voa_1ef13eedbd2f.svg","published_at":"2026-09-01T22:27:30.670000","published_at_display":"1 Sep 2026, 22:27 GMT","sequence_badge_label":null,"sequence_count":null,"sequence_count_label":null,"sequence_frames":[],"sequence_kind":null,"source_name":"dengeamerika_com_direct","source_name_label":"Dengeamerika","source_type":"direct_api","summary":"Bajarok\u00ea Xaneq\u00een y\u00ea li par\u00eazgeha Diyalay\u00ea \u00e7end roj in di nav aloziy\u00ea de ye, dema ku welatiyan \u00fb partiy\u00ean siyas\u00ee hewl dan xwep\u00ea\u015fandanek a\u015ftiyane li dij\u00ee erebkirina w\u00ee bajar\u00ea Kurdan li her\u00eam\u00ea encam bidin, h\u00eaz\u00ean \u00ceraq\u00ee r\u00ea li ber xwep\u00ea\u015fandan\u00ea girtin \u00fb du kes girtin.","title":"Rew\u015fa Guhertina Demograf\u00ee ya Xaneq\u00een\u00ea Part\u00eey\u00ean Kurd\u00ee An\u00een ba Hev","topic":"V\u00eedyo Galer\u00ee","translation_language":"","url":"https://voa-video-ns.akamaized.net/pangeavideo/2026/09/e/ef/effbc8d6-a4c4-4c8b-7fd2-08def2ed48ad_1080p.mp4?cb=ee2294c32","video_url":"https://voa-video-ns.akamaized.net/pangeavideo/2026/09/e/ef/effbc8d6-a4c4-4c8b-7fd2-08def2ed48ad_1080p.mp4?cb=ee2294c32"},{"article_body_paragraphs":[],"audio_source_url":null,"author":null,"available_dubs":[],"downloadable_assets":["https://voa-video-ns.akamaized.net/pangeavideo/2026/09/1/1d/1df67133-e47a-42a6-48c7-08decadaa577_1080p.mp4?cb=ee229457f"],"duration_display":"7:59","duration_seconds":479.61,"embed_url":null,"id":12609,"image_caption":null,"image_url":"https://gdb.voanews.com/1df67133-e47a-42a6-48c7-08decadaa577_tv_mw2048_mh2048_n.jpg","is_clip":false,"item_type":"video","item_type_label":"Video","language_label":"Kurdish","media_credit":"VOA","micro_label":"Video report","micro_label_kind":"video","network_label":"VOA","network_logo_url":"/static/uploads/direct_network_logos/voa_1ef13eedbd2f.svg","published_at":"2026-09-01T22:15:27.330000","published_at_display":"1 Sep 2026, 22:15 GMT","sequence_badge_label":null,"sequence_count":null,"sequence_count_label":null,"sequence_frames":[],"sequence_kind":null,"source_name":"dengeamerika_com_direct","source_name_label":"Dengeamerika","source_type":"direct_api","summary":"Del\u00eel Doxan, Mamostey\u00ea Zan\u00eengeh\u00ea, ji Qami\u015flo n\u00ear\u00een\u00ean xwe derbar\u00ea v\u00ea mijar\u00ea parve dike","title":"\u00c7aren\u00fbsa Zan\u00eengeh\u00ean Rojava Pist\u00ee Hilwe\u015fandina HSD\u2019\u00ea","topic":"V\u00eedyo Galer\u00ee","translation_language":"","url":"https://voa-video-ns.akamaized.net/pangeavideo/2026/09/1/1d/1df67133-e47a-42a6-48c7-08decadaa577_1080p.mp4?cb=ee229457f","video_url":"https://voa-video-ns.akamaized.net/pangeavideo/2026/09/1/1d/1df67133-e47a-42a6-48c7-08decadaa577_1080p.mp4?cb=ee229457f"},{"article_body_paragraphs":[],"audio_source_url":null,"author":"Xec\u00eecan Farq\u00een","available_dubs":[],"downloadable_assets":["https://voa-video-ns.akamaized.net/pangeavideo/2026/09/2/27/27e204ec-9e0a-4108-48c4-08decadaa577_1080p.mp4?cb=ee2292213"],"duration_display":"4:32","duration_seconds":272.15,"embed_url":null,"id":12480,"image_caption":null,"image_url":"https://gdb.voanews.com/27e204ec-9e0a-4108-48c4-08decadaa577_tv_mw2048_mh2048_n.jpg","is_clip":true,"item_type":"video","item_type_label":"Video","language_label":"Kurdish","media_credit":"VOA","micro_label":"Video report","micro_label_kind":"video","network_label":"VOA","network_logo_url":"/static/uploads/direct_network_logos/voa_1ef13eedbd2f.svg","published_at":"2026-09-01T19:44:19.340000","published_at_display":"1 Sep 2026, 19:44 GMT","sequence_badge_label":null,"sequence_count":null,"sequence_count_label":null,"sequence_frames":[],"sequence_kind":null,"source_name":"dengeamerika_com_direct","source_name_label":"Dengeamerika","source_type":"direct_api","summary":"Li Tirk\u00eey\u00ea 1\u00ea \u00celon\u00ea weke roja A\u015ftiy\u00ea t\u00ea p\u00ea\u015fwaz\u00eekirin, DEM Part\u00ee bi boneya roja A\u015ftiy\u00ea me\u015fek girsey\u00ee encam da. Xec\u00eecan Farq\u00een derbar\u00ea \u00e7alak\u00eey\u00ea zanyar\u00eeyan radigih\u00eene.","title":"\u00c7alak\u00eey\u00ean Roja A\u015ftiy\u00ea li Tirk\u00eey\u00ea","topic":"V\u00eedyo Galer\u00ee","translation_language":"","url":"https://voa-video-ns.akamaized.net/pangeavideo/2026/09/2/27/27e204ec-9e0a-4108-48c4-08decadaa577_1080p.mp4?cb=ee2292213","video_url":"https://voa-video-ns.akamaized.net/pangeavideo/2026/09/2/27/27e204ec-9e0a-4108-48c4-08decadaa577_1080p.mp4?cb=ee2292213"},{"article_body_paragraphs":[],"audio_source_url":null,"author":null,"available_dubs":[],"downloadable_assets":["https://voa-video-ns.akamaized.net/pangeavideo/2026/09/8/8f/8f7ad131-7d6a-4521-48c3-08decadaa577_1080p.mp4?cb=ee2294316"],"duration_display":"5:25","duration_seconds":325.67,"embed_url":null,"id":12479,"image_caption":null,"image_url":"https://gdb.voanews.com/8f7ad131-7d6a-4521-48c3-08decadaa577_tv_mw2048_mh2048_n.jpg","is_clip":false,"item_type":"video","item_type_label":"Video","language_label":"Kurdish","media_credit":"VOA","micro_label":"Video report","micro_label_kind":"video","network_label":"VOA","network_logo_url":"/static/uploads/direct_network_logos/voa_1ef13eedbd2f.svg","published_at":"2026-09-01T19:40:29.573000","published_at_display":"1 Sep 2026, 19:40 GMT","sequence_badge_label":null,"sequence_count":null,"sequence_count_label":null,"sequence_frames":[],"sequence_kind":null,"source_name":"dengeamerika_com_direct","source_name_label":"Dengeamerika","source_type":"direct_api","summary":"Raport didin zan\u00een ku hejmarek \u015fervan\u00ean PKK\u00ea li gor lihevhatina bi Tirkiy\u00ea re d\u00ea li \u00ceraq \u00fb Her\u00eama Kurdsitan\u00ea bim\u00eenin. Ozlem Yasak li ser mjiar\u00ea p\u00eazan\u00een\u00ean z\u00eadetir dide.","title":"Rola \u00ceraq \u00fb Her\u00eama Kurdistan\u00ea di B\u00ea\u00e7ekkirina PKK'\u00ea de","topic":"V\u00eedyo Galer\u00ee","translation_language":"","url":"https://voa-video-ns.akamaized.net/pangeavideo/2026/09/8/8f/8f7ad131-7d6a-4521-48c3-08decadaa577_1080p.mp4?cb=ee2294316","video_url":"https://voa-video-ns.akamaized.net/pangeavideo/2026/09/8/8f/8f7ad131-7d6a-4521-48c3-08decadaa577_1080p.mp4?cb=ee2294316"},{"article_body_paragraphs":[],"audio_source_url":null,"author":"Ridwan B\u00eazar","available_dubs":[],"downloadable_assets":["https://voa-video-ns.akamaized.net/pangeavideo/2026/09/9/9c/9cc26587-bbe9-4843-f354-08def2b12219_1080p.mp4?cb=ee2290f7b"],"duration_display":"2:41","duration_seconds":161.7,"embed_url":null,"id":12438,"image_caption":null,"image_url":"https://gdb.voanews.com/9cc26587-bbe9-4843-f354-08def2b12219_tv_mw2048_mh2048_n.jpg","is_clip":true,"item_type":"video","item_type_label":"Video","language_label":"Kurdish","media_credit":"VOA","micro_label":"Video report","micro_label_kind":"video","network_label":"VOA","network_logo_url":"/static/uploads/direct_network_logos/voa_1ef13eedbd2f.svg","published_at":"2026-09-01T18:24:59.780000","published_at_display":"1 Sep 2026, 18:24 GMT","sequence_badge_label":null,"sequence_count":null,"sequence_count_label":null,"sequence_frames":[],"sequence_kind":null,"source_name":"dengeamerika_com_direct","source_name_label":"Dengeamerika","source_type":"direct_api","summary":"Ji bo zext\u00ea li hik\u00fbmeta demk\u00ee ya S\u00fbr\u00eey\u00ea bike, malbata yek ji girt\u00eey\u00ean di dest\u00ea hik\u00fbmeta \u015eam\u00ea de li p\u00ea\u015f\u00ee avah\u00eeya r\u00eaveber\u00eeya her\u00eam\u00ea ya li Koban\u00eey\u00ea konek\u00ee vedigire. Ridwan B\u00eazar b\u00eatir agah\u00eeyan dide.","title":"Malbateke Koban\u00ee Banga Azadkirina Kur\u00ea Xwe y\u00ea Girt\u00ee Dike","topic":"V\u00eedyo Galer\u00ee","translation_language":"","url":"https://voa-video-ns.akamaized.net/pangeavideo/2026/09/9/9c/9cc26587-bbe9-4843-f354-08def2b12219_1080p.mp4?cb=ee2290f7b","video_url":"https://voa-video-ns.akamaized.net/pangeavideo/2026/09/9/9c/9cc26587-bbe9-4843-f354-08def2b12219_1080p.mp4?cb=ee2290f7b"},{"article_body_paragraphs":[],"audio_source_url":null,"author":"\u00cevan Hes\u00eeb","available_dubs":[],"downloadable_assets":["https://voa-video-ns.akamaized.net/pangeavideo/2026/09/c/c1/c148c2d2-043f-4b8e-caea-08decaecd3b3_1080p.mp4?cb=ee2290b0a"],"duration_display":"3:24","duration_seconds":204.88,"embed_url":null,"id":12433,"image_caption":null,"image_url":"https://gdb.voanews.com/c148c2d2-043f-4b8e-caea-08decaecd3b3_tv_mw2048_mh2048_n.jpg","is_clip":true,"item_type":"video","item_type_label":"Video","language_label":"Kurdish","media_credit":"VOA","micro_label":"Video report","micro_label_kind":"video","network_label":"VOA","network_logo_url":"/static/uploads/direct_network_logos/voa_1ef13eedbd2f.svg","published_at":"2026-09-01T18:06:02.693000","published_at_display":"1 Sep 2026, 18:06 GMT","sequence_badge_label":null,"sequence_count":null,"sequence_count_label":null,"sequence_frames":[],"sequence_kind":null,"source_name":"dengeamerika_com_direct","source_name_label":"Dengeamerika","source_type":"direct_api","summary":"Hik\u00fbmeta demk\u00ee ya S\u00fbr\u00eey\u00ea dab\u00eenkirina mazot\u00ea bi buhayek\u00ee k\u00eamkir\u00ee ji jenerator\u00ean elektr\u00eek\u00ea rawestand\u00eeye \u00fb ev yek b\u00fbye sedema rawestandina kar\u00ea jeneratoran \u00fb bilindb\u00fbna buhay\u00ea amp\u00earan. \u00cevan Hes\u00eeb b\u00eatir zanyar\u00ee di v\u00ea raport\u00ea de hene.","title":"Bilindb\u00fbna Buhay\u00ea Mazot\u00ea Kr\u00eeza Elektr\u00eek\u00ea li Qami\u015flo Xirabtir Dike","topic":"V\u00eedyo Galer\u00ee","translation_language":"","url":"https://voa-video-ns.akamaized.net/pangeavideo/2026/09/c/c1/c148c2d2-043f-4b8e-caea-08decaecd3b3_1080p.mp4?cb=ee2290b0a","video_url":"https://voa-video-ns.akamaized.net/pangeavideo/2026/09/c/c1/c148c2d2-043f-4b8e-caea-08decaecd3b3_1080p.mp4?cb=ee2290b0a"},{"article_body_paragraphs":[],"audio_source_url":null,"author":"Del\u00eel Sil\u00eaman","available_dubs":[],"downloadable_assets":["https://voa-video-ns.akamaized.net/pangeavideo/2026/09/c/cb/cba15edf-2cfb-4d68-a31c-08def2b10d93_1080p.mp4?cb=ee228e56d"],"duration_display":"3:31","duration_seconds":211.99,"embed_url":null,"id":11998,"image_caption":null,"image_url":"https://gdb.voanews.com/cba15edf-2cfb-4d68-a31c-08def2b10d93_tv_mw2048_mh2048_n.jpg","is_clip":true,"item_type":"video","item_type_label":"Video","language_label":"Kurdish","media_credit":"VOA","micro_label":"Video report","micro_label_kind":"video","network_label":"VOA","network_logo_url":"/static/uploads/direct_network_logos/voa_1ef13eedbd2f.svg","published_at":"2026-09-01T15:22:30.187000","published_at_display":"1 Sep 2026, 15:22 GMT","sequence_badge_label":null,"sequence_count":null,"sequence_count_label":null,"sequence_frames":[],"sequence_kind":null,"source_name":"dengeamerika_com_direct","source_name_label":"Dengeamerika","source_type":"direct_api","summary":"D\u00fbrketina ciwan\u00ean kurd ji xebata siyas\u00ee \u00fb b\u00ea h\u00eav\u00ee b\u00fbna wan ji partiy\u00ean siyas\u00ee y\u00ean li Rojava di sal\u00ean daw\u00ee de, b\u00fbye mijarek giring, \u00e7avd\u00ear \u00fb xelk\u00ea her\u00eam\u00ea v\u00ea yek\u00ea vediger\u00eenin bo \u00e7end\u00een sedeman. Raporta Del\u00eel Sil\u00eaman ji Am\u00fbd\u00ea behsa mijar\u00ea dike.","title":"\u00c7ima Ciwan\u00ean Rojava ji Siyaset\u00ea D\u00fbr Dikevin","topic":"V\u00eedyo Galer\u00ee","translation_language":"","url":"https://voa-video-ns.akamaized.net/pangeavideo/2026/09/c/cb/cba15edf-2cfb-4d68-a31c-08def2b10d93_1080p.mp4?cb=ee228e56d","video_url":"https://voa-video-ns.akamaized.net/pangeavideo/2026/09/c/cb/cba15edf-2cfb-4d68-a31c-08def2b10d93_1080p.mp4?cb=ee228e56d"},{"article_body_paragraphs":[],"audio_source_url":null,"author":"\u00cevan Hes\u00eeb","available_dubs":[],"downloadable_assets":["https://voa-video-ns.akamaized.net/pangeavideo/2026/09/c/c0/c0ccc5ad-c648-444c-48bb-08decadaa577_1080p.mp4?cb=ee228e25c"],"duration_display":"3:21","duration_seconds":201.77,"embed_url":null,"id":11999,"image_caption":null,"image_url":"https://gdb.voanews.com/c0ccc5ad-c648-444c-48bb-08decadaa577_tv_mw2048_mh2048_n.jpg","is_clip":true,"item_type":"video","item_type_label":"Video","language_label":"Kurdish","media_credit":"VOA","micro_label":"Video report","micro_label_kind":"video","network_label":"VOA","network_logo_url":"/static/uploads/direct_network_logos/voa_1ef13eedbd2f.svg","published_at":"2026-09-01T15:12:28.547000","published_at_display":"1 Sep 2026, 15:12 GMT","sequence_badge_label":null,"sequence_count":null,"sequence_count_label":null,"sequence_frames":[],"sequence_kind":null,"source_name":"dengeamerika_com_direct","source_name_label":"Dengeamerika","source_type":"direct_api","summary":"Ji bo ku di war\u00ea abor\u00ee de be\u015fdar\u00ee dahat \u00fb debara malbat\u00ea bibin, jin\u00ean Qami\u015flo dest bi proje \u00fb kar\u00ean taybet kirine. Raporta \u00cevan Hes\u00eeb qala hewlidan\u00ean jinan \u00fb projey\u00ean wan y\u00ean abor\u00ee \u00fb karsaziy\u00ea dike.","title":"Jin\u00ean Qami\u015flo ji bo Serxweb\u00fbna Abor\u00ee Dest bi Kar \u00fb Projey\u00ean Taybet Dikin","topic":"V\u00eedyo Galer\u00ee","translation_language":"","url":"https://voa-video-ns.akamaized.net/pangeavideo/2026/09/c/c0/c0ccc5ad-c648-444c-48bb-08decadaa577_1080p.mp4?cb=ee228e25c","video_url":"https://voa-video-ns.akamaized.net/pangeavideo/2026/09/c/c0/c0ccc5ad-c648-444c-48bb-08decadaa577_1080p.mp4?cb=ee228e25c"},{"article_body_paragraphs":[],"audio_source_url":null,"author":"Ridwan B\u00eazar","available_dubs":[],"downloadable_assets":["https://voa-video-ns.akamaized.net/pangeavideo/2026/09/d/d0/d0ae127b-775f-4b91-8294-08decae8682a_1080p.mp4?cb=ee228dbfe"],"duration_display":"2:31","duration_seconds":151.01,"embed_url":null,"id":11308,"image_caption":null,"image_url":"https://gdb.voanews.com/d0ae127b-775f-4b91-8294-08decae8682a_tv_mw2048_mh2048_n.jpg","is_clip":true,"item_type":"video","item_type_label":"Video","language_label":"Kurdish","media_credit":"VOA","micro_label":"Video report","micro_label_kind":"video","network_label":"VOA","network_logo_url":"/static/uploads/direct_network_logos/voa_1ef13eedbd2f.svg","published_at":"2026-09-01T14:27:52.917000","published_at_display":"1 Sep 2026, 14:27 GMT","sequence_badge_label":null,"sequence_count":null,"sequence_count_label":null,"sequence_frames":[],"sequence_kind":null,"source_name":"dengeamerika_com_direct","source_name_label":"Dengeamerika","source_type":"direct_api","summary":"Li gund\u00ea \u015e\u00earan\u00ea y\u00ea Koban\u00eey\u00ea ciwan\u00ean ku di l\u00eest\u00eeka futbol\u00ea de serkeft b\u00fbn hatin xelatkirin \u00fb projey\u00ean p\u00ea\u015fxer\u00eey\u00ean gencan hatine destp\u00eakirin, da ku wan ji kar \u00fb \u00e7alak\u00eey\u00ean neba\u015f d\u00fbr bixin.","title":"Li Koban\u00eey\u00ea Destp\u00eakirina Projey\u00ean Hi\u015fyarkirina Gencan \u00fb D\u00fbrxistina Wan ji Kar\u00ean Neba\u015f","topic":"V\u00eedyo Galer\u00ee","translation_language":"","url":"https://voa-video-ns.akamaized.net/pangeavideo/2026/09/d/d0/d0ae127b-775f-4b91-8294-08decae8682a_1080p.mp4?cb=ee228dbfe","video_url":"https://voa-video-ns.akamaized.net/pangeavideo/2026/09/d/d0/d0ae127b-775f-4b91-8294-08decae8682a_1080p.mp4?cb=ee228dbfe"},{"article_body_paragraphs":[],"audio_source_url":null,"author":null,"available_dubs":[],"downloadable_assets":["https://voa-video-ns.akamaized.net/pangeavideo/2026/08/9/96/96c386a6-9e42-44fb-48a7-08decadaa577_1080p.mp4?cb=ee228c651"],"duration_display":"2:24","duration_seconds":144.66,"embed_url":null,"id":11274,"image_caption":null,"image_url":"https://gdb.voanews.com/96c386a6-9e42-44fb-48a7-08decadaa577_tv_mw2048_mh2048_n.jpg","is_clip":true,"item_type":"video","item_type_label":"Video","language_label":"Kurdish","media_credit":"VOA","micro_label":"Video report","micro_label_kind":"video","network_label":"VOA","network_logo_url":"/static/uploads/direct_network_logos/voa_1ef13eedbd2f.svg","published_at":"2026-09-01T13:12:49.393000","published_at_display":"1 Sep 2026, 13:12 GMT","sequence_badge_label":null,"sequence_count":null,"sequence_count_label":null,"sequence_frames":[],"sequence_kind":null,"source_name":"dengeamerika_com_direct","source_name_label":"Dengeamerika","source_type":"direct_api","summary":"Di teq\u00eenek\u00ea de li taxeke ni\u015ftecihb\u00fbn\u00ea li Heleb\u00e7e, ku ji encama bi bermay\u00ean teqemen\u00eey\u00ean kevin l\u00eestin\u00ea gule topek teq\u00ee \u00fb di encam de du ciwan hatin ku\u015ftin. Ji bo b\u00eatir agahdar\u00ee di v\u00ea rapor\u00ea de ji h\u00eala Ferhan Hawramany ve hat\u00ee niv\u00eesandin bin\u00eare.","title":"Li Heleb\u00e7ey\u00ea 2 Ciwan di Teq\u00eenek\u00ea de Hatin Ku\u015ftin","topic":"V\u00eedyo Galer\u00ee","translation_language":"","url":"https://voa-video-ns.akamaized.net/pangeavideo/2026/08/9/96/96c386a6-9e42-44fb-48a7-08decadaa577_1080p.mp4?cb=ee228c651","video_url":"https://voa-video-ns.akamaized.net/pangeavideo/2026/08/9/96/96c386a6-9e42-44fb-48a7-08decadaa577_1080p.mp4?cb=ee228c651"},{"article_body_paragraphs":[],"audio_source_url":null,"author":"Ferhan Hamaxan","available_dubs":[],"downloadable_assets":["https://voa-video-ns.akamaized.net/pangeavideo/2026/08/f/fd/fd4a3eff-95a4-4704-7f9f-08def2ed48ad_1080p.mp4?cb=ee228bd29"],"duration_display":"3:15","duration_seconds":195.44,"embed_url":null,"id":11260,"image_caption":null,"image_url":"https://gdb.voanews.com/fd4a3eff-95a4-4704-7f9f-08def2ed48ad_tv_mw2048_mh2048_n.jpg","is_clip":true,"item_type":"video","item_type_label":"Video","language_label":"Kurdish","media_credit":"VOA","micro_label":"Video report","micro_label_kind":"video","network_label":"VOA","network_logo_url":"/static/uploads/direct_network_logos/voa_1ef13eedbd2f.svg","published_at":"2026-09-01T12:33:45.197000","published_at_display":"1 Sep 2026, 12:33 GMT","sequence_badge_label":null,"sequence_count":null,"sequence_count_label":null,"sequence_frames":[],"sequence_kind":null,"source_name":"dengeamerika_com_direct","source_name_label":"Dengeamerika","source_type":"direct_api","summary":"Saleke din a xwendin\u00ea li Her\u00eama Kurdistan\u00ea dest p\u00ea dike \u00fb soz\u00ean ku zaravay\u00ea Hewram\u00ee di dersan de were z\u00eadekirin, nehatine bicihan\u00een. Ji bo b\u00eatir agahdar\u00ee di v\u00ea rapora Ferhan Hewram\u00ee de bib\u00eenin.","title":"N\u00eegeraniya Xelk\u00ea Hewraman\u00ea ji ber Neb\u00fbna Dersa bi Zaravay\u00ea Hewram\u00ee","topic":"V\u00eedyo Galer\u00ee","translation_language":"","url":"https://voa-video-ns.akamaized.net/pangeavideo/2026/08/f/fd/fd4a3eff-95a4-4704-7f9f-08def2ed48ad_1080p.mp4?cb=ee228bd29","video_url":"https://voa-video-ns.akamaized.net/pangeavideo/2026/08/f/fd/fd4a3eff-95a4-4704-7f9f-08def2ed48ad_1080p.mp4?cb=ee228bd29"}],"next_num":2,"page":1,"pages":15,"per_page":20,"prev_num":null,"total":292}
