{"applied_filters":{"end_date":"","lang":"","language":"","network":"","page":10,"per_page":20,"search":"","source":"","start_date":"","topic":"V\u00eedyo Galer\u00ee","type":"video"},"available_filters":{"language_choices":[{"label":"Choose Language","value":""},{"label":"English","value":"English"},{"label":"Espa\u00f1ol","value":"Espa\u00f1ol"},{"label":"Kurdish","value":"Kurdish"}],"network_choices":[{"label":"All networks","value":""},{"label":"VOA","value":"VOA"}],"source_choices":[{"label":"All sources","value":""},{"label":"Dengeamerika","value":"dengeamerika_com_direct"}],"sources":["dengeamerika_com_direct"],"topics":["250em\u00een Salvegera Serxweb\u00fbna Amer\u00eekay\u00ea","250\u0647\u06d5\u0645\u06cc\u0646 \u0633\u0627\u06b5\u06cc\u0627\u062f\u06cc \u0633\u06d5\u0631\u0628\u06d5\u062e\u06c6\u06cc\u06cc \u0626\u06d5\u0645\u06d5\u0631\u06cc\u06a9\u0627","8 \u10e4\u10dd\u10e2\u10dd \u10d0\u10e0\u10e5\u10d8\u10d5\u10d8\u10d3\u10d0\u10dc","Afghanistan","Amer\u00eeka","Am\u00e9rica Latina, VENEZUELA, Maiquetia","Asuntos de Estado","Audiovisuales Mart\u00ed","Audiovisuales Mart\u00ed, Cuba turismo, crisis del turismo en Cuba","Audiovisuales Mart\u00ed, VENEZUELA, apagones","Bernameya Televizyon\u00ee ya Rojane","Como Come Cuba, cuba, Como Come Cuba","Cuba Habla","Cuba Habla, Cuba","Cuba al D\u00eda, Cuba","C\u00eehan","Derechos Humanos, cuba, exilio, c\u00e1ncer, Ram\u00f3n Sa\u00fal S\u00e1nchez","Especiales, Exilio cubano, Freedom tower, \"Libertad\", Torre de la Libertad de Miami, Exilio cubano en Miami","Especiales, jos\u00e9 mart\u00ed, Exilio cubano","Esperando un techo, cuba, crisis, vivienda, derrumbes, techo, paredes, EsperandounTecho","Human Rights","Info Mart\u00ed","Info Mart\u00ed , Brigada 2506","Info Mart\u00ed , Cuba","Info Mart\u00ed , Estados Unidos, Colombia","Info Mart\u00ed , Estados Unidos, VENEZUELA","Info Mart\u00ed , estados unidos, Venezuela","Info Mart\u00ed , presos politicos, torturas, VENEZUELA","Iran","Iz RSE sveta","Kentu-Cubano, cuba, cubanos, Kentucky, migrantes, KentoCubano","Korea","Laos","Las Noticias Como Son, Cuba","Multimedija","Myanmar","Noticiero Mart\u00ed Noticias","Noticiero Mart\u00ed Noticias, Cuba","Pacific","Pe Agend\u0103 cu Cristina Popu\u0219oi","Perspektiva","Ser Madre en cuba, cuba, hambre, r\u00e9gimen, madre, negligencia, Testimonios, Crisis Econ\u00f3mica, madre cubana, Crisis Alimentaria","Ser viejo en Cuba, cuba, cubanos, crisis, alimentos, ancianos, viejos, vejez","South China Sea","Srbija","Tibet","Ukraine","Uvid","VOA \ud55c\uad6d\uc5b4 \ubcf4\uc774\ub294 \ub77c\ub514\uc624","VOA\u4eca\u65e5\u7126\u70b9","Video","Videos","V\u00eedyo Galer\u00ee","\u0410\u0440\u0445\u0435\u043e\u043b\u043e\u0433\u0438\u044f","\u0411\u0430\u043b\u0442\u0438\u044f","\u0412\u0438\u0434\u0435\u043e","\u0413\u043b\u0430\u0432\u043d\u043e\u0435","\u0413\u0440\u0430\u043d\u0438 \u0432\u0440\u0435\u043c\u0435\u043d\u0438","\u0418\u043d\u0442\u0435\u0440\u0432\u044c\u044e","\u041a\u0430\u0434\u0440\u044b \u0434\u043d\u044f","\u041b\u0438\u0446\u043e\u043c \u043a \u0441\u043e\u0431\u044b\u0442\u0438\u044e","\u0420\u0435\u043f\u043e\u0440\u0442\u0430\u0436","\u0420\u043e\u0441\u0441\u0438\u044f","\u0421\u043c\u043e\u0442\u0440\u0438 \u0432 \u043e\u0431\u0430","\u0423\u043a\u0440\u0430\u0438\u043d\u0430","\u0622\u062e\u0631\u06cc\u0646 \u0648\u06cc\u062f\u06cc\u0648\u0647\u0627","\u0626\u06ce\u0631\u0627\u0646","\u0626\u06d5\u0645\u06d5\u0631\u06cc\u06a9\u0627","\u0627\u0645\u0631\u06cc\u06a9\u0627 \u063a\u0696 \u067e\u069a\u062a\u0648","\u0628\u06d5\u0631\u0646\u0627\u0645\u06d5\u06cc \u0695\u06c6\u0698\u0627\u0646\u06d5\u06cc \u062a\u06d5\u0644\u06d5\u0641\u06cc\u0632\u06cc\u06c6\u0646","\u062a\u0648\u0631\u06a9\u06cc\u0627","\u062c\u0647\u0627\u0646","\u062c\u06cc\u0647\u0627\u0646","\u0633\u0648\u0631\u06cc\u0627","\u0633\u0649\u0646","\u0635\u062f\u0627\u06cc \u0627\u0645\u0631\u06cc\u06a9\u0627 \u062f\u0631\u06cc","\u0639\u06ce\u0631\u0627\u0642","\u0642\u0649\u0633\u0642\u0627 \u062e\u06d5\u06cb\u06d5\u0631\u0644\u06d5\u0631","\u0645\u0631\u06a9\u06d0","\u0646\u0648\u0631 \u062e\u0628\u0631\u0648\u0646\u0647","\u0647\u06d5\u0631\u06ce\u0645\u06d5 \u06a9\u0648\u0631\u062f\u06cc\u0640\u06cc\u06d5\u06a9\u0627\u0646","\u0648\u06cc\u062f\u06cc\u0648","\u0648\u06cc\u0698\u0647 \u0628\u0631\u0646\u0627\u0645\u0647\u200c\u0647\u0627","\u0695\u06c6\u0698\u0647\u06d5\u06b5\u0627\u062a\u06cc \u0646\u0627\u0648\u06d5\u0695\u0627\u0633\u062a","\u06a4\u06cc\u062f\u06cc\u06c6","\u0e82\u0ec8\u0eb2\u0ea7\u0ec1\u0ea5\u0eb0\u0ea5\u0eb2\u0e8d\u0e87\u0eb2\u0e99","\u0ea7\u0eb5\u0e94\u0eb5\u0ec2\u0ead","\u0f38\u0f42\u0f7c\u0f44\u0f0b\u0f66\u0f0b\u0f58\u0f46\u0f7c\u0f42","\u0f56\u0f59\u0f53\u0f0b\u0f56\u0fb1\u0f7c\u0f63\u0f0d","\u0f56\u0f62\u0f99\u0f53\u0f0d","\u0f56\u0f7c\u0f51\u0f0d","\u1017\u102e\u1012\u102e\u101a\u102d\u102f\u1019\u103b\u102c\u1038","\u101e\u1010\u1004\u103a\u1038\u1019\u103b\u102c\u1038","\u10d5\u10d8\u10d3\u10d4\u10dd","\u1785\u17d2\u1794\u17b6\u1794\u17cb","\u1793\u1799\u17c4\u1794\u17b6\u1799","\u1794\u179a\u17b7\u179f\u17d2\u1790\u17b6\u1793","\u179c\u17b8\u178a\u17c1\u17a2\u17bc","\u179f\u1784\u17d2\u1782\u1798","\u4eba\u6743\u6cd5\u6cbb"],"types":[["","All types"],["video","Videos"],["clips","Clips"],["media","Media"]]},"has_next":true,"has_prev":true,"items":[{"article_body_paragraphs":[],"audio_source_url":null,"author":"Befraw N\u00fbr\u00ee","available_dubs":[],"downloadable_assets":["https://voa-video-ns.akamaized.net/pangeavideo/2026/08/2/2f/2f914f8a-0d2b-4587-7e44-08def2ed48ad_1080p.mp4?cb=ee20ec161"],"duration_display":"6:47","duration_seconds":407.61,"embed_url":null,"id":4548,"image_caption":null,"image_url":"https://gdb.voanews.com/2f914f8a-0d2b-4587-7e44-08def2ed48ad_tv_mw2048_mh2048_n.jpg","is_clip":false,"item_type":"video","item_type_label":"Video","language_label":"Kurdish","media_credit":"VOA","micro_label":"Video report","micro_label_kind":"video","network_label":"VOA","network_logo_url":"/static/uploads/direct_network_logos/voa_1ef13eedbd2f.svg","published_at":"2026-08-12T19:32:49.430000","published_at_display":"12 Aug 2026, 19:32 GMT","sequence_badge_label":null,"sequence_count":null,"sequence_count_label":null,"sequence_frames":[],"sequence_kind":null,"source_name":"dengeamerika_com_direct","source_name_label":"Dengeamerika","source_type":"direct_api","summary":"Di demek\u00ea de ku Qa'an\u00ee seredana Bexday\u00ea dike \u00fb fi\u015far\u00ean ser Tehran\u00ea z\u00eade dibin, \u00ceran, Bafil Taleban\u00ee bo seredaneke Tehran\u00ea bang dike. Civaknas \u00fb Pispor\u00ea Pirs\u00ean Rojhilata Nav\u00een Dr. Fereydon Rehman\u00ee mijar\u00ea dinirx\u00eene.","title":"Serdana Qa'an\u00ee ya Bexday\u00ea \u00fb Z\u00eadeb\u00fbna Fi\u015far\u00ean li ser Tehran\u00ea","topic":"V\u00eedyo Galer\u00ee","translation_language":"","url":"https://voa-video-ns.akamaized.net/pangeavideo/2026/08/2/2f/2f914f8a-0d2b-4587-7e44-08def2ed48ad_1080p.mp4?cb=ee20ec161","video_url":"https://voa-video-ns.akamaized.net/pangeavideo/2026/08/2/2f/2f914f8a-0d2b-4587-7e44-08def2ed48ad_1080p.mp4?cb=ee20ec161"},{"article_body_paragraphs":[],"audio_source_url":null,"author":"D\u00eeyar Cemal","available_dubs":[],"downloadable_assets":["https://voa-video-ns.akamaized.net/pangeavideo/2026/08/b/b9/b9eec554-fad6-4b0c-a18e-08def2b10d93_1080p.mp4?cb=ee20eb8bb"],"duration_display":"3:29","duration_seconds":209.16,"embed_url":null,"id":4541,"image_caption":null,"image_url":"https://gdb.voanews.com/b9eec554-fad6-4b0c-a18e-08def2b10d93_tv_mw2048_mh2048_n.jpg","is_clip":true,"item_type":"video","item_type_label":"Video","language_label":"Kurdish","media_credit":"VOA","micro_label":"Video report","micro_label_kind":"video","network_label":"VOA","network_logo_url":"/static/uploads/direct_network_logos/voa_1ef13eedbd2f.svg","published_at":"2026-08-12T18:55:55.367000","published_at_display":"12 Aug 2026, 18:55 GMT","sequence_badge_label":null,"sequence_count":null,"sequence_count_label":null,"sequence_frames":[],"sequence_kind":null,"source_name":"dengeamerika_com_direct","source_name_label":"Dengeamerika","source_type":"direct_api","summary":"Navenda Metro ji bo Parastina Rojnamevanan li Her\u00eama Kurdistana \u00ceraq\u00ea, deng\u00ean cuda di panelek\u00ea de li Hewl\u00eara paytex kom kirin ji bo got\u00fbb\u00eajkirina \u015f\u00eawaz\u00ean ku t\u00ea de medyaya Kurd\u00ee di dema pev\u00e7\u00fbn\u00ean navxwey\u00ee de bi awayek\u00ee profesyonel \u00fb b\u00eaal\u00ee bixebitin. Raporta Diyar Cemal agah\u00eey\u00ean b\u00eahtir hene.","title":"Hewl\u00ean Parastina B\u00eaal\u00eeb\u00fbna Medyay\u00ea li Her\u00eama Kurdistan\u00ea","topic":"V\u00eedyo Galer\u00ee","translation_language":"","url":"https://voa-video-ns.akamaized.net/pangeavideo/2026/08/b/b9/b9eec554-fad6-4b0c-a18e-08def2b10d93_1080p.mp4?cb=ee20eb8bb","video_url":"https://voa-video-ns.akamaized.net/pangeavideo/2026/08/b/b9/b9eec554-fad6-4b0c-a18e-08def2b10d93_1080p.mp4?cb=ee20eb8bb"},{"article_body_paragraphs":[],"audio_source_url":null,"author":"R\u00eaj\u00een Ehmed","available_dubs":[],"downloadable_assets":["https://voa-video-ns.akamaized.net/pangeavideo/2026/08/f/f6/f6066077-c0b6-46d9-811d-08decae8682a_1080p.mp4?cb=ee211f29e"],"duration_display":"3:36","duration_seconds":216.81,"embed_url":null,"id":4518,"image_caption":null,"image_url":"https://gdb.voanews.com/f6066077-c0b6-46d9-811d-08decae8682a_tv_mw2048_mh2048_n.jpg","is_clip":true,"item_type":"video","item_type_label":"Video","language_label":"Kurdish","media_credit":"VOA","micro_label":"Video report","micro_label_kind":"video","network_label":"VOA","network_logo_url":"/static/uploads/direct_network_logos/voa_1ef13eedbd2f.svg","published_at":"2026-08-12T18:32:34.287000","published_at_display":"12 Aug 2026, 18:32 GMT","sequence_badge_label":null,"sequence_count":null,"sequence_count_label":null,"sequence_frames":[],"sequence_kind":null,"source_name":"dengeamerika_com_direct","source_name_label":"Dengeamerika","source_type":"direct_api","summary":"Xwezaya ciwan a hav\u00eengeha Gel\u00eey\u00ea \u015e\u00earane di navbera \u00e7iyay\u00ean bilind \u00ean devera Am\u00ead\u00eey\u00ea de, di werza germ a hav\u00een\u00ea de dibe meqseda ge\u015ft\u00eeyaran ji seranser\u00ee \u00ceraq\u00ea. Raporta R\u00eaj\u00een Ehmed zanyar\u00eey\u00ean b\u00eahtir hene.","title":"Gel\u00eey\u00ea \u015e\u00earane li Duhok\u00ea Bala Ge\u015ft\u00eeyaran Diki\u015f\u00eene","topic":"V\u00eedyo Galer\u00ee","translation_language":"","url":"https://voa-video-ns.akamaized.net/pangeavideo/2026/08/f/f6/f6066077-c0b6-46d9-811d-08decae8682a_1080p.mp4?cb=ee211f29e","video_url":"https://voa-video-ns.akamaized.net/pangeavideo/2026/08/f/f6/f6066077-c0b6-46d9-811d-08decae8682a_1080p.mp4?cb=ee211f29e"},{"article_body_paragraphs":[],"audio_source_url":null,"author":"Emced Kurdo","available_dubs":[],"downloadable_assets":["https://voa-video-ns.akamaized.net/pangeavideo/2026/08/3/34/34852a85-18f8-47b5-7e3d-08def2ed48ad_1080p.mp4?cb=ee20eae32"],"duration_display":"2:49","duration_seconds":169.08,"embed_url":null,"id":4519,"image_caption":null,"image_url":"https://gdb.voanews.com/34852a85-18f8-47b5-7e3d-08def2ed48ad_tv_mw2048_mh2048_n.jpg","is_clip":true,"item_type":"video","item_type_label":"Video","language_label":"Kurdish","media_credit":"VOA","micro_label":"Video report","micro_label_kind":"video","network_label":"VOA","network_logo_url":"/static/uploads/direct_network_logos/voa_1ef13eedbd2f.svg","published_at":"2026-08-12T18:10:58.887000","published_at_display":"12 Aug 2026, 18:10 GMT","sequence_badge_label":null,"sequence_count":null,"sequence_count_label":null,"sequence_frames":[],"sequence_kind":null,"source_name":"dengeamerika_com_direct","source_name_label":"Dengeamerika","source_type":"direct_api","summary":"\u00car\u00ee\u015f\u00ean dij\u00ee derbider\u00ean Ser\u00ea Kan\u00eey\u00ea b\u00fbn cih\u00ea neraz\u00eeb\u00fbneke berfereh ji al\u00eey\u00ea welat\u00ee \u00fb al\u00eey\u00ean siyas\u00ee y\u00ean Kurd\u00ean S\u00fbr\u00eey\u00ea ve, di nav de j\u00ee Mecl\u00eesa S\u00fbr\u00eeya Demokrat\u00eek(MSD) \u00fb Enc\u00fbmena Ni\u015ftiman\u00ee ya Kurd\u00ee li S\u00fbr\u00eey\u00ea(ENKS). Raporta Emced Kurdo b\u00eahtir agah\u00ee hene.","title":"Part\u00eey\u00ean Rojava Tund\u00fbt\u00fbj\u00eeya li Ser\u00ea Kan\u00eey\u00ea \u015eermezar Dikin","topic":"V\u00eedyo Galer\u00ee","translation_language":"","url":"https://voa-video-ns.akamaized.net/pangeavideo/2026/08/3/34/34852a85-18f8-47b5-7e3d-08def2ed48ad_1080p.mp4?cb=ee20eae32","video_url":"https://voa-video-ns.akamaized.net/pangeavideo/2026/08/3/34/34852a85-18f8-47b5-7e3d-08def2ed48ad_1080p.mp4?cb=ee20eae32"},{"article_body_paragraphs":[],"audio_source_url":null,"author":"Xetab Omer","available_dubs":[],"downloadable_assets":["https://voa-video-ns.akamaized.net/pangeavideo/2026/08/4/47/47561ae7-c45d-4729-f1c7-08def2b12219_1080p.mp4?cb=ee20ea60f"],"duration_display":"2:50","duration_seconds":170.62,"embed_url":null,"id":4488,"image_caption":null,"image_url":"https://gdb.voanews.com/47561ae7-c45d-4729-f1c7-08def2b12219_tv_mw2048_mh2048_n.jpg","is_clip":true,"item_type":"video","item_type_label":"Video","language_label":"Kurdish","media_credit":"VOA","micro_label":"Video report","micro_label_kind":"video","network_label":"VOA","network_logo_url":"/static/uploads/direct_network_logos/voa_1ef13eedbd2f.svg","published_at":"2026-08-12T17:35:06.130000","published_at_display":"12 Aug 2026, 17:35 GMT","sequence_badge_label":null,"sequence_count":null,"sequence_count_label":null,"sequence_frames":[],"sequence_kind":null,"source_name":"dengeamerika_com_direct","source_name_label":"Dengeamerika","source_type":"direct_api","summary":"Pi\u015ft\u00ee biryara Hik\u00fbmeta \u00ceraq\u00ea ya kontrolirina \u00e7ekan di dest\u00ea hik\u00fbmet\u00ea de, pirsa \u00e7ekdar\u00ean \u015eigal\u00ea derdikeve p\u00ea\u015f. Hin Berpirs \u00fb kesayet\u00eey\u00ean \u015eingal\u00ea dibijin p\u00eaw\u00eest e ev h\u00eaz\u00ean \u00e7ekdar bibin be\u015fek ji h\u00eaz\u00ean ferm\u00ee y\u00ean \u00ceraq\u00ea. Raporta Xetab Omer zanyar\u00eey\u00ean b\u00eahtir hene.","title":"Siberoj \u00fb \u00c7aren\u00fbsa H\u00eaz\u00ean \u00c7ekdar li \u015eingal\u00ea","topic":"V\u00eedyo Galer\u00ee","translation_language":"","url":"https://voa-video-ns.akamaized.net/pangeavideo/2026/08/4/47/47561ae7-c45d-4729-f1c7-08def2b12219_1080p.mp4?cb=ee20ea60f","video_url":"https://voa-video-ns.akamaized.net/pangeavideo/2026/08/4/47/47561ae7-c45d-4729-f1c7-08def2b12219_1080p.mp4?cb=ee20ea60f"},{"article_body_paragraphs":[],"audio_source_url":null,"author":"Del\u00eel Sil\u00eaman","available_dubs":[],"downloadable_assets":["https://voa-video-ns.akamaized.net/pangeavideo/2026/08/a/a9/a9fda8b2-893a-4ef0-7e37-08def2ed48ad_1080p.mp4?cb=ee20e9f61"],"duration_display":"2:46","duration_seconds":166.68,"embed_url":null,"id":4475,"image_caption":null,"image_url":"https://gdb.voanews.com/a9fda8b2-893a-4ef0-7e37-08def2ed48ad_tv_mw2048_mh2048_n.jpg","is_clip":true,"item_type":"video","item_type_label":"Video","language_label":"Kurdish","media_credit":"VOA","micro_label":"Video report","micro_label_kind":"video","network_label":"VOA","network_logo_url":"/static/uploads/direct_network_logos/voa_1ef13eedbd2f.svg","published_at":"2026-08-12T16:50:09.073000","published_at_display":"12 Aug 2026, 16:50 GMT","sequence_badge_label":null,"sequence_count":null,"sequence_count_label":null,"sequence_frames":[],"sequence_kind":null,"source_name":"dengeamerika_com_direct","source_name_label":"Dengeamerika","source_type":"direct_api","summary":"Parastina navend \u00fb cih\u00ean \u00cazd\u00eeyan li Rojava di van sal\u00ean daw\u00ee de b\u00fbye p\u00eaw\u00eestek\u00ea ji bo piran\u00eeya endam\u00ean civaka \u00cazd\u00ee. Ew li S\u00fbr\u00eey\u00ea dixwazin ku maf\u00ean wan di dest\u00fbra wel\u00eat de werin parastin. Raporta Del\u00eel Sil\u00eaman b\u00eahtir zanyar\u00ee hene.","title":"\u00cazd\u00eey\u00ean Rojava Daxwaza Maf\u00ean Xwe di Dest\u00fbra S\u00fbr\u00eey\u00ea de Dikin","topic":"V\u00eedyo Galer\u00ee","translation_language":"","url":"https://voa-video-ns.akamaized.net/pangeavideo/2026/08/a/a9/a9fda8b2-893a-4ef0-7e37-08def2ed48ad_1080p.mp4?cb=ee20e9f61","video_url":"https://voa-video-ns.akamaized.net/pangeavideo/2026/08/a/a9/a9fda8b2-893a-4ef0-7e37-08def2ed48ad_1080p.mp4?cb=ee20e9f61"},{"article_body_paragraphs":[],"audio_source_url":null,"author":"Ferhan Hamaxan","available_dubs":[],"downloadable_assets":["https://voa-video-ns.akamaized.net/pangeavideo/2026/08/7/79/7960cc51-6d9c-43b2-c938-08decaecd3b3_1080p.mp4?cb=ee20e8ba0"],"duration_display":"3:23","duration_seconds":203.54,"embed_url":null,"id":4414,"image_caption":null,"image_url":"https://gdb.voanews.com/7960cc51-6d9c-43b2-c938-08decaecd3b3_tv_mw2048_mh2048_n.jpg","is_clip":true,"item_type":"video","item_type_label":"Video","language_label":"Kurdish","media_credit":"VOA","micro_label":"Video report","micro_label_kind":"video","network_label":"VOA","network_logo_url":"/static/uploads/direct_network_logos/voa_1ef13eedbd2f.svg","published_at":"2026-08-12T15:43:28.320000","published_at_display":"12 Aug 2026, 15:43 GMT","sequence_badge_label":null,"sequence_count":null,"sequence_count_label":null,"sequence_frames":[],"sequence_kind":null,"source_name":"dengeamerika_com_direct","source_name_label":"Dengeamerika","source_type":"direct_api","summary":"Li par\u00eazgeha Heleb\u00e7e ya Her\u00eama Kurdiustana \u00ceraq\u00ea, weke hem\u00fb par\u00eazgeh\u00ean \u00ceraq \u00fb Her\u00eama Kurdistan\u00ea, r\u00eajeya b\u00eakar\u00eey\u00ea di nava r\u00eaz\u00ean g\u00eancan de bilind e. Raporta Ferhan Hawraman\u00ee agah\u00eey\u00ean b\u00eahtir hene.","title":"Di Roja C\u00eehan\u00ee ya Gencan de B\u00eakar\u00eeya Genc\u00ean Heleb\u00e7ey\u00ea Bilind Dibe","topic":"V\u00eedyo Galer\u00ee","translation_language":"","url":"https://voa-video-ns.akamaized.net/pangeavideo/2026/08/7/79/7960cc51-6d9c-43b2-c938-08decaecd3b3_1080p.mp4?cb=ee20e8ba0","video_url":"https://voa-video-ns.akamaized.net/pangeavideo/2026/08/7/79/7960cc51-6d9c-43b2-c938-08decaecd3b3_1080p.mp4?cb=ee20e8ba0"},{"article_body_paragraphs":[],"audio_source_url":null,"author":null,"available_dubs":[],"downloadable_assets":["https://voa-video-ns.akamaized.net/pangeavideo/2026/08/5/51/511296d6-318c-4ee5-8112-08decae8682a_1080p.mp4?cb=ee20e75d9"],"duration_display":"3:22","duration_seconds":202.6,"embed_url":null,"id":4390,"image_caption":null,"image_url":"https://gdb.voanews.com/511296d6-318c-4ee5-8112-08decae8682a_tv_mw2048_mh2048_n.jpg","is_clip":true,"item_type":"video","item_type_label":"Video","language_label":"Kurdish","media_credit":"VOA","micro_label":"Video report","micro_label_kind":"video","network_label":"VOA","network_logo_url":"/static/uploads/direct_network_logos/voa_1ef13eedbd2f.svg","published_at":"2026-08-12T14:10:33.527000","published_at_display":"12 Aug 2026, 14:10 GMT","sequence_badge_label":null,"sequence_count":null,"sequence_count_label":null,"sequence_frames":[],"sequence_kind":null,"source_name":"dengeamerika_com_direct","source_name_label":"Dengeamerika","source_type":"direct_api","summary":"Mozexaneya ni\u015ftiman\u00ee ya d\u00eerok\u00ee ya Smithsonian li Washingtona paytext bi p\u00ea\u015fangeheke taybet a d\u00eerok \u00fb \u00e7anda wel\u00eat, salvegera 250 sal\u00eeya serxweb\u00fbna Amer\u00eekay\u00ea p\u00eeroz kir. Fatima Sind\u00ee raport\u00ea dixw\u00eene.","title":"Mozexaneya Smithsonian Serxweb\u00fbna Amer\u00eekay\u00ea P\u00eeroz Dike","topic":"V\u00eedyo Galer\u00ee","translation_language":"","url":"https://voa-video-ns.akamaized.net/pangeavideo/2026/08/5/51/511296d6-318c-4ee5-8112-08decae8682a_1080p.mp4?cb=ee20e75d9","video_url":"https://voa-video-ns.akamaized.net/pangeavideo/2026/08/5/51/511296d6-318c-4ee5-8112-08decae8682a_1080p.mp4?cb=ee20e75d9"},{"article_body_paragraphs":[],"audio_source_url":null,"author":"Hem\u00eed Mistefa","available_dubs":[],"downloadable_assets":["https://voa-video-ns.akamaized.net/pangeavideo/2026/08/2/29/29e4e454-ce63-4f0f-c935-08decaecd3b3_1080p.mp4?cb=ee20e5e1d"],"duration_display":"2:54","duration_seconds":174.62,"embed_url":null,"id":4334,"image_caption":null,"image_url":"https://gdb.voanews.com/29e4e454-ce63-4f0f-c935-08decaecd3b3_tv_mw2048_mh2048_n.jpg","is_clip":true,"item_type":"video","item_type_label":"Video","language_label":"Kurdish","media_credit":"VOA","micro_label":"Video report","micro_label_kind":"video","network_label":"VOA","network_logo_url":"/static/uploads/direct_network_logos/voa_1ef13eedbd2f.svg","published_at":"2026-08-12T12:28:50.167000","published_at_display":"12 Aug 2026, 12:28 GMT","sequence_badge_label":null,"sequence_count":null,"sequence_count_label":null,"sequence_frames":[],"sequence_kind":null,"source_name":"dengeamerika_com_direct","source_name_label":"Dengeamerika","source_type":"direct_api","summary":"Li bajar\u00ea M\u00eelano y\u00ea \u00cetalyay\u00ea, Xezal Koyuncuer, Kurda Anatolyay\u00ea ku bo sal\u00ean dir\u00eaj karmenda send\u00eekaya Karker\u00ean M\u00eelano ye, bi Deng\u00ea Amer\u00eeka y\u00ea re serbora xwe ya derbar\u00ea rew\u015fa kar \u00fb karkar\u00ean Kurd \u00ean li w\u00ee welat\u00ee parve kir. Raporeta Hem\u00eed Mistefa ron\u00ee dide ser \u00e7\u00eeroka w\u00ea.","title":"Jineke Kurd Berevan\u00eeya Maf\u00ean Karkeran li \u00cetalyay\u00ea Dike","topic":"V\u00eedyo Galer\u00ee","translation_language":"","url":"https://voa-video-ns.akamaized.net/pangeavideo/2026/08/2/29/29e4e454-ce63-4f0f-c935-08decaecd3b3_1080p.mp4?cb=ee20e5e1d","video_url":"https://voa-video-ns.akamaized.net/pangeavideo/2026/08/2/29/29e4e454-ce63-4f0f-c935-08decaecd3b3_1080p.mp4?cb=ee20e5e1d"},{"article_body_paragraphs":[],"audio_source_url":null,"author":null,"available_dubs":[],"downloadable_assets":["https://voa-video-ns.akamaized.net/pangeavideo/2026/08/2/26/266e0e1a-d85c-490e-471b-08decadaa577_1080p.mp4?cb=ee20dac46"],"duration_display":"6:26","duration_seconds":386.62,"embed_url":null,"id":4212,"image_caption":null,"image_url":"https://gdb.voanews.com/266e0e1a-d85c-490e-471b-08decadaa577_tv_mw2048_mh2048_n.jpg","is_clip":false,"item_type":"video","item_type_label":"Video","language_label":"Kurdish","media_credit":"VOA","micro_label":"Video report","micro_label_kind":"video","network_label":"VOA","network_logo_url":"/static/uploads/direct_network_logos/voa_1ef13eedbd2f.svg","published_at":"2026-08-11T23:50:30.613000","published_at_display":"11 Aug 2026, 23:50 GMT","sequence_badge_label":null,"sequence_count":null,"sequence_count_label":null,"sequence_frames":[],"sequence_kind":null,"source_name":"dengeamerika_com_direct","source_name_label":"Dengeamerika","source_type":"direct_api","summary":"Di v\u00ea rapor\u00ea de, vegeryanek bo Tebaxa 2014an dema ku DAI\u015e\u00ea \u00ear\u00ee\u015f\u00ee \u015eingal\u00ea kir \u00fb Amer\u00eekay\u00ea dest bi dab\u00eenkirina al\u00eekariy\u00ean mirov\u00ee \u00fb \u00ear\u00ee\u015f\u00ean esman\u00ee li dij\u00ee DAI\u015e\u00ea kir. Mer\u00eewan Heme agah\u00eey\u00ean z\u00eadetir li ser rew\u015fa w\u00ea dem\u00ea \u00fb al\u00eekar\u00eey\u00ean Amer\u00eekay\u00ea dide.","title":"Civaka \u00cazid\u00ee ji J\u00eanos\u00eed\u00ea bo Rizgarkirin \u00fb Al\u00eekar\u00eeya ji Al\u00eey\u00ea Amer\u00eeka \u00fb Civaka Navnetew\u00ee ve","topic":"V\u00eedyo Galer\u00ee","translation_language":"","url":"https://voa-video-ns.akamaized.net/pangeavideo/2026/08/2/26/266e0e1a-d85c-490e-471b-08decadaa577_1080p.mp4?cb=ee20dac46","video_url":"https://voa-video-ns.akamaized.net/pangeavideo/2026/08/2/26/266e0e1a-d85c-490e-471b-08decadaa577_1080p.mp4?cb=ee20dac46"},{"article_body_paragraphs":[],"audio_source_url":null,"author":null,"available_dubs":[],"downloadable_assets":["https://voa-video-ns.akamaized.net/pangeavideo/2026/08/4/4f/4f78f0cc-bf4f-414e-f1b6-08def2b12219_1080p.mp4?cb=ee20d777a"],"duration_display":"6:48","duration_seconds":408.51,"embed_url":null,"id":4157,"image_caption":null,"image_url":"https://gdb.voanews.com/4f78f0cc-bf4f-414e-f1b6-08def2b12219_tv_mw2048_mh2048_n.jpg","is_clip":false,"item_type":"video","item_type_label":"Video","language_label":"Kurdish","media_credit":"VOA","micro_label":"Video report","micro_label_kind":"video","network_label":"VOA","network_logo_url":"/static/uploads/direct_network_logos/voa_1ef13eedbd2f.svg","published_at":"2026-08-11T20:01:42.520000","published_at_display":"11 Aug 2026, 20:01 GMT","sequence_badge_label":null,"sequence_count":null,"sequence_count_label":null,"sequence_frames":[],"sequence_kind":null,"source_name":"dengeamerika_com_direct","source_name_label":"Dengeamerika","source_type":"direct_api","summary":"Li hin her\u00eam\u00ean Kurdan li S\u00fbriy\u00ea aloz\u00ee derketine, bi taybet\u00ee pi\u015ft\u00ee vegera karwan\u00ea yek\u00ea y\u00ea derbider\u00ean Ser\u00ea Kan\u00eey\u00ea \u00fb p\u00eakhatina \u00ear\u00ee\u015f\u00ean tund\u00eey\u00ea li dij\u00ee derbideran. Par\u00eazer Ewaz El\u00ee ji Koban\u00eey\u00ea rew\u015fa hey\u00ee dinirx\u00eene","title":"Metirs\u00eeya Aloz\u00eey\u00ean Daw\u00ee li Ser Ewleh\u00eeya Kurd\u00ean Rojava","topic":"V\u00eedyo Galer\u00ee","translation_language":"","url":"https://voa-video-ns.akamaized.net/pangeavideo/2026/08/4/4f/4f78f0cc-bf4f-414e-f1b6-08def2b12219_1080p.mp4?cb=ee20d777a","video_url":"https://voa-video-ns.akamaized.net/pangeavideo/2026/08/4/4f/4f78f0cc-bf4f-414e-f1b6-08def2b12219_1080p.mp4?cb=ee20d777a"},{"article_body_paragraphs":[],"audio_source_url":null,"author":"Emced Kurdo","available_dubs":[],"downloadable_assets":["https://voa-video-ns.akamaized.net/pangeavideo/2026/08/b/b0/b065c270-fb75-4b1d-f1b5-08def2b12219_1080p.mp4?cb=ee20d780a"],"duration_display":"4:12","duration_seconds":252.36,"embed_url":null,"id":4151,"image_caption":null,"image_url":"https://gdb.voanews.com/b065c270-fb75-4b1d-f1b5-08def2b12219_tv_mw2048_mh2048_n.jpg","is_clip":true,"item_type":"video","item_type_label":"Video","language_label":"Kurdish","media_credit":"VOA","micro_label":"Video report","micro_label_kind":"video","network_label":"VOA","network_logo_url":"/static/uploads/direct_network_logos/voa_1ef13eedbd2f.svg","published_at":"2026-08-11T19:50:54.497000","published_at_display":"11 Aug 2026, 19:50 GMT","sequence_badge_label":null,"sequence_count":null,"sequence_count_label":null,"sequence_frames":[],"sequence_kind":null,"source_name":"dengeamerika_com_direct","source_name_label":"Dengeamerika","source_type":"direct_api","summary":"Pi\u015ft\u00ee ku hejmarek malbat\u00ean Kurd roja Du\u015fem\u00ea veger\u00eeyan ser mal \u00fb war\u00ean xwe li Ser\u00ea kan\u00eey\u00ea rast\u00ee \u00ear\u00ee\u015f\u00ean hin kes \u00fb gr\u00fbp\u00ean tundr\u00ea hatin. Emced Kurd ji her\u00eam\u00ea agah\u00eey\u00ean n\u00fb radigih\u00eene.","title":"Prosesa Vegera Derbider\u00ean Ser\u00ea Kan\u00eey\u00ea Rast\u00ee Aloz\u00eeyan T\u00ea","topic":"V\u00eedyo Galer\u00ee","translation_language":"","url":"https://voa-video-ns.akamaized.net/pangeavideo/2026/08/b/b0/b065c270-fb75-4b1d-f1b5-08def2b12219_1080p.mp4?cb=ee20d780a","video_url":"https://voa-video-ns.akamaized.net/pangeavideo/2026/08/b/b0/b065c270-fb75-4b1d-f1b5-08def2b12219_1080p.mp4?cb=ee20d780a"},{"article_body_paragraphs":[],"audio_source_url":null,"author":null,"available_dubs":[],"downloadable_assets":["https://voa-video-ns.akamaized.net/pangeavideo/2026/08/3/3e/3e0230f7-dd9d-43c7-7e27-08def2ed48ad_1080p.mp4?cb=ee20d7046"],"duration_display":"4:11","duration_seconds":251.86,"embed_url":null,"id":4126,"image_caption":null,"image_url":"https://gdb.voanews.com/3e0230f7-dd9d-43c7-7e27-08def2ed48ad_tv_mw2048_mh2048_n.jpg","is_clip":true,"item_type":"video","item_type_label":"Video","language_label":"Kurdish","media_credit":"VOA","micro_label":"Video report","micro_label_kind":"video","network_label":"VOA","network_logo_url":"/static/uploads/direct_network_logos/voa_1ef13eedbd2f.svg","published_at":"2026-08-11T19:34:30.020000","published_at_display":"11 Aug 2026, 19:34 GMT","sequence_badge_label":null,"sequence_count":null,"sequence_count_label":null,"sequence_frames":[],"sequence_kind":null,"source_name":"dengeamerika_com_direct","source_name_label":"Dengeamerika","source_type":"direct_api","summary":"Bi 467 deng\u00ean er\u00ea qan\u00fbna \u00e7ar\u00e7ovey\u00ee di meclisa Tirk\u00eey\u00ea de hate pejirandin \u00fb derbas b\u00fb. Ozlem Yasak h\u00fbrgiliy\u00ean dengdan\u00ea \u00fb qonaxa pi\u015ft\u00ee dengdana ser qan\u00fbna \u00e7ar\u00e7ovey\u00ee behs dike.","title":"Qonaxa Pi\u015ft\u00ee Dengdan\u00ea ya ser Qan\u00fbna \u00c7ar\u00e7ovey\u00ee li Tirkiy\u00ea","topic":"V\u00eedyo Galer\u00ee","translation_language":"","url":"https://voa-video-ns.akamaized.net/pangeavideo/2026/08/3/3e/3e0230f7-dd9d-43c7-7e27-08def2ed48ad_1080p.mp4?cb=ee20d7046","video_url":"https://voa-video-ns.akamaized.net/pangeavideo/2026/08/3/3e/3e0230f7-dd9d-43c7-7e27-08def2ed48ad_1080p.mp4?cb=ee20d7046"},{"article_body_paragraphs":[],"audio_source_url":null,"author":null,"available_dubs":[],"downloadable_assets":["https://voa-video-ns.akamaized.net/pangeavideo/2026/08/9/92/9293381f-4d8b-4555-80fe-08decae8682a_1080p.mp4?cb=ee20d6eae"],"duration_display":"8:00","duration_seconds":480.21,"embed_url":null,"id":4127,"image_caption":null,"image_url":"https://gdb.voanews.com/9293381f-4d8b-4555-80fe-08decae8682a_tv_mw2048_mh2048_n.jpg","is_clip":false,"item_type":"video","item_type_label":"Video","language_label":"Kurdish","media_credit":"VOA","micro_label":"Video report","micro_label_kind":"video","network_label":"VOA","network_logo_url":"/static/uploads/direct_network_logos/voa_1ef13eedbd2f.svg","published_at":"2026-08-11T19:27:42.410000","published_at_display":"11 Aug 2026, 19:27 GMT","sequence_badge_label":null,"sequence_count":null,"sequence_count_label":null,"sequence_frames":[],"sequence_kind":null,"source_name":"dengeamerika_com_direct","source_name_label":"Dengeamerika","source_type":"direct_api","summary":"Rojhilata Nav\u00een li ber guher\u00een\u00ea ye, gelo Kurd bi xwe dikarin di r\u00eaziknameya n\u00fb ya her\u00eam\u00ee de pa\u015feroja xwe diyar bikin an j\u00ee y\u00ean din d\u00ea \u00e7aren\u00fbsa wan diyar bikin? \u015eirovekar\u00ea siyas\u00ee Kawe Ahinger\u00ee ji Bruksel\u00ea v\u00ea mijar\u00ea \u015firove dike.","title":"Kurd \u00fb S\u00eestema N\u00fb ya Rojhilata Nav\u00een","topic":"V\u00eedyo Galer\u00ee","translation_language":"","url":"https://voa-video-ns.akamaized.net/pangeavideo/2026/08/9/92/9293381f-4d8b-4555-80fe-08decae8682a_1080p.mp4?cb=ee20d6eae","video_url":"https://voa-video-ns.akamaized.net/pangeavideo/2026/08/9/92/9293381f-4d8b-4555-80fe-08decae8682a_1080p.mp4?cb=ee20d6eae"},{"article_body_paragraphs":[],"audio_source_url":null,"author":"Eyy\u00fbp Dem\u00eer","available_dubs":[],"downloadable_assets":["https://voa-video-ns.akamaized.net/pangeavideo/2026/08/4/4a/4acff061-5015-4625-a179-08def2b10d93_1080p.mp4?cb=ee20d6d5f"],"duration_display":"3:07","duration_seconds":187.6,"embed_url":null,"id":4128,"image_caption":null,"image_url":"https://gdb.voanews.com/4acff061-5015-4625-a179-08def2b10d93_tv_mw2048_mh2048_n.jpg","is_clip":true,"item_type":"video","item_type_label":"Video","language_label":"Kurdish","media_credit":"VOA","micro_label":"Video report","micro_label_kind":"video","network_label":"VOA","network_logo_url":"/static/uploads/direct_network_logos/voa_1ef13eedbd2f.svg","published_at":"2026-08-11T19:22:07.417000","published_at_display":"11 Aug 2026, 19:22 GMT","sequence_badge_label":null,"sequence_count":null,"sequence_count_label":null,"sequence_frames":[],"sequence_kind":null,"source_name":"dengeamerika_com_direct","source_name_label":"Dengeamerika","source_type":"direct_api","summary":"Roja Du\u015fem\u00ea Qan\u00fbna \u00c7ar\u00e7ovey\u00ee ya b\u00ea\u00e7ekkirina PKK\u00ea li Parlemana Tirk\u00eey\u00ea b\u00fb, dengdan p\u00eakhat, bi piran\u00eeya deng\u00ean endaman qan\u00fbna hat derbazkirin. Eyy\u00fbp Dem\u00eer ji Stenbol\u00ea p\u00eazan\u00een\u00ean z\u00eadetir radigih\u00eene.","title":"Qan\u00fbna \u00c7ar\u015fovey\u00ee di Parlemana Tirkiy\u00ea de bi Piran\u00eeya Dengan Hat Pejirandin","topic":"V\u00eedyo Galer\u00ee","translation_language":"","url":"https://voa-video-ns.akamaized.net/pangeavideo/2026/08/4/4a/4acff061-5015-4625-a179-08def2b10d93_1080p.mp4?cb=ee20d6d5f","video_url":"https://voa-video-ns.akamaized.net/pangeavideo/2026/08/4/4a/4acff061-5015-4625-a179-08def2b10d93_1080p.mp4?cb=ee20d6d5f"},{"article_body_paragraphs":[],"audio_source_url":null,"author":"S\u00eenor Ker\u00eem","available_dubs":[],"downloadable_assets":["https://voa-video-ns.akamaized.net/pangeavideo/2026/08/7/78/78681212-7cd6-4507-4717-08decadaa577_1080p.mp4?cb=ee20d6c33"],"duration_display":"4:22","duration_seconds":262.61,"embed_url":null,"id":4121,"image_caption":null,"image_url":"https://gdb.voanews.com/78681212-7cd6-4507-4717-08decadaa577_tv_mw2048_mh2048_n.jpg","is_clip":true,"item_type":"video","item_type_label":"Video","language_label":"Kurdish","media_credit":"VOA","micro_label":"Video report","micro_label_kind":"video","network_label":"VOA","network_logo_url":"/static/uploads/direct_network_logos/voa_1ef13eedbd2f.svg","published_at":"2026-08-11T18:52:46.167000","published_at_display":"11 Aug 2026, 18:52 GMT","sequence_badge_label":null,"sequence_count":null,"sequence_count_label":null,"sequence_frames":[],"sequence_kind":null,"source_name":"dengeamerika_com_direct","source_name_label":"Dengeamerika","source_type":"direct_api","summary":"S\u00eenor Ker\u00eem ji Her\u00eama Kurdistan\u00ea p\u00eazan\u00een \u00fb agah\u00eey\u00ean n\u00fb derbar\u00ea \u00ear\u00ee\u015f\u00ean ser part\u00eey\u00ean Kurd y\u00ean opozisyona rej\u00eema \u00ceran\u00ea radigih\u00eene.","title":"P\u00eazan\u00een\u00ean N\u00fb ser \u00car\u00ee\u015f\u00ean \u00ceran\u00ea bo Ser Bingeh\u00ean Partiy\u00ean Kurd\u00ee","topic":"V\u00eedyo Galer\u00ee","translation_language":"","url":"https://voa-video-ns.akamaized.net/pangeavideo/2026/08/7/78/78681212-7cd6-4507-4717-08decadaa577_1080p.mp4?cb=ee20d6c33","video_url":"https://voa-video-ns.akamaized.net/pangeavideo/2026/08/7/78/78681212-7cd6-4507-4717-08decadaa577_1080p.mp4?cb=ee20d6c33"},{"article_body_paragraphs":[],"audio_source_url":null,"author":null,"available_dubs":[],"downloadable_assets":["https://voa-video-ns.akamaized.net/pangeavideo/2026/08/9/97/97928e1f-a0b3-485f-a171-08def2b10d93_1080p.mp4?cb=ee20d5a69"],"duration_display":"2:20","duration_seconds":140.01,"embed_url":null,"id":4083,"image_caption":null,"image_url":"https://gdb.voanews.com/97928e1f-a0b3-485f-a171-08def2b10d93_tv_mw2048_mh2048_n.jpg","is_clip":true,"item_type":"video","item_type_label":"Video","language_label":"Kurdish","media_credit":"VOA","micro_label":"Video report","micro_label_kind":"video","network_label":"VOA","network_logo_url":"/static/uploads/direct_network_logos/voa_1ef13eedbd2f.svg","published_at":"2026-08-11T17:59:12.333000","published_at_display":"11 Aug 2026, 17:59 GMT","sequence_badge_label":null,"sequence_count":null,"sequence_count_label":null,"sequence_frames":[],"sequence_kind":null,"source_name":"dengeamerika_com_direct","source_name_label":"Dengeamerika","source_type":"direct_api","summary":"Serok\u00ea Amer\u00eekay\u00ea Donald Trump \u00eero S\u00ea\u015fem\u00ea di hevpeyv\u00eeneke telefon\u00ee de ligel telev\u00eezyona 'Real America\u2019s Voice\" li ser \u00e7end mijaran axiv\u00ee. W\u00ee got, li hember \u00ceran\u00ea s\u00ea bijarde hene; berdewamkirina rew\u015fa niha, \u00ear\u00ee\u015f\u00ean le\u015fker\u00ee y\u00ean tundtir \u00fb berdewamkirina zext\u00ean abor\u00ee.","title":"Trump: Ji bo Sereder\u00eeya bi \u00ceran\u00ea re S\u00ea Bijardey\u00ean Berdest Hene","topic":"V\u00eedyo Galer\u00ee","translation_language":"","url":"https://voa-video-ns.akamaized.net/pangeavideo/2026/08/9/97/97928e1f-a0b3-485f-a171-08def2b10d93_1080p.mp4?cb=ee20d5a69","video_url":"https://voa-video-ns.akamaized.net/pangeavideo/2026/08/9/97/97928e1f-a0b3-485f-a171-08def2b10d93_1080p.mp4?cb=ee20d5a69"},{"article_body_paragraphs":[],"audio_source_url":null,"author":"Huner Ehmed","available_dubs":[],"downloadable_assets":["https://voa-video-ns.akamaized.net/pangeavideo/2026/08/9/9b/9b654c01-a7c3-4dd7-a16f-08def2b10d93_1080p.mp4?cb=ee20d4d57"],"duration_display":"2:54","duration_seconds":174.37,"embed_url":null,"id":4065,"image_caption":null,"image_url":"https://gdb.voanews.com/9b654c01-a7c3-4dd7-a16f-08def2b10d93_tv_mw2048_mh2048_n.jpg","is_clip":true,"item_type":"video","item_type_label":"Video","language_label":"Kurdish","media_credit":"VOA","micro_label":"Video report","micro_label_kind":"video","network_label":"VOA","network_logo_url":"/static/uploads/direct_network_logos/voa_1ef13eedbd2f.svg","published_at":"2026-08-11T17:05:27.510000","published_at_display":"11 Aug 2026, 17:05 GMT","sequence_badge_label":null,"sequence_count":null,"sequence_count_label":null,"sequence_frames":[],"sequence_kind":null,"source_name":"dengeamerika_com_direct","source_name_label":"Dengeamerika","source_type":"direct_api","summary":"Li \u00ceraq\u00ea qonaxeke n\u00fb ya girtina gumanbar\u00ean gendeliy\u00ea dest p\u00ea kiriye, niha fermana girtin\u00ea ji bo Ehmed Esed\u00ee Wez\u00eer\u00ea Kar \u00fb Kar\u00fbbar\u00ean Civak\u00ee y\u00ea di dema hik\u00fbmeta S\u00fbdan\u00ee de der\u00e7\u00fbye, waliy\u00ea ber\u00ea y\u00ea Tikr\u00eet\u00ea \u00fb sekreter\u00ea gi\u015ft\u00ee y\u00ea partiya \"Cemah\u00eer\u00ee ya Ni\u015ft\u00eeman\u00ee\" Eb\u00fb Mazin aht\u00eeye girtin.","title":"Li \u00ceraq\u00ea Qonaxek N\u00fb ya Girtina Gendelan Destp\u00eakir","topic":"V\u00eedyo Galer\u00ee","translation_language":"","url":"https://voa-video-ns.akamaized.net/pangeavideo/2026/08/9/9b/9b654c01-a7c3-4dd7-a16f-08def2b10d93_1080p.mp4?cb=ee20d4d57","video_url":"https://voa-video-ns.akamaized.net/pangeavideo/2026/08/9/9b/9b654c01-a7c3-4dd7-a16f-08def2b10d93_1080p.mp4?cb=ee20d4d57"},{"article_body_paragraphs":[],"audio_source_url":null,"author":"Ferhan Hamaxan","available_dubs":[],"downloadable_assets":["https://voa-video-ns.akamaized.net/pangeavideo/2026/08/a/a8/a8562d90-2140-4735-7e1b-08def2ed48ad_1080p.mp4?cb=ee20d3f94"],"duration_display":"2:13","duration_seconds":133.8,"embed_url":null,"id":4036,"image_caption":null,"image_url":"https://gdb.voanews.com/a8562d90-2140-4735-7e1b-08def2ed48ad_tv_mw2048_mh2048_n.jpg","is_clip":true,"item_type":"video","item_type_label":"Video","language_label":"Kurdish","media_credit":"VOA","micro_label":"Video report","micro_label_kind":"video","network_label":"VOA","network_logo_url":"/static/uploads/direct_network_logos/voa_1ef13eedbd2f.svg","published_at":"2026-08-11T16:06:44.933000","published_at_display":"11 Aug 2026, 16:06 GMT","sequence_badge_label":null,"sequence_count":null,"sequence_count_label":null,"sequence_frames":[],"sequence_kind":null,"source_name":"dengeamerika_com_direct","source_name_label":"Dengeamerika","source_type":"direct_api","summary":"Li gund\u00ea Hewar\u00ee ku r\u00fbni\u015ftvan\u00ean w\u00ee ji bawermend\u00ean Kakey\u00ee ne, xaniyek\u00ee kevin \u00ea bi\u00e7\u00fbk bi p\u00ea\u015fxer\u00eeya Hunermend Erdelan Kakey\u00ee ve dibe gel\u00ear\u00eeyek w\u00eaneyan da ku d\u00eeroka Kakey\u00eeyan were parastin.","title":"Hunermendek Hewl Dide D\u00eeroka Kakey\u00eeyan Bipar\u00eaze","topic":"V\u00eedyo Galer\u00ee","translation_language":"","url":"https://voa-video-ns.akamaized.net/pangeavideo/2026/08/a/a8/a8562d90-2140-4735-7e1b-08def2ed48ad_1080p.mp4?cb=ee20d3f94","video_url":"https://voa-video-ns.akamaized.net/pangeavideo/2026/08/a/a8/a8562d90-2140-4735-7e1b-08def2ed48ad_1080p.mp4?cb=ee20d3f94"},{"article_body_paragraphs":[],"audio_source_url":null,"author":"Ridwan B\u00eazar","available_dubs":[],"downloadable_assets":["https://voa-video-ns.akamaized.net/pangeavideo/2026/08/7/7d/7d9cc9a6-f874-4565-7e1a-08def2ed48ad_1080p.mp4?cb=ee20d3751"],"duration_display":"2:43","duration_seconds":163.68,"embed_url":null,"id":3996,"image_caption":null,"image_url":"https://gdb.voanews.com/7d9cc9a6-f874-4565-7e1a-08def2ed48ad_tv_mw2048_mh2048_n.jpg","is_clip":true,"item_type":"video","item_type_label":"Video","language_label":"Kurdish","media_credit":"VOA","micro_label":"Video report","micro_label_kind":"video","network_label":"VOA","network_logo_url":"/static/uploads/direct_network_logos/voa_1ef13eedbd2f.svg","published_at":"2026-08-11T15:31:29.173000","published_at_display":"11 Aug 2026, 15:31 GMT","sequence_badge_label":null,"sequence_count":null,"sequence_count_label":null,"sequence_frames":[],"sequence_kind":null,"source_name":"dengeamerika_com_direct","source_name_label":"Dengeamerika","source_type":"direct_api","summary":"Pi\u015ft\u00ee ku roja Du\u015fem\u00ea 10\u00ea Tebax\u00ea 410 malbat\u00ean Kurd y\u00ean derbider \u00ean Ser\u00ea Kan\u00eey\u00ea gihi\u015ftin baj\u00ear, rast\u00ee \u00ear\u00ee\u015f\u00ean tundiy\u00ea y\u00ean hin kes \u00fb gr\u00fbpan hatin. Li bajar\u00ea Koban\u00eey\u00ea ew \u00ear\u00ee\u015f di xwep\u00ea\u015fandaneke girsey\u00ee de hat \u015fermezar kirin \u00fb daxwaza parastina Kurdan hat kirin.","title":"Li Koban\u00eey\u00ea Xwep\u00ea\u015fandan li Dij\u00ee \u00car\u00ee\u015f\u00ean ser Kurd\u00ean Ser\u00ea Kan\u00eey\u00ea Derketin","topic":"V\u00eedyo Galer\u00ee","translation_language":"","url":"https://voa-video-ns.akamaized.net/pangeavideo/2026/08/7/7d/7d9cc9a6-f874-4565-7e1a-08def2ed48ad_1080p.mp4?cb=ee20d3751","video_url":"https://voa-video-ns.akamaized.net/pangeavideo/2026/08/7/7d/7d9cc9a6-f874-4565-7e1a-08def2ed48ad_1080p.mp4?cb=ee20d3751"}],"next_num":11,"page":10,"pages":15,"per_page":20,"prev_num":9,"total":298}
