{"applied_filters":{"end_date":"","lang":"","language":"","network":"","page":11,"per_page":20,"search":"","source":"","start_date":"","topic":"V\u00eedyo Galer\u00ee","type":"clips"},"available_filters":{"language_choices":[{"label":"Choose Language","value":""},{"label":"English","value":"English"},{"label":"Espa\u00f1ol","value":"Espa\u00f1ol"},{"label":"Kurdish","value":"Kurdish"}],"network_choices":[{"label":"All networks","value":""},{"label":"VOA","value":"VOA"}],"source_choices":[{"label":"All sources","value":""},{"label":"Dengeamerika","value":"dengeamerika_com_direct"}],"sources":["dengeamerika_com_direct"],"topics":["250em\u00een Salvegera Serxweb\u00fbna Amer\u00eekay\u00ea","250\u0647\u06d5\u0645\u06cc\u0646 \u0633\u0627\u06b5\u06cc\u0627\u062f\u06cc \u0633\u06d5\u0631\u0628\u06d5\u062e\u06c6\u06cc\u06cc \u0626\u06d5\u0645\u06d5\u0631\u06cc\u06a9\u0627","Afghanistan","Amer\u00eeka","Am\u00e9rica Latina, VENEZUELA, Maiquetia","Asuntos de Estado","Audiovisuales Mart\u00ed","Audiovisuales Mart\u00ed, Cuba turismo, crisis del turismo en Cuba","Audiovisuales Mart\u00ed, VENEZUELA, apagones","Como Come Cuba, cuba, Como Come Cuba","Cuba Habla","Cuba Habla, Cuba","C\u00eehan","Human Rights","Info Mart\u00ed","Info Mart\u00ed , Cuba","Info Mart\u00ed , Estados Unidos, Colombia","Info Mart\u00ed , Estados Unidos, VENEZUELA","Info Mart\u00ed , estados unidos, Venezuela","Iran","Iz RSE sveta","Korea","Laos","Multimedija","Myanmar","Pacific","Ser Madre en cuba, cuba, hambre, r\u00e9gimen, madre, negligencia, Testimonios, Crisis Econ\u00f3mica, madre cubana, Crisis Alimentaria","Ser viejo en Cuba, cuba, cubanos, crisis, alimentos, ancianos, viejos, vejez","South China Sea","Srbija","Tibet","Ukraine","Video","Videos","V\u00eedyo Galer\u00ee","\u0412\u0438\u0434\u0435\u043e","\u0418\u043d\u0442\u0435\u0440\u0432\u044c\u044e","\u041a\u0430\u0434\u0440\u044b \u0434\u043d\u044f","\u0420\u043e\u0441\u0441\u0438\u044f","\u0421\u043c\u043e\u0442\u0440\u0438 \u0432 \u043e\u0431\u0430","\u0622\u062e\u0631\u06cc\u0646 \u0648\u06cc\u062f\u06cc\u0648\u0647\u0627","\u0626\u06ce\u0631\u0627\u0646","\u0626\u06d5\u0645\u06d5\u0631\u06cc\u06a9\u0627","\u0628\u06d5\u0631\u0646\u0627\u0645\u06d5\u06cc \u0695\u06c6\u0698\u0627\u0646\u06d5\u06cc \u062a\u06d5\u0644\u06d5\u0641\u06cc\u0632\u06cc\u06c6\u0646","\u062a\u0648\u0631\u06a9\u06cc\u0627","\u062c\u0647\u0627\u0646","\u062c\u06cc\u0647\u0627\u0646","\u0633\u0648\u0631\u06cc\u0627","\u0633\u0649\u0646","\u0639\u06ce\u0631\u0627\u0642","\u0642\u0649\u0633\u0642\u0627 \u062e\u06d5\u06cb\u06d5\u0631\u0644\u06d5\u0631","\u0645\u0631\u06a9\u06d0","\u0646\u0648\u0631 \u062e\u0628\u0631\u0648\u0646\u0647","\u0647\u06d5\u0631\u06ce\u0645\u06d5 \u06a9\u0648\u0631\u062f\u06cc\u0640\u06cc\u06d5\u06a9\u0627\u0646","\u0648\u06cc\u062f\u06cc\u0648","\u0648\u06cc\u0698\u0647 \u0628\u0631\u0646\u0627\u0645\u0647\u200c\u0647\u0627","\u0695\u06c6\u0698\u0647\u06d5\u06b5\u0627\u062a\u06cc \u0646\u0627\u0648\u06d5\u0695\u0627\u0633\u062a","\u06a4\u06cc\u062f\u06cc\u06c6","\u0e82\u0ec8\u0eb2\u0ea7\u0ec1\u0ea5\u0eb0\u0ea5\u0eb2\u0e8d\u0e87\u0eb2\u0e99","\u0ea7\u0eb5\u0e94\u0eb5\u0ec2\u0ead","\u0f38\u0f42\u0f7c\u0f44\u0f0b\u0f66\u0f0b\u0f58\u0f46\u0f7c\u0f42","\u0f56\u0f59\u0f53\u0f0b\u0f56\u0fb1\u0f7c\u0f63\u0f0d","\u0f56\u0f62\u0f99\u0f53\u0f0d","\u0f56\u0f7c\u0f51\u0f0d","\u1017\u102e\u1012\u102e\u101a\u102d\u102f\u1019\u103b\u102c\u1038","\u101e\u1010\u1004\u103a\u1038\u1019\u103b\u102c\u1038","\u10d5\u10d8\u10d3\u10d4\u10dd","\u1785\u17d2\u1794\u17b6\u1794\u17cb","\u1793\u1799\u17c4\u1794\u17b6\u1799","\u1794\u179a\u17b7\u179f\u17d2\u1790\u17b6\u1793","\u179c\u17b8\u178a\u17c1\u17a2\u17bc","\u179f\u1784\u17d2\u1782\u1798","\u4eba\u6743\u6cd5\u6cbb","\u56fd\u9645\u65b0\u95fb","\u5c08\u984c","\u5f71\u7247","\u653f\u6cbb","\u65b0\u805e","\u65b0\u95fb\u5feb\u8baf","\u6bcf\u65e5\u89c6\u9891\u65b0\u95fb","\u6e2f\u6fb3\u53f0","\u793e\u4f1a","\u79d1\u6559\u6587","\u7f8e\u56fd\u4e4b\u97f3\u4e13\u8bbf","\u89c6\u9891","\ub274\uc2a4","\ub274\uc2a4 \ud074\ub9ad","\uba40\ud2f0\ubbf8\ub514\uc5b4","\ubbf8\uad6d","\ube44\ub514\uc624","\uc138\uacc4","\ud55c\ubc18\ub3c4"],"types":[["","All types"],["video","Videos"],["clips","Clips"],["media","Media"]]},"has_next":true,"has_prev":true,"items":[{"article_body_paragraphs":[],"audio_source_url":null,"author":"Emced Kurdo","available_dubs":[],"downloadable_assets":["https://voa-video-ns.akamaized.net/pangeavideo/2026/08/3/31/315c2079-b769-4ef8-c8be-08decaecd3b3_1080p.mp4?cb=ee20587e0"],"duration_display":"2:35","duration_seconds":155.41,"embed_url":null,"id":2154,"image_caption":null,"image_url":"https://gdb.voanews.com/315c2079-b769-4ef8-c8be-08decaecd3b3_tv_mw2048_mh2048_n.jpg","is_clip":true,"item_type":"video","item_type_label":"Video","language_label":"Kurdish","media_credit":"VOA","micro_label":"Video report","micro_label_kind":"video","network_label":"VOA","network_logo_url":"/static/uploads/direct_network_logos/voa_1ef13eedbd2f.svg","published_at":"2026-08-05T19:37:04.570000","published_at_display":"5 Aug 2026, 19:37 GMT","sequence_badge_label":null,"sequence_count":null,"sequence_count_label":null,"sequence_frames":[],"sequence_kind":null,"source_name":"dengeamerika_com_direct","source_name_label":"Dengeamerika","source_type":"direct_api","summary":"Emced Kurdo ji Rojava agah\u00ee \u00fb p\u00eazan\u00een\u00ean derbar\u00ea komb\u00fbna roja S\u00ea\u015fem\u00ea dide, ku li Ko\u015fka Gel li \u015eam\u00ea di navbera Serok\u00ea Demk\u00ee y\u00ea S\u00fbriy\u00ea Ehmed \u015eeri' \u00fb Fermandar\u00ea HSD\u00ea Mezl\u00fbm Ebd\u00ee de p\u00eakhatb\u00fb.","title":"Agah\u00ee Derabr\u00ea Komb\u00fbna Serok\u00ea Demk\u00ee y\u00ea S\u00fbriy\u00ea Ehmed \u015eeri' \u00fb Mezl\u00fbm Ebd\u00ee","topic":"V\u00eedyo Galer\u00ee","translation_language":"","url":"https://voa-video-ns.akamaized.net/pangeavideo/2026/08/3/31/315c2079-b769-4ef8-c8be-08decaecd3b3_1080p.mp4?cb=ee20587e0","video_url":"https://voa-video-ns.akamaized.net/pangeavideo/2026/08/3/31/315c2079-b769-4ef8-c8be-08decaecd3b3_1080p.mp4?cb=ee20587e0"},{"article_body_paragraphs":[],"audio_source_url":null,"author":"B\u00eeta Me\u015fayex\u00ee","available_dubs":[],"downloadable_assets":["https://voa-video-ns.akamaized.net/pangeavideo/2026/08/f/fd/fd9547df-92e1-411d-f156-08def2b12219_1080p.mp4?cb=ee2057fb4"],"duration_display":"3:13","duration_seconds":193.81,"embed_url":null,"id":2156,"image_caption":null,"image_url":"https://gdb.voanews.com/fd9547df-92e1-411d-f156-08def2b12219_tv_mw2048_mh2048_n.jpg","is_clip":true,"item_type":"video","item_type_label":"Video","language_label":"Kurdish","media_credit":"VOA","micro_label":"Video report","micro_label_kind":"video","network_label":"VOA","network_logo_url":"/static/uploads/direct_network_logos/voa_1ef13eedbd2f.svg","published_at":"2026-08-05T19:01:52.620000","published_at_display":"5 Aug 2026, 19:01 GMT","sequence_badge_label":null,"sequence_count":null,"sequence_count_label":null,"sequence_frames":[],"sequence_kind":null,"source_name":"dengeamerika_com_direct","source_name_label":"Dengeamerika","source_type":"direct_api","summary":"Hevkar\u00eeya di navbera efser\u00ean pol\u00ees \u00fb civak\u00ean Amer\u00eek\u00ee de di \u015fevek\u00ea de t\u00ea p\u00eerozkirin ku bi nav\u00ea \u015eevder\u00eeya Ni\u015ftiman\u00ee t\u00ea naskirin. Di v\u00ea \u015fev\u00ea de gelek bername \u00fb \u00e7alak\u00ee t\u00eane lidarxistin. Raporta B\u00eeta Me\u015fayix\u00ee agah\u00eey\u00ean b\u00eahtir hene.","title":"P\u00eerozkirina \u015eevder\u00eeya Ni\u015ftiman\u00ee li Amer\u00eekay\u00ea","topic":"V\u00eedyo Galer\u00ee","translation_language":"","url":"https://voa-video-ns.akamaized.net/pangeavideo/2026/08/f/fd/fd9547df-92e1-411d-f156-08def2b12219_1080p.mp4?cb=ee2057fb4","video_url":"https://voa-video-ns.akamaized.net/pangeavideo/2026/08/f/fd/fd9547df-92e1-411d-f156-08def2b12219_1080p.mp4?cb=ee2057fb4"},{"article_body_paragraphs":[],"audio_source_url":null,"author":"S\u00eenor Ker\u00eem","available_dubs":[],"downloadable_assets":["https://voa-video-ns.akamaized.net/pangeavideo/2026/08/c/c2/c2c7b15c-fa7a-4185-f154-08def2b12219_1080p.mp4?cb=ee2057aea"],"duration_display":"3:20","duration_seconds":200.96,"embed_url":null,"id":2131,"image_caption":null,"image_url":"https://gdb.voanews.com/c2c7b15c-fa7a-4185-f154-08def2b12219_tv_mw2048_mh2048_n.jpg","is_clip":true,"item_type":"video","item_type_label":"Video","language_label":"Kurdish","media_credit":"VOA","micro_label":"Video report","micro_label_kind":"video","network_label":"VOA","network_logo_url":"/static/uploads/direct_network_logos/voa_1ef13eedbd2f.svg","published_at":"2026-08-05T18:41:46.057000","published_at_display":"5 Aug 2026, 18:41 GMT","sequence_badge_label":null,"sequence_count":null,"sequence_count_label":null,"sequence_frames":[],"sequence_kind":null,"source_name":"dengeamerika_com_direct","source_name_label":"Dengeamerika","source_type":"direct_api","summary":"Ji ber \u00ear\u00ee\u015f\u00ean \u00ceran\u00ea y\u00ean li ser Her\u00eama Kurdistan\u00ea bi sedan donim erd \u015fewit\u00ee \u00fb j\u00eengeh w\u00earan b\u00fbye. Her \u00e7end gelek ji van deveran d\u00fbr\u00ee ni\u015ftecihan in \u00fb ew kamp\u00ean partiyan in, j\u00eengehpar\u00eaz hi\u015fyar\u00eey\u00ea didin ku ev yek d\u00ea di siberoj\u00ea de bandoreke ney\u00een\u00ee li ser her\u00eam\u00ea bike.","title":"Ji ber \u00car\u00ee\u015f\u00ean \u00ceran\u00ea li Her\u00eama Kurdistan\u00ea bi Sedan Donim Erd \u015eewit\u00een","topic":"V\u00eedyo Galer\u00ee","translation_language":"","url":"https://voa-video-ns.akamaized.net/pangeavideo/2026/08/c/c2/c2c7b15c-fa7a-4185-f154-08def2b12219_1080p.mp4?cb=ee2057aea","video_url":"https://voa-video-ns.akamaized.net/pangeavideo/2026/08/c/c2/c2c7b15c-fa7a-4185-f154-08def2b12219_1080p.mp4?cb=ee2057aea"},{"article_body_paragraphs":[],"audio_source_url":null,"author":null,"available_dubs":[],"downloadable_assets":["https://voa-video-ns.akamaized.net/pangeavideo/2026/08/6/6b/6ba51776-c344-44ec-7db3-08def2ed48ad_1080p.mp4?cb=ee2056b0e"],"duration_display":"2:18","duration_seconds":138.73,"embed_url":null,"id":2100,"image_caption":null,"image_url":"https://gdb.voanews.com/6ba51776-c344-44ec-7db3-08def2ed48ad_tv_mw2048_mh2048_n.jpg","is_clip":true,"item_type":"video","item_type_label":"Video","language_label":"Kurdish","media_credit":"VOA","micro_label":"Video report","micro_label_kind":"video","network_label":"VOA","network_logo_url":"/static/uploads/direct_network_logos/voa_1ef13eedbd2f.svg","published_at":"2026-08-05T17:28:23.920000","published_at_display":"5 Aug 2026, 17:28 GMT","sequence_badge_label":null,"sequence_count":null,"sequence_count_label":null,"sequence_frames":[],"sequence_kind":null,"source_name":"dengeamerika_com_direct","source_name_label":"Dengeamerika","source_type":"direct_api","summary":"Li gor\u00ee berpirs\u00ean Amer\u00eek\u00ee, r\u00eakeftinek bi \u00ceran\u00ea re li ser Tengava Hormuz\u00ea n\u00eaz\u00eek e \u00fb dibe di demek n\u00eaz\u00eek de were ragihandin, l\u00ea ew h\u00een nehatiye daw\u00eekirin. Ev yek j\u00ee h\u00eav\u00eey\u00ean k\u00eamb\u00fbna aloz\u00eeyan \u00fb vegerandina traf\u00eeka deryay\u00ee ya normal li her\u00eam\u00ea bilind dike.","title":"Berpirs\u00ean Amer\u00eek\u00ee Dib\u00eajin R\u00eakeftina bi \u00ceran\u00ea re N\u00eaz\u00eek e","topic":"V\u00eedyo Galer\u00ee","translation_language":"","url":"https://voa-video-ns.akamaized.net/pangeavideo/2026/08/6/6b/6ba51776-c344-44ec-7db3-08def2ed48ad_1080p.mp4?cb=ee2056b0e","video_url":"https://voa-video-ns.akamaized.net/pangeavideo/2026/08/6/6b/6ba51776-c344-44ec-7db3-08def2ed48ad_1080p.mp4?cb=ee2056b0e"},{"article_body_paragraphs":[],"audio_source_url":null,"author":"Ferhan Hamaxan","available_dubs":[],"downloadable_assets":["https://voa-video-ns.akamaized.net/pangeavideo/2026/08/2/23/23424f77-244e-4c3d-8091-08decae8682a_1080p.mp4?cb=ee20568ac"],"duration_display":"3:18","duration_seconds":198.4,"embed_url":null,"id":2101,"image_caption":null,"image_url":"https://gdb.voanews.com/23424f77-244e-4c3d-8091-08decae8682a_tv_mw2048_mh2048_n.jpg","is_clip":true,"item_type":"video","item_type_label":"Video","language_label":"Kurdish","media_credit":"VOA","micro_label":"Video report","micro_label_kind":"video","network_label":"VOA","network_logo_url":"/static/uploads/direct_network_logos/voa_1ef13eedbd2f.svg","published_at":"2026-08-05T17:23:56.573000","published_at_display":"5 Aug 2026, 17:23 GMT","sequence_badge_label":null,"sequence_count":null,"sequence_count_label":null,"sequence_frames":[],"sequence_kind":null,"source_name":"dengeamerika_com_direct","source_name_label":"Dengeamerika","source_type":"direct_api","summary":"Ji ber neb\u00fbna navendek\u00ea ji bo zarok\u00ean bi Sendroma Down li Heleb\u00e7ey\u00ea, d\u00ea \u00fb bav ne\u00e7ar mane ku zarok\u00ean xwe ji dibistan\u00ea derx\u00eenin. Ji bo \u00e7areserkirina v\u00ea valah\u00eey\u00ea, mamosteyek Heleb\u00e7ey\u00ea ku zarokek w\u00ea bi Sendroma Down heye, korseke hav\u00een\u00ea li mala xwe vekiriye.","title":"Maleke Heleb\u00e7ey\u00ee H\u00eav\u00eey\u00ea Dide Zarok\u00ean bi Sendroma Down","topic":"V\u00eedyo Galer\u00ee","translation_language":"","url":"https://voa-video-ns.akamaized.net/pangeavideo/2026/08/2/23/23424f77-244e-4c3d-8091-08decae8682a_1080p.mp4?cb=ee20568ac","video_url":"https://voa-video-ns.akamaized.net/pangeavideo/2026/08/2/23/23424f77-244e-4c3d-8091-08decae8682a_1080p.mp4?cb=ee20568ac"},{"article_body_paragraphs":[],"audio_source_url":null,"author":"Emced Kurdo","available_dubs":[],"downloadable_assets":["https://voa-video-ns.akamaized.net/pangeavideo/2026/08/4/44/4459237a-74a8-4c75-c8b1-08decaecd3b3_1080p.mp4?cb=ee20538c7"],"duration_display":"2:37","duration_seconds":157.5,"embed_url":null,"id":1890,"image_caption":null,"image_url":"https://gdb.voanews.com/4459237a-74a8-4c75-c8b1-08decaecd3b3_tv_mw2048_mh2048_n.jpg","is_clip":true,"item_type":"video","item_type_label":"Video","language_label":"Kurdish","media_credit":"VOA","micro_label":"Video report","micro_label_kind":"video","network_label":"VOA","network_logo_url":"/static/uploads/direct_network_logos/voa_1ef13eedbd2f.svg","published_at":"2026-08-05T13:58:47.373000","published_at_display":"5 Aug 2026, 13:58 GMT","sequence_badge_label":null,"sequence_count":null,"sequence_count_label":null,"sequence_frames":[],"sequence_kind":null,"source_name":"dengeamerika_com_direct","source_name_label":"Dengeamerika","source_type":"direct_api","summary":"Li bakur rojhilat\u00ea S\u00fbr\u00eey\u00ea, ku yek ji navend\u00ean hilber\u00eena petrol\u00ea y\u00ean her\u00ee gir\u00eeng \u00ean wel\u00eat e, berpirs\u00ean S\u00fbr\u00ee \u00fb r\u00eavebir\u00ean kompan\u00eeyeke Amer\u00eek\u00ee destp\u00eakirina projeyek\u00ea ji bo n\u00fbjenkirin \u00fb p\u00ea\u015fxistina zeviy\u00ean petrol\u00ea ragihand. Raporta Emced Kurdo b\u00eahtir agah\u00ee hene.","title":"Kompan\u00eeyeke Amer\u00eek\u00ee li Zev\u00eey\u00ean Rojava Hilber\u00eena Petrol\u00ea Dike","topic":"V\u00eedyo Galer\u00ee","translation_language":"","url":"https://voa-video-ns.akamaized.net/pangeavideo/2026/08/4/44/4459237a-74a8-4c75-c8b1-08decaecd3b3_1080p.mp4?cb=ee20538c7","video_url":"https://voa-video-ns.akamaized.net/pangeavideo/2026/08/4/44/4459237a-74a8-4c75-c8b1-08decaecd3b3_1080p.mp4?cb=ee20538c7"},{"article_body_paragraphs":[],"audio_source_url":null,"author":null,"available_dubs":[],"downloadable_assets":["https://voa-video-ns.akamaized.net/pangeavideo/2026/08/b/b3/b3305a08-c0c7-4c09-c8a4-08decaecd3b3_1080p.mp4?cb=ee2050962"],"duration_display":"2:03","duration_seconds":123.24,"embed_url":null,"id":1891,"image_caption":null,"image_url":"https://gdb.voanews.com/b3305a08-c0c7-4c09-c8a4-08decaecd3b3_tv_mw2048_mh2048_n.jpg","is_clip":true,"item_type":"video","item_type_label":"Video","language_label":"Kurdish","media_credit":"VOA","micro_label":"Video report","micro_label_kind":"video","network_label":"VOA","network_logo_url":"/static/uploads/direct_network_logos/voa_1ef13eedbd2f.svg","published_at":"2026-08-05T10:37:22.930000","published_at_display":"5 Aug 2026, 10:37 GMT","sequence_badge_label":null,"sequence_count":null,"sequence_count_label":null,"sequence_frames":[],"sequence_kind":null,"source_name":"dengeamerika_com_direct","source_name_label":"Dengeamerika","source_type":"direct_api","summary":"Roja S\u00ea\u015fem\u00ea biyah\u00ean petrol\u00ea li bazar\u00ean c\u00eehan\u00ee y\u00ean kir\u00een \u00fb firotin\u00ea li gor\u00ee roj \u00fb heftey\u00ean ber\u00ea 4% daket.","title":"Daketina Bihay\u00ean Petrol\u00ea li Bazar\u00ean C\u00eehan\u00ee","topic":"V\u00eedyo Galer\u00ee","translation_language":"","url":"https://voa-video-ns.akamaized.net/pangeavideo/2026/08/b/b3/b3305a08-c0c7-4c09-c8a4-08decaecd3b3_1080p.mp4?cb=ee2050962","video_url":"https://voa-video-ns.akamaized.net/pangeavideo/2026/08/b/b3/b3305a08-c0c7-4c09-c8a4-08decaecd3b3_1080p.mp4?cb=ee2050962"},{"article_body_paragraphs":[],"audio_source_url":null,"author":"Hem\u00eed Mistefa","available_dubs":[],"downloadable_assets":["https://voa-video-ns.akamaized.net/pangeavideo/2026/08/8/8c/8cb38637-17ad-4b4e-388f-08decd33fa02_1080p.mp4?cb=ee2043064"],"duration_display":"3:13","duration_seconds":193.28,"embed_url":null,"id":1896,"image_caption":null,"image_url":"https://gdb.voanews.com/8cb38637-17ad-4b4e-388f-08decd33fa02_tv_mw2048_mh2048_n.jpg","is_clip":true,"item_type":"video","item_type_label":"Video","language_label":"Kurdish","media_credit":"VOA","micro_label":"Video report","micro_label_kind":"video","network_label":"VOA","network_logo_url":"/static/uploads/direct_network_logos/voa_1ef13eedbd2f.svg","published_at":"2026-08-04T19:11:27.447000","published_at_display":"4 Aug 2026, 19:11 GMT","sequence_badge_label":null,"sequence_count":null,"sequence_count_label":null,"sequence_frames":[],"sequence_kind":null,"source_name":"dengeamerika_com_direct","source_name_label":"Dengeamerika","source_type":"direct_api","summary":"Li bajar\u00ea Bruksel, Kurd\u00ean Ewropay\u00ea \u00e7alak\u00eeyek taybet bo b\u00eeran\u00eena 12an a jenos\u00eeda li dij\u00ee civaka \u00cazid\u00ee encam da. Jenos\u00eeda li her\u00eama \u015eingal\u00ea li Kurdistana \u00ceraq\u00ea sala 2013an bi dest\u00ean \u00e7ekdar\u00ean DAI\u015e\u00ea p\u00eakaht b\u00fb, bi hezaran kes hatin ku\u015ftin, zarok, jin \u00fb ke\u00e7 hatb\u00fbn revandin.","title":"Jenos\u00eeda li Dij\u00ee \u00cazid\u00eey\u00ean \u015eingal\u00ea li Bruksel bi \u00c7alakiyek\u00ea Hat B\u00eeran\u00een","topic":"V\u00eedyo Galer\u00ee","translation_language":"","url":"https://voa-video-ns.akamaized.net/pangeavideo/2026/08/8/8c/8cb38637-17ad-4b4e-388f-08decd33fa02_1080p.mp4?cb=ee2043064","video_url":"https://voa-video-ns.akamaized.net/pangeavideo/2026/08/8/8c/8cb38637-17ad-4b4e-388f-08decd33fa02_1080p.mp4?cb=ee2043064"},{"article_body_paragraphs":[],"audio_source_url":null,"author":"Ferhan Hamaxan","available_dubs":[{"dubbed_video_url":"/static/video/direct_dubs/direct_dub_10_f8901de9b4b9.mp4","id":10,"label":"English","target_language":"en","target_language_label":"English","voice":"alloy"}],"downloadable_assets":["https://voa-video-ns.akamaized.net/pangeavideo/2026/08/2/23/2343a31a-54e9-4d2c-634f-08decd2fb674_1080p.mp4?cb=ee2041fc2"],"duration_display":"3:20","duration_seconds":200.96,"embed_url":null,"id":1709,"image_caption":null,"image_url":"https://gdb.voanews.com/2343a31a-54e9-4d2c-634f-08decd2fb674_tv_mw2048_mh2048_n.jpg","is_clip":true,"item_type":"video","item_type_label":"Video","language_label":"Kurdish","media_credit":"VOA","micro_label":"Video report","micro_label_kind":"video","network_label":"VOA","network_logo_url":"/static/uploads/direct_network_logos/voa_1ef13eedbd2f.svg","published_at":"2026-08-04T18:00:34.637000","published_at_display":"4 Aug 2026, 18:00 GMT","sequence_badge_label":null,"sequence_count":null,"sequence_count_label":null,"sequence_frames":[],"sequence_kind":null,"source_name":"dengeamerika_com_direct","source_name_label":"Dengeamerika","source_type":"direct_api","summary":"Bazara Heftey\u00ee ya berhem\u00ean \u00c7andin\u00eey\u00ea li Helebcey\u00ea, wek\u00ee destp\u00ea\u015fxeriyek p\u00eaw\u00eest, bo kir\u00een \u00fb firotina hem\u00ee berhem\u00ean cotkar\u00ean her\u00eam\u00ea \u00fb bibe bazarek ji bo pi\u015ftg\u00eeriya cotkaran.","title":"Bazara Heftey\u00ee ya Berhem\u00ean \u00c7andin\u00eey\u00ea li Helebce","topic":"V\u00eedyo Galer\u00ee","translation_language":"","url":"https://voa-video-ns.akamaized.net/pangeavideo/2026/08/2/23/2343a31a-54e9-4d2c-634f-08decd2fb674_1080p.mp4?cb=ee2041fc2","video_url":"https://voa-video-ns.akamaized.net/pangeavideo/2026/08/2/23/2343a31a-54e9-4d2c-634f-08decd2fb674_1080p.mp4?cb=ee2041fc2"},{"article_body_paragraphs":[],"audio_source_url":null,"author":"Emced Kurdo","available_dubs":[{"dubbed_video_url":"/static/video/direct_dubs/direct_dub_24_d48afdf5c5e9.mp4","id":24,"label":"English \u00b7 xus8CbKcIu8Ml5hRVVUy","target_language":"en","target_language_label":"English","voice":"xus8CbKcIu8Ml5hRVVUy"},{"dubbed_video_url":"/static/video/direct_dubs/direct_dub_22_d48afdf5c5e9.mp4","id":22,"label":"English \u00b7 vQkeBag4wDUyGU1FPEiJ","target_language":"en","target_language_label":"English","voice":"vQkeBag4wDUyGU1FPEiJ"},{"dubbed_video_url":"/static/video/direct_dubs/direct_dub_13_d48afdf5c5e9.mp4","id":13,"label":"English \u00b7 alloy","target_language":"en","target_language_label":"English","voice":"alloy"}],"downloadable_assets":["https://voa-video-ns.akamaized.net/pangeavideo/2026/08/1/18/18811b16-6409-4607-c896-08decaecd3b3_1080p.mp4?cb=ee20416b0"],"duration_display":"2:58","duration_seconds":178.12,"embed_url":null,"id":1710,"image_caption":null,"image_url":"https://gdb.voanews.com/18811b16-6409-4607-c896-08decaecd3b3_tv_mw2048_mh2048_n.jpg","is_clip":true,"item_type":"video","item_type_label":"Video","language_label":"Kurdish","media_credit":"VOA","micro_label":"Video report","micro_label_kind":"video","network_label":"VOA","network_logo_url":"/static/uploads/direct_network_logos/voa_1ef13eedbd2f.svg","published_at":"2026-08-04T17:17:37.080000","published_at_display":"4 Aug 2026, 17:17 GMT","sequence_badge_label":null,"sequence_count":null,"sequence_count_label":null,"sequence_frames":[],"sequence_kind":null,"source_name":"dengeamerika_com_direct","source_name_label":"Dengeamerika","source_type":"direct_api","summary":"Pi\u015ft\u00ee ku ji ber \u015fer\u00ea navxwe y\u00ea li S\u00fbriy\u00ea bi sedan malbat li Ser\u00eakan\u00eey\u00ea ji cih \u00fb war\u00ean xwe ko\u00e7ber b\u00fbb\u00fbn, pi\u015ft helmeta hilandin \u00fb paqijkirina her\u00eam\u00ea ji m\u00een \u00fb teqemen\u00eeyan, malbat h\u00ead\u00ee h\u00ead\u00ee vedigerin ser gund \u00fb war\u00ean xwe.","title":"Helmeta Paqijkirina M\u00een \u00fb Bermay\u00ean \u015eer li Gundewar\u00ea Ser\u00eakan\u00eey\u00ea","topic":"V\u00eedyo Galer\u00ee","translation_language":"","url":"https://voa-video-ns.akamaized.net/pangeavideo/2026/08/1/18/18811b16-6409-4607-c896-08decaecd3b3_1080p.mp4?cb=ee20416b0","video_url":"https://voa-video-ns.akamaized.net/pangeavideo/2026/08/1/18/18811b16-6409-4607-c896-08decaecd3b3_1080p.mp4?cb=ee20416b0"},{"article_body_paragraphs":[],"audio_source_url":null,"author":"Eyy\u00fbp Dem\u00eer","available_dubs":[{"dubbed_video_url":"/static/video/direct_dubs/direct_dub_11_b6b6254f1257.mp4","id":11,"label":"English","target_language":"en","target_language_label":"English","voice":"alloy"}],"downloadable_assets":["https://voa-video-ns.akamaized.net/pangeavideo/2026/08/5/56/56d1ef96-79f5-4b64-cc6e-08decd2a5d35_1080p.mp4?cb=ee2040b81"],"duration_display":"2:56","duration_seconds":176.6,"embed_url":null,"id":1712,"image_caption":null,"image_url":"https://gdb.voanews.com/56d1ef96-79f5-4b64-cc6e-08decd2a5d35_tv_mw2048_mh2048_n.jpg","is_clip":true,"item_type":"video","item_type_label":"Video","language_label":"Kurdish","media_credit":"VOA","micro_label":"Video report","micro_label_kind":"video","network_label":"VOA","network_logo_url":"/static/uploads/direct_network_logos/voa_1ef13eedbd2f.svg","published_at":"2026-08-04T16:34:09.190000","published_at_display":"4 Aug 2026, 16:34 GMT","sequence_badge_label":null,"sequence_count":null,"sequence_count_label":null,"sequence_frames":[],"sequence_kind":null,"source_name":"dengeamerika_com_direct","source_name_label":"Dengeamerika","source_type":"direct_api","summary":"T\u00ea \u00e7aver\u00eakirin ku roja \u00c7ar\u015fem\u00ea dan\u00ea sib\u00ea Qan\u00fbna \u00c7ar\u00e7ovey\u00ea si parlementoya Tirk\u00eey\u00ea de were ragihandin. Eyy\u00fbp Dem\u00eer di v\u00ea raport\u00ea de agah\u00eey\u00ean z\u00eadetir dide","title":"Pirsa Qan\u00fbna \u00c7ar\u00e7ovey\u00ea di Parlamentoya Tirkiy\u00ea de","topic":"V\u00eedyo Galer\u00ee","translation_language":"","url":"https://voa-video-ns.akamaized.net/pangeavideo/2026/08/5/56/56d1ef96-79f5-4b64-cc6e-08decd2a5d35_1080p.mp4?cb=ee2040b81","video_url":"https://voa-video-ns.akamaized.net/pangeavideo/2026/08/5/56/56d1ef96-79f5-4b64-cc6e-08decd2a5d35_1080p.mp4?cb=ee2040b81"},{"article_body_paragraphs":[],"audio_source_url":null,"author":"D\u00eeyar Cemal","available_dubs":[],"downloadable_assets":["https://voa-video-ns.akamaized.net/pangeavideo/2026/08/2/22/223435f7-c02c-40c3-634c-08decd2fb674_1080p.mp4?cb=ee20401be"],"duration_display":"3:03","duration_seconds":183.44,"embed_url":null,"id":1713,"image_caption":null,"image_url":"https://gdb.voanews.com/223435f7-c02c-40c3-634c-08decd2fb674_tv_mw2048_mh2048_n.jpg","is_clip":true,"item_type":"video","item_type_label":"Video","language_label":"Kurdish","media_credit":"VOA","micro_label":"Video report","micro_label_kind":"video","network_label":"VOA","network_logo_url":"/static/uploads/direct_network_logos/voa_1ef13eedbd2f.svg","published_at":"2026-08-04T15:52:30.830000","published_at_display":"4 Aug 2026, 15:52 GMT","sequence_badge_label":null,"sequence_count":null,"sequence_count_label":null,"sequence_frames":[],"sequence_kind":null,"source_name":"dengeamerika_com_direct","source_name_label":"Dengeamerika","source_type":"direct_api","summary":"Li bajar\u00ea M\u00fbsil ku di dema Dai\u015f\u00ea de bi temam\u00ee hatb\u00fb w\u00earankirin, niha xelk vedigerin ser kar \u00fb p\u00ee\u015fey\u00ean xwe y\u00ean ber\u00ea. Dikaneke bi\u00e7\u00fbk li navenda baj\u00ear niha weke bazara her\u00ee mezin a firotina mas\u00eeyan t\u00ea naskirin \u00fb qay\u00eek\u00ean girtina mas\u00eeyan j\u00ee li heman navend\u00ea t\u00ean \u00e7\u00eakirin..","title":"Mezintir\u00een Bazara Mas\u00eeyan li M\u00fbsil\u00ea","topic":"V\u00eedyo Galer\u00ee","translation_language":"","url":"https://voa-video-ns.akamaized.net/pangeavideo/2026/08/2/22/223435f7-c02c-40c3-634c-08decd2fb674_1080p.mp4?cb=ee20401be","video_url":"https://voa-video-ns.akamaized.net/pangeavideo/2026/08/2/22/223435f7-c02c-40c3-634c-08decd2fb674_1080p.mp4?cb=ee20401be"},{"article_body_paragraphs":[],"audio_source_url":null,"author":"D\u00eeyar Cemal","available_dubs":[],"downloadable_assets":["https://voa-video-ns.akamaized.net/pangeavideo/2026/08/7/73/7355a64e-5706-4d23-633c-08decd2fb674_1080p.mp4?cb=ee203b878"],"duration_display":"3:12","duration_seconds":192.08,"embed_url":null,"id":1205,"image_caption":null,"image_url":"https://gdb.voanews.com/7355a64e-5706-4d23-633c-08decd2fb674_tv_mw2048_mh2048_n.jpg","is_clip":true,"item_type":"video","item_type_label":"Video","language_label":"Kurdish","media_credit":"VOA","micro_label":"Video report","micro_label_kind":"video","network_label":"VOA","network_logo_url":"/static/uploads/direct_network_logos/voa_1ef13eedbd2f.svg","published_at":"2026-08-04T10:36:37.517000","published_at_display":"4 Aug 2026, 10:36 GMT","sequence_badge_label":null,"sequence_count":null,"sequence_count_label":null,"sequence_frames":[],"sequence_kind":null,"source_name":"dengeamerika_com_direct","source_name_label":"Dengeamerika","source_type":"direct_api","summary":"Serokwez\u00eer\u00ea \u00ceraq\u00ee El\u00ee Falih El-Zeyd\u00ee rast\u00ee asteng\u00eey\u00ean mezin t\u00ea ji bo ku bikare soz\u00ean derbar\u00ea b\u00ea\u00e7ekirina gr\u00fbp\u00ean \u00e7ekdar y\u00ean al\u00eegir\u00ean \u00ceran\u00ea day\u00ee bic\u00ee b\u00eene. Di v\u00ea raport\u00ea de \u00c7avd\u00ear\u00ean Sisay\u00ee derbar\u00ea mijar\u00ea n\u00ear\u00een\u00ean xwe parve dikin.","title":"Asteng\u00eey\u00ean li Hember Zeyd\u00ee bo B\u00ea\u00e7ekirina Gr\u00fbp\u00ean \u00c7ekdar \u00ean Algir\u00ean \u00ceran\u00ea","topic":"V\u00eedyo Galer\u00ee","translation_language":"","url":"https://voa-video-ns.akamaized.net/pangeavideo/2026/08/7/73/7355a64e-5706-4d23-633c-08decd2fb674_1080p.mp4?cb=ee203b878","video_url":"https://voa-video-ns.akamaized.net/pangeavideo/2026/08/7/73/7355a64e-5706-4d23-633c-08decd2fb674_1080p.mp4?cb=ee203b878"},{"article_body_paragraphs":[],"audio_source_url":null,"author":"S\u00eenor Ker\u00eem","available_dubs":[],"downloadable_assets":["https://voa-video-ns.akamaized.net/pangeavideo/2026/08/8/81/813c79d5-d6a2-4498-3879-08decd33fa02_1080p.mp4?cb=ee202fa59"],"duration_display":"3:04","duration_seconds":184.66,"embed_url":null,"id":1207,"image_caption":null,"image_url":"https://gdb.voanews.com/813c79d5-d6a2-4498-3879-08decd33fa02_tv_mw2048_mh2048_n.jpg","is_clip":true,"item_type":"video","item_type_label":"Video","language_label":"Kurdish","media_credit":"VOA","micro_label":"Video report","micro_label_kind":"video","network_label":"VOA","network_logo_url":"/static/uploads/direct_network_logos/voa_1ef13eedbd2f.svg","published_at":"2026-08-03T21:08:41.890000","published_at_display":"3 Aug 2026, 21:08 GMT","sequence_badge_label":null,"sequence_count":null,"sequence_count_label":null,"sequence_frames":[],"sequence_kind":null,"source_name":"dengeamerika_com_direct","source_name_label":"Dengeamerika","source_type":"direct_api","summary":"Li Her\u00eama Kurdistan\u00ea dest bi helmetek\u00ea hat\u00eeye kirin da ku berevan\u00eey\u00ea ji wan ke\u00e7 \u00fb jin\u00ean ciwan bikin y\u00ean ku di civak\u00ea de rast\u00ee destav\u00eatin \u00fb \u00ear\u00ee\u015f\u00ean zay\u00eendey\u00ee t\u00ean. Raporta S\u00eenor Ker\u00eem ji Sil\u00eaman\u00eey\u00ea.","title":"Helmeta Parastin \u00fb Beravan\u00eekirin\u00ea ji Destav\u00eatina Ke\u00e7\u00ean Ciwan","topic":"V\u00eedyo Galer\u00ee","translation_language":"","url":"https://voa-video-ns.akamaized.net/pangeavideo/2026/08/8/81/813c79d5-d6a2-4498-3879-08decd33fa02_1080p.mp4?cb=ee202fa59","video_url":"https://voa-video-ns.akamaized.net/pangeavideo/2026/08/8/81/813c79d5-d6a2-4498-3879-08decd33fa02_1080p.mp4?cb=ee202fa59"},{"article_body_paragraphs":[],"audio_source_url":null,"author":"Eyy\u00fbp Dem\u00eer","available_dubs":[],"downloadable_assets":["https://voa-video-ns.akamaized.net/pangeavideo/2026/08/3/37/3745a490-6f0a-4e79-633a-08decd2fb674_1080p.mp4?cb=ee202f88c"],"duration_display":"1:39","duration_seconds":99.84,"embed_url":null,"id":1208,"image_caption":null,"image_url":"https://gdb.voanews.com/3745a490-6f0a-4e79-633a-08decd2fb674_tv_mw2048_mh2048_n.jpg","is_clip":true,"item_type":"video","item_type_label":"Video","language_label":"Kurdish","media_credit":"VOA","micro_label":"Video report","micro_label_kind":"video","network_label":"VOA","network_logo_url":"/static/uploads/direct_network_logos/voa_1ef13eedbd2f.svg","published_at":"2026-08-03T20:59:25.793000","published_at_display":"3 Aug 2026, 20:59 GMT","sequence_badge_label":null,"sequence_count":null,"sequence_count_label":null,"sequence_frames":[],"sequence_kind":null,"source_name":"dengeamerika_com_direct","source_name_label":"Dengeamerika","source_type":"direct_api","summary":"Eyy\u00fbp Dem\u00eer ahag\u00ee \u00fb p\u00eazan\u00een\u00ean z\u00eadetir derbar\u00ea hevd\u00eetina \u015eandeya \u00cemral\u00eey\u00ea bi Ocelan serok\u00ea girt\u00ee y\u00ea PKK\u00ea \u00fb encam\u00ean wan civ\u00eenan dide.","title":"Hevd\u00eetina \u015eandeya \u00cemral\u00eey\u00ea bi Ocelan re","topic":"V\u00eedyo Galer\u00ee","translation_language":"","url":"https://voa-video-ns.akamaized.net/pangeavideo/2026/08/3/37/3745a490-6f0a-4e79-633a-08decd2fb674_1080p.mp4?cb=ee202f88c","video_url":"https://voa-video-ns.akamaized.net/pangeavideo/2026/08/3/37/3745a490-6f0a-4e79-633a-08decd2fb674_1080p.mp4?cb=ee202f88c"},{"article_body_paragraphs":[],"audio_source_url":null,"author":"\u00cevan Hes\u00eeb","available_dubs":[],"downloadable_assets":["https://voa-video-ns.akamaized.net/pangeavideo/2026/08/2/23/234440bf-8ad9-4d43-cc52-08decd2a5d35_1080p.mp4?cb=ee202df99"],"duration_display":"3:00","duration_seconds":180.16,"embed_url":null,"id":1211,"image_caption":null,"image_url":"https://gdb.voanews.com/234440bf-8ad9-4d43-cc52-08decd2a5d35_tv_mw2048_mh2048_n.jpg","is_clip":true,"item_type":"video","item_type_label":"Video","language_label":"Kurdish","media_credit":"VOA","micro_label":"Video report","micro_label_kind":"video","network_label":"VOA","network_logo_url":"/static/uploads/direct_network_logos/voa_1ef13eedbd2f.svg","published_at":"2026-08-03T19:12:52.967000","published_at_display":"3 Aug 2026, 19:12 GMT","sequence_badge_label":null,"sequence_count":null,"sequence_count_label":null,"sequence_frames":[],"sequence_kind":null,"source_name":"dengeamerika_com_direct","source_name_label":"Dengeamerika","source_type":"direct_api","summary":"Heft l\u00eestikvan\u00ean Kurd \u00ean ke\u00e7 Qehreman\u00eeya Ciwanan a Rojavay\u00ea Asyay\u00ea ya 2026'an bi t\u00eema ni\u015ftiman\u00ee ya S\u00fbr\u00eey\u00ea re bi dest xist. Golpar\u00eaza bajar\u00ea Qami\u015flo, M\u00eedya His\u00ean xelata golpar\u00eaza her\u00ee ba\u015f a Qehreman\u00eey\u00ea wergirt.","title":"Ke\u00e7\u00ean Kurd \u00ean S\u00fbr\u00eey\u00ea di Qehreman\u00eeya Futbol\u00ea de Biser Dikevin","topic":"V\u00eedyo Galer\u00ee","translation_language":"","url":"https://voa-video-ns.akamaized.net/pangeavideo/2026/08/2/23/234440bf-8ad9-4d43-cc52-08decd2a5d35_1080p.mp4?cb=ee202df99","video_url":"https://voa-video-ns.akamaized.net/pangeavideo/2026/08/2/23/234440bf-8ad9-4d43-cc52-08decd2a5d35_1080p.mp4?cb=ee202df99"},{"article_body_paragraphs":[],"audio_source_url":null,"author":"\u015e\u00earwan \u00cebrah\u00eem","available_dubs":[{"dubbed_video_url":"/static/video/direct_dubs/direct_dub_6_468409472784.mp4","id":6,"label":"English","target_language":"en","target_language_label":"English","voice":"alloy"}],"downloadable_assets":["https://voa-video-ns.akamaized.net/pangeavideo/2026/08/7/78/789c1c7b-d7a2-4501-3871-08decd33fa02_1080p.mp4?cb=ee202d270"],"duration_display":"2:48","duration_seconds":168.81,"embed_url":null,"id":1213,"image_caption":null,"image_url":"https://gdb.voanews.com/789c1c7b-d7a2-4501-3871-08decd33fa02_tv_mw2048_mh2048_n.jpg","is_clip":true,"item_type":"video","item_type_label":"Video","language_label":"Kurdish","media_credit":"VOA","micro_label":"Video report","micro_label_kind":"video","network_label":"VOA","network_logo_url":"/static/uploads/direct_network_logos/voa_1ef13eedbd2f.svg","published_at":"2026-08-03T18:17:23.120000","published_at_display":"3 Aug 2026, 18:17 GMT","sequence_badge_label":null,"sequence_count":null,"sequence_count_label":null,"sequence_frames":[],"sequence_kind":null,"source_name":"dengeamerika_com_direct","source_name_label":"Dengeamerika","source_type":"direct_api","summary":"Li Almanyay\u00ea \u00e7alak\u00eeyek ji bo salvegera12\u2019an a komkuj\u00eeya \u00cazd\u00eeyan a \u015eingal\u00ea bi be\u015fdar\u00eeya hejamrek kesayet\u00ee \u00fb parlemantar\u00ean w\u00ee welat\u00ee bi r\u00eave \u00e7\u00fb. Raporta \u015e\u00earwan \u00cebrah\u00eem zanyar\u00eey\u00ean b\u00eahtir hene.","title":"Li Almanya B\u00eeran\u00eena Jenos\u00eeda \u00cazd\u00eeyan Hate Vejandin","topic":"V\u00eedyo Galer\u00ee","translation_language":"","url":"https://voa-video-ns.akamaized.net/pangeavideo/2026/08/7/78/789c1c7b-d7a2-4501-3871-08decd33fa02_1080p.mp4?cb=ee202d270","video_url":"https://voa-video-ns.akamaized.net/pangeavideo/2026/08/7/78/789c1c7b-d7a2-4501-3871-08decd33fa02_1080p.mp4?cb=ee202d270"},{"article_body_paragraphs":[],"audio_source_url":null,"author":"Xec\u00eecan Farq\u00een","available_dubs":[],"downloadable_assets":["https://voa-video-ns.akamaized.net/pangeavideo/2026/08/0/04/04dbc5f1-cd66-4194-c87c-08decaecd3b3_1080p.mp4?cb=ee202ad41"],"duration_display":"2:50","duration_seconds":170.26,"embed_url":null,"id":1216,"image_caption":null,"image_url":"https://gdb.voanews.com/04dbc5f1-cd66-4194-c87c-08decaecd3b3_tv_mw2048_mh2048_n.jpg","is_clip":true,"item_type":"video","item_type_label":"Video","language_label":"Kurdish","media_credit":"VOA","micro_label":"Video report","micro_label_kind":"video","network_label":"VOA","network_logo_url":"/static/uploads/direct_network_logos/voa_1ef13eedbd2f.svg","published_at":"2026-08-03T15:39:45","published_at_display":"3 Aug 2026, 15:39 GMT","sequence_badge_label":null,"sequence_count":null,"sequence_count_label":null,"sequence_frames":[],"sequence_kind":null,"source_name":"dengeamerika_com_direct","source_name_label":"Dengeamerika","source_type":"direct_api","summary":"Li bajar\u00ea Dersim\u00ea fest\u00eevala Munzur\u00ea ku armanca w\u00ea parastina xweza, av \u00fb ax \u00fb ziyaret \u00fb ziman \u00fb \u00e7anda devera Ders\u00eem\u00ea ye hate lidarxistin. Jiber ku \u015faredar\u00eeya Dersim\u00ea bi dest\u00ea qay\u00fbm t\u00ea bir\u00eavebirin, fest\u00eeval du salan \u00e7\u00eaneb\u00fb, l\u00ea \u00eesal bi hevkar\u00eeya r\u00eaxistin\u00ean siv\u00eel lidarket.","title":"Li D\u00earsim\u00ea 24\u2019em\u00een Fest\u00eevala Munzur\u00ea Hate Lidarxistin","topic":"V\u00eedyo Galer\u00ee","translation_language":"","url":"https://voa-video-ns.akamaized.net/pangeavideo/2026/08/0/04/04dbc5f1-cd66-4194-c87c-08decaecd3b3_1080p.mp4?cb=ee202ad41","video_url":"https://voa-video-ns.akamaized.net/pangeavideo/2026/08/0/04/04dbc5f1-cd66-4194-c87c-08decaecd3b3_1080p.mp4?cb=ee202ad41"},{"article_body_paragraphs":[],"audio_source_url":null,"author":"Ridwan B\u00eazar","available_dubs":[],"downloadable_assets":["https://voa-video-ns.akamaized.net/pangeavideo/2026/08/e/eb/eb60e750-15de-49e5-805a-08decae8682a_1080p.mp4?cb=ee202a81f"],"duration_display":"2:47","duration_seconds":167.93,"embed_url":null,"id":1218,"image_caption":null,"image_url":"https://gdb.voanews.com/eb60e750-15de-49e5-805a-08decae8682a_tv_mw2048_mh2048_n.jpg","is_clip":true,"item_type":"video","item_type_label":"Video","language_label":"Kurdish","media_credit":"VOA","micro_label":"Video report","micro_label_kind":"video","network_label":"VOA","network_logo_url":"/static/uploads/direct_network_logos/voa_1ef13eedbd2f.svg","published_at":"2026-08-03T15:17:51.260000","published_at_display":"3 Aug 2026, 15:17 GMT","sequence_badge_label":null,"sequence_count":null,"sequence_count_label":null,"sequence_frames":[],"sequence_kind":null,"source_name":"dengeamerika_com_direct","source_name_label":"Dengeamerika","source_type":"direct_api","summary":"Diya \u015fervana Kurd \u00c7\u00ee\u00e7ek Koban\u00ee ku kom\u00ean \u00e7ekdar di sala 2019an de ew d\u00eel girt, veguhest bo Tirk\u00eey\u00ea, \u00fb dadgeheke Tirk\u00eey\u00ea cezay\u00ea zindana hetahetay\u00ee da w\u00ea, daxwaza serbestberdana ke\u00e7a xwe dike. Par\u00eazerek\u00ee Koban\u00eey\u00ea j\u00ee dib\u00eaje maf\u00ea Tirk\u00eey\u00ea neb\u00fb ku w\u00ea dadgeh bike.","title":"D\u00eeya \u00c7\u00ee\u00e7ek Koban\u00ee Daxwaza Serbestberdana w\u00ea Dike","topic":"V\u00eedyo Galer\u00ee","translation_language":"","url":"https://voa-video-ns.akamaized.net/pangeavideo/2026/08/e/eb/eb60e750-15de-49e5-805a-08decae8682a_1080p.mp4?cb=ee202a81f","video_url":"https://voa-video-ns.akamaized.net/pangeavideo/2026/08/e/eb/eb60e750-15de-49e5-805a-08decae8682a_1080p.mp4?cb=ee202a81f"},{"article_body_paragraphs":[],"audio_source_url":null,"author":"\u00cevan Hes\u00eeb","available_dubs":[],"downloadable_assets":["https://voa-video-ns.akamaized.net/pangeavideo/2026/08/a/aa/aa3858dd-a72d-44bc-386d-08decd33fa02_1080p.mp4?cb=ee2029736"],"duration_display":"3:35","duration_seconds":215.8,"embed_url":null,"id":1221,"image_caption":null,"image_url":"https://gdb.voanews.com/aa3858dd-a72d-44bc-386d-08decd33fa02_tv_mw2048_mh2048_n.jpg","is_clip":true,"item_type":"video","item_type_label":"Video","language_label":"Kurdish","media_credit":"VOA","micro_label":"Video report","micro_label_kind":"video","network_label":"VOA","network_logo_url":"/static/uploads/direct_network_logos/voa_1ef13eedbd2f.svg","published_at":"2026-08-03T14:02:39.130000","published_at_display":"3 Aug 2026, 14:02 GMT","sequence_badge_label":null,"sequence_count":null,"sequence_count_label":null,"sequence_frames":[],"sequence_kind":null,"source_name":"dengeamerika_com_direct","source_name_label":"Dengeamerika","source_type":"direct_api","summary":"Kurd\u00ean Rojava serdana Serok\u00ea Her\u00eama Kurdistana \u00ceraq\u00ea N\u00ea\u00e7\u00eervan Barzan\u00ee bo S\u00fbr\u00eey\u00ea bi er\u00ean\u00ee dinirx\u00eenin \u00fb dib\u00eajin ku d\u00ea bandora w\u00ea li ser Kurd\u00ean S\u00fbr\u00eey\u00ea \u00fb aram\u00eeya dever\u00ea hebe. Raporta \u00cevan Hes\u00eeb b\u00eahtir zanyar\u00ee hene.","title":"Kurd\u00ean Rojava Serdana Barzan\u00ee bo S\u00fbr\u00eey\u00ea Dinirx\u00eenin","topic":"V\u00eedyo Galer\u00ee","translation_language":"","url":"https://voa-video-ns.akamaized.net/pangeavideo/2026/08/a/aa/aa3858dd-a72d-44bc-386d-08decd33fa02_1080p.mp4?cb=ee2029736","video_url":"https://voa-video-ns.akamaized.net/pangeavideo/2026/08/a/aa/aa3858dd-a72d-44bc-386d-08decd33fa02_1080p.mp4?cb=ee2029736"}],"next_num":12,"page":11,"pages":12,"per_page":20,"prev_num":10,"total":239}
