{"applied_filters":{"end_date":"","lang":"","language":"","network":"","page":12,"per_page":20,"search":"","source":"","start_date":"","topic":"V\u00eedyo Galer\u00ee","type":"clips"},"available_filters":{"language_choices":[{"label":"Choose Language","value":""},{"label":"English","value":"English"},{"label":"Espa\u00f1ol","value":"Espa\u00f1ol"},{"label":"Kurdish","value":"Kurdish"}],"network_choices":[{"label":"All networks","value":""},{"label":"VOA","value":"VOA"}],"source_choices":[{"label":"All sources","value":""},{"label":"Dengeamerika","value":"dengeamerika_com_direct"}],"sources":["dengeamerika_com_direct"],"topics":["250em\u00een Salvegera Serxweb\u00fbna Amer\u00eekay\u00ea","250\u0647\u06d5\u0645\u06cc\u0646 \u0633\u0627\u06b5\u06cc\u0627\u062f\u06cc \u0633\u06d5\u0631\u0628\u06d5\u062e\u06c6\u06cc\u06cc \u0626\u06d5\u0645\u06d5\u0631\u06cc\u06a9\u0627","Afghanistan","Amer\u00eeka","Am\u00e9rica Latina, VENEZUELA, Maiquetia","Asuntos de Estado","Audiovisuales Mart\u00ed","Audiovisuales Mart\u00ed, Cuba turismo, crisis del turismo en Cuba","Audiovisuales Mart\u00ed, VENEZUELA, apagones","Como Come Cuba, cuba, Como Come Cuba","Cuba Habla","Cuba Habla, Cuba","C\u00eehan","Human Rights","Info Mart\u00ed","Info Mart\u00ed , Cuba","Info Mart\u00ed , Estados Unidos, Colombia","Info Mart\u00ed , Estados Unidos, VENEZUELA","Info Mart\u00ed , estados unidos, Venezuela","Iran","Iz RSE sveta","Korea","Laos","Multimedija","Myanmar","Pacific","Ser Madre en cuba, cuba, hambre, r\u00e9gimen, madre, negligencia, Testimonios, Crisis Econ\u00f3mica, madre cubana, Crisis Alimentaria","Ser viejo en Cuba, cuba, cubanos, crisis, alimentos, ancianos, viejos, vejez","South China Sea","Srbija","Tibet","Ukraine","Video","Videos","V\u00eedyo Galer\u00ee","\u0412\u0438\u0434\u0435\u043e","\u0418\u043d\u0442\u0435\u0440\u0432\u044c\u044e","\u041a\u0430\u0434\u0440\u044b \u0434\u043d\u044f","\u0420\u043e\u0441\u0441\u0438\u044f","\u0421\u043c\u043e\u0442\u0440\u0438 \u0432 \u043e\u0431\u0430","\u0622\u062e\u0631\u06cc\u0646 \u0648\u06cc\u062f\u06cc\u0648\u0647\u0627","\u0626\u06ce\u0631\u0627\u0646","\u0626\u06d5\u0645\u06d5\u0631\u06cc\u06a9\u0627","\u0628\u06d5\u0631\u0646\u0627\u0645\u06d5\u06cc \u0695\u06c6\u0698\u0627\u0646\u06d5\u06cc \u062a\u06d5\u0644\u06d5\u0641\u06cc\u0632\u06cc\u06c6\u0646","\u062a\u0648\u0631\u06a9\u06cc\u0627","\u062c\u0647\u0627\u0646","\u062c\u06cc\u0647\u0627\u0646","\u0633\u0648\u0631\u06cc\u0627","\u0633\u0649\u0646","\u0639\u06ce\u0631\u0627\u0642","\u0642\u0649\u0633\u0642\u0627 \u062e\u06d5\u06cb\u06d5\u0631\u0644\u06d5\u0631","\u0645\u0631\u06a9\u06d0","\u0646\u0648\u0631 \u062e\u0628\u0631\u0648\u0646\u0647","\u0647\u06d5\u0631\u06ce\u0645\u06d5 \u06a9\u0648\u0631\u062f\u06cc\u0640\u06cc\u06d5\u06a9\u0627\u0646","\u0648\u06cc\u062f\u06cc\u0648","\u0648\u06cc\u0698\u0647 \u0628\u0631\u0646\u0627\u0645\u0647\u200c\u0647\u0627","\u0695\u06c6\u0698\u0647\u06d5\u06b5\u0627\u062a\u06cc \u0646\u0627\u0648\u06d5\u0695\u0627\u0633\u062a","\u06a4\u06cc\u062f\u06cc\u06c6","\u0e82\u0ec8\u0eb2\u0ea7\u0ec1\u0ea5\u0eb0\u0ea5\u0eb2\u0e8d\u0e87\u0eb2\u0e99","\u0ea7\u0eb5\u0e94\u0eb5\u0ec2\u0ead","\u0f38\u0f42\u0f7c\u0f44\u0f0b\u0f66\u0f0b\u0f58\u0f46\u0f7c\u0f42","\u0f56\u0f59\u0f53\u0f0b\u0f56\u0fb1\u0f7c\u0f63\u0f0d","\u0f56\u0f62\u0f99\u0f53\u0f0d","\u0f56\u0f7c\u0f51\u0f0d","\u1017\u102e\u1012\u102e\u101a\u102d\u102f\u1019\u103b\u102c\u1038","\u101e\u1010\u1004\u103a\u1038\u1019\u103b\u102c\u1038","\u10d5\u10d8\u10d3\u10d4\u10dd","\u1785\u17d2\u1794\u17b6\u1794\u17cb","\u1793\u1799\u17c4\u1794\u17b6\u1799","\u1794\u179a\u17b7\u179f\u17d2\u1790\u17b6\u1793","\u179c\u17b8\u178a\u17c1\u17a2\u17bc","\u179f\u1784\u17d2\u1782\u1798","\u4eba\u6743\u6cd5\u6cbb","\u56fd\u9645\u65b0\u95fb","\u5c08\u984c","\u5f71\u7247","\u653f\u6cbb","\u65b0\u805e","\u65b0\u95fb\u5feb\u8baf","\u6bcf\u65e5\u89c6\u9891\u65b0\u95fb","\u6e2f\u6fb3\u53f0","\u793e\u4f1a","\u79d1\u6559\u6587","\u7f8e\u56fd\u4e4b\u97f3\u4e13\u8bbf","\u89c6\u9891","\ub274\uc2a4","\ub274\uc2a4 \ud074\ub9ad","\uba40\ud2f0\ubbf8\ub514\uc5b4","\ubbf8\uad6d","\ube44\ub514\uc624","\uc138\uacc4","\ud55c\ubc18\ub3c4"],"types":[["","All types"],["video","Videos"],["clips","Clips"],["media","Media"]]},"has_next":false,"has_prev":true,"items":[{"article_body_paragraphs":[],"audio_source_url":null,"author":"Xetab Omer","available_dubs":[],"downloadable_assets":["https://voa-video-ns.akamaized.net/pangeavideo/2026/08/1/1e/1e45ed97-ed2d-47c7-386e-08decd33fa02_1080p.mp4?cb=ee202a983"],"duration_display":"2:46","duration_seconds":166.29,"embed_url":null,"id":1217,"image_caption":null,"image_url":"https://gdb.voanews.com/1e45ed97-ed2d-47c7-386e-08decd33fa02_tv_mw2048_mh2048_n.jpg","is_clip":true,"item_type":"video","item_type_label":"Video","language_label":"Kurdish","media_credit":"VOA","micro_label":"Video report","micro_label_kind":"video","network_label":"VOA","network_logo_url":"/static/uploads/direct_network_logos/voa_1ef13eedbd2f.svg","published_at":"2026-08-03T11:49:19.777000","published_at_display":"3 Aug 2026, 11:49 GMT","sequence_badge_label":null,"sequence_count":null,"sequence_count_label":null,"sequence_frames":[],"sequence_kind":null,"source_name":"dengeamerika_com_direct","source_name_label":"Dengeamerika","source_type":"direct_api","summary":"Pi\u015ft\u00ee 12 salan ji jenos\u00eeda teror\u00eest\u00ean Dai\u015f\u00ea li dij\u00ee xelk\u00ea \u00cazd\u00ee li \u015eingal\u00ea, kes\u00fbnas\u00ean qurban\u00eeyan h\u00een j\u00ee li benda dadmend\u00eey\u00ea ne \u00fb daxwaz\u00ea ji desthilatdaran dikin ku al\u00eekar\u00eey\u00ea di naskirina \u00e7aren\u00fbsa windab\u00fby\u00ean wan de bikin. Raporta Xetab Omer b\u00eahtir agah\u00ee hene.","title":"Salvegera Jenos\u00eeda \u00cazd\u00eeyan li \u015eingal\u00ea Hat Vejandin","topic":"V\u00eedyo Galer\u00ee","translation_language":"","url":"https://voa-video-ns.akamaized.net/pangeavideo/2026/08/1/1e/1e45ed97-ed2d-47c7-386e-08decd33fa02_1080p.mp4?cb=ee202a983","video_url":"https://voa-video-ns.akamaized.net/pangeavideo/2026/08/1/1e/1e45ed97-ed2d-47c7-386e-08decd33fa02_1080p.mp4?cb=ee202a983"},{"article_body_paragraphs":[],"audio_source_url":null,"author":null,"available_dubs":[],"downloadable_assets":["https://voa-video-ns.akamaized.net/pangeavideo/2026/08/a/a0/a0779bfe-26bb-4730-c86f-08decaecd3b3_1080p.mp4?cb=ee2017a6a"],"duration_display":"2:37","duration_seconds":157.64,"embed_url":null,"id":1225,"image_caption":null,"image_url":"https://gdb.voanews.com/a0779bfe-26bb-4730-c86f-08decaecd3b3_tv_mw2048_mh2048_n.jpg","is_clip":true,"item_type":"video","item_type_label":"Video","language_label":"Kurdish","media_credit":"VOA","micro_label":"Video report","micro_label_kind":"video","network_label":"VOA","network_logo_url":"/static/uploads/direct_network_logos/voa_1ef13eedbd2f.svg","published_at":"2026-08-02T17:50:34.150000","published_at_display":"2 Aug 2026, 17:50 GMT","sequence_badge_label":null,"sequence_count":null,"sequence_count_label":null,"sequence_frames":[],"sequence_kind":null,"source_name":"dengeamerika_com_direct","source_name_label":"Dengeamerika","source_type":"direct_api","summary":"Ji bo ku xort \u00fb ke\u00e7\u00ean sin\u00eale y\u00ean li Australya dij\u00een rast\u00ee \u015fa\u015fiy\u00ean di derbar\u00ea tor\u00ean medya civak\u00ee ney\u00ean hin bend \u00fb biryar dan\u00eene \u00fb berevan\u00eey\u00ea ji wan birayran dike.","title":"Australya bo Parastina Sin\u00ealeyan ji Pirsgir\u00eak\u00ean Tor\u00ean Medya Civak\u00ee Biryaran Dist\u00eene","topic":"V\u00eedyo Galer\u00ee","translation_language":"","url":"https://voa-video-ns.akamaized.net/pangeavideo/2026/08/a/a0/a0779bfe-26bb-4730-c86f-08decaecd3b3_1080p.mp4?cb=ee2017a6a","video_url":"https://voa-video-ns.akamaized.net/pangeavideo/2026/08/a/a0/a0779bfe-26bb-4730-c86f-08decaecd3b3_1080p.mp4?cb=ee2017a6a"},{"article_body_paragraphs":[],"audio_source_url":null,"author":"\u00cevan Hes\u00eeb","available_dubs":[],"downloadable_assets":["https://voa-video-ns.akamaized.net/pangeavideo/2026/08/9/9f/9f4a1fab-b3d7-48b5-465a-08decadaa577_1080p.mp4?cb=ee2000158"],"duration_display":"3:44","duration_seconds":224.85,"embed_url":null,"id":1233,"image_caption":null,"image_url":"https://gdb.voanews.com/9f4a1fab-b3d7-48b5-465a-08decadaa577_tv_mw2048_mh2048_n.jpg","is_clip":true,"item_type":"video","item_type_label":"Video","language_label":"Kurdish","media_credit":"VOA","micro_label":"Video report","micro_label_kind":"video","network_label":"VOA","network_logo_url":"/static/uploads/direct_network_logos/voa_1ef13eedbd2f.svg","published_at":"2026-08-01T15:01:44.087000","published_at_display":"1 Aug 2026, 15:01 GMT","sequence_badge_label":null,"sequence_count":null,"sequence_count_label":null,"sequence_frames":[],"sequence_kind":null,"source_name":"dengeamerika_com_direct","source_name_label":"Dengeamerika","source_type":"direct_api","summary":"Li p\u00ea\u015fangeha xwe ya bajar\u00ea Qami\u015flo, hunermend\u00ea \u015f\u00eawekar Fer\u00eed Hiso hewl dide bi r\u00eaya berhem\u00ean xwe y\u00ean \u00ean kar\u00ea destan folklora Kurd\u00ee vej\u00eene.","title":"\u015e\u00eawekar Fer\u00eed Hiso Hewl Dide bi Berhem\u00ean Kar\u00ea Destan Folklora Kurd\u00ee Vej\u00eene","topic":"V\u00eedyo Galer\u00ee","translation_language":"","url":"https://voa-video-ns.akamaized.net/pangeavideo/2026/08/9/9f/9f4a1fab-b3d7-48b5-465a-08decadaa577_1080p.mp4?cb=ee2000158","video_url":"https://voa-video-ns.akamaized.net/pangeavideo/2026/08/9/9f/9f4a1fab-b3d7-48b5-465a-08decadaa577_1080p.mp4?cb=ee2000158"},{"article_body_paragraphs":[],"audio_source_url":null,"author":null,"available_dubs":[],"downloadable_assets":["https://voa-video-ns.akamaized.net/pangeavideo/2026/07/d/d8/d8405e1e-f952-4893-cb64-08decd2a5d35_1080p.mp4?cb=ee1f46188"],"duration_display":"4:31","duration_seconds":271.95,"embed_url":null,"id":927,"image_caption":null,"image_url":"https://gdb.voanews.com/d8405e1e-f952-4893-cb64-08decd2a5d35_tv_mw2048_mh2048_n.jpg","is_clip":true,"item_type":"video","item_type_label":"Video","language_label":"Kurdish","media_credit":"VOA","micro_label":"Video report","micro_label_kind":"video","network_label":"VOA","network_logo_url":"/static/uploads/direct_network_logos/voa_1ef13eedbd2f.svg","published_at":"2026-07-23T19:24:56.393000","published_at_display":"23 Jul 2026, 19:24 GMT","sequence_badge_label":null,"sequence_count":null,"sequence_count_label":null,"sequence_frames":[],"sequence_kind":null,"source_name":"dengeamerika_com_direct","source_name_label":"Dengeamerika","source_type":"direct_api","summary":"Karbidest\u00ean Tirk\u00eeye \u00fb S\u00fbr\u00eey\u00ea ragihandin ku ew jibo vekirina der\u00eey\u00ea s\u00eenor y\u00ea Nis\u00eab\u00een \u00fb Qami\u015flo dixebitin. Ozlem Yasak p\u00eazan\u00een\u00ean z\u00eadetir radigih\u00eene.","title":"Der\u00eey\u00ea S\u00eenor y\u00ea Nis\u00eab\u00een \u00fb Qami\u015flo Vedibe","topic":"V\u00eedyo Galer\u00ee","translation_language":"","url":"https://voa-video-ns.akamaized.net/pangeavideo/2026/07/d/d8/d8405e1e-f952-4893-cb64-08decd2a5d35_1080p.mp4?cb=ee1f46188","video_url":"https://voa-video-ns.akamaized.net/pangeavideo/2026/07/d/d8/d8405e1e-f952-4893-cb64-08decd2a5d35_1080p.mp4?cb=ee1f46188"},{"article_body_paragraphs":[],"audio_source_url":null,"author":null,"available_dubs":[],"downloadable_assets":["https://voa-video-ns.akamaized.net/pangeavideo/2026/07/0/01/019674a9-55d1-49e0-7fa1-08decae8682a_1080p.mp4?cb=ee1f46164"],"duration_display":"4:54","duration_seconds":294.52,"embed_url":null,"id":928,"image_caption":null,"image_url":"https://gdb.voanews.com/019674a9-55d1-49e0-7fa1-08decae8682a_tv_mw2048_mh2048_n.jpg","is_clip":true,"item_type":"video","item_type_label":"Video","language_label":"Kurdish","media_credit":"VOA","micro_label":"Video report","micro_label_kind":"video","network_label":"VOA","network_logo_url":"/static/uploads/direct_network_logos/voa_1ef13eedbd2f.svg","published_at":"2026-07-23T19:24:20.290000","published_at_display":"23 Jul 2026, 19:24 GMT","sequence_badge_label":null,"sequence_count":null,"sequence_count_label":null,"sequence_frames":[],"sequence_kind":null,"source_name":"dengeamerika_com_direct","source_name_label":"Dengeamerika","source_type":"direct_api","summary":"Pi\u015ft\u00ee serdana Washington\u00ea \u00fb di demek\u00ee hestiyar ku rojhilata Nav\u00een t\u00ea de derbas dibe, \u00e7av li ser serdana Serok Wez\u00eer\u00ea \u00ceraq\u00ea El\u00ee El-Zayd\u00ee ye bo Tehran a paytexta \u00ceran\u00ea. Sem\u00eera El\u00ee Mend\u00ee agah\u00eey\u00ean ser wan serdanan radigih\u00eene","title":"Peyman\u00ean Serokwez\u00eer\u00ea \u00ceraq\u00ea 'Zeyd\u00ee' ji Washington Heta Tehran\u00ea","topic":"V\u00eedyo Galer\u00ee","translation_language":"","url":"https://voa-video-ns.akamaized.net/pangeavideo/2026/07/0/01/019674a9-55d1-49e0-7fa1-08decae8682a_1080p.mp4?cb=ee1f46164","video_url":"https://voa-video-ns.akamaized.net/pangeavideo/2026/07/0/01/019674a9-55d1-49e0-7fa1-08decae8682a_1080p.mp4?cb=ee1f46164"},{"article_body_paragraphs":[],"audio_source_url":null,"author":"Huner Ehmed","available_dubs":[],"downloadable_assets":["https://voa-video-ns.akamaized.net/pangeavideo/2026/07/3/3c/3c496403-1426-4521-37b4-08decd33fa02_1080p.mp4?cb=ee1f44a4a"],"duration_display":"2:55","duration_seconds":175.06,"embed_url":null,"id":366,"image_caption":null,"image_url":"https://gdb.voanews.com/3c496403-1426-4521-37b4-08decd33fa02_tv_mw2048_mh2048_n.jpg","is_clip":true,"item_type":"video","item_type_label":"Video","language_label":"Kurdish","media_credit":"VOA","micro_label":"Video report","micro_label_kind":"video","network_label":"VOA","network_logo_url":"/static/uploads/direct_network_logos/voa_1ef13eedbd2f.svg","published_at":"2026-07-23T17:45:25.233000","published_at_display":"23 Jul 2026, 17:45 GMT","sequence_badge_label":null,"sequence_count":null,"sequence_count_label":null,"sequence_frames":[],"sequence_kind":null,"source_name":"dengeamerika_com_direct","source_name_label":"Dengeamerika","source_type":"direct_api","summary":"Dawiya v\u00ea meh\u00ea peymana 50 sal\u00ee ya h\u00eala petrol\u00ea ya di navbera \u00ceraq \u00fb Tirk\u00eey\u00ea de bidaw\u00ee dibe, ev di demek\u00ea de t\u00ea ku girjiy\u00ean di navbera \u00ceran \u00fb Amer\u00eekay\u00ea de z\u00eade dibin \u00fb bihay\u00ean petrol\u00ea bilind dibin \u00fb hewcedar\u00eeya bi h\u00eala petrol\u00ea ya Kerkuk - Ceyhan z\u00eade dibe.","title":"\u00c7areniv\u00eesa Peymana 50 Sal\u00ee ya Boriy\u00ean Petrol\u00ea di Navbera Tirkiye \u00fb \u00ceraq\u00ea de","topic":"V\u00eedyo Galer\u00ee","translation_language":"","url":"https://voa-video-ns.akamaized.net/pangeavideo/2026/07/3/3c/3c496403-1426-4521-37b4-08decd33fa02_1080p.mp4?cb=ee1f44a4a","video_url":"https://voa-video-ns.akamaized.net/pangeavideo/2026/07/3/3c/3c496403-1426-4521-37b4-08decd33fa02_1080p.mp4?cb=ee1f44a4a"},{"article_body_paragraphs":[],"audio_source_url":null,"author":"B\u00eeta Me\u015fayex\u00ee","available_dubs":[],"downloadable_assets":["https://voa-video-ns.akamaized.net/pangeavideo/2026/07/6/65/653891c4-4c8e-484f-cb5a-08decd2a5d35_1080p.mp4?cb=ee1f4442b"],"duration_display":"1:07","duration_seconds":67.71,"embed_url":null,"id":439,"image_caption":null,"image_url":"https://gdb.voanews.com/653891c4-4c8e-484f-cb5a-08decd2a5d35_tv_mw2048_mh2048_n.jpg","is_clip":true,"item_type":"video","item_type_label":"Video","language_label":"Kurdish","media_credit":"VOA","micro_label":"Video report","micro_label_kind":"video","network_label":"VOA","network_logo_url":"/static/uploads/direct_network_logos/voa_1ef13eedbd2f.svg","published_at":"2026-07-23T17:18:58.637000","published_at_display":"23 Jul 2026, 17:18 GMT","sequence_badge_label":null,"sequence_count":null,"sequence_count_label":null,"sequence_frames":[],"sequence_kind":null,"source_name":"dengeamerika_com_direct","source_name_label":"Dengeamerika","source_type":"direct_api","summary":"Li perav\u00ean ba\u015f\u00fbr\u00ea Kroatya, deh sal l\u00eakol\u00een\u00ean bin av\u00ea r\u00ea li ber arkeologan vekirin ku z\u00eadetir\u00ee 600 gram z\u00ear y\u00ea ji serdema \u00cemparator\u00eeya B\u00eezant\u00ee (B\u00eezans) \u00ea bib\u00eenin.","title":"Z\u00ear\u00ean Serdema \u00cemparator\u00eeya B\u00eezant\u00ee Hatin D\u00eetin","topic":"V\u00eedyo Galer\u00ee","translation_language":"","url":"https://voa-video-ns.akamaized.net/pangeavideo/2026/07/6/65/653891c4-4c8e-484f-cb5a-08decd2a5d35_1080p.mp4?cb=ee1f4442b","video_url":"https://voa-video-ns.akamaized.net/pangeavideo/2026/07/6/65/653891c4-4c8e-484f-cb5a-08decd2a5d35_1080p.mp4?cb=ee1f4442b"},{"article_body_paragraphs":[],"audio_source_url":null,"author":"\u00cevan Hes\u00eeb","available_dubs":[],"downloadable_assets":["https://voa-video-ns.akamaized.net/pangeavideo/2026/07/5/51/519b7fa3-321f-45a8-37af-08decd33fa02_1080p.mp4?cb=ee1f43e9f"],"duration_display":"3:46","duration_seconds":226.36,"embed_url":null,"id":368,"image_caption":null,"image_url":"https://gdb.voanews.com/519b7fa3-321f-45a8-37af-08decd33fa02_tv_mw2048_mh2048_n.jpg","is_clip":true,"item_type":"video","item_type_label":"Video","language_label":"Kurdish","media_credit":"VOA","micro_label":"Video report","micro_label_kind":"video","network_label":"VOA","network_logo_url":"/static/uploads/direct_network_logos/voa_1ef13eedbd2f.svg","published_at":"2026-07-23T16:55:37.300000","published_at_display":"23 Jul 2026, 16:55 GMT","sequence_badge_label":null,"sequence_count":null,"sequence_count_label":null,"sequence_frames":[],"sequence_kind":null,"source_name":"dengeamerika_com_direct","source_name_label":"Dengeamerika","source_type":"direct_api","summary":"Hik\u00fbmeta demk\u00ee ya S\u00fbr\u00eey\u00ea hefteya bor\u00ee li Washington\u00ea r\u00eakeftinek ligel \u00ceraq \u00fb hejmareke kompanyay\u00ean navdewlet\u00ee, bo n\u00fbjenkirin \u00fb vejandina xeta veguhestina nefta xav (Kerk\u00fbk-Baniyas) \u00eemze kir. Kurd\u00ean S\u00fbr\u00eey\u00ea v\u00ea projey\u00ea wek gavek ji bo pi\u015ftgir\u00eekirina ewleh\u00ee \u00fb aram\u00eeya her\u00eam\u00ea dib\u00eenin","title":"N\u00fbjenkirina Bor\u00eeya Petrol\u00ea ya di Navbera \u00ceraq \u00fb S\u00fbr\u00eey\u00ea de","topic":"V\u00eedyo Galer\u00ee","translation_language":"","url":"https://voa-video-ns.akamaized.net/pangeavideo/2026/07/5/51/519b7fa3-321f-45a8-37af-08decd33fa02_1080p.mp4?cb=ee1f43e9f","video_url":"https://voa-video-ns.akamaized.net/pangeavideo/2026/07/5/51/519b7fa3-321f-45a8-37af-08decd33fa02_1080p.mp4?cb=ee1f43e9f"},{"article_body_paragraphs":[],"audio_source_url":null,"author":"Ridwan B\u00eazar","available_dubs":[],"downloadable_assets":["https://voa-video-ns.akamaized.net/pangeavideo/2026/07/a/a8/a884266c-e248-4e5d-c7b9-08decaecd3b3_1080p.mp4?cb=ee1f41124"],"duration_display":"2:53","duration_seconds":173.76,"embed_url":null,"id":371,"image_caption":null,"image_url":"https://gdb.voanews.com/a884266c-e248-4e5d-c7b9-08decaecd3b3_tv_mw2048_mh2048_n.jpg","is_clip":true,"item_type":"video","item_type_label":"Video","language_label":"Kurdish","media_credit":"VOA","micro_label":"Video report","micro_label_kind":"video","network_label":"VOA","network_logo_url":"/static/uploads/direct_network_logos/voa_1ef13eedbd2f.svg","published_at":"2026-07-23T13:28:46.810000","published_at_display":"23 Jul 2026, 13:28 GMT","sequence_badge_label":null,"sequence_count":null,"sequence_count_label":null,"sequence_frames":[],"sequence_kind":null,"source_name":"dengeamerika_com_direct","source_name_label":"Dengeamerika","source_type":"direct_api","summary":"150 malbat\u00ean derbider \u00ean Minbic\u00ea ku niha li Koban\u00eey\u00ea di rew\u015feke pir dijwar de dij\u00een dixwazin vegerin ser cih \u00fb war\u00ean xwe. Malbata Sebah Ehmed m\u00eenakek ji wan Malbatan e, ku ew \u00fb 4 zarok\u00ean xwe weke bi dehan malbat\u00ean derbider di rew\u015feke pir xerab de dij\u00een.","title":"\u00c7\u00eeroka Vegera 150 Malbat\u00ean Minbic\u00ea ku li Koban\u00eey\u00ea Dim\u00eenin","topic":"V\u00eedyo Galer\u00ee","translation_language":"","url":"https://voa-video-ns.akamaized.net/pangeavideo/2026/07/a/a8/a884266c-e248-4e5d-c7b9-08decaecd3b3_1080p.mp4?cb=ee1f41124","video_url":"https://voa-video-ns.akamaized.net/pangeavideo/2026/07/a/a8/a884266c-e248-4e5d-c7b9-08decaecd3b3_1080p.mp4?cb=ee1f41124"},{"article_body_paragraphs":[],"audio_source_url":null,"author":"Emced Kurdo","available_dubs":[],"downloadable_assets":["https://voa-video-ns.akamaized.net/pangeavideo/2026/07/3/32/32c845ea-92da-4365-c7b8-08decaecd3b3_1080p.mp4?cb=ee1f40b4c"],"duration_display":"2:15","duration_seconds":135.8,"embed_url":null,"id":372,"image_caption":null,"image_url":"https://gdb.voanews.com/32c845ea-92da-4365-c7b8-08decaecd3b3_tv_mw2048_mh2048_n.jpg","is_clip":true,"item_type":"video","item_type_label":"Video","language_label":"Kurdish","media_credit":"VOA","micro_label":"Video report","micro_label_kind":"video","network_label":"VOA","network_logo_url":"/static/uploads/direct_network_logos/voa_1ef13eedbd2f.svg","published_at":"2026-07-23T13:14:34.973000","published_at_display":"23 Jul 2026, 13:14 GMT","sequence_badge_label":null,"sequence_count":null,"sequence_count_label":null,"sequence_frames":[],"sequence_kind":null,"source_name":"dengeamerika_com_direct","source_name_label":"Dengeamerika","source_type":"direct_api","summary":"\u00cero 23 T\u00eermeh\u00ea \u015fandek ji hik\u00fbmeta demk\u00ee bi serkokat\u00eeya Wez\u00eer\u00ea Xwendina Bilind a S\u00fbriy\u00ea \u00fb Par\u00eazgar\u00ea Hesek\u00ea serdana zan\u00eengeha Rojava kirin, \u00fb soz\u00ean naskirina zan\u00eenegh\u00ea di s\u00eestema xwendina S\u00fbriy\u00ea de dan.","title":"Wez\u00eer\u00ea Xwendina Bilind a S\u00fbriy\u00ea Serdana Zan\u00eengeha Rojava Kir","topic":"V\u00eedyo Galer\u00ee","translation_language":"","url":"https://voa-video-ns.akamaized.net/pangeavideo/2026/07/3/32/32c845ea-92da-4365-c7b8-08decaecd3b3_1080p.mp4?cb=ee1f40b4c","video_url":"https://voa-video-ns.akamaized.net/pangeavideo/2026/07/3/32/32c845ea-92da-4365-c7b8-08decaecd3b3_1080p.mp4?cb=ee1f40b4c"},{"article_body_paragraphs":[],"audio_source_url":null,"author":"S\u00eenor Ker\u00eem","available_dubs":[],"downloadable_assets":["https://voa-video-ns.akamaized.net/pangeavideo/2026/07/3/3d/3daa7916-4114-4659-6274-08decd2fb674_1080p.mp4?cb=ee1f33a3e"],"duration_display":"3:54","duration_seconds":234.24,"embed_url":null,"id":374,"image_caption":null,"image_url":"https://gdb.voanews.com/3daa7916-4114-4659-6274-08decd2fb674_tv_mw2048_mh2048_n.jpg","is_clip":true,"item_type":"video","item_type_label":"Video","language_label":"Kurdish","media_credit":"VOA","micro_label":"Video report","micro_label_kind":"video","network_label":"VOA","network_logo_url":"/static/uploads/direct_network_logos/voa_1ef13eedbd2f.svg","published_at":"2026-07-22T22:25:02.747000","published_at_display":"22 Jul 2026, 22:25 GMT","sequence_badge_label":null,"sequence_count":null,"sequence_count_label":null,"sequence_frames":[],"sequence_kind":null,"source_name":"dengeamerika_com_direct","source_name_label":"Dengeamerika","source_type":"direct_api","summary":"Duh agirek\u00ea mezin bi \u00e7iyay\u00ea Gw\u00eaje y\u00ea li pi\u015f bajar\u00ea Sil\u00eamaniy\u00ea ketb\u00fb, ew agir b\u00fb sedema ziyan\u00ean mezin, \u00ceran\u00ea xwe berpirs ji derketina w\u00ee agir\u00ee \u00fb w\u00ea \u015fewat\u00ea ragihand, S\u00eenor Ker\u00eem ji Sil\u00eamaniy\u00ea p\u00eazan\u00een\u00ean z\u00eadetir radigih\u00eene.","title":"\u00ceran Dib\u00eaje, W\u00ea Agir bi \u00c7iyay\u00ea Gw\u00eaje Xist\u00eeye","topic":"V\u00eedyo Galer\u00ee","translation_language":"","url":"https://voa-video-ns.akamaized.net/pangeavideo/2026/07/3/3d/3daa7916-4114-4659-6274-08decd2fb674_1080p.mp4?cb=ee1f33a3e","video_url":"https://voa-video-ns.akamaized.net/pangeavideo/2026/07/3/3d/3daa7916-4114-4659-6274-08decd2fb674_1080p.mp4?cb=ee1f33a3e"},{"article_body_paragraphs":[],"audio_source_url":null,"author":"Huner Ehmed","available_dubs":[],"downloadable_assets":["https://voa-video-ns.akamaized.net/pangeavideo/2026/07/7/75/75c2de59-0235-407b-cb4e-08decd2a5d35_1080p.mp4?cb=ee1f33453"],"duration_display":"4:25","duration_seconds":265.45,"embed_url":null,"id":375,"image_caption":null,"image_url":"https://gdb.voanews.com/75c2de59-0235-407b-cb4e-08decd2a5d35_tv_mw2048_mh2048_n.jpg","is_clip":true,"item_type":"video","item_type_label":"Video","language_label":"Kurdish","media_credit":"VOA","micro_label":"Video report","micro_label_kind":"video","network_label":"VOA","network_logo_url":"/static/uploads/direct_network_logos/voa_1ef13eedbd2f.svg","published_at":"2026-07-22T21:59:47.043000","published_at_display":"22 Jul 2026, 21:59 GMT","sequence_badge_label":null,"sequence_count":null,"sequence_count_label":null,"sequence_frames":[],"sequence_kind":null,"source_name":"dengeamerika_com_direct","source_name_label":"Dengeamerika","source_type":"direct_api","summary":"Partiya Azadiya Kurdistan\u00ea (PAK) di daxuyaniyek\u00ea de got ku rej\u00eema \u00ceran\u00ea roja Yek\u015fem\u00ea sibeh\u00ea di \u00ear\u00ee\u015feke dron\u00ee de li ser h\u00eaz\u00ean wan li kampa \u00c7em\u015far a li ser s\u00eenor\u00ea Hewl\u00ear\u00ea fosfora sp\u00ee kar aniye.","title":"Guman Heye ku \u00ceran\u00ea li Dij\u00ee P\u00ea\u015fmergeyan \u00c7ek\u00ea Qedexekir\u00ee Karan\u00ee be","topic":"V\u00eedyo Galer\u00ee","translation_language":"","url":"https://voa-video-ns.akamaized.net/pangeavideo/2026/07/7/75/75c2de59-0235-407b-cb4e-08decd2a5d35_1080p.mp4?cb=ee1f33453","video_url":"https://voa-video-ns.akamaized.net/pangeavideo/2026/07/7/75/75c2de59-0235-407b-cb4e-08decd2a5d35_1080p.mp4?cb=ee1f33453"},{"article_body_paragraphs":[],"audio_source_url":null,"author":"D\u00eeyar Cemal","available_dubs":[],"downloadable_assets":["https://voa-video-ns.akamaized.net/pangeavideo/2026/07/3/3a/3a45fda1-ffa0-4301-cb4d-08decd2a5d35_1080p.mp4?cb=ee1f32db2"],"duration_display":"3:47","duration_seconds":227.94,"embed_url":null,"id":378,"image_caption":null,"image_url":"https://gdb.voanews.com/3a45fda1-ffa0-4301-cb4d-08decd2a5d35_tv_mw2048_mh2048_n.jpg","is_clip":true,"item_type":"video","item_type_label":"Video","language_label":"Kurdish","media_credit":"VOA","micro_label":"Video report","micro_label_kind":"video","network_label":"VOA","network_logo_url":"/static/uploads/direct_network_logos/voa_1ef13eedbd2f.svg","published_at":"2026-07-22T21:31:20.770000","published_at_display":"22 Jul 2026, 21:31 GMT","sequence_badge_label":null,"sequence_count":null,"sequence_count_label":null,"sequence_frames":[],"sequence_kind":null,"source_name":"dengeamerika_com_direct","source_name_label":"Dengeamerika","source_type":"direct_api","summary":"\u00car\u00ee\u015f\u00ean \u00ceran\u00ea bo ser Her\u00eama Kurdistan\u00ea dom dikin, Diyar Cemal ji Germiyan aghah\u00eey\u00ean n\u00fb dide.","title":"\u00car\u00ee\u015f\u00ean \u00ceran\u00ea bo ser Her\u00eama Kurdistan\u00ea Dom Dikin","topic":"V\u00eedyo Galer\u00ee","translation_language":"","url":"https://voa-video-ns.akamaized.net/pangeavideo/2026/07/3/3a/3a45fda1-ffa0-4301-cb4d-08decd2a5d35_1080p.mp4?cb=ee1f32db2","video_url":"https://voa-video-ns.akamaized.net/pangeavideo/2026/07/3/3a/3a45fda1-ffa0-4301-cb4d-08decd2a5d35_1080p.mp4?cb=ee1f32db2"},{"article_body_paragraphs":[],"audio_source_url":null,"author":null,"available_dubs":[],"downloadable_assets":["https://voa-video-ns.akamaized.net/pangeavideo/2026/07/e/e5/e5b0bef9-ea8a-45b9-c7a7-08decaecd3b3_1080p.mp4?cb=ee1f32d4e"],"duration_display":"4:38","duration_seconds":278.89,"embed_url":null,"id":380,"image_caption":null,"image_url":"https://gdb.voanews.com/e5b0bef9-ea8a-45b9-c7a7-08decaecd3b3_tv_mw2048_mh2048_n.jpg","is_clip":true,"item_type":"video","item_type_label":"Video","language_label":"Kurdish","media_credit":"VOA","micro_label":"Video report","micro_label_kind":"video","network_label":"VOA","network_logo_url":"/static/uploads/direct_network_logos/voa_1ef13eedbd2f.svg","published_at":"2026-07-22T21:29:50.623000","published_at_display":"22 Jul 2026, 21:29 GMT","sequence_badge_label":null,"sequence_count":null,"sequence_count_label":null,"sequence_frames":[],"sequence_kind":null,"source_name":"dengeamerika_com_direct","source_name_label":"Dengeamerika","source_type":"direct_api","summary":"Daxuyaniy\u00ean Serok\u00ea Parlemana Tirk\u00eey\u00ea Numan Kurtulmu\u015f ser pejirandina \u2018qan\u00fbna peyvojoy\u00ea\u2019, \u00fb pirsa part\u00eeya n\u00fb ya Ozgur Ozel. Ozlem Yasak p\u00eazan\u00een\u00ean z\u00eadetir dide.","title":"Daxuyaniy\u00ean Serok\u00ea Meclisa Tirkiy\u00ea ser P\u00eavajoya A\u015ftiy\u00ea","topic":"V\u00eedyo Galer\u00ee","translation_language":"","url":"https://voa-video-ns.akamaized.net/pangeavideo/2026/07/e/e5/e5b0bef9-ea8a-45b9-c7a7-08decaecd3b3_1080p.mp4?cb=ee1f32d4e","video_url":"https://voa-video-ns.akamaized.net/pangeavideo/2026/07/e/e5/e5b0bef9-ea8a-45b9-c7a7-08decaecd3b3_1080p.mp4?cb=ee1f32d4e"},{"article_body_paragraphs":[],"audio_source_url":null,"author":null,"available_dubs":[],"downloadable_assets":["https://voa-video-ns.akamaized.net/pangeavideo/2026/07/9/94/94935da5-3772-48c2-3796-08decd33fa02_1080p.mp4?cb=ee1f307a6"],"duration_display":"4:48","duration_seconds":288.23,"embed_url":null,"id":383,"image_caption":null,"image_url":"https://gdb.voanews.com/94935da5-3772-48c2-3796-08decd33fa02_tv_mw2048_mh2048_n.jpg","is_clip":true,"item_type":"video","item_type_label":"Video","language_label":"Kurdish","media_credit":"VOA","micro_label":"Video report","micro_label_kind":"video","network_label":"VOA","network_logo_url":"/static/uploads/direct_network_logos/voa_1ef13eedbd2f.svg","published_at":"2026-07-22T18:47:52.340000","published_at_display":"22 Jul 2026, 18:47 GMT","sequence_badge_label":null,"sequence_count":null,"sequence_count_label":null,"sequence_frames":[],"sequence_kind":null,"source_name":"dengeamerika_com_direct","source_name_label":"Dengeamerika","source_type":"direct_api","summary":"Wez\u00eer\u00ea Derve y\u00ea Amer\u00eekay\u00ea Marco Rubio \u00eero \u00c7ar\u015fem\u00ea got ku Amer\u00eeka h\u00een j\u00ee amade ye ji bo bidaw\u00eekirina kr\u00eeza \u00ceran\u00ea dan\u00fbstandinan bike, l\u00ea Tehran li ser dan\u00fbstandinan ne rijd e. Soran Xatir\u00ee","title":"Z\u00eadeb\u00fbna Girjiyan \u00fb Hewldan\u00ean D\u00eeplomas\u00ee di Navbera Amer\u00eeka \u00fb \u00ceran\u00ea de","topic":"V\u00eedyo Galer\u00ee","translation_language":"","url":"https://voa-video-ns.akamaized.net/pangeavideo/2026/07/9/94/94935da5-3772-48c2-3796-08decd33fa02_1080p.mp4?cb=ee1f307a6","video_url":"https://voa-video-ns.akamaized.net/pangeavideo/2026/07/9/94/94935da5-3772-48c2-3796-08decd33fa02_1080p.mp4?cb=ee1f307a6"},{"article_body_paragraphs":[],"audio_source_url":null,"author":"Emced Kurdo","available_dubs":[],"downloadable_assets":["https://voa-video-ns.akamaized.net/pangeavideo/2026/07/5/50/50db733f-7ad0-4c1a-cb4c-08decd2a5d35_1080p.mp4?cb=ee1f30222"],"duration_display":"2:33","duration_seconds":153.76,"embed_url":null,"id":385,"image_caption":null,"image_url":"https://gdb.voanews.com/50db733f-7ad0-4c1a-cb4c-08decd2a5d35_tv_mw2048_mh2048_n.jpg","is_clip":true,"item_type":"video","item_type_label":"Video","language_label":"Kurdish","media_credit":"VOA","micro_label":"Video report","micro_label_kind":"video","network_label":"VOA","network_logo_url":"/static/uploads/direct_network_logos/voa_1ef13eedbd2f.svg","published_at":"2026-07-22T18:24:03.270000","published_at_display":"22 Jul 2026, 18:24 GMT","sequence_badge_label":null,"sequence_count":null,"sequence_count_label":null,"sequence_frames":[],"sequence_kind":null,"source_name":"dengeamerika_com_direct","source_name_label":"Dengeamerika","source_type":"direct_api","summary":"Pi\u015ft\u00ee heft salan ji qutb\u00fbna ava \u00eastgeha Elok li bajar\u00ea Hesek\u00ea, \u00fb pi\u015ft\u00ee serdana \u015fandeke hik\u00fbm\u00ee bo \u00eastgeh\u00ea, xelk\u00ea baj\u00ear bi co\u015feke mezin li bend\u00ea ne ku ava paqij careke din bigihe mal\u00ean wan. Raporta Emced Kurdo b\u00eahtir agah\u00ee hene.","title":"H\u00eav\u00eeya Vegera Av\u00ea bo Xelk\u00ea Hesek\u00ea Pi\u015ft\u00ee 7 Sal\u00ean Qutb\u00fbn\u00ea","topic":"V\u00eedyo Galer\u00ee","translation_language":"","url":"https://voa-video-ns.akamaized.net/pangeavideo/2026/07/5/50/50db733f-7ad0-4c1a-cb4c-08decd2a5d35_1080p.mp4?cb=ee1f30222","video_url":"https://voa-video-ns.akamaized.net/pangeavideo/2026/07/5/50/50db733f-7ad0-4c1a-cb4c-08decd2a5d35_1080p.mp4?cb=ee1f30222"},{"article_body_paragraphs":[],"audio_source_url":null,"author":"Ridwan B\u00eazar","available_dubs":[],"downloadable_assets":["https://voa-video-ns.akamaized.net/pangeavideo/2026/07/e/e7/e70f0b74-1b8a-43e3-c79e-08decaecd3b3_1080p.mp4?cb=ee1f2f4b4"],"duration_display":"2:51","duration_seconds":171.44,"embed_url":null,"id":387,"image_caption":null,"image_url":"https://gdb.voanews.com/e70f0b74-1b8a-43e3-c79e-08decaecd3b3_tv_mw2048_mh2048_n.jpg","is_clip":true,"item_type":"video","item_type_label":"Video","language_label":"Kurdish","media_credit":"VOA","micro_label":"Video report","micro_label_kind":"video","network_label":"VOA","network_logo_url":"/static/uploads/direct_network_logos/voa_1ef13eedbd2f.svg","published_at":"2026-07-22T17:20:10.223000","published_at_display":"22 Jul 2026, 17:20 GMT","sequence_badge_label":null,"sequence_count":null,"sequence_count_label":null,"sequence_frames":[],"sequence_kind":null,"source_name":"dengeamerika_com_direct","source_name_label":"Dengeamerika","source_type":"direct_api","summary":"Du welat\u00eey\u00ean Koban\u00eey\u00ea dema ku li Ser\u00ea Kan\u00eey\u00ea li ser kolandina b\u00eeran dixebit\u00een, ji al\u00eey\u00ea \u00e7ekdar\u00ean nenas ve hatine revandin \u00fb 600 hezar dolar\u00ean amer\u00eek\u00ee ji bo azadkirina wan t\u00ean xwestin. Ke\u00e7a yek\u00ee ji wan dib\u00eaje ku bav\u00ea w\u00ea ji bo xwed\u00eekirina wan \u00e7\u00fbb\u00fb kar bike.","title":"\u00c7\u00eeroka Revandina Du Koban\u00eeyan li Ser\u00ea Kan\u00eey\u00ea","topic":"V\u00eedyo Galer\u00ee","translation_language":"","url":"https://voa-video-ns.akamaized.net/pangeavideo/2026/07/e/e7/e70f0b74-1b8a-43e3-c79e-08decaecd3b3_1080p.mp4?cb=ee1f2f4b4","video_url":"https://voa-video-ns.akamaized.net/pangeavideo/2026/07/e/e7/e70f0b74-1b8a-43e3-c79e-08decaecd3b3_1080p.mp4?cb=ee1f2f4b4"},{"article_body_paragraphs":[],"audio_source_url":null,"author":"Emced Kurdo","available_dubs":[],"downloadable_assets":["https://voa-video-ns.akamaized.net/pangeavideo/2026/07/8/8e/8e3a1fd0-574e-401f-cb40-08decd2a5d35_1080p.mp4?cb=ee1f2dd27"],"duration_display":"1:26","duration_seconds":86.96,"embed_url":null,"id":389,"image_caption":null,"image_url":"https://gdb.voanews.com/8e3a1fd0-574e-401f-cb40-08decd2a5d35_tv_mw2048_mh2048_n.jpg","is_clip":true,"item_type":"video","item_type_label":"Video","language_label":"Kurdish","media_credit":"VOA","micro_label":"Video report","micro_label_kind":"video","network_label":"VOA","network_logo_url":"/static/uploads/direct_network_logos/voa_1ef13eedbd2f.svg","published_at":"2026-07-22T14:38:15.120000","published_at_display":"22 Jul 2026, 14:38 GMT","sequence_badge_label":null,"sequence_count":null,"sequence_count_label":null,"sequence_frames":[],"sequence_kind":null,"source_name":"dengeamerika_com_direct","source_name_label":"Dengeamerika","source_type":"direct_api","summary":"Roja \u00c7ar\u015fem\u00ea 22 T\u00eermeh\u00ea \u015fandek hik\u00fbmeta demk\u00ee bi serokatiya Wez\u00eer\u00ea Enerjiy\u00ea \u00fb Par\u00eazgar\u00ea Hesek\u00ea damezrandina \u00castgeha Elok li Ser\u00ea Kan\u00eey\u00ea ji n\u00fbve vekirin.","title":"\u00castgeha Elok a Av\u00ea li Ser\u00ea Kan\u00eey\u00ea Hat Vekirin","topic":"V\u00eedyo Galer\u00ee","translation_language":"","url":"https://voa-video-ns.akamaized.net/pangeavideo/2026/07/8/8e/8e3a1fd0-574e-401f-cb40-08decd2a5d35_1080p.mp4?cb=ee1f2dd27","video_url":"https://voa-video-ns.akamaized.net/pangeavideo/2026/07/8/8e/8e3a1fd0-574e-401f-cb40-08decd2a5d35_1080p.mp4?cb=ee1f2dd27"},{"article_body_paragraphs":[],"audio_source_url":null,"author":"D\u00eeyar Cemal","available_dubs":[],"downloadable_assets":["https://voa-video-ns.akamaized.net/pangeavideo/2026/07/0/0d/0d93db6c-8f53-422f-7f6f-08decae8682a_1080p.mp4?cb=ee1f1c23c"],"duration_display":"4:25","duration_seconds":265.36,"embed_url":null,"id":395,"image_caption":null,"image_url":"https://gdb.voanews.com/0d93db6c-8f53-422f-7f6f-08decae8682a_tv_mw2048_mh2048_n.jpg","is_clip":true,"item_type":"video","item_type_label":"Video","language_label":"Kurdish","media_credit":"VOA","micro_label":"Video report","micro_label_kind":"video","network_label":"VOA","network_logo_url":"/static/uploads/direct_network_logos/voa_1ef13eedbd2f.svg","published_at":"2026-07-21T19:39:10.113000","published_at_display":"21 Jul 2026, 19:39 GMT","sequence_badge_label":null,"sequence_count":null,"sequence_count_label":null,"sequence_frames":[],"sequence_kind":null,"source_name":"dengeamerika_com_direct","source_name_label":"Dengeamerika","source_type":"direct_api","summary":"Diyar Cemal ji Her\u00eama Kurdistan\u00ea li ser qeyrana sotemeniy\u00ea agah\u00ee \u00fb p\u00eazan\u00eenan dide","title":"Qeyrana Sotemeniy\u00ea li \u00ceraq \u00fb Her\u00eama Kurdistan\u00ea","topic":"V\u00eedyo Galer\u00ee","translation_language":"","url":"https://voa-video-ns.akamaized.net/pangeavideo/2026/07/0/0d/0d93db6c-8f53-422f-7f6f-08decae8682a_1080p.mp4?cb=ee1f1c23c","video_url":"https://voa-video-ns.akamaized.net/pangeavideo/2026/07/0/0d/0d93db6c-8f53-422f-7f6f-08decae8682a_1080p.mp4?cb=ee1f1c23c"}],"next_num":null,"page":12,"pages":12,"per_page":20,"prev_num":11,"total":239}
