{"applied_filters":{"end_date":"","lang":"","language":"","network":"","page":12,"per_page":20,"search":"","source":"","start_date":"","topic":"V\u00eedyo Galer\u00ee","type":"video"},"available_filters":{"language_choices":[{"label":"Choose Language","value":""},{"label":"English","value":"English"},{"label":"Espa\u00f1ol","value":"Espa\u00f1ol"},{"label":"Kurdish","value":"Kurdish"}],"network_choices":[{"label":"All networks","value":""},{"label":"VOA","value":"VOA"}],"source_choices":[{"label":"All sources","value":""},{"label":"Dengeamerika","value":"dengeamerika_com_direct"}],"sources":["dengeamerika_com_direct"],"topics":["250em\u00een Salvegera Serxweb\u00fbna Amer\u00eekay\u00ea","250\u0647\u06d5\u0645\u06cc\u0646 \u0633\u0627\u06b5\u06cc\u0627\u062f\u06cc \u0633\u06d5\u0631\u0628\u06d5\u062e\u06c6\u06cc\u06cc \u0626\u06d5\u0645\u06d5\u0631\u06cc\u06a9\u0627","8 \u10e4\u10dd\u10e2\u10dd \u10d0\u10e0\u10e5\u10d8\u10d5\u10d8\u10d3\u10d0\u10dc","Afghanistan","Amer\u00eeka","Am\u00e9rica Latina, VENEZUELA, Maiquetia","Asuntos de Estado","Audiovisuales Mart\u00ed","Audiovisuales Mart\u00ed, Cuba turismo, crisis del turismo en Cuba","Audiovisuales Mart\u00ed, VENEZUELA, apagones","Bernameya Televizyon\u00ee ya Rojane","Como Come Cuba, cuba, Como Come Cuba","Cuba Habla","Cuba Habla, Cuba","Cuba al D\u00eda, Cuba","C\u00eehan","Derechos Humanos, cuba, exilio, c\u00e1ncer, Ram\u00f3n Sa\u00fal S\u00e1nchez","Especiales, Exilio cubano, Freedom tower, \"Libertad\", Torre de la Libertad de Miami, Exilio cubano en Miami","Especiales, jos\u00e9 mart\u00ed, Exilio cubano","Esperando un techo, cuba, crisis, vivienda, derrumbes, techo, paredes, EsperandounTecho","Human Rights","Info Mart\u00ed","Info Mart\u00ed , Brigada 2506","Info Mart\u00ed , Cuba","Info Mart\u00ed , Estados Unidos, Colombia","Info Mart\u00ed , Estados Unidos, VENEZUELA","Info Mart\u00ed , estados unidos, Venezuela","Info Mart\u00ed , presos politicos, torturas, VENEZUELA","Iran","Iz RSE sveta","Kentu-Cubano, cuba, cubanos, Kentucky, migrantes, KentoCubano","Korea","Laos","Las Noticias Como Son, Cuba","Multimedija","Myanmar","Noticiero Mart\u00ed Noticias","Noticiero Mart\u00ed Noticias, Cuba","Pacific","Pe Agend\u0103 cu Cristina Popu\u0219oi","Perspektiva","Ser Madre en cuba, cuba, hambre, r\u00e9gimen, madre, negligencia, Testimonios, Crisis Econ\u00f3mica, madre cubana, Crisis Alimentaria","Ser viejo en Cuba, cuba, cubanos, crisis, alimentos, ancianos, viejos, vejez","South China Sea","Srbija","Tibet","Ukraine","Uvid","VOA \ud55c\uad6d\uc5b4 \ubcf4\uc774\ub294 \ub77c\ub514\uc624","VOA\u4eca\u65e5\u7126\u70b9","Video","Videos","V\u00eedyo Galer\u00ee","\u0410\u0440\u0445\u0435\u043e\u043b\u043e\u0433\u0438\u044f","\u0411\u0430\u043b\u0442\u0438\u044f","\u0412\u0438\u0434\u0435\u043e","\u0413\u043b\u0430\u0432\u043d\u043e\u0435","\u0413\u0440\u0430\u043d\u0438 \u0432\u0440\u0435\u043c\u0435\u043d\u0438","\u0418\u043d\u0442\u0435\u0440\u0432\u044c\u044e","\u041a\u0430\u0434\u0440\u044b \u0434\u043d\u044f","\u041b\u0438\u0446\u043e\u043c \u043a \u0441\u043e\u0431\u044b\u0442\u0438\u044e","\u0420\u0435\u043f\u043e\u0440\u0442\u0430\u0436","\u0420\u043e\u0441\u0441\u0438\u044f","\u0421\u043c\u043e\u0442\u0440\u0438 \u0432 \u043e\u0431\u0430","\u0423\u043a\u0440\u0430\u0438\u043d\u0430","\u0622\u062e\u0631\u06cc\u0646 \u0648\u06cc\u062f\u06cc\u0648\u0647\u0627","\u0626\u06ce\u0631\u0627\u0646","\u0626\u06d5\u0645\u06d5\u0631\u06cc\u06a9\u0627","\u0627\u0645\u0631\u06cc\u06a9\u0627 \u063a\u0696 \u067e\u069a\u062a\u0648","\u0628\u06d5\u0631\u0646\u0627\u0645\u06d5\u06cc \u0695\u06c6\u0698\u0627\u0646\u06d5\u06cc \u062a\u06d5\u0644\u06d5\u0641\u06cc\u0632\u06cc\u06c6\u0646","\u062a\u0648\u0631\u06a9\u06cc\u0627","\u062c\u0647\u0627\u0646","\u062c\u06cc\u0647\u0627\u0646","\u0633\u0648\u0631\u06cc\u0627","\u0633\u0649\u0646","\u0635\u062f\u0627\u06cc \u0627\u0645\u0631\u06cc\u06a9\u0627 \u062f\u0631\u06cc","\u0639\u06ce\u0631\u0627\u0642","\u0642\u0649\u0633\u0642\u0627 \u062e\u06d5\u06cb\u06d5\u0631\u0644\u06d5\u0631","\u0645\u0631\u06a9\u06d0","\u0646\u0648\u0631 \u062e\u0628\u0631\u0648\u0646\u0647","\u0647\u06d5\u0631\u06ce\u0645\u06d5 \u06a9\u0648\u0631\u062f\u06cc\u0640\u06cc\u06d5\u06a9\u0627\u0646","\u0648\u06cc\u062f\u06cc\u0648","\u0648\u06cc\u0698\u0647 \u0628\u0631\u0646\u0627\u0645\u0647\u200c\u0647\u0627","\u0695\u06c6\u0698\u0647\u06d5\u06b5\u0627\u062a\u06cc \u0646\u0627\u0648\u06d5\u0695\u0627\u0633\u062a","\u06a4\u06cc\u062f\u06cc\u06c6","\u0e82\u0ec8\u0eb2\u0ea7\u0ec1\u0ea5\u0eb0\u0ea5\u0eb2\u0e8d\u0e87\u0eb2\u0e99","\u0ea7\u0eb5\u0e94\u0eb5\u0ec2\u0ead","\u0f38\u0f42\u0f7c\u0f44\u0f0b\u0f66\u0f0b\u0f58\u0f46\u0f7c\u0f42","\u0f56\u0f59\u0f53\u0f0b\u0f56\u0fb1\u0f7c\u0f63\u0f0d","\u0f56\u0f62\u0f99\u0f53\u0f0d","\u0f56\u0f7c\u0f51\u0f0d","\u1017\u102e\u1012\u102e\u101a\u102d\u102f\u1019\u103b\u102c\u1038","\u101e\u1010\u1004\u103a\u1038\u1019\u103b\u102c\u1038","\u10d5\u10d8\u10d3\u10d4\u10dd","\u1785\u17d2\u1794\u17b6\u1794\u17cb","\u1793\u1799\u17c4\u1794\u17b6\u1799","\u1794\u179a\u17b7\u179f\u17d2\u1790\u17b6\u1793","\u179c\u17b8\u178a\u17c1\u17a2\u17bc","\u179f\u1784\u17d2\u1782\u1798","\u4eba\u6743\u6cd5\u6cbb"],"types":[["","All types"],["video","Videos"],["clips","Clips"],["media","Media"]]},"has_next":true,"has_prev":true,"items":[{"article_body_paragraphs":[],"audio_source_url":null,"author":null,"available_dubs":[],"downloadable_assets":["https://voa-video-ns.akamaized.net/pangeavideo/2026/08/d/d6/d6ce1dbb-4275-428f-46df-08decadaa577_1080p.mp4?cb=ee208477b"],"duration_display":"3:56","duration_seconds":236.75,"embed_url":null,"id":2945,"image_caption":null,"image_url":"https://gdb.voanews.com/d6ce1dbb-4275-428f-46df-08decadaa577_tv_mw2048_mh2048_n.jpg","is_clip":true,"item_type":"video","item_type_label":"Video","language_label":"Kurdish","media_credit":"VOA","micro_label":"Video report","micro_label_kind":"video","network_label":"VOA","network_logo_url":"/static/uploads/direct_network_logos/voa_1ef13eedbd2f.svg","published_at":"2026-08-07T21:26:15.657000","published_at_display":"7 Aug 2026, 21:26 GMT","sequence_badge_label":null,"sequence_count":null,"sequence_count_label":null,"sequence_frames":[],"sequence_kind":null,"source_name":"dengeamerika_com_direct","source_name_label":"Dengeamerika","source_type":"direct_api","summary":"Kompan\u00eeya Dana Gas dib\u00eaje w\u00ea peymanek bi Wezareta Elektr\u00eek\u00ea ya Federal re \u00eemze kiriye \u00fb Hik\u00fbmeta Her\u00eama Kurdistan\u00ea di daxuyaniyek\u00ea de bersiva peyman\u00ea da \u00fb got ku ew d\u00ea tedb\u00eer\u00ean qan\u00fbn\u00ee bigire. Peyamn\u00ear Diyar Cemal zanyar\u00eeyan dide.","title":"Dana Gaz: Her\u00eam Agahdar\u00ee R\u00eakeftina me ya li gel Wezareta Derve b\u00fb ye","topic":"V\u00eedyo Galer\u00ee","translation_language":"","url":"https://voa-video-ns.akamaized.net/pangeavideo/2026/08/d/d6/d6ce1dbb-4275-428f-46df-08decadaa577_1080p.mp4?cb=ee208477b","video_url":"https://voa-video-ns.akamaized.net/pangeavideo/2026/08/d/d6/d6ce1dbb-4275-428f-46df-08decadaa577_1080p.mp4?cb=ee208477b"},{"article_body_paragraphs":[],"audio_source_url":null,"author":null,"available_dubs":[],"downloadable_assets":["https://voa-video-ns.akamaized.net/pangeavideo/2026/08/8/86/86651e99-0043-4777-80cb-08decae8682a_1080p.mp4?cb=ee208434d"],"duration_display":"5:23","duration_seconds":323.32,"embed_url":null,"id":2946,"image_caption":null,"image_url":"https://gdb.voanews.com/86651e99-0043-4777-80cb-08decae8682a_tv_mw2048_mh2048_n.jpg","is_clip":false,"item_type":"video","item_type_label":"Video","language_label":"Kurdish","media_credit":"VOA","micro_label":"Video report","micro_label_kind":"video","network_label":"VOA","network_logo_url":"/static/uploads/direct_network_logos/voa_1ef13eedbd2f.svg","published_at":"2026-08-07T21:15:26.540000","published_at_display":"7 Aug 2026, 21:15 GMT","sequence_badge_label":null,"sequence_count":null,"sequence_count_label":null,"sequence_frames":[],"sequence_kind":null,"source_name":"dengeamerika_com_direct","source_name_label":"Dengeamerika","source_type":"direct_api","summary":"Erebistana Si\u00fbd\u00ee, Pakistan \u00fb Tirk\u00eey\u00ea \u00eero \u00cen\u00ea li Mekay\u00ea peymana parastina hevbe\u015f \u00eemze kir. Ozlem Yasak p\u00eazan\u00een\u00ean b\u00eahtir dide.","title":"Tirk\u00eey\u00ea Tevl\u00ee Hevpeyman\u00eeya Berevan\u00eeya Hevbe\u015f a Si\u00fbd\u00ee \u00fb Pakistan\u00ea Dibe","topic":"V\u00eedyo Galer\u00ee","translation_language":"","url":"https://voa-video-ns.akamaized.net/pangeavideo/2026/08/8/86/86651e99-0043-4777-80cb-08decae8682a_1080p.mp4?cb=ee208434d","video_url":"https://voa-video-ns.akamaized.net/pangeavideo/2026/08/8/86/86651e99-0043-4777-80cb-08decae8682a_1080p.mp4?cb=ee208434d"},{"article_body_paragraphs":[],"audio_source_url":null,"author":null,"available_dubs":[],"downloadable_assets":["https://voa-video-ns.akamaized.net/pangeavideo/2026/08/1/16/16ae0807-d822-462b-f179-08def2b12219_1080p.mp4?cb=ee2083f19"],"duration_display":"3:03","duration_seconds":183.59,"embed_url":null,"id":2947,"image_caption":null,"image_url":"https://gdb.voanews.com/16ae0807-d822-462b-f179-08def2b12219_tv_mw2048_mh2048_n.jpg","is_clip":true,"item_type":"video","item_type_label":"Video","language_label":"Kurdish","media_credit":"VOA","micro_label":"Video report","micro_label_kind":"video","network_label":"VOA","network_logo_url":"/static/uploads/direct_network_logos/voa_1ef13eedbd2f.svg","published_at":"2026-08-07T21:02:43.303000","published_at_display":"7 Aug 2026, 21:02 GMT","sequence_badge_label":null,"sequence_count":null,"sequence_count_label":null,"sequence_frames":[],"sequence_kind":null,"source_name":"dengeamerika_com_direct","source_name_label":"Dengeamerika","source_type":"direct_api","summary":"Peyamn\u00ear\u00ea Deng\u00ea Amer\u00eeka y\u00ea Kongr\u00eas\u00ea Mer\u00eewan Heme zanyar\u00eey\u00ean daw\u00ee y\u00ean derbar\u00ea projeyasaya cezay\u00ean abor\u00ee y\u00ean dij\u00ee R\u00fbsya \u00fb \u00ceran\u00ea dide.","title":"Projeyasaya Cezay\u00ean Abor\u00ee y\u00ean Dij\u00ee R\u00fbsya \u00fb \u00ceran\u00ea li Kongr\u00eas\u00ea","topic":"V\u00eedyo Galer\u00ee","translation_language":"","url":"https://voa-video-ns.akamaized.net/pangeavideo/2026/08/1/16/16ae0807-d822-462b-f179-08def2b12219_1080p.mp4?cb=ee2083f19","video_url":"https://voa-video-ns.akamaized.net/pangeavideo/2026/08/1/16/16ae0807-d822-462b-f179-08def2b12219_1080p.mp4?cb=ee2083f19"},{"article_body_paragraphs":[],"audio_source_url":null,"author":"S\u00eerwan Qi\u00e7o","available_dubs":[],"downloadable_assets":["https://voa-video-ns.akamaized.net/pangeavideo/2026/08/0/04/048546b4-d90b-4d15-a13b-08def2b10d93_1080p.mp4?cb=ee208233e"],"duration_display":"6:11","duration_seconds":371.39,"embed_url":null,"id":2900,"image_caption":null,"image_url":"https://gdb.voanews.com/048546b4-d90b-4d15-a13b-08def2b10d93_tv_mw2048_mh2048_n.jpg","is_clip":false,"item_type":"video","item_type_label":"Video","language_label":"Kurdish","media_credit":"VOA","micro_label":"Video report","micro_label_kind":"video","network_label":"VOA","network_logo_url":"/static/uploads/direct_network_logos/voa_1ef13eedbd2f.svg","published_at":"2026-08-07T19:02:35.270000","published_at_display":"7 Aug 2026, 19:02 GMT","sequence_badge_label":null,"sequence_count":null,"sequence_count_label":null,"sequence_frames":[],"sequence_kind":null,"source_name":"dengeamerika_com_direct","source_name_label":"Dengeamerika","source_type":"direct_api","summary":"Berniv\u00eesa qan\u00fbna \u00e7ar\u00e7ovey\u00ee \u00ead\u00ee niha li ber dest\u00ea parlemana Tirk\u00eey\u00ea ye. Gelo ji niha \u00fb bi \u015f\u00fbn de d\u00ea \u00e7i gav di v\u00ea \u00e7ar\u00e7ovey\u00ea de werin av\u00eatin? Dr. Vahap Co\u015fkun, mamostey\u00ea qan\u00fbn\u00ea li Zan\u00eengeha D\u00eecle li Amed\u00ea behsa v\u00ea mijar\u00ea dike.","title":"Gav\u00ean C\u00eebic\u00eekirina Qan\u00fbna \u00c7ar\u00e7ovey\u00ee \u00c7i ne?","topic":"V\u00eedyo Galer\u00ee","translation_language":"","url":"https://voa-video-ns.akamaized.net/pangeavideo/2026/08/0/04/048546b4-d90b-4d15-a13b-08def2b10d93_1080p.mp4?cb=ee208233e","video_url":"https://voa-video-ns.akamaized.net/pangeavideo/2026/08/0/04/048546b4-d90b-4d15-a13b-08def2b10d93_1080p.mp4?cb=ee208233e"},{"article_body_paragraphs":[],"audio_source_url":null,"author":null,"available_dubs":[],"downloadable_assets":["https://voa-video-ns.akamaized.net/pangeavideo/2026/08/e/e9/e955be0a-9074-4938-46da-08decadaa577_1080p.mp4?cb=ee2083e4b"],"duration_display":"3:18","duration_seconds":198.01,"embed_url":null,"id":2893,"image_caption":null,"image_url":"https://gdb.voanews.com/e955be0a-9074-4938-46da-08decadaa577_tv_mw2048_mh2048_n.jpg","is_clip":true,"item_type":"video","item_type_label":"Video","language_label":"Kurdish","media_credit":"VOA","micro_label":"Video report","micro_label_kind":"video","network_label":"VOA","network_logo_url":"/static/uploads/direct_network_logos/voa_1ef13eedbd2f.svg","published_at":"2026-08-07T18:50:14.560000","published_at_display":"7 Aug 2026, 18:50 GMT","sequence_badge_label":null,"sequence_count":null,"sequence_count_label":null,"sequence_frames":[],"sequence_kind":null,"source_name":"dengeamerika_com_direct","source_name_label":"Dengeamerika","source_type":"direct_api","summary":"Peyamn\u00ear\u00ea Deng\u00ea Amer\u00eeka li Wezareta derve Soran Xatir\u00ee n\u00fb\u00e7ey\u00ean daw\u00ee y\u00ean gir\u00eaday\u00ee \u00e7alak\u00eey\u00ean li wezareta derve radigih\u00eene.","title":"Taq\u00eekirina Tora Civak\u00ee ya Daxwazkar\u00ean V\u00eezaya Amer\u00eekay\u00ea","topic":"V\u00eedyo Galer\u00ee","translation_language":"","url":"https://voa-video-ns.akamaized.net/pangeavideo/2026/08/e/e9/e955be0a-9074-4938-46da-08decadaa577_1080p.mp4?cb=ee2083e4b","video_url":"https://voa-video-ns.akamaized.net/pangeavideo/2026/08/e/e9/e955be0a-9074-4938-46da-08decadaa577_1080p.mp4?cb=ee2083e4b"},{"article_body_paragraphs":[],"audio_source_url":null,"author":null,"available_dubs":[],"downloadable_assets":["https://voa-video-ns.akamaized.net/pangeavideo/2026/08/4/4b/4b04c845-3e48-4933-c8e5-08decaecd3b3_1080p.mp4?cb=ee2081d7a"],"duration_display":"4:34","duration_seconds":274.15,"embed_url":null,"id":2875,"image_caption":null,"image_url":"https://gdb.voanews.com/4b04c845-3e48-4933-c8e5-08decaecd3b3_tv_mw2048_mh2048_n.jpg","is_clip":true,"item_type":"video","item_type_label":"Video","language_label":"Kurdish","media_credit":"VOA","micro_label":"Video report","micro_label_kind":"video","network_label":"VOA","network_logo_url":"/static/uploads/direct_network_logos/voa_1ef13eedbd2f.svg","published_at":"2026-08-07T18:39:54.070000","published_at_display":"7 Aug 2026, 18:39 GMT","sequence_badge_label":null,"sequence_count":null,"sequence_count_label":null,"sequence_frames":[],"sequence_kind":null,"source_name":"dengeamerika_com_direct","source_name_label":"Dengeamerika","source_type":"direct_api","summary":"Payamn\u00ear\u00ea Deng\u00ea Amer\u00eeka y\u00ea Ko\u015fka Sip\u00ee H\u00eewa Selam behsa bername \u00fb \u00e7alak\u00eey\u00ean \u00eero y\u00ean Ko\u015fka Sip\u00ee dike.","title":"Trump Du Ferman\u00ean Gir\u00eaday\u00ee Day\u00eena Nasnameya Amer\u00eek\u00ee \u00cemze Kirin","topic":"V\u00eedyo Galer\u00ee","translation_language":"","url":"https://voa-video-ns.akamaized.net/pangeavideo/2026/08/4/4b/4b04c845-3e48-4933-c8e5-08decaecd3b3_1080p.mp4?cb=ee2081d7a","video_url":"https://voa-video-ns.akamaized.net/pangeavideo/2026/08/4/4b/4b04c845-3e48-4933-c8e5-08decaecd3b3_1080p.mp4?cb=ee2081d7a"},{"article_body_paragraphs":[],"audio_source_url":null,"author":null,"available_dubs":[],"downloadable_assets":["https://voa-video-ns.akamaized.net/pangeavideo/2026/08/6/64/64ad6203-5050-46d8-a138-08def2b10d93_1080p.mp4?cb=ee2081a74"],"duration_display":"2:18","duration_seconds":138.39,"embed_url":null,"id":2876,"image_caption":null,"image_url":"https://gdb.voanews.com/64ad6203-5050-46d8-a138-08def2b10d93_tv_mw2048_mh2048_n.jpg","is_clip":true,"item_type":"video","item_type_label":"Video","language_label":"Kurdish","media_credit":"VOA","micro_label":"Video report","micro_label_kind":"video","network_label":"VOA","network_logo_url":"/static/uploads/direct_network_logos/voa_1ef13eedbd2f.svg","published_at":"2026-08-07T18:26:11.663000","published_at_display":"7 Aug 2026, 18:26 GMT","sequence_badge_label":null,"sequence_count":null,"sequence_count_label":null,"sequence_frames":[],"sequence_kind":null,"source_name":"dengeamerika_com_direct","source_name_label":"Dengeamerika","source_type":"direct_api","summary":"Asmanger\u00ean NASA\u2019y\u00ea operasyonek li Rawestingeha esman\u00ee ya Navnetew\u00ee bir\u00eave birin ku armanca w\u00ea ew e pi\u015ftrastkirina belavkirina durist a eliktir\u00eek\u00ea ji bo rawestingeh\u00ea. Fatima Sind\u00ee v\u00ea raport\u00ea dixw\u00eene.","title":"NASA Rawestingeha Asman\u00ee ya Navnetewey\u00ee N\u00fbjen Dike","topic":"V\u00eedyo Galer\u00ee","translation_language":"","url":"https://voa-video-ns.akamaized.net/pangeavideo/2026/08/6/64/64ad6203-5050-46d8-a138-08def2b10d93_1080p.mp4?cb=ee2081a74","video_url":"https://voa-video-ns.akamaized.net/pangeavideo/2026/08/6/64/64ad6203-5050-46d8-a138-08def2b10d93_1080p.mp4?cb=ee2081a74"},{"article_body_paragraphs":[],"audio_source_url":null,"author":"Xec\u00eecan Farq\u00een","available_dubs":[],"downloadable_assets":["https://voa-video-ns.akamaized.net/pangeavideo/2026/08/c/c0/c00094fc-45b7-437c-f175-08def2b12219_1080p.mp4?cb=ee2080507"],"duration_display":"2:52","duration_seconds":172.52,"embed_url":null,"id":2838,"image_caption":null,"image_url":"https://gdb.voanews.com/c00094fc-45b7-437c-f175-08def2b12219_tv_mw2048_mh2048_n.jpg","is_clip":true,"item_type":"video","item_type_label":"Video","language_label":"Kurdish","media_credit":"VOA","micro_label":"Video report","micro_label_kind":"video","network_label":"VOA","network_logo_url":"/static/uploads/direct_network_logos/voa_1ef13eedbd2f.svg","published_at":"2026-08-07T16:53:34.820000","published_at_display":"7 Aug 2026, 16:53 GMT","sequence_badge_label":null,"sequence_count":null,"sequence_count_label":null,"sequence_frames":[],"sequence_kind":null,"source_name":"dengeamerika_com_direct","source_name_label":"Dengeamerika","source_type":"direct_api","summary":"Part\u00eey\u00ean siyas\u00ee y\u00ean li Parlemana Tirk\u00eey\u00ea, P\u00ea\u015fniv\u00eesa Qan\u00fbna \u00c7ar\u00e7ovey\u00ee roja \u00c7ar\u015fem\u00ea \u00eemze kir. Ev qan\u00fbn \u015fert \u00fb merc\u00ean girity\u00ean gir\u00eaday\u00ee doseya PKK\u2019\u00ea zelal dike. Raporta Xec\u00eecan Farq\u00een b\u00eahtir zanyar\u00ee li dor ner\u00eena malbat\u00ean \u015fervan\u00ean PKK\u2019\u00ea derbar\u00ea v\u00ea qan\u00fbn\u00ea hene.","title":"Ner\u00eena Malbat\u00ean Girt\u00eeyan Derbar\u00ea Qan\u00fbna \u00c7ar\u00e7ovey\u00ee","topic":"V\u00eedyo Galer\u00ee","translation_language":"","url":"https://voa-video-ns.akamaized.net/pangeavideo/2026/08/c/c0/c00094fc-45b7-437c-f175-08def2b12219_1080p.mp4?cb=ee2080507","video_url":"https://voa-video-ns.akamaized.net/pangeavideo/2026/08/c/c0/c00094fc-45b7-437c-f175-08def2b12219_1080p.mp4?cb=ee2080507"},{"article_body_paragraphs":[],"audio_source_url":null,"author":"S\u00eenor Ker\u00eem","available_dubs":[],"downloadable_assets":["https://voa-video-ns.akamaized.net/pangeavideo/2026/08/d/d3/d3b7e552-b430-45c8-f171-08def2b12219_1080p.mp4?cb=ee207fa5a"],"duration_display":"2:57","duration_seconds":177.38,"embed_url":null,"id":2826,"image_caption":null,"image_url":"https://gdb.voanews.com/d3b7e552-b430-45c8-f171-08def2b12219_tv_mw2048_mh2048_n.jpg","is_clip":true,"item_type":"video","item_type_label":"Video","language_label":"Kurdish","media_credit":"VOA","micro_label":"Video report","micro_label_kind":"video","network_label":"VOA","network_logo_url":"/static/uploads/direct_network_logos/voa_1ef13eedbd2f.svg","published_at":"2026-08-07T16:10:02.310000","published_at_display":"7 Aug 2026, 16:10 GMT","sequence_badge_label":null,"sequence_count":null,"sequence_count_label":null,"sequence_frames":[],"sequence_kind":null,"source_name":"dengeamerika_com_direct","source_name_label":"Dengeamerika","source_type":"direct_api","summary":"Pirsgir\u00eaka derbider\u00eey\u00ea \u00fb hatina hejmareke mezin ji Ereban \u00fb bicihb\u00fbna wan li Her\u00eama Kurdistan\u00ea, di nav welat\u00eeyan de b\u00fbye sedema n\u00eegeran\u00eey\u00ea. Zan\u00eengeha Sil\u00eamaniy\u00ea li ser v\u00ea mijar\u00ea rapirs\u00eeyek p\u00eak an\u00ee, encam\u00ean w\u00ea wek\u00ee xeternak bi nav kir \u00fb got ku ew \u00ea demografiya her\u00eam\u00ea biguher\u00eene.","title":"Got\u00fbb\u00eaj\u00ean Ser Z\u00eadeb\u00fbna R\u00eajeya Ereban li Her\u00eama Kurdistan\u00ea","topic":"V\u00eedyo Galer\u00ee","translation_language":"","url":"https://voa-video-ns.akamaized.net/pangeavideo/2026/08/d/d3/d3b7e552-b430-45c8-f171-08def2b12219_1080p.mp4?cb=ee207fa5a","video_url":"https://voa-video-ns.akamaized.net/pangeavideo/2026/08/d/d3/d3b7e552-b430-45c8-f171-08def2b12219_1080p.mp4?cb=ee207fa5a"},{"article_body_paragraphs":[],"audio_source_url":null,"author":"Ridwan B\u00eazar","available_dubs":[],"downloadable_assets":["https://voa-video-ns.akamaized.net/pangeavideo/2026/08/5/50/503de95c-e717-436e-46d2-08decadaa577_1080p.mp4?cb=ee207e1e6"],"duration_display":"2:40","duration_seconds":160.48,"embed_url":null,"id":2758,"image_caption":null,"image_url":"https://gdb.voanews.com/503de95c-e717-436e-46d2-08decadaa577_tv_mw2048_mh2048_n.jpg","is_clip":true,"item_type":"video","item_type_label":"Video","language_label":"Kurdish","media_credit":"VOA","micro_label":"Video report","micro_label_kind":"video","network_label":"VOA","network_logo_url":"/static/uploads/direct_network_logos/voa_1ef13eedbd2f.svg","published_at":"2026-08-07T14:25:42.550000","published_at_display":"7 Aug 2026, 14:25 GMT","sequence_badge_label":null,"sequence_count":null,"sequence_count_label":null,"sequence_frames":[],"sequence_kind":null,"source_name":"dengeamerika_com_direct","source_name_label":"Dengeamerika","source_type":"direct_api","summary":"K\u00fbp\u00ean ax\u00een \u00ean ku bi destan \u00fb ji madey\u00ean xweris\u00ee t\u00ean \u00e7\u00eakirin, li devera Koban\u00eey\u00ea ji bo dab\u00eenkirina av\u00ea ji r\u00eaw\u00eeyan re, li ser r\u00eayan dihatin dan\u00een. Ew \u00e7and careke din veger\u00eeyaye, \u00fb gund\u00eey\u00ean ba\u015f\u00fbr\u00ea Koban\u00eey\u00ea d\u00eesa wan bi kar t\u00eenin.","title":"Li Koban\u00eey\u00ea \u00c7\u00eakirina K\u00fbp\u00ean Ax\u00een D\u00eesa Vedigere","topic":"V\u00eedyo Galer\u00ee","translation_language":"","url":"https://voa-video-ns.akamaized.net/pangeavideo/2026/08/5/50/503de95c-e717-436e-46d2-08decadaa577_1080p.mp4?cb=ee207e1e6","video_url":"https://voa-video-ns.akamaized.net/pangeavideo/2026/08/5/50/503de95c-e717-436e-46d2-08decadaa577_1080p.mp4?cb=ee207e1e6"},{"article_body_paragraphs":[],"audio_source_url":null,"author":"\u00cevan Hes\u00eeb","available_dubs":[],"downloadable_assets":["https://voa-video-ns.akamaized.net/pangeavideo/2026/08/8/82/826ad14b-3bee-4c81-c8d9-08decaecd3b3_1080p.mp4?cb=ee207bea7"],"duration_display":"3:45","duration_seconds":225.06,"embed_url":null,"id":2716,"image_caption":null,"image_url":"https://gdb.voanews.com/826ad14b-3bee-4c81-c8d9-08decaecd3b3_tv_mw2048_mh2048_n.jpg","is_clip":true,"item_type":"video","item_type_label":"Video","language_label":"Kurdish","media_credit":"VOA","micro_label":"Video report","micro_label_kind":"video","network_label":"VOA","network_logo_url":"/static/uploads/direct_network_logos/voa_1ef13eedbd2f.svg","published_at":"2026-08-07T11:55:19.700000","published_at_display":"7 Aug 2026, 11:55 GMT","sequence_badge_label":null,"sequence_count":null,"sequence_count_label":null,"sequence_frames":[],"sequence_kind":null,"source_name":"dengeamerika_com_direct","source_name_label":"Dengeamerika","source_type":"direct_api","summary":"Li bajar\u00ea Qami\u015flo fest\u00eevala hav\u00een\u00ea ya yekem a 5 roj\u00ee h\u00een lidar e ku t\u00ea de 300 kompan\u00ee \u00fb firo\u015fgeh be\u015fdar b\u00fbn. Hejmarek hunermend tevl\u00ee fest\u00eeval\u00ea b\u00fbn, di nav de j\u00ee Dilo Doxan. Raporta \u00cevan Hes\u00eeb b\u00eahtir agah\u00ee hene.","title":"Fest\u00eevala Yekem a Hav\u00een\u00ea li Bajar\u00ea Qami\u015flo","topic":"V\u00eedyo Galer\u00ee","translation_language":"","url":"https://voa-video-ns.akamaized.net/pangeavideo/2026/08/8/82/826ad14b-3bee-4c81-c8d9-08decaecd3b3_1080p.mp4?cb=ee207bea7","video_url":"https://voa-video-ns.akamaized.net/pangeavideo/2026/08/8/82/826ad14b-3bee-4c81-c8d9-08decaecd3b3_1080p.mp4?cb=ee207bea7"},{"article_body_paragraphs":[],"audio_source_url":null,"author":null,"available_dubs":[],"downloadable_assets":["https://voa-video-ns.akamaized.net/pangeavideo/2026/08/2/20/20c8b5e0-1798-493f-f168-08def2b12219_1080p.mp4?cb=ee206dc66"],"duration_display":"5:04","duration_seconds":304.81,"embed_url":null,"id":2545,"image_caption":null,"image_url":"https://gdb.voanews.com/20c8b5e0-1798-493f-f168-08def2b12219_tv_mw2048_mh2048_n.jpg","is_clip":false,"item_type":"video","item_type_label":"Video","language_label":"Kurdish","media_credit":"VOA","micro_label":"Video report","micro_label_kind":"video","network_label":"VOA","network_logo_url":"/static/uploads/direct_network_logos/voa_1ef13eedbd2f.svg","published_at":"2026-08-06T19:43:32.810000","published_at_display":"6 Aug 2026, 19:43 GMT","sequence_badge_label":null,"sequence_count":null,"sequence_count_label":null,"sequence_frames":[],"sequence_kind":null,"source_name":"dengeamerika_com_direct","source_name_label":"Dengeamerika","source_type":"direct_api","summary":"CENTCOM ser rew\u015fa girj\u00eey\u00ean Rojhilata Nav\u00een \u00fb rew\u015fa li tengava Hormuz\u00ea \u00fb av\u00ean deryay\u00ee daxuyan\u00ee ragihandin. Soran Xatir\u00ee ji Wezareta Derve ya Amer\u00eekay\u00ea p\u00eazan\u00een\u00ean n\u00fb radigih\u00eene.","title":"N\u00fbtir\u00een P\u00eazan\u00een Derabr\u00ea P\u00ea\u015fhat\u00ean li Rojhilata Nav\u00een","topic":"V\u00eedyo Galer\u00ee","translation_language":"","url":"https://voa-video-ns.akamaized.net/pangeavideo/2026/08/2/20/20c8b5e0-1798-493f-f168-08def2b12219_1080p.mp4?cb=ee206dc66","video_url":"https://voa-video-ns.akamaized.net/pangeavideo/2026/08/2/20/20c8b5e0-1798-493f-f168-08def2b12219_1080p.mp4?cb=ee206dc66"},{"article_body_paragraphs":[],"audio_source_url":null,"author":"Befraw N\u00fbr\u00ee","available_dubs":[],"downloadable_assets":["https://voa-video-ns.akamaized.net/pangeavideo/2026/08/6/68/6850f70d-655d-4841-46c5-08decadaa577_1080p.mp4?cb=ee206d859"],"duration_display":"7:47","duration_seconds":467.88,"embed_url":null,"id":2546,"image_caption":null,"image_url":"https://gdb.voanews.com/6850f70d-655d-4841-46c5-08decadaa577_tv_mw2048_mh2048_n.jpg","is_clip":false,"item_type":"video","item_type_label":"Video","language_label":"Kurdish","media_credit":"VOA","micro_label":"Video report","micro_label_kind":"video","network_label":"VOA","network_logo_url":"/static/uploads/direct_network_logos/voa_1ef13eedbd2f.svg","published_at":"2026-08-06T19:32:41.410000","published_at_display":"6 Aug 2026, 19:32 GMT","sequence_badge_label":null,"sequence_count":null,"sequence_count_label":null,"sequence_frames":[],"sequence_kind":null,"source_name":"dengeamerika_com_direct","source_name_label":"Dengeamerika","source_type":"direct_api","summary":"Raportek n\u00fb ya pispor\u00ean Netewey\u00ean Yekb\u00fby\u00ee rew\u015fa xirab a maf\u00ean mirovan li Tehran\u00ea \u00fb sereder\u00eeya xirab a li dij\u00ee k\u00eamnetewey\u00ean etn\u00eek\u00ee, bi taybet\u00ee Kurd \u00fb Bel\u00fb\u00e7an, ron\u00ee kiriye. Ji bo b\u00eatir agahdar\u00ee \u00fb p\u00eazan\u00eenan, Civaknas Ew\u00een Mistefazade rew\u015f\u00ea dinirx\u00eene.","title":"Netewey\u00ean Yekb\u00fby\u00ee li ser Rew\u015fa Kurdan li \u00ceran\u00ea Hi\u015fyar\u00ee da","topic":"V\u00eedyo Galer\u00ee","translation_language":"","url":"https://voa-video-ns.akamaized.net/pangeavideo/2026/08/6/68/6850f70d-655d-4841-46c5-08decadaa577_1080p.mp4?cb=ee206d859","video_url":"https://voa-video-ns.akamaized.net/pangeavideo/2026/08/6/68/6850f70d-655d-4841-46c5-08decadaa577_1080p.mp4?cb=ee206d859"},{"article_body_paragraphs":[],"audio_source_url":null,"author":null,"available_dubs":[],"downloadable_assets":["https://voa-video-ns.akamaized.net/pangeavideo/2026/08/c/cd/cd537e39-5f9b-4167-7dd8-08def2ed48ad_1080p.mp4?cb=ee206dccc"],"duration_display":"7:20","duration_seconds":440.24,"embed_url":null,"id":2547,"image_caption":null,"image_url":"https://gdb.voanews.com/cd537e39-5f9b-4167-7dd8-08def2ed48ad_tv_mw2048_mh2048_n.jpg","is_clip":false,"item_type":"video","item_type_label":"Video","language_label":"Kurdish","media_credit":"VOA","micro_label":"Video report","micro_label_kind":"video","network_label":"VOA","network_logo_url":"/static/uploads/direct_network_logos/voa_1ef13eedbd2f.svg","published_at":"2026-08-06T19:22:17.760000","published_at_display":"6 Aug 2026, 19:22 GMT","sequence_badge_label":null,"sequence_count":null,"sequence_count_label":null,"sequence_frames":[],"sequence_kind":null,"source_name":"dengeamerika_com_direct","source_name_label":"Dengeamerika","source_type":"direct_api","summary":"Wez\u00eer\u00ea derve y\u00ea S\u00fbr\u00eey\u00ea serdana Tirk\u00eey\u00ea kir, Qasim Ergun \u015eirovekar\u00ea pirs\u00ean siyas\u00ee ji Stenbol w\u00ea serdan\u00ea \u00fb rola Tirk\u00eey\u00ea \u00fb S\u00fbriy\u00ea di destp\u00ea\u015fxer\u00eeya \u00e7ar deryayan de dinirx\u00eene.","title":"Rola Tirk\u00eey\u00ea \u00fb S\u00fbr\u00eey\u00ea di Destp\u00ea\u015fxer\u00eeya \u00c7ar Deryayan de","topic":"V\u00eedyo Galer\u00ee","translation_language":"","url":"https://voa-video-ns.akamaized.net/pangeavideo/2026/08/c/cd/cd537e39-5f9b-4167-7dd8-08def2ed48ad_1080p.mp4?cb=ee206dccc","video_url":"https://voa-video-ns.akamaized.net/pangeavideo/2026/08/c/cd/cd537e39-5f9b-4167-7dd8-08def2ed48ad_1080p.mp4?cb=ee206dccc"},{"article_body_paragraphs":[],"audio_source_url":null,"author":"Ozlem Yasak","available_dubs":[],"downloadable_assets":["https://voa-video-ns.akamaized.net/pangeavideo/2026/08/e/ed/edcf58a2-d3c5-4fdb-46c6-08decadaa577_1080p.mp4?cb=ee206f95b"],"duration_display":"5:08","duration_seconds":308.01,"embed_url":null,"id":2548,"image_caption":null,"image_url":"https://gdb.voanews.com/edcf58a2-d3c5-4fdb-46c6-08decadaa577_tv_mw2048_mh2048_n.jpg","is_clip":false,"item_type":"video","item_type_label":"Video","language_label":"Kurdish","media_credit":"VOA","micro_label":"Video report","micro_label_kind":"video","network_label":"VOA","network_logo_url":"/static/uploads/direct_network_logos/voa_1ef13eedbd2f.svg","published_at":"2026-08-06T19:10:28.687000","published_at_display":"6 Aug 2026, 19:10 GMT","sequence_badge_label":null,"sequence_count":null,"sequence_count_label":null,"sequence_frames":[],"sequence_kind":null,"source_name":"dengeamerika_com_direct","source_name_label":"Dengeamerika","source_type":"direct_api","summary":"Qan\u00fbna \u00c7ar\u00e7ovey\u00ee ya b\u00ea\u00e7ekkirina Part\u00eeya Karker\u00ean Kurdistan (PKK)\u00ea di rojeva Tirkr\u00eey\u00ea de ye. Roja P\u00eanc\u015fem\u00ea Enc\u00fbmena Asay\u00ee\u015fa Netew\u00ee ya Tirk\u00eey\u00ea komb\u00fb. Ozlem Yasak agah\u00eey\u00ean z\u00eadetir ser qan\u00fbna \u00e7ar\u00e7ovey\u00ee dide. Ozlem Yasak agah\u00eey\u00ean z\u00eadetir ser qan\u00fbna \u00e7ar\u00e7ovey\u00ee dide.","title":"Komb\u00fbna Enc\u00fbmena Asay\u00ee\u015fa Netew\u00ee ya Tirk\u00eey\u00ea Derabr\u00ea Qan\u00fbna \u00c7ar\u00e7ovey\u00ee","topic":"V\u00eedyo Galer\u00ee","translation_language":"","url":"https://voa-video-ns.akamaized.net/pangeavideo/2026/08/e/ed/edcf58a2-d3c5-4fdb-46c6-08decadaa577_1080p.mp4?cb=ee206f95b","video_url":"https://voa-video-ns.akamaized.net/pangeavideo/2026/08/e/ed/edcf58a2-d3c5-4fdb-46c6-08decadaa577_1080p.mp4?cb=ee206f95b"},{"article_body_paragraphs":[],"audio_source_url":null,"author":null,"available_dubs":[],"downloadable_assets":["https://voa-video-ns.akamaized.net/pangeavideo/2026/08/8/8c/8c2b46d4-e4f3-46c3-f166-08def2b12219_1080p.mp4?cb=ee206c890"],"duration_display":"2:06","duration_seconds":126.72,"embed_url":null,"id":2512,"image_caption":null,"image_url":"https://gdb.voanews.com/8c2b46d4-e4f3-46c3-f166-08def2b12219_tv_mw2048_mh2048_n.jpg","is_clip":true,"item_type":"video","item_type_label":"Video","language_label":"Kurdish","media_credit":"VOA","micro_label":"Video report","micro_label_kind":"video","network_label":"VOA","network_logo_url":"/static/uploads/direct_network_logos/voa_1ef13eedbd2f.svg","published_at":"2026-08-06T18:25:20.840000","published_at_display":"6 Aug 2026, 18:25 GMT","sequence_badge_label":null,"sequence_count":null,"sequence_count_label":null,"sequence_frames":[],"sequence_kind":null,"source_name":"dengeamerika_com_direct","source_name_label":"Dengeamerika","source_type":"direct_api","summary":"Serok\u00ea Amer\u00eekay\u00ea Donald Trump di peyamek\u00ea li ser Truth Social de ragihand ku welat xwed\u00ee hejmareke mezin a cebilxaney\u00ea ye, bi taybet\u00ee ji hin curey\u00ean \u00e7ekan. Peyama Serok Trump li hember wan raportan b\u00fb ku dib\u00eajin hin Cebilxane di art\u00ea\u015fa Amer\u00eekay\u00ea de k\u00eam b\u00fbne.","title":"Rew\u015fa Cebilxaneya Le\u015fker\u00ea Amer\u00eek\u00ee di Rojeva Washington\u00ea de","topic":"V\u00eedyo Galer\u00ee","translation_language":"","url":"https://voa-video-ns.akamaized.net/pangeavideo/2026/08/8/8c/8c2b46d4-e4f3-46c3-f166-08def2b12219_1080p.mp4?cb=ee206c890","video_url":"https://voa-video-ns.akamaized.net/pangeavideo/2026/08/8/8c/8c2b46d4-e4f3-46c3-f166-08def2b12219_1080p.mp4?cb=ee206c890"},{"article_body_paragraphs":[],"audio_source_url":null,"author":null,"available_dubs":[],"downloadable_assets":["https://voa-video-ns.akamaized.net/pangeavideo/2026/08/6/6c/6c2a6788-1db1-43da-7dd3-08def2ed48ad_1080p.mp4?cb=ee206f9d4"],"duration_display":"2:47","duration_seconds":167.32,"embed_url":null,"id":2511,"image_caption":null,"image_url":"https://gdb.voanews.com/6c2a6788-1db1-43da-7dd3-08def2ed48ad_tv_mw2048_mh2048_n.jpg","is_clip":true,"item_type":"video","item_type_label":"Video","language_label":"Kurdish","media_credit":"VOA","micro_label":"Video report","micro_label_kind":"video","network_label":"VOA","network_logo_url":"/static/uploads/direct_network_logos/voa_1ef13eedbd2f.svg","published_at":"2026-08-06T18:22:45.657000","published_at_display":"6 Aug 2026, 18:22 GMT","sequence_badge_label":null,"sequence_count":null,"sequence_count_label":null,"sequence_frames":[],"sequence_kind":null,"source_name":"dengeamerika_com_direct","source_name_label":"Dengeamerika","source_type":"direct_api","summary":"Kom\u00eeteya Dadwer\u00ee ya Civata Senator\u00ean Amer\u00eek\u00ee civ\u00eenek taybet ser rew\u015fa qedexkirina \u00cexwan Mislim\u00een encam da. Mer\u00eewan Heme ji Kongres\u00ea p\u00eazan\u00een\u00ean z\u00eadetir radigih\u00eene.","title":"Kom\u00eeteya Dadwer\u00eey\u00ea ya Civata Senator\u00ean Amer\u00eek\u00ee ser \u00cexwan Mislim\u00een Civ\u00eenek P\u00eakan\u00ee","topic":"V\u00eedyo Galer\u00ee","translation_language":"","url":"https://voa-video-ns.akamaized.net/pangeavideo/2026/08/6/6c/6c2a6788-1db1-43da-7dd3-08def2ed48ad_1080p.mp4?cb=ee206f9d4","video_url":"https://voa-video-ns.akamaized.net/pangeavideo/2026/08/6/6c/6c2a6788-1db1-43da-7dd3-08def2ed48ad_1080p.mp4?cb=ee206f9d4"},{"article_body_paragraphs":[],"audio_source_url":null,"author":"Sem\u00eera El\u00ee Mend\u00ee","available_dubs":[],"downloadable_assets":["https://voa-video-ns.akamaized.net/pangeavideo/2026/08/e/ed/ed9eaa59-e953-43ce-a124-08def2b10d93_1080p.mp4?cb=ee206fa73"],"duration_display":"2:52","duration_seconds":172.28,"embed_url":null,"id":2513,"image_caption":null,"image_url":"https://gdb.voanews.com/ed9eaa59-e953-43ce-a124-08def2b10d93_tv_mw2048_mh2048_n.jpg","is_clip":true,"item_type":"video","item_type_label":"Video","language_label":"Kurdish","media_credit":"VOA","micro_label":"Video report","micro_label_kind":"video","network_label":"VOA","network_logo_url":"/static/uploads/direct_network_logos/voa_1ef13eedbd2f.svg","published_at":"2026-08-06T18:17:00.817000","published_at_display":"6 Aug 2026, 18:17 GMT","sequence_badge_label":null,"sequence_count":null,"sequence_count_label":null,"sequence_frames":[],"sequence_kind":null,"source_name":"dengeamerika_com_direct","source_name_label":"Dengeamerika","source_type":"direct_api","summary":"Hevpeyman\u00eeya R\u00eaveber\u00eeya Dewlet\u00ea, roja P\u00eanc\u015fem\u00ea li Bexda c\u00eev\u00eenek p\u00eakan\u00ee ku Serokat\u00eeya hers\u00ea desthilatan be\u015fdar b\u00fbn \u00fb biryar\u00ean giring y\u00ean derbar\u00ea ewleh\u00ee, abor\u00ee \u00fb \u00e7ek\u00ean li dervey\u00ee kontrola dewlet\u00ea standin.","title":"\u00ceraq Biryar\u00ean Tund Derbar\u00ea \u00c7ekhilgir\u00ean Dervey\u00ee Dewlet\u00ea Dist\u00eene","topic":"V\u00eedyo Galer\u00ee","translation_language":"","url":"https://voa-video-ns.akamaized.net/pangeavideo/2026/08/e/ed/ed9eaa59-e953-43ce-a124-08def2b10d93_1080p.mp4?cb=ee206fa73","video_url":"https://voa-video-ns.akamaized.net/pangeavideo/2026/08/e/ed/ed9eaa59-e953-43ce-a124-08def2b10d93_1080p.mp4?cb=ee206fa73"},{"article_body_paragraphs":[],"audio_source_url":null,"author":null,"available_dubs":[],"downloadable_assets":["https://voa-video-ns.akamaized.net/pangeavideo/2026/08/5/5e/5ec67b77-dade-4f22-80a6-08decae8682a_1080p.mp4?cb=ee206b158"],"duration_display":"1:41","duration_seconds":101.41,"embed_url":null,"id":2466,"image_caption":null,"image_url":"https://gdb.voanews.com/5ec67b77-dade-4f22-80a6-08decae8682a_tv_mw2048_mh2048_n.jpg","is_clip":true,"item_type":"video","item_type_label":"Video","language_label":"Kurdish","media_credit":"VOA","micro_label":"Video report","micro_label_kind":"video","network_label":"VOA","network_logo_url":"/static/uploads/direct_network_logos/voa_1ef13eedbd2f.svg","published_at":"2026-08-06T16:46:16.093000","published_at_display":"6 Aug 2026, 16:46 GMT","sequence_badge_label":null,"sequence_count":null,"sequence_count_label":null,"sequence_frames":[],"sequence_kind":null,"source_name":"dengeamerika_com_direct","source_name_label":"Dengeamerika","source_type":"direct_api","summary":"Serok\u00ea Amer\u00eekay\u00ea Donald Trump got, \"\u00ceraniyan dixwestin bi em re biaxivin, \u00fb min qeb\u00fbl kir. Wisa dixuy\u00ea ku hevd\u00eetin ba\u015f dime\u015fin.\"","title":"Trump: Hevd\u00eetin\u00ean bi \u00ceran\u00ea re Ba\u015f Dime\u015fin, L\u00ea Art\u00ea\u015fa Me j\u00ee Amade ye","topic":"V\u00eedyo Galer\u00ee","translation_language":"","url":"https://voa-video-ns.akamaized.net/pangeavideo/2026/08/5/5e/5ec67b77-dade-4f22-80a6-08decae8682a_1080p.mp4?cb=ee206b158","video_url":"https://voa-video-ns.akamaized.net/pangeavideo/2026/08/5/5e/5ec67b77-dade-4f22-80a6-08decae8682a_1080p.mp4?cb=ee206b158"},{"article_body_paragraphs":[],"audio_source_url":null,"author":"Huner Ehmed","available_dubs":[],"downloadable_assets":["https://voa-video-ns.akamaized.net/pangeavideo/2026/08/d/d2/d2d0d512-a178-48d8-80a5-08decae8682a_1080p.mp4?cb=ee206adf4"],"duration_display":"2:54","duration_seconds":174.23,"embed_url":null,"id":2446,"image_caption":null,"image_url":"https://gdb.voanews.com/d2d0d512-a178-48d8-80a5-08decae8682a_tv_mw2048_mh2048_n.jpg","is_clip":true,"item_type":"video","item_type_label":"Video","language_label":"Kurdish","media_credit":"VOA","micro_label":"Video report","micro_label_kind":"video","network_label":"VOA","network_logo_url":"/static/uploads/direct_network_logos/voa_1ef13eedbd2f.svg","published_at":"2026-08-06T16:31:48.600000","published_at_display":"6 Aug 2026, 16:31 GMT","sequence_badge_label":null,"sequence_count":null,"sequence_count_label":null,"sequence_frames":[],"sequence_kind":null,"source_name":"dengeamerika_com_direct","source_name_label":"Dengeamerika","source_type":"direct_api","summary":"\u00c7ar berpirs\u00ean ewlehiy\u00ea \u00fb serok\u00ea r\u00eaveber\u00eeya traf\u00eek\u00ea y\u00ea Kerkuk\u00ea, tev\u00ee \u00e7end karmend \u00fb berpirs\u00ean din \u00ean saziy\u00ean hik\u00fbmet\u00ea, bi tohmeta gendeliy\u00ea hatine girtin \u00fb bin\u00e7avkirin.","title":"\u00c7end Berpirs\u00ean Ewlehiy\u00ea y\u00ean Kerkuk\u00ea bi Tohmeta Gendeliy\u00ea Hatine Girtin","topic":"V\u00eedyo Galer\u00ee","translation_language":"","url":"https://voa-video-ns.akamaized.net/pangeavideo/2026/08/d/d2/d2d0d512-a178-48d8-80a5-08decae8682a_1080p.mp4?cb=ee206adf4","video_url":"https://voa-video-ns.akamaized.net/pangeavideo/2026/08/d/d2/d2d0d512-a178-48d8-80a5-08decae8682a_1080p.mp4?cb=ee206adf4"}],"next_num":13,"page":12,"pages":15,"per_page":20,"prev_num":11,"total":298}
