{"applied_filters":{"end_date":"","lang":"","language":"","network":"","page":12,"per_page":20,"search":"","source":"","start_date":"","topic":"","type":"photo"},"available_filters":{"language_choices":[{"label":"Choose Language","value":""},{"label":"English","value":"English"},{"label":"Burmese","value":"Burmese"},{"label":"Cantonese","value":"Cantonese"},{"label":"Chinese","value":"Chinese"},{"label":"Dari","value":"Dari"},{"label":"Espa\u00f1ol","value":"Espa\u00f1ol"},{"label":"Fran\u00e7ais","value":"Fran\u00e7ais"},{"label":"Georgian","value":"Georgian"},{"label":"Khmer","value":"Khmer"},{"label":"Korean","value":"Korean"},{"label":"Kurdish","value":"Kurdish"},{"label":"Lao","value":"Lao"},{"label":"Mandarin","value":"Mandarin"},{"label":"Pashto","value":"Pashto"},{"label":"Persian","value":"Persian"},{"label":"Romanian","value":"Romanian"},{"label":"Russian","value":"Russian"},{"label":"Serbo-Croatian","value":"Serbo-Croatian"},{"label":"Tibetan","value":"Tibetan"},{"label":"Ukrainian","value":"Ukrainian"},{"label":"Uyghur","value":"Uyghur"},{"label":"Vietnamese","value":"Vietnamese"}],"network_choices":[{"label":"All networks","value":""},{"label":"Current Time","value":"Current Time"},{"label":"OCB","value":"OCB"},{"label":"RFA","value":"RFA"},{"label":"RFE/RL","value":"RFE/RL"},{"label":"VOA","value":"VOA"}],"source_choices":[{"label":"All sources","value":""},{"label":"Current Time","value":"currenttime_tv_rss"},{"label":"Da Azadi Radio","value":"da_azadiradio_com_rss"},{"label":"Darivoa","value":"darivoa_com_rss"},{"label":"Dengeamerika","value":"dengeamerika_com_rss"},{"label":"Dengiamerika","value":"dengiamerika_com_rss"},{"label":"Editorials VOA","value":"editorials_voa_gov_rss"},{"label":"Golosameriki","value":"golosameriki_com_rss"},{"label":"Ir VOA News","value":"ir_voanews_com_rss"},{"label":"Moldova Europalibera","value":"moldova_europalibera_org_rss"},{"label":"Pa Azadi Radio","value":"pa_azadiradio_com_rss"},{"label":"Pashtovoa","value":"pashtovoa_com_rss"},{"label":"Radio Farda","value":"radiofarda_com_rss"},{"label":"Radiosvoboda","value":"radiosvoboda_org_rss"},{"label":"Radiotavisupleba","value":"radiotavisupleba_ge_rss"},{"label":"Radiotelevisionmarti","value":"radiotelevisionmarti_com_rss"},{"label":"RFA Burmese","value":"rfa_burmese_rss"},{"label":"RFA Cantonese","value":"rfa_cantonese_rss"},{"label":"RFA English RSS","value":"rfa_english_rss"},{"label":"RFA Khmer","value":"rfa_khmer_rss"},{"label":"RFA Korean","value":"rfa_korean_rss"},{"label":"RFA Lao","value":"rfa_lao_rss"},{"label":"RFA Mandarin","value":"rfa_mandarin_rss"},{"label":"RFA Tibetan","value":"rfa_tibetan_rss"},{"label":"RFA Uyghur","value":"rfa_uyghur_rss"},{"label":"RFA Vietnamese","value":"rfa_vietnamese_rss"},{"label":"RFE/RL","value":"rferl_org_rss"},{"label":"Slobodnaevropa","value":"slobodnaevropa_org_rss"},{"label":"Svoboda","value":"svoboda_org_rss"},{"label":"Ukrainian VOA News","value":"ukrainian_voanews_com_rss"},{"label":"VOA Chinese RSS","value":"voa_chinese_rss"},{"label":"Voakorea","value":"voakorea_com_rss"}],"sources":["currenttime_tv_rss","da_azadiradio_com_rss","darivoa_com_rss","dengeamerika_com_rss","dengiamerika_com_rss","editorials_voa_gov_rss","golosameriki_com_rss","ir_voanews_com_rss","moldova_europalibera_org_rss","pa_azadiradio_com_rss","pashtovoa_com_rss","radiofarda_com_rss","radiosvoboda_org_rss","radiotavisupleba_ge_rss","radiotelevisionmarti_com_rss","rfa_burmese_rss","rfa_cantonese_rss","rfa_english_rss","rfa_khmer_rss","rfa_korean_rss","rfa_lao_rss","rfa_mandarin_rss","rfa_tibetan_rss","rfa_uyghur_rss","rfa_vietnamese_rss","rferl_org_rss","slobodnaevropa_org_rss","svoboda_org_rss","ukrainian_voanews_com_rss","voa_chinese_rss","voakorea_com_rss"],"topics":["B\u00ecnh lu\u1eadn","China","Chuy\u00ean m\u1ee5c","Korea","Laos","Myanmar","Pacific","South China Sea","Th\u1eddi S\u1ef1","Tibet","Trong n\u01b0\u1edbc","Uyghur","\u0642\u0649\u0633\u0642\u0627 \u062e\u06d5\u06cb\u06d5\u0631\u0644\u06d5\u0631","\u0e82\u0ec8\u0eb2\u0ea7\u0ec1\u0ea5\u0eb0\u0ea5\u0eb2\u0e8d\u0e87\u0eb2\u0e99","\u0f38\u0f42\u0f7c\u0f44\u0f0b\u0f66\u0f0b\u0f58\u0f46\u0f7c\u0f42","\u0f42\u0f66\u0f62\u0f0b\u0f60\u0f42\u0fb1\u0f74\u0f62\u0f0b\u0f51\u0f44\u0f0b\u0f63\u0f7a\u0f0b\u0f5a\u0f53\u0f0d","\u0f56\u0f59\u0f53\u0f0b\u0f56\u0fb1\u0f7c\u0f63\u0f0d","\u0f56\u0f7c\u0f51\u0f0d","\u0f60\u0f5b\u0f58\u0f0b\u0f42\u0fb3\u0f72\u0f44\u0f0c\u0f0d","\u0f62\u0f92\u0fb1\u0f0b\u0f51\u0f40\u0f62\u0f0b\u0f53\u0f42","\u0f66\u0fa4\u0fb1\u0f72\u0f0b\u0f5a\u0f7c\u0f42\u0f66\u0f0d","\u101e\u1010\u1004\u103a\u1038\u1019\u103b\u102c\u1038","\u1785\u17d2\u1794\u17b6\u1794\u17cb","\u1793\u1799\u17c4\u1794\u17b6\u1799","\u1794\u179a\u17b7\u179f\u17d2\u1790\u17b6\u1793","\u179a\u17bc\u1794\u1797\u17b6\u1796","\u179f\u1784\u17d2\u1782\u1798","\u179f\u17b7\u1791\u17d2\u1792\u17b7\u200b\u1798\u1793\u17bb\u179f\u17d2\u179f","\u4e9a\u592a\u62a5\u9053","\u4e9e\u6d32","\u4eba\u6743\u6cd5\u6cbb","\u53f8\u6cd5","\u56fd\u9645\u65b0\u95fb","\u5916\u4ea4","\u5c08\u984c","\u5c11\u6570\u6c11\u65cf","\u653f\u6cbb","\u65b0\u805e","\u65b0\u95fb\u5feb\u8baf","\u6e2f\u6fb3\u53f0","\u6fa4\u8ad6\u56db\u65b9","\u793e\u4f1a","\u79d1\u6559\u6587","\u7ecf\u6d4e","\u9999\u6e2f","\ub274\uc2a4","\uc8fc\uac04\ud504\ub85c"],"types":[["","All types"],["article","Articles"],["audio","Audio"],["video","Videos"],["clips","Clips"],["media","Media"]]},"has_next":true,"has_prev":true,"items":[{"article_body_paragraphs":[],"audio_source_url":null,"author":"\u0635\u062f\u0627\u06cc \u0622\u0645\u0631\u064a\u06a9\u0627","available_dubs":[],"downloadable_assets":["https://gdb.voanews.com/9d926962-0370-4a72-85ed-cba88efa7f57_cx0_cy3_cw0_w1600_r1_n_s.jpg"],"duration_display":"0:00","duration_seconds":null,"embed_url":null,"id":13017,"image_caption":"\u0627\u0633\u06a9\u0627\u062a \u0628\u0633\u0646\u062a\u060c \u0648\u0632\u06cc\u0631 \u062e\u0632\u0627\u0646\u0647\u200c\u062f\u0627\u0631\u06cc \u0622\u0645\u0631\u06cc\u06a9\u0627","image_url":"https://gdb.voanews.com/9d926962-0370-4a72-85ed-cba88efa7f57_cx0_cy3_cw0_w1600_r1_n_s.jpg","is_clip":false,"item_type":"photo","item_type_label":"Photo","language_label":"Persian","media_credit":"\u0635\u062f\u0627\u06cc \u0622\u0645\u0631\u064a\u06a9\u0627","micro_label":"Photo","micro_label_kind":"gallery","network_label":"VOA","network_logo_url":"/static/uploads/direct_network_logos/voa_1ef13eedbd2f.svg","published_at":"2026-09-02T12:57:19","published_at_display":"2 Sep 2026, 12:57 GMT","sequence_badge_label":null,"sequence_count":null,"sequence_count_label":null,"sequence_frames":[],"sequence_kind":null,"source_name":"ir_voanews_com_rss","source_name_label":"Ir VOA News","source_type":"rss","summary":"\u0627\u0633\u06a9\u0627\u062a \u0628\u0633\u0646\u062a\u060c \u0648\u0632\u06cc\u0631 \u062e\u0632\u0627\u0646\u0647\u200c\u062f\u0627\u0631\u06cc \u0622\u0645\u0631\u06cc\u06a9\u0627","title":"\u0628\u0633\u0646\u062a: \u0634\u0631\u06a9\u062a\u200c\u200c\u0647\u0627\u06cc \u0647\u0648\u0627\u067e\u06cc\u0645\u0627\u06cc\u06cc \u0648 \u0631\u0645\u0632\u0627\u0631\u0632\u0647\u0627 \u0645\u0645\u06a9\u0646 \u0627\u0633\u062a \u0627\u0647\u062f\u0627\u0641 \u0628\u0639\u062f\u06cc \u0641\u0634\u0627\u0631 \u0627\u0642\u062a\u0635\u0627\u062f\u06cc \u0628\u0631 \u0631\u0698\u06cc\u0645 \u0627\u06cc\u0631\u0627\u0646 \u0628\u0627\u0634\u0646\u062f","topic":null,"translation_language":"","url":"https://ir.voanews.com/a/sec-bessent-says-us-eyes-airlines-digital-assets-iran-related-targets/8193296.html","video_url":null},{"article_body_paragraphs":[],"audio_source_url":null,"author":"\u4f36\u4fd0","available_dubs":[],"downloadable_assets":["https://gdb.voanews.com/01000000-0aff-0242-3053-08dcc5d4db68_w1600_r1_n_s.jpg"],"duration_display":"0:00","duration_seconds":null,"embed_url":null,"id":13009,"image_caption":"\u8d44\u6599\u7167\u7247\uff1a\u4e2d\u56fd\u7535\u5b50\u516c\u53f8\u5c0f\u7c73\u7684\u9996\u6b3e\u7535\u52a8\u6c7d\u8f66\u201c\u5c0f\u7c73SU7\u201d\u5728\u5317\u4eac\u7684\u4e00\u573a\u53d1\u5e03\u4f1a\u4e0a\u5c55\u51fa\u3002(2024\u5e743\u670828\u65e5)","image_url":"https://gdb.voanews.com/01000000-0aff-0242-3053-08dcc5d4db68_w1600_r1_n_s.jpg","is_clip":false,"item_type":"photo","item_type_label":"Photo","language_label":"Chinese","media_credit":"\u4f36\u4fd0","micro_label":"Photo","micro_label_kind":"gallery","network_label":"VOA","network_logo_url":"/static/uploads/direct_network_logos/voa_1ef13eedbd2f.svg","published_at":"2026-09-02T12:51:53","published_at_display":"2 Sep 2026, 12:51 GMT","sequence_badge_label":null,"sequence_count":null,"sequence_count_label":null,"sequence_frames":[],"sequence_kind":null,"source_name":"voa_chinese_rss","source_name_label":"VOA Chinese RSS","source_type":"rss","summary":"\u8d44\u6599\u7167\u7247\uff1a\u4e2d\u56fd\u7535\u5b50\u516c\u53f8\u5c0f\u7c73\u7684\u9996\u6b3e\u7535\u52a8\u6c7d\u8f66\u201c\u5c0f\u7c73SU7\u201d\u5728\u5317\u4eac\u7684\u4e00\u573a\u53d1\u5e03\u4f1a\u4e0a\u5c55\u51fa\u3002(2024\u5e743\u670828\u65e5)","title":"\u4e2d\u56fd\u7740\u624b\u6574\u987f\u201c\u901f\u6210\u8f66\u201d\uff0c\u90e8\u5206\u8f66\u4e3b\u611f\u53f9\uff1a\u4e3a\u4ec0\u4e48\u6ca1\u6709\u65e9\u70b9\u558a\u505c\uff1f","topic":null,"translation_language":"","url":"https://www.voachinese.com/a/china-tightens-car-safety-rules-amid-rapid-production-20260902/8193294.html","video_url":null},{"article_body_paragraphs":[],"audio_source_url":null,"author":"Redacci\u00f3n Mart\u00ed Noticias","available_dubs":[],"downloadable_assets":["https://gdb.martinoticias.com/331fb951-bc11-4442-bc7c-08def2b1d8dc_cx6_cy0_cw93_w1600_r1_n_s.jpg"],"duration_display":"0:00","duration_seconds":null,"embed_url":null,"id":13013,"image_caption":"Protesta en la Avenida 26, en El Vedado, La Habana, el martes 1 de septiembre.","image_url":"https://gdb.martinoticias.com/331fb951-bc11-4442-bc7c-08def2b1d8dc_cx6_cy0_cw93_w1600_r1_n_s.jpg","is_clip":false,"item_type":"photo","item_type_label":"Photo","language_label":"Espa\u00f1ol","media_credit":"Redacci\u00f3n Mart\u00ed Noticias","micro_label":"Photo","micro_label_kind":"gallery","network_label":"OCB","network_logo_url":"/static/uploads/direct_network_logos/ocb_0888427dcb1d.svg","published_at":"2026-09-02T12:48:08","published_at_display":"2 Sep 2026, 12:48 GMT","sequence_badge_label":null,"sequence_count":null,"sequence_count_label":null,"sequence_frames":[],"sequence_kind":null,"source_name":"radiotelevisionmarti_com_rss","source_name_label":"Radiotelevisionmarti","source_type":"rss","summary":"Protesta en la Avenida 26, en El Vedado, La Habana, el martes 1 de septiembre.","title":"Protesta por apagones en El Vedado termina con despliegue represivo","topic":null,"translation_language":"","url":"https://www.martinoticias.com/a/protesta-por-apagones-en-el-vedado-termina-con-despliegue-represivo/476800.html","video_url":null},{"article_body_paragraphs":[],"audio_source_url":null,"author":"\u0631\u0627\u062f\u06cc\u0648 \u0641\u0631\u062f\u0627","available_dubs":[],"downloadable_assets":["https://gdb.rferl.org/dbef4516-de98-4270-82d1-4fc3734789c6_cx0_cy4_cw0_w1600_r1_n_s.jpg"],"duration_display":"0:00","duration_seconds":null,"embed_url":null,"id":12994,"image_caption":null,"image_url":"https://gdb.rferl.org/dbef4516-de98-4270-82d1-4fc3734789c6_cx0_cy4_cw0_w1600_r1_n_s.jpg","is_clip":false,"item_type":"photo","item_type_label":"Photo","language_label":"Persian","media_credit":"\u0631\u0627\u062f\u06cc\u0648 \u0641\u0631\u062f\u0627","micro_label":"Photo","micro_label_kind":"gallery","network_label":"RFE/RL","network_logo_url":"/static/uploads/direct_network_logos/rfe_rl_e69d397fdd7d.png","published_at":"2026-09-02T12:44:34","published_at_display":"2 Sep 2026, 12:44 GMT","sequence_badge_label":null,"sequence_count":null,"sequence_count_label":null,"sequence_frames":[],"sequence_kind":null,"source_name":"radiofarda_com_rss","source_name_label":"Radio Farda","source_type":"rss","summary":"\u0642\u06cc\u0645\u062a \u0627\u0631\u0632\u0647\u0627\u06cc \u062e\u0627\u0631\u062c\u06cc \u062f\u0631 \u0627\u06cc\u0631\u0627\u0646 \u0631\u0648\u0632 \u0686\u0647\u0627\u0631\u0634\u0646\u0628\u0647 \u06f1\u06f1 \u0634\u0647\u0631\u06cc\u0648\u0631 \u0648 \u0633\u0627\u0639\u0627\u062a\u06cc \u067e\u0633 \u0627\u0632 \u062f\u0648\u0631 \u062c\u062f\u06cc\u062f \u062d\u0645\u0644\u0627\u062a \u0622\u0645\u0631\u06cc\u06a9\u0627\u060c \u0631\u06a9\u0648\u0631\u062f \u062a\u0627\u0632\u0647\u200c\u0627\u06cc \u062b\u0628\u062a \u06a9\u0631\u062f \u0648 \u0642\u06cc\u0645\u062a \u06cc\u0648\u0631\u0648\u060c \u067e\u0648\u0644 \u0648\u0627\u062d\u062f \u0627\u0631\u0648\u067e\u0627\u06cc\u06cc\u060c \u0628\u0631\u0627\u06cc \u0646\u062e\u0633\u062a\u06cc\u0646 \u0628\u0627\u0631 \u0627\u0632 \u0645\u0631\u0632 \u06f2\u06f5\u06f5 \u0647\u0632\u0627\u0631 \u062a\u0648\u0645\u0627\u0646 \u06af\u0630\u0634\u062a.","title":"\u0642\u06cc\u0645\u062a \u062f\u0644\u0627\u0631 \u0627\u0632 \u06f2\u06f2\u06f0 \u0647\u0632\u0627\u0631 \u062a\u0648\u0645\u0627\u0646 \u06af\u0630\u0634\u062a\u061b \u0628\u0633\u0646\u062a \u062e\u0648\u0627\u0633\u062a\u0627\u0631 \u062f\u0648\u0631\u06cc \u0647\u0645\u0647 \u06a9\u0634\u0648\u0631\u0647\u0627 \u0627\u0632 \u0627\u06cc\u0631\u0627\u0646 \u0634\u062f","topic":null,"translation_language":"","url":"https://www.radiofarda.com/a/iran-currency-falls-again-as-bessent-warns-countries-about-dealing-with-tehran/33845578.html","video_url":null},{"article_body_paragraphs":[],"audio_source_url":null,"author":null,"available_dubs":[],"downloadable_assets":["https://gdb.voanews.com/477ad66d-6303-4e74-622f-08decd2fb674_cx0_cy9_cw0_w1600_r1_n_s.jpg"],"duration_display":"0:00","duration_seconds":null,"embed_url":null,"id":13002,"image_caption":null,"image_url":"https://gdb.voanews.com/477ad66d-6303-4e74-622f-08decd2fb674_cx0_cy9_cw0_w1600_r1_n_s.jpg","is_clip":false,"item_type":"photo","item_type_label":"Photo","language_label":"Pashto","media_credit":null,"micro_label":"Photo","micro_label_kind":"gallery","network_label":"VOA","network_logo_url":"/static/uploads/direct_network_logos/voa_1ef13eedbd2f.svg","published_at":"2026-09-02T12:42:37","published_at_display":"2 Sep 2026, 12:42 GMT","sequence_badge_label":null,"sequence_count":null,"sequence_count_label":null,"sequence_frames":[],"sequence_kind":null,"source_name":"pashtovoa_com_rss","source_name_label":"Pashtovoa","source_type":"rss","summary":"\u062f \u0627\u0645\u0631\u06cc\u06a9\u0627 \u062f \u0645\u062a\u062d\u062f\u0648 \u0627\u06cc\u0627\u0644\u062a\u0648\u0646\u0648 \u062f \u0628\u0647\u0631\u0646\u06cc\u0648 \u0686\u0627\u0631\u0648 \u0648\u0632\u0627\u0631\u062a \u0648\u0627\u064a\u064a \u0686\u06d0 \u062f \u0627\u0641\u063a\u0627\u0646\u0633\u062a\u0627\u0646 \u067e\u0647 \u0645\u0646\u0631\u0627\u0644\u0648\u0646\u0648 \u06a9\u06d0 \u062f \u067e\u0627\u0646\u06ab\u0648\u0646\u06d0 \u0644\u067e\u0627\u0631\u0647 \u062f \u0637\u0627\u0644\u0628\u0627\u0646\u0648 \u0633\u0631\u0647 \u062f \u06a9\u0648\u0645 \u062a\u0639\u0627\u0645\u0644 \u067e\u0644\u0627\u0646 \u0646\u0647 \u0644\u0631\u064a.","title":"\u0627\u062e\u062a\u0635\u0627\u0635\u064a\u061b \u0627\u0645\u0631\u06cc\u06a9\u0627: \u067e\u0647 \u0645\u0646\u0631\u0627\u0644\u0648\u0646\u0648 \u062f \u067e\u0627\u0646\u06ab\u0648\u0646\u06d0 \u0644\u067e\u0627\u0631\u0647 \u0637\u0627\u0644\u0628\u0627\u0646\u0648 \u0633\u0631\u0647 \u062f \u062a\u0639\u0627\u0645\u0644 \u067e\u0644\u0627\u0646 \u0646\u0644\u0631\u0648","topic":null,"translation_language":"","url":"https://www.pashtovoa.com/a/exclusive-us-we-have-no-plan-to-engage-with-the-taliban-for-investing-in-minerals/8193293.html","video_url":null},{"article_body_paragraphs":[],"audio_source_url":null,"author":"\u0413\u0430\u043d\u043d\u0430 \u041f\u0435\u0440\u0432\u0430\u043a","available_dubs":[],"downloadable_assets":["https://gdb.rferl.org/ed14c159-f890-4f66-8c72-007cca1db0fd_w1600_r1_n_s.jpg"],"duration_display":"0:00","duration_seconds":null,"embed_url":null,"id":12986,"image_caption":"\u0417\u0435\u043b\u0435\u043d\u0441\u044c\u043a\u0438\u0439 \u043f\u043e\u0434\u044f\u043a\u0443\u0432\u0430\u0432 \u041c\u0435\u0440\u0446\u0443 \u0437\u0430 \u043d\u0430\u0434\u0456\u0439\u043d\u0443 \u043d\u0456\u043c\u0435\u0446\u044c\u043a\u0443 \u043f\u0456\u0434\u0442\u0440\u0438\u043c\u043a\u0443 \u2013 \u00ab\u0431\u0443\u0434\u0443\u0442\u044c \u0446\u044c\u043e\u0433\u043e \u043c\u0456\u0441\u044f\u0446\u044f \u043d\u043e\u0432\u0456 \u043f\u0430\u043a\u0435\u0442\u0438 \u041f\u041f\u041e \u0437 \u041d\u0456\u043c\u0435\u0447\u0447\u0438\u043d\u0438\u00bb","image_url":"https://gdb.rferl.org/ed14c159-f890-4f66-8c72-007cca1db0fd_w1600_r1_n_s.jpg","is_clip":false,"item_type":"photo","item_type_label":"Photo","language_label":"Russian","media_credit":"\u0413\u0430\u043d\u043d\u0430 \u041f\u0435\u0440\u0432\u0430\u043a","micro_label":"Photo","micro_label_kind":"gallery","network_label":"RFE/RL","network_logo_url":"/static/uploads/direct_network_logos/rfe_rl_e69d397fdd7d.png","published_at":"2026-09-02T12:39:29","published_at_display":"2 Sep 2026, 12:39 GMT","sequence_badge_label":null,"sequence_count":null,"sequence_count_label":null,"sequence_frames":[],"sequence_kind":null,"source_name":"radiosvoboda_org_rss","source_name_label":"Radiosvoboda","source_type":"rss","summary":"\u0417\u0435\u043b\u0435\u043d\u0441\u044c\u043a\u0438\u0439 \u043f\u043e\u0434\u044f\u043a\u0443\u0432\u0430\u0432 \u041c\u0435\u0440\u0446\u0443 \u0437\u0430 \u043d\u0430\u0434\u0456\u0439\u043d\u0443 \u043d\u0456\u043c\u0435\u0446\u044c\u043a\u0443 \u043f\u0456\u0434\u0442\u0440\u0438\u043c\u043a\u0443 \u2013 \u00ab\u0431\u0443\u0434\u0443\u0442\u044c \u0446\u044c\u043e\u0433\u043e \u043c\u0456\u0441\u044f\u0446\u044f \u043d\u043e\u0432\u0456 \u043f\u0430\u043a\u0435\u0442\u0438 \u041f\u041f\u041e \u0437 \u041d\u0456\u043c\u0435\u0447\u0447\u0438\u043d\u0438\u00bb","title":"\u0417\u0435\u043b\u0435\u043d\u0441\u044c\u043a\u0438\u0439 \u043f\u0456\u0441\u043b\u044f \u0440\u043e\u0437\u043c\u043e\u0432\u0438 \u0437 \u041c\u0435\u0440\u0446\u043e\u043c \u0430\u043d\u043e\u043d\u0441\u0443\u0432\u0430\u0432 \u043d\u043e\u0432\u0456 \u043f\u0430\u043a\u0435\u0442\u0438 \u041f\u041f\u041e \u0432\u0456\u0434 \u041d\u0456\u043c\u0435\u0447\u0447\u0438\u043d\u0438","topic":null,"translation_language":"","url":"https://www.radiosvoboda.org/a/news-zelenskyy-merts-ppo-dopomoha/33845575.html","video_url":null},{"article_body_paragraphs":[],"audio_source_url":null,"author":null,"available_dubs":[],"downloadable_assets":["https://gdb.voanews.com/f1c92e6c-0bc9-4c57-a381-79d18d79706c_w1600_r1_n_s.jpg"],"duration_display":"0:00","duration_seconds":null,"embed_url":null,"id":13004,"image_caption":null,"image_url":"https://gdb.voanews.com/f1c92e6c-0bc9-4c57-a381-79d18d79706c_w1600_r1_n_s.jpg","is_clip":false,"item_type":"photo","item_type_label":"Photo","language_label":"Pashto","media_credit":null,"micro_label":"Photo","micro_label_kind":"gallery","network_label":"VOA","network_logo_url":"/static/uploads/direct_network_logos/voa_1ef13eedbd2f.svg","published_at":"2026-09-02T12:33:28","published_at_display":"2 Sep 2026, 12:33 GMT","sequence_badge_label":null,"sequence_count":null,"sequence_count_label":null,"sequence_frames":[],"sequence_kind":null,"source_name":"pashtovoa_com_rss","source_name_label":"Pashtovoa","source_type":"rss","summary":"\u062f \u0645\u062a\u062d\u062f\u0648 \u0627\u06cc\u0627\u0644\u062a\u0648\u0646\u0648 \u0648\u0644\u0633\u0645\u0634\u0631 \u0689\u0648\u0646\u0627\u0644\u0689 \u067c\u0631\u0645\u067e \u062f \u0633\u0647 \u0634\u0646\u0628\u06d0 \u067e\u0647 \u0648\u0631\u0681 (\u0633\u067e\u067c\u0645\u0628\u0631 \u0644\u0648\u0645\u0693\u06cd) \u0648\u0648\u06cc\u0644 \u0647\u0685\u0647 \u0646\u0647 \u06a9\u0648\u064a \u0686\u06d0 \u0627\u06cc\u0631\u0627\u0646 \u067e\u0647 \u0632\u0648\u0631 \u0633\u0631\u0647 \u062f \u0686\u0646\u06d0 \u0648\u0647\u0644\u0648 \u0645\u06cc\u0632 \u062a\u0647 \u0631\u0627\u0633\u062a\u0648\u0646 \u06a9\u0693\u064a.","title":"\u067c\u0631\u0645\u067e: \u067e\u0647 \u0632\u0648\u0631 \u062f \u0686\u0646\u06d0 \u0648\u0647\u0644\u0648 \u0645\u06cc\u0632 \u062a\u0647 \u062f \u0627\u06cc\u0631\u0627\u0646 \u062f \u0633\u062a\u0646\u0648\u0644\u0648 \u0647\u0685\u0647 \u0646\u0647 \u06a9\u0648\u0645","topic":null,"translation_language":"","url":"https://www.pashtovoa.com/a/trump-i-m-not-trying-to-force-iran-to-the-bargaining-table/8193291.html","video_url":null},{"article_body_paragraphs":[],"audio_source_url":null,"author":null,"available_dubs":[],"downloadable_assets":["https://gdb.voanews.com/bcf5be86-7709-4105-850f-08de3bec8ac7_cx0_cy1_cw0_w1600_r1_n_s.jpg"],"duration_display":"0:00","duration_seconds":null,"embed_url":null,"id":13000,"image_caption":null,"image_url":"https://gdb.voanews.com/bcf5be86-7709-4105-850f-08de3bec8ac7_cx0_cy1_cw0_w1600_r1_n_s.jpg","is_clip":false,"item_type":"photo","item_type_label":"Photo","language_label":"Dari","media_credit":null,"micro_label":"Photo","micro_label_kind":"gallery","network_label":"VOA","network_logo_url":"/static/uploads/direct_network_logos/voa_1ef13eedbd2f.svg","published_at":"2026-09-02T12:21:29","published_at_display":"2 Sep 2026, 12:21 GMT","sequence_badge_label":null,"sequence_count":null,"sequence_count_label":null,"sequence_frames":[],"sequence_kind":null,"source_name":"darivoa_com_rss","source_name_label":"Darivoa","source_type":"rss","summary":"\u0648\u0627\u0634\u0646\u06af\u062a\u0646 \u067e\u06cc\u0634\u0646\u0647\u0627\u062f \u062d\u06a9\u0648\u0645\u062a \u0637\u0627\u0644\u0628\u0627\u0646 \u0645\u0628\u0646\u06cc \u0628\u0631 \u0633\u0631\u0645\u0627\u06cc\u0647 \u06af\u0630\u0627\u0631\u06cc \u0627\u06cc\u0627\u0644\u0627\u062a \u0645\u062a\u062d\u062f\u0647 \u062f\u0631 \u0628\u062e\u0634 \u0645\u0639\u0627\u062f\u0646 \u0627\u0641\u063a\u0627\u0646\u0633\u062a\u0627\u0646 \u0631\u0627 \u0631\u062f \u06a9\u0631\u062f. \u0627\u0645\u06cc\u0631 \u062e\u0627\u0646 \u0645\u062a\u0642\u06cc\u060c \u0648\u0632\u06cc\u0631 \u062e\u0627\u0631\u062c\u0647 \u062d\u06a9\u0648\u0645\u062a \u0637\u0627\u0644\u0628\u0627\u0646 \u0627\u062e\u06cc\u0631\u0627\u064b \u06af\u0641\u062a \u06a9\u0647 \u0627\u06cc\u0646 \u06af\u0631\u0648\u0647 \u0627\u0632 \u0633\u0631\u0645\u0627\u06cc\u0647 \u06af\u0630\u0627\u0631\u06cc \u0627\u06cc\u0627\u0644\u0627\u062a \u0645\u062a\u062d\u062f\u0647 \u062f\u0631 \u0628\u062e\u0634 \u0647\u0627\u06cc \u0645\u0639\u0627\u062f\u0646\u060c \u0632\u06cc\u0631\u0633\u0627\u062e\u062a \u0647\u0627\u060c \u0632\u0631\u0627\u0639\u062a \u0648 \u062a\u062c\u0627\u0631\u062a \u0627\u0641\u063a\u0627\u0646\u0633\u062a\u0627\u0646 \u0627\u0633\u062a\u0642\u0628\u0627\u0644 \u0645\u06cc \u06a9\u0646\u062f.","title":"\u067e\u0627\u0633\u062e \u0648\u0627\u0634\u0646\u06af\u062a\u0646 \u0628\u0647 \u067e\u06cc\u0634\u0646\u0647\u0627\u062f \u0645\u062a\u0642\u06cc: \u0628\u0627 \u062f\u0647\u0634\u062a \u0627\u0641\u06af\u0646\u0627\u0646 \u0648\u0627\u0631\u062f \u062a\u0639\u0627\u0645\u0644 \u0646\u0645\u06cc \u0634\u0648\u06cc\u0645","topic":null,"translation_language":"","url":"https://www.darivoa.com/a/8193288.html","video_url":null},{"article_body_paragraphs":[],"audio_source_url":null,"author":"\u041e\u043b\u0435\u043d\u0430 \u0410\u0431\u0440\u0430\u043c\u043e\u0432\u0438\u0447, \u0413\u0430\u043d\u043d\u0430 \u041f\u0435\u0440\u0432\u0430\u043a","available_dubs":[],"downloadable_assets":["https://gdb.rferl.org/bdf43f2e-fbb5-4032-9128-d14da62260cb_w1600_r1_n_s.jpg"],"duration_display":"0:00","duration_seconds":null,"embed_url":null,"id":12988,"image_caption":"\u0417\u0430 \u0441\u043b\u043e\u0432\u0430\u043c\u0438 \u0440\u0435\u0447\u043d\u0438\u043a\u0430 \u0404\u0432\u0440\u043e\u043a\u043e\u043c\u0456\u0441\u0456\u0457, \u0434\u043b\u044f \u043e\u0442\u0440\u0438\u043c\u0430\u043d\u043d\u044f \u0434\u0440\u0443\u0433\u043e\u0433\u043e \u0442\u0440\u0430\u043d\u0448\u0443 \u0423\u043a\u0440\u0430\u0457\u043d\u0430 \u043c\u0430\u0454 \u0432\u0438\u043a\u043e\u043d\u0430\u0442\u0438 12 \u0443\u043c\u043e\u0432, \u0456 \u0437\u0430\u043a\u043e\u043d, \u044f\u043a\u0438\u0439 \u0434\u043d\u044f\u043c\u0438 \u043d\u0435 \u0437\u043c\u043e\u0433\u043b\u0430 \u0443\u0445\u0432\u0430\u043b\u0438\u0442\u0438 \u0412\u0435\u0440\u0440\u0445\u043e\u0432\u043d\u0430 \u0420\u0430\u0434\u0430, \u0454 \u043e\u0434\u043d\u0456\u0454\u044e \u0437 \u043d\u0438\u0445","image_url":"https://gdb.rferl.org/bdf43f2e-fbb5-4032-9128-d14da62260cb_w1600_r1_n_s.jpg","is_clip":false,"item_type":"photo","item_type_label":"Photo","language_label":"Russian","media_credit":"\u041e\u043b\u0435\u043d\u0430 \u0410\u0431\u0440\u0430\u043c\u043e\u0432\u0438\u0447, \u0413\u0430\u043d\u043d\u0430 \u041f\u0435\u0440\u0432\u0430\u043a","micro_label":"Photo","micro_label_kind":"gallery","network_label":"RFE/RL","network_logo_url":"/static/uploads/direct_network_logos/rfe_rl_e69d397fdd7d.png","published_at":"2026-09-02T12:21:09","published_at_display":"2 Sep 2026, 12:21 GMT","sequence_badge_label":null,"sequence_count":null,"sequence_count_label":null,"sequence_frames":[],"sequence_kind":null,"source_name":"radiosvoboda_org_rss","source_name_label":"Radiosvoboda","source_type":"rss","summary":"\u0417\u0430 \u0441\u043b\u043e\u0432\u0430\u043c\u0438 \u0440\u0435\u0447\u043d\u0438\u043a\u0430 \u0404\u0432\u0440\u043e\u043a\u043e\u043c\u0456\u0441\u0456\u0457, \u0434\u043b\u044f \u043e\u0442\u0440\u0438\u043c\u0430\u043d\u043d\u044f \u0434\u0440\u0443\u0433\u043e\u0433\u043e \u0442\u0440\u0430\u043d\u0448\u0443 \u0423\u043a\u0440\u0430\u0457\u043d\u0430 \u043c\u0430\u0454 \u0432\u0438\u043a\u043e\u043d\u0430\u0442\u0438 12 \u0443\u043c\u043e\u0432, \u0456 \u0437\u0430\u043a\u043e\u043d, \u044f\u043a\u0438\u0439 \u0434\u043d\u044f\u043c\u0438 \u043d\u0435 \u0437\u043c\u043e\u0433\u043b\u0430 \u0443\u0445\u0432\u0430\u043b\u0438\u0442\u0438 \u0412\u0435\u0440\u0440\u0445\u043e\u0432\u043d\u0430 \u0420\u0430\u0434\u0430, \u0454 \u043e\u0434\u043d\u0456\u0454\u044e \u0437 \u043d\u0438\u0445","title":"\u0423 \u0404\u0432\u0440\u043e\u043a\u043e\u043c\u0456\u0441\u0456\u0457 \u043f\u043e\u043f\u0435\u0440\u0435\u0434\u0438\u043b\u0438 \u043f\u0440\u043e \u0440\u0438\u0437\u0438\u043a \u0434\u043b\u044f \u0444\u0456\u043d\u0430\u043d\u0441\u0443\u0432\u0430\u043d\u043d\u044f \u043f\u0456\u0441\u043b\u044f \u043f\u0440\u043e\u0432\u0430\u043b\u0443 \u0433\u043e\u043b\u043e\u0441\u0443\u0432\u0430\u043d\u043d\u044f \u0432 \u0420\u0430\u0434\u0456","topic":null,"translation_language":"","url":"https://www.radiosvoboda.org/a/news-yevrokomisiya-finansuvannya-poperedzhennya-rada/33845568.html","video_url":null},{"article_body_paragraphs":[],"audio_source_url":null,"author":null,"available_dubs":[],"downloadable_assets":["https://gdb.rferl.org/771AD3D0-53E1-4EA4-AC67-7B4BE0070F81_cx0_cy11_cw0_w1600_r1_n_s.png"],"duration_display":"0:00","duration_seconds":null,"embed_url":null,"id":13181,"image_caption":"\u041b\u0438\u0434\u0430 \u041c\u043e\u043d\u0438\u0430\u0432\u0430","image_url":"https://gdb.rferl.org/771AD3D0-53E1-4EA4-AC67-7B4BE0070F81_cx0_cy11_cw0_w1600_r1_n_s.png","is_clip":false,"item_type":"photo","item_type_label":"Photo","language_label":"Russian","media_credit":null,"micro_label":"Photo","micro_label_kind":"gallery","network_label":"RFE/RL","network_logo_url":"/static/uploads/direct_network_logos/rfe_rl_e69d397fdd7d.png","published_at":"2026-09-02T12:20:00","published_at_display":"2 Sep 2026, 12:20 GMT","sequence_badge_label":null,"sequence_count":null,"sequence_count_label":null,"sequence_frames":[],"sequence_kind":null,"source_name":"svoboda_org_rss","source_name_label":"Svoboda","source_type":"rss","summary":"\u041b\u0438\u0434\u0430 \u041c\u043e\u043d\u0438\u0430\u0432\u0430","title":"\u0411\u043b\u0430\u0433\u043e\u0442\u0432\u043e\u0440\u0438\u0442\u0435\u043b\u044c \u041b\u0438\u0434\u0430 \u041c\u043e\u043d\u0438\u0430\u0432\u0430 \u0437\u0430\u0434\u0435\u0440\u0436\u0430\u043d\u0430, \u0435\u0451 \u043e\u0431\u0432\u0438\u043d\u044f\u044e\u0442 \u0432 \"\u0444\u0435\u0439\u043a\u0430\u0445 \u043e\u0431 \u0430\u0440\u043c\u0438\u0438\"","topic":null,"translation_language":"","url":"https://www.svoboda.org/a/glavu-fonda-dom-s-mayakom-lidu-moniavu-dostavili-v-sledstvennyy-komitet/33845408.html","video_url":null},{"article_body_paragraphs":[],"audio_source_url":null,"author":null,"available_dubs":[],"downloadable_assets":["https://gdb.rferl.org/771AD3D0-53E1-4EA4-AC67-7B4BE0070F81_cx0_cy11_cw0_w1600_r1_n_s.png"],"duration_display":"0:00","duration_seconds":null,"embed_url":null,"id":12860,"image_caption":"\u041b\u0438\u0434\u0430 \u041c\u043e\u043d\u0438\u0430\u0432\u0430","image_url":"https://gdb.rferl.org/771AD3D0-53E1-4EA4-AC67-7B4BE0070F81_cx0_cy11_cw0_w1600_r1_n_s.png","is_clip":false,"item_type":"photo","item_type_label":"Photo","language_label":"Russian","media_credit":null,"micro_label":"Photo","micro_label_kind":"gallery","network_label":"RFE/RL","network_logo_url":"/static/uploads/direct_network_logos/rfe_rl_e69d397fdd7d.png","published_at":"2026-09-02T12:20:00","published_at_display":"2 Sep 2026, 12:20 GMT","sequence_badge_label":null,"sequence_count":null,"sequence_count_label":null,"sequence_frames":[],"sequence_kind":null,"source_name":"svoboda_org_rss","source_name_label":"Svoboda","source_type":"rss","summary":"\u041b\u0438\u0434\u0430 \u041c\u043e\u043d\u0438\u0430\u0432\u0430","title":"\u0411\u043b\u0430\u0433\u043e\u0442\u0432\u043e\u0440\u0438\u0442\u0435\u043b\u044c \u041b\u0438\u0434\u0430 \u041c\u043e\u043d\u0438\u0430\u0432\u0430 \u0437\u0430\u0434\u0435\u0440\u0436\u0430\u043d\u0430, \u0435\u0451 \u043e\u0431\u0432\u0438\u043d\u044f\u044e\u0442 \u0432 \"\u0444\u0435\u0439\u043a\u0430\u0445 \u043e\u0431 \u0430\u0440\u043c\u0438\u0438\"","topic":null,"translation_language":"","url":"https://www.svoboda.org/a/glavu-fonda-dom-s-mayakom-lidu-moniavu-dostavili-v-sledstvennyy-komitet/33845408.html","video_url":null},{"article_body_paragraphs":[],"audio_source_url":null,"author":"\u0410\u043b\u0435\u043a\u0441\u0435\u0439 \u0410\u043b\u0435\u043a\u0441\u0430\u043d\u0434\u0440\u043e\u0432","available_dubs":[],"downloadable_assets":["https://gdb.currenttime.tv/4faa69a1-479f-42d5-9960-d4f9492baeed_cx0_cy8_cw0_w1600_r1_n_s.jpg"],"duration_display":"0:00","duration_seconds":null,"embed_url":null,"id":12998,"image_caption":"\u041f\u0443\u0442\u0438\u043d \u0438 \u041d\u0430\u0440\u0435\u043d\u0434\u0440\u0430 \u041c\u043e\u0434\u0438 \u043d\u0430 \u0441\u0430\u043c\u043c\u0438\u0442\u0435 \u0428\u041e\u0421 \u0432 \u0411\u0438\u0448\u043a\u0435\u043a\u0435","image_url":"https://gdb.currenttime.tv/4faa69a1-479f-42d5-9960-d4f9492baeed_cx0_cy8_cw0_w1600_r1_n_s.jpg","is_clip":false,"item_type":"photo","item_type_label":"Photo","language_label":"Russian","media_credit":"\u0410\u043b\u0435\u043a\u0441\u0435\u0439 \u0410\u043b\u0435\u043a\u0441\u0430\u043d\u0434\u0440\u043e\u0432","micro_label":"Photo","micro_label_kind":"gallery","network_label":"Current Time","network_logo_url":"/static/uploads/direct_network_logos/current_time_a06e750f4eb5.png","published_at":"2026-09-02T12:11:58","published_at_display":"2 Sep 2026, 12:11 GMT","sequence_badge_label":null,"sequence_count":null,"sequence_count_label":null,"sequence_frames":[],"sequence_kind":null,"source_name":"currenttime_tv_rss","source_name_label":"Current Time","source_type":"rss","summary":"\u041f\u0443\u0442\u0438\u043d \u0438 \u041d\u0430\u0440\u0435\u043d\u0434\u0440\u0430 \u041c\u043e\u0434\u0438 \u043d\u0430 \u0441\u0430\u043c\u043c\u0438\u0442\u0435 \u0428\u041e\u0421 \u0432 \u0411\u0438\u0448\u043a\u0435\u043a\u0435","title":"\"\u041c\u043e\u0434\u0438 \u0433\u043e\u0432\u043e\u0440\u0438\u0442 \u043d\u0435 \u0441 \u041f\u0443\u0442\u0438\u043d\u044b\u043c, \u0430 \u0441 \u0412\u0430\u0448\u0438\u043d\u0433\u0442\u043e\u043d\u043e\u043c\". \u0427\u0442\u043e \u0441\u0442\u043e\u0438\u0442 \u0437\u0430 \u0441\u043b\u043e\u0432\u0430\u043c\u0438 \u043f\u0440\u0435\u043c\u044c\u0435\u0440\u0430 \u0418\u043d\u0434\u0438\u0438 \u041f\u0443\u0442\u0438\u043d\u0443 \u043e \u043d\u0435\u043e\u0431\u0445\u043e\u0434\u0438\u043c\u043e\u0441\u0442\u0438 \u0437\u0430\u043a\u0430\u043d\u0447\u0438\u0432\u0430\u0442\u044c \u0432\u043e\u0439\u043d\u0443 \u0432 \u0423\u043a\u0440\u0430\u0438\u043d\u0435?","topic":null,"translation_language":"","url":"https://www.currenttime.tv/a/modi-govorit-ne-s-putinym-a-s-vashingtonom-chto-stoit-za-slovami-premera-indii-putinu-o-neobhodimosti-zakanchivat-voynu-v-ukraine/33845475.html","video_url":null},{"article_body_paragraphs":[],"audio_source_url":null,"author":"Zamira Eshanova","available_dubs":[],"downloadable_assets":["https://gdb.rferl.org/cb3e29a1-79d1-4bd4-5a1d-08decd277110_cx0_cy17_cw0_w1600_r1_n_s.jpg"],"duration_display":"0:00","duration_seconds":null,"embed_url":null,"id":12992,"image_caption":"Rafinerija nafte ruskog Gasprom njefta blizu Moskve bila je meta ukrajinskih dronova 18. juna 2026.","image_url":"https://gdb.rferl.org/cb3e29a1-79d1-4bd4-5a1d-08decd277110_cx0_cy17_cw0_w1600_r1_n_s.jpg","is_clip":false,"item_type":"photo","item_type_label":"Photo","language_label":"Serbo-Croatian","media_credit":"Zamira Eshanova","micro_label":"Photo","micro_label_kind":"gallery","network_label":"RFE/RL","network_logo_url":"/static/uploads/direct_network_logos/rfe_rl_e69d397fdd7d.png","published_at":"2026-09-02T12:10:29","published_at_display":"2 Sep 2026, 12:10 GMT","sequence_badge_label":null,"sequence_count":null,"sequence_count_label":null,"sequence_frames":[],"sequence_kind":null,"source_name":"slobodnaevropa_org_rss","source_name_label":"Slobodnaevropa","source_type":"rss","summary":"Rafinerija nafte ruskog Gasprom njefta blizu Moskve bila je meta ukrajinskih dronova 18. juna 2026.","title":"Ukrajinski napadi na rafinerije primorali Rusiju da u inostranstvu prera\u0111uje svoju naftu","topic":null,"translation_language":"","url":"https://www.slobodnaevropa.org/a/rusija-prerada-nafte-inostranstvo/33845562.html","video_url":null},{"article_body_paragraphs":[],"audio_source_url":null,"author":null,"available_dubs":[],"downloadable_assets":["https://gdb.voanews.com/01000000-0a00-0242-f02c-08dc561f7371_w1600_r1_n_s.jpg"],"duration_display":"0:00","duration_seconds":null,"embed_url":null,"id":13006,"image_caption":"Wezareta Derve ya Pakistan\u00ea- \u00ceslamabad","image_url":"https://gdb.voanews.com/01000000-0a00-0242-f02c-08dc561f7371_w1600_r1_n_s.jpg","is_clip":false,"item_type":"photo","item_type_label":"Photo","language_label":"Kurdish","media_credit":null,"micro_label":"Photo","micro_label_kind":"gallery","network_label":"VOA","network_logo_url":"/static/uploads/direct_network_logos/voa_1ef13eedbd2f.svg","published_at":"2026-09-02T12:09:47","published_at_display":"2 Sep 2026, 12:09 GMT","sequence_badge_label":null,"sequence_count":null,"sequence_count_label":null,"sequence_frames":[],"sequence_kind":null,"source_name":"dengeamerika_com_rss","source_name_label":"Dengeamerika","source_type":"rss","summary":"Wezareta Derve ya Pakistan\u00ea- \u00ceslamabad","title":"Pakistan Dib\u00eaje Ew Pabend e bi Navbeynkar\u00eeya Dan\u00fbstandin\u00ean Amer\u00eeka \u00fb \u00ceran\u00ea","topic":null,"translation_language":"","url":"https://www.dengeamerika.com/a/pakistan-amerika-iran/8193286.html","video_url":null},{"article_body_paragraphs":[],"audio_source_url":null,"author":null,"available_dubs":[],"downloadable_assets":["https://gdb.rferl.org/73ad20b4-ea53-4f35-8823-08decad17715_cx12_cy7_cw78_w1600_r1_n_s.png"],"duration_display":"0:00","duration_seconds":null,"embed_url":null,"id":12984,"image_caption":"\u041c\u0430\u0433\u043e\u043c\u0435\u0434 \u0414\u0430\u0443\u0434\u043e\u0432","image_url":"https://gdb.rferl.org/73ad20b4-ea53-4f35-8823-08decad17715_cx12_cy7_cw78_w1600_r1_n_s.png","is_clip":false,"item_type":"photo","item_type_label":"Photo","language_label":"Russian","media_credit":null,"micro_label":"Photo","micro_label_kind":"gallery","network_label":"RFE/RL","network_logo_url":"/static/uploads/direct_network_logos/rfe_rl_e69d397fdd7d.png","published_at":"2026-09-02T12:09:29","published_at_display":"2 Sep 2026, 12:09 GMT","sequence_badge_label":null,"sequence_count":null,"sequence_count_label":null,"sequence_frames":[],"sequence_kind":null,"source_name":"svoboda_org_rss","source_name_label":"Svoboda","source_type":"rss","summary":"\u041c\u0430\u0433\u043e\u043c\u0435\u0434 \u0414\u0430\u0443\u0434\u043e\u0432","title":"\u041f\u0440\u0435\u043c\u044c\u0435\u0440-\u043c\u0438\u043d\u0438\u0441\u0442\u0440 \u0427\u0435\u0447\u043d\u0438 \u041c\u0430\u0433\u043e\u043c\u0435\u0434 \u0414\u0430\u0443\u0434\u043e\u0432 \u0437\u0430\u0434\u0435\u043a\u043b\u0430\u0440\u0438\u0440\u043e\u0432\u0430\u043b \u043c\u0435\u043d\u0435\u0435 11 \u043c\u043b\u043d \u0440\u0443\u0431\u043b\u0435\u0439 \u0434\u043e\u0445\u043e\u0434\u043e\u0432 \u0437\u0430 2025 \u0433\u043e\u0434","topic":null,"translation_language":"","url":"https://www.svoboda.org/a/premjer-ministr-chechni-magomed-daudov-zadeklariroval-menee-11-mln-rubley-dohodov-za-2025-god/33845561.html","video_url":null},{"article_body_paragraphs":[],"audio_source_url":null,"author":"\u0413\u0430\u043d\u043d\u0430 \u041f\u0435\u0440\u0432\u0430\u043a","available_dubs":[],"downloadable_assets":["https://gdb.rferl.org/f128894f-37a4-4e2f-8e72-4e5b4b47dbbc_w1600_r1_n_s.jpg"],"duration_display":"0:00","duration_seconds":null,"embed_url":null,"id":12970,"image_caption":"\u0417\u0430 \u0434\u0430\u043d\u0438\u043c\u0438 \u041e\u0412\u0410, \u043a\u0456\u043b\u044c\u043a\u0456\u0441\u0442\u044c \u043f\u043e\u0441\u0442\u0440\u0430\u0436\u0434\u0430\u043b\u0438\u0445 \u0437\u0440\u043e\u0441\u043b\u0430 \u0434\u043e \u0432\u043e\u0441\u044c\u043c\u0438 \u043b\u044e\u0434\u0435\u0439 \u2013 \u0442\u0440\u043e\u0454 \u043b\u044e\u0434\u0435\u0439 \u0433\u043e\u0441\u043f\u0456\u0442\u0430\u043b\u0456\u0437\u043e\u0432\u0430\u043d\u0456 \u0443 \u0432\u0430\u0436\u043a\u043e\u043c\u0443 \u0441\u0442\u0430\u043d\u0456","image_url":"https://gdb.rferl.org/f128894f-37a4-4e2f-8e72-4e5b4b47dbbc_w1600_r1_n_s.jpg","is_clip":false,"item_type":"photo","item_type_label":"Photo","language_label":"Russian","media_credit":"\u0413\u0430\u043d\u043d\u0430 \u041f\u0435\u0440\u0432\u0430\u043a","micro_label":"Photo","micro_label_kind":"gallery","network_label":"RFE/RL","network_logo_url":"/static/uploads/direct_network_logos/rfe_rl_e69d397fdd7d.png","published_at":"2026-09-02T11:57:16","published_at_display":"2 Sep 2026, 11:57 GMT","sequence_badge_label":null,"sequence_count":null,"sequence_count_label":null,"sequence_frames":[],"sequence_kind":null,"source_name":"radiosvoboda_org_rss","source_name_label":"Radiosvoboda","source_type":"rss","summary":"\u0417\u0430 \u0434\u0430\u043d\u0438\u043c\u0438 \u041e\u0412\u0410, \u043a\u0456\u043b\u044c\u043a\u0456\u0441\u0442\u044c \u043f\u043e\u0441\u0442\u0440\u0430\u0436\u0434\u0430\u043b\u0438\u0445 \u0437\u0440\u043e\u0441\u043b\u0430 \u0434\u043e \u0432\u043e\u0441\u044c\u043c\u0438 \u043b\u044e\u0434\u0435\u0439 \u2013 \u0442\u0440\u043e\u0454 \u043b\u044e\u0434\u0435\u0439 \u0433\u043e\u0441\u043f\u0456\u0442\u0430\u043b\u0456\u0437\u043e\u0432\u0430\u043d\u0456 \u0443 \u0432\u0430\u0436\u043a\u043e\u043c\u0443 \u0441\u0442\u0430\u043d\u0456","title":"\u0420\u043e\u0441\u0456\u0439\u0441\u044c\u043a\u0438\u0439 \u0443\u0434\u0430\u0440 \u043f\u043e \u0414\u043d\u0456\u043f\u0440\u0443: \u0437\u0430\u0433\u0438\u043d\u0443\u043b\u0438 \u0434\u0432\u0456 \u043b\u044e\u0434\u0438\u043d\u0438, \u0447\u0438\u0441\u043b\u043e \u043f\u043e\u0441\u0442\u0440\u0430\u0436\u0434\u0430\u043b\u0438\u0445 \u0437\u0440\u043e\u0441\u043b\u043e","topic":null,"translation_language":"","url":"https://www.radiosvoboda.org/a/news-dnipro-ataka-rf-postrazhdali/33845550.html","video_url":null},{"article_body_paragraphs":[],"audio_source_url":null,"author":null,"available_dubs":[],"downloadable_assets":["https://gdb.voanews.com/5ad899b6-4aa0-474c-a66e-6be7fcd2af65_cx0_cy5_cw0_w1600_r1_n_s.jpg"],"duration_display":"0:00","duration_seconds":null,"embed_url":null,"id":12982,"image_caption":null,"image_url":"https://gdb.voanews.com/5ad899b6-4aa0-474c-a66e-6be7fcd2af65_cx0_cy5_cw0_w1600_r1_n_s.jpg","is_clip":false,"item_type":"photo","item_type_label":"Photo","language_label":"Kurdish","media_credit":null,"micro_label":"Photo","micro_label_kind":"gallery","network_label":"VOA","network_logo_url":"/static/uploads/direct_network_logos/voa_1ef13eedbd2f.svg","published_at":"2026-09-02T11:56:25","published_at_display":"2 Sep 2026, 11:56 GMT","sequence_badge_label":null,"sequence_count":null,"sequence_count_label":null,"sequence_frames":[],"sequence_kind":null,"source_name":"dengeamerika_com_rss","source_name_label":"Dengeamerika","source_type":"rss","summary":"Wez\u00eer\u00ea Enerj\u00eeya Amer\u00eekay\u00ea Chris Wright ragihand ku ew gih\u00ee\u015ft\u00eeye Venezuelay\u00ea. Wright doh \u00eavara S\u00ea\u015fem\u00ea li ser platforma X\u2019\u00ea got ku peywend\u00eey\u00ean Serok\u00ea Amer\u00eekay\u00ea Donald Trump \u00ean bi Venezuelay\u00ea re di war\u00ea enerj\u00eey\u00ea de encam\u00ean ba\u015f dide. W\u00ee tekez kir ku ev peywend\u00ee r\u00ea li ber peyman\u00ean n\u00fb y\u00ean enerj\u00eey\u00ea vedike, der\u00eeyan ji bo kompan\u00eey\u00ean neft \u00fb gaza Amer\u00eek\u00ee vedike \u00fb ewlekar\u00eeya enerj\u00eey\u00ea li her\u00eam\u00ea xurttir dike. Wez\u00eer Wright herwiha ragihand ku armanca sereke z\u00eadekirina hilber\u00eena nefta Venezuelay\u00ea ye di sal\u00ean p\u00ea\u015f de \u00fb e\u015fkere kir ku Amer\u00eeka plan dike 30 heta 50 m\u00eelyon berm\u00eel nefta ku hat\u00eeye cezakirin bifro\u015fe bazaran da ku bihay\u00ea neft\u00ea li c\u00eehan\u00ea \u00fb li Amer\u00eekay\u00ea dax\u00eene.","title":"Wez\u00eer\u00ea Enerj\u00eeya Amer\u00eekay\u00ea Gih\u00ee\u015ft Venezuelay\u00ea","topic":null,"translation_language":"","url":"https://www.dengeamerika.com/a/amer%c3%aeka-venezuela-neft/8193285.html","video_url":null},{"article_body_paragraphs":[],"audio_source_url":null,"author":null,"available_dubs":[],"downloadable_assets":["https://gdb.rferl.org/cc1c05a8-2ee5-4a30-3d50-08de3c91433d_w1600_r1_n_s.jpg"],"duration_display":"0:00","duration_seconds":null,"embed_url":null,"id":13183,"image_caption":null,"image_url":"https://gdb.rferl.org/cc1c05a8-2ee5-4a30-3d50-08de3c91433d_w1600_r1_n_s.jpg","is_clip":false,"item_type":"photo","item_type_label":"Photo","language_label":"Russian","media_credit":null,"micro_label":"Photo","micro_label_kind":"gallery","network_label":"RFE/RL","network_logo_url":"/static/uploads/direct_network_logos/rfe_rl_e69d397fdd7d.png","published_at":"2026-09-02T11:46:16","published_at_display":"2 Sep 2026, 11:46 GMT","sequence_badge_label":null,"sequence_count":null,"sequence_count_label":null,"sequence_frames":[],"sequence_kind":null,"source_name":"svoboda_org_rss","source_name_label":"Svoboda","source_type":"rss","summary":"\u0414\u0435\u043b\u043e \u0443\u0436\u0435 \u043f\u043e\u0441\u0442\u0443\u043f\u0438\u043b\u043e \u0432 \u0441\u0443\u0434","title":"\u0412 \u041d\u043e\u0432\u043e\u0441\u0438\u0431\u0438\u0440\u0441\u043a\u0435 \u043e\u0442\u043a\u0440\u044b\u043b\u0438 \u0434\u0435\u043b\u043e \u043e \u0442\u0435\u0440\u0440\u043e\u0440\u0438\u0437\u043c\u0435 \u043d\u0430 16-\u043b\u0435\u0442\u043d\u044e\u044e \u0448\u043a\u043e\u043b\u044c\u043d\u0438\u0446\u0443","topic":null,"translation_language":"","url":"https://www.svoboda.org/a/v-novosibirske-obvinili-v-terrorizme-16-letnyuyu-shkoljnitsu/33845546.html","video_url":null},{"article_body_paragraphs":[],"audio_source_url":null,"author":null,"available_dubs":[],"downloadable_assets":["https://gdb.rferl.org/cc1c05a8-2ee5-4a30-3d50-08de3c91433d_w1600_r1_n_s.jpg"],"duration_display":"0:00","duration_seconds":null,"embed_url":null,"id":12968,"image_caption":null,"image_url":"https://gdb.rferl.org/cc1c05a8-2ee5-4a30-3d50-08de3c91433d_w1600_r1_n_s.jpg","is_clip":false,"item_type":"photo","item_type_label":"Photo","language_label":"Russian","media_credit":null,"micro_label":"Photo","micro_label_kind":"gallery","network_label":"RFE/RL","network_logo_url":"/static/uploads/direct_network_logos/rfe_rl_e69d397fdd7d.png","published_at":"2026-09-02T11:46:16","published_at_display":"2 Sep 2026, 11:46 GMT","sequence_badge_label":null,"sequence_count":null,"sequence_count_label":null,"sequence_frames":[],"sequence_kind":null,"source_name":"svoboda_org_rss","source_name_label":"Svoboda","source_type":"rss","summary":"\u0414\u0435\u043b\u043e \u0443\u0436\u0435 \u043f\u043e\u0441\u0442\u0443\u043f\u0438\u043b\u043e \u0432 \u0441\u0443\u0434","title":"\u0412 \u041d\u043e\u0432\u043e\u0441\u0438\u0431\u0438\u0440\u0441\u043a\u0435 \u043e\u0442\u043a\u0440\u044b\u043b\u0438 \u0434\u0435\u043b\u043e \u043e \u0442\u0435\u0440\u0440\u043e\u0440\u0438\u0437\u043c\u0435 \u043d\u0430 16-\u043b\u0435\u0442\u043d\u044e\u044e \u0448\u043a\u043e\u043b\u044c\u043d\u0438\u0446\u0443","topic":null,"translation_language":"","url":"https://www.svoboda.org/a/v-novosibirske-obvinili-v-terrorizme-16-letnyuyu-shkoljnitsu/33845546.html","video_url":null},{"article_body_paragraphs":[],"audio_source_url":null,"author":"\u0417\u043e\u0440\u044f\u043d\u0430 \u0421\u0442\u0435\u043f\u0430\u043d\u0435\u043d\u043a\u043e, \u0413\u0430\u043d\u043d\u0430 \u041f\u0435\u0440\u0432\u0430\u043a","available_dubs":[],"downloadable_assets":["https://gdb.rferl.org/dfc0f225-efe9-4d83-eaed-08def2afcad7_w1600_r1_n_s.png"],"duration_display":"0:00","duration_seconds":null,"embed_url":null,"id":12943,"image_caption":"\u041f\u0440\u0435\u0437\u0438\u0434\u0435\u043d\u0442\u043a\u0430 \u0404\u0432\u0440\u043e\u043f\u0435\u0439\u0441\u044c\u043a\u043e\u0457 \u041a\u043e\u043c\u0456\u0441\u0456\u0457 \u0423\u0440\u0441\u0443\u043b\u0430 \u0444\u043e\u043d \u0434\u0435\u0440 \u041b\u044f\u0454\u043d \u0442\u0430 \u0433\u0435\u043d\u0441\u0435\u043a\u0440\u0435\u0442\u0430\u0440 \u041d\u0410\u0422\u041e \u041c\u0430\u0440\u043a \u0420\u044e\u0442\u0442\u0435, \u0411\u0440\u044e\u0441\u0441\u0435\u043b\u044c, \u0411\u0435\u043b\u044c\u0433\u0456\u044f, 2 \u0432\u0435\u0440\u0435\u0441\u043d\u044f 2026 \u0440\u043e\u043a\u0443","image_url":"https://gdb.rferl.org/dfc0f225-efe9-4d83-eaed-08def2afcad7_w1600_r1_n_s.png","is_clip":false,"item_type":"photo","item_type_label":"Photo","language_label":"Russian","media_credit":"\u0417\u043e\u0440\u044f\u043d\u0430 \u0421\u0442\u0435\u043f\u0430\u043d\u0435\u043d\u043a\u043e, \u0413\u0430\u043d\u043d\u0430 \u041f\u0435\u0440\u0432\u0430\u043a","micro_label":"Photo","micro_label_kind":"gallery","network_label":"RFE/RL","network_logo_url":"/static/uploads/direct_network_logos/rfe_rl_e69d397fdd7d.png","published_at":"2026-09-02T11:43:59","published_at_display":"2 Sep 2026, 11:43 GMT","sequence_badge_label":null,"sequence_count":null,"sequence_count_label":null,"sequence_frames":[],"sequence_kind":null,"source_name":"radiosvoboda_org_rss","source_name_label":"Radiosvoboda","source_type":"rss","summary":"\u041f\u0440\u0435\u0437\u0438\u0434\u0435\u043d\u0442\u043a\u0430 \u0404\u0432\u0440\u043e\u043f\u0435\u0439\u0441\u044c\u043a\u043e\u0457 \u041a\u043e\u043c\u0456\u0441\u0456\u0457 \u0423\u0440\u0441\u0443\u043b\u0430 \u0444\u043e\u043d \u0434\u0435\u0440 \u041b\u044f\u0454\u043d \u0442\u0430 \u0433\u0435\u043d\u0441\u0435\u043a\u0440\u0435\u0442\u0430\u0440 \u041d\u0410\u0422\u041e \u041c\u0430\u0440\u043a \u0420\u044e\u0442\u0442\u0435, \u0411\u0440\u044e\u0441\u0441\u0435\u043b\u044c, \u0411\u0435\u043b\u044c\u0433\u0456\u044f, 2 \u0432\u0435\u0440\u0435\u0441\u043d\u044f 2026 \u0440\u043e\u043a\u0443","title":"\u041e\u0447\u0456\u043b\u044c\u043d\u0438\u043a\u0438 \u0404\u0432\u0440\u043e\u043a\u043e\u043c\u0456\u0441\u0456\u0457 \u0439 \u041d\u0410\u0422\u041e \u0437\u0430\u044f\u0432\u0438\u043b\u0438 \u043f\u0440\u043e \u0440\u0456\u0448\u0443\u0447\u0456\u0441\u0442\u044c \u043f\u0456\u0434\u0442\u0440\u0438\u043c\u0443\u0432\u0430\u0442\u0438 \u0423\u043a\u0440\u0430\u0457\u043d\u0443, \u043f\u043e\u043f\u0440\u0438 \u0433\u0456\u0431\u0440\u0438\u0434\u043d\u0456 \u0430\u0442\u0430\u043a\u0438 \u0420\u043e\u0441\u0456\u0457","topic":null,"translation_language":"","url":"https://www.radiosvoboda.org/a/news-yevrokomisiya-nato-pidtrymka-ukrayiny-hibrydni-ataky-rosiyi/33845524.html","video_url":null}],"next_num":13,"page":12,"pages":393,"per_page":20,"prev_num":11,"total":7847}
