{"applied_filters":{"end_date":"","lang":"","language":"","network":"","page":13,"per_page":20,"search":"","source":"","start_date":"","topic":"V\u00eedyo Galer\u00ee","type":"video"},"available_filters":{"language_choices":[{"label":"Choose Language","value":""},{"label":"English","value":"English"},{"label":"Espa\u00f1ol","value":"Espa\u00f1ol"},{"label":"Kurdish","value":"Kurdish"}],"network_choices":[{"label":"All networks","value":""},{"label":"VOA","value":"VOA"}],"source_choices":[{"label":"All sources","value":""},{"label":"Dengeamerika","value":"dengeamerika_com_direct"}],"sources":["dengeamerika_com_direct"],"topics":["250em\u00een Salvegera Serxweb\u00fbna Amer\u00eekay\u00ea","250\u0647\u06d5\u0645\u06cc\u0646 \u0633\u0627\u06b5\u06cc\u0627\u062f\u06cc \u0633\u06d5\u0631\u0628\u06d5\u062e\u06c6\u06cc\u06cc \u0626\u06d5\u0645\u06d5\u0631\u06cc\u06a9\u0627","8 \u10e4\u10dd\u10e2\u10dd \u10d0\u10e0\u10e5\u10d8\u10d5\u10d8\u10d3\u10d0\u10dc","Afghanistan","Amer\u00eeka","Am\u00e9rica Latina, VENEZUELA, Maiquetia","Asuntos de Estado","Audiovisuales Mart\u00ed","Audiovisuales Mart\u00ed, Cuba turismo, crisis del turismo en Cuba","Audiovisuales Mart\u00ed, VENEZUELA, apagones","Bernameya Televizyon\u00ee ya Rojane","Como Come Cuba, cuba, Como Come Cuba","Cuba Habla","Cuba Habla, Cuba","Cuba al D\u00eda, Cuba","C\u00eehan","Derechos Humanos, cuba, exilio, c\u00e1ncer, Ram\u00f3n Sa\u00fal S\u00e1nchez","Especiales, Exilio cubano, Freedom tower, \"Libertad\", Torre de la Libertad de Miami, Exilio cubano en Miami","Especiales, jos\u00e9 mart\u00ed, Exilio cubano","Esperando un techo, cuba, crisis, vivienda, derrumbes, techo, paredes, EsperandounTecho","Human Rights","Info Mart\u00ed","Info Mart\u00ed , Brigada 2506","Info Mart\u00ed , Cuba","Info Mart\u00ed , Estados Unidos, Colombia","Info Mart\u00ed , Estados Unidos, VENEZUELA","Info Mart\u00ed , estados unidos, Venezuela","Info Mart\u00ed , presos politicos, torturas, VENEZUELA","Iran","Iz RSE sveta","Kentu-Cubano, cuba, cubanos, Kentucky, migrantes, KentoCubano","Korea","Laos","Las Noticias Como Son, Cuba","Multimedija","Myanmar","Noticiero Mart\u00ed Noticias","Noticiero Mart\u00ed Noticias, Cuba","Pacific","Pe Agend\u0103 cu Cristina Popu\u0219oi","Perspektiva","Ser Madre en cuba, cuba, hambre, r\u00e9gimen, madre, negligencia, Testimonios, Crisis Econ\u00f3mica, madre cubana, Crisis Alimentaria","Ser viejo en Cuba, cuba, cubanos, crisis, alimentos, ancianos, viejos, vejez","South China Sea","Srbija","Tibet","Ukraine","Uvid","VOA \ud55c\uad6d\uc5b4 \ubcf4\uc774\ub294 \ub77c\ub514\uc624","VOA\u4eca\u65e5\u7126\u70b9","Video","Videos","V\u00eedyo Galer\u00ee","\u0410\u0440\u0445\u0435\u043e\u043b\u043e\u0433\u0438\u044f","\u0411\u0430\u043b\u0442\u0438\u044f","\u0412\u0438\u0434\u0435\u043e","\u0413\u043b\u0430\u0432\u043d\u043e\u0435","\u0413\u0440\u0430\u043d\u0438 \u0432\u0440\u0435\u043c\u0435\u043d\u0438","\u0418\u043d\u0442\u0435\u0440\u0432\u044c\u044e","\u041a\u0430\u0434\u0440\u044b \u0434\u043d\u044f","\u041b\u0438\u0446\u043e\u043c \u043a \u0441\u043e\u0431\u044b\u0442\u0438\u044e","\u0420\u0435\u043f\u043e\u0440\u0442\u0430\u0436","\u0420\u043e\u0441\u0441\u0438\u044f","\u0421\u043c\u043e\u0442\u0440\u0438 \u0432 \u043e\u0431\u0430","\u0423\u043a\u0440\u0430\u0438\u043d\u0430","\u0622\u062e\u0631\u06cc\u0646 \u0648\u06cc\u062f\u06cc\u0648\u0647\u0627","\u0626\u06ce\u0631\u0627\u0646","\u0626\u06d5\u0645\u06d5\u0631\u06cc\u06a9\u0627","\u0627\u0645\u0631\u06cc\u06a9\u0627 \u063a\u0696 \u067e\u069a\u062a\u0648","\u0628\u06d5\u0631\u0646\u0627\u0645\u06d5\u06cc \u0695\u06c6\u0698\u0627\u0646\u06d5\u06cc \u062a\u06d5\u0644\u06d5\u0641\u06cc\u0632\u06cc\u06c6\u0646","\u062a\u0648\u0631\u06a9\u06cc\u0627","\u062c\u0647\u0627\u0646","\u062c\u06cc\u0647\u0627\u0646","\u0633\u0648\u0631\u06cc\u0627","\u0633\u0649\u0646","\u0635\u062f\u0627\u06cc \u0627\u0645\u0631\u06cc\u06a9\u0627 \u062f\u0631\u06cc","\u0639\u06ce\u0631\u0627\u0642","\u0642\u0649\u0633\u0642\u0627 \u062e\u06d5\u06cb\u06d5\u0631\u0644\u06d5\u0631","\u0645\u0631\u06a9\u06d0","\u0646\u0648\u0631 \u062e\u0628\u0631\u0648\u0646\u0647","\u0647\u06d5\u0631\u06ce\u0645\u06d5 \u06a9\u0648\u0631\u062f\u06cc\u0640\u06cc\u06d5\u06a9\u0627\u0646","\u0648\u06cc\u062f\u06cc\u0648","\u0648\u06cc\u0698\u0647 \u0628\u0631\u0646\u0627\u0645\u0647\u200c\u0647\u0627","\u0695\u06c6\u0698\u0647\u06d5\u06b5\u0627\u062a\u06cc \u0646\u0627\u0648\u06d5\u0695\u0627\u0633\u062a","\u06a4\u06cc\u062f\u06cc\u06c6","\u0e82\u0ec8\u0eb2\u0ea7\u0ec1\u0ea5\u0eb0\u0ea5\u0eb2\u0e8d\u0e87\u0eb2\u0e99","\u0ea7\u0eb5\u0e94\u0eb5\u0ec2\u0ead","\u0f38\u0f42\u0f7c\u0f44\u0f0b\u0f66\u0f0b\u0f58\u0f46\u0f7c\u0f42","\u0f56\u0f59\u0f53\u0f0b\u0f56\u0fb1\u0f7c\u0f63\u0f0d","\u0f56\u0f62\u0f99\u0f53\u0f0d","\u0f56\u0f7c\u0f51\u0f0d","\u1017\u102e\u1012\u102e\u101a\u102d\u102f\u1019\u103b\u102c\u1038","\u101e\u1010\u1004\u103a\u1038\u1019\u103b\u102c\u1038","\u10d5\u10d8\u10d3\u10d4\u10dd","\u1785\u17d2\u1794\u17b6\u1794\u17cb","\u1793\u1799\u17c4\u1794\u17b6\u1799","\u1794\u179a\u17b7\u179f\u17d2\u1790\u17b6\u1793","\u179c\u17b8\u178a\u17c1\u17a2\u17bc","\u179f\u1784\u17d2\u1782\u1798","\u4eba\u6743\u6cd5\u6cbb"],"types":[["","All types"],["video","Videos"],["clips","Clips"],["media","Media"]]},"has_next":true,"has_prev":true,"items":[{"article_body_paragraphs":[],"audio_source_url":null,"author":"Ridwan B\u00eazar","available_dubs":[],"downloadable_assets":["https://voa-video-ns.akamaized.net/pangeavideo/2026/08/0/01/013d17b2-a95c-485d-c8cd-08decaecd3b3_1080p.mp4?cb=ee206acef"],"duration_display":"2:38","duration_seconds":158.85,"embed_url":null,"id":2447,"image_caption":null,"image_url":"https://gdb.voanews.com/013d17b2-a95c-485d-c8cd-08decaecd3b3_tv_mw2048_mh2048_n.jpg","is_clip":true,"item_type":"video","item_type_label":"Video","language_label":"Kurdish","media_credit":"VOA","micro_label":"Video report","micro_label_kind":"video","network_label":"VOA","network_logo_url":"/static/uploads/direct_network_logos/voa_1ef13eedbd2f.svg","published_at":"2026-08-06T16:14:37.697000","published_at_display":"6 Aug 2026, 16:14 GMT","sequence_badge_label":null,"sequence_count":null,"sequence_count_label":null,"sequence_frames":[],"sequence_kind":null,"source_name":"dengeamerika_com_direct","source_name_label":"Dengeamerika","source_type":"direct_api","summary":"Xwendekar \u00fb \u00e7alakv\u00ean\u00ean her\u00eam\u00ee li bajar\u00ea Koban\u00eey\u00ea y\u00ea Kurdan \u00e7alakiy\u00ean xwe ji bo hi\u015fyarkirina li ser nav\u00ea bajar z\u00eade kirine. Kurd nav\u00ea d\u00eerok\u00ee y\u00ea bajar\u00ea xwe dixwazin, ew nav\u00ea Eyn el-Ereb ku hikmet\u00ean S\u00fbr\u00eey\u00ea li ser bajar\u00ea wan feriz kir\u00eeye naxwazin.","title":"Kempeyna Ferm\u00eekirina Nav\u00ea Koban\u00eey\u00ea Didome","topic":"V\u00eedyo Galer\u00ee","translation_language":"","url":"https://voa-video-ns.akamaized.net/pangeavideo/2026/08/0/01/013d17b2-a95c-485d-c8cd-08decaecd3b3_1080p.mp4?cb=ee206acef","video_url":"https://voa-video-ns.akamaized.net/pangeavideo/2026/08/0/01/013d17b2-a95c-485d-c8cd-08decaecd3b3_1080p.mp4?cb=ee206acef"},{"article_body_paragraphs":[],"audio_source_url":null,"author":"Ridwan B\u00eazar","available_dubs":[],"downloadable_assets":["https://voa-video-ns.akamaized.net/pangeavideo/2026/08/d/d5/d5ed1b78-45e0-46b4-f161-08def2b12219_1080p.mp4?cb=ee206a12e"],"duration_display":"2:42","duration_seconds":162.73,"embed_url":null,"id":2416,"image_caption":null,"image_url":"https://gdb.voanews.com/d5ed1b78-45e0-46b4-f161-08def2b12219_tv_mw2048_mh2048_n.jpg","is_clip":true,"item_type":"video","item_type_label":"Video","language_label":"Kurdish","media_credit":"VOA","micro_label":"Video report","micro_label_kind":"video","network_label":"VOA","network_logo_url":"/static/uploads/direct_network_logos/voa_1ef13eedbd2f.svg","published_at":"2026-08-06T15:37:18.550000","published_at_display":"6 Aug 2026, 15:37 GMT","sequence_badge_label":null,"sequence_count":null,"sequence_count_label":null,"sequence_frames":[],"sequence_kind":null,"source_name":"dengeamerika_com_direct","source_name_label":"Dengeamerika","source_type":"direct_api","summary":"Li bajar\u00ea Koban\u00eey\u00ea weke bi sedan bajar\u00ean din y\u00ean S\u00fbriy\u00ea ji ber pev\u00e7\u00fbn\u00ean \u00e7end\u00een salan n\u00eev w\u00earan b\u00fbye, niha tevgera avakirin\u00ea z\u00eade dibe, endazyar \u00fb berpirs\u00ean her\u00eam\u00ea sedema w\u00ea bo aram\u00ee \u00fb ewleh\u00eeya hey\u00ee vediger\u00eenin.","title":"Li Koban\u00eey\u00ea Tevgera Avakirin\u00ea Z\u00eade Dibe","topic":"V\u00eedyo Galer\u00ee","translation_language":"","url":"https://voa-video-ns.akamaized.net/pangeavideo/2026/08/d/d5/d5ed1b78-45e0-46b4-f161-08def2b12219_1080p.mp4?cb=ee206a12e","video_url":"https://voa-video-ns.akamaized.net/pangeavideo/2026/08/d/d5/d5ed1b78-45e0-46b4-f161-08def2b12219_1080p.mp4?cb=ee206a12e"},{"article_body_paragraphs":[],"audio_source_url":null,"author":"Eyy\u00fbp Dem\u00eer","available_dubs":[],"downloadable_assets":["https://voa-video-ns.akamaized.net/pangeavideo/2026/08/a/a9/a9b92d79-832e-431b-7dce-08def2ed48ad_1080p.mp4?cb=ee20696c8"],"duration_display":"3:07","duration_seconds":187.0,"embed_url":null,"id":2409,"image_caption":null,"image_url":"https://gdb.voanews.com/a9b92d79-832e-431b-7dce-08def2ed48ad_tv_mw2048_mh2048_n.jpg","is_clip":true,"item_type":"video","item_type_label":"Video","language_label":"Kurdish","media_credit":"VOA","micro_label":"Video report","micro_label_kind":"video","network_label":"VOA","network_logo_url":"/static/uploads/direct_network_logos/voa_1ef13eedbd2f.svg","published_at":"2026-08-06T14:52:56.190000","published_at_display":"6 Aug 2026, 14:52 GMT","sequence_badge_label":null,"sequence_count":null,"sequence_count_label":null,"sequence_frames":[],"sequence_kind":null,"source_name":"dengeamerika_com_direct","source_name_label":"Dengeamerika","source_type":"direct_api","summary":"Qan\u00fbna \u00c7ar\u00e7ovey\u00ee roja \u00cen\u00ea d\u00ea li Kom\u00eesyona Dad\u00ea be, \u00fb pi\u015ft\u00ee w\u00ea d\u00ea Yek\u015fem\u00eey\u00ea were mecl\u00eesa Tirkiy\u00ea. Pispor w\u00ea qan\u00fbna \u00e7ar\u00e7ovey\u00ee \u00fb helwesta part\u00eey\u00ean s\u00eeyas\u00ee din\u00eerx\u00eenin.","title":"Pispor Qan\u00fbna \u00c7ar\u00e7ovey\u00ee Dinirx\u00eenin","topic":"V\u00eedyo Galer\u00ee","translation_language":"","url":"https://voa-video-ns.akamaized.net/pangeavideo/2026/08/a/a9/a9b92d79-832e-431b-7dce-08def2ed48ad_1080p.mp4?cb=ee20696c8","video_url":"https://voa-video-ns.akamaized.net/pangeavideo/2026/08/a/a9/a9b92d79-832e-431b-7dce-08def2ed48ad_1080p.mp4?cb=ee20696c8"},{"article_body_paragraphs":[],"audio_source_url":null,"author":null,"available_dubs":[],"downloadable_assets":["https://voa-video-ns.akamaized.net/pangeavideo/2026/08/0/0e/0ef6e0bd-ba17-45ac-8098-08decae8682a_1080p.mp4?cb=ee2058dde"],"duration_display":"7:43","duration_seconds":463.16,"embed_url":null,"id":2175,"image_caption":null,"image_url":"https://gdb.voanews.com/0ef6e0bd-ba17-45ac-8098-08decae8682a_tv_mw2048_mh2048_n.jpg","is_clip":false,"item_type":"video","item_type_label":"Video","language_label":"Kurdish","media_credit":"VOA","micro_label":"Video report","micro_label_kind":"video","network_label":"VOA","network_logo_url":"/static/uploads/direct_network_logos/voa_1ef13eedbd2f.svg","published_at":"2026-08-05T20:00:32.503000","published_at_display":"5 Aug 2026, 20:00 GMT","sequence_badge_label":null,"sequence_count":null,"sequence_count_label":null,"sequence_frames":[],"sequence_kind":null,"source_name":"dengeamerika_com_direct","source_name_label":"Dengeamerika","source_type":"direct_api","summary":"Medya n\u00eaz\u00eek\u00ee Komara \u00ceslam\u00ee dib\u00eaje, operasyon\u00ean wan y\u00ean \u00eest\u00eexbarat\u00ee \u00fb ewleh\u00ea li dij\u00ee partiy\u00ean Kurd y\u00ean rojhilat dom dikin, hin ji wan dezgeh\u00ean medyay\u00ea \u00eedia dikin ku kur\u00ea serok\u00ea partiyeke Kurd, li Her\u00eama Kurdistan\u00ea ku\u015ftine. Dr. Selah Bayez\u00eed\u00ee N\u00fbner\u00ea Komel\u00ea li Washington v\u00ea Mijar\u00ea \u015firove dike.","title":"\u00ceran Dib\u00eaje; Operasyon\u00ean Wan y\u00ean \u00cest\u00eexbarat\u00ee \u00fb Ewlehiy\u00ea li Her\u00eama Kurdistan\u00ea Dom Dikin","topic":"V\u00eedyo Galer\u00ee","translation_language":"","url":"https://voa-video-ns.akamaized.net/pangeavideo/2026/08/0/0e/0ef6e0bd-ba17-45ac-8098-08decae8682a_1080p.mp4?cb=ee2058dde","video_url":"https://voa-video-ns.akamaized.net/pangeavideo/2026/08/0/0e/0ef6e0bd-ba17-45ac-8098-08decae8682a_1080p.mp4?cb=ee2058dde"},{"article_body_paragraphs":[],"audio_source_url":null,"author":"Eyy\u00fbp Dem\u00eer","available_dubs":[],"downloadable_assets":["https://voa-video-ns.akamaized.net/pangeavideo/2026/08/2/20/200a678d-7263-4111-8097-08decae8682a_1080p.mp4?cb=ee20589a7"],"duration_display":"3:10","duration_seconds":190.2,"embed_url":null,"id":2153,"image_caption":null,"image_url":"https://gdb.voanews.com/200a678d-7263-4111-8097-08decae8682a_tv_mw2048_mh2048_n.jpg","is_clip":true,"item_type":"video","item_type_label":"Video","language_label":"Kurdish","media_credit":"VOA","micro_label":"Video report","micro_label_kind":"video","network_label":"VOA","network_logo_url":"/static/uploads/direct_network_logos/voa_1ef13eedbd2f.svg","published_at":"2026-08-05T19:44:39.327000","published_at_display":"5 Aug 2026, 19:44 GMT","sequence_badge_label":null,"sequence_count":null,"sequence_count_label":null,"sequence_frames":[],"sequence_kind":null,"source_name":"dengeamerika_com_direct","source_name_label":"Dengeamerika","source_type":"direct_api","summary":"Serok\u00ea Tirk\u00eey\u00ea Recep Tayy\u00eep Erdogan \u00eero \u00c7ar\u015fem\u00ea, p\u00ea\u015fk\u00ea\u015fkirina p\u00ea\u015fn\u00eeyara qan\u00fbna \u00e7ar\u00e7ovey\u00ee ya jibo parlemana Tirk\u00eey\u00ea p\u00eeroz kir, p\u00ea\u015fniv\u00eesa qan\u00fbn\u00ea ji 12 xalan p\u00eak t\u00ea. Eyy\u00fbp Dem\u00eer ji Tirk\u00eey\u00ea p\u00eazan\u00een\u00ean z\u00eadetir radigih\u00eene.","title":"Naveroka P\u00ea\u015fniv\u00eesa Qan\u00fbna \u00c7ar\u00e7ovey\u00ee li Tirk\u00eey\u00ea","topic":"V\u00eedyo Galer\u00ee","translation_language":"","url":"https://voa-video-ns.akamaized.net/pangeavideo/2026/08/2/20/200a678d-7263-4111-8097-08decae8682a_1080p.mp4?cb=ee20589a7","video_url":"https://voa-video-ns.akamaized.net/pangeavideo/2026/08/2/20/200a678d-7263-4111-8097-08decae8682a_1080p.mp4?cb=ee20589a7"},{"article_body_paragraphs":[],"audio_source_url":null,"author":"Emced Kurdo","available_dubs":[],"downloadable_assets":["https://voa-video-ns.akamaized.net/pangeavideo/2026/08/3/31/315c2079-b769-4ef8-c8be-08decaecd3b3_1080p.mp4?cb=ee20587e0"],"duration_display":"2:35","duration_seconds":155.41,"embed_url":null,"id":2154,"image_caption":null,"image_url":"https://gdb.voanews.com/315c2079-b769-4ef8-c8be-08decaecd3b3_tv_mw2048_mh2048_n.jpg","is_clip":true,"item_type":"video","item_type_label":"Video","language_label":"Kurdish","media_credit":"VOA","micro_label":"Video report","micro_label_kind":"video","network_label":"VOA","network_logo_url":"/static/uploads/direct_network_logos/voa_1ef13eedbd2f.svg","published_at":"2026-08-05T19:37:04.570000","published_at_display":"5 Aug 2026, 19:37 GMT","sequence_badge_label":null,"sequence_count":null,"sequence_count_label":null,"sequence_frames":[],"sequence_kind":null,"source_name":"dengeamerika_com_direct","source_name_label":"Dengeamerika","source_type":"direct_api","summary":"Emced Kurdo ji Rojava agah\u00ee \u00fb p\u00eazan\u00een\u00ean derbar\u00ea komb\u00fbna roja S\u00ea\u015fem\u00ea dide, ku li Ko\u015fka Gel li \u015eam\u00ea di navbera Serok\u00ea Demk\u00ee y\u00ea S\u00fbriy\u00ea Ehmed \u015eeri' \u00fb Fermandar\u00ea HSD\u00ea Mezl\u00fbm Ebd\u00ee de p\u00eakhatb\u00fb.","title":"Agah\u00ee Derabr\u00ea Komb\u00fbna Serok\u00ea Demk\u00ee y\u00ea S\u00fbriy\u00ea Ehmed \u015eeri' \u00fb Mezl\u00fbm Ebd\u00ee","topic":"V\u00eedyo Galer\u00ee","translation_language":"","url":"https://voa-video-ns.akamaized.net/pangeavideo/2026/08/3/31/315c2079-b769-4ef8-c8be-08decaecd3b3_1080p.mp4?cb=ee20587e0","video_url":"https://voa-video-ns.akamaized.net/pangeavideo/2026/08/3/31/315c2079-b769-4ef8-c8be-08decaecd3b3_1080p.mp4?cb=ee20587e0"},{"article_body_paragraphs":[],"audio_source_url":null,"author":"B\u00eeta Me\u015fayex\u00ee","available_dubs":[],"downloadable_assets":["https://voa-video-ns.akamaized.net/pangeavideo/2026/08/f/fd/fd9547df-92e1-411d-f156-08def2b12219_1080p.mp4?cb=ee2057fb4"],"duration_display":"3:13","duration_seconds":193.81,"embed_url":null,"id":2156,"image_caption":null,"image_url":"https://gdb.voanews.com/fd9547df-92e1-411d-f156-08def2b12219_tv_mw2048_mh2048_n.jpg","is_clip":true,"item_type":"video","item_type_label":"Video","language_label":"Kurdish","media_credit":"VOA","micro_label":"Video report","micro_label_kind":"video","network_label":"VOA","network_logo_url":"/static/uploads/direct_network_logos/voa_1ef13eedbd2f.svg","published_at":"2026-08-05T19:01:52.620000","published_at_display":"5 Aug 2026, 19:01 GMT","sequence_badge_label":null,"sequence_count":null,"sequence_count_label":null,"sequence_frames":[],"sequence_kind":null,"source_name":"dengeamerika_com_direct","source_name_label":"Dengeamerika","source_type":"direct_api","summary":"Hevkar\u00eeya di navbera efser\u00ean pol\u00ees \u00fb civak\u00ean Amer\u00eek\u00ee de di \u015fevek\u00ea de t\u00ea p\u00eerozkirin ku bi nav\u00ea \u015eevder\u00eeya Ni\u015ftiman\u00ee t\u00ea naskirin. Di v\u00ea \u015fev\u00ea de gelek bername \u00fb \u00e7alak\u00ee t\u00eane lidarxistin. Raporta B\u00eeta Me\u015fayix\u00ee agah\u00eey\u00ean b\u00eahtir hene.","title":"P\u00eerozkirina \u015eevder\u00eeya Ni\u015ftiman\u00ee li Amer\u00eekay\u00ea","topic":"V\u00eedyo Galer\u00ee","translation_language":"","url":"https://voa-video-ns.akamaized.net/pangeavideo/2026/08/f/fd/fd9547df-92e1-411d-f156-08def2b12219_1080p.mp4?cb=ee2057fb4","video_url":"https://voa-video-ns.akamaized.net/pangeavideo/2026/08/f/fd/fd9547df-92e1-411d-f156-08def2b12219_1080p.mp4?cb=ee2057fb4"},{"article_body_paragraphs":[],"audio_source_url":null,"author":"S\u00eenor Ker\u00eem","available_dubs":[],"downloadable_assets":["https://voa-video-ns.akamaized.net/pangeavideo/2026/08/c/c2/c2c7b15c-fa7a-4185-f154-08def2b12219_1080p.mp4?cb=ee2057aea"],"duration_display":"3:20","duration_seconds":200.96,"embed_url":null,"id":2131,"image_caption":null,"image_url":"https://gdb.voanews.com/c2c7b15c-fa7a-4185-f154-08def2b12219_tv_mw2048_mh2048_n.jpg","is_clip":true,"item_type":"video","item_type_label":"Video","language_label":"Kurdish","media_credit":"VOA","micro_label":"Video report","micro_label_kind":"video","network_label":"VOA","network_logo_url":"/static/uploads/direct_network_logos/voa_1ef13eedbd2f.svg","published_at":"2026-08-05T18:41:46.057000","published_at_display":"5 Aug 2026, 18:41 GMT","sequence_badge_label":null,"sequence_count":null,"sequence_count_label":null,"sequence_frames":[],"sequence_kind":null,"source_name":"dengeamerika_com_direct","source_name_label":"Dengeamerika","source_type":"direct_api","summary":"Ji ber \u00ear\u00ee\u015f\u00ean \u00ceran\u00ea y\u00ean li ser Her\u00eama Kurdistan\u00ea bi sedan donim erd \u015fewit\u00ee \u00fb j\u00eengeh w\u00earan b\u00fbye. Her \u00e7end gelek ji van deveran d\u00fbr\u00ee ni\u015ftecihan in \u00fb ew kamp\u00ean partiyan in, j\u00eengehpar\u00eaz hi\u015fyar\u00eey\u00ea didin ku ev yek d\u00ea di siberoj\u00ea de bandoreke ney\u00een\u00ee li ser her\u00eam\u00ea bike.","title":"Ji ber \u00car\u00ee\u015f\u00ean \u00ceran\u00ea li Her\u00eama Kurdistan\u00ea bi Sedan Donim Erd \u015eewit\u00een","topic":"V\u00eedyo Galer\u00ee","translation_language":"","url":"https://voa-video-ns.akamaized.net/pangeavideo/2026/08/c/c2/c2c7b15c-fa7a-4185-f154-08def2b12219_1080p.mp4?cb=ee2057aea","video_url":"https://voa-video-ns.akamaized.net/pangeavideo/2026/08/c/c2/c2c7b15c-fa7a-4185-f154-08def2b12219_1080p.mp4?cb=ee2057aea"},{"article_body_paragraphs":[],"audio_source_url":null,"author":null,"available_dubs":[],"downloadable_assets":["https://voa-video-ns.akamaized.net/pangeavideo/2026/08/6/6b/6ba51776-c344-44ec-7db3-08def2ed48ad_1080p.mp4?cb=ee2056b0e"],"duration_display":"2:18","duration_seconds":138.73,"embed_url":null,"id":2100,"image_caption":null,"image_url":"https://gdb.voanews.com/6ba51776-c344-44ec-7db3-08def2ed48ad_tv_mw2048_mh2048_n.jpg","is_clip":true,"item_type":"video","item_type_label":"Video","language_label":"Kurdish","media_credit":"VOA","micro_label":"Video report","micro_label_kind":"video","network_label":"VOA","network_logo_url":"/static/uploads/direct_network_logos/voa_1ef13eedbd2f.svg","published_at":"2026-08-05T17:28:23.920000","published_at_display":"5 Aug 2026, 17:28 GMT","sequence_badge_label":null,"sequence_count":null,"sequence_count_label":null,"sequence_frames":[],"sequence_kind":null,"source_name":"dengeamerika_com_direct","source_name_label":"Dengeamerika","source_type":"direct_api","summary":"Li gor\u00ee berpirs\u00ean Amer\u00eek\u00ee, r\u00eakeftinek bi \u00ceran\u00ea re li ser Tengava Hormuz\u00ea n\u00eaz\u00eek e \u00fb dibe di demek n\u00eaz\u00eek de were ragihandin, l\u00ea ew h\u00een nehatiye daw\u00eekirin. Ev yek j\u00ee h\u00eav\u00eey\u00ean k\u00eamb\u00fbna aloz\u00eeyan \u00fb vegerandina traf\u00eeka deryay\u00ee ya normal li her\u00eam\u00ea bilind dike.","title":"Berpirs\u00ean Amer\u00eek\u00ee Dib\u00eajin R\u00eakeftina bi \u00ceran\u00ea re N\u00eaz\u00eek e","topic":"V\u00eedyo Galer\u00ee","translation_language":"","url":"https://voa-video-ns.akamaized.net/pangeavideo/2026/08/6/6b/6ba51776-c344-44ec-7db3-08def2ed48ad_1080p.mp4?cb=ee2056b0e","video_url":"https://voa-video-ns.akamaized.net/pangeavideo/2026/08/6/6b/6ba51776-c344-44ec-7db3-08def2ed48ad_1080p.mp4?cb=ee2056b0e"},{"article_body_paragraphs":[],"audio_source_url":null,"author":"Ferhan Hamaxan","available_dubs":[],"downloadable_assets":["https://voa-video-ns.akamaized.net/pangeavideo/2026/08/2/23/23424f77-244e-4c3d-8091-08decae8682a_1080p.mp4?cb=ee20568ac"],"duration_display":"3:18","duration_seconds":198.4,"embed_url":null,"id":2101,"image_caption":null,"image_url":"https://gdb.voanews.com/23424f77-244e-4c3d-8091-08decae8682a_tv_mw2048_mh2048_n.jpg","is_clip":true,"item_type":"video","item_type_label":"Video","language_label":"Kurdish","media_credit":"VOA","micro_label":"Video report","micro_label_kind":"video","network_label":"VOA","network_logo_url":"/static/uploads/direct_network_logos/voa_1ef13eedbd2f.svg","published_at":"2026-08-05T17:23:56.573000","published_at_display":"5 Aug 2026, 17:23 GMT","sequence_badge_label":null,"sequence_count":null,"sequence_count_label":null,"sequence_frames":[],"sequence_kind":null,"source_name":"dengeamerika_com_direct","source_name_label":"Dengeamerika","source_type":"direct_api","summary":"Ji ber neb\u00fbna navendek\u00ea ji bo zarok\u00ean bi Sendroma Down li Heleb\u00e7ey\u00ea, d\u00ea \u00fb bav ne\u00e7ar mane ku zarok\u00ean xwe ji dibistan\u00ea derx\u00eenin. Ji bo \u00e7areserkirina v\u00ea valah\u00eey\u00ea, mamosteyek Heleb\u00e7ey\u00ea ku zarokek w\u00ea bi Sendroma Down heye, korseke hav\u00een\u00ea li mala xwe vekiriye.","title":"Maleke Heleb\u00e7ey\u00ee H\u00eav\u00eey\u00ea Dide Zarok\u00ean bi Sendroma Down","topic":"V\u00eedyo Galer\u00ee","translation_language":"","url":"https://voa-video-ns.akamaized.net/pangeavideo/2026/08/2/23/23424f77-244e-4c3d-8091-08decae8682a_1080p.mp4?cb=ee20568ac","video_url":"https://voa-video-ns.akamaized.net/pangeavideo/2026/08/2/23/23424f77-244e-4c3d-8091-08decae8682a_1080p.mp4?cb=ee20568ac"},{"article_body_paragraphs":[],"audio_source_url":null,"author":"Emced Kurdo","available_dubs":[],"downloadable_assets":["https://voa-video-ns.akamaized.net/pangeavideo/2026/08/4/44/4459237a-74a8-4c75-c8b1-08decaecd3b3_1080p.mp4?cb=ee20538c7"],"duration_display":"2:37","duration_seconds":157.5,"embed_url":null,"id":1890,"image_caption":null,"image_url":"https://gdb.voanews.com/4459237a-74a8-4c75-c8b1-08decaecd3b3_tv_mw2048_mh2048_n.jpg","is_clip":true,"item_type":"video","item_type_label":"Video","language_label":"Kurdish","media_credit":"VOA","micro_label":"Video report","micro_label_kind":"video","network_label":"VOA","network_logo_url":"/static/uploads/direct_network_logos/voa_1ef13eedbd2f.svg","published_at":"2026-08-05T13:58:47.373000","published_at_display":"5 Aug 2026, 13:58 GMT","sequence_badge_label":null,"sequence_count":null,"sequence_count_label":null,"sequence_frames":[],"sequence_kind":null,"source_name":"dengeamerika_com_direct","source_name_label":"Dengeamerika","source_type":"direct_api","summary":"Li bakur rojhilat\u00ea S\u00fbr\u00eey\u00ea, ku yek ji navend\u00ean hilber\u00eena petrol\u00ea y\u00ean her\u00ee gir\u00eeng \u00ean wel\u00eat e, berpirs\u00ean S\u00fbr\u00ee \u00fb r\u00eavebir\u00ean kompan\u00eeyeke Amer\u00eek\u00ee destp\u00eakirina projeyek\u00ea ji bo n\u00fbjenkirin \u00fb p\u00ea\u015fxistina zeviy\u00ean petrol\u00ea ragihand. Raporta Emced Kurdo b\u00eahtir agah\u00ee hene.","title":"Kompan\u00eeyeke Amer\u00eek\u00ee li Zev\u00eey\u00ean Rojava Hilber\u00eena Petrol\u00ea Dike","topic":"V\u00eedyo Galer\u00ee","translation_language":"","url":"https://voa-video-ns.akamaized.net/pangeavideo/2026/08/4/44/4459237a-74a8-4c75-c8b1-08decaecd3b3_1080p.mp4?cb=ee20538c7","video_url":"https://voa-video-ns.akamaized.net/pangeavideo/2026/08/4/44/4459237a-74a8-4c75-c8b1-08decaecd3b3_1080p.mp4?cb=ee20538c7"},{"article_body_paragraphs":[],"audio_source_url":null,"author":null,"available_dubs":[],"downloadable_assets":["https://voa-video-ns.akamaized.net/pangeavideo/2026/08/b/b3/b3305a08-c0c7-4c09-c8a4-08decaecd3b3_1080p.mp4?cb=ee2050962"],"duration_display":"2:03","duration_seconds":123.24,"embed_url":null,"id":1891,"image_caption":null,"image_url":"https://gdb.voanews.com/b3305a08-c0c7-4c09-c8a4-08decaecd3b3_tv_mw2048_mh2048_n.jpg","is_clip":true,"item_type":"video","item_type_label":"Video","language_label":"Kurdish","media_credit":"VOA","micro_label":"Video report","micro_label_kind":"video","network_label":"VOA","network_logo_url":"/static/uploads/direct_network_logos/voa_1ef13eedbd2f.svg","published_at":"2026-08-05T10:37:22.930000","published_at_display":"5 Aug 2026, 10:37 GMT","sequence_badge_label":null,"sequence_count":null,"sequence_count_label":null,"sequence_frames":[],"sequence_kind":null,"source_name":"dengeamerika_com_direct","source_name_label":"Dengeamerika","source_type":"direct_api","summary":"Roja S\u00ea\u015fem\u00ea biyah\u00ean petrol\u00ea li bazar\u00ean c\u00eehan\u00ee y\u00ean kir\u00een \u00fb firotin\u00ea li gor\u00ee roj \u00fb heftey\u00ean ber\u00ea 4% daket.","title":"Daketina Bihay\u00ean Petrol\u00ea li Bazar\u00ean C\u00eehan\u00ee","topic":"V\u00eedyo Galer\u00ee","translation_language":"","url":"https://voa-video-ns.akamaized.net/pangeavideo/2026/08/b/b3/b3305a08-c0c7-4c09-c8a4-08decaecd3b3_1080p.mp4?cb=ee2050962","video_url":"https://voa-video-ns.akamaized.net/pangeavideo/2026/08/b/b3/b3305a08-c0c7-4c09-c8a4-08decaecd3b3_1080p.mp4?cb=ee2050962"},{"article_body_paragraphs":[],"audio_source_url":null,"author":null,"available_dubs":[],"downloadable_assets":["https://voa-video-ns.akamaized.net/pangeavideo/2026/08/f/fb/fb8d6b6a-acc0-410a-c8a5-08decaecd3b3_1080p.mp4?cb=ee2054b7f"],"duration_display":"7:09","duration_seconds":429.44,"embed_url":null,"id":1887,"image_caption":null,"image_url":"https://gdb.voanews.com/fb8d6b6a-acc0-410a-c8a5-08decaecd3b3_tv_mw2048_mh2048_n.jpg","is_clip":false,"item_type":"video","item_type_label":"Video","language_label":"Kurdish","media_credit":"VOA","micro_label":"Video report","micro_label_kind":"video","network_label":"VOA","network_logo_url":"/static/uploads/direct_network_logos/voa_1ef13eedbd2f.svg","published_at":"2026-08-04T23:50:07.900000","published_at_display":"4 Aug 2026, 23:50 GMT","sequence_badge_label":null,"sequence_count":null,"sequence_count_label":null,"sequence_frames":[],"sequence_kind":null,"source_name":"dengeamerika_com_direct","source_name_label":"Dengeamerika","source_type":"direct_api","summary":"T\u00ea \u00e7aver\u00eakirin ku Roja \u00c7ar\u015fem\u00ea \u00c7ar\u00e7oiveya qan\u00fbn\u00ee ya a\u015ftiy\u00ee li Tirki\u00eey\u00ea di parlamentoy\u00ea de t\u00ea ragihandin. Ozlem Yasak agah\u00eey\u00ean z\u00eadetir radigih\u00eene.","title":"Qan\u00fbna \u00c7ar\u015fovey\u00ee \u00c7ar\u015fem\u00ea li Parlemantoya Tirk\u00eey\u00ea T\u00ea Ragihandin","topic":"V\u00eedyo Galer\u00ee","translation_language":"","url":"https://voa-video-ns.akamaized.net/pangeavideo/2026/08/f/fb/fb8d6b6a-acc0-410a-c8a5-08decaecd3b3_1080p.mp4?cb=ee2054b7f","video_url":"https://voa-video-ns.akamaized.net/pangeavideo/2026/08/f/fb/fb8d6b6a-acc0-410a-c8a5-08decaecd3b3_1080p.mp4?cb=ee2054b7f"},{"article_body_paragraphs":[],"audio_source_url":null,"author":"Huner Ehmed","available_dubs":[],"downloadable_assets":["https://voa-video-ns.akamaized.net/pangeavideo/2026/08/a/aa/aa55737e-39c5-481b-c8a3-08decaecd3b3_1080p.mp4?cb=ee20470e9"],"duration_display":"5:47","duration_seconds":347.56,"embed_url":null,"id":1894,"image_caption":null,"image_url":"https://gdb.voanews.com/aa55737e-39c5-481b-c8a3-08decaecd3b3_tv_mw2048_mh2048_n.jpg","is_clip":false,"item_type":"video","item_type_label":"Video","language_label":"Kurdish","media_credit":"VOA","micro_label":"Video report","micro_label_kind":"video","network_label":"VOA","network_logo_url":"/static/uploads/direct_network_logos/voa_1ef13eedbd2f.svg","published_at":"2026-08-04T23:46:49.850000","published_at_display":"4 Aug 2026, 23:46 GMT","sequence_badge_label":null,"sequence_count":null,"sequence_count_label":null,"sequence_frames":[],"sequence_kind":null,"source_name":"dengeamerika_com_direct","source_name_label":"Dengeamerika","source_type":"direct_api","summary":"Hin niv\u00eeskar \u00fb rew\u015fenb\u00eer\u00ean li Kerkuk\u00ea li dij\u00ee endametiya Yek\u00eetiya \u015earedariy\u00ean C\u00eehana Tirk\u00ee li Kerkuk\u00ea m\u00eet\u00eengek li dar xistin, di daxuyaniyek\u00ea de \u00e7end daxwaz ji s\u00ea serokatiy\u00ean Parlemen, hik\u00fbmeta \u00ceraq\u00ea \u00fb berpirs\u00ean Hik\u00fbmeta Her\u00eama Kurdistan\u00ea re \u015fandin.","title":"Neraz\u00eeb\u00fbn li Dij\u00ee Endamb\u00fbna Kerkuk\u00ea di Yek\u00eetiya \u015earedariy\u00ean C\u00eehana Tirk\u00ee de","topic":"V\u00eedyo Galer\u00ee","translation_language":"","url":"https://voa-video-ns.akamaized.net/pangeavideo/2026/08/a/aa/aa55737e-39c5-481b-c8a3-08decaecd3b3_1080p.mp4?cb=ee20470e9","video_url":"https://voa-video-ns.akamaized.net/pangeavideo/2026/08/a/aa/aa55737e-39c5-481b-c8a3-08decaecd3b3_1080p.mp4?cb=ee20470e9"},{"article_body_paragraphs":[],"audio_source_url":null,"author":null,"available_dubs":[],"downloadable_assets":["https://voa-video-ns.akamaized.net/pangeavideo/2026/08/7/71/71ab3e2a-ae82-4a0c-c8a8-08decaecd3b3_1080p.mp4?cb=ee2043abd"],"duration_display":"8:25","duration_seconds":505.38,"embed_url":null,"id":1895,"image_caption":null,"image_url":"https://gdb.voanews.com/71ab3e2a-ae82-4a0c-c8a8-08decaecd3b3_tv_mw2048_mh2048_n.jpg","is_clip":false,"item_type":"video","item_type_label":"Video","language_label":"Kurdish","media_credit":"VOA","micro_label":"Video report","micro_label_kind":"video","network_label":"VOA","network_logo_url":"/static/uploads/direct_network_logos/voa_1ef13eedbd2f.svg","published_at":"2026-08-04T19:54:07.943000","published_at_display":"4 Aug 2026, 19:54 GMT","sequence_badge_label":null,"sequence_count":null,"sequence_count_label":null,"sequence_frames":[],"sequence_kind":null,"source_name":"dengeamerika_com_direct","source_name_label":"Dengeamerika","source_type":"direct_api","summary":"\u015earezay\u00ea Pirs\u00ean Navnetewey\u00ee Ekrem Onen girj\u00eey\u00ean di navbera Amer\u00eekay\u00ea \u00fb \u00ceran\u00ea de di \u015fer\u00ea li Rojhilata nav\u00een de dinirx\u00eene.","title":"Ber\u00ea \u015eer\u00ea Rojhilata Nav\u00een li Ku ye?","topic":"V\u00eedyo Galer\u00ee","translation_language":"","url":"https://voa-video-ns.akamaized.net/pangeavideo/2026/08/7/71/71ab3e2a-ae82-4a0c-c8a8-08decaecd3b3_1080p.mp4?cb=ee2043abd","video_url":"https://voa-video-ns.akamaized.net/pangeavideo/2026/08/7/71/71ab3e2a-ae82-4a0c-c8a8-08decaecd3b3_1080p.mp4?cb=ee2043abd"},{"article_body_paragraphs":[],"audio_source_url":null,"author":"Hem\u00eed Mistefa","available_dubs":[],"downloadable_assets":["https://voa-video-ns.akamaized.net/pangeavideo/2026/08/8/8c/8cb38637-17ad-4b4e-388f-08decd33fa02_1080p.mp4?cb=ee2043064"],"duration_display":"3:13","duration_seconds":193.28,"embed_url":null,"id":1896,"image_caption":null,"image_url":"https://gdb.voanews.com/8cb38637-17ad-4b4e-388f-08decd33fa02_tv_mw2048_mh2048_n.jpg","is_clip":true,"item_type":"video","item_type_label":"Video","language_label":"Kurdish","media_credit":"VOA","micro_label":"Video report","micro_label_kind":"video","network_label":"VOA","network_logo_url":"/static/uploads/direct_network_logos/voa_1ef13eedbd2f.svg","published_at":"2026-08-04T19:11:27.447000","published_at_display":"4 Aug 2026, 19:11 GMT","sequence_badge_label":null,"sequence_count":null,"sequence_count_label":null,"sequence_frames":[],"sequence_kind":null,"source_name":"dengeamerika_com_direct","source_name_label":"Dengeamerika","source_type":"direct_api","summary":"Li bajar\u00ea Bruksel, Kurd\u00ean Ewropay\u00ea \u00e7alak\u00eeyek taybet bo b\u00eeran\u00eena 12an a jenos\u00eeda li dij\u00ee civaka \u00cazid\u00ee encam da. Jenos\u00eeda li her\u00eama \u015eingal\u00ea li Kurdistana \u00ceraq\u00ea sala 2013an bi dest\u00ean \u00e7ekdar\u00ean DAI\u015e\u00ea p\u00eakaht b\u00fb, bi hezaran kes hatin ku\u015ftin, zarok, jin \u00fb ke\u00e7 hatb\u00fbn revandin.","title":"Jenos\u00eeda li Dij\u00ee \u00cazid\u00eey\u00ean \u015eingal\u00ea li Bruksel bi \u00c7alakiyek\u00ea Hat B\u00eeran\u00een","topic":"V\u00eedyo Galer\u00ee","translation_language":"","url":"https://voa-video-ns.akamaized.net/pangeavideo/2026/08/8/8c/8cb38637-17ad-4b4e-388f-08decd33fa02_1080p.mp4?cb=ee2043064","video_url":"https://voa-video-ns.akamaized.net/pangeavideo/2026/08/8/8c/8cb38637-17ad-4b4e-388f-08decd33fa02_1080p.mp4?cb=ee2043064"},{"article_body_paragraphs":[],"audio_source_url":null,"author":"Ferhan Hamaxan","available_dubs":[{"dubbed_video_url":"/static/video/direct_dubs/direct_dub_10_f8901de9b4b9.mp4","id":10,"label":"English","target_language":"en","target_language_label":"English","voice":"alloy"}],"downloadable_assets":["https://voa-video-ns.akamaized.net/pangeavideo/2026/08/2/23/2343a31a-54e9-4d2c-634f-08decd2fb674_1080p.mp4?cb=ee2041fc2"],"duration_display":"3:20","duration_seconds":200.96,"embed_url":null,"id":1709,"image_caption":null,"image_url":"https://gdb.voanews.com/2343a31a-54e9-4d2c-634f-08decd2fb674_tv_mw2048_mh2048_n.jpg","is_clip":true,"item_type":"video","item_type_label":"Video","language_label":"Kurdish","media_credit":"VOA","micro_label":"Video report","micro_label_kind":"video","network_label":"VOA","network_logo_url":"/static/uploads/direct_network_logos/voa_1ef13eedbd2f.svg","published_at":"2026-08-04T18:00:34.637000","published_at_display":"4 Aug 2026, 18:00 GMT","sequence_badge_label":null,"sequence_count":null,"sequence_count_label":null,"sequence_frames":[],"sequence_kind":null,"source_name":"dengeamerika_com_direct","source_name_label":"Dengeamerika","source_type":"direct_api","summary":"Bazara Heftey\u00ee ya berhem\u00ean \u00c7andin\u00eey\u00ea li Helebcey\u00ea, wek\u00ee destp\u00ea\u015fxeriyek p\u00eaw\u00eest, bo kir\u00een \u00fb firotina hem\u00ee berhem\u00ean cotkar\u00ean her\u00eam\u00ea \u00fb bibe bazarek ji bo pi\u015ftg\u00eeriya cotkaran.","title":"Bazara Heftey\u00ee ya Berhem\u00ean \u00c7andin\u00eey\u00ea li Helebce","topic":"V\u00eedyo Galer\u00ee","translation_language":"","url":"https://voa-video-ns.akamaized.net/pangeavideo/2026/08/2/23/2343a31a-54e9-4d2c-634f-08decd2fb674_1080p.mp4?cb=ee2041fc2","video_url":"https://voa-video-ns.akamaized.net/pangeavideo/2026/08/2/23/2343a31a-54e9-4d2c-634f-08decd2fb674_1080p.mp4?cb=ee2041fc2"},{"article_body_paragraphs":[],"audio_source_url":null,"author":"Emced Kurdo","available_dubs":[{"dubbed_video_url":"/static/video/direct_dubs/direct_dub_24_d48afdf5c5e9.mp4","id":24,"label":"English \u00b7 xus8CbKcIu8Ml5hRVVUy","target_language":"en","target_language_label":"English","voice":"xus8CbKcIu8Ml5hRVVUy"},{"dubbed_video_url":"/static/video/direct_dubs/direct_dub_22_d48afdf5c5e9.mp4","id":22,"label":"English \u00b7 vQkeBag4wDUyGU1FPEiJ","target_language":"en","target_language_label":"English","voice":"vQkeBag4wDUyGU1FPEiJ"},{"dubbed_video_url":"/static/video/direct_dubs/direct_dub_13_d48afdf5c5e9.mp4","id":13,"label":"English \u00b7 alloy","target_language":"en","target_language_label":"English","voice":"alloy"}],"downloadable_assets":["https://voa-video-ns.akamaized.net/pangeavideo/2026/08/1/18/18811b16-6409-4607-c896-08decaecd3b3_1080p.mp4?cb=ee20416b0"],"duration_display":"2:58","duration_seconds":178.12,"embed_url":null,"id":1710,"image_caption":null,"image_url":"https://gdb.voanews.com/18811b16-6409-4607-c896-08decaecd3b3_tv_mw2048_mh2048_n.jpg","is_clip":true,"item_type":"video","item_type_label":"Video","language_label":"Kurdish","media_credit":"VOA","micro_label":"Video report","micro_label_kind":"video","network_label":"VOA","network_logo_url":"/static/uploads/direct_network_logos/voa_1ef13eedbd2f.svg","published_at":"2026-08-04T17:17:37.080000","published_at_display":"4 Aug 2026, 17:17 GMT","sequence_badge_label":null,"sequence_count":null,"sequence_count_label":null,"sequence_frames":[],"sequence_kind":null,"source_name":"dengeamerika_com_direct","source_name_label":"Dengeamerika","source_type":"direct_api","summary":"Pi\u015ft\u00ee ku ji ber \u015fer\u00ea navxwe y\u00ea li S\u00fbriy\u00ea bi sedan malbat li Ser\u00eakan\u00eey\u00ea ji cih \u00fb war\u00ean xwe ko\u00e7ber b\u00fbb\u00fbn, pi\u015ft helmeta hilandin \u00fb paqijkirina her\u00eam\u00ea ji m\u00een \u00fb teqemen\u00eeyan, malbat h\u00ead\u00ee h\u00ead\u00ee vedigerin ser gund \u00fb war\u00ean xwe.","title":"Helmeta Paqijkirina M\u00een \u00fb Bermay\u00ean \u015eer li Gundewar\u00ea Ser\u00eakan\u00eey\u00ea","topic":"V\u00eedyo Galer\u00ee","translation_language":"","url":"https://voa-video-ns.akamaized.net/pangeavideo/2026/08/1/18/18811b16-6409-4607-c896-08decaecd3b3_1080p.mp4?cb=ee20416b0","video_url":"https://voa-video-ns.akamaized.net/pangeavideo/2026/08/1/18/18811b16-6409-4607-c896-08decaecd3b3_1080p.mp4?cb=ee20416b0"},{"article_body_paragraphs":[],"audio_source_url":null,"author":"Eyy\u00fbp Dem\u00eer","available_dubs":[{"dubbed_video_url":"/static/video/direct_dubs/direct_dub_11_b6b6254f1257.mp4","id":11,"label":"English","target_language":"en","target_language_label":"English","voice":"alloy"}],"downloadable_assets":["https://voa-video-ns.akamaized.net/pangeavideo/2026/08/5/56/56d1ef96-79f5-4b64-cc6e-08decd2a5d35_1080p.mp4?cb=ee2040b81"],"duration_display":"2:56","duration_seconds":176.6,"embed_url":null,"id":1712,"image_caption":null,"image_url":"https://gdb.voanews.com/56d1ef96-79f5-4b64-cc6e-08decd2a5d35_tv_mw2048_mh2048_n.jpg","is_clip":true,"item_type":"video","item_type_label":"Video","language_label":"Kurdish","media_credit":"VOA","micro_label":"Video report","micro_label_kind":"video","network_label":"VOA","network_logo_url":"/static/uploads/direct_network_logos/voa_1ef13eedbd2f.svg","published_at":"2026-08-04T16:34:09.190000","published_at_display":"4 Aug 2026, 16:34 GMT","sequence_badge_label":null,"sequence_count":null,"sequence_count_label":null,"sequence_frames":[],"sequence_kind":null,"source_name":"dengeamerika_com_direct","source_name_label":"Dengeamerika","source_type":"direct_api","summary":"T\u00ea \u00e7aver\u00eakirin ku roja \u00c7ar\u015fem\u00ea dan\u00ea sib\u00ea Qan\u00fbna \u00c7ar\u00e7ovey\u00ea si parlementoya Tirk\u00eey\u00ea de were ragihandin. Eyy\u00fbp Dem\u00eer di v\u00ea raport\u00ea de agah\u00eey\u00ean z\u00eadetir dide","title":"Pirsa Qan\u00fbna \u00c7ar\u00e7ovey\u00ea di Parlamentoya Tirkiy\u00ea de","topic":"V\u00eedyo Galer\u00ee","translation_language":"","url":"https://voa-video-ns.akamaized.net/pangeavideo/2026/08/5/56/56d1ef96-79f5-4b64-cc6e-08decd2a5d35_1080p.mp4?cb=ee2040b81","video_url":"https://voa-video-ns.akamaized.net/pangeavideo/2026/08/5/56/56d1ef96-79f5-4b64-cc6e-08decd2a5d35_1080p.mp4?cb=ee2040b81"},{"article_body_paragraphs":[],"audio_source_url":null,"author":"D\u00eeyar Cemal","available_dubs":[],"downloadable_assets":["https://voa-video-ns.akamaized.net/pangeavideo/2026/08/2/22/223435f7-c02c-40c3-634c-08decd2fb674_1080p.mp4?cb=ee20401be"],"duration_display":"3:03","duration_seconds":183.44,"embed_url":null,"id":1713,"image_caption":null,"image_url":"https://gdb.voanews.com/223435f7-c02c-40c3-634c-08decd2fb674_tv_mw2048_mh2048_n.jpg","is_clip":true,"item_type":"video","item_type_label":"Video","language_label":"Kurdish","media_credit":"VOA","micro_label":"Video report","micro_label_kind":"video","network_label":"VOA","network_logo_url":"/static/uploads/direct_network_logos/voa_1ef13eedbd2f.svg","published_at":"2026-08-04T15:52:30.830000","published_at_display":"4 Aug 2026, 15:52 GMT","sequence_badge_label":null,"sequence_count":null,"sequence_count_label":null,"sequence_frames":[],"sequence_kind":null,"source_name":"dengeamerika_com_direct","source_name_label":"Dengeamerika","source_type":"direct_api","summary":"Li bajar\u00ea M\u00fbsil ku di dema Dai\u015f\u00ea de bi temam\u00ee hatb\u00fb w\u00earankirin, niha xelk vedigerin ser kar \u00fb p\u00ee\u015fey\u00ean xwe y\u00ean ber\u00ea. Dikaneke bi\u00e7\u00fbk li navenda baj\u00ear niha weke bazara her\u00ee mezin a firotina mas\u00eeyan t\u00ea naskirin \u00fb qay\u00eek\u00ean girtina mas\u00eeyan j\u00ee li heman navend\u00ea t\u00ean \u00e7\u00eakirin..","title":"Mezintir\u00een Bazara Mas\u00eeyan li M\u00fbsil\u00ea","topic":"V\u00eedyo Galer\u00ee","translation_language":"","url":"https://voa-video-ns.akamaized.net/pangeavideo/2026/08/2/22/223435f7-c02c-40c3-634c-08decd2fb674_1080p.mp4?cb=ee20401be","video_url":"https://voa-video-ns.akamaized.net/pangeavideo/2026/08/2/22/223435f7-c02c-40c3-634c-08decd2fb674_1080p.mp4?cb=ee20401be"}],"next_num":14,"page":13,"pages":15,"per_page":20,"prev_num":12,"total":298}
