{"applied_filters":{"end_date":"","lang":"","language":"","network":"","page":13,"per_page":20,"search":"","source":"","start_date":"","topic":"","type":"photo"},"available_filters":{"language_choices":[{"label":"Choose Language","value":""},{"label":"English","value":"English"},{"label":"Burmese","value":"Burmese"},{"label":"Cantonese","value":"Cantonese"},{"label":"Chinese","value":"Chinese"},{"label":"Dari","value":"Dari"},{"label":"Espa\u00f1ol","value":"Espa\u00f1ol"},{"label":"Fran\u00e7ais","value":"Fran\u00e7ais"},{"label":"Georgian","value":"Georgian"},{"label":"Khmer","value":"Khmer"},{"label":"Korean","value":"Korean"},{"label":"Kurdish","value":"Kurdish"},{"label":"Lao","value":"Lao"},{"label":"Mandarin","value":"Mandarin"},{"label":"Pashto","value":"Pashto"},{"label":"Persian","value":"Persian"},{"label":"Romanian","value":"Romanian"},{"label":"Russian","value":"Russian"},{"label":"Serbo-Croatian","value":"Serbo-Croatian"},{"label":"Tibetan","value":"Tibetan"},{"label":"Ukrainian","value":"Ukrainian"},{"label":"Uyghur","value":"Uyghur"},{"label":"Vietnamese","value":"Vietnamese"}],"network_choices":[{"label":"All networks","value":""},{"label":"Current Time","value":"Current Time"},{"label":"OCB","value":"OCB"},{"label":"RFA","value":"RFA"},{"label":"RFE/RL","value":"RFE/RL"},{"label":"VOA","value":"VOA"}],"source_choices":[{"label":"All sources","value":""},{"label":"Current Time","value":"currenttime_tv_rss"},{"label":"Da Azadi Radio","value":"da_azadiradio_com_rss"},{"label":"Darivoa","value":"darivoa_com_rss"},{"label":"Dengeamerika","value":"dengeamerika_com_rss"},{"label":"Dengiamerika","value":"dengiamerika_com_rss"},{"label":"Editorials VOA","value":"editorials_voa_gov_rss"},{"label":"Golosameriki","value":"golosameriki_com_rss"},{"label":"Ir VOA News","value":"ir_voanews_com_rss"},{"label":"Moldova Europalibera","value":"moldova_europalibera_org_rss"},{"label":"Pa Azadi Radio","value":"pa_azadiradio_com_rss"},{"label":"Pashtovoa","value":"pashtovoa_com_rss"},{"label":"Radio Farda","value":"radiofarda_com_rss"},{"label":"Radiosvoboda","value":"radiosvoboda_org_rss"},{"label":"Radiotavisupleba","value":"radiotavisupleba_ge_rss"},{"label":"Radiotelevisionmarti","value":"radiotelevisionmarti_com_rss"},{"label":"RFA Burmese","value":"rfa_burmese_rss"},{"label":"RFA Cantonese","value":"rfa_cantonese_rss"},{"label":"RFA English RSS","value":"rfa_english_rss"},{"label":"RFA Khmer","value":"rfa_khmer_rss"},{"label":"RFA Korean","value":"rfa_korean_rss"},{"label":"RFA Lao","value":"rfa_lao_rss"},{"label":"RFA Mandarin","value":"rfa_mandarin_rss"},{"label":"RFA Tibetan","value":"rfa_tibetan_rss"},{"label":"RFA Uyghur","value":"rfa_uyghur_rss"},{"label":"RFA Vietnamese","value":"rfa_vietnamese_rss"},{"label":"RFE/RL","value":"rferl_org_rss"},{"label":"Slobodnaevropa","value":"slobodnaevropa_org_rss"},{"label":"Svoboda","value":"svoboda_org_rss"},{"label":"Ukrainian VOA News","value":"ukrainian_voanews_com_rss"},{"label":"VOA Chinese RSS","value":"voa_chinese_rss"},{"label":"Voakorea","value":"voakorea_com_rss"}],"sources":["currenttime_tv_rss","da_azadiradio_com_rss","darivoa_com_rss","dengeamerika_com_rss","dengiamerika_com_rss","editorials_voa_gov_rss","golosameriki_com_rss","ir_voanews_com_rss","moldova_europalibera_org_rss","pa_azadiradio_com_rss","pashtovoa_com_rss","radiofarda_com_rss","radiosvoboda_org_rss","radiotavisupleba_ge_rss","radiotelevisionmarti_com_rss","rfa_burmese_rss","rfa_cantonese_rss","rfa_english_rss","rfa_khmer_rss","rfa_korean_rss","rfa_lao_rss","rfa_mandarin_rss","rfa_tibetan_rss","rfa_uyghur_rss","rfa_vietnamese_rss","rferl_org_rss","slobodnaevropa_org_rss","svoboda_org_rss","ukrainian_voanews_com_rss","voa_chinese_rss","voakorea_com_rss"],"topics":["B\u00ecnh lu\u1eadn","China","Chuy\u00ean m\u1ee5c","Korea","Laos","Myanmar","Pacific","South China Sea","Th\u1eddi S\u1ef1","Tibet","Trong n\u01b0\u1edbc","Uyghur","\u0642\u0649\u0633\u0642\u0627 \u062e\u06d5\u06cb\u06d5\u0631\u0644\u06d5\u0631","\u0e82\u0ec8\u0eb2\u0ea7\u0ec1\u0ea5\u0eb0\u0ea5\u0eb2\u0e8d\u0e87\u0eb2\u0e99","\u0f38\u0f42\u0f7c\u0f44\u0f0b\u0f66\u0f0b\u0f58\u0f46\u0f7c\u0f42","\u0f42\u0f66\u0f62\u0f0b\u0f60\u0f42\u0fb1\u0f74\u0f62\u0f0b\u0f51\u0f44\u0f0b\u0f63\u0f7a\u0f0b\u0f5a\u0f53\u0f0d","\u0f56\u0f59\u0f53\u0f0b\u0f56\u0fb1\u0f7c\u0f63\u0f0d","\u0f56\u0f7c\u0f51\u0f0d","\u0f60\u0f5b\u0f58\u0f0b\u0f42\u0fb3\u0f72\u0f44\u0f0c\u0f0d","\u0f62\u0f92\u0fb1\u0f0b\u0f51\u0f40\u0f62\u0f0b\u0f53\u0f42","\u0f66\u0fa4\u0fb1\u0f72\u0f0b\u0f5a\u0f7c\u0f42\u0f66\u0f0d","\u101e\u1010\u1004\u103a\u1038\u1019\u103b\u102c\u1038","\u1785\u17d2\u1794\u17b6\u1794\u17cb","\u1793\u1799\u17c4\u1794\u17b6\u1799","\u1794\u179a\u17b7\u179f\u17d2\u1790\u17b6\u1793","\u179a\u17bc\u1794\u1797\u17b6\u1796","\u179f\u1784\u17d2\u1782\u1798","\u179f\u17b7\u1791\u17d2\u1792\u17b7\u200b\u1798\u1793\u17bb\u179f\u17d2\u179f","\u4e9a\u592a\u62a5\u9053","\u4e9e\u6d32","\u4eba\u6743\u6cd5\u6cbb","\u53f8\u6cd5","\u56fd\u9645\u65b0\u95fb","\u5916\u4ea4","\u5c08\u984c","\u5c11\u6570\u6c11\u65cf","\u653f\u6cbb","\u65b0\u805e","\u65b0\u95fb\u5feb\u8baf","\u6e2f\u6fb3\u53f0","\u6fa4\u8ad6\u56db\u65b9","\u793e\u4f1a","\u79d1\u6559\u6587","\u7ecf\u6d4e","\u9999\u6e2f","\ub274\uc2a4","\uc8fc\uac04\ud504\ub85c"],"types":[["","All types"],["article","Articles"],["audio","Audio"],["video","Videos"],["clips","Clips"],["media","Media"]]},"has_next":true,"has_prev":true,"items":[{"article_body_paragraphs":[],"audio_source_url":null,"author":"Europa Liber\u0103 Moldova","available_dubs":[],"downloadable_assets":["https://gdb.rferl.org/b3c6d152-2a14-451a-a6fc-08dd4a814ce6_w1600_r1_n_s.jpg"],"duration_display":"0:00","duration_seconds":null,"embed_url":null,"id":12972,"image_caption":"Corpul ne\u00eensufle\u021bit al lui Jan Masaryk \u00een curtea interioar\u0103 a ministerului, din Praga, \u00een martie 1948","image_url":"https://gdb.rferl.org/b3c6d152-2a14-451a-a6fc-08dd4a814ce6_w1600_r1_n_s.jpg","is_clip":false,"item_type":"photo","item_type_label":"Photo","language_label":"Romanian","media_credit":"Europa Liber\u0103 Moldova","micro_label":"Photo","micro_label_kind":"gallery","network_label":"RFE/RL","network_logo_url":"/static/uploads/direct_network_logos/rfe_rl_e69d397fdd7d.png","published_at":"2026-09-02T11:40:36","published_at_display":"2 Sep 2026, 11:40 GMT","sequence_badge_label":null,"sequence_count":null,"sequence_count_label":null,"sequence_frames":[],"sequence_kind":null,"source_name":"moldova_europalibera_org_rss","source_name_label":"Moldova Europalibera","source_type":"rss","summary":"Corpul ne\u00eensufle\u021bit al lui Jan Masaryk \u00een curtea interioar\u0103 a ministerului, din Praga, \u00een martie 1948","title":"Omor? Sinucidere? Accident? Cehia reia ancheta asupra mor\u021bii ministrului de externe Jan Masaryk, din 1948","topic":null,"translation_language":"","url":"https://www.europalibera.md/a/omor-sinucidere-accident-cehia-reia-ancheta-asupra-mortii-ministrului-de-externe-jan-masaryk-din-1948/33845493.html","video_url":null},{"article_body_paragraphs":[],"audio_source_url":null,"author":"Europa Liber\u0103 Moldova","available_dubs":[],"downloadable_assets":["https://gdb.rferl.org/b3c6d152-2a14-451a-a6fc-08dd4a814ce6_w1600_r1_n_s.jpg"],"duration_display":"0:00","duration_seconds":null,"embed_url":null,"id":12953,"image_caption":"Corpul ne\u00eensufle\u021bit al lui Jan Masaryk \u00een curtea interioar\u0103 a ministerului, din Praga, \u00een martie 1948","image_url":"https://gdb.rferl.org/b3c6d152-2a14-451a-a6fc-08dd4a814ce6_w1600_r1_n_s.jpg","is_clip":false,"item_type":"photo","item_type_label":"Photo","language_label":"Romanian","media_credit":"Europa Liber\u0103 Moldova","micro_label":"Photo","micro_label_kind":"gallery","network_label":"RFE/RL","network_logo_url":"/static/uploads/direct_network_logos/rfe_rl_e69d397fdd7d.png","published_at":"2026-09-02T11:40:36","published_at_display":"2 Sep 2026, 11:40 GMT","sequence_badge_label":null,"sequence_count":null,"sequence_count_label":null,"sequence_frames":[],"sequence_kind":null,"source_name":"moldova_europalibera_org_rss","source_name_label":"Moldova Europalibera","source_type":"rss","summary":"Corpul ne\u00eensufle\u021bit al lui Jan Masaryk \u00een curtea interioar\u0103 a ministerului, din Praga, \u00een martie 1948","title":"Omor? Sinucidere? Accident? Cehia reia ancheta asupra mor\u021bii ministrului de externe Jan Masaryk, din 1948","topic":null,"translation_language":"","url":"https://moldova.europalibera.org/a/omor-sinucidere-accident-cehia-reia-ancheta-asupra-mortii-ministrului-de-externe-jan-masaryk-din-1948/33845493.html","video_url":null},{"article_body_paragraphs":[],"audio_source_url":null,"author":"\u041d\u0430\u0441\u0442\u043e\u044f\u0449\u0435\u0435 \u0412\u0440\u0435\u043c\u044f","available_dubs":[],"downloadable_assets":["https://gdb.currenttime.tv/9461E82F-0ED2-4BB7-9D62-1F7CB7572C47_w1600_r1_n_s.jpg"],"duration_display":"0:00","duration_seconds":null,"embed_url":null,"id":12955,"image_caption":"\"\u041a\u0438\u0440\u0438\u0448\u0438\u043d\u0435\u0444\u0442\u0435\u043e\u0440\u0433\u0441\u0438\u043d\u0442\u0435\u0437\" (\u041a\u0418\u041d\u0415\u0424)","image_url":"https://gdb.currenttime.tv/9461E82F-0ED2-4BB7-9D62-1F7CB7572C47_w1600_r1_n_s.jpg","is_clip":false,"item_type":"photo","item_type_label":"Photo","language_label":"Russian","media_credit":"\u041d\u0430\u0441\u0442\u043e\u044f\u0449\u0435\u0435 \u0412\u0440\u0435\u043c\u044f","micro_label":"Photo","micro_label_kind":"gallery","network_label":"Current Time","network_logo_url":"/static/uploads/direct_network_logos/current_time_a06e750f4eb5.png","published_at":"2026-09-02T11:34:49","published_at_display":"2 Sep 2026, 11:34 GMT","sequence_badge_label":null,"sequence_count":null,"sequence_count_label":null,"sequence_frames":[],"sequence_kind":null,"source_name":"currenttime_tv_rss","source_name_label":"Current Time","source_type":"rss","summary":"\"\u041a\u0438\u0440\u0438\u0448\u0438\u043d\u0435\u0444\u0442\u0435\u043e\u0440\u0433\u0441\u0438\u043d\u0442\u0435\u0437\" (\u041a\u0418\u041d\u0415\u0424)","title":"\"\u041a\u0438\u0440\u0438\u0448\u0438\u043d\u0435\u0444\u0442\u0435\u043e\u0440\u0433\u0441\u0438\u043d\u0442\u0435\u0437\" \u0441\u043d\u043e\u0432\u0430 \u043f\u0440\u0438\u043e\u0441\u0442\u0430\u043d\u043e\u0432\u0438\u043b \u0440\u0430\u0431\u043e\u0442\u0443 \u043f\u043e\u0441\u043b\u0435 \u0430\u0442\u0430\u043a\u0438 \u0412\u0421\u0423. \u042d\u0442\u043e \u0432\u0442\u043e\u0440\u043e\u0439 \u043f\u043e \u043e\u0431\u044a\u0435\u043c\u0430\u043c \u043f\u0435\u0440\u0435\u0440\u0430\u0431\u043e\u0442\u043a\u0438 \u0432 \u0420\u043e\u0441\u0441\u0438\u0438 \u041d\u041f\u0417","topic":null,"translation_language":"","url":"https://www.currenttime.tv/a/rossiya-kirishinefteorgsintez-npz-vsu-ataki/33845521.html","video_url":null},{"article_body_paragraphs":[],"audio_source_url":null,"author":null,"available_dubs":[],"downloadable_assets":["https://gdb.voanews.com/e1674c65-70bf-447b-91ba-e66a1dd93011_w1600_r1_n_s.jpg"],"duration_display":"0:00","duration_seconds":null,"embed_url":null,"id":12963,"image_caption":null,"image_url":"https://gdb.voanews.com/e1674c65-70bf-447b-91ba-e66a1dd93011_w1600_r1_n_s.jpg","is_clip":false,"item_type":"photo","item_type_label":"Photo","language_label":"Kurdish","media_credit":null,"micro_label":"Photo","micro_label_kind":"gallery","network_label":"VOA","network_logo_url":"/static/uploads/direct_network_logos/voa_1ef13eedbd2f.svg","published_at":"2026-09-02T11:33:21","published_at_display":"2 Sep 2026, 11:33 GMT","sequence_badge_label":null,"sequence_count":null,"sequence_count_label":null,"sequence_frames":[],"sequence_kind":null,"source_name":"dengiamerika_com_rss","source_name_label":"Dengiamerika","source_type":"rss","summary":"\u0633\u0648\u067e\u0627\u06cc \u0626\u06cc\u0633\u0631\u0627\u0626\u06cc\u0644 \u0695\u0627\u06cc\u06af\u06d5\u06cc\u0627\u0646\u062f \u0644\u06d5 \u0647\u06ce\u0631\u0634\u06ce\u06a9\u062f\u0627 \u0644\u06d5 \u06a9\u06d5\u0631\u062a\u06cc \u063a\u06d5\u0632\u0632\u06d5\u060c \u062a\u06d5\u0644\u0627\u0644 \u0645\u0633\u062a\u06d5\u0641\u0627 \u0633\u0627\u06b5\u062d \u0628\u06d5\u062f\u06d5\u0648\u06cc\u060c \u0641\u06d5\u0631\u0645\u0627\u0646\u062f\u06d5\u06cc \u0628\u06d5\u0634\u06cc \u0626\u0627\u0633\u0627\u06cc\u0634\u06cc \u0633\u06d5\u0631\u0628\u0627\u0632\u06cc \u0644\u06cc\u0648\u0627\u06cc \u063a\u06d5\u0632\u0632\u06d5\u06cc \u062d\u06d5\u0645\u0627\u0633 \u0648 \u0645\u06c6\u0645\u0646 \u0633\u06d5\u0639\u06cc\u062f \u0645\u062d\u06d5\u0645\u06d5\u062f \u062d\u06d5\u0648\u0627\u0631\u06cc \u0626\u06d5\u0646\u062f\u0627\u0645\u06cc \u0626\u06d5\u0648 \u06af\u0631\u0648\u0648\u067e\u06d5 \u06a9\u0648\u0698\u0631\u0627\u0648\u0646. \u0633\u0648\u067e\u0627\u06cc \u0626\u06cc\u0633\u0631\u0627\u0626\u06cc\u0644 \u0644\u06d5 \u067e\u06d5\u06cc\u0627\u0645\u06ce\u06a9\u062f\u0627 \u0644\u06d5 \u062a\u06c6\u0695\u06cc \u0626\u06ce\u06a9\u0633 \u0646\u0648\u0648\u0633\u06cc\u0648\u06cc\u06d5\u062a\u06cc \u0626\u06d5\u0648 \u062f\u0648\u0648 \u06a9\u06d5\u0633\u06d5 \u062f\u06d5\u0633\u062a\u06cc\u0627\u0646 \u0647\u06d5\u0628\u0648\u0648\u06d5 \u0644\u06d5 \u0626\u06d5\u0646\u062c\u0627\u0645\u062f\u0627\u0646\u06cc \u0647\u06ce\u0631\u0634\u06d5\u06a9\u0627\u0646 \u062f\u0698\u06cc \u0647\u0627\u0648\u0648\u06b5\u0627\u062a\u06cc\u0627\u0646\u06cc \u0645\u06d5\u062f\u06d5\u0646\u06cc \u0648 \u0647\u06ce\u0632\u06d5\u06a9\u0627\u0646\u06cc \u0633\u0648\u067e\u0627\u06cc \u0626\u06cc\u0633\u0631\u0627\u0626\u06cc\u0644 \u0648 \u06a9\u0627\u0631\u06cc\u0627\u0646 \u0628\u06c6 \u062f\u0648\u0648\u0628\u0627\u0631\u06d5 \u0628\u0646\u06cc\u0627\u062a\u0646\u0627\u0646\u06d5\u0648\u06d5\u06cc \u062a\u0648\u0627\u0646\u0627\u06a9\u0627\u0646\u06cc \u062d\u06d5\u0645\u0627\u0633 \u06a9\u0631\u062f\u0648\u0648\u06d5. \u0647\u06d5\u0631\u0648\u06d5\u0647\u0627 \u0644\u06d5 \u0628\u06d5\u06cc\u0627\u0646\u0646\u0627\u0645\u06d5\u06a9\u06d5\u06cc \u0633\u0648\u067e\u0627\u06cc \u0626\u06cc\u0633\u0631\u0627\u0626\u06cc\u0644\u062f\u0627 \u0647\u0627\u062a\u0648\u0648\u06d5 \u0626\u06d5\u0645 \u0686\u0627\u0644\u0627\u06a9\u06cc\u06cc\u0627\u0646\u06d5 \u0628\u06d5 \u0634\u06ce\u0648\u06d5\u06cc\u06d5\u06a9\u06cc \"\u0633\u06cc\u0633\u062a\u06d5\u0645\u0627\u062a\u06cc\u06a9\" \u0648 \u0628\u06d5 \u067e\u06ce\u0634\u06ce\u0644\u06a9\u0631\u062f\u0646\u06cc \u0626\u0627\u06af\u0631\u0628\u06d5\u0633\u062a \u0626\u06d5\u0646\u062c\u0627\u0645\u062f\u0631\u0627\u0648\u0646. \u0633\u0648\u067e\u0627\u06cc \u0626\u06cc\u0633\u0631\u0627\u0626\u06cc\u0644 \u0695\u0627\u06cc\u06af\u06d5\u06cc\u0627\u0646\u062f\u0648\u0648\u06d5 \u0626\u0627\u0645\u0627\u0646\u062c\u06cc \u0647\u06ce\u0631\u0634\u06d5\u06a9\u06d5 \u0646\u06d5\u0647\u06ce\u0634\u062a\u0646\u06cc \u0626\u06d5\u0648 \u0634\u062a\u06d5\u06cc\u06d5 \u06a9\u06d5 \u0628\u06d5 \"\u0647\u06d5\u0695\u06d5\u0634\u06d5\u06cc \u062f\u06d5\u0633\u062a\u0628\u06d5\u062c\u06ce\" \u0644\u06d5\u0644\u0627\u06cc\u06d5\u0646 \u0626\u06d5\u0648 \u062f\u0648\u0648 \u06a9\u06d5\u0633\u06d5\u0648\u06d5 \u0646\u0627\u0648\u06cc \u0628\u0631\u062f\u0648\u0648\u06d5.","title":"\u0633\u0648\u067e\u0627\u06cc \u0626\u06cc\u0633\u0631\u0627\u0626\u06cc\u0644 \u062f\u06d5\u06b5\u06ce\u062a \u062f\u0648\u0648 \u0626\u06d5\u0646\u062f\u0627\u0645\u06cc \u062d\u06d5\u0645\u0627\u0633 \u0644\u06d5 \u063a\u06d5\u0632\u0632\u06d5 \u06a9\u0648\u0698\u0631\u0627\u0648\u0646","topic":null,"translation_language":"","url":"https://www.dengiamerika.com/a/8193284.html","video_url":null},{"article_body_paragraphs":[],"audio_source_url":null,"author":"\u041e\u043b\u0435\u043d\u0430 \u0410\u0431\u0440\u0430\u043c\u043e\u0432\u0438\u0447, \u0413\u0430\u043d\u043d\u0430 \u041f\u0435\u0440\u0432\u0430\u043a","available_dubs":[],"downloadable_assets":["https://gdb.rferl.org/3d1f2207-87dc-4c58-8e6c-144a9966e99f_w1600_r1_n_s.jpg"],"duration_display":"0:00","duration_seconds":null,"embed_url":null,"id":12945,"image_caption":"\u0423\u0440\u0441\u0443\u043b\u0430 \u0444\u043e\u043d \u0434\u0435\u0440 \u041b\u044f\u0454\u043d \u043f\u043e\u0432\u0456\u0434\u043e\u043c\u0438\u043b\u0430, \u0449\u043e \u0439\u0434\u0435\u0442\u044c\u0441\u044f \u043f\u0440\u043e \u043a\u0456\u043b\u044c\u043a\u0430 \u043c\u0456\u043b\u044c\u044f\u0440\u0434\u0456\u0432 \u0454\u0432\u0440\u043e, \u044f\u043a\u0456 \u043c\u0430\u044e\u0442\u044c \u043f\u0456\u0442\u0438 \u043d\u0430 \u043f\u0440\u043e\u0442\u0438\u043f\u043e\u0432\u0456\u0442\u0440\u044f\u043d\u0443 \u043e\u0431\u043e\u0440\u043e\u043d\u0443 \u0423\u043a\u0440\u0430\u0457\u043d\u0438, \u0437\u043e\u043a\u0440\u0435\u043c\u0430 \u043d\u0430 \u0432\u0438\u0441\u043e\u043a\u043e\u0442\u0435\u0445\u043d\u043e\u043b\u043e\u0433\u0456\u0447\u043d\u0456 \u0441\u0438\u0441\u0442\u0435\u043c\u0438 Patriot PAC-3","image_url":"https://gdb.rferl.org/3d1f2207-87dc-4c58-8e6c-144a9966e99f_w1600_r1_n_s.jpg","is_clip":false,"item_type":"photo","item_type_label":"Photo","language_label":"Russian","media_credit":"\u041e\u043b\u0435\u043d\u0430 \u0410\u0431\u0440\u0430\u043c\u043e\u0432\u0438\u0447, \u0413\u0430\u043d\u043d\u0430 \u041f\u0435\u0440\u0432\u0430\u043a","micro_label":"Photo","micro_label_kind":"gallery","network_label":"RFE/RL","network_logo_url":"/static/uploads/direct_network_logos/rfe_rl_e69d397fdd7d.png","published_at":"2026-09-02T11:24:25","published_at_display":"2 Sep 2026, 11:24 GMT","sequence_badge_label":null,"sequence_count":null,"sequence_count_label":null,"sequence_frames":[],"sequence_kind":null,"source_name":"radiosvoboda_org_rss","source_name_label":"Radiosvoboda","source_type":"rss","summary":"\u0423\u0440\u0441\u0443\u043b\u0430 \u0444\u043e\u043d \u0434\u0435\u0440 \u041b\u044f\u0454\u043d \u043f\u043e\u0432\u0456\u0434\u043e\u043c\u0438\u043b\u0430, \u0449\u043e \u0439\u0434\u0435\u0442\u044c\u0441\u044f \u043f\u0440\u043e \u043a\u0456\u043b\u044c\u043a\u0430 \u043c\u0456\u043b\u044c\u044f\u0440\u0434\u0456\u0432 \u0454\u0432\u0440\u043e, \u044f\u043a\u0456 \u043c\u0430\u044e\u0442\u044c \u043f\u0456\u0442\u0438 \u043d\u0430 \u043f\u0440\u043e\u0442\u0438\u043f\u043e\u0432\u0456\u0442\u0440\u044f\u043d\u0443 \u043e\u0431\u043e\u0440\u043e\u043d\u0443 \u0423\u043a\u0440\u0430\u0457\u043d\u0438, \u0437\u043e\u043a\u0440\u0435\u043c\u0430 \u043d\u0430 \u0432\u0438\u0441\u043e\u043a\u043e\u0442\u0435\u0445\u043d\u043e\u043b\u043e\u0433\u0456\u0447\u043d\u0456 \u0441\u0438\u0441\u0442\u0435\u043c\u0438 Patriot PAC-3","title":"\u0423\u043a\u0440\u0430\u0457\u043d\u0430 \u0432\u043f\u0435\u0440\u0448\u0435 \u043f\u043e\u043f\u0440\u043e\u0441\u0438\u043b\u0430 \u0404\u0421 \u043f\u0440\u043e\u0444\u0456\u043d\u0430\u043d\u0441\u0443\u0432\u0430\u0442\u0438 \u0440\u0430\u043a\u0435\u0442\u0438 \u0434\u043b\u044f Patriot \u0437 \u043a\u0440\u0435\u0434\u0438\u0442\u0443 \u043d\u0430 90 \u043c\u043b\u0440\u0434 \u0454\u0432\u0440\u043e","topic":null,"translation_language":"","url":"https://www.radiosvoboda.org/a/news-fon-der-lyayen-patriot-ppo-ukrayina-zvernennya/33845513.html","video_url":null},{"article_body_paragraphs":[],"audio_source_url":null,"author":null,"available_dubs":[],"downloadable_assets":["https://gdb.voanews.com/bce747a0-a29f-4c3f-d8e5-08ddeae678fe_w1600_r1_n_s.jpg"],"duration_display":"0:00","duration_seconds":null,"embed_url":null,"id":12961,"image_caption":"Ar\u015f\u00eev: Endam\u00ean IDF li Bakur\u00ea Xezay\u00ea","image_url":"https://gdb.voanews.com/bce747a0-a29f-4c3f-d8e5-08ddeae678fe_w1600_r1_n_s.jpg","is_clip":false,"item_type":"photo","item_type_label":"Photo","language_label":"Kurdish","media_credit":null,"micro_label":"Photo","micro_label_kind":"gallery","network_label":"VOA","network_logo_url":"/static/uploads/direct_network_logos/voa_1ef13eedbd2f.svg","published_at":"2026-09-02T11:23:43","published_at_display":"2 Sep 2026, 11:23 GMT","sequence_badge_label":null,"sequence_count":null,"sequence_count_label":null,"sequence_frames":[],"sequence_kind":null,"source_name":"dengeamerika_com_rss","source_name_label":"Dengeamerika","source_type":"rss","summary":"Ar\u015f\u00eev: Endam\u00ean IDF li Bakur\u00ea Xezay\u00ea","title":"\u00cesra\u00eel Dib\u00eaje w\u00ea Fermandarek \u00fb Endamek\u00ee Hemas\u00ea li Xezay\u00ea Ku\u015ftine","topic":null,"translation_language":"","url":"https://www.dengeamerika.com/a/israil-hemas-hizbullah/8193282.html","video_url":null},{"article_body_paragraphs":[],"audio_source_url":null,"author":"\u041e\u043b\u0435\u043a\u0441\u0456\u0439 \u041f\u0440\u043e\u0434\u0430\u0439\u0432\u043e\u0434\u0430, \u041c\u0438\u043a\u043e\u043b\u0430 \u0420\u0438\u0436\u0447\u0435\u043d\u043a\u043e, \u00ab\u041d\u0430\u0441\u0442\u043e\u044f\u0449\u0435\u0435 \u0432\u0440\u0435\u043c\u044f\u00bb","available_dubs":[],"downloadable_assets":["https://gdb.rferl.org/75ad416e-e856-43dc-eaea-08def2afcad7_w1600_r1_n_s.jpg"],"duration_display":"0:00","duration_seconds":null,"embed_url":null,"id":12947,"image_caption":"\u041f\u0435\u0440\u0448\u043e\u043a\u043b\u0430\u0441\u043d\u0438\u043a\u0438 \u0443 \u0441\u0432\u0456\u0439 \u043f\u0435\u0440\u0448\u0438\u0439 \u0434\u0435\u043d\u044c \u043d\u0430\u0432\u0447\u0430\u043b\u044c\u043d\u043e\u0433\u043e \u0440\u043e\u043a\u0443 \u0432 \u0448\u043a\u0456\u043b\u044c\u043d\u043e\u043c\u0443 \u0443\u043a\u0440\u0438\u0442\u0442\u0456 \u043f\u0456\u0434 \u0447\u0430\u0441 \u0443\u0434\u0430\u0440\u0443 \u0440\u043e\u0441\u0456\u0439\u0441\u044c\u043a\u043e\u0433\u043e \u0431\u0435\u0437\u043f\u0456\u043b\u043e\u0442\u043d\u0438\u043a\u0430. \u041e\u0434\u0438\u043d \u0456\u0437 \u043d\u0430\u0432\u0447\u0430\u043b\u044c\u043d\u0438\u0445 \u0437\u0430\u043a\u043b\u0430\u0434\u0456\u0432 \u0443 \u041a\u0438\u0454\u0432\u0456, 1 \u0432\u0435\u0440\u0435\u0441\u043d\u044f 2026 \u0440\u043e\u043a\u0443","image_url":"https://gdb.rferl.org/75ad416e-e856-43dc-eaea-08def2afcad7_w1600_r1_n_s.jpg","is_clip":false,"item_type":"photo","item_type_label":"Photo","language_label":"Russian","media_credit":"\u041e\u043b\u0435\u043a\u0441\u0456\u0439 \u041f\u0440\u043e\u0434\u0430\u0439\u0432\u043e\u0434\u0430, \u041c\u0438\u043a\u043e\u043b\u0430 \u0420\u0438\u0436\u0447\u0435\u043d\u043a\u043e, \u00ab\u041d\u0430\u0441\u0442\u043e\u044f\u0449\u0435\u0435 \u0432\u0440\u0435\u043c\u044f\u00bb","micro_label":"Photo","micro_label_kind":"gallery","network_label":"RFE/RL","network_logo_url":"/static/uploads/direct_network_logos/rfe_rl_e69d397fdd7d.png","published_at":"2026-09-02T11:23:26","published_at_display":"2 Sep 2026, 11:23 GMT","sequence_badge_label":null,"sequence_count":null,"sequence_count_label":null,"sequence_frames":[],"sequence_kind":null,"source_name":"radiosvoboda_org_rss","source_name_label":"Radiosvoboda","source_type":"rss","summary":"\u041f\u0435\u0440\u0448\u043e\u043a\u043b\u0430\u0441\u043d\u0438\u043a\u0438 \u0443 \u0441\u0432\u0456\u0439 \u043f\u0435\u0440\u0448\u0438\u0439 \u0434\u0435\u043d\u044c \u043d\u0430\u0432\u0447\u0430\u043b\u044c\u043d\u043e\u0433\u043e \u0440\u043e\u043a\u0443 \u0432 \u0448\u043a\u0456\u043b\u044c\u043d\u043e\u043c\u0443 \u0443\u043a\u0440\u0438\u0442\u0442\u0456 \u043f\u0456\u0434 \u0447\u0430\u0441 \u0443\u0434\u0430\u0440\u0443 \u0440\u043e\u0441\u0456\u0439\u0441\u044c\u043a\u043e\u0433\u043e \u0431\u0435\u0437\u043f\u0456\u043b\u043e\u0442\u043d\u0438\u043a\u0430. \u041e\u0434\u0438\u043d \u0456\u0437 \u043d\u0430\u0432\u0447\u0430\u043b\u044c\u043d\u0438\u0445 \u0437\u0430\u043a\u043b\u0430\u0434\u0456\u0432 \u0443 \u041a\u0438\u0454\u0432\u0456, 1 \u0432\u0435\u0440\u0435\u0441\u043d\u044f 2026 \u0440\u043e\u043a\u0443","title":"\u00ab\u041a\u0438\u0457\u0432 \u0441\u0442\u0430\u0454 \u0441\u0445\u043e\u0436\u0438\u043c \u043d\u0430 \u0425\u0430\u0440\u043a\u0456\u0432\u00bb: \u044f\u043a \u0443\u043a\u0440\u0430\u0457\u043d\u0441\u044c\u043a\u0456 \u0434\u0456\u0442\u0438 \u043f\u043e\u0447\u0430\u043b\u0438 \u043d\u0430\u0432\u0447\u0430\u043b\u044c\u043d\u0438\u0439 \u0440\u0456\u043a \u043f\u0456\u0434 \u043e\u0431\u0441\u0442\u0440\u0456\u043b\u0430\u043c\u0438","topic":null,"translation_language":"","url":"https://www.radiosvoboda.org/a/kyyiv-navchalnyy-rik-obstrily/33845476.html","video_url":null},{"article_body_paragraphs":[],"audio_source_url":null,"author":null,"available_dubs":[],"downloadable_assets":["https://gdb.voanews.com/8d5acd8c-4d7f-44ec-9764-df2544d579c4_cx37_cy7_cw62_w1600_r1_n_s.jpg"],"duration_display":"0:00","duration_seconds":null,"embed_url":null,"id":12965,"image_caption":"\u062f\u06c6\u0646\u0627\u06b5\u062f \u062a\u0631\u0627\u0645\u067e","image_url":"https://gdb.voanews.com/8d5acd8c-4d7f-44ec-9764-df2544d579c4_cx37_cy7_cw62_w1600_r1_n_s.jpg","is_clip":false,"item_type":"photo","item_type_label":"Photo","language_label":"Kurdish","media_credit":null,"micro_label":"Photo","micro_label_kind":"gallery","network_label":"VOA","network_logo_url":"/static/uploads/direct_network_logos/voa_1ef13eedbd2f.svg","published_at":"2026-09-02T11:22:48","published_at_display":"2 Sep 2026, 11:22 GMT","sequence_badge_label":null,"sequence_count":null,"sequence_count_label":null,"sequence_frames":[],"sequence_kind":null,"source_name":"dengiamerika_com_rss","source_name_label":"Dengiamerika","source_type":"rss","summary":"\u062f\u06c6\u0646\u0627\u06b5\u062f \u062a\u0631\u0627\u0645\u067e","title":"\u062a\u0631\u0627\u0645\u067e: \u062e\u06d5\u06b5\u06a9\u06cc \u0626\u06ce\u0631\u0627\u0646 \u06a9\u06d5\u06cc \u0628\u06d5 \u062a\u06d5\u0645\u0627\u0646 \u0695\u0627\u067e\u06d5\u0695\u0646\u061f","topic":null,"translation_language":"","url":"https://www.dengiamerika.com/a/8193281.html","video_url":null},{"article_body_paragraphs":[],"audio_source_url":null,"author":null,"available_dubs":[],"downloadable_assets":["https://gdb.rferl.org/C4B8B1CB-2C10-468E-8DDC-30C22A2D5E2B_cx0_cy11_cw0_w1600_r1_n_s.jpg"],"duration_display":"0:00","duration_seconds":null,"embed_url":null,"id":13185,"image_caption":null,"image_url":"https://gdb.rferl.org/C4B8B1CB-2C10-468E-8DDC-30C22A2D5E2B_cx0_cy11_cw0_w1600_r1_n_s.jpg","is_clip":false,"item_type":"photo","item_type_label":"Photo","language_label":"Russian","media_credit":null,"micro_label":"Photo","micro_label_kind":"gallery","network_label":"RFE/RL","network_logo_url":"/static/uploads/direct_network_logos/rfe_rl_e69d397fdd7d.png","published_at":"2026-09-02T11:16:09","published_at_display":"2 Sep 2026, 11:16 GMT","sequence_badge_label":null,"sequence_count":null,"sequence_count_label":null,"sequence_frames":[],"sequence_kind":null,"source_name":"svoboda_org_rss","source_name_label":"Svoboda","source_type":"rss","summary":"\u041f\u043e\u0441\u043b\u0435 \u0441\u043b\u043e\u0432 \u0412\u043b\u0430\u0434\u0438\u043c\u0438\u0440\u0430 \u0417\u0435\u043b\u0435\u043d\u0441\u043a\u043e\u0433\u043e \u043e \u043d\u0435\u0431\u0435\u0437\u043e\u043f\u0430\u0441\u043d\u043e\u043c \u043d\u0435\u0431\u0435 \u043d\u0430\u0434 \u0420\u043e\u0441\u0441\u0438\u0435\u0439","title":"\u0422\u0443\u0440\u0435\u0446\u043a\u0430\u044f Pegasus \u0440\u0430\u0437\u0432\u0435\u0440\u043d\u0443\u043b\u0430 \u043d\u0435\u0441\u043a\u043e\u043b\u044c\u043a\u043e \u043b\u0435\u0442\u0435\u0432\u0448\u0438\u0445 \u0432 \u041c\u043e\u0441\u043a\u0432\u0443 \u0441\u0430\u043c\u043e\u043b\u0451\u0442\u043e\u0432","topic":null,"translation_language":"","url":"https://www.svoboda.org/a/turetskaya-pegasus-razvernula-neskoljko-letevshih-v-moskvu-samolyotov/33845505.html","video_url":null},{"article_body_paragraphs":[],"audio_source_url":null,"author":null,"available_dubs":[],"downloadable_assets":["https://gdb.currenttime.tv/0748b1f1-80f2-414c-9110-08ddfa9b85de_w1600_r1_n_s.jpg"],"duration_display":"0:00","duration_seconds":null,"embed_url":null,"id":12957,"image_caption":"\u0415\u043a\u0430\u0442\u0435\u0440\u0438\u043d\u0430 \u041a\u043e\u0442\u0440\u0438\u043a\u0430\u0434\u0437\u0435","image_url":"https://gdb.currenttime.tv/0748b1f1-80f2-414c-9110-08ddfa9b85de_w1600_r1_n_s.jpg","is_clip":false,"item_type":"photo","item_type_label":"Photo","language_label":"Russian","media_credit":null,"micro_label":"Photo","micro_label_kind":"gallery","network_label":"Current Time","network_logo_url":"/static/uploads/direct_network_logos/current_time_a06e750f4eb5.png","published_at":"2026-09-02T11:16:09","published_at_display":"2 Sep 2026, 11:16 GMT","sequence_badge_label":null,"sequence_count":null,"sequence_count_label":null,"sequence_frames":[],"sequence_kind":null,"source_name":"currenttime_tv_rss","source_name_label":"Current Time","source_type":"rss","summary":"\u0415\u043a\u0430\u0442\u0435\u0440\u0438\u043d\u0430 \u041a\u043e\u0442\u0440\u0438\u043a\u0430\u0434\u0437\u0435","title":"\u041f\u0440\u043e\u0442\u0438\u0432 \u0432\u0435\u0434\u0443\u0449\u0435\u0439 \"\u0414\u043e\u0436\u0434\u044f\" \u0415\u043a\u0430\u0442\u0435\u0440\u0438\u043d\u044b \u041a\u043e\u0442\u0440\u0438\u043a\u0430\u0434\u0437\u0435 \u0437\u0430\u0432\u0435\u043b\u0438 \u0443\u0433\u043e\u043b\u043e\u0432\u043d\u043e\u0435 \u0434\u0435\u043b\u043e \u043e \u043d\u0435\u0438\u0441\u043f\u043e\u043b\u043d\u0435\u043d\u0438\u0438 \"\u0438\u043d\u043e\u0430\u0433\u0435\u043d\u0442\u0441\u043a\u043e\u0433\u043e\" \u0437\u0430\u043a\u043e\u043d\u043e\u0434\u0430\u0442\u0435\u043b\u044c\u0441\u0442\u0432\u0430","topic":null,"translation_language":"","url":"https://www.currenttime.tv/a/protiv-veduschey-dozhdya-ekateriny-kotrikadze-zaveli-delo-o-neispolnenii-inoagenstkogo-zakonodatelstva/33845506.html","video_url":null},{"article_body_paragraphs":[],"audio_source_url":null,"author":null,"available_dubs":[],"downloadable_assets":["https://gdb.rferl.org/C4B8B1CB-2C10-468E-8DDC-30C22A2D5E2B_cx0_cy11_cw0_w1600_r1_n_s.jpg"],"duration_display":"0:00","duration_seconds":null,"embed_url":null,"id":12941,"image_caption":null,"image_url":"https://gdb.rferl.org/C4B8B1CB-2C10-468E-8DDC-30C22A2D5E2B_cx0_cy11_cw0_w1600_r1_n_s.jpg","is_clip":false,"item_type":"photo","item_type_label":"Photo","language_label":"Russian","media_credit":null,"micro_label":"Photo","micro_label_kind":"gallery","network_label":"RFE/RL","network_logo_url":"/static/uploads/direct_network_logos/rfe_rl_e69d397fdd7d.png","published_at":"2026-09-02T11:16:09","published_at_display":"2 Sep 2026, 11:16 GMT","sequence_badge_label":null,"sequence_count":null,"sequence_count_label":null,"sequence_frames":[],"sequence_kind":null,"source_name":"svoboda_org_rss","source_name_label":"Svoboda","source_type":"rss","summary":"\u041f\u043e\u0441\u043b\u0435 \u0441\u043b\u043e\u0432 \u0412\u043b\u0430\u0434\u0438\u043c\u0438\u0440\u0430 \u0417\u0435\u043b\u0435\u043d\u0441\u043a\u043e\u0433\u043e \u043e \u043d\u0435\u0431\u0435\u0437\u043e\u043f\u0430\u0441\u043d\u043e\u043c \u043d\u0435\u0431\u0435 \u043d\u0430\u0434 \u0420\u043e\u0441\u0441\u0438\u0435\u0439","title":"\u0422\u0443\u0440\u0435\u0446\u043a\u0430\u044f Pegasus \u0440\u0430\u0437\u0432\u0435\u0440\u043d\u0443\u043b\u0430 \u043d\u0435\u0441\u043a\u043e\u043b\u044c\u043a\u043e \u043b\u0435\u0442\u0435\u0432\u0448\u0438\u0445 \u0432 \u041c\u043e\u0441\u043a\u0432\u0443 \u0441\u0430\u043c\u043e\u043b\u0451\u0442\u043e\u0432","topic":null,"translation_language":"","url":"https://www.svoboda.org/a/turetskaya-pegasus-razvernula-neskoljko-letevshih-v-moskvu-samolyotov/33845505.html","video_url":null},{"article_body_paragraphs":[],"audio_source_url":null,"author":"\u0635\u062f\u0627\u06cc \u0622\u0645\u0631\u064a\u06a9\u0627","available_dubs":[],"downloadable_assets":["https://gdb.voanews.com/98dc9540-0d39-43f2-b3f6-fbd9437e1740_cx0_cy6_cw0_w1600_r1_n_s.jpg"],"duration_display":"0:00","duration_seconds":null,"embed_url":null,"id":12959,"image_caption":null,"image_url":"https://gdb.voanews.com/98dc9540-0d39-43f2-b3f6-fbd9437e1740_cx0_cy6_cw0_w1600_r1_n_s.jpg","is_clip":false,"item_type":"photo","item_type_label":"Photo","language_label":"Persian","media_credit":"\u0635\u062f\u0627\u06cc \u0622\u0645\u0631\u064a\u06a9\u0627","micro_label":"Photo","micro_label_kind":"gallery","network_label":"VOA","network_logo_url":"/static/uploads/direct_network_logos/voa_1ef13eedbd2f.svg","published_at":"2026-09-02T11:12:26","published_at_display":"2 Sep 2026, 11:12 GMT","sequence_badge_label":null,"sequence_count":null,"sequence_count_label":null,"sequence_frames":[],"sequence_kind":null,"source_name":"ir_voanews_com_rss","source_name_label":"Ir VOA News","source_type":"rss","summary":"\u0648\u0632\u0627\u0631\u062a \u062f\u0627\u062f\u06af\u0633\u062a\u0631\u06cc \u0622\u0645\u0631\u06cc\u06a9\u0627 \u0627\u0639\u0644\u0627\u0645 \u06a9\u0631\u062f \u0628\u06cc\u0634 \u0627\u0632 \u06f5\u06f6\u06f0 \u0647\u0632\u0627\u0631 \u062f\u0644\u0627\u0631 \u06a9\u0645\u06a9\u200c\u0647\u0627\u06cc \u0631\u0645\u0632\u0627\u0631\u0632\u06cc \u062f\u0631 \u0631\u0627\u0647 \u062d\u0645\u0627\u0633 \u0631\u0627 \u0636\u0628\u0637 \u06a9\u0631\u062f\u0647 \u0627\u0633\u062a. \u0628\u0631 \u067e\u0627\u06cc\u0647 \u0628\u06cc\u0627\u0646\u06cc\u0647 \u0627\u06cc\u0646 \u0648\u0632\u0627\u0631\u062a\u062e\u0627\u0646\u0647\u060c \u067e\u0644\u062a\u0641\u0631\u0645\u200c\u0647\u0627 \u0648 \u067e\u0627\u06cc\u06af\u0627\u0647\u200c\u0647\u0627\u06cc \u0627\u06cc\u0646\u062a\u0631\u0646\u062a\u06cc \u062c\u0630\u0628 \u06a9\u0645\u06a9 \u0645\u0627\u0644\u06cc \u0648 \u0639\u0636\u0648\u06af\u06cc\u0631\u06cc \u062d\u0645\u0627\u0633 \u0646\u06cc\u0632 \u0627\u0632 \u06a9\u0627\u0631 \u0627\u0646\u062f\u0627\u062e\u062a\u0647 \u0634\u062f.","title":"\u0622\u0645\u0631\u06cc\u06a9\u0627 \u06f5\u06f6\u06f0 \u0647\u0632\u0627\u0631 \u062f\u0644\u0627\u0631 \u06a9\u0645\u06a9 \u0631\u0645\u0632\u0627\u0631\u0632\u06cc \u062f\u0631 \u0631\u0627\u0647 \u062d\u0645\u0627\u0633 \u0631\u0627 \u0636\u0628\u0637 \u06a9\u0631\u062f","topic":null,"translation_language":"","url":"https://ir.voanews.com/a/8193283.html","video_url":null},{"article_body_paragraphs":[],"audio_source_url":null,"author":"\u0413\u0430\u043d\u043d\u0430 \u041f\u0435\u0440\u0432\u0430\u043a","available_dubs":[],"downloadable_assets":["https://gdb.rferl.org/EB35477E-3909-4D75-A10E-0263A0FA89C6_w1600_r1_n_s.jpg"],"duration_display":"0:00","duration_seconds":null,"embed_url":null,"id":12949,"image_caption":"\u041e\u0447\u0456\u043b\u044c\u043d\u0438\u043a \u041e\u041f\u0423, \u043a\u043e\u043b\u0438\u0448\u043d\u0456\u0439 \u043a\u0435\u0440\u0456\u0432\u043d\u0438\u043a \u0413\u0423\u0420 \u041a\u0438\u0440\u0438\u043b\u043e \u0411\u0443\u0434\u0430\u043d\u043e\u0432 \u0437\u0430\u044f\u0432\u0438\u0432, \u0449\u043e \u00ab\u0432\u0430\u0436\u043b\u0438\u0432\u043e \u0437\u0430\u0431\u0435\u0437\u043f\u0435\u0447\u0438\u0442\u0438 \u0440\u0435\u0442\u0435\u043b\u044c\u043d\u0435 \u0442\u0430 \u043d\u0435\u0443\u043f\u0435\u0440\u0435\u0434\u0436\u0435\u043d\u0435 \u0440\u043e\u0437\u0441\u043b\u0456\u0434\u0443\u0432\u0430\u043d\u043d\u044f\u00bb","image_url":"https://gdb.rferl.org/EB35477E-3909-4D75-A10E-0263A0FA89C6_w1600_r1_n_s.jpg","is_clip":false,"item_type":"photo","item_type_label":"Photo","language_label":"Russian","media_credit":"\u0413\u0430\u043d\u043d\u0430 \u041f\u0435\u0440\u0432\u0430\u043a","micro_label":"Photo","micro_label_kind":"gallery","network_label":"RFE/RL","network_logo_url":"/static/uploads/direct_network_logos/rfe_rl_e69d397fdd7d.png","published_at":"2026-09-02T11:05:43","published_at_display":"2 Sep 2026, 11:05 GMT","sequence_badge_label":null,"sequence_count":null,"sequence_count_label":null,"sequence_frames":[],"sequence_kind":null,"source_name":"radiosvoboda_org_rss","source_name_label":"Radiosvoboda","source_type":"rss","summary":"\u041e\u0447\u0456\u043b\u044c\u043d\u0438\u043a \u041e\u041f\u0423, \u043a\u043e\u043b\u0438\u0448\u043d\u0456\u0439 \u043a\u0435\u0440\u0456\u0432\u043d\u0438\u043a \u0413\u0423\u0420 \u041a\u0438\u0440\u0438\u043b\u043e \u0411\u0443\u0434\u0430\u043d\u043e\u0432 \u0437\u0430\u044f\u0432\u0438\u0432, \u0449\u043e \u00ab\u0432\u0430\u0436\u043b\u0438\u0432\u043e \u0437\u0430\u0431\u0435\u0437\u043f\u0435\u0447\u0438\u0442\u0438 \u0440\u0435\u0442\u0435\u043b\u044c\u043d\u0435 \u0442\u0430 \u043d\u0435\u0443\u043f\u0435\u0440\u0435\u0434\u0436\u0435\u043d\u0435 \u0440\u043e\u0437\u0441\u043b\u0456\u0434\u0443\u0432\u0430\u043d\u043d\u044f\u00bb","title":"\u041a\u043e\u043d\u0444\u043b\u0456\u043a\u0442 \u043c\u0456\u0436 \u0421\u0411\u0423 \u0456 \u0413\u0423\u0420: \u0432 \u041e\u0444\u0456\u0441\u0456 \u043f\u0440\u0435\u0437\u0438\u0434\u0435\u043d\u0442\u0430 \u0432\u0456\u0434\u0440\u0435\u0430\u0433\u0443\u0432\u0430\u043b\u0438, \u043f\u0440\u0435\u0434\u0441\u0442\u0430\u0432\u043d\u0438\u043a \u041a\u0430\u043f\u043b\u0443\u043d\u043e\u0432\u0430 \u0440\u043e\u0437\u043f\u043e\u0432\u0456\u0432 \u0441\u0432\u043e\u044e \u0432\u0435\u0440\u0441\u0456\u044e \u043f\u043e\u0434\u0456\u0439","topic":null,"translation_language":"","url":"https://www.radiosvoboda.org/a/news-borovskyy-hur-sbu-konflikt/33845487.html","video_url":null},{"article_body_paragraphs":[],"audio_source_url":null,"author":"\u0420\u0430\u0434\u0456\u043e \u0421\u0432\u043e\u0431\u043e\u0434\u0430","available_dubs":[],"downloadable_assets":["https://gdb.rferl.org/56868EE7-38BB-4D97-82EA-4B36A731D0E9_w1600_r1_n_s.jpg"],"duration_display":"0:00","duration_seconds":null,"embed_url":null,"id":12951,"image_caption":"\u041f\u0440\u043e \u0446\u0435 \u0439\u0434\u0435\u0442\u044c\u0441\u044f \u0432 \u0443\u043a\u0430\u0437\u0456 \u0412\u043e\u043b\u043e\u0434\u0438\u043c\u0438\u0440\u0430 \u0417\u0435\u043b\u0435\u043d\u0441\u044c\u043a\u043e\u0433\u043e \u0432\u0456\u0434 2 \u0432\u0435\u0440\u0435\u0441\u043d\u044f 2026 \u0440\u043e\u043a\u0443","image_url":"https://gdb.rferl.org/56868EE7-38BB-4D97-82EA-4B36A731D0E9_w1600_r1_n_s.jpg","is_clip":false,"item_type":"photo","item_type_label":"Photo","language_label":"Russian","media_credit":"\u0420\u0430\u0434\u0456\u043e \u0421\u0432\u043e\u0431\u043e\u0434\u0430","micro_label":"Photo","micro_label_kind":"gallery","network_label":"RFE/RL","network_logo_url":"/static/uploads/direct_network_logos/rfe_rl_e69d397fdd7d.png","published_at":"2026-09-02T11:01:34","published_at_display":"2 Sep 2026, 11:01 GMT","sequence_badge_label":null,"sequence_count":null,"sequence_count_label":null,"sequence_frames":[],"sequence_kind":null,"source_name":"radiosvoboda_org_rss","source_name_label":"Radiosvoboda","source_type":"rss","summary":"\u041f\u0440\u043e \u0446\u0435 \u0439\u0434\u0435\u0442\u044c\u0441\u044f \u0432 \u0443\u043a\u0430\u0437\u0456 \u0412\u043e\u043b\u043e\u0434\u0438\u043c\u0438\u0440\u0430 \u0417\u0435\u043b\u0435\u043d\u0441\u044c\u043a\u043e\u0433\u043e \u0432\u0456\u0434 2 \u0432\u0435\u0440\u0435\u0441\u043d\u044f 2026 \u0440\u043e\u043a\u0443","title":"\u0417\u0435\u043b\u0435\u043d\u0441\u044c\u043a\u0438\u0439 \u0437\u043c\u0456\u043d\u0438\u0432 \u043a\u043e\u043c\u0430\u043d\u0434\u0443\u0432\u0430\u0447\u0430 \u0421\u0443\u0445\u043e\u043f\u0443\u0442\u043d\u0438\u0445 \u0432\u0456\u0439\u0441\u044c\u043a \u0417\u0421\u0423","topic":null,"translation_language":"","url":"https://www.radiosvoboda.org/a/news-zelensky-zminyv-komanduvach-sukhoputni-viiska/33845492.html","video_url":null},{"article_body_paragraphs":[],"audio_source_url":null,"author":"\u0635\u062f\u0627\u06cc \u0622\u0645\u0631\u064a\u06a9\u0627","available_dubs":[],"downloadable_assets":["https://gdb.voanews.com/de42300d-5da1-4431-319c-08de3c9a2615_cx0_cy5_cw0_w1600_r1_n_s.jpeg"],"duration_display":"0:00","duration_seconds":null,"embed_url":null,"id":12937,"image_caption":null,"image_url":"https://gdb.voanews.com/de42300d-5da1-4431-319c-08de3c9a2615_cx0_cy5_cw0_w1600_r1_n_s.jpeg","is_clip":false,"item_type":"photo","item_type_label":"Photo","language_label":"Persian","media_credit":"\u0635\u062f\u0627\u06cc \u0622\u0645\u0631\u064a\u06a9\u0627","micro_label":"Photo","micro_label_kind":"gallery","network_label":"VOA","network_logo_url":"/static/uploads/direct_network_logos/voa_1ef13eedbd2f.svg","published_at":"2026-09-02T10:58:48","published_at_display":"2 Sep 2026, 10:58 GMT","sequence_badge_label":null,"sequence_count":null,"sequence_count_label":null,"sequence_frames":[],"sequence_kind":null,"source_name":"ir_voanews_com_rss","source_name_label":"Ir VOA News","source_type":"rss","summary":"\u0627\u0631\u062a\u0634 \u0622\u0645\u0631\u06cc\u06a9\u0627 \u062f\u0631 \u062c\u0631\u06cc\u0627\u0646 \u062d\u0645\u0644\u0627\u062a \u0631\u0648\u0632 \u0633\u0647\u200c\u0634\u0646\u0628\u0647 \u062f\u0648 \u0646\u0641\u062a\u06a9\u0634 \u0645\u062a\u0639\u0644\u0642 \u0628\u0647 \u062f\u0648\u0644\u062a \u062c\u0645\u0647\u0648\u0631\u06cc \u0627\u0633\u0644\u0627\u0645\u06cc \u0631\u0627 \u0647\u062f\u0641 \u0642\u0631\u0627\u0631 \u062f\u0627\u062f. \u0645\u0642\u0627\u0645\u200c\u0647\u0627\u06cc \u0622\u0645\u0631\u06cc\u06a9\u0627\u06cc\u06cc \u0628\u0647 \u067e\u0627\u06cc\u06af\u0627\u0647 \u062e\u0628\u0631\u06cc \u0622\u06a9\u0633\u06cc\u0648\u0633 \u06af\u0641\u062a\u0646\u062f \u0627\u06cc\u0646 \u0627\u0642\u062f\u0627\u0645 \u0628\u062e\u0634\u06cc \u0627\u0632 \u0633\u06cc\u0627\u0633\u062a \u062a\u0627\u0632\u0647\u200c\u0627\u06cc \u0628\u0647 \u0646\u0627\u0645 \u00ab\u0646\u0641\u062a\u06a9\u0634 \u062f\u0631 \u0628\u0631\u0627\u0628\u0631 \u0646\u0641\u062a\u06a9\u0634\u00bb \u0627\u0633\u062a \u06a9\u0647 \u062f\u0648\u0646\u0627\u0644\u062f \u062a\u0631\u0627\u0645\u067e\u060c \u0631\u0626\u06cc\u0633\u200c\u062c\u0645\u0647\u0648\u0631\u06cc \u0622\u0645\u0631\u06cc\u06a9\u0627\u060c \u0622\u0646 \u0631\u0627 \u062a\u0635\u0648\u06cc\u0628 \u06a9\u0631\u062f\u0647 \u0627\u0633\u062a.","title":"\u0622\u06a9\u0633\u06cc\u0648\u0633: \u0622\u0645\u0631\u06cc\u06a9\u0627 \u0633\u06cc\u0627\u0633\u062a \u062a\u0627\u0632\u0647 \u00ab\u0646\u0641\u062a\u06a9\u0634 \u062f\u0631 \u0628\u0631\u0627\u0628\u0631 \u0646\u0641\u062a\u06a9\u0634\u00bb \u0631\u0627 \u0627\u062c\u0631\u0627 \u06a9\u0631\u062f","topic":null,"translation_language":"","url":"https://ir.voanews.com/a/8193280.html","video_url":null},{"article_body_paragraphs":[],"audio_source_url":null,"author":"Europa Liber\u0103 Moldova","available_dubs":[],"downloadable_assets":["https://gdb.rferl.org/e755492f-b781-4e44-a035-6e6cbb937767_cx0_cy10_cw0_w1600_r1_n_s.jpg"],"duration_display":"0:00","duration_seconds":null,"embed_url":null,"id":12974,"image_caption":"Armenia \u00eenvesele\u0219te Europa. Imagine de arhiv\u0103 dintr-un magazin de cognacuri armene\u0219ti, la Erevan.","image_url":"https://gdb.rferl.org/e755492f-b781-4e44-a035-6e6cbb937767_cx0_cy10_cw0_w1600_r1_n_s.jpg","is_clip":false,"item_type":"photo","item_type_label":"Photo","language_label":"Romanian","media_credit":"Europa Liber\u0103 Moldova","micro_label":"Photo","micro_label_kind":"gallery","network_label":"RFE/RL","network_logo_url":"/static/uploads/direct_network_logos/rfe_rl_e69d397fdd7d.png","published_at":"2026-09-02T10:53:53","published_at_display":"2 Sep 2026, 10:53 GMT","sequence_badge_label":null,"sequence_count":null,"sequence_count_label":null,"sequence_frames":[],"sequence_kind":null,"source_name":"moldova_europalibera_org_rss","source_name_label":"Moldova Europalibera","source_type":"rss","summary":"Armenia \u00eenvesele\u0219te Europa. Imagine de arhiv\u0103 dintr-un magazin de cognacuri armene\u0219ti, la Erevan.","title":"Europenii vor primi produse armene\u0219ti respinse de Moscova din cauza orient\u0103rii pro-occidentale a Erevanului","topic":null,"translation_language":"","url":"https://www.europalibera.md/a/europenii-vor-primi-produse-armenesti-respinse-de-moscova-din-cauza-orientarii-pro-occidentale-a-erevanului/33845467.html","video_url":null},{"article_body_paragraphs":[],"audio_source_url":null,"author":"Europa Liber\u0103 Moldova","available_dubs":[],"downloadable_assets":["https://gdb.rferl.org/e755492f-b781-4e44-a035-6e6cbb937767_cx0_cy10_cw0_w1600_r1_n_s.jpg"],"duration_display":"0:00","duration_seconds":null,"embed_url":null,"id":12935,"image_caption":"Armenia \u00eenvesele\u0219te Europa. Imagine de arhiv\u0103 dintr-un magazin de cognacuri armene\u0219ti, la Erevan.","image_url":"https://gdb.rferl.org/e755492f-b781-4e44-a035-6e6cbb937767_cx0_cy10_cw0_w1600_r1_n_s.jpg","is_clip":false,"item_type":"photo","item_type_label":"Photo","language_label":"Romanian","media_credit":"Europa Liber\u0103 Moldova","micro_label":"Photo","micro_label_kind":"gallery","network_label":"RFE/RL","network_logo_url":"/static/uploads/direct_network_logos/rfe_rl_e69d397fdd7d.png","published_at":"2026-09-02T10:53:53","published_at_display":"2 Sep 2026, 10:53 GMT","sequence_badge_label":null,"sequence_count":null,"sequence_count_label":null,"sequence_frames":[],"sequence_kind":null,"source_name":"moldova_europalibera_org_rss","source_name_label":"Moldova Europalibera","source_type":"rss","summary":"Armenia \u00eenvesele\u0219te Europa. Imagine de arhiv\u0103 dintr-un magazin de cognacuri armene\u0219ti, la Erevan.","title":"Europenii vor primi produse armene\u0219ti respinse de Moscova din cauza orient\u0103rii pro-occidentale a Erevanului","topic":null,"translation_language":"","url":"https://moldova.europalibera.org/a/europenii-vor-primi-produse-armenesti-respinse-de-moscova-din-cauza-orientarii-pro-occidentale-a-erevanului/33845467.html","video_url":null},{"article_body_paragraphs":[],"audio_source_url":null,"author":"\u0635\u062f\u0627\u06cc \u0622\u0645\u0631\u064a\u06a9\u0627","available_dubs":[],"downloadable_assets":["https://gdb.voanews.com/a7dbae6a-b18a-429e-8ab6-7fb5afc83367_w1600_r1_n_s.jpg"],"duration_display":"0:00","duration_seconds":null,"embed_url":null,"id":12933,"image_caption":"\u067e\u0644\u06cc\u0633 \u0645\u062d\u0644\u06cc \u0645\u06cc\u200c\u06af\u0648\u06cc\u062f \u062f\u0631 \u067e\u06cc \u062f\u0648\u0645\u06cc\u0646 \u062a\u0644\u0627\u0634 \u0628\u0631\u0627\u06cc \u062e\u0631\u0627\u0628\u06a9\u0627\u0631\u06cc \u062f\u0631 \u0634\u0628\u06a9\u0647 \u0628\u0631\u0642 \u0622\u0644\u0645\u0627\u0646\u060c \u062f\u0631 \u062d\u0627\u0644 \u0628\u0631\u0631\u0633\u06cc \u062d\u0645\u0644\u0647\u200c\u0627\u06cc \u0628\u0647 \u06cc\u06a9 \u067e\u0633\u062a \u0628\u0631\u0642 \u062f\u0631 \u0628\u0631\u06af\u0647\u0627\u06cc\u0645 \u0627\u0633\u062a.","image_url":"https://gdb.voanews.com/a7dbae6a-b18a-429e-8ab6-7fb5afc83367_w1600_r1_n_s.jpg","is_clip":false,"item_type":"photo","item_type_label":"Photo","language_label":"Persian","media_credit":"\u0635\u062f\u0627\u06cc \u0622\u0645\u0631\u064a\u06a9\u0627","micro_label":"Photo","micro_label_kind":"gallery","network_label":"VOA","network_logo_url":"/static/uploads/direct_network_logos/voa_1ef13eedbd2f.svg","published_at":"2026-09-02T10:44:00","published_at_display":"2 Sep 2026, 10:44 GMT","sequence_badge_label":null,"sequence_count":null,"sequence_count_label":null,"sequence_frames":[],"sequence_kind":null,"source_name":"ir_voanews_com_rss","source_name_label":"Ir VOA News","source_type":"rss","summary":"\u067e\u0644\u06cc\u0633 \u0645\u062d\u0644\u06cc \u0645\u06cc\u200c\u06af\u0648\u06cc\u062f \u062f\u0631 \u067e\u06cc \u062f\u0648\u0645\u06cc\u0646 \u062a\u0644\u0627\u0634 \u0628\u0631\u0627\u06cc \u062e\u0631\u0627\u0628\u06a9\u0627\u0631\u06cc \u062f\u0631 \u0634\u0628\u06a9\u0647 \u0628\u0631\u0642 \u0622\u0644\u0645\u0627\u0646\u060c \u062f\u0631 \u062d\u0627\u0644 \u0628\u0631\u0631\u0633\u06cc \u062d\u0645\u0644\u0647\u200c\u0627\u06cc \u0628\u0647 \u06cc\u06a9 \u067e\u0633\u062a \u0628\u0631\u0642 \u062f\u0631 \u0628\u0631\u06af\u0647\u0627\u06cc\u0645 \u0627\u0633\u062a.","title":"\u0627\u0646\u0641\u062c\u0627\u0631 \u062f\u0631 \u0627\u06cc\u0633\u062a\u06af\u0627\u0647 \u0642\u0637\u0627\u0631 \u062c\u0646\u0648\u0628 \u0622\u0644\u0645\u0627\u0646 \u0648 \u062e\u0631\u0627\u0628\u06a9\u0627\u0631\u06cc \u062f\u0631 \u0634\u0628\u06a9\u0647 \u0628\u0631\u0642","topic":null,"translation_language":"","url":"https://ir.voanews.com/a/8193279.html","video_url":null},{"article_body_paragraphs":[],"audio_source_url":null,"author":"\u0420\u0430\u0434\u0456\u043e \u0421\u0432\u043e\u0431\u043e\u0434\u0430","available_dubs":[],"downloadable_assets":["https://gdb.rferl.org/fccc6db7-ccbe-4e35-1846-08decad58b60_cx0_cy4_cw0_w1600_r1_n_s.jpg"],"duration_display":"0:00","duration_seconds":null,"embed_url":null,"id":12918,"image_caption":"\u0406\u043b\u044e\u0441\u0442\u0440\u0430\u0446\u0456\u0439\u043d\u0435 \u0444\u043e\u0442\u043e. \u0423\u043a\u0440\u0430\u0457\u043d\u0441\u044c\u043a\u0438\u0439 \u0432\u0456\u0439\u0441\u044c\u043a\u043e\u0432\u0438\u0439 \u0432\u0435\u0434\u0435 \u0432\u043e\u0433\u043e\u043d\u044c \u043f\u043e \u0440\u043e\u0441\u0456\u0439\u0441\u044c\u043a\u0438\u0445 \u043f\u043e\u0437\u0438\u0446\u0456\u044f\u0445 \u0456\u0437 \u0441\u0430\u043c\u043e\u0445\u0456\u0434\u043d\u043e\u0457 \u0433\u0430\u0443\u0431\u0438\u0446\u0456 CAESAR \u043d\u0430 \u043b\u0456\u043d\u0456\u0457 \u0444\u0440\u043e\u043d\u0442\u0443, \u0414\u043d\u0456\u043f\u0440\u043e\u043f\u0435\u0442\u0440\u043e\u0432\u0441\u044c\u043a\u0430 \u043e\u0431\u043b\u0430\u0441\u0442\u044c, \u0447\u0435\u0440\u0432\u0435\u043d\u044c 2026 \u0440\u043e\u043a\u0443","image_url":"https://gdb.rferl.org/fccc6db7-ccbe-4e35-1846-08decad58b60_cx0_cy4_cw0_w1600_r1_n_s.jpg","is_clip":false,"item_type":"photo","item_type_label":"Photo","language_label":"Russian","media_credit":"\u0420\u0430\u0434\u0456\u043e \u0421\u0432\u043e\u0431\u043e\u0434\u0430","micro_label":"Photo","micro_label_kind":"gallery","network_label":"RFE/RL","network_logo_url":"/static/uploads/direct_network_logos/rfe_rl_e69d397fdd7d.png","published_at":"2026-09-02T10:41:11","published_at_display":"2 Sep 2026, 10:41 GMT","sequence_badge_label":null,"sequence_count":null,"sequence_count_label":null,"sequence_frames":[],"sequence_kind":null,"source_name":"radiosvoboda_org_rss","source_name_label":"Radiosvoboda","source_type":"rss","summary":"\u0406\u043b\u044e\u0441\u0442\u0440\u0430\u0446\u0456\u0439\u043d\u0435 \u0444\u043e\u0442\u043e. \u0423\u043a\u0440\u0430\u0457\u043d\u0441\u044c\u043a\u0438\u0439 \u0432\u0456\u0439\u0441\u044c\u043a\u043e\u0432\u0438\u0439 \u0432\u0435\u0434\u0435 \u0432\u043e\u0433\u043e\u043d\u044c \u043f\u043e \u0440\u043e\u0441\u0456\u0439\u0441\u044c\u043a\u0438\u0445 \u043f\u043e\u0437\u0438\u0446\u0456\u044f\u0445 \u0456\u0437 \u0441\u0430\u043c\u043e\u0445\u0456\u0434\u043d\u043e\u0457 \u0433\u0430\u0443\u0431\u0438\u0446\u0456 CAESAR \u043d\u0430 \u043b\u0456\u043d\u0456\u0457 \u0444\u0440\u043e\u043d\u0442\u0443, \u0414\u043d\u0456\u043f\u0440\u043e\u043f\u0435\u0442\u0440\u043e\u0432\u0441\u044c\u043a\u0430 \u043e\u0431\u043b\u0430\u0441\u0442\u044c, \u0447\u0435\u0440\u0432\u0435\u043d\u044c 2026 \u0440\u043e\u043a\u0443","title":"ISW: \u0420\u043e\u0441\u0456\u044f \u043d\u0435 \u0437\u043c\u043e\u0433\u043b\u0430 \u0434\u043e\u0441\u044f\u0433\u0442\u0438 \u00ab\u043e\u043f\u0435\u0440\u0430\u0442\u0438\u0432\u043d\u043e\u0433\u043e \u043c\u0430\u043d\u0435\u0432\u0440\u0443\u00bb \u0432 \u0445\u043e\u0434\u0456 \u043d\u0430\u0441\u0442\u0443\u043f\u0443 \u043d\u0430\u0432\u0435\u0441\u043d\u0456 \u0439 \u0432\u043b\u0456\u0442\u043a\u0443 2026 \u0440\u043e\u043a\u0443","topic":null,"translation_language":"","url":"https://www.radiosvoboda.org/a/news-isr-rosiia-nastup-navesni-i-vlitku-2026-roku/33845483.html","video_url":null},{"article_body_paragraphs":[],"audio_source_url":null,"author":"\u0413\u0430\u043d\u043d\u0430 \u041f\u0435\u0440\u0432\u0430\u043a","available_dubs":[],"downloadable_assets":["https://gdb.rferl.org/61828026-442f-4a0c-505e-08de3c92853e_cx0_cy18_cw0_w1600_r1_n_s.jpg"],"duration_display":"0:00","duration_seconds":null,"embed_url":null,"id":12920,"image_caption":"\u0427\u0435\u0440\u0435\u0437 \u0430\u0442\u0430\u043a\u0443 \u0420\u0424 \u043f\u043e\u0448\u043a\u043e\u0434\u0436\u0435\u043d\u0456 \u043f\u0440\u043e\u0434\u0443\u043a\u0442\u043e\u0432\u0456 \u0441\u043a\u043b\u0430\u0434\u0438 \u0442\u043e\u0440\u0433\u043e\u0432\u0435\u043b\u044c\u043d\u043e\u0457 \u043c\u0435\u0440\u0435\u0436\u0456, \u0432\u0438\u043d\u0438\u043a\u043b\u0430 \u043f\u043e\u0436\u0435\u0436\u0430. \u0424\u043e\u0442\u043e \u0456\u043b\u044e\u0441\u0442\u0440\u0430\u0442\u0438\u0432\u043d\u0435","image_url":"https://gdb.rferl.org/61828026-442f-4a0c-505e-08de3c92853e_cx0_cy18_cw0_w1600_r1_n_s.jpg","is_clip":false,"item_type":"photo","item_type_label":"Photo","language_label":"Russian","media_credit":"\u0413\u0430\u043d\u043d\u0430 \u041f\u0435\u0440\u0432\u0430\u043a","micro_label":"Photo","micro_label_kind":"gallery","network_label":"RFE/RL","network_logo_url":"/static/uploads/direct_network_logos/rfe_rl_e69d397fdd7d.png","published_at":"2026-09-02T10:35:02","published_at_display":"2 Sep 2026, 10:35 GMT","sequence_badge_label":null,"sequence_count":null,"sequence_count_label":null,"sequence_frames":[],"sequence_kind":null,"source_name":"radiosvoboda_org_rss","source_name_label":"Radiosvoboda","source_type":"rss","summary":"\u0427\u0435\u0440\u0435\u0437 \u0430\u0442\u0430\u043a\u0443 \u0420\u0424 \u043f\u043e\u0448\u043a\u043e\u0434\u0436\u0435\u043d\u0456 \u043f\u0440\u043e\u0434\u0443\u043a\u0442\u043e\u0432\u0456 \u0441\u043a\u043b\u0430\u0434\u0438 \u0442\u043e\u0440\u0433\u043e\u0432\u0435\u043b\u044c\u043d\u043e\u0457 \u043c\u0435\u0440\u0435\u0436\u0456, \u0432\u0438\u043d\u0438\u043a\u043b\u0430 \u043f\u043e\u0436\u0435\u0436\u0430. \u0424\u043e\u0442\u043e \u0456\u043b\u044e\u0441\u0442\u0440\u0430\u0442\u0438\u0432\u043d\u0435","title":"\u0412\u043b\u0430\u0434\u0430: \u0443 \u0414\u043d\u0456\u043f\u0440\u0456 \u0432\u043d\u0430\u0441\u043b\u0456\u0434\u043e\u043a \u0430\u0442\u0430\u043a\u0438 \u0420\u0424 \u043f\u043e\u0448\u043a\u043e\u0434\u0436\u0435\u043d\u0456 \u043f\u0440\u043e\u0434\u0443\u043a\u0442\u043e\u0432\u0456 \u0441\u043a\u043b\u0430\u0434\u0438, \u0454 \u043f\u043e\u0441\u0442\u0440\u0430\u0436\u0434\u0430\u043b\u0456","topic":null,"translation_language":"","url":"https://www.radiosvoboda.org/a/news-ataka-rf-dnipro-postrazhdali/33845477.html","video_url":null}],"next_num":14,"page":13,"pages":393,"per_page":20,"prev_num":12,"total":7847}
