{"applied_filters":{"end_date":"","lang":"","language":"","network":"","page":14,"per_page":20,"search":"","source":"","start_date":"","topic":"V\u00eedyo Galer\u00ee","type":"video"},"available_filters":{"language_choices":[{"label":"Choose Language","value":""},{"label":"English","value":"English"},{"label":"Espa\u00f1ol","value":"Espa\u00f1ol"},{"label":"Kurdish","value":"Kurdish"}],"network_choices":[{"label":"All networks","value":""},{"label":"VOA","value":"VOA"}],"source_choices":[{"label":"All sources","value":""},{"label":"Dengeamerika","value":"dengeamerika_com_direct"}],"sources":["dengeamerika_com_direct"],"topics":["250em\u00een Salvegera Serxweb\u00fbna Amer\u00eekay\u00ea","250\u0647\u06d5\u0645\u06cc\u0646 \u0633\u0627\u06b5\u06cc\u0627\u062f\u06cc \u0633\u06d5\u0631\u0628\u06d5\u062e\u06c6\u06cc\u06cc \u0626\u06d5\u0645\u06d5\u0631\u06cc\u06a9\u0627","8 \u10e4\u10dd\u10e2\u10dd \u10d0\u10e0\u10e5\u10d8\u10d5\u10d8\u10d3\u10d0\u10dc","Afghanistan","Amer\u00eeka","Am\u00e9rica Latina, VENEZUELA, Maiquetia","Asuntos de Estado","Audiovisuales Mart\u00ed","Audiovisuales Mart\u00ed, Cuba turismo, crisis del turismo en Cuba","Audiovisuales Mart\u00ed, VENEZUELA, apagones","Bernameya Televizyon\u00ee ya Rojane","Como Come Cuba, cuba, Como Come Cuba","Cuba Habla","Cuba Habla, Cuba","Cuba al D\u00eda, Cuba","C\u00eehan","Derechos Humanos, cuba, exilio, c\u00e1ncer, Ram\u00f3n Sa\u00fal S\u00e1nchez","Especiales, Exilio cubano, Freedom tower, \"Libertad\", Torre de la Libertad de Miami, Exilio cubano en Miami","Especiales, jos\u00e9 mart\u00ed, Exilio cubano","Esperando un techo, cuba, crisis, vivienda, derrumbes, techo, paredes, EsperandounTecho","Human Rights","Info Mart\u00ed","Info Mart\u00ed , Brigada 2506","Info Mart\u00ed , Cuba","Info Mart\u00ed , Estados Unidos, Colombia","Info Mart\u00ed , Estados Unidos, VENEZUELA","Info Mart\u00ed , estados unidos, Venezuela","Info Mart\u00ed , presos politicos, torturas, VENEZUELA","Iran","Iz RSE sveta","Kentu-Cubano, cuba, cubanos, Kentucky, migrantes, KentoCubano","Korea","Laos","Las Noticias Como Son, Cuba","Multimedija","Myanmar","Noticiero Mart\u00ed Noticias","Noticiero Mart\u00ed Noticias, Cuba","Pacific","Pe Agend\u0103 cu Cristina Popu\u0219oi","Perspektiva","Ser Madre en cuba, cuba, hambre, r\u00e9gimen, madre, negligencia, Testimonios, Crisis Econ\u00f3mica, madre cubana, Crisis Alimentaria","Ser viejo en Cuba, cuba, cubanos, crisis, alimentos, ancianos, viejos, vejez","South China Sea","Srbija","Tibet","Ukraine","Uvid","VOA \ud55c\uad6d\uc5b4 \ubcf4\uc774\ub294 \ub77c\ub514\uc624","VOA\u4eca\u65e5\u7126\u70b9","Video","Videos","V\u00eedyo Galer\u00ee","\u0410\u0440\u0445\u0435\u043e\u043b\u043e\u0433\u0438\u044f","\u0411\u0430\u043b\u0442\u0438\u044f","\u0412\u0438\u0434\u0435\u043e","\u0413\u043b\u0430\u0432\u043d\u043e\u0435","\u0413\u0440\u0430\u043d\u0438 \u0432\u0440\u0435\u043c\u0435\u043d\u0438","\u0418\u043d\u0442\u0435\u0440\u0432\u044c\u044e","\u041a\u0430\u0434\u0440\u044b \u0434\u043d\u044f","\u041b\u0438\u0446\u043e\u043c \u043a \u0441\u043e\u0431\u044b\u0442\u0438\u044e","\u0420\u0435\u043f\u043e\u0440\u0442\u0430\u0436","\u0420\u043e\u0441\u0441\u0438\u044f","\u0421\u043c\u043e\u0442\u0440\u0438 \u0432 \u043e\u0431\u0430","\u0423\u043a\u0440\u0430\u0438\u043d\u0430","\u0622\u062e\u0631\u06cc\u0646 \u0648\u06cc\u062f\u06cc\u0648\u0647\u0627","\u0626\u06ce\u0631\u0627\u0646","\u0626\u06d5\u0645\u06d5\u0631\u06cc\u06a9\u0627","\u0627\u0645\u0631\u06cc\u06a9\u0627 \u063a\u0696 \u067e\u069a\u062a\u0648","\u0628\u06d5\u0631\u0646\u0627\u0645\u06d5\u06cc \u0695\u06c6\u0698\u0627\u0646\u06d5\u06cc \u062a\u06d5\u0644\u06d5\u0641\u06cc\u0632\u06cc\u06c6\u0646","\u062a\u0648\u0631\u06a9\u06cc\u0627","\u062c\u0647\u0627\u0646","\u062c\u06cc\u0647\u0627\u0646","\u0633\u0648\u0631\u06cc\u0627","\u0633\u0649\u0646","\u0635\u062f\u0627\u06cc \u0627\u0645\u0631\u06cc\u06a9\u0627 \u062f\u0631\u06cc","\u0639\u06ce\u0631\u0627\u0642","\u0642\u0649\u0633\u0642\u0627 \u062e\u06d5\u06cb\u06d5\u0631\u0644\u06d5\u0631","\u0645\u0631\u06a9\u06d0","\u0646\u0648\u0631 \u062e\u0628\u0631\u0648\u0646\u0647","\u0647\u06d5\u0631\u06ce\u0645\u06d5 \u06a9\u0648\u0631\u062f\u06cc\u0640\u06cc\u06d5\u06a9\u0627\u0646","\u0648\u06cc\u062f\u06cc\u0648","\u0648\u06cc\u0698\u0647 \u0628\u0631\u0646\u0627\u0645\u0647\u200c\u0647\u0627","\u0695\u06c6\u0698\u0647\u06d5\u06b5\u0627\u062a\u06cc \u0646\u0627\u0648\u06d5\u0695\u0627\u0633\u062a","\u06a4\u06cc\u062f\u06cc\u06c6","\u0e82\u0ec8\u0eb2\u0ea7\u0ec1\u0ea5\u0eb0\u0ea5\u0eb2\u0e8d\u0e87\u0eb2\u0e99","\u0ea7\u0eb5\u0e94\u0eb5\u0ec2\u0ead","\u0f38\u0f42\u0f7c\u0f44\u0f0b\u0f66\u0f0b\u0f58\u0f46\u0f7c\u0f42","\u0f56\u0f59\u0f53\u0f0b\u0f56\u0fb1\u0f7c\u0f63\u0f0d","\u0f56\u0f62\u0f99\u0f53\u0f0d","\u0f56\u0f7c\u0f51\u0f0d","\u1017\u102e\u1012\u102e\u101a\u102d\u102f\u1019\u103b\u102c\u1038","\u101e\u1010\u1004\u103a\u1038\u1019\u103b\u102c\u1038","\u10d5\u10d8\u10d3\u10d4\u10dd","\u1785\u17d2\u1794\u17b6\u1794\u17cb","\u1793\u1799\u17c4\u1794\u17b6\u1799","\u1794\u179a\u17b7\u179f\u17d2\u1790\u17b6\u1793","\u179c\u17b8\u178a\u17c1\u17a2\u17bc","\u179f\u1784\u17d2\u1782\u1798","\u4eba\u6743\u6cd5\u6cbb"],"types":[["","All types"],["video","Videos"],["clips","Clips"],["media","Media"]]},"has_next":true,"has_prev":true,"items":[{"article_body_paragraphs":[],"audio_source_url":null,"author":"D\u00eeyar Cemal","available_dubs":[],"downloadable_assets":["https://voa-video-ns.akamaized.net/pangeavideo/2026/08/7/73/7355a64e-5706-4d23-633c-08decd2fb674_1080p.mp4?cb=ee203b878"],"duration_display":"3:12","duration_seconds":192.08,"embed_url":null,"id":1205,"image_caption":null,"image_url":"https://gdb.voanews.com/7355a64e-5706-4d23-633c-08decd2fb674_tv_mw2048_mh2048_n.jpg","is_clip":true,"item_type":"video","item_type_label":"Video","language_label":"Kurdish","media_credit":"VOA","micro_label":"Video report","micro_label_kind":"video","network_label":"VOA","network_logo_url":"/static/uploads/direct_network_logos/voa_1ef13eedbd2f.svg","published_at":"2026-08-04T10:36:37.517000","published_at_display":"4 Aug 2026, 10:36 GMT","sequence_badge_label":null,"sequence_count":null,"sequence_count_label":null,"sequence_frames":[],"sequence_kind":null,"source_name":"dengeamerika_com_direct","source_name_label":"Dengeamerika","source_type":"direct_api","summary":"Serokwez\u00eer\u00ea \u00ceraq\u00ee El\u00ee Falih El-Zeyd\u00ee rast\u00ee asteng\u00eey\u00ean mezin t\u00ea ji bo ku bikare soz\u00ean derbar\u00ea b\u00ea\u00e7ekirina gr\u00fbp\u00ean \u00e7ekdar y\u00ean al\u00eegir\u00ean \u00ceran\u00ea day\u00ee bic\u00ee b\u00eene. Di v\u00ea raport\u00ea de \u00c7avd\u00ear\u00ean Sisay\u00ee derbar\u00ea mijar\u00ea n\u00ear\u00een\u00ean xwe parve dikin.","title":"Asteng\u00eey\u00ean li Hember Zeyd\u00ee bo B\u00ea\u00e7ekirina Gr\u00fbp\u00ean \u00c7ekdar \u00ean Algir\u00ean \u00ceran\u00ea","topic":"V\u00eedyo Galer\u00ee","translation_language":"","url":"https://voa-video-ns.akamaized.net/pangeavideo/2026/08/7/73/7355a64e-5706-4d23-633c-08decd2fb674_1080p.mp4?cb=ee203b878","video_url":"https://voa-video-ns.akamaized.net/pangeavideo/2026/08/7/73/7355a64e-5706-4d23-633c-08decd2fb674_1080p.mp4?cb=ee203b878"},{"article_body_paragraphs":[],"audio_source_url":null,"author":"S\u00eenor Ker\u00eem","available_dubs":[],"downloadable_assets":["https://voa-video-ns.akamaized.net/pangeavideo/2026/08/8/81/813c79d5-d6a2-4498-3879-08decd33fa02_1080p.mp4?cb=ee202fa59"],"duration_display":"3:04","duration_seconds":184.66,"embed_url":null,"id":1207,"image_caption":null,"image_url":"https://gdb.voanews.com/813c79d5-d6a2-4498-3879-08decd33fa02_tv_mw2048_mh2048_n.jpg","is_clip":true,"item_type":"video","item_type_label":"Video","language_label":"Kurdish","media_credit":"VOA","micro_label":"Video report","micro_label_kind":"video","network_label":"VOA","network_logo_url":"/static/uploads/direct_network_logos/voa_1ef13eedbd2f.svg","published_at":"2026-08-03T21:08:41.890000","published_at_display":"3 Aug 2026, 21:08 GMT","sequence_badge_label":null,"sequence_count":null,"sequence_count_label":null,"sequence_frames":[],"sequence_kind":null,"source_name":"dengeamerika_com_direct","source_name_label":"Dengeamerika","source_type":"direct_api","summary":"Li Her\u00eama Kurdistan\u00ea dest bi helmetek\u00ea hat\u00eeye kirin da ku berevan\u00eey\u00ea ji wan ke\u00e7 \u00fb jin\u00ean ciwan bikin y\u00ean ku di civak\u00ea de rast\u00ee destav\u00eatin \u00fb \u00ear\u00ee\u015f\u00ean zay\u00eendey\u00ee t\u00ean. Raporta S\u00eenor Ker\u00eem ji Sil\u00eaman\u00eey\u00ea.","title":"Helmeta Parastin \u00fb Beravan\u00eekirin\u00ea ji Destav\u00eatina Ke\u00e7\u00ean Ciwan","topic":"V\u00eedyo Galer\u00ee","translation_language":"","url":"https://voa-video-ns.akamaized.net/pangeavideo/2026/08/8/81/813c79d5-d6a2-4498-3879-08decd33fa02_1080p.mp4?cb=ee202fa59","video_url":"https://voa-video-ns.akamaized.net/pangeavideo/2026/08/8/81/813c79d5-d6a2-4498-3879-08decd33fa02_1080p.mp4?cb=ee202fa59"},{"article_body_paragraphs":[],"audio_source_url":null,"author":"Eyy\u00fbp Dem\u00eer","available_dubs":[],"downloadable_assets":["https://voa-video-ns.akamaized.net/pangeavideo/2026/08/3/37/3745a490-6f0a-4e79-633a-08decd2fb674_1080p.mp4?cb=ee202f88c"],"duration_display":"1:39","duration_seconds":99.84,"embed_url":null,"id":1208,"image_caption":null,"image_url":"https://gdb.voanews.com/3745a490-6f0a-4e79-633a-08decd2fb674_tv_mw2048_mh2048_n.jpg","is_clip":true,"item_type":"video","item_type_label":"Video","language_label":"Kurdish","media_credit":"VOA","micro_label":"Video report","micro_label_kind":"video","network_label":"VOA","network_logo_url":"/static/uploads/direct_network_logos/voa_1ef13eedbd2f.svg","published_at":"2026-08-03T20:59:25.793000","published_at_display":"3 Aug 2026, 20:59 GMT","sequence_badge_label":null,"sequence_count":null,"sequence_count_label":null,"sequence_frames":[],"sequence_kind":null,"source_name":"dengeamerika_com_direct","source_name_label":"Dengeamerika","source_type":"direct_api","summary":"Eyy\u00fbp Dem\u00eer ahag\u00ee \u00fb p\u00eazan\u00een\u00ean z\u00eadetir derbar\u00ea hevd\u00eetina \u015eandeya \u00cemral\u00eey\u00ea bi Ocelan serok\u00ea girt\u00ee y\u00ea PKK\u00ea \u00fb encam\u00ean wan civ\u00eenan dide.","title":"Hevd\u00eetina \u015eandeya \u00cemral\u00eey\u00ea bi Ocelan re","topic":"V\u00eedyo Galer\u00ee","translation_language":"","url":"https://voa-video-ns.akamaized.net/pangeavideo/2026/08/3/37/3745a490-6f0a-4e79-633a-08decd2fb674_1080p.mp4?cb=ee202f88c","video_url":"https://voa-video-ns.akamaized.net/pangeavideo/2026/08/3/37/3745a490-6f0a-4e79-633a-08decd2fb674_1080p.mp4?cb=ee202f88c"},{"article_body_paragraphs":[],"audio_source_url":null,"author":null,"available_dubs":[],"downloadable_assets":["https://voa-video-ns.akamaized.net/pangeavideo/2026/08/9/9f/9fb8b93a-e22b-4322-467a-08decadaa577_1080p.mp4?cb=ee202e718"],"duration_display":"5:41","duration_seconds":341.57,"embed_url":null,"id":1209,"image_caption":null,"image_url":"https://gdb.voanews.com/9fb8b93a-e22b-4322-467a-08decadaa577_tv_mw2048_mh2048_n.jpg","is_clip":false,"item_type":"video","item_type_label":"Video","language_label":"Kurdish","media_credit":"VOA","micro_label":"Video report","micro_label_kind":"video","network_label":"VOA","network_logo_url":"/static/uploads/direct_network_logos/voa_1ef13eedbd2f.svg","published_at":"2026-08-03T19:46:32.287000","published_at_display":"3 Aug 2026, 19:46 GMT","sequence_badge_label":null,"sequence_count":null,"sequence_count_label":null,"sequence_frames":[],"sequence_kind":null,"source_name":"dengeamerika_com_direct","source_name_label":"Dengeamerika","source_type":"direct_api","summary":"Dr. Ridwan Bad\u00een\u00ee \u00c7avd\u00ear\u00ea Siyas\u00ee ji Hewl\u00ear seredana Serok\u00ea Her\u00eama Kurdistan\u00ea N\u00ea\u00e7\u00eervan Barzan\u00ee bo Paytexta S\u00fbriy\u00ea dinirx\u00eene","title":"Nirxandina Seredana Serok\u00ea Her\u00eama Kurdistan\u00ea ya \u015eam\u00ea","topic":"V\u00eedyo Galer\u00ee","translation_language":"","url":"https://voa-video-ns.akamaized.net/pangeavideo/2026/08/9/9f/9fb8b93a-e22b-4322-467a-08decadaa577_1080p.mp4?cb=ee202e718","video_url":"https://voa-video-ns.akamaized.net/pangeavideo/2026/08/9/9f/9fb8b93a-e22b-4322-467a-08decadaa577_1080p.mp4?cb=ee202e718"},{"article_body_paragraphs":[],"audio_source_url":null,"author":null,"available_dubs":[],"downloadable_assets":["https://voa-video-ns.akamaized.net/pangeavideo/2026/08/8/85/858624ad-5e52-49fa-3877-08decd33fa02_1080p.mp4?cb=ee202e650"],"duration_display":"7:53","duration_seconds":473.94,"embed_url":null,"id":1210,"image_caption":null,"image_url":"https://gdb.voanews.com/858624ad-5e52-49fa-3877-08decd33fa02_tv_mw2048_mh2048_n.jpg","is_clip":false,"item_type":"video","item_type_label":"Video","language_label":"Kurdish","media_credit":"VOA","micro_label":"Video report","micro_label_kind":"video","network_label":"VOA","network_logo_url":"/static/uploads/direct_network_logos/voa_1ef13eedbd2f.svg","published_at":"2026-08-03T19:43:12.390000","published_at_display":"3 Aug 2026, 19:43 GMT","sequence_badge_label":null,"sequence_count":null,"sequence_count_label":null,"sequence_frames":[],"sequence_kind":null,"source_name":"dengeamerika_com_direct","source_name_label":"Dengeamerika","source_type":"direct_api","summary":"L\u00eakoler\u00ea pirs\u00ean navnetew\u00ee Dr. Dil\u00ear Xelef Osman dosyeya pirsa derbedir\u00ean \u015eingal\u00ea pi\u015ft\u00ee 12 slan ji Jenos\u00eed\u00ea \u015firove dike \u00fb daxwaz dike bi \u00e7av\u00ea rehm\u00ea li xelk\u00ea \u00cazid\u00ee y\u00ea her\u00eama \u015eingal\u00ea tema\u015fe bikin.","title":"\u00c7ima Ta Niha Dosyeya Qurban\u00eey\u00ean \u015eingal\u00ea Yekal\u00ee Neb\u00fbye?","topic":"V\u00eedyo Galer\u00ee","translation_language":"","url":"https://voa-video-ns.akamaized.net/pangeavideo/2026/08/8/85/858624ad-5e52-49fa-3877-08decd33fa02_1080p.mp4?cb=ee202e650","video_url":"https://voa-video-ns.akamaized.net/pangeavideo/2026/08/8/85/858624ad-5e52-49fa-3877-08decd33fa02_1080p.mp4?cb=ee202e650"},{"article_body_paragraphs":[],"audio_source_url":null,"author":"\u00cevan Hes\u00eeb","available_dubs":[],"downloadable_assets":["https://voa-video-ns.akamaized.net/pangeavideo/2026/08/2/23/234440bf-8ad9-4d43-cc52-08decd2a5d35_1080p.mp4?cb=ee202df99"],"duration_display":"3:00","duration_seconds":180.16,"embed_url":null,"id":1211,"image_caption":null,"image_url":"https://gdb.voanews.com/234440bf-8ad9-4d43-cc52-08decd2a5d35_tv_mw2048_mh2048_n.jpg","is_clip":true,"item_type":"video","item_type_label":"Video","language_label":"Kurdish","media_credit":"VOA","micro_label":"Video report","micro_label_kind":"video","network_label":"VOA","network_logo_url":"/static/uploads/direct_network_logos/voa_1ef13eedbd2f.svg","published_at":"2026-08-03T19:12:52.967000","published_at_display":"3 Aug 2026, 19:12 GMT","sequence_badge_label":null,"sequence_count":null,"sequence_count_label":null,"sequence_frames":[],"sequence_kind":null,"source_name":"dengeamerika_com_direct","source_name_label":"Dengeamerika","source_type":"direct_api","summary":"Heft l\u00eestikvan\u00ean Kurd \u00ean ke\u00e7 Qehreman\u00eeya Ciwanan a Rojavay\u00ea Asyay\u00ea ya 2026'an bi t\u00eema ni\u015ftiman\u00ee ya S\u00fbr\u00eey\u00ea re bi dest xist. Golpar\u00eaza bajar\u00ea Qami\u015flo, M\u00eedya His\u00ean xelata golpar\u00eaza her\u00ee ba\u015f a Qehreman\u00eey\u00ea wergirt.","title":"Ke\u00e7\u00ean Kurd \u00ean S\u00fbr\u00eey\u00ea di Qehreman\u00eeya Futbol\u00ea de Biser Dikevin","topic":"V\u00eedyo Galer\u00ee","translation_language":"","url":"https://voa-video-ns.akamaized.net/pangeavideo/2026/08/2/23/234440bf-8ad9-4d43-cc52-08decd2a5d35_1080p.mp4?cb=ee202df99","video_url":"https://voa-video-ns.akamaized.net/pangeavideo/2026/08/2/23/234440bf-8ad9-4d43-cc52-08decd2a5d35_1080p.mp4?cb=ee202df99"},{"article_body_paragraphs":[],"audio_source_url":null,"author":"\u015e\u00earwan \u00cebrah\u00eem","available_dubs":[{"dubbed_video_url":"/static/video/direct_dubs/direct_dub_6_468409472784.mp4","id":6,"label":"English","target_language":"en","target_language_label":"English","voice":"alloy"}],"downloadable_assets":["https://voa-video-ns.akamaized.net/pangeavideo/2026/08/7/78/789c1c7b-d7a2-4501-3871-08decd33fa02_1080p.mp4?cb=ee202d270"],"duration_display":"2:48","duration_seconds":168.81,"embed_url":null,"id":1213,"image_caption":null,"image_url":"https://gdb.voanews.com/789c1c7b-d7a2-4501-3871-08decd33fa02_tv_mw2048_mh2048_n.jpg","is_clip":true,"item_type":"video","item_type_label":"Video","language_label":"Kurdish","media_credit":"VOA","micro_label":"Video report","micro_label_kind":"video","network_label":"VOA","network_logo_url":"/static/uploads/direct_network_logos/voa_1ef13eedbd2f.svg","published_at":"2026-08-03T18:17:23.120000","published_at_display":"3 Aug 2026, 18:17 GMT","sequence_badge_label":null,"sequence_count":null,"sequence_count_label":null,"sequence_frames":[],"sequence_kind":null,"source_name":"dengeamerika_com_direct","source_name_label":"Dengeamerika","source_type":"direct_api","summary":"Li Almanyay\u00ea \u00e7alak\u00eeyek ji bo salvegera12\u2019an a komkuj\u00eeya \u00cazd\u00eeyan a \u015eingal\u00ea bi be\u015fdar\u00eeya hejamrek kesayet\u00ee \u00fb parlemantar\u00ean w\u00ee welat\u00ee bi r\u00eave \u00e7\u00fb. Raporta \u015e\u00earwan \u00cebrah\u00eem zanyar\u00eey\u00ean b\u00eahtir hene.","title":"Li Almanya B\u00eeran\u00eena Jenos\u00eeda \u00cazd\u00eeyan Hate Vejandin","topic":"V\u00eedyo Galer\u00ee","translation_language":"","url":"https://voa-video-ns.akamaized.net/pangeavideo/2026/08/7/78/789c1c7b-d7a2-4501-3871-08decd33fa02_1080p.mp4?cb=ee202d270","video_url":"https://voa-video-ns.akamaized.net/pangeavideo/2026/08/7/78/789c1c7b-d7a2-4501-3871-08decd33fa02_1080p.mp4?cb=ee202d270"},{"article_body_paragraphs":[],"audio_source_url":null,"author":"Xec\u00eecan Farq\u00een","available_dubs":[],"downloadable_assets":["https://voa-video-ns.akamaized.net/pangeavideo/2026/08/0/04/04dbc5f1-cd66-4194-c87c-08decaecd3b3_1080p.mp4?cb=ee202ad41"],"duration_display":"2:50","duration_seconds":170.26,"embed_url":null,"id":1216,"image_caption":null,"image_url":"https://gdb.voanews.com/04dbc5f1-cd66-4194-c87c-08decaecd3b3_tv_mw2048_mh2048_n.jpg","is_clip":true,"item_type":"video","item_type_label":"Video","language_label":"Kurdish","media_credit":"VOA","micro_label":"Video report","micro_label_kind":"video","network_label":"VOA","network_logo_url":"/static/uploads/direct_network_logos/voa_1ef13eedbd2f.svg","published_at":"2026-08-03T15:39:45","published_at_display":"3 Aug 2026, 15:39 GMT","sequence_badge_label":null,"sequence_count":null,"sequence_count_label":null,"sequence_frames":[],"sequence_kind":null,"source_name":"dengeamerika_com_direct","source_name_label":"Dengeamerika","source_type":"direct_api","summary":"Li bajar\u00ea Dersim\u00ea fest\u00eevala Munzur\u00ea ku armanca w\u00ea parastina xweza, av \u00fb ax \u00fb ziyaret \u00fb ziman \u00fb \u00e7anda devera Ders\u00eem\u00ea ye hate lidarxistin. Jiber ku \u015faredar\u00eeya Dersim\u00ea bi dest\u00ea qay\u00fbm t\u00ea bir\u00eavebirin, fest\u00eeval du salan \u00e7\u00eaneb\u00fb, l\u00ea \u00eesal bi hevkar\u00eeya r\u00eaxistin\u00ean siv\u00eel lidarket.","title":"Li D\u00earsim\u00ea 24\u2019em\u00een Fest\u00eevala Munzur\u00ea Hate Lidarxistin","topic":"V\u00eedyo Galer\u00ee","translation_language":"","url":"https://voa-video-ns.akamaized.net/pangeavideo/2026/08/0/04/04dbc5f1-cd66-4194-c87c-08decaecd3b3_1080p.mp4?cb=ee202ad41","video_url":"https://voa-video-ns.akamaized.net/pangeavideo/2026/08/0/04/04dbc5f1-cd66-4194-c87c-08decaecd3b3_1080p.mp4?cb=ee202ad41"},{"article_body_paragraphs":[],"audio_source_url":null,"author":"Ridwan B\u00eazar","available_dubs":[],"downloadable_assets":["https://voa-video-ns.akamaized.net/pangeavideo/2026/08/e/eb/eb60e750-15de-49e5-805a-08decae8682a_1080p.mp4?cb=ee202a81f"],"duration_display":"2:47","duration_seconds":167.93,"embed_url":null,"id":1218,"image_caption":null,"image_url":"https://gdb.voanews.com/eb60e750-15de-49e5-805a-08decae8682a_tv_mw2048_mh2048_n.jpg","is_clip":true,"item_type":"video","item_type_label":"Video","language_label":"Kurdish","media_credit":"VOA","micro_label":"Video report","micro_label_kind":"video","network_label":"VOA","network_logo_url":"/static/uploads/direct_network_logos/voa_1ef13eedbd2f.svg","published_at":"2026-08-03T15:17:51.260000","published_at_display":"3 Aug 2026, 15:17 GMT","sequence_badge_label":null,"sequence_count":null,"sequence_count_label":null,"sequence_frames":[],"sequence_kind":null,"source_name":"dengeamerika_com_direct","source_name_label":"Dengeamerika","source_type":"direct_api","summary":"Diya \u015fervana Kurd \u00c7\u00ee\u00e7ek Koban\u00ee ku kom\u00ean \u00e7ekdar di sala 2019an de ew d\u00eel girt, veguhest bo Tirk\u00eey\u00ea, \u00fb dadgeheke Tirk\u00eey\u00ea cezay\u00ea zindana hetahetay\u00ee da w\u00ea, daxwaza serbestberdana ke\u00e7a xwe dike. Par\u00eazerek\u00ee Koban\u00eey\u00ea j\u00ee dib\u00eaje maf\u00ea Tirk\u00eey\u00ea neb\u00fb ku w\u00ea dadgeh bike.","title":"D\u00eeya \u00c7\u00ee\u00e7ek Koban\u00ee Daxwaza Serbestberdana w\u00ea Dike","topic":"V\u00eedyo Galer\u00ee","translation_language":"","url":"https://voa-video-ns.akamaized.net/pangeavideo/2026/08/e/eb/eb60e750-15de-49e5-805a-08decae8682a_1080p.mp4?cb=ee202a81f","video_url":"https://voa-video-ns.akamaized.net/pangeavideo/2026/08/e/eb/eb60e750-15de-49e5-805a-08decae8682a_1080p.mp4?cb=ee202a81f"},{"article_body_paragraphs":[],"audio_source_url":null,"author":"\u00cevan Hes\u00eeb","available_dubs":[],"downloadable_assets":["https://voa-video-ns.akamaized.net/pangeavideo/2026/08/a/aa/aa3858dd-a72d-44bc-386d-08decd33fa02_1080p.mp4?cb=ee2029736"],"duration_display":"3:35","duration_seconds":215.8,"embed_url":null,"id":1221,"image_caption":null,"image_url":"https://gdb.voanews.com/aa3858dd-a72d-44bc-386d-08decd33fa02_tv_mw2048_mh2048_n.jpg","is_clip":true,"item_type":"video","item_type_label":"Video","language_label":"Kurdish","media_credit":"VOA","micro_label":"Video report","micro_label_kind":"video","network_label":"VOA","network_logo_url":"/static/uploads/direct_network_logos/voa_1ef13eedbd2f.svg","published_at":"2026-08-03T14:02:39.130000","published_at_display":"3 Aug 2026, 14:02 GMT","sequence_badge_label":null,"sequence_count":null,"sequence_count_label":null,"sequence_frames":[],"sequence_kind":null,"source_name":"dengeamerika_com_direct","source_name_label":"Dengeamerika","source_type":"direct_api","summary":"Kurd\u00ean Rojava serdana Serok\u00ea Her\u00eama Kurdistana \u00ceraq\u00ea N\u00ea\u00e7\u00eervan Barzan\u00ee bo S\u00fbr\u00eey\u00ea bi er\u00ean\u00ee dinirx\u00eenin \u00fb dib\u00eajin ku d\u00ea bandora w\u00ea li ser Kurd\u00ean S\u00fbr\u00eey\u00ea \u00fb aram\u00eeya dever\u00ea hebe. Raporta \u00cevan Hes\u00eeb b\u00eahtir zanyar\u00ee hene.","title":"Kurd\u00ean Rojava Serdana Barzan\u00ee bo S\u00fbr\u00eey\u00ea Dinirx\u00eenin","topic":"V\u00eedyo Galer\u00ee","translation_language":"","url":"https://voa-video-ns.akamaized.net/pangeavideo/2026/08/a/aa/aa3858dd-a72d-44bc-386d-08decd33fa02_1080p.mp4?cb=ee2029736","video_url":"https://voa-video-ns.akamaized.net/pangeavideo/2026/08/a/aa/aa3858dd-a72d-44bc-386d-08decd33fa02_1080p.mp4?cb=ee2029736"},{"article_body_paragraphs":[],"audio_source_url":null,"author":"Xetab Omer","available_dubs":[],"downloadable_assets":["https://voa-video-ns.akamaized.net/pangeavideo/2026/08/1/1e/1e45ed97-ed2d-47c7-386e-08decd33fa02_1080p.mp4?cb=ee202a983"],"duration_display":"2:46","duration_seconds":166.29,"embed_url":null,"id":1217,"image_caption":null,"image_url":"https://gdb.voanews.com/1e45ed97-ed2d-47c7-386e-08decd33fa02_tv_mw2048_mh2048_n.jpg","is_clip":true,"item_type":"video","item_type_label":"Video","language_label":"Kurdish","media_credit":"VOA","micro_label":"Video report","micro_label_kind":"video","network_label":"VOA","network_logo_url":"/static/uploads/direct_network_logos/voa_1ef13eedbd2f.svg","published_at":"2026-08-03T11:49:19.777000","published_at_display":"3 Aug 2026, 11:49 GMT","sequence_badge_label":null,"sequence_count":null,"sequence_count_label":null,"sequence_frames":[],"sequence_kind":null,"source_name":"dengeamerika_com_direct","source_name_label":"Dengeamerika","source_type":"direct_api","summary":"Pi\u015ft\u00ee 12 salan ji jenos\u00eeda teror\u00eest\u00ean Dai\u015f\u00ea li dij\u00ee xelk\u00ea \u00cazd\u00ee li \u015eingal\u00ea, kes\u00fbnas\u00ean qurban\u00eeyan h\u00een j\u00ee li benda dadmend\u00eey\u00ea ne \u00fb daxwaz\u00ea ji desthilatdaran dikin ku al\u00eekar\u00eey\u00ea di naskirina \u00e7aren\u00fbsa windab\u00fby\u00ean wan de bikin. Raporta Xetab Omer b\u00eahtir agah\u00ee hene.","title":"Salvegera Jenos\u00eeda \u00cazd\u00eeyan li \u015eingal\u00ea Hat Vejandin","topic":"V\u00eedyo Galer\u00ee","translation_language":"","url":"https://voa-video-ns.akamaized.net/pangeavideo/2026/08/1/1e/1e45ed97-ed2d-47c7-386e-08decd33fa02_1080p.mp4?cb=ee202a983","video_url":"https://voa-video-ns.akamaized.net/pangeavideo/2026/08/1/1e/1e45ed97-ed2d-47c7-386e-08decd33fa02_1080p.mp4?cb=ee202a983"},{"article_body_paragraphs":[],"audio_source_url":null,"author":null,"available_dubs":[],"downloadable_assets":["https://voa-video-ns.akamaized.net/pangeavideo/2026/08/a/a0/a0779bfe-26bb-4730-c86f-08decaecd3b3_1080p.mp4?cb=ee2017a6a"],"duration_display":"2:37","duration_seconds":157.64,"embed_url":null,"id":1225,"image_caption":null,"image_url":"https://gdb.voanews.com/a0779bfe-26bb-4730-c86f-08decaecd3b3_tv_mw2048_mh2048_n.jpg","is_clip":true,"item_type":"video","item_type_label":"Video","language_label":"Kurdish","media_credit":"VOA","micro_label":"Video report","micro_label_kind":"video","network_label":"VOA","network_logo_url":"/static/uploads/direct_network_logos/voa_1ef13eedbd2f.svg","published_at":"2026-08-02T17:50:34.150000","published_at_display":"2 Aug 2026, 17:50 GMT","sequence_badge_label":null,"sequence_count":null,"sequence_count_label":null,"sequence_frames":[],"sequence_kind":null,"source_name":"dengeamerika_com_direct","source_name_label":"Dengeamerika","source_type":"direct_api","summary":"Ji bo ku xort \u00fb ke\u00e7\u00ean sin\u00eale y\u00ean li Australya dij\u00een rast\u00ee \u015fa\u015fiy\u00ean di derbar\u00ea tor\u00ean medya civak\u00ee ney\u00ean hin bend \u00fb biryar dan\u00eene \u00fb berevan\u00eey\u00ea ji wan birayran dike.","title":"Australya bo Parastina Sin\u00ealeyan ji Pirsgir\u00eak\u00ean Tor\u00ean Medya Civak\u00ee Biryaran Dist\u00eene","topic":"V\u00eedyo Galer\u00ee","translation_language":"","url":"https://voa-video-ns.akamaized.net/pangeavideo/2026/08/a/a0/a0779bfe-26bb-4730-c86f-08decaecd3b3_1080p.mp4?cb=ee2017a6a","video_url":"https://voa-video-ns.akamaized.net/pangeavideo/2026/08/a/a0/a0779bfe-26bb-4730-c86f-08decaecd3b3_1080p.mp4?cb=ee2017a6a"},{"article_body_paragraphs":[],"audio_source_url":null,"author":"\u00cevan Hes\u00eeb","available_dubs":[],"downloadable_assets":["https://voa-video-ns.akamaized.net/pangeavideo/2026/08/9/9f/9f4a1fab-b3d7-48b5-465a-08decadaa577_1080p.mp4?cb=ee2000158"],"duration_display":"3:44","duration_seconds":224.85,"embed_url":null,"id":1233,"image_caption":null,"image_url":"https://gdb.voanews.com/9f4a1fab-b3d7-48b5-465a-08decadaa577_tv_mw2048_mh2048_n.jpg","is_clip":true,"item_type":"video","item_type_label":"Video","language_label":"Kurdish","media_credit":"VOA","micro_label":"Video report","micro_label_kind":"video","network_label":"VOA","network_logo_url":"/static/uploads/direct_network_logos/voa_1ef13eedbd2f.svg","published_at":"2026-08-01T15:01:44.087000","published_at_display":"1 Aug 2026, 15:01 GMT","sequence_badge_label":null,"sequence_count":null,"sequence_count_label":null,"sequence_frames":[],"sequence_kind":null,"source_name":"dengeamerika_com_direct","source_name_label":"Dengeamerika","source_type":"direct_api","summary":"Li p\u00ea\u015fangeha xwe ya bajar\u00ea Qami\u015flo, hunermend\u00ea \u015f\u00eawekar Fer\u00eed Hiso hewl dide bi r\u00eaya berhem\u00ean xwe y\u00ean \u00ean kar\u00ea destan folklora Kurd\u00ee vej\u00eene.","title":"\u015e\u00eawekar Fer\u00eed Hiso Hewl Dide bi Berhem\u00ean Kar\u00ea Destan Folklora Kurd\u00ee Vej\u00eene","topic":"V\u00eedyo Galer\u00ee","translation_language":"","url":"https://voa-video-ns.akamaized.net/pangeavideo/2026/08/9/9f/9f4a1fab-b3d7-48b5-465a-08decadaa577_1080p.mp4?cb=ee2000158","video_url":"https://voa-video-ns.akamaized.net/pangeavideo/2026/08/9/9f/9f4a1fab-b3d7-48b5-465a-08decadaa577_1080p.mp4?cb=ee2000158"},{"article_body_paragraphs":[],"audio_source_url":null,"author":null,"available_dubs":[],"downloadable_assets":["https://voa-video-ns.akamaized.net/pangeavideo/2026/07/e/e1/e19f867a-7977-4701-37c0-08decd33fa02_1080p.mp4?cb=ee20aa483"],"duration_display":"59:59","duration_seconds":3599.27,"embed_url":null,"id":3277,"image_caption":null,"image_url":"https://gdb.voanews.com/e19f867a-7977-4701-37c0-08decd33fa02_tv_mw2048_mh2048_n.jpg","is_clip":false,"item_type":"video","item_type_label":"Video","language_label":"Kurdish","media_credit":"VOA","micro_label":"Video report","micro_label_kind":"video","network_label":"VOA","network_logo_url":"/static/uploads/direct_network_logos/voa_1ef13eedbd2f.svg","published_at":"2026-07-24T11:41:17.757000","published_at_display":"24 Jul 2026, 11:41 GMT","sequence_badge_label":null,"sequence_count":null,"sequence_count_label":null,"sequence_frames":[],"sequence_kind":null,"source_name":"dengeamerika_com_direct","source_name_label":"Dengeamerika","source_type":"direct_api","summary":"N\u00fb\u00e7ey\u00ean derbar\u00ea Amer\u00eeka, Her\u00eam\u00ean Kurdan \u00fb C\u00eehan\u00ea di bernameya n\u00fb ya telev\u00eezyon\u00ee de.","title":"Bernama Telev\u00eezyon\u00ee 21'\u00ea T\u00eermeha 2026'an","topic":"V\u00eedyo Galer\u00ee","translation_language":"","url":"https://voa-video-ns.akamaized.net/pangeavideo/2026/07/e/e1/e19f867a-7977-4701-37c0-08decd33fa02_1080p.mp4?cb=ee20aa483","video_url":"https://voa-video-ns.akamaized.net/pangeavideo/2026/07/e/e1/e19f867a-7977-4701-37c0-08decd33fa02_1080p.mp4?cb=ee20aa483"},{"article_body_paragraphs":[],"audio_source_url":null,"author":null,"available_dubs":[],"downloadable_assets":["https://voa-video-ns.akamaized.net/pangeavideo/2026/07/1/13/133c6dc7-29ea-4462-7fa9-08decae8682a_1080p.mp4?cb=ee20a572a"],"duration_display":"1:00:00","duration_seconds":3600.38,"embed_url":null,"id":3278,"image_caption":null,"image_url":"https://gdb.voanews.com/133c6dc7-29ea-4462-7fa9-08decae8682a_tv_mw2048_mh2048_n.jpg","is_clip":false,"item_type":"video","item_type_label":"Video","language_label":"Kurdish","media_credit":"VOA","micro_label":"Video report","micro_label_kind":"video","network_label":"VOA","network_logo_url":"/static/uploads/direct_network_logos/voa_1ef13eedbd2f.svg","published_at":"2026-07-24T11:37:02.503000","published_at_display":"24 Jul 2026, 11:37 GMT","sequence_badge_label":null,"sequence_count":null,"sequence_count_label":null,"sequence_frames":[],"sequence_kind":null,"source_name":"dengeamerika_com_direct","source_name_label":"Dengeamerika","source_type":"direct_api","summary":"N\u00fb\u00e7ey\u00ean derbar\u00ea Amer\u00eeka, Her\u00eam\u00ean Kurdan \u00fb C\u00eehan\u00ea di bernameya n\u00fb ye telev\u00eezyon\u00ee de.","title":"Bernameya Telev\u00eezyon\u00ee ya 22-07- 2026","topic":"V\u00eedyo Galer\u00ee","translation_language":"","url":"https://voa-video-ns.akamaized.net/pangeavideo/2026/07/1/13/133c6dc7-29ea-4462-7fa9-08decae8682a_1080p.mp4?cb=ee20a572a","video_url":"https://voa-video-ns.akamaized.net/pangeavideo/2026/07/1/13/133c6dc7-29ea-4462-7fa9-08decae8682a_1080p.mp4?cb=ee20a572a"},{"article_body_paragraphs":[],"audio_source_url":null,"author":null,"available_dubs":[],"downloadable_assets":["https://voa-video-ns.akamaized.net/pangeavideo/2026/07/d/d8/d8405e1e-f952-4893-cb64-08decd2a5d35_1080p.mp4?cb=ee1f46188"],"duration_display":"4:31","duration_seconds":271.95,"embed_url":null,"id":927,"image_caption":null,"image_url":"https://gdb.voanews.com/d8405e1e-f952-4893-cb64-08decd2a5d35_tv_mw2048_mh2048_n.jpg","is_clip":true,"item_type":"video","item_type_label":"Video","language_label":"Kurdish","media_credit":"VOA","micro_label":"Video report","micro_label_kind":"video","network_label":"VOA","network_logo_url":"/static/uploads/direct_network_logos/voa_1ef13eedbd2f.svg","published_at":"2026-07-23T19:24:56.393000","published_at_display":"23 Jul 2026, 19:24 GMT","sequence_badge_label":null,"sequence_count":null,"sequence_count_label":null,"sequence_frames":[],"sequence_kind":null,"source_name":"dengeamerika_com_direct","source_name_label":"Dengeamerika","source_type":"direct_api","summary":"Karbidest\u00ean Tirk\u00eeye \u00fb S\u00fbr\u00eey\u00ea ragihandin ku ew jibo vekirina der\u00eey\u00ea s\u00eenor y\u00ea Nis\u00eab\u00een \u00fb Qami\u015flo dixebitin. Ozlem Yasak p\u00eazan\u00een\u00ean z\u00eadetir radigih\u00eene.","title":"Der\u00eey\u00ea S\u00eenor y\u00ea Nis\u00eab\u00een \u00fb Qami\u015flo Vedibe","topic":"V\u00eedyo Galer\u00ee","translation_language":"","url":"https://voa-video-ns.akamaized.net/pangeavideo/2026/07/d/d8/d8405e1e-f952-4893-cb64-08decd2a5d35_1080p.mp4?cb=ee1f46188","video_url":"https://voa-video-ns.akamaized.net/pangeavideo/2026/07/d/d8/d8405e1e-f952-4893-cb64-08decd2a5d35_1080p.mp4?cb=ee1f46188"},{"article_body_paragraphs":[],"audio_source_url":null,"author":null,"available_dubs":[],"downloadable_assets":["https://voa-video-ns.akamaized.net/pangeavideo/2026/07/0/01/019674a9-55d1-49e0-7fa1-08decae8682a_1080p.mp4?cb=ee1f46164"],"duration_display":"4:54","duration_seconds":294.52,"embed_url":null,"id":928,"image_caption":null,"image_url":"https://gdb.voanews.com/019674a9-55d1-49e0-7fa1-08decae8682a_tv_mw2048_mh2048_n.jpg","is_clip":true,"item_type":"video","item_type_label":"Video","language_label":"Kurdish","media_credit":"VOA","micro_label":"Video report","micro_label_kind":"video","network_label":"VOA","network_logo_url":"/static/uploads/direct_network_logos/voa_1ef13eedbd2f.svg","published_at":"2026-07-23T19:24:20.290000","published_at_display":"23 Jul 2026, 19:24 GMT","sequence_badge_label":null,"sequence_count":null,"sequence_count_label":null,"sequence_frames":[],"sequence_kind":null,"source_name":"dengeamerika_com_direct","source_name_label":"Dengeamerika","source_type":"direct_api","summary":"Pi\u015ft\u00ee serdana Washington\u00ea \u00fb di demek\u00ee hestiyar ku rojhilata Nav\u00een t\u00ea de derbas dibe, \u00e7av li ser serdana Serok Wez\u00eer\u00ea \u00ceraq\u00ea El\u00ee El-Zayd\u00ee ye bo Tehran a paytexta \u00ceran\u00ea. Sem\u00eera El\u00ee Mend\u00ee agah\u00eey\u00ean ser wan serdanan radigih\u00eene","title":"Peyman\u00ean Serokwez\u00eer\u00ea \u00ceraq\u00ea 'Zeyd\u00ee' ji Washington Heta Tehran\u00ea","topic":"V\u00eedyo Galer\u00ee","translation_language":"","url":"https://voa-video-ns.akamaized.net/pangeavideo/2026/07/0/01/019674a9-55d1-49e0-7fa1-08decae8682a_1080p.mp4?cb=ee1f46164","video_url":"https://voa-video-ns.akamaized.net/pangeavideo/2026/07/0/01/019674a9-55d1-49e0-7fa1-08decae8682a_1080p.mp4?cb=ee1f46164"},{"article_body_paragraphs":[],"audio_source_url":null,"author":"D\u00eeyar Cemal","available_dubs":[],"downloadable_assets":["https://voa-video-ns.akamaized.net/pangeavideo/2026/07/c/cf/cf2eb9f8-aebc-467a-cb63-08decd2a5d35_1080p.mp4?cb=ee1f45fb7"],"duration_display":"5:26","duration_seconds":326.97,"embed_url":null,"id":929,"image_caption":null,"image_url":"https://gdb.voanews.com/cf2eb9f8-aebc-467a-cb63-08decd2a5d35_tv_mw2048_mh2048_n.jpg","is_clip":false,"item_type":"video","item_type_label":"Video","language_label":"Kurdish","media_credit":"VOA","micro_label":"Video report","micro_label_kind":"video","network_label":"VOA","network_logo_url":"/static/uploads/direct_network_logos/voa_1ef13eedbd2f.svg","published_at":"2026-07-23T19:17:11.820000","published_at_display":"23 Jul 2026, 19:17 GMT","sequence_badge_label":null,"sequence_count":null,"sequence_count_label":null,"sequence_frames":[],"sequence_kind":null,"source_name":"dengeamerika_com_direct","source_name_label":"Dengeamerika","source_type":"direct_api","summary":"Diyar Cemal ji Her\u00eama Kurdistan\u00ea p\u00eazan\u00eenan derbar\u00ea guman\u00ean Parity\u00ean Kurd y\u00ean Opozisyona \u00ceran\u00ea ku dib\u00eajin \u00ceran\u00ea \u00e7ek\u00ean qedexe li dij\u00ee P\u00ea\u015fmergey\u00ean wan bi karan\u00eene radigih\u00eene.","title":"Guman Heye ku \u00ceran\u00ea \u00c7ek\u00ean Qedexe li Dij\u00ee P\u00ea\u015fmergeyan Karan\u00ee be","topic":"V\u00eedyo Galer\u00ee","translation_language":"","url":"https://voa-video-ns.akamaized.net/pangeavideo/2026/07/c/cf/cf2eb9f8-aebc-467a-cb63-08decd2a5d35_1080p.mp4?cb=ee1f45fb7","video_url":"https://voa-video-ns.akamaized.net/pangeavideo/2026/07/c/cf/cf2eb9f8-aebc-467a-cb63-08decd2a5d35_1080p.mp4?cb=ee1f45fb7"},{"article_body_paragraphs":[],"audio_source_url":null,"author":"Huner Ehmed","available_dubs":[],"downloadable_assets":["https://voa-video-ns.akamaized.net/pangeavideo/2026/07/3/3c/3c496403-1426-4521-37b4-08decd33fa02_1080p.mp4?cb=ee1f44a4a"],"duration_display":"2:55","duration_seconds":175.06,"embed_url":null,"id":366,"image_caption":null,"image_url":"https://gdb.voanews.com/3c496403-1426-4521-37b4-08decd33fa02_tv_mw2048_mh2048_n.jpg","is_clip":true,"item_type":"video","item_type_label":"Video","language_label":"Kurdish","media_credit":"VOA","micro_label":"Video report","micro_label_kind":"video","network_label":"VOA","network_logo_url":"/static/uploads/direct_network_logos/voa_1ef13eedbd2f.svg","published_at":"2026-07-23T17:45:25.233000","published_at_display":"23 Jul 2026, 17:45 GMT","sequence_badge_label":null,"sequence_count":null,"sequence_count_label":null,"sequence_frames":[],"sequence_kind":null,"source_name":"dengeamerika_com_direct","source_name_label":"Dengeamerika","source_type":"direct_api","summary":"Dawiya v\u00ea meh\u00ea peymana 50 sal\u00ee ya h\u00eala petrol\u00ea ya di navbera \u00ceraq \u00fb Tirk\u00eey\u00ea de bidaw\u00ee dibe, ev di demek\u00ea de t\u00ea ku girjiy\u00ean di navbera \u00ceran \u00fb Amer\u00eekay\u00ea de z\u00eade dibin \u00fb bihay\u00ean petrol\u00ea bilind dibin \u00fb hewcedar\u00eeya bi h\u00eala petrol\u00ea ya Kerkuk - Ceyhan z\u00eade dibe.","title":"\u00c7areniv\u00eesa Peymana 50 Sal\u00ee ya Boriy\u00ean Petrol\u00ea di Navbera Tirkiye \u00fb \u00ceraq\u00ea de","topic":"V\u00eedyo Galer\u00ee","translation_language":"","url":"https://voa-video-ns.akamaized.net/pangeavideo/2026/07/3/3c/3c496403-1426-4521-37b4-08decd33fa02_1080p.mp4?cb=ee1f44a4a","video_url":"https://voa-video-ns.akamaized.net/pangeavideo/2026/07/3/3c/3c496403-1426-4521-37b4-08decd33fa02_1080p.mp4?cb=ee1f44a4a"},{"article_body_paragraphs":[],"audio_source_url":null,"author":"B\u00eeta Me\u015fayex\u00ee","available_dubs":[],"downloadable_assets":["https://voa-video-ns.akamaized.net/pangeavideo/2026/07/6/65/653891c4-4c8e-484f-cb5a-08decd2a5d35_1080p.mp4?cb=ee1f4442b"],"duration_display":"1:07","duration_seconds":67.71,"embed_url":null,"id":439,"image_caption":null,"image_url":"https://gdb.voanews.com/653891c4-4c8e-484f-cb5a-08decd2a5d35_tv_mw2048_mh2048_n.jpg","is_clip":true,"item_type":"video","item_type_label":"Video","language_label":"Kurdish","media_credit":"VOA","micro_label":"Video report","micro_label_kind":"video","network_label":"VOA","network_logo_url":"/static/uploads/direct_network_logos/voa_1ef13eedbd2f.svg","published_at":"2026-07-23T17:18:58.637000","published_at_display":"23 Jul 2026, 17:18 GMT","sequence_badge_label":null,"sequence_count":null,"sequence_count_label":null,"sequence_frames":[],"sequence_kind":null,"source_name":"dengeamerika_com_direct","source_name_label":"Dengeamerika","source_type":"direct_api","summary":"Li perav\u00ean ba\u015f\u00fbr\u00ea Kroatya, deh sal l\u00eakol\u00een\u00ean bin av\u00ea r\u00ea li ber arkeologan vekirin ku z\u00eadetir\u00ee 600 gram z\u00ear y\u00ea ji serdema \u00cemparator\u00eeya B\u00eezant\u00ee (B\u00eezans) \u00ea bib\u00eenin.","title":"Z\u00ear\u00ean Serdema \u00cemparator\u00eeya B\u00eezant\u00ee Hatin D\u00eetin","topic":"V\u00eedyo Galer\u00ee","translation_language":"","url":"https://voa-video-ns.akamaized.net/pangeavideo/2026/07/6/65/653891c4-4c8e-484f-cb5a-08decd2a5d35_1080p.mp4?cb=ee1f4442b","video_url":"https://voa-video-ns.akamaized.net/pangeavideo/2026/07/6/65/653891c4-4c8e-484f-cb5a-08decd2a5d35_1080p.mp4?cb=ee1f4442b"}],"next_num":15,"page":14,"pages":15,"per_page":20,"prev_num":13,"total":298}
