{"applied_filters":{"end_date":"","lang":"","language":"","network":"","page":15,"per_page":20,"search":"","source":"","start_date":"","topic":"V\u00eedyo Galer\u00ee","type":"video"},"available_filters":{"language_choices":[{"label":"Choose Language","value":""},{"label":"English","value":"English"},{"label":"Espa\u00f1ol","value":"Espa\u00f1ol"},{"label":"Kurdish","value":"Kurdish"}],"network_choices":[{"label":"All networks","value":""},{"label":"VOA","value":"VOA"}],"source_choices":[{"label":"All sources","value":""},{"label":"Dengeamerika","value":"dengeamerika_com_direct"}],"sources":["dengeamerika_com_direct"],"topics":["250em\u00een Salvegera Serxweb\u00fbna Amer\u00eekay\u00ea","250\u0647\u06d5\u0645\u06cc\u0646 \u0633\u0627\u06b5\u06cc\u0627\u062f\u06cc \u0633\u06d5\u0631\u0628\u06d5\u062e\u06c6\u06cc\u06cc \u0626\u06d5\u0645\u06d5\u0631\u06cc\u06a9\u0627","8 \u10e4\u10dd\u10e2\u10dd \u10d0\u10e0\u10e5\u10d8\u10d5\u10d8\u10d3\u10d0\u10dc","Afghanistan","Amer\u00eeka","Am\u00e9rica Latina, VENEZUELA, Maiquetia","Asuntos de Estado","Audiovisuales Mart\u00ed","Audiovisuales Mart\u00ed, Cuba turismo, crisis del turismo en Cuba","Audiovisuales Mart\u00ed, VENEZUELA, apagones","Bernameya Televizyon\u00ee ya Rojane","Como Come Cuba, cuba, Como Come Cuba","Cuba Habla","Cuba Habla, Cuba","Cuba al D\u00eda, Cuba","C\u00eehan","Derechos Humanos, cuba, exilio, c\u00e1ncer, Ram\u00f3n Sa\u00fal S\u00e1nchez","Especiales, Exilio cubano, Freedom tower, \"Libertad\", Torre de la Libertad de Miami, Exilio cubano en Miami","Especiales, jos\u00e9 mart\u00ed, Exilio cubano","Esperando un techo, cuba, crisis, vivienda, derrumbes, techo, paredes, EsperandounTecho","Human Rights","Info Mart\u00ed","Info Mart\u00ed , Brigada 2506","Info Mart\u00ed , Cuba","Info Mart\u00ed , Estados Unidos, Colombia","Info Mart\u00ed , Estados Unidos, VENEZUELA","Info Mart\u00ed , estados unidos, Venezuela","Info Mart\u00ed , presos politicos, torturas, VENEZUELA","Iran","Iz RSE sveta","Kentu-Cubano, cuba, cubanos, Kentucky, migrantes, KentoCubano","Korea","Laos","Las Noticias Como Son, Cuba","Multimedija","Myanmar","Noticiero Mart\u00ed Noticias","Noticiero Mart\u00ed Noticias, Cuba","Pacific","Pe Agend\u0103 cu Cristina Popu\u0219oi","Perspektiva","Ser Madre en cuba, cuba, hambre, r\u00e9gimen, madre, negligencia, Testimonios, Crisis Econ\u00f3mica, madre cubana, Crisis Alimentaria","Ser viejo en Cuba, cuba, cubanos, crisis, alimentos, ancianos, viejos, vejez","South China Sea","Srbija","Tibet","Ukraine","Uvid","VOA \ud55c\uad6d\uc5b4 \ubcf4\uc774\ub294 \ub77c\ub514\uc624","VOA\u4eca\u65e5\u7126\u70b9","Video","Videos","V\u00eedyo Galer\u00ee","\u0410\u0440\u0445\u0435\u043e\u043b\u043e\u0433\u0438\u044f","\u0411\u0430\u043b\u0442\u0438\u044f","\u0412\u0438\u0434\u0435\u043e","\u0413\u043b\u0430\u0432\u043d\u043e\u0435","\u0413\u0440\u0430\u043d\u0438 \u0432\u0440\u0435\u043c\u0435\u043d\u0438","\u0418\u043d\u0442\u0435\u0440\u0432\u044c\u044e","\u041a\u0430\u0434\u0440\u044b \u0434\u043d\u044f","\u041b\u0438\u0446\u043e\u043c \u043a \u0441\u043e\u0431\u044b\u0442\u0438\u044e","\u0420\u0435\u043f\u043e\u0440\u0442\u0430\u0436","\u0420\u043e\u0441\u0441\u0438\u044f","\u0421\u043c\u043e\u0442\u0440\u0438 \u0432 \u043e\u0431\u0430","\u0423\u043a\u0440\u0430\u0438\u043d\u0430","\u0622\u062e\u0631\u06cc\u0646 \u0648\u06cc\u062f\u06cc\u0648\u0647\u0627","\u0626\u06ce\u0631\u0627\u0646","\u0626\u06d5\u0645\u06d5\u0631\u06cc\u06a9\u0627","\u0627\u0645\u0631\u06cc\u06a9\u0627 \u063a\u0696 \u067e\u069a\u062a\u0648","\u0628\u06d5\u0631\u0646\u0627\u0645\u06d5\u06cc \u0695\u06c6\u0698\u0627\u0646\u06d5\u06cc \u062a\u06d5\u0644\u06d5\u0641\u06cc\u0632\u06cc\u06c6\u0646","\u062a\u0648\u0631\u06a9\u06cc\u0627","\u062c\u0647\u0627\u0646","\u062c\u06cc\u0647\u0627\u0646","\u0633\u0648\u0631\u06cc\u0627","\u0633\u0649\u0646","\u0635\u062f\u0627\u06cc \u0627\u0645\u0631\u06cc\u06a9\u0627 \u062f\u0631\u06cc","\u0639\u06ce\u0631\u0627\u0642","\u0642\u0649\u0633\u0642\u0627 \u062e\u06d5\u06cb\u06d5\u0631\u0644\u06d5\u0631","\u0645\u0631\u06a9\u06d0","\u0646\u0648\u0631 \u062e\u0628\u0631\u0648\u0646\u0647","\u0647\u06d5\u0631\u06ce\u0645\u06d5 \u06a9\u0648\u0631\u062f\u06cc\u0640\u06cc\u06d5\u06a9\u0627\u0646","\u0648\u06cc\u062f\u06cc\u0648","\u0648\u06cc\u0698\u0647 \u0628\u0631\u0646\u0627\u0645\u0647\u200c\u0647\u0627","\u0695\u06c6\u0698\u0647\u06d5\u06b5\u0627\u062a\u06cc \u0646\u0627\u0648\u06d5\u0695\u0627\u0633\u062a","\u06a4\u06cc\u062f\u06cc\u06c6","\u0e82\u0ec8\u0eb2\u0ea7\u0ec1\u0ea5\u0eb0\u0ea5\u0eb2\u0e8d\u0e87\u0eb2\u0e99","\u0ea7\u0eb5\u0e94\u0eb5\u0ec2\u0ead","\u0f38\u0f42\u0f7c\u0f44\u0f0b\u0f66\u0f0b\u0f58\u0f46\u0f7c\u0f42","\u0f56\u0f59\u0f53\u0f0b\u0f56\u0fb1\u0f7c\u0f63\u0f0d","\u0f56\u0f62\u0f99\u0f53\u0f0d","\u0f56\u0f7c\u0f51\u0f0d","\u1017\u102e\u1012\u102e\u101a\u102d\u102f\u1019\u103b\u102c\u1038","\u101e\u1010\u1004\u103a\u1038\u1019\u103b\u102c\u1038","\u10d5\u10d8\u10d3\u10d4\u10dd","\u1785\u17d2\u1794\u17b6\u1794\u17cb","\u1793\u1799\u17c4\u1794\u17b6\u1799","\u1794\u179a\u17b7\u179f\u17d2\u1790\u17b6\u1793","\u179c\u17b8\u178a\u17c1\u17a2\u17bc","\u179f\u1784\u17d2\u1782\u1798","\u4eba\u6743\u6cd5\u6cbb"],"types":[["","All types"],["video","Videos"],["clips","Clips"],["media","Media"]]},"has_next":false,"has_prev":true,"items":[{"article_body_paragraphs":[],"audio_source_url":null,"author":"\u00cevan Hes\u00eeb","available_dubs":[],"downloadable_assets":["https://voa-video-ns.akamaized.net/pangeavideo/2026/07/5/51/519b7fa3-321f-45a8-37af-08decd33fa02_1080p.mp4?cb=ee1f43e9f"],"duration_display":"3:46","duration_seconds":226.36,"embed_url":null,"id":368,"image_caption":null,"image_url":"https://gdb.voanews.com/519b7fa3-321f-45a8-37af-08decd33fa02_tv_mw2048_mh2048_n.jpg","is_clip":true,"item_type":"video","item_type_label":"Video","language_label":"Kurdish","media_credit":"VOA","micro_label":"Video report","micro_label_kind":"video","network_label":"VOA","network_logo_url":"/static/uploads/direct_network_logos/voa_1ef13eedbd2f.svg","published_at":"2026-07-23T16:55:37.300000","published_at_display":"23 Jul 2026, 16:55 GMT","sequence_badge_label":null,"sequence_count":null,"sequence_count_label":null,"sequence_frames":[],"sequence_kind":null,"source_name":"dengeamerika_com_direct","source_name_label":"Dengeamerika","source_type":"direct_api","summary":"Hik\u00fbmeta demk\u00ee ya S\u00fbr\u00eey\u00ea hefteya bor\u00ee li Washington\u00ea r\u00eakeftinek ligel \u00ceraq \u00fb hejmareke kompanyay\u00ean navdewlet\u00ee, bo n\u00fbjenkirin \u00fb vejandina xeta veguhestina nefta xav (Kerk\u00fbk-Baniyas) \u00eemze kir. Kurd\u00ean S\u00fbr\u00eey\u00ea v\u00ea projey\u00ea wek gavek ji bo pi\u015ftgir\u00eekirina ewleh\u00ee \u00fb aram\u00eeya her\u00eam\u00ea dib\u00eenin","title":"N\u00fbjenkirina Bor\u00eeya Petrol\u00ea ya di Navbera \u00ceraq \u00fb S\u00fbr\u00eey\u00ea de","topic":"V\u00eedyo Galer\u00ee","translation_language":"","url":"https://voa-video-ns.akamaized.net/pangeavideo/2026/07/5/51/519b7fa3-321f-45a8-37af-08decd33fa02_1080p.mp4?cb=ee1f43e9f","video_url":"https://voa-video-ns.akamaized.net/pangeavideo/2026/07/5/51/519b7fa3-321f-45a8-37af-08decd33fa02_1080p.mp4?cb=ee1f43e9f"},{"article_body_paragraphs":[],"audio_source_url":null,"author":"Ridwan B\u00eazar","available_dubs":[],"downloadable_assets":["https://voa-video-ns.akamaized.net/pangeavideo/2026/07/a/a8/a884266c-e248-4e5d-c7b9-08decaecd3b3_1080p.mp4?cb=ee1f41124"],"duration_display":"2:53","duration_seconds":173.76,"embed_url":null,"id":371,"image_caption":null,"image_url":"https://gdb.voanews.com/a884266c-e248-4e5d-c7b9-08decaecd3b3_tv_mw2048_mh2048_n.jpg","is_clip":true,"item_type":"video","item_type_label":"Video","language_label":"Kurdish","media_credit":"VOA","micro_label":"Video report","micro_label_kind":"video","network_label":"VOA","network_logo_url":"/static/uploads/direct_network_logos/voa_1ef13eedbd2f.svg","published_at":"2026-07-23T13:28:46.810000","published_at_display":"23 Jul 2026, 13:28 GMT","sequence_badge_label":null,"sequence_count":null,"sequence_count_label":null,"sequence_frames":[],"sequence_kind":null,"source_name":"dengeamerika_com_direct","source_name_label":"Dengeamerika","source_type":"direct_api","summary":"150 malbat\u00ean derbider \u00ean Minbic\u00ea ku niha li Koban\u00eey\u00ea di rew\u015feke pir dijwar de dij\u00een dixwazin vegerin ser cih \u00fb war\u00ean xwe. Malbata Sebah Ehmed m\u00eenakek ji wan Malbatan e, ku ew \u00fb 4 zarok\u00ean xwe weke bi dehan malbat\u00ean derbider di rew\u015feke pir xerab de dij\u00een.","title":"\u00c7\u00eeroka Vegera 150 Malbat\u00ean Minbic\u00ea ku li Koban\u00eey\u00ea Dim\u00eenin","topic":"V\u00eedyo Galer\u00ee","translation_language":"","url":"https://voa-video-ns.akamaized.net/pangeavideo/2026/07/a/a8/a884266c-e248-4e5d-c7b9-08decaecd3b3_1080p.mp4?cb=ee1f41124","video_url":"https://voa-video-ns.akamaized.net/pangeavideo/2026/07/a/a8/a884266c-e248-4e5d-c7b9-08decaecd3b3_1080p.mp4?cb=ee1f41124"},{"article_body_paragraphs":[],"audio_source_url":null,"author":"Emced Kurdo","available_dubs":[],"downloadable_assets":["https://voa-video-ns.akamaized.net/pangeavideo/2026/07/3/32/32c845ea-92da-4365-c7b8-08decaecd3b3_1080p.mp4?cb=ee1f40b4c"],"duration_display":"2:15","duration_seconds":135.8,"embed_url":null,"id":372,"image_caption":null,"image_url":"https://gdb.voanews.com/32c845ea-92da-4365-c7b8-08decaecd3b3_tv_mw2048_mh2048_n.jpg","is_clip":true,"item_type":"video","item_type_label":"Video","language_label":"Kurdish","media_credit":"VOA","micro_label":"Video report","micro_label_kind":"video","network_label":"VOA","network_logo_url":"/static/uploads/direct_network_logos/voa_1ef13eedbd2f.svg","published_at":"2026-07-23T13:14:34.973000","published_at_display":"23 Jul 2026, 13:14 GMT","sequence_badge_label":null,"sequence_count":null,"sequence_count_label":null,"sequence_frames":[],"sequence_kind":null,"source_name":"dengeamerika_com_direct","source_name_label":"Dengeamerika","source_type":"direct_api","summary":"\u00cero 23 T\u00eermeh\u00ea \u015fandek ji hik\u00fbmeta demk\u00ee bi serkokat\u00eeya Wez\u00eer\u00ea Xwendina Bilind a S\u00fbriy\u00ea \u00fb Par\u00eazgar\u00ea Hesek\u00ea serdana zan\u00eengeha Rojava kirin, \u00fb soz\u00ean naskirina zan\u00eenegh\u00ea di s\u00eestema xwendina S\u00fbriy\u00ea de dan.","title":"Wez\u00eer\u00ea Xwendina Bilind a S\u00fbriy\u00ea Serdana Zan\u00eengeha Rojava Kir","topic":"V\u00eedyo Galer\u00ee","translation_language":"","url":"https://voa-video-ns.akamaized.net/pangeavideo/2026/07/3/32/32c845ea-92da-4365-c7b8-08decaecd3b3_1080p.mp4?cb=ee1f40b4c","video_url":"https://voa-video-ns.akamaized.net/pangeavideo/2026/07/3/32/32c845ea-92da-4365-c7b8-08decaecd3b3_1080p.mp4?cb=ee1f40b4c"},{"article_body_paragraphs":[],"audio_source_url":null,"author":"S\u00eenor Ker\u00eem","available_dubs":[],"downloadable_assets":["https://voa-video-ns.akamaized.net/pangeavideo/2026/07/3/3d/3daa7916-4114-4659-6274-08decd2fb674_1080p.mp4?cb=ee1f33a3e"],"duration_display":"3:54","duration_seconds":234.24,"embed_url":null,"id":374,"image_caption":null,"image_url":"https://gdb.voanews.com/3daa7916-4114-4659-6274-08decd2fb674_tv_mw2048_mh2048_n.jpg","is_clip":true,"item_type":"video","item_type_label":"Video","language_label":"Kurdish","media_credit":"VOA","micro_label":"Video report","micro_label_kind":"video","network_label":"VOA","network_logo_url":"/static/uploads/direct_network_logos/voa_1ef13eedbd2f.svg","published_at":"2026-07-22T22:25:02.747000","published_at_display":"22 Jul 2026, 22:25 GMT","sequence_badge_label":null,"sequence_count":null,"sequence_count_label":null,"sequence_frames":[],"sequence_kind":null,"source_name":"dengeamerika_com_direct","source_name_label":"Dengeamerika","source_type":"direct_api","summary":"Duh agirek\u00ea mezin bi \u00e7iyay\u00ea Gw\u00eaje y\u00ea li pi\u015f bajar\u00ea Sil\u00eamaniy\u00ea ketb\u00fb, ew agir b\u00fb sedema ziyan\u00ean mezin, \u00ceran\u00ea xwe berpirs ji derketina w\u00ee agir\u00ee \u00fb w\u00ea \u015fewat\u00ea ragihand, S\u00eenor Ker\u00eem ji Sil\u00eamaniy\u00ea p\u00eazan\u00een\u00ean z\u00eadetir radigih\u00eene.","title":"\u00ceran Dib\u00eaje, W\u00ea Agir bi \u00c7iyay\u00ea Gw\u00eaje Xist\u00eeye","topic":"V\u00eedyo Galer\u00ee","translation_language":"","url":"https://voa-video-ns.akamaized.net/pangeavideo/2026/07/3/3d/3daa7916-4114-4659-6274-08decd2fb674_1080p.mp4?cb=ee1f33a3e","video_url":"https://voa-video-ns.akamaized.net/pangeavideo/2026/07/3/3d/3daa7916-4114-4659-6274-08decd2fb674_1080p.mp4?cb=ee1f33a3e"},{"article_body_paragraphs":[],"audio_source_url":null,"author":"Huner Ehmed","available_dubs":[],"downloadable_assets":["https://voa-video-ns.akamaized.net/pangeavideo/2026/07/7/75/75c2de59-0235-407b-cb4e-08decd2a5d35_1080p.mp4?cb=ee1f33453"],"duration_display":"4:25","duration_seconds":265.45,"embed_url":null,"id":375,"image_caption":null,"image_url":"https://gdb.voanews.com/75c2de59-0235-407b-cb4e-08decd2a5d35_tv_mw2048_mh2048_n.jpg","is_clip":true,"item_type":"video","item_type_label":"Video","language_label":"Kurdish","media_credit":"VOA","micro_label":"Video report","micro_label_kind":"video","network_label":"VOA","network_logo_url":"/static/uploads/direct_network_logos/voa_1ef13eedbd2f.svg","published_at":"2026-07-22T21:59:47.043000","published_at_display":"22 Jul 2026, 21:59 GMT","sequence_badge_label":null,"sequence_count":null,"sequence_count_label":null,"sequence_frames":[],"sequence_kind":null,"source_name":"dengeamerika_com_direct","source_name_label":"Dengeamerika","source_type":"direct_api","summary":"Partiya Azadiya Kurdistan\u00ea (PAK) di daxuyaniyek\u00ea de got ku rej\u00eema \u00ceran\u00ea roja Yek\u015fem\u00ea sibeh\u00ea di \u00ear\u00ee\u015feke dron\u00ee de li ser h\u00eaz\u00ean wan li kampa \u00c7em\u015far a li ser s\u00eenor\u00ea Hewl\u00ear\u00ea fosfora sp\u00ee kar aniye.","title":"Guman Heye ku \u00ceran\u00ea li Dij\u00ee P\u00ea\u015fmergeyan \u00c7ek\u00ea Qedexekir\u00ee Karan\u00ee be","topic":"V\u00eedyo Galer\u00ee","translation_language":"","url":"https://voa-video-ns.akamaized.net/pangeavideo/2026/07/7/75/75c2de59-0235-407b-cb4e-08decd2a5d35_1080p.mp4?cb=ee1f33453","video_url":"https://voa-video-ns.akamaized.net/pangeavideo/2026/07/7/75/75c2de59-0235-407b-cb4e-08decd2a5d35_1080p.mp4?cb=ee1f33453"},{"article_body_paragraphs":[],"audio_source_url":null,"author":"Befraw N\u00fbr\u00ee","available_dubs":[],"downloadable_assets":["https://voa-video-ns.akamaized.net/pangeavideo/2026/07/0/01/01b179b6-594c-4af4-c7ad-08decaecd3b3_1080p.mp4?cb=ee1f33198"],"duration_display":"8:12","duration_seconds":492.25,"embed_url":null,"id":376,"image_caption":null,"image_url":"https://gdb.voanews.com/01b179b6-594c-4af4-c7ad-08decaecd3b3_tv_mw2048_mh2048_n.jpg","is_clip":false,"item_type":"video","item_type_label":"Video","language_label":"Kurdish","media_credit":"VOA","micro_label":"Video report","micro_label_kind":"video","network_label":"VOA","network_logo_url":"/static/uploads/direct_network_logos/voa_1ef13eedbd2f.svg","published_at":"2026-07-22T21:48:08.777000","published_at_display":"22 Jul 2026, 21:48 GMT","sequence_badge_label":null,"sequence_count":null,"sequence_count_label":null,"sequence_frames":[],"sequence_kind":null,"source_name":"dengeamerika_com_direct","source_name_label":"Dengeamerika","source_type":"direct_api","summary":"\u015eirovekar\u00ea Pirs\u00ean Siyas\u00ee B\u00eajen Qareman\u00ee fi\u015far\u00ean siyas\u00ee \u00fb le\u015fker\u00ee y\u00ean ser Partiy\u00ean Kurd\u00ee y\u00ean Rojhilat dinirx\u00eene","title":"\u015eirovekar Qareman\u00ee Fi\u015far\u00ean Siyas\u00ee \u00fb Le\u015fker\u00ee y\u00ean ser Partiy\u00ean Kurd\u00ee Dinirx\u00eene","topic":"V\u00eedyo Galer\u00ee","translation_language":"","url":"https://voa-video-ns.akamaized.net/pangeavideo/2026/07/0/01/01b179b6-594c-4af4-c7ad-08decaecd3b3_1080p.mp4?cb=ee1f33198","video_url":"https://voa-video-ns.akamaized.net/pangeavideo/2026/07/0/01/01b179b6-594c-4af4-c7ad-08decaecd3b3_1080p.mp4?cb=ee1f33198"},{"article_body_paragraphs":[],"audio_source_url":null,"author":null,"available_dubs":[],"downloadable_assets":["https://voa-video-ns.akamaized.net/pangeavideo/2026/07/c/c5/c5633a35-19af-4527-c7ae-08decaecd3b3_1080p.mp4?cb=ee1f330f1"],"duration_display":"5:16","duration_seconds":316.55,"embed_url":null,"id":377,"image_caption":null,"image_url":"https://gdb.voanews.com/c5633a35-19af-4527-c7ae-08decaecd3b3_tv_mw2048_mh2048_n.jpg","is_clip":false,"item_type":"video","item_type_label":"Video","language_label":"Kurdish","media_credit":"VOA","micro_label":"Video report","micro_label_kind":"video","network_label":"VOA","network_logo_url":"/static/uploads/direct_network_logos/voa_1ef13eedbd2f.svg","published_at":"2026-07-22T21:45:21.630000","published_at_display":"22 Jul 2026, 21:45 GMT","sequence_badge_label":null,"sequence_count":null,"sequence_count_label":null,"sequence_frames":[],"sequence_kind":null,"source_name":"dengeamerika_com_direct","source_name_label":"Dengeamerika","source_type":"direct_api","summary":"Amer\u00eeka dest bi p\u00eal\u00ean n\u00fb y\u00ean \u00ear\u00ee\u015fan kiriye bo ser armanc\u00ean destn\u00ee\u015fan kir\u00ee di nav axa \u00ceran\u00ea de, ew armanc \u00e7ine? Are\u015f Sal\u00eeh agah\u00ee \u00fb p\u00eazan\u00eenan li ser wan cih \u00fb armancan radigih\u00eene.","title":"Armanc\u00ean N\u00fb y\u00ean \u00car\u00ee\u015f\u00ean Amer\u00eekay\u00ea li Nav Axa \u00ceran\u00ea","topic":"V\u00eedyo Galer\u00ee","translation_language":"","url":"https://voa-video-ns.akamaized.net/pangeavideo/2026/07/c/c5/c5633a35-19af-4527-c7ae-08decaecd3b3_1080p.mp4?cb=ee1f330f1","video_url":"https://voa-video-ns.akamaized.net/pangeavideo/2026/07/c/c5/c5633a35-19af-4527-c7ae-08decaecd3b3_1080p.mp4?cb=ee1f330f1"},{"article_body_paragraphs":[],"audio_source_url":null,"author":"D\u00eeyar Cemal","available_dubs":[],"downloadable_assets":["https://voa-video-ns.akamaized.net/pangeavideo/2026/07/3/3a/3a45fda1-ffa0-4301-cb4d-08decd2a5d35_1080p.mp4?cb=ee1f32db2"],"duration_display":"3:47","duration_seconds":227.94,"embed_url":null,"id":378,"image_caption":null,"image_url":"https://gdb.voanews.com/3a45fda1-ffa0-4301-cb4d-08decd2a5d35_tv_mw2048_mh2048_n.jpg","is_clip":true,"item_type":"video","item_type_label":"Video","language_label":"Kurdish","media_credit":"VOA","micro_label":"Video report","micro_label_kind":"video","network_label":"VOA","network_logo_url":"/static/uploads/direct_network_logos/voa_1ef13eedbd2f.svg","published_at":"2026-07-22T21:31:20.770000","published_at_display":"22 Jul 2026, 21:31 GMT","sequence_badge_label":null,"sequence_count":null,"sequence_count_label":null,"sequence_frames":[],"sequence_kind":null,"source_name":"dengeamerika_com_direct","source_name_label":"Dengeamerika","source_type":"direct_api","summary":"\u00car\u00ee\u015f\u00ean \u00ceran\u00ea bo ser Her\u00eama Kurdistan\u00ea dom dikin, Diyar Cemal ji Germiyan aghah\u00eey\u00ean n\u00fb dide.","title":"\u00car\u00ee\u015f\u00ean \u00ceran\u00ea bo ser Her\u00eama Kurdistan\u00ea Dom Dikin","topic":"V\u00eedyo Galer\u00ee","translation_language":"","url":"https://voa-video-ns.akamaized.net/pangeavideo/2026/07/3/3a/3a45fda1-ffa0-4301-cb4d-08decd2a5d35_1080p.mp4?cb=ee1f32db2","video_url":"https://voa-video-ns.akamaized.net/pangeavideo/2026/07/3/3a/3a45fda1-ffa0-4301-cb4d-08decd2a5d35_1080p.mp4?cb=ee1f32db2"},{"article_body_paragraphs":[],"audio_source_url":null,"author":null,"available_dubs":[],"downloadable_assets":["https://voa-video-ns.akamaized.net/pangeavideo/2026/07/4/4c/4c7bfd26-7fb8-4bb2-379a-08decd33fa02_1080p.mp4?cb=ee1f32d9e"],"duration_display":"5:11","duration_seconds":311.45,"embed_url":null,"id":379,"image_caption":null,"image_url":"https://gdb.voanews.com/4c7bfd26-7fb8-4bb2-379a-08decd33fa02_tv_mw2048_mh2048_n.jpg","is_clip":false,"item_type":"video","item_type_label":"Video","language_label":"Kurdish","media_credit":"VOA","micro_label":"Video report","micro_label_kind":"video","network_label":"VOA","network_logo_url":"/static/uploads/direct_network_logos/voa_1ef13eedbd2f.svg","published_at":"2026-07-22T21:31:00.090000","published_at_display":"22 Jul 2026, 21:31 GMT","sequence_badge_label":null,"sequence_count":null,"sequence_count_label":null,"sequence_frames":[],"sequence_kind":null,"source_name":"dengeamerika_com_direct","source_name_label":"Dengeamerika","source_type":"direct_api","summary":"Mer\u00eewan Heme ji Kongresa Amer\u00eekay\u00ea p\u00eazan\u00een\u00ean n\u00fb ser amadeb\u00fbna Wez\u00eer\u00ea Ceng\u00ea \u00fb Fermandar\u00ea Gi\u015ft\u00ee di Civata Senatoran de \u00fb pirs\u00ean derbar\u00ea budceya mezin, dide.","title":"Agah\u00eey\u00ean N\u00fb ser Amadeb\u00fbna Wez\u00eer\u00ea Ceng\u00ea \u00fb Fermandar\u00ea Gi\u015ft\u00ee di Civata Senatoran de","topic":"V\u00eedyo Galer\u00ee","translation_language":"","url":"https://voa-video-ns.akamaized.net/pangeavideo/2026/07/4/4c/4c7bfd26-7fb8-4bb2-379a-08decd33fa02_1080p.mp4?cb=ee1f32d9e","video_url":"https://voa-video-ns.akamaized.net/pangeavideo/2026/07/4/4c/4c7bfd26-7fb8-4bb2-379a-08decd33fa02_1080p.mp4?cb=ee1f32d9e"},{"article_body_paragraphs":[],"audio_source_url":null,"author":null,"available_dubs":[],"downloadable_assets":["https://voa-video-ns.akamaized.net/pangeavideo/2026/07/e/e5/e5b0bef9-ea8a-45b9-c7a7-08decaecd3b3_1080p.mp4?cb=ee1f32d4e"],"duration_display":"4:38","duration_seconds":278.89,"embed_url":null,"id":380,"image_caption":null,"image_url":"https://gdb.voanews.com/e5b0bef9-ea8a-45b9-c7a7-08decaecd3b3_tv_mw2048_mh2048_n.jpg","is_clip":true,"item_type":"video","item_type_label":"Video","language_label":"Kurdish","media_credit":"VOA","micro_label":"Video report","micro_label_kind":"video","network_label":"VOA","network_logo_url":"/static/uploads/direct_network_logos/voa_1ef13eedbd2f.svg","published_at":"2026-07-22T21:29:50.623000","published_at_display":"22 Jul 2026, 21:29 GMT","sequence_badge_label":null,"sequence_count":null,"sequence_count_label":null,"sequence_frames":[],"sequence_kind":null,"source_name":"dengeamerika_com_direct","source_name_label":"Dengeamerika","source_type":"direct_api","summary":"Daxuyaniy\u00ean Serok\u00ea Parlemana Tirk\u00eey\u00ea Numan Kurtulmu\u015f ser pejirandina \u2018qan\u00fbna peyvojoy\u00ea\u2019, \u00fb pirsa part\u00eeya n\u00fb ya Ozgur Ozel. Ozlem Yasak p\u00eazan\u00een\u00ean z\u00eadetir dide.","title":"Daxuyaniy\u00ean Serok\u00ea Meclisa Tirkiy\u00ea ser P\u00eavajoya A\u015ftiy\u00ea","topic":"V\u00eedyo Galer\u00ee","translation_language":"","url":"https://voa-video-ns.akamaized.net/pangeavideo/2026/07/e/e5/e5b0bef9-ea8a-45b9-c7a7-08decaecd3b3_1080p.mp4?cb=ee1f32d4e","video_url":"https://voa-video-ns.akamaized.net/pangeavideo/2026/07/e/e5/e5b0bef9-ea8a-45b9-c7a7-08decaecd3b3_1080p.mp4?cb=ee1f32d4e"},{"article_body_paragraphs":[],"audio_source_url":null,"author":null,"available_dubs":[],"downloadable_assets":["https://voa-video-ns.akamaized.net/pangeavideo/2026/07/3/32/32c95ae0-ecbc-436e-7f7e-08decae8682a_1080p.mp4?cb=ee1f31207"],"duration_display":"5:21","duration_seconds":321.36,"embed_url":null,"id":382,"image_caption":null,"image_url":"https://gdb.voanews.com/32c95ae0-ecbc-436e-7f7e-08decae8682a_tv_mw2048_mh2048_n.jpg","is_clip":false,"item_type":"video","item_type_label":"Video","language_label":"Kurdish","media_credit":"VOA","micro_label":"Video report","micro_label_kind":"video","network_label":"VOA","network_logo_url":"/static/uploads/direct_network_logos/voa_1ef13eedbd2f.svg","published_at":"2026-07-22T19:33:27.447000","published_at_display":"22 Jul 2026, 19:33 GMT","sequence_badge_label":null,"sequence_count":null,"sequence_count_label":null,"sequence_frames":[],"sequence_kind":null,"source_name":"dengeamerika_com_direct","source_name_label":"Dengeamerika","source_type":"direct_api","summary":"Le\u015fker\u00ean Amer\u00eek\u00ee y\u00ean ku li Rojhilata Nav\u00een di \u00ear\u00ee\u015f\u00ean \u00ceran\u00ea de hatb\u00fbn ku\u015ftin, ji bo bingeha le\u015fker\u00ee ya Dover Air Force Base, DE hatin veguhastin. Serok Trump di p\u00ea\u015fwaziya gehi\u015ftina cenazey\u00ean le\u015fkeran de amade b\u00fb. P\u00eazan\u00een\u00ean Z\u00eadetir H\u00eewa Selam radigih\u00eene.","title":"P\u00ea\u015fwaz\u00eeya Serok Trump ya Cenazey\u00ean Le\u015fker\u00ean Amer\u00eek\u00ee \u00fb Mijar\u00ean Din di Rojeva Washington\u00ea de","topic":"V\u00eedyo Galer\u00ee","translation_language":"","url":"https://voa-video-ns.akamaized.net/pangeavideo/2026/07/3/32/32c95ae0-ecbc-436e-7f7e-08decae8682a_1080p.mp4?cb=ee1f31207","video_url":"https://voa-video-ns.akamaized.net/pangeavideo/2026/07/3/32/32c95ae0-ecbc-436e-7f7e-08decae8682a_1080p.mp4?cb=ee1f31207"},{"article_body_paragraphs":[],"audio_source_url":null,"author":null,"available_dubs":[],"downloadable_assets":["https://voa-video-ns.akamaized.net/pangeavideo/2026/07/9/94/94935da5-3772-48c2-3796-08decd33fa02_1080p.mp4?cb=ee1f307a6"],"duration_display":"4:48","duration_seconds":288.23,"embed_url":null,"id":383,"image_caption":null,"image_url":"https://gdb.voanews.com/94935da5-3772-48c2-3796-08decd33fa02_tv_mw2048_mh2048_n.jpg","is_clip":true,"item_type":"video","item_type_label":"Video","language_label":"Kurdish","media_credit":"VOA","micro_label":"Video report","micro_label_kind":"video","network_label":"VOA","network_logo_url":"/static/uploads/direct_network_logos/voa_1ef13eedbd2f.svg","published_at":"2026-07-22T18:47:52.340000","published_at_display":"22 Jul 2026, 18:47 GMT","sequence_badge_label":null,"sequence_count":null,"sequence_count_label":null,"sequence_frames":[],"sequence_kind":null,"source_name":"dengeamerika_com_direct","source_name_label":"Dengeamerika","source_type":"direct_api","summary":"Wez\u00eer\u00ea Derve y\u00ea Amer\u00eekay\u00ea Marco Rubio \u00eero \u00c7ar\u015fem\u00ea got ku Amer\u00eeka h\u00een j\u00ee amade ye ji bo bidaw\u00eekirina kr\u00eeza \u00ceran\u00ea dan\u00fbstandinan bike, l\u00ea Tehran li ser dan\u00fbstandinan ne rijd e. Soran Xatir\u00ee","title":"Z\u00eadeb\u00fbna Girjiyan \u00fb Hewldan\u00ean D\u00eeplomas\u00ee di Navbera Amer\u00eeka \u00fb \u00ceran\u00ea de","topic":"V\u00eedyo Galer\u00ee","translation_language":"","url":"https://voa-video-ns.akamaized.net/pangeavideo/2026/07/9/94/94935da5-3772-48c2-3796-08decd33fa02_1080p.mp4?cb=ee1f307a6","video_url":"https://voa-video-ns.akamaized.net/pangeavideo/2026/07/9/94/94935da5-3772-48c2-3796-08decd33fa02_1080p.mp4?cb=ee1f307a6"},{"article_body_paragraphs":[],"audio_source_url":null,"author":null,"available_dubs":[],"downloadable_assets":["https://voa-video-ns.akamaized.net/pangeavideo/2026/07/2/2e/2e2ead01-3f4f-41bd-458c-08decadaa577_1080p.mp4?cb=ee1f3023a"],"duration_display":"13:44","duration_seconds":824.87,"embed_url":null,"id":384,"image_caption":null,"image_url":"https://gdb.voanews.com/2e2ead01-3f4f-41bd-458c-08decadaa577_tv_mw2048_mh2048_n.jpg","is_clip":false,"item_type":"video","item_type_label":"Video","language_label":"Kurdish","media_credit":"VOA","micro_label":"Video report","micro_label_kind":"video","network_label":"VOA","network_logo_url":"/static/uploads/direct_network_logos/voa_1ef13eedbd2f.svg","published_at":"2026-07-22T18:26:02.357000","published_at_display":"22 Jul 2026, 18:26 GMT","sequence_badge_label":null,"sequence_count":null,"sequence_count_label":null,"sequence_frames":[],"sequence_kind":null,"source_name":"dengeamerika_com_direct","source_name_label":"Dengeamerika","source_type":"direct_api","summary":"Le\u015fker\u00ean Amer\u00eek\u00ee y\u00ean ku li Rojhilata Nav\u00een di \u00ear\u00ee\u015f\u00ean \u00ceran\u00ea de hatb\u00fbn ku\u015ftin, ji bo bingeha le\u015fker\u00ee ya Dover Air Force Base, li w\u00eelayeta Delaware hatin veguhestin. Serok Trump di p\u00ea\u015fwaz\u00eeya gih\u00ee\u015ftina term\u00ean le\u015fkeran de amade b\u00fb.","title":"Be\u015fdar\u00eeya Serok Trump di Meras\u00eema Veguhestina Term\u00ean Le\u015fker\u00ean Amer\u00eek\u00ee de","topic":"V\u00eedyo Galer\u00ee","translation_language":"","url":"https://voa-video-ns.akamaized.net/pangeavideo/2026/07/2/2e/2e2ead01-3f4f-41bd-458c-08decadaa577_1080p.mp4?cb=ee1f3023a","video_url":"https://voa-video-ns.akamaized.net/pangeavideo/2026/07/2/2e/2e2ead01-3f4f-41bd-458c-08decadaa577_1080p.mp4?cb=ee1f3023a"},{"article_body_paragraphs":[],"audio_source_url":null,"author":"Emced Kurdo","available_dubs":[],"downloadable_assets":["https://voa-video-ns.akamaized.net/pangeavideo/2026/07/5/50/50db733f-7ad0-4c1a-cb4c-08decd2a5d35_1080p.mp4?cb=ee1f30222"],"duration_display":"2:33","duration_seconds":153.76,"embed_url":null,"id":385,"image_caption":null,"image_url":"https://gdb.voanews.com/50db733f-7ad0-4c1a-cb4c-08decd2a5d35_tv_mw2048_mh2048_n.jpg","is_clip":true,"item_type":"video","item_type_label":"Video","language_label":"Kurdish","media_credit":"VOA","micro_label":"Video report","micro_label_kind":"video","network_label":"VOA","network_logo_url":"/static/uploads/direct_network_logos/voa_1ef13eedbd2f.svg","published_at":"2026-07-22T18:24:03.270000","published_at_display":"22 Jul 2026, 18:24 GMT","sequence_badge_label":null,"sequence_count":null,"sequence_count_label":null,"sequence_frames":[],"sequence_kind":null,"source_name":"dengeamerika_com_direct","source_name_label":"Dengeamerika","source_type":"direct_api","summary":"Pi\u015ft\u00ee heft salan ji qutb\u00fbna ava \u00eastgeha Elok li bajar\u00ea Hesek\u00ea, \u00fb pi\u015ft\u00ee serdana \u015fandeke hik\u00fbm\u00ee bo \u00eastgeh\u00ea, xelk\u00ea baj\u00ear bi co\u015feke mezin li bend\u00ea ne ku ava paqij careke din bigihe mal\u00ean wan. Raporta Emced Kurdo b\u00eahtir agah\u00ee hene.","title":"H\u00eav\u00eeya Vegera Av\u00ea bo Xelk\u00ea Hesek\u00ea Pi\u015ft\u00ee 7 Sal\u00ean Qutb\u00fbn\u00ea","topic":"V\u00eedyo Galer\u00ee","translation_language":"","url":"https://voa-video-ns.akamaized.net/pangeavideo/2026/07/5/50/50db733f-7ad0-4c1a-cb4c-08decd2a5d35_1080p.mp4?cb=ee1f30222","video_url":"https://voa-video-ns.akamaized.net/pangeavideo/2026/07/5/50/50db733f-7ad0-4c1a-cb4c-08decd2a5d35_1080p.mp4?cb=ee1f30222"},{"article_body_paragraphs":[],"audio_source_url":null,"author":"Ridwan B\u00eazar","available_dubs":[],"downloadable_assets":["https://voa-video-ns.akamaized.net/pangeavideo/2026/07/e/e7/e70f0b74-1b8a-43e3-c79e-08decaecd3b3_1080p.mp4?cb=ee1f2f4b4"],"duration_display":"2:51","duration_seconds":171.44,"embed_url":null,"id":387,"image_caption":null,"image_url":"https://gdb.voanews.com/e70f0b74-1b8a-43e3-c79e-08decaecd3b3_tv_mw2048_mh2048_n.jpg","is_clip":true,"item_type":"video","item_type_label":"Video","language_label":"Kurdish","media_credit":"VOA","micro_label":"Video report","micro_label_kind":"video","network_label":"VOA","network_logo_url":"/static/uploads/direct_network_logos/voa_1ef13eedbd2f.svg","published_at":"2026-07-22T17:20:10.223000","published_at_display":"22 Jul 2026, 17:20 GMT","sequence_badge_label":null,"sequence_count":null,"sequence_count_label":null,"sequence_frames":[],"sequence_kind":null,"source_name":"dengeamerika_com_direct","source_name_label":"Dengeamerika","source_type":"direct_api","summary":"Du welat\u00eey\u00ean Koban\u00eey\u00ea dema ku li Ser\u00ea Kan\u00eey\u00ea li ser kolandina b\u00eeran dixebit\u00een, ji al\u00eey\u00ea \u00e7ekdar\u00ean nenas ve hatine revandin \u00fb 600 hezar dolar\u00ean amer\u00eek\u00ee ji bo azadkirina wan t\u00ean xwestin. Ke\u00e7a yek\u00ee ji wan dib\u00eaje ku bav\u00ea w\u00ea ji bo xwed\u00eekirina wan \u00e7\u00fbb\u00fb kar bike.","title":"\u00c7\u00eeroka Revandina Du Koban\u00eeyan li Ser\u00ea Kan\u00eey\u00ea","topic":"V\u00eedyo Galer\u00ee","translation_language":"","url":"https://voa-video-ns.akamaized.net/pangeavideo/2026/07/e/e7/e70f0b74-1b8a-43e3-c79e-08decaecd3b3_1080p.mp4?cb=ee1f2f4b4","video_url":"https://voa-video-ns.akamaized.net/pangeavideo/2026/07/e/e7/e70f0b74-1b8a-43e3-c79e-08decaecd3b3_1080p.mp4?cb=ee1f2f4b4"},{"article_body_paragraphs":[],"audio_source_url":null,"author":"Emced Kurdo","available_dubs":[],"downloadable_assets":["https://voa-video-ns.akamaized.net/pangeavideo/2026/07/8/8e/8e3a1fd0-574e-401f-cb40-08decd2a5d35_1080p.mp4?cb=ee1f2dd27"],"duration_display":"1:26","duration_seconds":86.96,"embed_url":null,"id":389,"image_caption":null,"image_url":"https://gdb.voanews.com/8e3a1fd0-574e-401f-cb40-08decd2a5d35_tv_mw2048_mh2048_n.jpg","is_clip":true,"item_type":"video","item_type_label":"Video","language_label":"Kurdish","media_credit":"VOA","micro_label":"Video report","micro_label_kind":"video","network_label":"VOA","network_logo_url":"/static/uploads/direct_network_logos/voa_1ef13eedbd2f.svg","published_at":"2026-07-22T14:38:15.120000","published_at_display":"22 Jul 2026, 14:38 GMT","sequence_badge_label":null,"sequence_count":null,"sequence_count_label":null,"sequence_frames":[],"sequence_kind":null,"source_name":"dengeamerika_com_direct","source_name_label":"Dengeamerika","source_type":"direct_api","summary":"Roja \u00c7ar\u015fem\u00ea 22 T\u00eermeh\u00ea \u015fandek hik\u00fbmeta demk\u00ee bi serokatiya Wez\u00eer\u00ea Enerjiy\u00ea \u00fb Par\u00eazgar\u00ea Hesek\u00ea damezrandina \u00castgeha Elok li Ser\u00ea Kan\u00eey\u00ea ji n\u00fbve vekirin.","title":"\u00castgeha Elok a Av\u00ea li Ser\u00ea Kan\u00eey\u00ea Hat Vekirin","topic":"V\u00eedyo Galer\u00ee","translation_language":"","url":"https://voa-video-ns.akamaized.net/pangeavideo/2026/07/8/8e/8e3a1fd0-574e-401f-cb40-08decd2a5d35_1080p.mp4?cb=ee1f2dd27","video_url":"https://voa-video-ns.akamaized.net/pangeavideo/2026/07/8/8e/8e3a1fd0-574e-401f-cb40-08decd2a5d35_1080p.mp4?cb=ee1f2dd27"},{"article_body_paragraphs":[],"audio_source_url":null,"author":null,"available_dubs":[],"downloadable_assets":["https://voa-video-ns.akamaized.net/pangeavideo/2026/07/0/09/095a3c58-b41f-475d-7f70-08decae8682a_1080p.mp4?cb=ee1f1c616"],"duration_display":"6:27","duration_seconds":387.43,"embed_url":null,"id":393,"image_caption":null,"image_url":"https://gdb.voanews.com/095a3c58-b41f-475d-7f70-08decae8682a_tv_mw2048_mh2048_n.jpg","is_clip":false,"item_type":"video","item_type_label":"Video","language_label":"Kurdish","media_credit":"VOA","micro_label":"Video report","micro_label_kind":"video","network_label":"VOA","network_logo_url":"/static/uploads/direct_network_logos/voa_1ef13eedbd2f.svg","published_at":"2026-07-21T19:52:24.430000","published_at_display":"21 Jul 2026, 19:52 GMT","sequence_badge_label":null,"sequence_count":null,"sequence_count_label":null,"sequence_frames":[],"sequence_kind":null,"source_name":"dengeamerika_com_direct","source_name_label":"Dengeamerika","source_type":"direct_api","summary":"Wez\u00eer\u00ea Ceng\u00ea Pete Hegseth \u00fb Fermandar\u00ea Gi\u015ft\u00ee y\u00ea Art\u00ea\u015fa Amer\u00eeka Dan Caine d\u00ea bersiva pirs\u00ean Senatoran bidin derbar\u00ea daxwaza hik\u00fbmet\u00ea ya terxankirina budceyeke mezintir ji bo Pentagon \u00fb operasyon\u00ean le\u015fker\u00ee y\u00ean li dij\u00ee \u00ceran\u00ea. Mer\u00eewan Heme agahiy\u00ean z\u00eadetir dide.","title":"Amadeb\u00fbna Wez\u00eer\u00ea Ceng\u00ea \u00fb Fermandar\u00ea Gi\u015ft\u00ee y\u00ea Art\u00ea\u015fa Amer\u00eekay\u00ea di Civata Senatoran de","topic":"V\u00eedyo Galer\u00ee","translation_language":"","url":"https://voa-video-ns.akamaized.net/pangeavideo/2026/07/0/09/095a3c58-b41f-475d-7f70-08decae8682a_1080p.mp4?cb=ee1f1c616","video_url":"https://voa-video-ns.akamaized.net/pangeavideo/2026/07/0/09/095a3c58-b41f-475d-7f70-08decae8682a_1080p.mp4?cb=ee1f1c616"},{"article_body_paragraphs":[],"audio_source_url":null,"author":"D\u00eeyar Cemal","available_dubs":[],"downloadable_assets":["https://voa-video-ns.akamaized.net/pangeavideo/2026/07/0/0d/0d93db6c-8f53-422f-7f6f-08decae8682a_1080p.mp4?cb=ee1f1c23c"],"duration_display":"4:25","duration_seconds":265.36,"embed_url":null,"id":395,"image_caption":null,"image_url":"https://gdb.voanews.com/0d93db6c-8f53-422f-7f6f-08decae8682a_tv_mw2048_mh2048_n.jpg","is_clip":true,"item_type":"video","item_type_label":"Video","language_label":"Kurdish","media_credit":"VOA","micro_label":"Video report","micro_label_kind":"video","network_label":"VOA","network_logo_url":"/static/uploads/direct_network_logos/voa_1ef13eedbd2f.svg","published_at":"2026-07-21T19:39:10.113000","published_at_display":"21 Jul 2026, 19:39 GMT","sequence_badge_label":null,"sequence_count":null,"sequence_count_label":null,"sequence_frames":[],"sequence_kind":null,"source_name":"dengeamerika_com_direct","source_name_label":"Dengeamerika","source_type":"direct_api","summary":"Diyar Cemal ji Her\u00eama Kurdistan\u00ea li ser qeyrana sotemeniy\u00ea agah\u00ee \u00fb p\u00eazan\u00eenan dide","title":"Qeyrana Sotemeniy\u00ea li \u00ceraq \u00fb Her\u00eama Kurdistan\u00ea","topic":"V\u00eedyo Galer\u00ee","translation_language":"","url":"https://voa-video-ns.akamaized.net/pangeavideo/2026/07/0/0d/0d93db6c-8f53-422f-7f6f-08decae8682a_1080p.mp4?cb=ee1f1c23c","video_url":"https://voa-video-ns.akamaized.net/pangeavideo/2026/07/0/0d/0d93db6c-8f53-422f-7f6f-08decae8682a_1080p.mp4?cb=ee1f1c23c"}],"next_num":null,"page":15,"pages":15,"per_page":20,"prev_num":14,"total":298}
