{"applied_filters":{"end_date":"","lang":"","language":"","network":"","page":2,"per_page":20,"search":"","source":"","start_date":"","topic":"V\u00eedyo Galer\u00ee","type":"clips"},"available_filters":{"language_choices":[{"label":"Choose Language","value":""},{"label":"English","value":"English"},{"label":"Espa\u00f1ol","value":"Espa\u00f1ol"},{"label":"Kurdish","value":"Kurdish"}],"network_choices":[{"label":"All networks","value":""},{"label":"VOA","value":"VOA"}],"source_choices":[{"label":"All sources","value":""},{"label":"Dengeamerika","value":"dengeamerika_com_direct"}],"sources":["dengeamerika_com_direct"],"topics":["250em\u00een Salvegera Serxweb\u00fbna Amer\u00eekay\u00ea","250\u0647\u06d5\u0645\u06cc\u0646 \u0633\u0627\u06b5\u06cc\u0627\u062f\u06cc \u0633\u06d5\u0631\u0628\u06d5\u062e\u06c6\u06cc\u06cc \u0626\u06d5\u0645\u06d5\u0631\u06cc\u06a9\u0627","Afghanistan","Amer\u00eeka","Am\u00e9rica Latina, VENEZUELA, Maiquetia","Asuntos de Estado","Audiovisuales Mart\u00ed","Audiovisuales Mart\u00ed, Cuba turismo, crisis del turismo en Cuba","Audiovisuales Mart\u00ed, VENEZUELA, apagones","Como Come Cuba, cuba, Como Come Cuba","Cuba Habla","Cuba Habla, Cuba","C\u00eehan","Human Rights","Info Mart\u00ed","Info Mart\u00ed , Cuba","Info Mart\u00ed , Estados Unidos, Colombia","Info Mart\u00ed , Estados Unidos, VENEZUELA","Info Mart\u00ed , estados unidos, Venezuela","Iran","Iz RSE sveta","Korea","Laos","Multimedija","Myanmar","Pacific","Ser Madre en cuba, cuba, hambre, r\u00e9gimen, madre, negligencia, Testimonios, Crisis Econ\u00f3mica, madre cubana, Crisis Alimentaria","Ser viejo en Cuba, cuba, cubanos, crisis, alimentos, ancianos, viejos, vejez","South China Sea","Srbija","Tibet","Ukraine","Video","Videos","V\u00eedyo Galer\u00ee","\u0412\u0438\u0434\u0435\u043e","\u0418\u043d\u0442\u0435\u0440\u0432\u044c\u044e","\u041a\u0430\u0434\u0440\u044b \u0434\u043d\u044f","\u0420\u043e\u0441\u0441\u0438\u044f","\u0421\u043c\u043e\u0442\u0440\u0438 \u0432 \u043e\u0431\u0430","\u0622\u062e\u0631\u06cc\u0646 \u0648\u06cc\u062f\u06cc\u0648\u0647\u0627","\u0626\u06ce\u0631\u0627\u0646","\u0626\u06d5\u0645\u06d5\u0631\u06cc\u06a9\u0627","\u0628\u06d5\u0631\u0646\u0627\u0645\u06d5\u06cc \u0695\u06c6\u0698\u0627\u0646\u06d5\u06cc \u062a\u06d5\u0644\u06d5\u0641\u06cc\u0632\u06cc\u06c6\u0646","\u062a\u0648\u0631\u06a9\u06cc\u0627","\u062c\u0647\u0627\u0646","\u062c\u06cc\u0647\u0627\u0646","\u0633\u0648\u0631\u06cc\u0627","\u0633\u0649\u0646","\u0639\u06ce\u0631\u0627\u0642","\u0642\u0649\u0633\u0642\u0627 \u062e\u06d5\u06cb\u06d5\u0631\u0644\u06d5\u0631","\u0645\u0631\u06a9\u06d0","\u0646\u0648\u0631 \u062e\u0628\u0631\u0648\u0646\u0647","\u0647\u06d5\u0631\u06ce\u0645\u06d5 \u06a9\u0648\u0631\u062f\u06cc\u0640\u06cc\u06d5\u06a9\u0627\u0646","\u0648\u06cc\u062f\u06cc\u0648","\u0648\u06cc\u0698\u0647 \u0628\u0631\u0646\u0627\u0645\u0647\u200c\u0647\u0627","\u0695\u06c6\u0698\u0647\u06d5\u06b5\u0627\u062a\u06cc \u0646\u0627\u0648\u06d5\u0695\u0627\u0633\u062a","\u06a4\u06cc\u062f\u06cc\u06c6","\u0e82\u0ec8\u0eb2\u0ea7\u0ec1\u0ea5\u0eb0\u0ea5\u0eb2\u0e8d\u0e87\u0eb2\u0e99","\u0ea7\u0eb5\u0e94\u0eb5\u0ec2\u0ead","\u0f38\u0f42\u0f7c\u0f44\u0f0b\u0f66\u0f0b\u0f58\u0f46\u0f7c\u0f42","\u0f56\u0f59\u0f53\u0f0b\u0f56\u0fb1\u0f7c\u0f63\u0f0d","\u0f56\u0f62\u0f99\u0f53\u0f0d","\u0f56\u0f7c\u0f51\u0f0d","\u1017\u102e\u1012\u102e\u101a\u102d\u102f\u1019\u103b\u102c\u1038","\u101e\u1010\u1004\u103a\u1038\u1019\u103b\u102c\u1038","\u10d5\u10d8\u10d3\u10d4\u10dd","\u1785\u17d2\u1794\u17b6\u1794\u17cb","\u1793\u1799\u17c4\u1794\u17b6\u1799","\u1794\u179a\u17b7\u179f\u17d2\u1790\u17b6\u1793","\u179c\u17b8\u178a\u17c1\u17a2\u17bc","\u179f\u1784\u17d2\u1782\u1798","\u4eba\u6743\u6cd5\u6cbb","\u56fd\u9645\u65b0\u95fb","\u5c08\u984c","\u5f71\u7247","\u653f\u6cbb","\u65b0\u805e","\u65b0\u95fb\u5feb\u8baf","\u6bcf\u65e5\u89c6\u9891\u65b0\u95fb","\u6e2f\u6fb3\u53f0","\u793e\u4f1a","\u79d1\u6559\u6587","\u7f8e\u56fd\u4e4b\u97f3\u4e13\u8bbf","\u89c6\u9891","\ub274\uc2a4","\ub274\uc2a4 \ud074\ub9ad","\uba40\ud2f0\ubbf8\ub514\uc5b4","\ubbf8\uad6d","\ube44\ub514\uc624","\uc138\uacc4","\ud55c\ubc18\ub3c4"],"types":[["","All types"],["video","Videos"],["clips","Clips"],["media","Media"]]},"has_next":true,"has_prev":true,"items":[{"article_body_paragraphs":[],"audio_source_url":null,"author":null,"available_dubs":[],"downloadable_assets":["https://voa-video-ns.akamaized.net/pangeavideo/2026/08/4/47/472b461d-00fb-4d75-828a-08decae8682a_1080p.mp4?cb=ee227e3f8"],"duration_display":"4:33","duration_seconds":273.32,"embed_url":null,"id":11089,"image_caption":null,"image_url":"https://gdb.voanews.com/472b461d-00fb-4d75-828a-08decae8682a_tv_mw2048_mh2048_n.jpg","is_clip":true,"item_type":"video","item_type_label":"Video","language_label":"Kurdish","media_credit":"VOA","micro_label":"Video report","micro_label_kind":"video","network_label":"VOA","network_logo_url":"/static/uploads/direct_network_logos/voa_1ef13eedbd2f.svg","published_at":"2026-08-31T21:07:04.180000","published_at_display":"31 Aug 2026, 21:07 GMT","sequence_badge_label":null,"sequence_count":null,"sequence_count_label":null,"sequence_frames":[],"sequence_kind":null,"source_name":"dengeamerika_com_direct","source_name_label":"Dengeamerika","source_type":"direct_api","summary":"Serokomar\u00ea Tirk\u00eey\u00ea R. T. Erdogan, ragihand ku rew\u015fa li S\u00fbriy\u00ea xizmeta her\u00eameke b\u00ea teror dike. Ozlem Yasak z\u00eadetir ron\u00ee dide ser n\u00ear\u00een \u00fb daxuyan\u00eeya Erdogan.","title":"Erdogan got, P\u00ea\u015fketin\u00ean li S\u00fbriy\u00ea Xizmeta Her\u00eameke B\u00ea Teror Dike","topic":"V\u00eedyo Galer\u00ee","translation_language":"","url":"https://voa-video-ns.akamaized.net/pangeavideo/2026/08/4/47/472b461d-00fb-4d75-828a-08decae8682a_1080p.mp4?cb=ee227e3f8","video_url":"https://voa-video-ns.akamaized.net/pangeavideo/2026/08/4/47/472b461d-00fb-4d75-828a-08decae8682a_1080p.mp4?cb=ee227e3f8"},{"article_body_paragraphs":[],"audio_source_url":null,"author":"Emced Kurdo","available_dubs":[],"downloadable_assets":["https://voa-video-ns.akamaized.net/pangeavideo/2026/08/8/82/8233b883-12f0-4403-f332-08def2b12219_1080p.mp4?cb=ee227ccb1"],"duration_display":"4:17","duration_seconds":257.56,"embed_url":null,"id":11044,"image_caption":null,"image_url":"https://gdb.voanews.com/8233b883-12f0-4403-f332-08def2b12219_tv_mw2048_mh2048_n.jpg","is_clip":true,"item_type":"video","item_type_label":"Video","language_label":"Kurdish","media_credit":"VOA","micro_label":"Video report","micro_label_kind":"video","network_label":"VOA","network_logo_url":"/static/uploads/direct_network_logos/voa_1ef13eedbd2f.svg","published_at":"2026-08-31T19:27:45.760000","published_at_display":"31 Aug 2026, 19:27 GMT","sequence_badge_label":null,"sequence_count":null,"sequence_count_label":null,"sequence_frames":[],"sequence_kind":null,"source_name":"dengeamerika_com_direct","source_name_label":"Dengeamerika","source_type":"direct_api","summary":"Kurd\u00ean Rojava bi gi\u015ft\u00ee \u00fb li Qami\u015flo bi taybet\u00ee di xwep\u00ea\u015fandan\u00ean girsey\u00ee de biryara hik\u00fbmeta S\u00fbr\u00ee ya derbar\u00ea perwerdeya bi ziman\u00ea Kurd\u00ee \u015fermezarkirin. Emced Kurdo zaniyar\u00eey\u00ean z\u00eadetir derbar\u00ea wan neraz\u00eeb\u00fbnan parve dike.","title":"Kurd\u00ean Rojav Biryara Hik\u00fbmeta S\u00fbr\u00ee Derbar\u00ea Ziman\u00ea Kurd\u00ee, di Xwep\u00ea\u015fandan\u00ean Neraz\u00ee de Red Dikin","topic":"V\u00eedyo Galer\u00ee","translation_language":"","url":"https://voa-video-ns.akamaized.net/pangeavideo/2026/08/8/82/8233b883-12f0-4403-f332-08def2b12219_1080p.mp4?cb=ee227ccb1","video_url":"https://voa-video-ns.akamaized.net/pangeavideo/2026/08/8/82/8233b883-12f0-4403-f332-08def2b12219_1080p.mp4?cb=ee227ccb1"},{"article_body_paragraphs":[],"audio_source_url":null,"author":"Xec\u00eecan Farq\u00een","available_dubs":[],"downloadable_assets":["https://voa-video-ns.akamaized.net/pangeavideo/2026/08/9/90/90b8c138-529c-4218-48a9-08decadaa577_1080p.mp4?cb=ee227caf3"],"duration_display":"4:18","duration_seconds":258.03,"embed_url":null,"id":11045,"image_caption":null,"image_url":"https://gdb.voanews.com/90b8c138-529c-4218-48a9-08decadaa577_tv_mw2048_mh2048_n.jpg","is_clip":true,"item_type":"video","item_type_label":"Video","language_label":"Kurdish","media_credit":"VOA","micro_label":"Video report","micro_label_kind":"video","network_label":"VOA","network_logo_url":"/static/uploads/direct_network_logos/voa_1ef13eedbd2f.svg","published_at":"2026-08-31T19:20:19.260000","published_at_display":"31 Aug 2026, 19:20 GMT","sequence_badge_label":null,"sequence_count":null,"sequence_count_label":null,"sequence_frames":[],"sequence_kind":null,"source_name":"dengeamerika_com_direct","source_name_label":"Dengeamerika","source_type":"direct_api","summary":"Di Superl\u00eegaya Tirk\u00eay\u00ea de \u00ee\u015fev 31\u00ea Tebax\u00ea li Yar\u00eegeha Amed\u00ea t\u00eema navdar a Amedspor \u00fb Trapzonspor t\u00ean ba hev, Xec\u00eecan Farq\u00een li hember Yar\u00eegeha Amed\u00ea p\u00eazan\u00eenan derbar\u00ea L\u00eestik\u00ea dide.","title":"Amedspor \u00fb Trapzonspor \u00ce\u015fv li Yar\u00eegeha Amed\u00ea Dil\u00eezin","topic":"V\u00eedyo Galer\u00ee","translation_language":"","url":"https://voa-video-ns.akamaized.net/pangeavideo/2026/08/9/90/90b8c138-529c-4218-48a9-08decadaa577_1080p.mp4?cb=ee227caf3","video_url":"https://voa-video-ns.akamaized.net/pangeavideo/2026/08/9/90/90b8c138-529c-4218-48a9-08decadaa577_1080p.mp4?cb=ee227caf3"},{"article_body_paragraphs":[],"audio_source_url":null,"author":null,"available_dubs":[],"downloadable_assets":["https://voa-video-ns.akamaized.net/pangeavideo/2026/08/5/52/5294f3ba-8d34-4c1d-a30c-08def2b10d93_1080p.mp4?cb=ee227c018"],"duration_display":"2:16","duration_seconds":136.75,"embed_url":null,"id":11014,"image_caption":null,"image_url":"https://gdb.voanews.com/5294f3ba-8d34-4c1d-a30c-08def2b10d93_tv_mw2048_mh2048_n.jpg","is_clip":true,"item_type":"video","item_type_label":"Video","language_label":"Kurdish","media_credit":"VOA","micro_label":"Video report","micro_label_kind":"video","network_label":"VOA","network_logo_url":"/static/uploads/direct_network_logos/voa_1ef13eedbd2f.svg","published_at":"2026-08-31T18:34:00.707000","published_at_display":"31 Aug 2026, 18:34 GMT","sequence_badge_label":null,"sequence_count":null,"sequence_count_label":null,"sequence_frames":[],"sequence_kind":null,"source_name":"dengeamerika_com_direct","source_name_label":"Dengeamerika","source_type":"direct_api","summary":"Amer\u00eeka dide zan\u00een ku her hewildaneke \u00ceran\u00ea bo \u00ear\u00ee\u015feke n\u00fb li ser her\u00eam\u00ea yan \u00e7andina m\u00eenan li av\u00ean deryay\u00ee d\u00ea rast\u00ee derbey\u00ean kujer \u00fb w\u00earankar were.","title":"Amer\u00eeka Derbar\u00ea \u00car\u00ee\u015f\u00ean \u00ceran\u00ea y\u00ean T\u00eakder Hi\u015fyar Dike","topic":"V\u00eedyo Galer\u00ee","translation_language":"","url":"https://voa-video-ns.akamaized.net/pangeavideo/2026/08/5/52/5294f3ba-8d34-4c1d-a30c-08def2b10d93_1080p.mp4?cb=ee227c018","video_url":"https://voa-video-ns.akamaized.net/pangeavideo/2026/08/5/52/5294f3ba-8d34-4c1d-a30c-08def2b10d93_1080p.mp4?cb=ee227c018"},{"article_body_paragraphs":[],"audio_source_url":null,"author":null,"available_dubs":[],"downloadable_assets":["https://voa-video-ns.akamaized.net/pangeavideo/2026/08/9/9e/9ecf8784-faa6-4a09-7f9b-08def2ed48ad_1080p.mp4?cb=ee227b9c5"],"duration_display":"2:30","duration_seconds":150.6,"embed_url":null,"id":11015,"image_caption":null,"image_url":"https://gdb.voanews.com/9ecf8784-faa6-4a09-7f9b-08def2ed48ad_tv_mw2048_mh2048_n.jpg","is_clip":true,"item_type":"video","item_type_label":"Video","language_label":"Kurdish","media_credit":"VOA","micro_label":"Video report","micro_label_kind":"video","network_label":"VOA","network_logo_url":"/static/uploads/direct_network_logos/voa_1ef13eedbd2f.svg","published_at":"2026-08-31T18:07:01.830000","published_at_display":"31 Aug 2026, 18:07 GMT","sequence_badge_label":null,"sequence_count":null,"sequence_count_label":null,"sequence_frames":[],"sequence_kind":null,"source_name":"dengeamerika_com_direct","source_name_label":"Dengeamerika","source_type":"direct_api","summary":"Niha di Kongres\u00ea Amer\u00eekay\u00ea de deng\u00ean ku dib\u00eajin div\u00ea Kurd li dij\u00ee rej\u00eema \u00ceran\u00ea werin pir\u00e7ekkirin \u00fb pi\u015ftevan\u00eeya gr\u00fbp\u00ean opzisyona rej\u00eema \u00ceran\u00ea were kirin z\u00eade dibin.h. Di nav de senator\u00ea Komar\u00ee Ted Cruz.","title":"Di Kongres\u00ea de Deng\u00ean Pi\u015ftevan\u00eeya Kurdan \u00fb Gr\u00fbp\u00ean Opozisyona \u00ceran\u00ea Bilind Dibin","topic":"V\u00eedyo Galer\u00ee","translation_language":"","url":"https://voa-video-ns.akamaized.net/pangeavideo/2026/08/9/9e/9ecf8784-faa6-4a09-7f9b-08def2ed48ad_1080p.mp4?cb=ee227b9c5","video_url":"https://voa-video-ns.akamaized.net/pangeavideo/2026/08/9/9e/9ecf8784-faa6-4a09-7f9b-08def2ed48ad_1080p.mp4?cb=ee227b9c5"},{"article_body_paragraphs":[],"audio_source_url":null,"author":null,"available_dubs":[],"downloadable_assets":["https://voa-video-ns.akamaized.net/pangeavideo/2026/08/1/19/191f9e89-efc6-43d4-7f9a-08def2ed48ad_1080p.mp4?cb=ee227b8a2"],"duration_display":"1:53","duration_seconds":113.13,"embed_url":null,"id":11016,"image_caption":null,"image_url":"https://gdb.voanews.com/191f9e89-efc6-43d4-7f9a-08def2ed48ad_tv_mw2048_mh2048_n.jpg","is_clip":true,"item_type":"video","item_type_label":"Video","language_label":"Kurdish","media_credit":"VOA","micro_label":"Video report","micro_label_kind":"video","network_label":"VOA","network_logo_url":"/static/uploads/direct_network_logos/voa_1ef13eedbd2f.svg","published_at":"2026-08-31T18:02:10.570000","published_at_display":"31 Aug 2026, 18:02 GMT","sequence_badge_label":null,"sequence_count":null,"sequence_count_label":null,"sequence_frames":[],"sequence_kind":null,"source_name":"dengeamerika_com_direct","source_name_label":"Dengeamerika","source_type":"direct_api","summary":"Hin berpirs\u00ean Amer\u00eek\u00ee dib\u00eajin ku wan \u00ear\u00ee\u015f\u00ee hewildan\u00ean r\u00eagir\u00eeya m\u00een \u00e7andin\u00ea li h\u00eaz\u00ean pasdar\u00ean \u00ceran\u00ea kiriye \u00fb \u00ear\u00ee\u015f\u00ee du bingeh\u00ean wan kirine li girava Larek ya n\u00eaz\u00eek Bender Ebas pi\u015ft\u00ee ku \u00ceran\u00ea \u00ear\u00ee\u015f\u00ee bingeheke h\u00eaz\u00ean Amer\u00eek\u00ee kir li Urdun\u00ea.","title":"\u00car\u00ee\u015f \u00fb Girj\u00eey\u00ean N\u00fb di Navbera Amer\u00eeka \u00fb \u00ceran\u00ea de","topic":"V\u00eedyo Galer\u00ee","translation_language":"","url":"https://voa-video-ns.akamaized.net/pangeavideo/2026/08/1/19/191f9e89-efc6-43d4-7f9a-08def2ed48ad_1080p.mp4?cb=ee227b8a2","video_url":"https://voa-video-ns.akamaized.net/pangeavideo/2026/08/1/19/191f9e89-efc6-43d4-7f9a-08def2ed48ad_1080p.mp4?cb=ee227b8a2"},{"article_body_paragraphs":[],"audio_source_url":null,"author":null,"available_dubs":[],"downloadable_assets":["https://voa-video-ns.akamaized.net/pangeavideo/2026/08/f/f5/f5523286-1437-4d5e-f32d-08def2b12219_1080p.mp4?cb=ee227b1a1"],"duration_display":"2:26","duration_seconds":146.96,"embed_url":null,"id":10981,"image_caption":null,"image_url":"https://gdb.voanews.com/f5523286-1437-4d5e-f32d-08def2b12219_tv_mw2048_mh2048_n.jpg","is_clip":true,"item_type":"video","item_type_label":"Video","language_label":"Kurdish","media_credit":"VOA","micro_label":"Video report","micro_label_kind":"video","network_label":"VOA","network_logo_url":"/static/uploads/direct_network_logos/voa_1ef13eedbd2f.svg","published_at":"2026-08-31T17:32:17.427000","published_at_display":"31 Aug 2026, 17:32 GMT","sequence_badge_label":null,"sequence_count":null,"sequence_count_label":null,"sequence_frames":[],"sequence_kind":null,"source_name":"dengeamerika_com_direct","source_name_label":"Dengeamerika","source_type":"direct_api","summary":"Li Tirk\u00eey\u00ea \u00fb Rojhilata Nav\u00een bi gi\u015ft\u00ee vexwarina \u00e7ay\u00ea b\u00fbye be\u015fek giring ji j\u00eeyana civak\u00ean li w\u00ea her\u00eam\u00ea dij\u00een. Raport qala vexwarina \u00e7ay\u00ea li Tirk\u00eey\u00ea dike.","title":"Vexwarina \u00c7ay\u00ea Weke Kevne\u015fop\u00eeyek di Civak\u00ean Rojhilata Nav\u00een de","topic":"V\u00eedyo Galer\u00ee","translation_language":"","url":"https://voa-video-ns.akamaized.net/pangeavideo/2026/08/f/f5/f5523286-1437-4d5e-f32d-08def2b12219_1080p.mp4?cb=ee227b1a1","video_url":"https://voa-video-ns.akamaized.net/pangeavideo/2026/08/f/f5/f5523286-1437-4d5e-f32d-08def2b12219_1080p.mp4?cb=ee227b1a1"},{"article_body_paragraphs":[],"audio_source_url":null,"author":null,"available_dubs":[],"downloadable_assets":["https://voa-video-ns.akamaized.net/pangeavideo/2026/08/5/53/53ef1422-c90d-4813-f324-08def2b12219_1080p.mp4?cb=ee22779cd"],"duration_display":"1:48","duration_seconds":108.16,"embed_url":null,"id":10854,"image_caption":null,"image_url":"https://gdb.voanews.com/53ef1422-c90d-4813-f324-08def2b12219_tv_mw2048_mh2048_n.jpg","is_clip":true,"item_type":"video","item_type_label":"Video","language_label":"Kurdish","media_credit":"VOA","micro_label":"Video report","micro_label_kind":"video","network_label":"VOA","network_logo_url":"/static/uploads/direct_network_logos/voa_1ef13eedbd2f.svg","published_at":"2026-08-31T13:34:05.850000","published_at_display":"31 Aug 2026, 13:34 GMT","sequence_badge_label":null,"sequence_count":null,"sequence_count_label":null,"sequence_frames":[],"sequence_kind":null,"source_name":"dengeamerika_com_direct","source_name_label":"Dengeamerika","source_type":"direct_api","summary":"Art\u00ea\u015fa N\u00eepal\u00ea roja Yek\u015fem\u00ea operasyon\u00ean rizgarkirin\u00ea li projey\u00ean h\u00eedroelektr\u00eek\u00ea li Trishuli \u00fb Rasuwa y\u00ean ku ji ber lehiy\u00ea w\u00earan b\u00fbne, z\u00eade kirine, ku t\u00ea de bi sedan karker di tunelan de as\u00ea mane.","title":"Art\u00ea\u015fa N\u00eepal\u00ea Ooperasyon\u00ean Rizgarkirina Tunelan Destp\u00ea Dike","topic":"V\u00eedyo Galer\u00ee","translation_language":"","url":"https://voa-video-ns.akamaized.net/pangeavideo/2026/08/5/53/53ef1422-c90d-4813-f324-08def2b12219_1080p.mp4?cb=ee22779cd","video_url":"https://voa-video-ns.akamaized.net/pangeavideo/2026/08/5/53/53ef1422-c90d-4813-f324-08def2b12219_1080p.mp4?cb=ee22779cd"},{"article_body_paragraphs":[],"audio_source_url":null,"author":"\u00cevan Hes\u00eeb","available_dubs":[],"downloadable_assets":["https://voa-video-ns.akamaized.net/pangeavideo/2026/08/b/bf/bf9602ed-677e-475a-a2fd-08def2b10d93_1080p.mp4?cb=ee2277965"],"duration_display":"3:26","duration_seconds":206.84,"embed_url":null,"id":10855,"image_caption":null,"image_url":"https://gdb.voanews.com/bf9602ed-677e-475a-a2fd-08def2b10d93_tv_mw2048_mh2048_n.jpg","is_clip":true,"item_type":"video","item_type_label":"Video","language_label":"Kurdish","media_credit":"VOA","micro_label":"Video report","micro_label_kind":"video","network_label":"VOA","network_logo_url":"/static/uploads/direct_network_logos/voa_1ef13eedbd2f.svg","published_at":"2026-08-31T13:32:21.853000","published_at_display":"31 Aug 2026, 13:32 GMT","sequence_badge_label":null,"sequence_count":null,"sequence_count_label":null,"sequence_frames":[],"sequence_kind":null,"source_name":"dengeamerika_com_direct","source_name_label":"Dengeamerika","source_type":"direct_api","summary":"Li gund\u00ea Me\u2019\u015f\u00fbq \u00ea gundewar\u00ea \u00c7il Axa, Hizn\u00eeya Osman, ku bi nav\u00ea \"Ke\u00e7a Kurda\" t\u00ea nas\u00een, muzexaneyeke bi\u00e7\u00fbk di mala xwe de \u00e7\u00ea kiriye ku am\u00fbr\u00ean kelepor\u00ee, ant\u00eek \u00fb cil\u00ean gel\u00ear\u00ee y\u00ean Kurd\u00ee n\u00ee\u015fan dide. Raporta \u00cevan Hes\u00eeb b\u00eahtir zanyar\u00ee hene.","title":"Hizniya Osman Mala xwe Dike Muzexaneyeke Berhem\u00ean Kevnar","topic":"V\u00eedyo Galer\u00ee","translation_language":"","url":"https://voa-video-ns.akamaized.net/pangeavideo/2026/08/b/bf/bf9602ed-677e-475a-a2fd-08def2b10d93_1080p.mp4?cb=ee2277965","video_url":"https://voa-video-ns.akamaized.net/pangeavideo/2026/08/b/bf/bf9602ed-677e-475a-a2fd-08def2b10d93_1080p.mp4?cb=ee2277965"},{"article_body_paragraphs":[],"audio_source_url":null,"author":"R\u00eaj\u00een Ehmed","available_dubs":[],"downloadable_assets":["https://voa-video-ns.akamaized.net/pangeavideo/2026/08/5/5b/5b14e10b-a10c-4477-f317-08def2b12219_1080p.mp4?cb=ee2265bdd"],"duration_display":"3:36","duration_seconds":216.68,"embed_url":null,"id":10638,"image_caption":null,"image_url":"https://gdb.voanews.com/5b14e10b-a10c-4477-f317-08def2b12219_tv_mw2048_mh2048_n.jpg","is_clip":true,"item_type":"video","item_type_label":"Video","language_label":"Kurdish","media_credit":"VOA","micro_label":"Video report","micro_label_kind":"video","network_label":"VOA","network_logo_url":"/static/uploads/direct_network_logos/voa_1ef13eedbd2f.svg","published_at":"2026-08-30T17:07:57.530000","published_at_display":"30 Aug 2026, 17:07 GMT","sequence_badge_label":null,"sequence_count":null,"sequence_count_label":null,"sequence_frames":[],"sequence_kind":null,"source_name":"dengeamerika_com_direct","source_name_label":"Dengeamerika","source_type":"direct_api","summary":"Bajar\u00ea Akr\u00ea y\u00ea Her\u00eama Kurdistan\u00ea xwed\u00ee kolan\u00ean kevin \u00fb ciwan e ku bi awayek\u00ee rojane bala serdaner \u00fb ge\u015ft\u00eeyaran diki\u015f\u00eenin\u00fb hin r\u00fbni\u015ftvan\u00ean baj\u00ear mal\u00ean xwe kirine tabloy\u00ean huner\u00ee y\u00ean ciwan.","title":"Kolan\u00ean Kevin \u00ean Akr\u00ea Bala Ge\u015ft\u00eeyaran Diki\u015f\u00eenin","topic":"V\u00eedyo Galer\u00ee","translation_language":"","url":"https://voa-video-ns.akamaized.net/pangeavideo/2026/08/5/5b/5b14e10b-a10c-4477-f317-08def2b12219_1080p.mp4?cb=ee2265bdd","video_url":"https://voa-video-ns.akamaized.net/pangeavideo/2026/08/5/5b/5b14e10b-a10c-4477-f317-08def2b12219_1080p.mp4?cb=ee2265bdd"},{"article_body_paragraphs":[],"audio_source_url":null,"author":"R\u00eaj\u00een Ehmed","available_dubs":[],"downloadable_assets":["https://voa-video-ns.akamaized.net/pangeavideo/2026/08/7/7f/7fb5b317-24ff-4642-a2f2-08def2b10d93_1080p.mp4?cb=ee22659a1"],"duration_display":"2:34","duration_seconds":154.09,"embed_url":null,"id":10640,"image_caption":null,"image_url":"https://gdb.voanews.com/7fb5b317-24ff-4642-a2f2-08def2b10d93_tv_mw2048_mh2048_n.jpg","is_clip":true,"item_type":"video","item_type_label":"Video","language_label":"Kurdish","media_credit":"VOA","micro_label":"Video report","micro_label_kind":"video","network_label":"VOA","network_logo_url":"/static/uploads/direct_network_logos/voa_1ef13eedbd2f.svg","published_at":"2026-08-30T17:03:33.787000","published_at_display":"30 Aug 2026, 17:03 GMT","sequence_badge_label":null,"sequence_count":null,"sequence_count_label":null,"sequence_frames":[],"sequence_kind":null,"source_name":"dengeamerika_com_direct","source_name_label":"Dengeamerika","source_type":"direct_api","summary":"\u00car\u00ee\u015f\u00ean \u00ceran\u00ea li ser Her\u00eama Kurdistan \u00ceraq\u00ea ku bandoreke mezin li ser gelek al\u00eey\u00ean jiyan\u00ea kirin, b\u00fbne cih\u00ea neraz\u00eeb\u00fbna xelk\u00ea Her\u00eam\u00ea. Ew dib\u00eajin ku p\u00eaw\u00eest hik\u00fbmeta \u00ceraq\u00ea bi erk\u00ea xwe rabe \u00fb axa her\u00eam\u00ea bipar\u00eaze. Raporta R\u00eaj\u00een Ehmed b\u00eahtir agah\u00ee hene.","title":"Kar\u00eeger\u00eeya \u00car\u00ee\u015f\u00ean \u00ceran\u00ea li Her\u00eama Kurdistan\u00ea","topic":"V\u00eedyo Galer\u00ee","translation_language":"","url":"https://voa-video-ns.akamaized.net/pangeavideo/2026/08/7/7f/7fb5b317-24ff-4642-a2f2-08def2b10d93_1080p.mp4?cb=ee22659a1","video_url":"https://voa-video-ns.akamaized.net/pangeavideo/2026/08/7/7f/7fb5b317-24ff-4642-a2f2-08def2b10d93_1080p.mp4?cb=ee22659a1"},{"article_body_paragraphs":[],"audio_source_url":null,"author":"Xec\u00eecan Farq\u00een","available_dubs":[],"downloadable_assets":["https://voa-video-ns.akamaized.net/pangeavideo/2026/08/0/09/091fd142-e355-4cc4-8272-08decae8682a_1080p.mp4?cb=ee2265857"],"duration_display":"3:35","duration_seconds":215.61,"embed_url":null,"id":10632,"image_caption":null,"image_url":"https://gdb.voanews.com/091fd142-e355-4cc4-8272-08decae8682a_tv_mw2048_mh2048_n.jpg","is_clip":true,"item_type":"video","item_type_label":"Video","language_label":"Kurdish","media_credit":"VOA","micro_label":"Video report","micro_label_kind":"video","network_label":"VOA","network_logo_url":"/static/uploads/direct_network_logos/voa_1ef13eedbd2f.svg","published_at":"2026-08-30T16:59:03.587000","published_at_display":"30 Aug 2026, 16:59 GMT","sequence_badge_label":null,"sequence_count":null,"sequence_count_label":null,"sequence_frames":[],"sequence_kind":null,"source_name":"dengeamerika_com_direct","source_name_label":"Dengeamerika","source_type":"direct_api","summary":"S\u00eeyasetmedar\u00ea navdar \u00ea Kurd Mehd\u00ee Zana, ku doh \u015eem\u00eey\u00ea di 86 sal\u00eeya xwe de li Amed\u00ea ko\u00e7a daw\u00ee kir, li p\u00ea\u015f avah\u00eeya \u015faredar\u00eeya baj\u00ear bi meras\u00eemek\u00ea hate oxirkirin \u00fb pi\u015ftre li goristana Yenikoy\u00ea bi ax\u00ea hat sipartin. Raporta Xec\u00eecan Farq\u00een b\u00eahtir zanyar\u00ee hene.","title":"Medh\u00ee Zana li Bajar\u00ea Amed\u00ea t\u00ea Binaxkirin","topic":"V\u00eedyo Galer\u00ee","translation_language":"","url":"https://voa-video-ns.akamaized.net/pangeavideo/2026/08/0/09/091fd142-e355-4cc4-8272-08decae8682a_1080p.mp4?cb=ee2265857","video_url":"https://voa-video-ns.akamaized.net/pangeavideo/2026/08/0/09/091fd142-e355-4cc4-8272-08decae8682a_1080p.mp4?cb=ee2265857"},{"article_body_paragraphs":[],"audio_source_url":null,"author":"Xetab Omer","available_dubs":[],"downloadable_assets":["https://voa-video-ns.akamaized.net/pangeavideo/2026/08/9/95/954b1c95-5958-4358-7f83-08def2ed48ad_1080p.mp4?cb=ee2263788"],"duration_display":"3:09","duration_seconds":189.5,"embed_url":null,"id":10571,"image_caption":null,"image_url":"https://gdb.voanews.com/954b1c95-5958-4358-7f83-08def2ed48ad_tv_mw2048_mh2048_n.jpg","is_clip":true,"item_type":"video","item_type_label":"Video","language_label":"Kurdish","media_credit":"VOA","micro_label":"Video report","micro_label_kind":"video","network_label":"VOA","network_logo_url":"/static/uploads/direct_network_logos/voa_1ef13eedbd2f.svg","published_at":"2026-08-30T14:37:52.160000","published_at_display":"30 Aug 2026, 14:37 GMT","sequence_badge_label":null,"sequence_count":null,"sequence_count_label":null,"sequence_frames":[],"sequence_kind":null,"source_name":"dengeamerika_com_direct","source_name_label":"Dengeamerika","source_type":"direct_api","summary":"Hec\u00ee Ferest \u00c7emcan\u00ee, ku xwed\u00eey\u00ea a\u015fek\u00ee \u00e7\u00eakirina teh\u00eena kezwan\u00ean ku dever\u00ean \u00e7iyay\u00ee y\u00ean nav\u00e7eya Am\u00ead\u00eey\u00ea p\u00ea naskir\u00ee ne, behsa proseya \u00e7\u00eakirina teh\u00een\u00ea dike. Raporta Xetab Omer, b\u00eahtir zanyar\u00ee hene.","title":"\u00c7\u00eakirina Teh\u00een\u00ea ji Kezwan\u00ean \u00c7iyay\u00ea Kurejar\u00ea","topic":"V\u00eedyo Galer\u00ee","translation_language":"","url":"https://voa-video-ns.akamaized.net/pangeavideo/2026/08/9/95/954b1c95-5958-4358-7f83-08def2ed48ad_1080p.mp4?cb=ee2263788","video_url":"https://voa-video-ns.akamaized.net/pangeavideo/2026/08/9/95/954b1c95-5958-4358-7f83-08def2ed48ad_1080p.mp4?cb=ee2263788"},{"article_body_paragraphs":[],"audio_source_url":null,"author":"B\u00ear\u00eevan Yusuf\u00ee","available_dubs":[],"downloadable_assets":["https://voa-video-ns.akamaized.net/pangeavideo/2026/08/8/87/8738f23b-a69a-44ff-8267-08decae8682a_1080p.mp4?cb=ee225049f"],"duration_display":"0:44","duration_seconds":44.76,"embed_url":null,"id":10417,"image_caption":null,"image_url":"https://gdb.voanews.com/8738f23b-a69a-44ff-8267-08decae8682a_tv_mw2048_mh2048_n.jpg","is_clip":true,"item_type":"video","item_type_label":"Video","language_label":"Kurdish","media_credit":"VOA","micro_label":"Video report","micro_label_kind":"video","network_label":"VOA","network_logo_url":"/static/uploads/direct_network_logos/voa_1ef13eedbd2f.svg","published_at":"2026-08-29T16:49:35.537000","published_at_display":"29 Aug 2026, 16:49 GMT","sequence_badge_label":null,"sequence_count":null,"sequence_count_label":null,"sequence_frames":[],"sequence_kind":null,"source_name":"dengeamerika_com_direct","source_name_label":"Dengeamerika","source_type":"direct_api","summary":"Douglas Silliman, Balyoz\u00ea ber\u00ea y\u00ea Amer\u00eeka li \u00ceraq\u00ea, behsa gir\u00eeng\u00eeya peywend\u00eey\u00ean di navbera Amer\u00eeka \u00fb Her\u00eama Kurdistan\u00ea de dike.","title":"Balyoz\u00ea Ber\u00ea y\u00ea Amer\u00eeka li \u00ceraq\u00ea: Peywend\u00eey\u00ean Washington \u00fb Hewl\u00ear\u00ea Ba\u015f in","topic":"V\u00eedyo Galer\u00ee","translation_language":"","url":"https://voa-video-ns.akamaized.net/pangeavideo/2026/08/8/87/8738f23b-a69a-44ff-8267-08decae8682a_1080p.mp4?cb=ee225049f","video_url":"https://voa-video-ns.akamaized.net/pangeavideo/2026/08/8/87/8738f23b-a69a-44ff-8267-08decae8682a_1080p.mp4?cb=ee225049f"},{"article_body_paragraphs":[],"audio_source_url":null,"author":"J\u00eero M\u00eetan\u00ee","available_dubs":[],"downloadable_assets":["https://voa-video-ns.akamaized.net/pangeavideo/2026/08/5/53/53fcaa66-674b-4b8f-4882-08decadaa577_1080p.mp4?cb=ee22503f3"],"duration_display":"2:10","duration_seconds":130.81,"embed_url":null,"id":10418,"image_caption":null,"image_url":"https://gdb.voanews.com/53fcaa66-674b-4b8f-4882-08decadaa577_tv_mw2048_mh2048_n.jpg","is_clip":true,"item_type":"video","item_type_label":"Video","language_label":"Kurdish","media_credit":"VOA","micro_label":"Video report","micro_label_kind":"video","network_label":"VOA","network_logo_url":"/static/uploads/direct_network_logos/voa_1ef13eedbd2f.svg","published_at":"2026-08-29T16:46:43.767000","published_at_display":"29 Aug 2026, 16:46 GMT","sequence_badge_label":null,"sequence_count":null,"sequence_count_label":null,"sequence_frames":[],"sequence_kind":null,"source_name":"dengeamerika_com_direct","source_name_label":"Dengeamerika","source_type":"direct_api","summary":"Li bajar\u00ea Girk\u00ea Leg\u00ea y\u00ea Rojava ev \u00e7end roj in nanp\u00eajxaney\u00ean hikumet\u00ea naxebitin. Di demek\u00ea de ku r\u00eaveber\u00eeya bazirgan\u00eeya hundir\u00een behsa bernameya ba\u015fkirina nan li her\u00eam\u00ea dike, peydakirina nan li dever\u00ea ji ber k\u00eamb\u00fbna perey\u00ean n\u00fb y\u00ean S\u00fbr\u00ee b\u00fbye derdek\u00ee rojane.","title":"Li Girk\u00ea Leg\u00ea K\u00eamb\u00fbna Perey\u00ean N\u00fb y\u00ean S\u00fbr\u00ee Kr\u00eeza Nan \u00c7\u00eadike","topic":"V\u00eedyo Galer\u00ee","translation_language":"","url":"https://voa-video-ns.akamaized.net/pangeavideo/2026/08/5/53/53fcaa66-674b-4b8f-4882-08decadaa577_1080p.mp4?cb=ee22503f3","video_url":"https://voa-video-ns.akamaized.net/pangeavideo/2026/08/5/53/53fcaa66-674b-4b8f-4882-08decadaa577_1080p.mp4?cb=ee22503f3"},{"article_body_paragraphs":[],"audio_source_url":null,"author":"Ridwan B\u00eazar","available_dubs":[],"downloadable_assets":["https://voa-video-ns.akamaized.net/pangeavideo/2026/08/8/84/84730ef5-6531-4b26-4881-08decadaa577_1080p.mp4?cb=ee2250529"],"duration_display":"2:59","duration_seconds":179.81,"embed_url":null,"id":10404,"image_caption":null,"image_url":"https://gdb.voanews.com/84730ef5-6531-4b26-4881-08decadaa577_tv_mw2048_mh2048_n.jpg","is_clip":true,"item_type":"video","item_type_label":"Video","language_label":"Kurdish","media_credit":"VOA","micro_label":"Video report","micro_label_kind":"video","network_label":"VOA","network_logo_url":"/static/uploads/direct_network_logos/voa_1ef13eedbd2f.svg","published_at":"2026-08-29T16:30:27.040000","published_at_display":"29 Aug 2026, 16:30 GMT","sequence_badge_label":null,"sequence_count":null,"sequence_count_label":null,"sequence_frames":[],"sequence_kind":null,"source_name":"dengeamerika_com_direct","source_name_label":"Dengeamerika","source_type":"direct_api","summary":"Pi\u015ft\u00ee 13 salan, malbat\u00ean winday\u00ean Koban\u00eey\u00ea h\u00een j\u00ee li zarok\u00ean xwe digerin. Di Roja Navnetew\u00ee ya Windayan de, ku dikeve 30'\u00ea Tebax\u00ea, ew daxwaz\u00ea ji hik\u00fbmeta S\u00fbr\u00eey\u00ea dikin ku gir\u00eeng\u00eey\u00ea bide dosyaya windayan.","title":"Li Koban\u00eey\u00ea Malbat\u00ean Windayan Dixwazin \u00c7aren\u00fbsa Zarok\u00ean Xwe Bizanin","topic":"V\u00eedyo Galer\u00ee","translation_language":"","url":"https://voa-video-ns.akamaized.net/pangeavideo/2026/08/8/84/84730ef5-6531-4b26-4881-08decadaa577_1080p.mp4?cb=ee2250529","video_url":"https://voa-video-ns.akamaized.net/pangeavideo/2026/08/8/84/84730ef5-6531-4b26-4881-08decadaa577_1080p.mp4?cb=ee2250529"},{"article_body_paragraphs":[],"audio_source_url":null,"author":"\u00cevan Hes\u00eeb","available_dubs":[],"downloadable_assets":["https://voa-video-ns.akamaized.net/pangeavideo/2026/08/2/21/21aaaba8-8d1b-4ce4-a2dd-08def2b10d93_1080p.mp4?cb=ee224f32c"],"duration_display":"3:41","duration_seconds":221.67,"embed_url":null,"id":10391,"image_caption":null,"image_url":"https://gdb.voanews.com/21aaaba8-8d1b-4ce4-a2dd-08def2b10d93_tv_mw2048_mh2048_n.jpg","is_clip":true,"item_type":"video","item_type_label":"Video","language_label":"Kurdish","media_credit":"VOA","micro_label":"Video report","micro_label_kind":"video","network_label":"VOA","network_logo_url":"/static/uploads/direct_network_logos/voa_1ef13eedbd2f.svg","published_at":"2026-08-29T15:35:08.337000","published_at_display":"29 Aug 2026, 15:35 GMT","sequence_badge_label":null,"sequence_count":null,"sequence_count_label":null,"sequence_frames":[],"sequence_kind":null,"source_name":"dengeamerika_com_direct","source_name_label":"Dengeamerika","source_type":"direct_api","summary":"Pi\u015ft\u00ee z\u00eadetir\u00ee salek\u00ea ji b\u00fbyer\u00ean tund\u00fbt\u00fbj\u00eeya li par\u00eazgeha Suweyda ya S\u00fbr\u00eey\u00ea h\u00een j\u00ee b\u00eatir 100 hezar Durz\u00ee ji mal \u00fb gund\u00ea xwe ko\u00e7ber b\u00fbne \u00fb di rew\u015feke mirov\u00ee ya dijwar de dij\u00een. Ew bi r\u00eaya Deng\u00ea Amer\u00eeka bang li hik\u00fbmeta S\u00fbr\u00eey\u00ea dikin ku r\u00ea bidin wan vegerin mal \u00fb gund\u00ean xwe.","title":"Ko\u00e7ber\u00ean Durz\u00ee Dixwazin Vegerin Mal \u00fb Gund\u00ean Xwe","topic":"V\u00eedyo Galer\u00ee","translation_language":"","url":"https://voa-video-ns.akamaized.net/pangeavideo/2026/08/2/21/21aaaba8-8d1b-4ce4-a2dd-08def2b10d93_1080p.mp4?cb=ee224f32c","video_url":"https://voa-video-ns.akamaized.net/pangeavideo/2026/08/2/21/21aaaba8-8d1b-4ce4-a2dd-08def2b10d93_1080p.mp4?cb=ee224f32c"},{"article_body_paragraphs":[],"audio_source_url":null,"author":"S\u00eenor Ker\u00eem","available_dubs":[],"downloadable_assets":["https://voa-video-ns.akamaized.net/pangeavideo/2026/08/b/bb/bba7964b-cb62-4902-8265-08decae8682a_1080p.mp4?cb=ee224e766"],"duration_display":"2:54","duration_seconds":174.97,"embed_url":null,"id":10374,"image_caption":null,"image_url":"https://gdb.voanews.com/bba7964b-cb62-4902-8265-08decae8682a_tv_mw2048_mh2048_n.jpg","is_clip":true,"item_type":"video","item_type_label":"Video","language_label":"Kurdish","media_credit":"VOA","micro_label":"Video report","micro_label_kind":"video","network_label":"VOA","network_logo_url":"/static/uploads/direct_network_logos/voa_1ef13eedbd2f.svg","published_at":"2026-08-29T14:44:54.730000","published_at_display":"29 Aug 2026, 14:44 GMT","sequence_badge_label":null,"sequence_count":null,"sequence_count_label":null,"sequence_frames":[],"sequence_kind":null,"source_name":"dengeamerika_com_direct","source_name_label":"Dengeamerika","source_type":"direct_api","summary":"Li devera \u00c7oman a Her\u00eama Kurdistan\u00ea projeyek t\u00ea kirin ji bo vejandina xan\u00eey\u00ean Kurd\u00ee \u00ean resen ku bi kelp\u00ee\u00e7an t\u00ean avakirin. Ev projeya ge\u015ftyar\u00ee hewl dide bi v\u00ea yek\u00ea van xan\u00eey\u00ean kevne\u015fop bide nas\u00een.","title":"Li Her\u00eama Kurdistan\u00ea Xan\u00eey\u00ean Kelp\u00ee\u00e7\u00ee bi Mebesta Ge\u015ftyar\u00eey\u00ea D\u00eesa Vedigerin","topic":"V\u00eedyo Galer\u00ee","translation_language":"","url":"https://voa-video-ns.akamaized.net/pangeavideo/2026/08/b/bb/bba7964b-cb62-4902-8265-08decae8682a_1080p.mp4?cb=ee224e766","video_url":"https://voa-video-ns.akamaized.net/pangeavideo/2026/08/b/bb/bba7964b-cb62-4902-8265-08decae8682a_1080p.mp4?cb=ee224e766"},{"article_body_paragraphs":[],"audio_source_url":null,"author":"Xec\u00eecan Farq\u00een","available_dubs":[],"downloadable_assets":["https://voa-video-ns.akamaized.net/pangeavideo/2026/08/8/8c/8c12fe42-90a0-490c-8264-08decae8682a_1080p.mp4?cb=ee224c28b"],"duration_display":"2:51","duration_seconds":171.24,"embed_url":null,"id":10345,"image_caption":null,"image_url":"https://gdb.voanews.com/8c12fe42-90a0-490c-8264-08decae8682a_tv_mw2048_mh2048_n.jpg","is_clip":true,"item_type":"video","item_type_label":"Video","language_label":"Kurdish","media_credit":"VOA","micro_label":"Video report","micro_label_kind":"video","network_label":"VOA","network_logo_url":"/static/uploads/direct_network_logos/voa_1ef13eedbd2f.svg","published_at":"2026-08-29T12:07:39.007000","published_at_display":"29 Aug 2026, 12:07 GMT","sequence_badge_label":null,"sequence_count":null,"sequence_count_label":null,"sequence_frames":[],"sequence_kind":null,"source_name":"dengeamerika_com_direct","source_name_label":"Dengeamerika","source_type":"direct_api","summary":"Ku\u015ftina jineke 32 sal\u00ee v\u00ea daw\u00eey\u00ea li Amed\u00ea li ser dest\u00ea hevj\u00een\u00ea xwe d\u00eesa dosyaya ku\u015ftina jinan li Bakur \u00fb Tirk\u00eey\u00ea germ dike. R\u00eaxistin\u00ean maf\u00ean jinan z\u00eadeb\u00fbna v\u00ea diyardey\u00ea \u015fermezar dikin.","title":"Ku\u015ftina Jinan li Tirk\u00eey\u00ea Z\u00eade B\u00fbye","topic":"V\u00eedyo Galer\u00ee","translation_language":"","url":"https://voa-video-ns.akamaized.net/pangeavideo/2026/08/8/8c/8c12fe42-90a0-490c-8264-08decae8682a_1080p.mp4?cb=ee224c28b","video_url":"https://voa-video-ns.akamaized.net/pangeavideo/2026/08/8/8c/8c12fe42-90a0-490c-8264-08decae8682a_1080p.mp4?cb=ee224c28b"},{"article_body_paragraphs":[],"audio_source_url":null,"author":"S\u00eenor Ker\u00eem","available_dubs":[],"downloadable_assets":["https://voa-video-ns.akamaized.net/pangeavideo/2026/08/4/4f/4ff2198e-9f9e-4386-7f78-08def2ed48ad_1080p.mp4?cb=ee224b68a"],"duration_display":"3:54","duration_seconds":234.34,"embed_url":null,"id":10227,"image_caption":null,"image_url":"https://gdb.voanews.com/4ff2198e-9f9e-4386-7f78-08def2ed48ad_tv_mw2048_mh2048_n.jpg","is_clip":true,"item_type":"video","item_type_label":"Video","language_label":"Kurdish","media_credit":"VOA","micro_label":"Video report","micro_label_kind":"video","network_label":"VOA","network_logo_url":"/static/uploads/direct_network_logos/voa_1ef13eedbd2f.svg","published_at":"2026-08-28T21:45:14.560000","published_at_display":"28 Aug 2026, 21:45 GMT","sequence_badge_label":null,"sequence_count":null,"sequence_count_label":null,"sequence_frames":[],"sequence_kind":null,"source_name":"dengeamerika_com_direct","source_name_label":"Dengeamerika","source_type":"direct_api","summary":"Ben\u00ee\u015ft\u00ea Kurd\u00ee berhemeke xwezay\u00ee ye ku li \u00e7iyay\u00ean Kurdistan\u00ea \u00e7\u00ea dibe. Ew di destp\u00eaka hav\u00een\u00ea de dest p\u00ea dike \u00fb di meha daw\u00ee de t\u00ea berhevkirin. Hin gund\u00eey\u00ean her\u00eam\u00ean cuda debara xwe bi \u00e7\u00eakirina ben\u00ee\u015ft dikin. Raporta S\u00eenor Ker\u00eem b\u00eahtir zanyar\u00ee hene.","title":"\u00c7\u00eakirina Ben\u00ee\u015ft\u00ea Kurd\u00ee li \u00c7iyay\u00ean Kurdistan\u00ea","topic":"V\u00eedyo Galer\u00ee","translation_language":"","url":"https://voa-video-ns.akamaized.net/pangeavideo/2026/08/4/4f/4ff2198e-9f9e-4386-7f78-08def2ed48ad_1080p.mp4?cb=ee224b68a","video_url":"https://voa-video-ns.akamaized.net/pangeavideo/2026/08/4/4f/4ff2198e-9f9e-4386-7f78-08def2ed48ad_1080p.mp4?cb=ee224b68a"}],"next_num":3,"page":2,"pages":12,"per_page":20,"prev_num":1,"total":239}
