{"applied_filters":{"end_date":"","lang":"","language":"","network":"","page":3,"per_page":20,"search":"","source":"","start_date":"","topic":"V\u00eedyo Galer\u00ee","type":"clips"},"available_filters":{"language_choices":[{"label":"Choose Language","value":""},{"label":"English","value":"English"},{"label":"Espa\u00f1ol","value":"Espa\u00f1ol"},{"label":"Kurdish","value":"Kurdish"}],"network_choices":[{"label":"All networks","value":""},{"label":"VOA","value":"VOA"}],"source_choices":[{"label":"All sources","value":""},{"label":"Dengeamerika","value":"dengeamerika_com_direct"}],"sources":["dengeamerika_com_direct"],"topics":["250em\u00een Salvegera Serxweb\u00fbna Amer\u00eekay\u00ea","250\u0647\u06d5\u0645\u06cc\u0646 \u0633\u0627\u06b5\u06cc\u0627\u062f\u06cc \u0633\u06d5\u0631\u0628\u06d5\u062e\u06c6\u06cc\u06cc \u0626\u06d5\u0645\u06d5\u0631\u06cc\u06a9\u0627","Afghanistan","Amer\u00eeka","Am\u00e9rica Latina, VENEZUELA, Maiquetia","Asuntos de Estado","Audiovisuales Mart\u00ed","Audiovisuales Mart\u00ed, Cuba turismo, crisis del turismo en Cuba","Audiovisuales Mart\u00ed, VENEZUELA, apagones","Como Come Cuba, cuba, Como Come Cuba","Cuba Habla","Cuba Habla, Cuba","C\u00eehan","Human Rights","Info Mart\u00ed","Info Mart\u00ed , Cuba","Info Mart\u00ed , Estados Unidos, Colombia","Info Mart\u00ed , Estados Unidos, VENEZUELA","Info Mart\u00ed , estados unidos, Venezuela","Iran","Iz RSE sveta","Korea","Laos","Multimedija","Myanmar","Pacific","Ser Madre en cuba, cuba, hambre, r\u00e9gimen, madre, negligencia, Testimonios, Crisis Econ\u00f3mica, madre cubana, Crisis Alimentaria","Ser viejo en Cuba, cuba, cubanos, crisis, alimentos, ancianos, viejos, vejez","South China Sea","Srbija","Tibet","Ukraine","Video","Videos","V\u00eedyo Galer\u00ee","\u0412\u0438\u0434\u0435\u043e","\u0418\u043d\u0442\u0435\u0440\u0432\u044c\u044e","\u041a\u0430\u0434\u0440\u044b \u0434\u043d\u044f","\u0420\u043e\u0441\u0441\u0438\u044f","\u0421\u043c\u043e\u0442\u0440\u0438 \u0432 \u043e\u0431\u0430","\u0622\u062e\u0631\u06cc\u0646 \u0648\u06cc\u062f\u06cc\u0648\u0647\u0627","\u0626\u06ce\u0631\u0627\u0646","\u0626\u06d5\u0645\u06d5\u0631\u06cc\u06a9\u0627","\u0628\u06d5\u0631\u0646\u0627\u0645\u06d5\u06cc \u0695\u06c6\u0698\u0627\u0646\u06d5\u06cc \u062a\u06d5\u0644\u06d5\u0641\u06cc\u0632\u06cc\u06c6\u0646","\u062a\u0648\u0631\u06a9\u06cc\u0627","\u062c\u0647\u0627\u0646","\u062c\u06cc\u0647\u0627\u0646","\u0633\u0648\u0631\u06cc\u0627","\u0633\u0649\u0646","\u0639\u06ce\u0631\u0627\u0642","\u0642\u0649\u0633\u0642\u0627 \u062e\u06d5\u06cb\u06d5\u0631\u0644\u06d5\u0631","\u0645\u0631\u06a9\u06d0","\u0646\u0648\u0631 \u062e\u0628\u0631\u0648\u0646\u0647","\u0647\u06d5\u0631\u06ce\u0645\u06d5 \u06a9\u0648\u0631\u062f\u06cc\u0640\u06cc\u06d5\u06a9\u0627\u0646","\u0648\u06cc\u062f\u06cc\u0648","\u0648\u06cc\u0698\u0647 \u0628\u0631\u0646\u0627\u0645\u0647\u200c\u0647\u0627","\u0695\u06c6\u0698\u0647\u06d5\u06b5\u0627\u062a\u06cc \u0646\u0627\u0648\u06d5\u0695\u0627\u0633\u062a","\u06a4\u06cc\u062f\u06cc\u06c6","\u0e82\u0ec8\u0eb2\u0ea7\u0ec1\u0ea5\u0eb0\u0ea5\u0eb2\u0e8d\u0e87\u0eb2\u0e99","\u0ea7\u0eb5\u0e94\u0eb5\u0ec2\u0ead","\u0f38\u0f42\u0f7c\u0f44\u0f0b\u0f66\u0f0b\u0f58\u0f46\u0f7c\u0f42","\u0f56\u0f59\u0f53\u0f0b\u0f56\u0fb1\u0f7c\u0f63\u0f0d","\u0f56\u0f62\u0f99\u0f53\u0f0d","\u0f56\u0f7c\u0f51\u0f0d","\u1017\u102e\u1012\u102e\u101a\u102d\u102f\u1019\u103b\u102c\u1038","\u101e\u1010\u1004\u103a\u1038\u1019\u103b\u102c\u1038","\u10d5\u10d8\u10d3\u10d4\u10dd","\u1785\u17d2\u1794\u17b6\u1794\u17cb","\u1793\u1799\u17c4\u1794\u17b6\u1799","\u1794\u179a\u17b7\u179f\u17d2\u1790\u17b6\u1793","\u179c\u17b8\u178a\u17c1\u17a2\u17bc","\u179f\u1784\u17d2\u1782\u1798","\u4eba\u6743\u6cd5\u6cbb","\u56fd\u9645\u65b0\u95fb","\u5c08\u984c","\u5f71\u7247","\u653f\u6cbb","\u65b0\u805e","\u65b0\u95fb\u5feb\u8baf","\u6bcf\u65e5\u89c6\u9891\u65b0\u95fb","\u6e2f\u6fb3\u53f0","\u793e\u4f1a","\u79d1\u6559\u6587","\u7f8e\u56fd\u4e4b\u97f3\u4e13\u8bbf","\u89c6\u9891","\ub274\uc2a4","\ub274\uc2a4 \ud074\ub9ad","\uba40\ud2f0\ubbf8\ub514\uc5b4","\ubbf8\uad6d","\ube44\ub514\uc624","\uc138\uacc4","\ud55c\ubc18\ub3c4"],"types":[["","All types"],["video","Videos"],["clips","Clips"],["media","Media"]]},"has_next":true,"has_prev":true,"items":[{"article_body_paragraphs":[],"audio_source_url":null,"author":null,"available_dubs":[],"downloadable_assets":["https://voa-video-ns.akamaized.net/pangeavideo/2026/08/5/52/52cd47d9-1cf6-471c-7f74-08def2ed48ad_1080p.mp4?cb=ee223e8b4"],"duration_display":"3:33","duration_seconds":213.01,"embed_url":null,"id":10203,"image_caption":null,"image_url":"https://gdb.voanews.com/52cd47d9-1cf6-471c-7f74-08def2ed48ad_tv_mw2048_mh2048_n.jpg","is_clip":true,"item_type":"video","item_type_label":"Video","language_label":"Kurdish","media_credit":"VOA","micro_label":"Video report","micro_label_kind":"video","network_label":"VOA","network_logo_url":"/static/uploads/direct_network_logos/voa_1ef13eedbd2f.svg","published_at":"2026-08-28T20:27:43.400000","published_at_display":"28 Aug 2026, 20:27 GMT","sequence_badge_label":null,"sequence_count":null,"sequence_count_label":null,"sequence_frames":[],"sequence_kind":null,"source_name":"dengeamerika_com_direct","source_name_label":"Dengeamerika","source_type":"direct_api","summary":"S\u00fbr\u00eey\u00ean xwed\u00ee pasport\u00ean d\u00eeplomat\u00eek \u00ead\u00ee dikarin b\u00ea v\u00eeza derbas\u00ee Tirk\u00eey\u00ea bibin. Peyamn\u00ear\u00ea Deng\u00ea Amer\u00eeka li Stenbol\u00ea Eyy\u00fbp Dem\u00eer zanyar\u00eey\u00ean b\u00eahtir li ser v\u00ea mijar\u00ea dide.","title":"Tirk\u00eey\u00ea R\u00ea Dide D\u00eeplomat\u00ean S\u00fbr\u00ee ku b\u00ea V\u00eeza Derbas\u00ee Wel\u00eat Bibin","topic":"V\u00eedyo Galer\u00ee","translation_language":"","url":"https://voa-video-ns.akamaized.net/pangeavideo/2026/08/5/52/52cd47d9-1cf6-471c-7f74-08def2ed48ad_1080p.mp4?cb=ee223e8b4","video_url":"https://voa-video-ns.akamaized.net/pangeavideo/2026/08/5/52/52cd47d9-1cf6-471c-7f74-08def2ed48ad_1080p.mp4?cb=ee223e8b4"},{"article_body_paragraphs":[],"audio_source_url":null,"author":null,"available_dubs":[],"downloadable_assets":["https://voa-video-ns.akamaized.net/pangeavideo/2026/08/5/5c/5ca2cb02-a686-4e7c-a2d3-08def2b10d93_1080p.mp4?cb=ee223e5b7"],"duration_display":"4:45","duration_seconds":285.7,"embed_url":null,"id":10204,"image_caption":null,"image_url":"https://gdb.voanews.com/5ca2cb02-a686-4e7c-a2d3-08def2b10d93_tv_mw2048_mh2048_n.jpg","is_clip":true,"item_type":"video","item_type_label":"Video","language_label":"Kurdish","media_credit":"VOA","micro_label":"Video report","micro_label_kind":"video","network_label":"VOA","network_logo_url":"/static/uploads/direct_network_logos/voa_1ef13eedbd2f.svg","published_at":"2026-08-28T20:19:25.277000","published_at_display":"28 Aug 2026, 20:19 GMT","sequence_badge_label":null,"sequence_count":null,"sequence_count_label":null,"sequence_frames":[],"sequence_kind":null,"source_name":"dengeamerika_com_direct","source_name_label":"Dengeamerika","source_type":"direct_api","summary":"\u015e\u00eawirmend\u00ea Serok\u00ea Tirk\u00eey\u00ea Mehmet U\u00e7um dib\u00eaje ku pi\u015ft\u00ee temamb\u00fbna proseya \"Tirk\u00eeya B\u00ea Teror\" div\u00ea reform\u00ean demokrat\u00eek \u00fb yasay\u00ee y\u00ean berfirehtir werin kirin. Ozlem Yasah behsa v\u00ea mijar\u00ea dike.","title":"\u015e\u00eawirmend\u00ea Erdogan: Pi\u015ft\u00ee Qan\u00fbna \u00c7ar\u00e7ovey\u00ee Div\u00ea Reform P\u00eak Werin","topic":"V\u00eedyo Galer\u00ee","translation_language":"","url":"https://voa-video-ns.akamaized.net/pangeavideo/2026/08/5/5c/5ca2cb02-a686-4e7c-a2d3-08def2b10d93_1080p.mp4?cb=ee223e5b7","video_url":"https://voa-video-ns.akamaized.net/pangeavideo/2026/08/5/5c/5ca2cb02-a686-4e7c-a2d3-08def2b10d93_1080p.mp4?cb=ee223e5b7"},{"article_body_paragraphs":[],"audio_source_url":null,"author":null,"available_dubs":[],"downloadable_assets":["https://voa-video-ns.akamaized.net/pangeavideo/2026/08/5/51/51bd06e2-e84c-4343-f2ff-08def2b12219_1080p.mp4?cb=ee223dccf"],"duration_display":"4:09","duration_seconds":249.77,"embed_url":null,"id":10188,"image_caption":null,"image_url":"https://gdb.voanews.com/51bd06e2-e84c-4343-f2ff-08def2b12219_tv_mw2048_mh2048_n.jpg","is_clip":true,"item_type":"video","item_type_label":"Video","language_label":"Kurdish","media_credit":"VOA","micro_label":"Video report","micro_label_kind":"video","network_label":"VOA","network_logo_url":"/static/uploads/direct_network_logos/voa_1ef13eedbd2f.svg","published_at":"2026-08-28T19:46:00.500000","published_at_display":"28 Aug 2026, 19:46 GMT","sequence_badge_label":null,"sequence_count":null,"sequence_count_label":null,"sequence_frames":[],"sequence_kind":null,"source_name":"dengeamerika_com_direct","source_name_label":"Dengeamerika","source_type":"direct_api","summary":"Peyamn\u00ear\u00ea Deng\u00ea Amer\u00eeka y\u00ea Kongr\u00eas\u00ea Mer\u00eewan Heme zanyar\u00eey\u00ean daw\u00ee y\u00ean derbar\u00ea got\u00fbb\u00eajkirina budceya Federal ji al\u00eey\u00ea Kongr\u00eas\u00ea ve, dide.","title":"Pi\u015ft\u00ee Pi\u015f\u00fbya Hav\u00een\u00ea, Bernameyeke Dagirt\u00ee li P\u00ea\u015f Kongr\u00eas\u00ea ye","topic":"V\u00eedyo Galer\u00ee","translation_language":"","url":"https://voa-video-ns.akamaized.net/pangeavideo/2026/08/5/51/51bd06e2-e84c-4343-f2ff-08def2b12219_1080p.mp4?cb=ee223dccf","video_url":"https://voa-video-ns.akamaized.net/pangeavideo/2026/08/5/51/51bd06e2-e84c-4343-f2ff-08def2b12219_1080p.mp4?cb=ee223dccf"},{"article_body_paragraphs":[],"audio_source_url":null,"author":null,"available_dubs":[],"downloadable_assets":["https://voa-video-ns.akamaized.net/pangeavideo/2026/08/2/21/21b23fb5-48bc-4864-8260-08decae8682a_1080p.mp4?cb=ee223d8bd"],"duration_display":"4:19","duration_seconds":259.37,"embed_url":null,"id":10167,"image_caption":null,"image_url":"https://gdb.voanews.com/21b23fb5-48bc-4864-8260-08decae8682a_tv_mw2048_mh2048_n.jpg","is_clip":true,"item_type":"video","item_type_label":"Video","language_label":"Kurdish","media_credit":"VOA","micro_label":"Video report","micro_label_kind":"video","network_label":"VOA","network_logo_url":"/static/uploads/direct_network_logos/voa_1ef13eedbd2f.svg","published_at":"2026-08-28T19:28:13.320000","published_at_display":"28 Aug 2026, 19:28 GMT","sequence_badge_label":null,"sequence_count":null,"sequence_count_label":null,"sequence_frames":[],"sequence_kind":null,"source_name":"dengeamerika_com_direct","source_name_label":"Dengeamerika","source_type":"direct_api","summary":"Peyamn\u00ear\u00ea Deng\u00ea Amer\u00eeka li Wezareta derve Soran Xatir\u00ee n\u00fb\u00e7ey\u00ean daw\u00ee y\u00ean gir\u00eaday\u00ee \u00e7alak\u00eey\u00ean li wezareta derve \u00fb hewl\u00ean \u00eezolekirina abor\u00eeya \u00ceran\u00ea radigih\u00eene.","title":"Hewl\u00ean Amer\u00eeka y\u00ean \u00cezolekirina Abor\u00eeya \u00ceran\u00ea .","topic":"V\u00eedyo Galer\u00ee","translation_language":"","url":"https://voa-video-ns.akamaized.net/pangeavideo/2026/08/2/21/21b23fb5-48bc-4864-8260-08decae8682a_1080p.mp4?cb=ee223d8bd","video_url":"https://voa-video-ns.akamaized.net/pangeavideo/2026/08/2/21/21b23fb5-48bc-4864-8260-08decae8682a_1080p.mp4?cb=ee223d8bd"},{"article_body_paragraphs":[],"audio_source_url":null,"author":null,"available_dubs":[],"downloadable_assets":["https://voa-video-ns.akamaized.net/pangeavideo/2026/08/0/01/01bb941a-ab7d-4872-4870-08decadaa577_1080p.mp4?cb=ee223d590"],"duration_display":"4:00","duration_seconds":240.15,"embed_url":null,"id":10168,"image_caption":null,"image_url":"https://gdb.voanews.com/01bb941a-ab7d-4872-4870-08decadaa577_tv_mw2048_mh2048_n.jpg","is_clip":true,"item_type":"video","item_type_label":"Video","language_label":"Kurdish","media_credit":"VOA","micro_label":"Video report","micro_label_kind":"video","network_label":"VOA","network_logo_url":"/static/uploads/direct_network_logos/voa_1ef13eedbd2f.svg","published_at":"2026-08-28T19:16:32.867000","published_at_display":"28 Aug 2026, 19:16 GMT","sequence_badge_label":null,"sequence_count":null,"sequence_count_label":null,"sequence_frames":[],"sequence_kind":null,"source_name":"dengeamerika_com_direct","source_name_label":"Dengeamerika","source_type":"direct_api","summary":"Payamn\u00ear\u00ea Deng\u00ea Amer\u00eeka y\u00ea Ko\u015fka Sip\u00ee H\u00eewa Selam behsa n\u00fb\u00e7e \u00fb zanyar\u00eey\u00ean daw\u00ee y\u00ean \u00eero y\u00ean Ko\u015fka Sip\u00ee dike.","title":"Trump: Tengava Hormuz\u00ea Vekir\u00ee ye \u00fb Ti\u015ft\u00ean Din Ne Gir\u00eeng in","topic":"V\u00eedyo Galer\u00ee","translation_language":"","url":"https://voa-video-ns.akamaized.net/pangeavideo/2026/08/0/01/01bb941a-ab7d-4872-4870-08decadaa577_1080p.mp4?cb=ee223d590","video_url":"https://voa-video-ns.akamaized.net/pangeavideo/2026/08/0/01/01bb941a-ab7d-4872-4870-08decadaa577_1080p.mp4?cb=ee223d590"},{"article_body_paragraphs":[],"audio_source_url":null,"author":"\u00cevan Hes\u00eeb","available_dubs":[],"downloadable_assets":["https://voa-video-ns.akamaized.net/pangeavideo/2026/08/1/11/11a19247-7723-45c2-486c-08decadaa577_1080p.mp4?cb=ee223aa6e"],"duration_display":"3:15","duration_seconds":195.0,"embed_url":null,"id":10088,"image_caption":null,"image_url":"https://gdb.voanews.com/11a19247-7723-45c2-486c-08decadaa577_tv_mw2048_mh2048_n.jpg","is_clip":true,"item_type":"video","item_type_label":"Video","language_label":"Kurdish","media_credit":"VOA","micro_label":"Video report","micro_label_kind":"video","network_label":"VOA","network_logo_url":"/static/uploads/direct_network_logos/voa_1ef13eedbd2f.svg","published_at":"2026-08-28T16:10:57.800000","published_at_display":"28 Aug 2026, 16:10 GMT","sequence_badge_label":null,"sequence_count":null,"sequence_count_label":null,"sequence_frames":[],"sequence_kind":null,"source_name":"dengeamerika_com_direct","source_name_label":"Dengeamerika","source_type":"direct_api","summary":"Wezareta Perwerdey\u00ea ya hik\u00fbmeta demk\u00ee ya S\u00fbr\u00eey\u00ea biryar da ku ziman\u00ea Kurd\u00ee wek\u00ee zimanek\u00ee ni\u015ftiman\u00ee li dibistan\u00ean hik\u00fbm\u00ee \u00fb taybet, li her\u00eam\u00ean ku r\u00eajeya Kurdan l\u00ea mezin e, were xwendin. Raporta \u00cevan Hes\u00eeb b\u00eahtir agah\u00ee hene.","title":"Wezareta Perwerdey\u00ea ya S\u00fbr\u00eey\u00ea Waney\u00ean bi Kurd\u00ee Pesend Dike","topic":"V\u00eedyo Galer\u00ee","translation_language":"","url":"https://voa-video-ns.akamaized.net/pangeavideo/2026/08/1/11/11a19247-7723-45c2-486c-08decadaa577_1080p.mp4?cb=ee223aa6e","video_url":"https://voa-video-ns.akamaized.net/pangeavideo/2026/08/1/11/11a19247-7723-45c2-486c-08decadaa577_1080p.mp4?cb=ee223aa6e"},{"article_body_paragraphs":[],"audio_source_url":null,"author":"Emced Kurdo","available_dubs":[],"downloadable_assets":["https://voa-video-ns.akamaized.net/pangeavideo/2026/08/f/f3/f3e5490c-5ea6-4eed-caa0-08decaecd3b3_1080p.mp4?cb=ee22393e1"],"duration_display":"3:05","duration_seconds":185.96,"embed_url":null,"id":10015,"image_caption":null,"image_url":"https://gdb.voanews.com/f3e5490c-5ea6-4eed-caa0-08decaecd3b3_tv_mw2048_mh2048_n.jpg","is_clip":true,"item_type":"video","item_type_label":"Video","language_label":"Kurdish","media_credit":"VOA","micro_label":"Video report","micro_label_kind":"video","network_label":"VOA","network_logo_url":"/static/uploads/direct_network_logos/voa_1ef13eedbd2f.svg","published_at":"2026-08-28T14:35:48.470000","published_at_display":"28 Aug 2026, 14:35 GMT","sequence_badge_label":null,"sequence_count":null,"sequence_count_label":null,"sequence_frames":[],"sequence_kind":null,"source_name":"dengeamerika_com_direct","source_name_label":"Dengeamerika","source_type":"direct_api","summary":"Serok\u00ea S\u00fbr\u00eey\u00ea y\u00ea demk\u00ee Ehmed \u015eeri\u2019 Fermandar\u00ea ber\u00ea y\u00ea H\u00eaz\u00ean S\u00fbr\u00eeya Demokrat\u00eek Mezl\u00fbm Ebd\u00ee wek \u015f\u00eawirmend\u00ea serokat\u00eeya komar\u00ea destn\u00ee\u015fan kir. Ev biryar di nava kolan \u00fb part\u00eey\u00ean siyas\u00ee y\u00ean Kurd\u00ee de n\u00ear\u00een\u00ean cuda derxistin p\u00ea\u015f. Raporta Emced Kurdo ron\u00ee dide ser v\u00ea mijar\u00ea.","title":"Mezl\u00fbm Ebd\u00ee bi Ferm\u00ee Dibe \u015e\u00eawermend\u00ee Serokt\u00eeya S\u00fbr\u00eey\u00ea","topic":"V\u00eedyo Galer\u00ee","translation_language":"","url":"https://voa-video-ns.akamaized.net/pangeavideo/2026/08/f/f3/f3e5490c-5ea6-4eed-caa0-08decaecd3b3_1080p.mp4?cb=ee22393e1","video_url":"https://voa-video-ns.akamaized.net/pangeavideo/2026/08/f/f3/f3e5490c-5ea6-4eed-caa0-08decaecd3b3_1080p.mp4?cb=ee22393e1"},{"article_body_paragraphs":[],"audio_source_url":null,"author":"Ridwan B\u00eazar","available_dubs":[],"downloadable_assets":["https://voa-video-ns.akamaized.net/pangeavideo/2026/08/2/2c/2c93bc35-6b7a-4fb4-4867-08decadaa577_1080p.mp4?cb=ee22390d1"],"duration_display":"2:58","duration_seconds":178.93,"embed_url":null,"id":10016,"image_caption":null,"image_url":"https://gdb.voanews.com/2c93bc35-6b7a-4fb4-4867-08decadaa577_tv_mw2048_mh2048_n.jpg","is_clip":true,"item_type":"video","item_type_label":"Video","language_label":"Kurdish","media_credit":"VOA","micro_label":"Video report","micro_label_kind":"video","network_label":"VOA","network_logo_url":"/static/uploads/direct_network_logos/voa_1ef13eedbd2f.svg","published_at":"2026-08-28T14:20:05.107000","published_at_display":"28 Aug 2026, 14:20 GMT","sequence_badge_label":null,"sequence_count":null,"sequence_count_label":null,"sequence_frames":[],"sequence_kind":null,"source_name":"dengeamerika_com_direct","source_name_label":"Dengeamerika","source_type":"direct_api","summary":"Bi sedan par\u00e7ey\u00ean \u015f\u00fbnwar\u00ee y\u00ean gund\u00ea \u015e\u00earan\u00ea y\u00ea d\u00eerok\u00ee y\u00ea her\u00eama Koban\u00eey\u00ea di navbera S\u00fbr\u00eey\u00ea \u00fb Frensay\u00ea de belav b\u00fbne. Xelk\u00ea \u015e\u00earan\u00ea daxwaza vegerandina wan par\u00e7eyan \u00fb avakirina muzexaneyeke taybet bi gund dike.","title":"Xelk\u00ea \u015e\u00earan\u00ea Daxwaza Vegerandina Par\u00e7ey\u00ean xwe y\u00ean \u015e\u00fbnwar\u00ee Dike","topic":"V\u00eedyo Galer\u00ee","translation_language":"","url":"https://voa-video-ns.akamaized.net/pangeavideo/2026/08/2/2c/2c93bc35-6b7a-4fb4-4867-08decadaa577_1080p.mp4?cb=ee22390d1","video_url":"https://voa-video-ns.akamaized.net/pangeavideo/2026/08/2/2c/2c93bc35-6b7a-4fb4-4867-08decadaa577_1080p.mp4?cb=ee22390d1"},{"article_body_paragraphs":[],"audio_source_url":null,"author":"Del\u00eel Sil\u00eaman","available_dubs":[],"downloadable_assets":["https://voa-video-ns.akamaized.net/pangeavideo/2026/08/4/4e/4e41d8e6-59d2-427e-ca9f-08decaecd3b3_1080p.mp4?cb=ee2238067"],"duration_display":"3:27","duration_seconds":207.25,"embed_url":null,"id":9992,"image_caption":null,"image_url":"https://gdb.voanews.com/4e41d8e6-59d2-427e-ca9f-08decaecd3b3_tv_mw2048_mh2048_n.jpg","is_clip":true,"item_type":"video","item_type_label":"Video","language_label":"Kurdish","media_credit":"VOA","micro_label":"Video report","micro_label_kind":"video","network_label":"VOA","network_logo_url":"/static/uploads/direct_network_logos/voa_1ef13eedbd2f.svg","published_at":"2026-08-28T13:12:51.450000","published_at_display":"28 Aug 2026, 13:12 GMT","sequence_badge_label":null,"sequence_count":null,"sequence_count_label":null,"sequence_frames":[],"sequence_kind":null,"source_name":"dengeamerika_com_direct","source_name_label":"Dengeamerika","source_type":"direct_api","summary":"Gelek ciwan\u00ean Kurd li her\u00eam\u00ean Kurd\u00ean S\u00fbr\u00eey\u00ea dixwazin bi \u015f\u00eawey\u00ean cuda xizmeta civak\u00ean xwe bikin \u00fb hewil didin bi r\u00eaya medya civak\u00ee bala xelk\u00ea biki\u015f\u00eenin ser mijar\u00ean ku ew t\u00ea de \u015fareza ne. Del\u00eel Sil\u00eaman bi \u00e7end ciwanan re axiv\u00ee \u00fb raportek amade kir.","title":"Ciwan\u00ean Rojava bi R\u00eaya Medya Civak\u00ee Xizmeta Civak\u00ea Dikin","topic":"V\u00eedyo Galer\u00ee","translation_language":"","url":"https://voa-video-ns.akamaized.net/pangeavideo/2026/08/4/4e/4e41d8e6-59d2-427e-ca9f-08decaecd3b3_1080p.mp4?cb=ee2238067","video_url":"https://voa-video-ns.akamaized.net/pangeavideo/2026/08/4/4e/4e41d8e6-59d2-427e-ca9f-08decaecd3b3_1080p.mp4?cb=ee2238067"},{"article_body_paragraphs":[],"audio_source_url":null,"author":null,"available_dubs":[],"downloadable_assets":["https://voa-video-ns.akamaized.net/pangeavideo/2026/08/1/1c/1c3a3c62-c504-4e70-a2ba-08def2b10d93_1080p.mp4?cb=ee2228642"],"duration_display":"3:39","duration_seconds":219.22,"embed_url":null,"id":9775,"image_caption":null,"image_url":"https://gdb.voanews.com/1c3a3c62-c504-4e70-a2ba-08def2b10d93_tv_mw2048_mh2048_n.jpg","is_clip":true,"item_type":"video","item_type_label":"Video","language_label":"Kurdish","media_credit":"VOA","micro_label":"Video report","micro_label_kind":"video","network_label":"VOA","network_logo_url":"/static/uploads/direct_network_logos/voa_1ef13eedbd2f.svg","published_at":"2026-08-27T19:25:54.280000","published_at_display":"27 Aug 2026, 19:25 GMT","sequence_badge_label":null,"sequence_count":null,"sequence_count_label":null,"sequence_frames":[],"sequence_kind":null,"source_name":"dengeamerika_com_direct","source_name_label":"Dengeamerika","source_type":"direct_api","summary":"Ko\u015fka Sp\u00ee, roja P\u00eanc\u015fem\u00ea di daxuyan\u00eeyek\u00ea de ragihand ku niha di navbera Amer\u00eekay\u00ea \u00fb \u00ceran\u00ea de tu dan\u00fbstandin\u00ean \u00e7alak \u00fb n\u00fb tune ne. H\u00eewa Selam li ber avah\u00eey\u00ea Ko\u015fka Sp\u00ee qala daxuyaniy\u00ean n\u00fb y\u00ean r\u00eaveber\u00eeya Amer\u00eeka dike.","title":"Peyam\u00ean N\u00fb y\u00ean Ko\u015fka Sp\u00ee Radigih\u00eenin ku \u00ceran ji Her Al\u00ee de Lawaz Dibe","topic":"V\u00eedyo Galer\u00ee","translation_language":"","url":"https://voa-video-ns.akamaized.net/pangeavideo/2026/08/1/1c/1c3a3c62-c504-4e70-a2ba-08def2b10d93_1080p.mp4?cb=ee2228642","video_url":"https://voa-video-ns.akamaized.net/pangeavideo/2026/08/1/1c/1c3a3c62-c504-4e70-a2ba-08def2b10d93_1080p.mp4?cb=ee2228642"},{"article_body_paragraphs":[],"audio_source_url":null,"author":null,"available_dubs":[],"downloadable_assets":["https://voa-video-ns.akamaized.net/pangeavideo/2026/08/f/fd/fd2aa562-114d-4dd0-f2e6-08def2b12219_1080p.mp4?cb=ee2228547"],"duration_display":"3:00","duration_seconds":180.27,"embed_url":null,"id":9776,"image_caption":null,"image_url":"https://gdb.voanews.com/fd2aa562-114d-4dd0-f2e6-08def2b12219_tv_mw2048_mh2048_n.jpg","is_clip":true,"item_type":"video","item_type_label":"Video","language_label":"Kurdish","media_credit":"VOA","micro_label":"Video report","micro_label_kind":"video","network_label":"VOA","network_logo_url":"/static/uploads/direct_network_logos/voa_1ef13eedbd2f.svg","published_at":"2026-08-27T19:21:43.737000","published_at_display":"27 Aug 2026, 19:21 GMT","sequence_badge_label":null,"sequence_count":null,"sequence_count_label":null,"sequence_frames":[],"sequence_kind":null,"source_name":"dengeamerika_com_direct","source_name_label":"Dengeamerika","source_type":"direct_api","summary":"Karbidest\u00ean H\u00eaz\u00ean Deryay\u00ee y\u00ean Amer\u00eekay\u00ea ragihand ku ke\u015ft\u00eeya firokhilgir USS Theodore Roosevelt, bi t\u00eemeke ji n\u00eaz\u00eek\u00ee 5 hezar kesan, d\u00ea di heftey\u00ean p\u00ea\u015f de bi erk ber bi Rojhilata Nav\u00een ve bi\u00e7e. Soran Xatir\u00ee li ser dorp\u00ea\u00e7 \u00fb sizay\u00ean abor\u00ee y\u00ean Amer\u00eekay\u00ea y\u00ean n\u00fb li dij\u00ee \u00ceran\u00ea p\u00eazan\u00een\u00ean z\u00eadetir radigih\u00eene.","title":"CENTCOM Dorp\u00ea\u00e7a Abor\u00ee li Ser \u00ceran\u00ea Berfirehtir Dike","topic":"V\u00eedyo Galer\u00ee","translation_language":"","url":"https://voa-video-ns.akamaized.net/pangeavideo/2026/08/f/fd/fd2aa562-114d-4dd0-f2e6-08def2b12219_1080p.mp4?cb=ee2228547","video_url":"https://voa-video-ns.akamaized.net/pangeavideo/2026/08/f/fd/fd2aa562-114d-4dd0-f2e6-08def2b12219_1080p.mp4?cb=ee2228547"},{"article_body_paragraphs":[],"audio_source_url":null,"author":"\u00cevan Hes\u00eeb","available_dubs":[],"downloadable_assets":["https://voa-video-ns.akamaized.net/pangeavideo/2026/08/b/b9/b9948f75-06af-40c0-f2e7-08def2b12219_1080p.mp4?cb=ee22282e5"],"duration_display":"4:37","duration_seconds":277.08,"embed_url":null,"id":9777,"image_caption":null,"image_url":"https://gdb.voanews.com/b9948f75-06af-40c0-f2e7-08def2b12219_tv_mw2048_mh2048_n.jpg","is_clip":true,"item_type":"video","item_type_label":"Video","language_label":"Kurdish","media_credit":"VOA","micro_label":"Video report","micro_label_kind":"video","network_label":"VOA","network_logo_url":"/static/uploads/direct_network_logos/voa_1ef13eedbd2f.svg","published_at":"2026-08-27T19:11:33.870000","published_at_display":"27 Aug 2026, 19:11 GMT","sequence_badge_label":null,"sequence_count":null,"sequence_count_label":null,"sequence_frames":[],"sequence_kind":null,"source_name":"dengeamerika_com_direct","source_name_label":"Dengeamerika","source_type":"direct_api","summary":"Pi\u015ft\u00ee Fermandar\u00eeya HSD\u00ea biryara hilwe\u015fandina xwe da, niha \u00e7av li ser \u00e7aren\u00fbsa Yek\u00eeney\u00ean Parastina Jin\u00ea YPJ'\u00ea ne. \u00cevan Hes\u00eeb ji Qam\u00eelo zanyar\u00eeyan derbar\u00ea w\u00ea pirs\u00ea radigih\u00eene.","title":"\u00c7aren\u00fbsa YPJ'\u00ea Pi\u015ft\u00ee Hilwe\u015fandina HSD'\u00ea","topic":"V\u00eedyo Galer\u00ee","translation_language":"","url":"https://voa-video-ns.akamaized.net/pangeavideo/2026/08/b/b9/b9948f75-06af-40c0-f2e7-08def2b12219_1080p.mp4?cb=ee22282e5","video_url":"https://voa-video-ns.akamaized.net/pangeavideo/2026/08/b/b9/b9948f75-06af-40c0-f2e7-08def2b12219_1080p.mp4?cb=ee22282e5"},{"article_body_paragraphs":[],"audio_source_url":null,"author":null,"available_dubs":[],"downloadable_assets":["https://voa-video-ns.akamaized.net/pangeavideo/2026/08/9/96/9639dfd2-3d1e-460e-f2e8-08def2b12219_1080p.mp4?cb=ee222816e"],"duration_display":"4:54","duration_seconds":294.1,"embed_url":null,"id":9779,"image_caption":null,"image_url":"https://gdb.voanews.com/9639dfd2-3d1e-460e-f2e8-08def2b12219_tv_mw2048_mh2048_n.jpg","is_clip":true,"item_type":"video","item_type_label":"Video","language_label":"Kurdish","media_credit":"VOA","micro_label":"Video report","micro_label_kind":"video","network_label":"VOA","network_logo_url":"/static/uploads/direct_network_logos/voa_1ef13eedbd2f.svg","published_at":"2026-08-27T19:05:18.190000","published_at_display":"27 Aug 2026, 19:05 GMT","sequence_badge_label":null,"sequence_count":null,"sequence_count_label":null,"sequence_frames":[],"sequence_kind":null,"source_name":"dengeamerika_com_direct","source_name_label":"Dengeamerika","source_type":"direct_api","summary":"Berpirs\u00ean Tirk\u00eey\u00ea pi\u015ft\u00ee ku H\u00eaz\u00ean S\u00fbr\u00eeya Demokrat\u00eek HSD\u00ea li S\u00fbriy\u00ea biryara xwe hilwe\u015fandin\u00ea da daxuyan\u00eey\u00ean cuda ragihandin. Tirk\u00eeye p\u00eangava hilwe\u015fandina HSD\u00ea ba\u015f dib\u00eene. Ozlem Yasak P\u00eazan\u00een\u00ean z\u00eadetir dide.","title":"Helwesta Ferm\u00ee ya Tirk\u00eey\u00ea Derbar\u00ea Hilwe\u015fandina HSD'\u00ea","topic":"V\u00eedyo Galer\u00ee","translation_language":"","url":"https://voa-video-ns.akamaized.net/pangeavideo/2026/08/9/96/9639dfd2-3d1e-460e-f2e8-08def2b12219_1080p.mp4?cb=ee222816e","video_url":"https://voa-video-ns.akamaized.net/pangeavideo/2026/08/9/96/9639dfd2-3d1e-460e-f2e8-08def2b12219_1080p.mp4?cb=ee222816e"},{"article_body_paragraphs":[],"audio_source_url":null,"author":"Emced Kurdo","available_dubs":[],"downloadable_assets":["https://voa-video-ns.akamaized.net/pangeavideo/2026/08/3/35/35369513-459f-48f4-a2b7-08def2b10d93_1080p.mp4?cb=ee2226ae3"],"duration_display":"2:57","duration_seconds":177.36,"embed_url":null,"id":9354,"image_caption":null,"image_url":"https://gdb.voanews.com/35369513-459f-48f4-a2b7-08def2b10d93_tv_mw2048_mh2048_n.jpg","is_clip":true,"item_type":"video","item_type_label":"Video","language_label":"Kurdish","media_credit":"VOA","micro_label":"Video report","micro_label_kind":"video","network_label":"VOA","network_logo_url":"/static/uploads/direct_network_logos/voa_1ef13eedbd2f.svg","published_at":"2026-08-27T17:28:56.743000","published_at_display":"27 Aug 2026, 17:28 GMT","sequence_badge_label":null,"sequence_count":null,"sequence_count_label":null,"sequence_frames":[],"sequence_kind":null,"source_name":"dengeamerika_com_direct","source_name_label":"Dengeamerika","source_type":"direct_api","summary":"Li bajar\u00ea Am\u00fbd\u00ea, D\u00eara Mar Elyas h\u00een j\u00ee di nav kolanan de hazire, daku d\u00eeroka Kristiyanan li v\u00ee bajar\u00ee zind\u00ee bih\u00eale. Ev d\u00eara ku di sala 1927'an de hatib\u00fb avakirin, ne ten\u00ea cih\u00ea perwerdey\u00ea \u00fb olpar\u00eaz\u00eeya Kristyanan ne, l\u00ea ew dibe \u015fahida p\u00eakvejiyana civak\u00ean li her\u00eam\u00ea.","title":"D\u00eara Mar Elyas li Am\u00fbd\u00ea D\u00eeroka Kristiy\u00ean Her\u00eam\u00ea Zind\u00ee Dih\u00eale","topic":"V\u00eedyo Galer\u00ee","translation_language":"","url":"https://voa-video-ns.akamaized.net/pangeavideo/2026/08/3/35/35369513-459f-48f4-a2b7-08def2b10d93_1080p.mp4?cb=ee2226ae3","video_url":"https://voa-video-ns.akamaized.net/pangeavideo/2026/08/3/35/35369513-459f-48f4-a2b7-08def2b10d93_1080p.mp4?cb=ee2226ae3"},{"article_body_paragraphs":[],"audio_source_url":null,"author":"\u00cevan Hes\u00eeb","available_dubs":[],"downloadable_assets":["https://voa-video-ns.akamaized.net/pangeavideo/2026/08/a/a1/a1ef613d-ee3b-4c8a-f2d9-08def2b12219_1080p.mp4?cb=ee22267ee"],"duration_display":"3:12","duration_seconds":192.17,"embed_url":null,"id":9710,"image_caption":null,"image_url":"https://gdb.voanews.com/a1ef613d-ee3b-4c8a-f2d9-08def2b12219_tv_mw2048_mh2048_n.jpg","is_clip":true,"item_type":"video","item_type_label":"Video","language_label":"Kurdish","media_credit":"VOA","micro_label":"Video report","micro_label_kind":"video","network_label":"VOA","network_logo_url":"/static/uploads/direct_network_logos/voa_1ef13eedbd2f.svg","published_at":"2026-08-27T17:16:30.720000","published_at_display":"27 Aug 2026, 17:16 GMT","sequence_badge_label":null,"sequence_count":null,"sequence_count_label":null,"sequence_frames":[],"sequence_kind":null,"source_name":"dengeamerika_com_direct","source_name_label":"Dengeamerika","source_type":"direct_api","summary":"H\u00eal\u00een Hem\u00ea, ke\u00e7eke Kurd a 22 sal\u00ee ji bajar\u00ea Am\u00fbd\u00ea ye, w\u00ea dest bi projeyek perwerdehiy\u00ea ya ji bo ajokar\u00ean jin kiriye. W\u00ea heta niha bi dehan jin f\u00ear\u00ee p\u00ee\u015feya ajotina otomb\u00eelan kir\u00eeye.","title":"Ke\u00e7eke Kurd li Am\u00fbd\u00ea Dibe Yekem Mamosteya Perwerdeya Ajokar\u00eey\u00ea","topic":"V\u00eedyo Galer\u00ee","translation_language":"","url":"https://voa-video-ns.akamaized.net/pangeavideo/2026/08/a/a1/a1ef613d-ee3b-4c8a-f2d9-08def2b12219_1080p.mp4?cb=ee22267ee","video_url":"https://voa-video-ns.akamaized.net/pangeavideo/2026/08/a/a1/a1ef613d-ee3b-4c8a-f2d9-08def2b12219_1080p.mp4?cb=ee22267ee"},{"article_body_paragraphs":[],"audio_source_url":null,"author":"Xetab Omer","available_dubs":[],"downloadable_assets":["https://voa-video-ns.akamaized.net/pangeavideo/2026/08/f/f9/f96b389b-b003-423d-7f5a-08def2ed48ad_1080p.mp4?cb=ee2226222"],"duration_display":"3:24","duration_seconds":204.88,"embed_url":null,"id":9682,"image_caption":null,"image_url":"https://gdb.voanews.com/f96b389b-b003-423d-7f5a-08def2ed48ad_tv_mw2048_mh2048_n.jpg","is_clip":true,"item_type":"video","item_type_label":"Video","language_label":"Kurdish","media_credit":"VOA","micro_label":"Video report","micro_label_kind":"video","network_label":"VOA","network_logo_url":"/static/uploads/direct_network_logos/voa_1ef13eedbd2f.svg","published_at":"2026-08-27T16:11:39.753000","published_at_display":"27 Aug 2026, 16:11 GMT","sequence_badge_label":null,"sequence_count":null,"sequence_count_label":null,"sequence_frames":[],"sequence_kind":null,"source_name":"dengeamerika_com_direct","source_name_label":"Dengeamerika","source_type":"direct_api","summary":"Xwendingeha d\u00eerok\u00ee ya Q\u00fbbehan li S\u00eelava Am\u00ead\u00eey\u00ea sembola ro\u015fenb\u00eer\u00ee, zanist \u00fb baj\u00earvan\u00eey\u00ea b\u00fbye li her\u00eama Bad\u00eenan \u00fb bi taybet di serdem\u00ea M\u00eergeha Bad\u00eenan de. L\u00ea mixabin xwandingeh niha xirabe \u00fb kavil maye.","title":"Xwendingeha D\u00eerok\u00ee ya Q\u00fbbehan li Am\u00ead\u00eey\u00ea Nasnameya Rew\u015fenb\u00eer\u00eeya Her\u00eam\u00ea","topic":"V\u00eedyo Galer\u00ee","translation_language":"","url":"https://voa-video-ns.akamaized.net/pangeavideo/2026/08/f/f9/f96b389b-b003-423d-7f5a-08def2ed48ad_1080p.mp4?cb=ee2226222","video_url":"https://voa-video-ns.akamaized.net/pangeavideo/2026/08/f/f9/f96b389b-b003-423d-7f5a-08def2ed48ad_1080p.mp4?cb=ee2226222"},{"article_body_paragraphs":[],"audio_source_url":null,"author":"S\u00eenor Ker\u00eem","available_dubs":[],"downloadable_assets":["https://voa-video-ns.akamaized.net/pangeavideo/2026/08/4/4a/4a7c8802-7559-49d0-a2b1-08def2b10d93_1080p.mp4?cb=ee22254ac"],"duration_display":"3:09","duration_seconds":189.73,"embed_url":null,"id":9666,"image_caption":null,"image_url":"https://gdb.voanews.com/4a7c8802-7559-49d0-a2b1-08def2b10d93_tv_mw2048_mh2048_n.jpg","is_clip":true,"item_type":"video","item_type_label":"Video","language_label":"Kurdish","media_credit":"VOA","micro_label":"Video report","micro_label_kind":"video","network_label":"VOA","network_logo_url":"/static/uploads/direct_network_logos/voa_1ef13eedbd2f.svg","published_at":"2026-08-27T15:54:20.910000","published_at_display":"27 Aug 2026, 15:54 GMT","sequence_badge_label":null,"sequence_count":null,"sequence_count_label":null,"sequence_frames":[],"sequence_kind":null,"source_name":"dengeamerika_com_direct","source_name_label":"Dengeamerika","source_type":"direct_api","summary":"Pi\u015ft\u00ee biryara hilwe\u015fandina H\u00eaz\u00ean S\u00fbr\u00eeya Demokrat\u00eek (HSD)\u00ea, ev mijar di nava Kurdan de li Her\u00eama Kurdistan\u00ea b\u00fbye ciy\u00ea dan\u00fbstin\u00ean cuda, hin kes li gor rew\u015fa siyas\u00ee ba\u015f dib\u00eenin \u00fb hin j\u00ee dib\u00eaj\u00ean ne li ast\u00ea qurban\u00ee \u00fb xebata Kurdan e.","title":"Hilwe\u015fandina HSD'\u00ea, li Her\u00eama Kurdistan\u00ea B\u00fbye Mijara Got\u00fbb\u00eajan","topic":"V\u00eedyo Galer\u00ee","translation_language":"","url":"https://voa-video-ns.akamaized.net/pangeavideo/2026/08/4/4a/4a7c8802-7559-49d0-a2b1-08def2b10d93_1080p.mp4?cb=ee22254ac","video_url":"https://voa-video-ns.akamaized.net/pangeavideo/2026/08/4/4a/4a7c8802-7559-49d0-a2b1-08def2b10d93_1080p.mp4?cb=ee22254ac"},{"article_body_paragraphs":[],"audio_source_url":null,"author":"D\u00eeyar Cemal","available_dubs":[],"downloadable_assets":["https://voa-video-ns.akamaized.net/pangeavideo/2026/08/2/21/2144b8cd-5250-4625-a2aa-08def2b10d93_1080p.mp4?cb=ee22220f6"],"duration_display":"3:08","duration_seconds":188.0,"embed_url":null,"id":9559,"image_caption":null,"image_url":"https://gdb.voanews.com/2144b8cd-5250-4625-a2aa-08def2b10d93_tv_mw2048_mh2048_n.jpg","is_clip":true,"item_type":"video","item_type_label":"Video","language_label":"Kurdish","media_credit":"VOA","micro_label":"Video report","micro_label_kind":"video","network_label":"VOA","network_logo_url":"/static/uploads/direct_network_logos/voa_1ef13eedbd2f.svg","published_at":"2026-08-27T12:13:42.177000","published_at_display":"27 Aug 2026, 12:13 GMT","sequence_badge_label":null,"sequence_count":null,"sequence_count_label":null,"sequence_frames":[],"sequence_kind":null,"source_name":"dengeamerika_com_direct","source_name_label":"Dengeamerika","source_type":"direct_api","summary":"Pi\u015ft\u00ee ku di meh\u00ean daw\u00ee de Mihemed Sam'an ji p\u00eakhateya Tirkmenan posta par\u00eazgar\u00ea Kerkuk\u00ea wergirt, ji w\u00ea dem\u00ea ve tevger \u00fb helwest\u00ean par\u00eazgar \u00ean derbar\u00ea baj\u00ear de b\u00fbne mijara rexne \u00fb got\u00fbb\u00eajan di nava r\u00fbni\u015ftvan\u00ean Kerkuk\u00ea de. Raporta Diyar Cemal z\u00eadetir ron\u00ee dide ser mijar\u00ea.","title":"Destp\u00eakirina Neraz\u00eeb\u00fbn\u00ean li Dij\u00ee Tevger\u00ean Par\u00eazgar\u00ea Kerkuk\u00ea","topic":"V\u00eedyo Galer\u00ee","translation_language":"","url":"https://voa-video-ns.akamaized.net/pangeavideo/2026/08/2/21/2144b8cd-5250-4625-a2aa-08def2b10d93_1080p.mp4?cb=ee22220f6","video_url":"https://voa-video-ns.akamaized.net/pangeavideo/2026/08/2/21/2144b8cd-5250-4625-a2aa-08def2b10d93_1080p.mp4?cb=ee22220f6"},{"article_body_paragraphs":[],"audio_source_url":null,"author":"Eyy\u00fbp Dem\u00eer","available_dubs":[],"downloadable_assets":["https://voa-video-ns.akamaized.net/pangeavideo/2026/08/3/38/387ee73e-3d4d-4fbe-ca82-08decaecd3b3_1080p.mp4?cb=ee221856b"],"duration_display":"3:31","duration_seconds":211.4,"embed_url":null,"id":9444,"image_caption":null,"image_url":"https://gdb.voanews.com/387ee73e-3d4d-4fbe-ca82-08decaecd3b3_tv_mw2048_mh2048_n.jpg","is_clip":true,"item_type":"video","item_type_label":"Video","language_label":"Kurdish","media_credit":"VOA","micro_label":"Video report","micro_label_kind":"video","network_label":"VOA","network_logo_url":"/static/uploads/direct_network_logos/voa_1ef13eedbd2f.svg","published_at":"2026-08-27T01:07:12.970000","published_at_display":"27 Aug 2026, 01:07 GMT","sequence_badge_label":null,"sequence_count":null,"sequence_count_label":null,"sequence_frames":[],"sequence_kind":null,"source_name":"dengeamerika_com_direct","source_name_label":"Dengeamerika","source_type":"direct_api","summary":"Li Tirk\u00eey\u00ea Qan\u00fbna \u00c7ar\u00e7ovey\u00ee di qonax\u00ean cuda de derbas dibe, Eyy\u00fbp Dem\u00eer ji Stenbol\u00ea qala hin qonax \u00fb daxuyaniy\u00ean n\u00fb y\u00ean derbar\u00ea qan\u00fbn\u00ea de dike.","title":"Genge\u015fe li Ser Qan\u00fbna \u00c7ar\u00e7ovey\u00ee li Tirk\u00eey\u00ea Diddomin","topic":"V\u00eedyo Galer\u00ee","translation_language":"","url":"https://voa-video-ns.akamaized.net/pangeavideo/2026/08/3/38/387ee73e-3d4d-4fbe-ca82-08decaecd3b3_1080p.mp4?cb=ee221856b","video_url":"https://voa-video-ns.akamaized.net/pangeavideo/2026/08/3/38/387ee73e-3d4d-4fbe-ca82-08decaecd3b3_1080p.mp4?cb=ee221856b"},{"article_body_paragraphs":[],"audio_source_url":null,"author":null,"available_dubs":[],"downloadable_assets":["https://voa-video-ns.akamaized.net/pangeavideo/2026/08/6/6e/6eaf418b-fdf6-49f9-f2d3-08def2b12219_1080p.mp4?cb=ee2217eef"],"duration_display":"2:39","duration_seconds":159.74,"embed_url":null,"id":9428,"image_caption":null,"image_url":"https://gdb.voanews.com/6eaf418b-fdf6-49f9-f2d3-08def2b12219_tv_mw2048_mh2048_n.jpg","is_clip":true,"item_type":"video","item_type_label":"Video","language_label":"Kurdish","media_credit":"VOA","micro_label":"Video report","micro_label_kind":"video","network_label":"VOA","network_logo_url":"/static/uploads/direct_network_logos/voa_1ef13eedbd2f.svg","published_at":"2026-08-27T00:41:16.390000","published_at_display":"27 Aug 2026, 00:41 GMT","sequence_badge_label":null,"sequence_count":null,"sequence_count_label":null,"sequence_frames":[],"sequence_kind":null,"source_name":"dengeamerika_com_direct","source_name_label":"Dengeamerika","source_type":"direct_api","summary":"Reuters raportek we\u015fand \u00fb dib\u00eaje ku Kurd\u00ean S\u00fbriy\u00ea ji tevl\u00eeb\u00fbna HSD'\u00ea ya Hik\u00fbmeta S\u00fbriy\u00ea k\u00eafxwe\u015fin. \u0695aport\u00ean ji her\u00eam\u00ea j\u00ee dib\u00eajin li ser w\u00ea b\u00fbyer\u00ea n\u00ear\u00een\u00ean cuda hene. Di raport\u00ea de zanyar\u00eey\u00ean z\u00eadetir hene.","title":"HSD bi Ferm\u00ee Dibe Be\u015fek ji Le\u015fker\u00ea S\u00fbr\u00eey\u00ea","topic":"V\u00eedyo Galer\u00ee","translation_language":"","url":"https://voa-video-ns.akamaized.net/pangeavideo/2026/08/6/6e/6eaf418b-fdf6-49f9-f2d3-08def2b12219_1080p.mp4?cb=ee2217eef","video_url":"https://voa-video-ns.akamaized.net/pangeavideo/2026/08/6/6e/6eaf418b-fdf6-49f9-f2d3-08def2b12219_1080p.mp4?cb=ee2217eef"}],"next_num":4,"page":3,"pages":12,"per_page":20,"prev_num":2,"total":239}
