{"applied_filters":{"end_date":"","lang":"","language":"","network":"","page":4,"per_page":20,"search":"","source":"","start_date":"","topic":"\ub274\uc2a4","type":"audio"},"available_filters":{"language_choices":[{"label":"Choose Language","value":""},{"label":"Korean","value":"Korean"}],"network_choices":[{"label":"All networks","value":""},{"label":"RFA","value":"RFA"}],"source_choices":[{"label":"All sources","value":""},{"label":"RFA Korean","value":"rfa_korean_rss"}],"sources":["rfa_korean_rss"],"topics":["Abriendo Espacios","Agenda hemisf\u00e9rica","Barrio Adentro","Bernamey\u00ean radyoy\u00ea y\u00ean rojane","Caf\u00e9 Digital","Cuba al D\u00eda","Cuba en la Memoria","De cara al sol","El futuro es ya","Foro abierto","Hablando claro","Izme\u0111u redova","La libertad es una librer\u00eda","Las noticias como son","Lawton Libre","Liberaci\u00f3n","Mart\u00ed Noticias A.M.","Mozaik \u017eivota","Nicaragua al d\u00eda","N\u00fb\u00e7ey\u00ean C\u00eehan\u00ea 1","N\u00fb\u00e7ey\u00ean C\u00eehan\u00ea 2","Pe Agend\u0103","Programas de Radio Nuestra Am\u00e9rica","Radio Mart\u00ed","Radyo","Taller de prensa","Th\u1eddi S\u1ef1","Zaviri ispod povr\u0161ine","adri%C3%A1n del sol mi padre est%C3%A1 muy d%C3%A9bil","atienden a mas de 50 personas en santiago de cuba por presunta intoxicacion alimentaria","auge en contagios de dengue en cuba","aumenta a 379 la cifra de desaparecidos por terremoto en colombia hay 285 fallecidos","banco mundial desembolsa millonaria ayuda para afectados por terremoto en colombia","casi 300 fallecidos almenos 4 000 heridos y 140 desaparecidos a 7 dias del terremoto en colombia","cifra de muertos por el terremoto en colombia supera las 200 personas seg%C3%BAn reporte","colombia declara estado de emergencia durante 30 dias por grave calamidad","colombia ingresa formalmente al escudo de las am%C3%A9ricas liderado por washington","convocan marcha pac%C3%ADfica por la libertad de todos los presos pol%C3%ADticos en venezuela","crece reclutamiento de ni%C3%B1os y ni%C3%B1as en colombia por parte de grupos ilegales seg%C3%BAn hrw","creo que el presidente trump ir%C3%A1 a la habana antes de que termine su mandato","eeuu cierra acuerdo petrolero que le dar%C3%A1 importante control de reservas venezolanas","eeuu ecuador y colombia se reunen para acordar lucha contra mafias del narcotr%C3%A1fico","eeuu sostiene operaciones militares junto a ecuador cerca de la frontera con colombia","el papel peri%C3%B3dico de la habana autores sociedad patri%C3%B3tica de la habana y sociedad econ%C3%B3mica de amigos del pa%C3","gobierno de colombia da por terminada conversaciones con otros tres grupos armados ilegales","informe pide mayor presencia militar en cuba","joven con vih permanece encarcelado tras protesta por apagones en guanabacoa","la bola nostra","la ola de robos a la infraestructura publica y privada agrava la crisis en cuba","la periodista independiente yoanni limonta reporta una protesta frente al gobierno provincial de cienfuegos tras apagones de mas","las farmacias privadas abren en cuba entre criticas por sus altos precios y dudas medicas sobre sus controles","m%C3%A1s hoteles menos hospitales","oea aprueba convocatoria urgente de cancilleres para condenar a la dictadura de nicaragua","padre castor %C3%A1lvarez devesa","rechazo en cuba a los festejos estatales durante el colapso de los servicios basicos","sismo de 7 4 en colombia deja m%C3%A1s de 100 muertos 87 heridos y 61 edificios colapsados","trump asegura que eeuu y venezuela est%C3%A1n haciendo una fortuna con acuerdo petrolero","\u0410\u0440\u0445\u0435\u043e\u043b\u043e\u0433\u0438\u044f","\u0412\u0440\u0435\u043c\u044f \u0421\u0432\u043e\u0431\u043e\u0434\u044b","\u0413\u0440\u0430\u043d\u0438 \u0432\u0440\u0435\u043c\u0435\u043d\u0438","\u041b\u0438\u0446\u043e\u043c \u043a \u0441\u043e\u0431\u044b\u0442\u0438\u044e","\u041c\u0443\u0437\u044b\u043a\u0430 \u043d\u0430 \u0421\u0432\u043e\u0431\u043e\u0434\u0435.\u0410\u0440\u0445\u0438\u0432","\u0421\u043f\u0435\u0446\u0438\u0430\u043b\u044c\u043d\u0430\u044f \u043f\u0440\u043e\u0433\u0440\u0430\u043c\u043c\u0430","\u0426\u0438\u0442\u0430\u0442\u044b \u0421\u0432\u043e\u0431\u043e\u0434\u044b","\u0427\u0435\u043b\u043e\u0432\u0435\u043a \u0438\u043c\u0435\u0435\u0442 \u043f\u0440\u0430\u0432\u043e. \u041f\u043e\u0434\u043a\u0430\u0441\u0442","\u0627\u0645\u0631\u06cc\u06a9\u0627 \u063a\u0696 \u067e\u069a\u062a\u0648","\u0628\u0634\u0646\u0648\u06cc\u062f","\u0628\u06d5\u0631\u0646\u0627\u0645\u06d5\u06a9\u0627\u0646\u06cc \u0695\u06c6\u0698\u0627\u0646\u06d5\u06cc \u0695\u0627\u062f\u06cc\u06c6","\u062e\u0628\u0631\u06d0 \u0627\u0648 \u0633\u0646\u062f\u0631\u06d0","\u062f\u0631\u06d0\u06cc\u0645\u0647 \u0645\u0627\u0633\u067e\u069a\u06cc\u0646\u06cd \u062e\u067e\u0631\u0648\u0646\u0647","\u062f\u0648\u06cc\u0645\u0647 \u062e\u0628\u0631\u064a \u06ab\u0693\u06cd","\u062f\u0648\u06cc\u0645\u0647 \u0645\u0627\u0633\u067e\u069a\u06cc\u0646\u06cd \u06ab\u0693\u06cd","\u0633\u0644\u0627\u0645 \u067e\u069a\u062a\u0648\u0646\u062e\u0648\u0627","\u0633\u0647\u0627\u0631\u0646\u06cd \u062e\u067e\u0631\u0648\u0646\u0647","\u0635\u062f\u0627\u06cc \u0627\u0645\u0631\u06cc\u06a9\u0627 \u062f\u0631\u06cc","\u0642\u0649\u0633\u0642\u0627 \u062e\u06d5\u06cb\u06d5\u0631\u0644\u06d5\u0631","\u0644\u0648\u0645\u0693\u06cd \u062e\u0628\u0631\u064a \u06ab\u0693\u06cd","\u0644\u0648\u0645\u0693\u06cd \u0645\u0627\u0633\u067e\u069a\u06cc\u0646\u06cd \u062e\u067e\u0631\u0648\u0646\u0647","\u0645\u0627\u069a\u0627\u0645\u0646\u06cd \u062e\u067e\u0631\u0648\u0646\u0647","\u0647\u06d5\u0648\u0627\u06b5\u06d5 \u062c\u06cc\u0647\u0627\u0646\u06cc\u06cc\u06d5\u06a9\u0627\u06461","\u0647\u06d5\u0648\u0627\u06b5\u06d5 \u062c\u06cc\u0647\u0627\u0646\u06cc\u06cc\u06d5\u06a9\u0627\u06462","\u5c08\u984c","\u65b0\u805e","\u6e2f\u6fb3\u53f0","\u6fa4\u8ad6\u56db\u65b9","\u7f8e\u56fd\u4e4b\u97f3\u4e2d\u6587\u5e7f\u64ad","\u9999\u6e2f","\ub274\uc2a4","\uc8fc\uac04\ud504\ub85c","\ud55c\ubc18\ub3c4"],"types":[["","All types"],["article","Articles"],["audio","Audio"],["video","Videos"],["clips","Clips"],["media","Media"]]},"has_next":true,"has_prev":true,"items":[{"article_body_paragraphs":[],"audio_source_url":"https://feeds.acast.com/public/streams/67a64812340a5590cdb71549/episodes/6a69b148982971a8e059e9f0.mp3","author":"\uc11c\uc6b8-\ud64d\uc2b9\uc6b1 hongs@rfa.org","available_dubs":[],"downloadable_assets":["https://feeds.acast.com/public/streams/67a64812340a5590cdb71549/episodes/6a69b148982971a8e059e9f0.mp3","https://www.rfa.org/resizer/v2/5LKMUO2RFND5BC4XDV5QQOHIPQ.jpg?auth=93888da15489da7603b376791ff5b0c65d92fafe898821967fb8a58b82de505a&smart=true&width=1500"],"duration_display":"0:00","duration_seconds":null,"embed_url":null,"id":1508,"image_caption":null,"image_url":"https://www.rfa.org/resizer/v2/5LKMUO2RFND5BC4XDV5QQOHIPQ.jpg?auth=93888da15489da7603b376791ff5b0c65d92fafe898821967fb8a58b82de505a&smart=true&width=1500","is_clip":false,"item_type":"audio","item_type_label":"Audio","language_label":"Korean","media_credit":"\uc11c\uc6b8-\ud64d\uc2b9\uc6b1 hongs@rfa.org","micro_label":"Audio program","micro_label_kind":"audio","network_label":"RFA","network_logo_url":"/static/uploads/direct_network_logos/rfa_ca00144ac549.png","published_at":"2026-07-29T09:08:33","published_at_display":"29 Jul 2026, 09:08 GMT","sequence_badge_label":null,"sequence_count":null,"sequence_count_label":null,"sequence_frames":[],"sequence_kind":null,"source_name":"rfa_korean_rss","source_name_label":"RFA Korean","source_type":"rss","summary":"\ub3c4\ub110\ub4dc \ud2b8\ub7fc\ud504 \ubbf8\uad6d \ub300\ud1b5\ub839\uc774 \ud55c\uad6d\uc804\uc7c1 \uc815\uc804\ud611\uc815 73\uc8fc\ub144\uc744 \ub9de\uc544 \ud55c\ubbf8\ub3d9\ub9f9\uc758 \uad73\uac74\ud568\uc744 \uac15\uc870\ud558\ub294 \uba54\uc2dc\uc9c0\ub97c \ub0c8\uc2b5\ub2c8\ub2e4. \ud2b8\ub7fc\ud504 \ub300\ud1b5\ub839\uc740 \ub3d9\ub9f9\uc774 \uc778\ub3c4\u00b7\ud0dc\ud3c9\uc591 \ud3c9\ud654\uc640 \uc548\uc815\uc758 \uae30\ub465\uc774\ub77c\uace0 \uac15\uc870\ud588\uc2b5\ub2c8\ub2e4.","title":"\ud2b8\ub7fc\ud504, \uc815\uc804\ud611\uc815 73\uc8fc\ub144 \ub9de\uc544 \u201c\ud55c\ubbf8\ub3d9\ub9f9 \uad73\uac74\u201d","topic":"\ub274\uc2a4","translation_language":"","url":"https://rfa.org/korean/in-focus/2026/07/29/trump-alliance-armistice-anniversary-73rd/","video_url":null},{"article_body_paragraphs":[],"audio_source_url":"https://feeds.acast.com/public/streams/67a64812340a5590cdb71549/episodes/6a69d8c9a585d3be7861830b.mp3","author":"\uc11c\uc6b8-\uae40\uc9c0\uc740 nk@rfa.org","available_dubs":[],"downloadable_assets":["https://feeds.acast.com/public/streams/67a64812340a5590cdb71549/episodes/6a69d8c9a585d3be7861830b.mp3","https://www.rfa.org/resizer/v2/EJ3BJHRLCVCZVO6JSRGLKIL2HI.JPG?auth=e8bea0445c0c94a8c075a7110e83d1dad57244fc35400da3642cbd154238a95d&smart=true&width=1500"],"duration_display":"0:00","duration_seconds":null,"embed_url":null,"id":1509,"image_caption":null,"image_url":"https://www.rfa.org/resizer/v2/EJ3BJHRLCVCZVO6JSRGLKIL2HI.JPG?auth=e8bea0445c0c94a8c075a7110e83d1dad57244fc35400da3642cbd154238a95d&smart=true&width=1500","is_clip":false,"item_type":"audio","item_type_label":"Audio","language_label":"Korean","media_credit":"\uc11c\uc6b8-\uae40\uc9c0\uc740 nk@rfa.org","micro_label":"Audio program","micro_label_kind":"audio","network_label":"RFA","network_logo_url":"/static/uploads/direct_network_logos/rfa_ca00144ac549.png","published_at":"2026-07-29T06:12:36","published_at_display":"29 Jul 2026, 06:12 GMT","sequence_badge_label":null,"sequence_count":null,"sequence_count_label":null,"sequence_frames":[],"sequence_kind":null,"source_name":"rfa_korean_rss","source_name_label":"RFA Korean","source_type":"rss","summary":"\ucd5c\uadfc \ubd81\ud55c \uc77c\ubd80 \uc8fc\ubbfc\ub4e4\uc774 \uc9d1\uc5d0\uc11c \uc2a4\uc2a4\ub85c \uce58\uc544\ub97c \ubf51\uace0 \uc788\ub2e4\ub294 \uc18c\uc2dd\uc785\ub2c8\ub2e4. \ubcd1\uc6d0\ube44\uac00 \uc5c6\uc5b4, \uce58\uacfc\uc5d0 \uac08 \uc5c4\ub450\ub97c \ub0b4\uc9c0 \ubabb\ud55c\ub2e4\ub294 \uc9c0\uc801\uc785\ub2c8\ub2e4.","title":"\u201c\ubd81 \uc8fc\ubbfc\ub4e4, \ubcd1\uc6d0\ube44 \uc5c6\uc5b4 \uc790\uccb4 \uce58\uc544 \ubc1c\uce58\u201d","topic":"\ub274\uc2a4","translation_language":"","url":"https://rfa.org/korean/in-focus/2026/07/29/north-korea-dental-self-treatment/","video_url":null},{"article_body_paragraphs":[],"audio_source_url":"https://feeds.acast.com/public/streams/67a64812340a5590cdb71549/episodes/6a69849e7e01e420e5ebf188.mp3","author":"\uc6cc\uc2f1\ud134-\ubc15\uc7ac\uc6b0 parkja@rfa.org","available_dubs":[],"downloadable_assets":["https://feeds.acast.com/public/streams/67a64812340a5590cdb71549/episodes/6a69849e7e01e420e5ebf188.mp3","https://www.rfa.org/resizer/v2/KLXDPW4U3JD7PFCFPYDR6XTKRI.jpg?auth=0a2dc9ef2f87f03c52868b48ad07734de5079ad7547d88398a6da8c22898d8dd&smart=true&width=1500"],"duration_display":"0:00","duration_seconds":null,"embed_url":null,"id":1510,"image_caption":null,"image_url":"https://www.rfa.org/resizer/v2/KLXDPW4U3JD7PFCFPYDR6XTKRI.jpg?auth=0a2dc9ef2f87f03c52868b48ad07734de5079ad7547d88398a6da8c22898d8dd&smart=true&width=1500","is_clip":false,"item_type":"audio","item_type_label":"Audio","language_label":"Korean","media_credit":"\uc6cc\uc2f1\ud134-\ubc15\uc7ac\uc6b0 parkja@rfa.org","micro_label":"Audio program","micro_label_kind":"audio","network_label":"RFA","network_logo_url":"/static/uploads/direct_network_logos/rfa_ca00144ac549.png","published_at":"2026-07-29T04:43:21","published_at_display":"29 Jul 2026, 04:43 GMT","sequence_badge_label":null,"sequence_count":null,"sequence_count_label":null,"sequence_frames":[],"sequence_kind":null,"source_name":"rfa_korean_rss","source_name_label":"RFA Korean","source_type":"rss","summary":"\u2018\ubd81\ud55c\uad70 3\ub9cc \uba85 \ucd94\uac00 \ud30c\ubcd1\uc124\u2019\uc774 \ub2e4\uc2dc \uace0\uac1c\ub97c \ub4e4\uace0 \uc788\uc2b5\ub2c8\ub2e4. \uc774\ub4e4\uc740 \uc804\uc7a5\uc5d0\uc11c \uc5b4\ub5a4 \uc5ed\ud560\uc744 \ud558\uac8c \ub420\uc9c0, \ub610 \ubd81\ud55c\uc740 \uadf8 \ub300\uac00\ub85c \ubb34\uc5c7\uc744 \ubc1b\uac8c \ub420\uae4c\uc694?","title":"\u2018\ubd81\ud55c\uad70 3\ub9cc \ucd94\uac00 \ud30c\ubcd1\uc124\u2019\u2026 \ub7ec\uc2dc\uc544\ub294 \uae40\uc815\uc740\uc5d0\uac8c \ubb34\uc5c7\uc744 \uc904\uae4c?","topic":"\ub274\uc2a4","translation_language":"","url":"https://rfa.org/korean/in-focus/2026/07/29/north-korea-russia-ukraine-troops/","video_url":null},{"article_body_paragraphs":[],"audio_source_url":"https://feeds.acast.com/public/streams/67a64812340a5590cdb71549/episodes/6a687cbea02cbcf2a10056ca.mp3","author":"\uc6cc\uc2f1\ud134-\uc815\uc601 jungy@rfa.org","available_dubs":[],"downloadable_assets":["https://feeds.acast.com/public/streams/67a64812340a5590cdb71549/episodes/6a687cbea02cbcf2a10056ca.mp3","https://www.rfa.org/resizer/v2/6OJABBZNLFA5NN6TQBFXBRSZUA.png?auth=544e91248654cc0737bb9667f78b8e31255124f508943f69d78bd81f54999bbe&smart=true&width=1500"],"duration_display":"0:00","duration_seconds":null,"embed_url":null,"id":1511,"image_caption":null,"image_url":"https://www.rfa.org/resizer/v2/6OJABBZNLFA5NN6TQBFXBRSZUA.png?auth=544e91248654cc0737bb9667f78b8e31255124f508943f69d78bd81f54999bbe&smart=true&width=1500","is_clip":false,"item_type":"audio","item_type_label":"Audio","language_label":"Korean","media_credit":"\uc6cc\uc2f1\ud134-\uc815\uc601 jungy@rfa.org","micro_label":"Audio program","micro_label_kind":"audio","network_label":"RFA","network_logo_url":"/static/uploads/direct_network_logos/rfa_ca00144ac549.png","published_at":"2026-07-28T10:07:57","published_at_display":"28 Jul 2026, 10:07 GMT","sequence_badge_label":null,"sequence_count":null,"sequence_count_label":null,"sequence_frames":[],"sequence_kind":null,"source_name":"rfa_korean_rss","source_name_label":"RFA Korean","source_type":"rss","summary":"\uc6b0\ud06c\ub77c\uc774\ub098\uc5d0 \uc5b5\ub958\ub41c \ubd81\ud55c\uad70 \ud3ec\ub85c 2\uba85\uc758 \uc790\uc720 \uc1a1\ud658\uc744 \uc704\ud574 \ud0c8\ubd81\ubbfc\ub4e4\uc774 \uc9c1\uc811 \ub450 \ud314\uc744 \uac77\uace0 \ub098\uc130\uc2b5\ub2c8\ub2e4.","title":"\u201c\ubd81\ud55c\uad70 \ud3ec\ub85c\ub294 \uc6b0\ub9ac\uac00 \uc9c0\ucf1c\uc57c \ud560 \ub610 \ub2e4\ub978 \uc544\ub4e4\u201d","topic":"\ub274\uc2a4","translation_language":"","url":"https://rfa.org/korean/in-focus/2026/07/28/north-korean-pows-freedom-campaign/","video_url":null},{"article_body_paragraphs":[],"audio_source_url":"https://feeds.acast.com/public/streams/67a64812340a5590cdb71549/episodes/6a686aaa35a551238ac40323.mp3","author":"\uc11c\uc6b8-\ud64d\uc2b9\uc6b1 hongs@rfa.org","available_dubs":[],"downloadable_assets":["https://feeds.acast.com/public/streams/67a64812340a5590cdb71549/episodes/6a686aaa35a551238ac40323.mp3","https://www.rfa.org/resizer/v2/52KFBFF4GRHUNH6RSPWSN42TCY.jpg?auth=11ca275a0b11ac9b7a732be58d6b72d4da12515bfb3c1bcb50756da245ce5cd3&smart=true&width=1500"],"duration_display":"0:00","duration_seconds":null,"embed_url":null,"id":1512,"image_caption":null,"image_url":"https://www.rfa.org/resizer/v2/52KFBFF4GRHUNH6RSPWSN42TCY.jpg?auth=11ca275a0b11ac9b7a732be58d6b72d4da12515bfb3c1bcb50756da245ce5cd3&smart=true&width=1500","is_clip":false,"item_type":"audio","item_type_label":"Audio","language_label":"Korean","media_credit":"\uc11c\uc6b8-\ud64d\uc2b9\uc6b1 hongs@rfa.org","micro_label":"Audio program","micro_label_kind":"audio","network_label":"RFA","network_logo_url":"/static/uploads/direct_network_logos/rfa_ca00144ac549.png","published_at":"2026-07-28T10:00:34","published_at_display":"28 Jul 2026, 10:00 GMT","sequence_badge_label":null,"sequence_count":null,"sequence_count_label":null,"sequence_frames":[],"sequence_kind":null,"source_name":"rfa_korean_rss","source_name_label":"RFA Korean","source_type":"rss","summary":"\ubcfc\ub85c\ub514\ubbf8\ub974 \uc824\ub80c\uc2a4\ud0a4 \uc6b0\ud06c\ub77c\uc774\ub098 \ub300\ud1b5\ub839\uc774 \ubd81\ud55c \uad70 \ucd94\uac00 \ud30c\ubcd1 \uac00\ub2a5\uc131\uc744 \uc81c\uae30\ud55c \uac00\uc6b4\ub370, \ud55c\uad6d \ub0b4 \uc804\ubb38\uac00\ub4e4\uc740 \ubd81\ud55c\uc774 \uc774\ub97c \ud1b5\ud574 \ubd81\ub7ec \uad00\uacc4\uc5d0\uc11c\uc758 \uc785\uc9c0\ub97c \ub354\uc6b1 \uac15\ud654\ud558\ub824 \ud560 \uc218 \uc788\ub2e4\uace0 \uc804\ub9dd\ud588\uc2b5\ub2c8\ub2e4.","title":"\uc804\ubb38\uac00\ub4e4 \u201c\ubd81, \ucd94\uac00 \ud30c\ubcd1 \ud1b5\ud574 \u2018\ubab8\uac12 \ub192\uc774\uae30\u2019 \uc2dc\ub3c4\ud560 \uc218\ub3c4\u201d","topic":"\ub274\uc2a4","translation_language":"","url":"https://rfa.org/korean/in-focus/2026/07/28/ukraine-russia-troops-ofac-zelenski/","video_url":null},{"article_body_paragraphs":[],"audio_source_url":"https://feeds.acast.com/public/streams/67a64812340a5590cdb71549/episodes/6a684867a02cbcf2a1edb27b.mp3","author":"\uc11c\uc6b8-\uc548\ucc3d\uaddc nk@rfa.org","available_dubs":[],"downloadable_assets":["https://feeds.acast.com/public/streams/67a64812340a5590cdb71549/episodes/6a684867a02cbcf2a1edb27b.mp3","https://www.rfa.org/resizer/v2/YCOVED64BZAFBKPCTBPID6B7DM.JPG?auth=cd1d4e62878b5b0fa74463ec4409ed95274ee7ccacc4494035817138490bb57f&smart=true&width=1500"],"duration_display":"0:00","duration_seconds":null,"embed_url":null,"id":1513,"image_caption":null,"image_url":"https://www.rfa.org/resizer/v2/YCOVED64BZAFBKPCTBPID6B7DM.JPG?auth=cd1d4e62878b5b0fa74463ec4409ed95274ee7ccacc4494035817138490bb57f&smart=true&width=1500","is_clip":false,"item_type":"audio","item_type_label":"Audio","language_label":"Korean","media_credit":"\uc11c\uc6b8-\uc548\ucc3d\uaddc nk@rfa.org","micro_label":"Audio program","micro_label_kind":"audio","network_label":"RFA","network_logo_url":"/static/uploads/direct_network_logos/rfa_ca00144ac549.png","published_at":"2026-07-28T08:32:09","published_at_display":"28 Jul 2026, 08:32 GMT","sequence_badge_label":null,"sequence_count":null,"sequence_count_label":null,"sequence_frames":[],"sequence_kind":null,"source_name":"rfa_korean_rss","source_name_label":"RFA Korean","source_type":"rss","summary":"\ubd81\ud55c \ub2f9\uad6d\uc774 \ud3c9\uc591\uc2dc \uc8fc\ud0dd \uac74\uc124\uc5d0 \ubd81\ud55c\uad70 \uae30\uc220 \ubcd1\uacfc \ubd80\ub300\uae4c\uc9c0 \ub3d9\uc6d0\ud558\uace0 \uc788\uc2b5\ub2c8\ub2e4. \uad50\uccb4\ud560 \uc778\ub825\uc774 \ubd80\uc871\ud55c \uc0c1\ud669\uc774 \ud55c\uacc4\uc5d0 \ub2ec\ud588\uae30 \ub54c\ubb38\uc774\ub780 \uc9c0\uc801\uc785\ub2c8\ub2e4.","title":"\ubd81, \ud3c9\uc591\uc2dc \uac74\uc124\uc5d0 \u2018\uae30\uc220\ubcd1\uacfc\u2019 \ubd80\ub300\ub3c4 \ub3d9\uc6d0","topic":"\ub274\uc2a4","translation_language":"","url":"https://rfa.org/korean/in-focus/2026/07/28/north-korea-pyongyang-house-erection-military-unit/","video_url":null},{"article_body_paragraphs":[],"audio_source_url":"https://feeds.acast.com/public/streams/67a64812340a5590cdb71549/episodes/6a67e30ead2617d1d5b2a736.mp3","author":"\uc6cc\uc2f1\ud134-\uc790\ubbfc \uc564\ub354\uc2a8 andersonj@rfa.org","available_dubs":[],"downloadable_assets":["https://feeds.acast.com/public/streams/67a64812340a5590cdb71549/episodes/6a67e30ead2617d1d5b2a736.mp3","https://www.rfa.org/resizer/v2/6IZ45CMT4BEWFJAV35XPKKBNHM.png?auth=2c2e32832585ed32839529faa0870490ebb529b9bfc510764835defa5db368cd&smart=true&width=1500"],"duration_display":"0:00","duration_seconds":null,"embed_url":null,"id":1514,"image_caption":null,"image_url":"https://www.rfa.org/resizer/v2/6IZ45CMT4BEWFJAV35XPKKBNHM.png?auth=2c2e32832585ed32839529faa0870490ebb529b9bfc510764835defa5db368cd&smart=true&width=1500","is_clip":false,"item_type":"audio","item_type_label":"Audio","language_label":"Korean","media_credit":"\uc6cc\uc2f1\ud134-\uc790\ubbfc \uc564\ub354\uc2a8 andersonj@rfa.org","micro_label":"Audio program","micro_label_kind":"audio","network_label":"RFA","network_logo_url":"/static/uploads/direct_network_logos/rfa_ca00144ac549.png","published_at":"2026-07-28T00:32:07","published_at_display":"28 Jul 2026, 00:32 GMT","sequence_badge_label":null,"sequence_count":null,"sequence_count_label":null,"sequence_frames":[],"sequence_kind":null,"source_name":"rfa_korean_rss","source_name_label":"RFA Korean","source_type":"rss","summary":"\ubd81\ud55c\uc774 \uc624\ub294 8\uc6d4 \uc911\uad6d \uccad\uc18c\ub144\uc744 \ub300\uc0c1\uc73c\ub85c \u2018\uc1a1\ub3c4\uc6d0 \uad6d\uc81c\uc18c\ub144\ub2e8 \uc57c\uc601\uc18c\u2019 \uc5ec\ub984\ucea0\ud504 \ucc38\uac00\uc790 \ubaa8\uc9d1\uc5d0 \ub098\uc130\uc2b5\ub2c8\ub2e4. \ubd81\ud55c \ub2f9\uad6d\uc740 \uc911\uad6d \uc131\uc778 \ub2e8\uccb4\uad00\uad11\uc740 \ubd88\ud5c8\ud558\uba74\uc11c \uc5b4\ub9b0\uc774\u00b7\uccad\uc18c\ub144\ub9cc \uc120\ubcc4 \uc785\uad6d\uc2dc\ud0a4\uace0 \uc788\uc2b5\ub2c8\ub2e4.","title":"\ud3c9\uc591\u00b7\uc6d0\uc0b0\uc11c \ubd81\uc911\ub7ec \uc5b4\ub9b0\uc774 \ucea0\ud504\u2026\u2018\ud30c\ubcd1 \uae30\ub150\uad00\u2019 \uac04\ub2e4","topic":"\ub274\uc2a4","translation_language":"","url":"https://rfa.org/korean/in-focus/2026/07/28/north-korea-tour-china-youth-camp/","video_url":null},{"article_body_paragraphs":[],"audio_source_url":"https://feeds.acast.com/public/streams/67a64812340a5590cdb71549/episodes/6a670b8efa6cc1e0307857e1.mp3","author":"\uc11c\uc6b8-\ud64d\uc2b9\uc6b1 hongs@rfa.org","available_dubs":[],"downloadable_assets":["https://feeds.acast.com/public/streams/67a64812340a5590cdb71549/episodes/6a670b8efa6cc1e0307857e1.mp3","https://www.rfa.org/resizer/v2/CLGSCM2UDFEYHHFMDJUMF6DI2M.jpg?auth=29fa92a8940e488dc5cde99dab161b37a2f9d4cc9743fd3b1d117f461babff43&smart=true&width=1500"],"duration_display":"0:00","duration_seconds":null,"embed_url":null,"id":1515,"image_caption":null,"image_url":"https://www.rfa.org/resizer/v2/CLGSCM2UDFEYHHFMDJUMF6DI2M.jpg?auth=29fa92a8940e488dc5cde99dab161b37a2f9d4cc9743fd3b1d117f461babff43&smart=true&width=1500","is_clip":false,"item_type":"audio","item_type_label":"Audio","language_label":"Korean","media_credit":"\uc11c\uc6b8-\ud64d\uc2b9\uc6b1 hongs@rfa.org","micro_label":"Audio program","micro_label_kind":"audio","network_label":"RFA","network_logo_url":"/static/uploads/direct_network_logos/rfa_ca00144ac549.png","published_at":"2026-07-27T09:50:45","published_at_display":"27 Jul 2026, 09:50 GMT","sequence_badge_label":null,"sequence_count":null,"sequence_count_label":null,"sequence_frames":[],"sequence_kind":null,"source_name":"rfa_korean_rss","source_name_label":"RFA Korean","source_type":"rss","summary":"\ud55c\uad6d \uc815\ubd80\ub294 \ub7ec\uc2dc\uc544\uac00 \ubd81\ud55c\uc5d0 \ucd94\uac00 \ud30c\ubcd1\uc744 \uc694\uccad\ud588\ub2e4\ub294 \uc6b0\ud06c\ub77c\uc774\ub098 \uce21 \uc8fc\uc7a5\uacfc \uad00\ub828\ud574 \ub3d9\ud5a5\uc744 \uba74\ubc00\ud788 \uc9c0\ucf1c\ubcf4\uace0 \uc788\ub2e4\ub294 \uc785\uc7a5\uc744 \ubc1d\ud614\uc2b5\ub2c8\ub2e4.","title":"\ud55c\uad6d \uc815\ubd80, \uc6b0\ud06c\ub77c \u2018\ubd81 \ucd94\uac00 \ud30c\ubcd1\u2019 \uc8fc\uc7a5\uc5d0 \u201c\ub3d9\ud5a5 \uc8fc\uc2dc\u201d","topic":"\ub274\uc2a4","translation_language":"","url":"https://rfa.org/korean/in-focus/2026/07/27/ukraine-russia-troop-arf-statement/","video_url":null},{"article_body_paragraphs":[],"audio_source_url":"https://feeds.acast.com/public/streams/67a64812340a5590cdb71549/episodes/6a66e0c9d1989631427aca85.mp3","author":"\uc6cc\uc2f1\ud134-\uc790\ubbfc \uc564\ub354\uc2a8 andersonj@rfa.org","available_dubs":[],"downloadable_assets":["https://feeds.acast.com/public/streams/67a64812340a5590cdb71549/episodes/6a66e0c9d1989631427aca85.mp3","https://www.rfa.org/resizer/v2/BHWUZ4JLMRECFLEPEZLWZQZEXU.png?auth=31056e57514fbc0ea3dfb765685a6b0cde7bfb02af65c43f46eb79b1dee013a9&smart=true&width=1500"],"duration_display":"0:00","duration_seconds":null,"embed_url":null,"id":1516,"image_caption":null,"image_url":"https://www.rfa.org/resizer/v2/BHWUZ4JLMRECFLEPEZLWZQZEXU.png?auth=31056e57514fbc0ea3dfb765685a6b0cde7bfb02af65c43f46eb79b1dee013a9&smart=true&width=1500","is_clip":false,"item_type":"audio","item_type_label":"Audio","language_label":"Korean","media_credit":"\uc6cc\uc2f1\ud134-\uc790\ubbfc \uc564\ub354\uc2a8 andersonj@rfa.org","micro_label":"Audio program","micro_label_kind":"audio","network_label":"RFA","network_logo_url":"/static/uploads/direct_network_logos/rfa_ca00144ac549.png","published_at":"2026-07-27T05:17:59","published_at_display":"27 Jul 2026, 05:17 GMT","sequence_badge_label":null,"sequence_count":null,"sequence_count_label":null,"sequence_frames":[],"sequence_kind":null,"source_name":"rfa_korean_rss","source_name_label":"RFA Korean","source_type":"rss","summary":"\uc911\uad6d \ub2f9\uad6d\uc5d0 \uc758\ud574 \uc5b5\ub958\ub418\uc5c8\ub2e4\uac00 \ubbf8\uad6d\uc758 \uc678\uad50\uc801 \uc555\ubc15 \ub05d\uc5d0 \uadf9\uc801\uc73c\ub85c \uc11d\ubc29\ub41c \ubca0\uc774\uc9d5 \uc2dc\uc628\uad50\ud68c\uc758 \uc5d0\uc988\ub77c \uc9c4(\ud55c\uad6d\uba85 \uae40\uba85\uc77c) \ubaa9\uc0ac\uac00 \uc790\uc720\uc544\uc2dc\uc544\ubc29\uc1a1(RFA)\uacfc\uc758 \uc778\ud130\ubdf0\uc5d0 \uc751\ud588\uc2b5\ub2c8\ub2e4.","title":"[\uc778\ud130\ubdf0] 266\uc77c \ub9cc\uc5d0 \uc11d\ubc29\u2026\uc5d0\uc988\ub77c \uc9c4 \ubaa9\uc0ac \u201c\uc911\uad6d\uacfc \ubd81\ud55c\uc740 \uac70\ub300\ud55c \uac10\uc625\u201d","topic":"\ub274\uc2a4","translation_language":"","url":"https://rfa.org/korean/in-focus/2026/07/27/ezra-jin-pastor-china-interview/","video_url":null},{"article_body_paragraphs":[],"audio_source_url":"https://feeds.acast.com/public/streams/67a64812340a5590cdb71549/episodes/6a6704e9d19896314285ff1f.mp3","author":"\uc11c\uc6b8-\uae40\uc9c0\uc740 nk@rfa.org","available_dubs":[],"downloadable_assets":["https://feeds.acast.com/public/streams/67a64812340a5590cdb71549/episodes/6a6704e9d19896314285ff1f.mp3","https://www.rfa.org/resizer/v2/OY2VBPV4LJB7TPUFUTEB55HJAI.jpg?auth=4a6ffda6451ee5440dae450d829fa3f0ab5651c931abe01f0924026c0cd8c6ae&smart=true&width=1500"],"duration_display":"0:00","duration_seconds":null,"embed_url":null,"id":1517,"image_caption":null,"image_url":"https://www.rfa.org/resizer/v2/OY2VBPV4LJB7TPUFUTEB55HJAI.jpg?auth=4a6ffda6451ee5440dae450d829fa3f0ab5651c931abe01f0924026c0cd8c6ae&smart=true&width=1500","is_clip":false,"item_type":"audio","item_type_label":"Audio","language_label":"Korean","media_credit":"\uc11c\uc6b8-\uae40\uc9c0\uc740 nk@rfa.org","micro_label":"Audio program","micro_label_kind":"audio","network_label":"RFA","network_logo_url":"/static/uploads/direct_network_logos/rfa_ca00144ac549.png","published_at":"2026-07-27T00:14:30","published_at_display":"27 Jul 2026, 00:14 GMT","sequence_badge_label":null,"sequence_count":null,"sequence_count_label":null,"sequence_frames":[],"sequence_kind":null,"source_name":"rfa_korean_rss","source_name_label":"RFA Korean","source_type":"rss","summary":"\ucd5c\uadfc \ubd81\ud55c \ub2f9\uad6d\uc740 6\u00b725\uc804\uc7c1\uc5d0\uc11c \ubaa9\uc228\uc744 \ubc14\uccd0 \uc2f8\uc6b4 \uc601\uc6c5\ub4e4\uc758 \uc704\ud6c8\uc744 \uc120\uc804\ud558\uba70 \u2018\uc218\ub839\uacb0\uc0ac \uc639\uc704\uc815\uc2e0\u2019\uc744 \uac15\uc870\ud558\uace0 \uc788\uc2b5\ub2c8\ub2e4. \uadf8\ub7ec\ub098 \uc77c\ubd80 \uc8fc\ubbfc\ub4e4\uc740 \ud604\uc2e4\uacfc \ub3d9\ub5a8\uc5b4\uc9c4 \uc774\ub7ec\ud55c \uc120\uc804\uc5d0 \ub0c9\uc18c\uc801\uc778 \ubc18\uc751\uc744 \ubcf4\uc774\uace0 \uc788\uc2b5\ub2c8\ub2e4.","title":"\ubd81 \uc8fc\ubbfc\ub4e4, \u20186\u00b725\uc804\uc7c1 \uc704\ud6c8\ub2f4 \uc120\uc804\uc804\u2019\uc5d0 \ub0c9\uc18c","topic":"\ub274\uc2a4","translation_language":"","url":"https://rfa.org/korean/in-focus/2026/07/27/north-korea-war-hero-cynicism/","video_url":null},{"article_body_paragraphs":[],"audio_source_url":"https://feeds.acast.com/public/streams/67a64812340a5590cdb71549/episodes/6a631f4ca7fbf9da140555af.mp3","author":"\uc11c\uc6b8-\ud64d\uc2b9\uc6b1 hongs@rfa.org","available_dubs":[],"downloadable_assets":["https://feeds.acast.com/public/streams/67a64812340a5590cdb71549/episodes/6a631f4ca7fbf9da140555af.mp3","https://www.rfa.org/resizer/v2/SYGU3U2JZJAT7PLAZ2BFANL7YY.jpg?auth=a4387f6e3d1851b82398b2e3240b3f036c52cb3a100e04b3e371932b55e19c9a&smart=true&width=1500"],"duration_display":"0:00","duration_seconds":null,"embed_url":null,"id":1518,"image_caption":null,"image_url":"https://www.rfa.org/resizer/v2/SYGU3U2JZJAT7PLAZ2BFANL7YY.jpg?auth=a4387f6e3d1851b82398b2e3240b3f036c52cb3a100e04b3e371932b55e19c9a&smart=true&width=1500","is_clip":false,"item_type":"audio","item_type_label":"Audio","language_label":"Korean","media_credit":"\uc11c\uc6b8-\ud64d\uc2b9\uc6b1 hongs@rfa.org","micro_label":"Audio program","micro_label_kind":"audio","network_label":"RFA","network_logo_url":"/static/uploads/direct_network_logos/rfa_ca00144ac549.png","published_at":"2026-07-24T11:17:23","published_at_display":"24 Jul 2026, 11:17 GMT","sequence_badge_label":null,"sequence_count":null,"sequence_count_label":null,"sequence_frames":[],"sequence_kind":null,"source_name":"rfa_korean_rss","source_name_label":"RFA Korean","source_type":"rss","summary":"\ubd80\uc784\uc744 \uc55e\ub454 \ubbf8\uc178 \uc2a4\ud2f8 \uc8fc\ud55c\ubbf8\uad6d\ub300\uc0ac\uac00 \ud55c\ubbf8 \ub3d9\ub9f9 \uac15\ud654 \uc758\uc9c0\ub97c \uac15\uc870\ud558\uba70 \uacf5\uac1c \ud589\ubcf4\uc5d0 \ub098\uc130\uc2b5\ub2c8\ub2e4.","title":"\ubbf8\uc178 \uc2a4\ud2f8 \ub300\uc0ac \u201c\ud55c\ubbf8 \ub3d9\ub9f9 \uac15\ud654\uac00 \ucd5c\uc6b0\uc120 \uacfc\uc81c\u201d","topic":"\ub274\uc2a4","translation_language":"","url":"https://rfa.org/korean/in-focus/2026/07/24/michelle-steel-ambassador-alliance-shipbuilding/","video_url":null},{"article_body_paragraphs":[],"audio_source_url":"https://feeds.acast.com/public/streams/67a64812340a5590cdb71549/episodes/6a61d593562e3ad886d06ce2.mp3","author":"\uc11c\uc6b8-\uc548\ucc3d\uaddc nk@rfa.org","available_dubs":[],"downloadable_assets":["https://feeds.acast.com/public/streams/67a64812340a5590cdb71549/episodes/6a61d593562e3ad886d06ce2.mp3","https://www.rfa.org/resizer/v2/A63A2FKWQZHSLC6PX7B2EAXR5Q.JPG?auth=b9b10ec42d125a0c0a92f21b9d87a709f204338ae2842d407c9f5ec3c31704f1&smart=true&width=1500"],"duration_display":"0:00","duration_seconds":null,"embed_url":null,"id":1519,"image_caption":null,"image_url":"https://www.rfa.org/resizer/v2/A63A2FKWQZHSLC6PX7B2EAXR5Q.JPG?auth=b9b10ec42d125a0c0a92f21b9d87a709f204338ae2842d407c9f5ec3c31704f1&smart=true&width=1500","is_clip":false,"item_type":"audio","item_type_label":"Audio","language_label":"Korean","media_credit":"\uc11c\uc6b8-\uc548\ucc3d\uaddc nk@rfa.org","micro_label":"Audio program","micro_label_kind":"audio","network_label":"RFA","network_logo_url":"/static/uploads/direct_network_logos/rfa_ca00144ac549.png","published_at":"2026-07-24T02:12:02","published_at_display":"24 Jul 2026, 02:12 GMT","sequence_badge_label":null,"sequence_count":null,"sequence_count_label":null,"sequence_frames":[],"sequence_kind":null,"source_name":"rfa_korean_rss","source_name_label":"RFA Korean","source_type":"rss","summary":"\ucd5c\uadfc \ubd81\ud55c\uc5d0 \uc2dd\uc6a9\uc720\uac00 \ubd80\uc871\ud574 \uc77c\ubc18 \uc8fc\ubbfc\uc740 \uba39\uc744 \uc5c4\ub450\ub97c \ub0b4\uc9c0 \ubabb\ud55c\ub2e4\ub294 \uc18c\uc2dd\uc785\ub2c8\ub2e4. \uc2dd\uc6a9\uc720\ub97c \uc0ac \ub4e4\uace0 \uac00\ub294 \uc0ac\ub78c\uc774 \uc81c\uc77c \ubd80\ub7fd\ub2e4\ub294 \uac8c \uc8fc\ubbfc\ub4e4\uc758 \ubc18\uc751\uc785\ub2c8\ub2e4.","title":"\ubd81 \uc8fc\ubbfc\ub4e4 \u201c\ucf69\uae30\ub984 \uc0ac\ub294 \uc0ac\ub78c \ubd80\ub7fd\ub2e4\u201d","topic":"\ub274\uc2a4","translation_language":"","url":"https://rfa.org/korean/in-focus/2026/07/23/north-korea-people-cooking-oil-/","video_url":null},{"article_body_paragraphs":[],"audio_source_url":"https://feeds.acast.com/public/streams/67a64812340a5590cdb71549/episodes/6a61d2dd4fac21e67f87ce98.mp3","author":"\uc11c\uc6b8-\ud64d\uc2b9\uc6b1 hongs@rfa.org","available_dubs":[],"downloadable_assets":["https://feeds.acast.com/public/streams/67a64812340a5590cdb71549/episodes/6a61d2dd4fac21e67f87ce98.mp3","https://www.rfa.org/resizer/v2/XUMR6EJCTNH2NO45VSBJT4OLGE.jpg?auth=c34352a1a27f8693f77446fd0f64b8b4397b1c273f376e8411e21df7750456d2&smart=true&width=1500"],"duration_display":"0:00","duration_seconds":null,"embed_url":null,"id":534,"image_caption":null,"image_url":"https://www.rfa.org/resizer/v2/XUMR6EJCTNH2NO45VSBJT4OLGE.jpg?auth=c34352a1a27f8693f77446fd0f64b8b4397b1c273f376e8411e21df7750456d2&smart=true&width=1500","is_clip":false,"item_type":"audio","item_type_label":"Audio","language_label":"Korean","media_credit":"\uc11c\uc6b8-\ud64d\uc2b9\uc6b1 hongs@rfa.org","micro_label":"Audio program","micro_label_kind":"audio","network_label":"RFA","network_logo_url":"/static/uploads/direct_network_logos/rfa_ca00144ac549.png","published_at":"2026-07-23T10:11:07","published_at_display":"23 Jul 2026, 10:11 GMT","sequence_badge_label":null,"sequence_count":null,"sequence_count_label":null,"sequence_frames":[],"sequence_kind":null,"source_name":"rfa_korean_rss","source_name_label":"RFA Korean","source_type":"rss","summary":"\ud55c\ubbf8\uc77c 3\uad6d \uc678\uad50\uc7a5\uad00\uc774 \ub9cc\ub098 \ud55c\ubc18\ub3c4 \ube44\ud575\ud654 \uc6d0\uce59\uc744 \uc7ac\ud655\uc778\ud588\uc2b5\ub2c8\ub2e4. \uc7a5\uad00\ub4e4\uc740 \uc774\ub97c \uc704\ud55c \ub300\ubd81 \uacf5\uc870\ub97c \uac15\ud654\ud574 \ub098\uac00\uae30\ub85c \ud588\uc2b5\ub2c8\ub2e4.","title":"\ud55c\ubbf8\uc77c \uc678\uad50\uc7a5\uad00, \ud68c\ub2f4\uc11c \u2018\ud55c\ubc18\ub3c4 \ube44\ud575\ud654\u2019 \uc7ac\ud655\uc778","topic":"\ub274\uc2a4","translation_language":"","url":"https://rfa.org/korean/in-focus/2026/07/23/denuclearization-deterrence-japan-us-cvid/","video_url":null},{"article_body_paragraphs":[],"audio_source_url":"https://feeds.acast.com/public/streams/67a64812340a5590cdb71549/episodes/6a61857e4fac21e67f70a955.mp3","author":"\uc11c\uc6b8-\uae40\uc9c0\uc740 nk@rfa.org","available_dubs":[],"downloadable_assets":["https://feeds.acast.com/public/streams/67a64812340a5590cdb71549/episodes/6a61857e4fac21e67f70a955.mp3","https://www.rfa.org/resizer/v2/BHNP6MUHTJEE7PUXSPJQYB2CBE.jpg?auth=143eb78afd52b55373aa59637305e6aec79e4e1aa0be6cda1ae5b281607b7f11&smart=true&width=1500"],"duration_display":"0:00","duration_seconds":null,"embed_url":null,"id":535,"image_caption":null,"image_url":"https://www.rfa.org/resizer/v2/BHNP6MUHTJEE7PUXSPJQYB2CBE.jpg?auth=143eb78afd52b55373aa59637305e6aec79e4e1aa0be6cda1ae5b281607b7f11&smart=true&width=1500","is_clip":false,"item_type":"audio","item_type_label":"Audio","language_label":"Korean","media_credit":"\uc11c\uc6b8-\uae40\uc9c0\uc740 nk@rfa.org","micro_label":"Audio program","micro_label_kind":"audio","network_label":"RFA","network_logo_url":"/static/uploads/direct_network_logos/rfa_ca00144ac549.png","published_at":"2026-07-23T02:36:17","published_at_display":"23 Jul 2026, 02:36 GMT","sequence_badge_label":null,"sequence_count":null,"sequence_count_label":null,"sequence_frames":[],"sequence_kind":null,"source_name":"rfa_korean_rss","source_name_label":"RFA Korean","source_type":"rss","summary":"\ucd5c\uadfc \ubd81\ud55c\uc5d0\uc11c \ubc14\ub098\ub098 \ud488\uadc0 \ud604\uc0c1\uc774 \ub098\ud0c0\ub098\uace0 \uc788\uc2b5\ub2c8\ub2e4. \uad00\ud63c\uc0c1\uc81c\uc640 \uac19\uc740 \uac00\uc871\uc758 \uc804\ud1b5 \uc758\ub840 \uc0c1\ucc28\ub9bc\uc5d0 \ub193\uc600\ub358 \ubc14\ub098\ub098 \uac00\uaca9\uc774 \ud06c\uac8c \uc62c\ub77c \uc0c1\ucc28\ub9bc \ud56d\ubaa9\uc5d0\uc11c \uc0ac\ub77c\uc9c0\uace0 \uc788\ub2e4\ub294 \uc9c0\uc801\uc785\ub2c8\ub2e4.","title":"\u201c\ubd81\ud55c \uad00\ud63c\uc0c1\uc81c \uc0c1\ucc28\ub9bc\uc11c \ubc14\ub098\ub098 \uc0ac\ub77c\uc838\u201d","topic":"\ub274\uc2a4","translation_language":"","url":"https://rfa.org/korean/in-focus/2026/07/23/north-korea-banana-price-surge-disappears/","video_url":null},{"article_body_paragraphs":[],"audio_source_url":"https://feeds.acast.com/public/streams/67a64812340a5590cdb71549/episodes/6a616b7922500f7120e04ac3.mp3","author":"Young Jung","available_dubs":[],"downloadable_assets":["https://feeds.acast.com/public/streams/67a64812340a5590cdb71549/episodes/6a616b7922500f7120e04ac3.mp3","https://www.rfa.org/resizer/v2/LPJRP4IC3FDWXFY7AENV7VWG2M.jpg?auth=983781d75824d2ccdbfc793bb90db10610d3aaac1fe49f8e8237c01353498754&smart=true&width=1500"],"duration_display":"0:00","duration_seconds":null,"embed_url":null,"id":536,"image_caption":null,"image_url":"https://www.rfa.org/resizer/v2/LPJRP4IC3FDWXFY7AENV7VWG2M.jpg?auth=983781d75824d2ccdbfc793bb90db10610d3aaac1fe49f8e8237c01353498754&smart=true&width=1500","is_clip":false,"item_type":"audio","item_type_label":"Audio","language_label":"Korean","media_credit":"Young Jung","micro_label":"Audio program","micro_label_kind":"audio","network_label":"RFA","network_logo_url":"/static/uploads/direct_network_logos/rfa_ca00144ac549.png","published_at":"2026-07-23T01:53:33","published_at_display":"23 Jul 2026, 01:53 GMT","sequence_badge_label":null,"sequence_count":null,"sequence_count_label":null,"sequence_frames":[],"sequence_kind":null,"source_name":"rfa_korean_rss","source_name_label":"RFA Korean","source_type":"rss","summary":"\ubd81\ud55c\uc774 \ud575\uacfc \ubbf8\uc0ac\uc77c\uc5d0 \uc774\uc5b4 \ub4dc\ub860\uc744 \uc0c8\ub85c\uc6b4 \uc804\ub7b5\ubb34\uae30\ub85c \uc721\uc131\ud558\uace0 \uc788\uc2b5\ub2c8\ub2e4.","title":"\ubd81\ud55c \u2018\ub4dc\ub860\u2019 \uac1c\ubc1c \ubc15\ucc28\u2026 \u201c\ud55c\ubbf8 \uc548\ubcf4 \uc704\ud611\u201d","topic":"\ub274\uc2a4","translation_language":"","url":"https://rfa.org/korean/in-focus/2026/07/23/north-korea-drone-power-military-security-impact/","video_url":null},{"article_body_paragraphs":[],"audio_source_url":"https://feeds.acast.com/public/streams/67a64812340a5590cdb71549/episodes/6a607d06562e3ad88658c293.mp3","author":"\uc11c\uc6b8-\ud64d\uc2b9\uc6b1 hongs@rfa.org","available_dubs":[],"downloadable_assets":["https://feeds.acast.com/public/streams/67a64812340a5590cdb71549/episodes/6a607d06562e3ad88658c293.mp3","https://www.rfa.org/resizer/v2/Y6KIALEKEJENBKNM5V7OV24QJ4.jpg?auth=3b8beb35a2e589d67cd2e1203a532620d9711ff553f710cb281f132e3871a9e3&smart=true&width=1500"],"duration_display":"0:00","duration_seconds":null,"embed_url":null,"id":537,"image_caption":null,"image_url":"https://www.rfa.org/resizer/v2/Y6KIALEKEJENBKNM5V7OV24QJ4.jpg?auth=3b8beb35a2e589d67cd2e1203a532620d9711ff553f710cb281f132e3871a9e3&smart=true&width=1500","is_clip":false,"item_type":"audio","item_type_label":"Audio","language_label":"Korean","media_credit":"\uc11c\uc6b8-\ud64d\uc2b9\uc6b1 hongs@rfa.org","micro_label":"Audio program","micro_label_kind":"audio","network_label":"RFA","network_logo_url":"/static/uploads/direct_network_logos/rfa_ca00144ac549.png","published_at":"2026-07-22T09:40:31","published_at_display":"22 Jul 2026, 09:40 GMT","sequence_badge_label":null,"sequence_count":null,"sequence_count_label":null,"sequence_frames":[],"sequence_kind":null,"source_name":"rfa_korean_rss","source_name_label":"RFA Korean","source_type":"rss","summary":"\uc815\ub3d9\uc601 \ud55c\uad6d \ud1b5\uc77c\ubd80 \uc7a5\uad00\uc774 \ud55c\uad6d \ucd9c\uc2e0 \uad50\ud669\uccad \uc131\uc9c1\uc790\ubd80 \uc7a5\uad00\uc778 \uc720\ud765\uc2dd \ucd94\uae30\uacbd\uc744 \ub9cc\ub0ac\uc2b5\ub2c8\ub2e4. \uc815 \uc7a5\uad00\uc740 \uad50\ud669\uc758 \ud55c\uad6d \ubc29\ubb38\uc774 \ub0a8\ubd81 \uac04\uc5d0 \ub2e4\ub9ac\ub97c \ub193\ub294 \uacc4\uae30\uac00 \ub420 \uac83\uc73c\ub85c \uae30\ub300\ud588\uc2b5\ub2c8\ub2e4.","title":"\ud1b5\uc77c\uc7a5\uad00 \u201c\uad50\ud669 \ubc29\ud55c, \ub0a8\ubd81 \uc5f0\uacb0 \uacc4\uae30 \uae30\ub300\u201d","topic":"\ub274\uc2a4","translation_language":"","url":"https://rfa.org/korean/in-focus/2026/07/22/pope-cardinal-opcon-usfk-cfc/","video_url":null},{"article_body_paragraphs":[],"audio_source_url":"https://feeds.acast.com/public/streams/67a64812340a5590cdb71549/episodes/6a603e2bc6b393c90e01f45d.mp3","author":"\uc6cc\uc2f1\ud134-\uc815\uc601 jungy@rfa.org","available_dubs":[],"downloadable_assets":["https://feeds.acast.com/public/streams/67a64812340a5590cdb71549/episodes/6a603e2bc6b393c90e01f45d.mp3","https://www.rfa.org/resizer/v2/GH7IYN4FCJHGFKCZLPEIQDQXAY.jpg?auth=71f1785fa521e5814d0ed3e4daecbb525e158b960a74a651aeb92d6fa8381b40&smart=true&width=1500"],"duration_display":"0:00","duration_seconds":null,"embed_url":null,"id":538,"image_caption":null,"image_url":"https://www.rfa.org/resizer/v2/GH7IYN4FCJHGFKCZLPEIQDQXAY.jpg?auth=71f1785fa521e5814d0ed3e4daecbb525e158b960a74a651aeb92d6fa8381b40&smart=true&width=1500","is_clip":false,"item_type":"audio","item_type_label":"Audio","language_label":"Korean","media_credit":"\uc6cc\uc2f1\ud134-\uc815\uc601 jungy@rfa.org","micro_label":"Audio program","micro_label_kind":"audio","network_label":"RFA","network_logo_url":"/static/uploads/direct_network_logos/rfa_ca00144ac549.png","published_at":"2026-07-22T05:18:21","published_at_display":"22 Jul 2026, 05:18 GMT","sequence_badge_label":null,"sequence_count":null,"sequence_count_label":null,"sequence_frames":[],"sequence_kind":null,"source_name":"rfa_korean_rss","source_name_label":"RFA Korean","source_type":"rss","summary":"\ud3c9\uc591 \ud654\uc131\uc9c0\uad6c\uc5d0 \uc870\uc131\ud55c \ucef4\ud4e8\ud130 \uc624\ub77d\uad00\uc5d0\uc11c \ubbf8\uad6d\uc758 \uc778\uae30 \uc804\uc7c1 \uac8c\uc784\uc778 \u2018\ucf5c \uc624\ube0c \ub4c0\ud2f0(Call of Duty)\u2019\ub97c \uc990\uae38 \uc218 \uc788\ub294 \uac83\uc73c\ub85c \uc54c\ub824\uc84c\uc2b5\ub2c8\ub2e4.","title":"\ubd81\ud55c PC\ubc29, \ubbf8\uad6d \uac8c\uc784 \ud5c8\uc6a9\u2026\uccad\ub144 \ud1b5\uc81c\ub294 \uac15\ud654","topic":"\ub274\uc2a4","translation_language":"","url":"https://rfa.org/korean/in-focus/2026/07/22/north-korea-pc-game-cafe-us-games/","video_url":null},{"article_body_paragraphs":[],"audio_source_url":"https://feeds.acast.com/public/streams/67a64812340a5590cdb71549/episodes/6a5f2d887bddc0bea54b7f3e.mp3","author":"\uc11c\uc6b8-\ud64d\uc2b9\uc6b1 hongs@rfa.org","available_dubs":[],"downloadable_assets":["https://feeds.acast.com/public/streams/67a64812340a5590cdb71549/episodes/6a5f2d887bddc0bea54b7f3e.mp3","https://www.rfa.org/resizer/v2/EBJ5BYLB4ZFXBGTVIYKXD5AABE.jpg?auth=d31f6f4135db5a55d2dce3dcf70c9b6d07534ee18376c2dfb6f50e3f6fda51ba&smart=true&width=1500"],"duration_display":"0:00","duration_seconds":null,"embed_url":null,"id":540,"image_caption":null,"image_url":"https://www.rfa.org/resizer/v2/EBJ5BYLB4ZFXBGTVIYKXD5AABE.jpg?auth=d31f6f4135db5a55d2dce3dcf70c9b6d07534ee18376c2dfb6f50e3f6fda51ba&smart=true&width=1500","is_clip":false,"item_type":"audio","item_type_label":"Audio","language_label":"Korean","media_credit":"\uc11c\uc6b8-\ud64d\uc2b9\uc6b1 hongs@rfa.org","micro_label":"Audio program","micro_label_kind":"audio","network_label":"RFA","network_logo_url":"/static/uploads/direct_network_logos/rfa_ca00144ac549.png","published_at":"2026-07-21T10:00:53","published_at_display":"21 Jul 2026, 10:00 GMT","sequence_badge_label":null,"sequence_count":null,"sequence_count_label":null,"sequence_frames":[],"sequence_kind":null,"source_name":"rfa_korean_rss","source_name_label":"RFA Korean","source_type":"rss","summary":"\ud55c\uad6d \ub0b4 \uc804\ubb38\uac00\ub4e4\uc740 \ucd5c\uc120\ud76c \ubd81\ud55c \uc678\ubb34\uc0c1\uc774 \ub7ec\uc2dc\uc544\ub97c \ubc29\ubb38\ud55c \uac83\uc5d0 \ub300\ud574, \ubd81\ud55c\uc774 \uc804\uc7c1\uacfc \ud30c\ubcd1 \ub4f1\uc744 \uacc4\uae30\ub85c \uc591\uad6d \uad00\uacc4\uc5d0\uc11c \uc785\uc9c0\ub97c \uac15\ud654\ud558\uace0 \uc788\ub294 \uac83\uc774\ub780 \ubd84\uc11d\uc744 \ub0b4\ub193\uc558\uc2b5\ub2c8\ub2e4.","title":"\uc804\ubb38\uac00\ub4e4 \u201c\ubd81, \uc6b0\ud06c\ub77c\uc774\ub098\uc804\u00b7\ud30c\ubcd1 \uacc4\uae30 \ub300\ub7ec \uc785\uc9c0 \uac15\ud654\u201d","topic":"\ub274\uc2a4","translation_language":"","url":"https://rfa.org/korean/in-focus/2026/07/21/russia-strategic-dialogue-ukraine-china/","video_url":null},{"article_body_paragraphs":[],"audio_source_url":"https://feeds.acast.com/public/streams/67a64812340a5590cdb71549/episodes/6a5dda5976f8ee25bb42fc7b.mp3","author":"\uc11c\uc6b8-\uc548\ucc3d\uaddc nk@rfa.org","available_dubs":[],"downloadable_assets":["https://feeds.acast.com/public/streams/67a64812340a5590cdb71549/episodes/6a5dda5976f8ee25bb42fc7b.mp3","https://www.rfa.org/resizer/v2/7PRG4NCM7FBDRFMR7LEXLSQA64.jpg?auth=da76d1eb1257af25613317dd9e271e68efd1961d1ab0034c8d968647f671483f&smart=true&width=1500"],"duration_display":"0:00","duration_seconds":null,"embed_url":null,"id":541,"image_caption":null,"image_url":"https://www.rfa.org/resizer/v2/7PRG4NCM7FBDRFMR7LEXLSQA64.jpg?auth=da76d1eb1257af25613317dd9e271e68efd1961d1ab0034c8d968647f671483f&smart=true&width=1500","is_clip":false,"item_type":"audio","item_type_label":"Audio","language_label":"Korean","media_credit":"\uc11c\uc6b8-\uc548\ucc3d\uaddc nk@rfa.org","micro_label":"Audio program","micro_label_kind":"audio","network_label":"RFA","network_logo_url":"/static/uploads/direct_network_logos/rfa_ca00144ac549.png","published_at":"2026-07-21T04:58:12","published_at_display":"21 Jul 2026, 04:58 GMT","sequence_badge_label":null,"sequence_count":null,"sequence_count_label":null,"sequence_frames":[],"sequence_kind":null,"source_name":"rfa_korean_rss","source_name_label":"RFA Korean","source_type":"rss","summary":"\ubd81\ud55c \ub2f9\uad6d\uc774 \uad70 \ud575\uc2ec \uac04\ubd80\ub4e4\uc5d0 \ub300\ud55c \ubd80\uc815\ubd80\ud328 \uac80\uc5f4\uc744 \uc2e4\uc2dc\ud558\uace0 \uc788\uc2b5\ub2c8\ub2e4. 5\uc6d4 \ub9d0 \uac80\uc5f4\uc774 \uc2dc\uc791\ub41c \uac00\uc6b4\ub370 \uc77c\ubd80 \uac04\ubd80\ub4e4\uc758 \ucc98\ubc8c \uc18c\uc2dd\ub3c4 \uc804\ud574\uc9c0\uace0 \uc788\uc2b5\ub2c8\ub2e4.","title":"\ubd81, \uc804\uad70 \uac04\ubd80 \ub300\uc0c1 \ubd80\uc815\ubd80\ud328 \uac80\uc5f4","topic":"\ub274\uc2a4","translation_language":"","url":"https://rfa.org/korean/in-focus/2026/07/21/north-korea-military-officer-corruption-censorship/","video_url":null},{"article_body_paragraphs":[],"audio_source_url":"https://feeds.acast.com/public/streams/67a64812340a5590cdb71549/episodes/6a5eb74e19fcc7b0d051909e.mp3","author":"\uc6cc\uc2f1\ud134-\uc790\ubbfc \uc564\ub354\uc2a8 andersonj@rfa.org","available_dubs":[],"downloadable_assets":["https://feeds.acast.com/public/streams/67a64812340a5590cdb71549/episodes/6a5eb74e19fcc7b0d051909e.mp3","https://www.rfa.org/resizer/v2/VW5ASOF3N5HJHDHAUVT4AYEWUU.png?auth=95708b33610a2be614f53ea98c41445b3e660ac79fb60ed5357dbb193a60d6d9&smart=true&width=1500"],"duration_display":"0:00","duration_seconds":null,"embed_url":null,"id":542,"image_caption":null,"image_url":"https://www.rfa.org/resizer/v2/VW5ASOF3N5HJHDHAUVT4AYEWUU.png?auth=95708b33610a2be614f53ea98c41445b3e660ac79fb60ed5357dbb193a60d6d9&smart=true&width=1500","is_clip":false,"item_type":"audio","item_type_label":"Audio","language_label":"Korean","media_credit":"\uc6cc\uc2f1\ud134-\uc790\ubbfc \uc564\ub354\uc2a8 andersonj@rfa.org","micro_label":"Audio program","micro_label_kind":"audio","network_label":"RFA","network_logo_url":"/static/uploads/direct_network_logos/rfa_ca00144ac549.png","published_at":"2026-07-21T00:39:27","published_at_display":"21 Jul 2026, 00:39 GMT","sequence_badge_label":null,"sequence_count":null,"sequence_count_label":null,"sequence_frames":[],"sequence_kind":null,"source_name":"rfa_korean_rss","source_name_label":"RFA Korean","source_type":"rss","summary":"\ubd81\ud55c \uc8fc\ubbfc\ub4e4\uc774 \uc0ac\uc6a9\ud558\ub294 \uc2a4\ub9c8\ud2b8\ud3f0\uc740 \uadf8\ub3d9\uc548 \ub300\ubd80\ubd84 \uc911\uad6d\uc5d0\uc11c \ub2e8\ub9d0\uae30\ub97c \ub4e4\uc5ec\uc640 \ubd81\ud55c \uc0c1\ud45c\ub97c \ubd99\uc774\ub294 \ubc29\uc2dd\uc73c\ub85c \uc720\ud1b5\ub3fc \uc654\ub294\ub370\uc694. \ucd5c\uadfc \uc778\ub3c4 \uae30\uc5c5\uc774 \uc81c\uc870\ud55c \uc2a4\ub9c8\ud2b8\ud3f0\uc744 \ub4e4\uc5ec\uc640 \ud310\ub9e4 \uc911\uc778 \uac83\uc73c\ub85c \ud655\uc778\ub410\uc2b5\ub2c8\ub2e4.","title":"\ubd81\ud55c \uc2a4\ub9c8\ud2b8\ud3f0 \u2018\ud478\ub978\ud558\ub298 9-3\u2019, \uc778\ub3c4 \uc81c\ud488\uacfc \u2018\ud310\ubc15\uc774\u2019","topic":"\ub274\uc2a4","translation_language":"","url":"https://rfa.org/korean/in-focus/2026/07/21/north-korea-smart-phones-china-india/","video_url":null}],"next_num":5,"page":4,"pages":5,"per_page":20,"prev_num":3,"total":100}
