{"applied_filters":{"end_date":"","lang":"","language":"","network":"","page":4,"per_page":20,"search":"","source":"","start_date":"","topic":"V\u00eedyo Galer\u00ee","type":"clips"},"available_filters":{"language_choices":[{"label":"Choose Language","value":""},{"label":"English","value":"English"},{"label":"Espa\u00f1ol","value":"Espa\u00f1ol"},{"label":"Kurdish","value":"Kurdish"}],"network_choices":[{"label":"All networks","value":""},{"label":"VOA","value":"VOA"}],"source_choices":[{"label":"All sources","value":""},{"label":"Dengeamerika","value":"dengeamerika_com_direct"}],"sources":["dengeamerika_com_direct"],"topics":["250em\u00een Salvegera Serxweb\u00fbna Amer\u00eekay\u00ea","250\u0647\u06d5\u0645\u06cc\u0646 \u0633\u0627\u06b5\u06cc\u0627\u062f\u06cc \u0633\u06d5\u0631\u0628\u06d5\u062e\u06c6\u06cc\u06cc \u0626\u06d5\u0645\u06d5\u0631\u06cc\u06a9\u0627","Afghanistan","Amer\u00eeka","Am\u00e9rica Latina, VENEZUELA, Maiquetia","Asuntos de Estado","Audiovisuales Mart\u00ed","Audiovisuales Mart\u00ed, Cuba turismo, crisis del turismo en Cuba","Audiovisuales Mart\u00ed, VENEZUELA, apagones","Como Come Cuba, cuba, Como Come Cuba","Cuba Habla","Cuba Habla, Cuba","C\u00eehan","Human Rights","Info Mart\u00ed","Info Mart\u00ed , Cuba","Info Mart\u00ed , Estados Unidos, Colombia","Info Mart\u00ed , Estados Unidos, VENEZUELA","Info Mart\u00ed , estados unidos, Venezuela","Iran","Iz RSE sveta","Korea","Laos","Multimedija","Myanmar","Pacific","Ser Madre en cuba, cuba, hambre, r\u00e9gimen, madre, negligencia, Testimonios, Crisis Econ\u00f3mica, madre cubana, Crisis Alimentaria","Ser viejo en Cuba, cuba, cubanos, crisis, alimentos, ancianos, viejos, vejez","South China Sea","Srbija","Tibet","Ukraine","Video","Videos","V\u00eedyo Galer\u00ee","\u0412\u0438\u0434\u0435\u043e","\u0418\u043d\u0442\u0435\u0440\u0432\u044c\u044e","\u041a\u0430\u0434\u0440\u044b \u0434\u043d\u044f","\u0420\u043e\u0441\u0441\u0438\u044f","\u0421\u043c\u043e\u0442\u0440\u0438 \u0432 \u043e\u0431\u0430","\u0622\u062e\u0631\u06cc\u0646 \u0648\u06cc\u062f\u06cc\u0648\u0647\u0627","\u0626\u06ce\u0631\u0627\u0646","\u0626\u06d5\u0645\u06d5\u0631\u06cc\u06a9\u0627","\u0628\u06d5\u0631\u0646\u0627\u0645\u06d5\u06cc \u0695\u06c6\u0698\u0627\u0646\u06d5\u06cc \u062a\u06d5\u0644\u06d5\u0641\u06cc\u0632\u06cc\u06c6\u0646","\u062a\u0648\u0631\u06a9\u06cc\u0627","\u062c\u0647\u0627\u0646","\u062c\u06cc\u0647\u0627\u0646","\u0633\u0648\u0631\u06cc\u0627","\u0633\u0649\u0646","\u0639\u06ce\u0631\u0627\u0642","\u0642\u0649\u0633\u0642\u0627 \u062e\u06d5\u06cb\u06d5\u0631\u0644\u06d5\u0631","\u0645\u0631\u06a9\u06d0","\u0646\u0648\u0631 \u062e\u0628\u0631\u0648\u0646\u0647","\u0647\u06d5\u0631\u06ce\u0645\u06d5 \u06a9\u0648\u0631\u062f\u06cc\u0640\u06cc\u06d5\u06a9\u0627\u0646","\u0648\u06cc\u062f\u06cc\u0648","\u0648\u06cc\u0698\u0647 \u0628\u0631\u0646\u0627\u0645\u0647\u200c\u0647\u0627","\u0695\u06c6\u0698\u0647\u06d5\u06b5\u0627\u062a\u06cc \u0646\u0627\u0648\u06d5\u0695\u0627\u0633\u062a","\u06a4\u06cc\u062f\u06cc\u06c6","\u0e82\u0ec8\u0eb2\u0ea7\u0ec1\u0ea5\u0eb0\u0ea5\u0eb2\u0e8d\u0e87\u0eb2\u0e99","\u0ea7\u0eb5\u0e94\u0eb5\u0ec2\u0ead","\u0f38\u0f42\u0f7c\u0f44\u0f0b\u0f66\u0f0b\u0f58\u0f46\u0f7c\u0f42","\u0f56\u0f59\u0f53\u0f0b\u0f56\u0fb1\u0f7c\u0f63\u0f0d","\u0f56\u0f62\u0f99\u0f53\u0f0d","\u0f56\u0f7c\u0f51\u0f0d","\u1017\u102e\u1012\u102e\u101a\u102d\u102f\u1019\u103b\u102c\u1038","\u101e\u1010\u1004\u103a\u1038\u1019\u103b\u102c\u1038","\u10d5\u10d8\u10d3\u10d4\u10dd","\u1785\u17d2\u1794\u17b6\u1794\u17cb","\u1793\u1799\u17c4\u1794\u17b6\u1799","\u1794\u179a\u17b7\u179f\u17d2\u1790\u17b6\u1793","\u179c\u17b8\u178a\u17c1\u17a2\u17bc","\u179f\u1784\u17d2\u1782\u1798","\u4eba\u6743\u6cd5\u6cbb","\u56fd\u9645\u65b0\u95fb","\u5c08\u984c","\u5f71\u7247","\u653f\u6cbb","\u65b0\u805e","\u65b0\u95fb\u5feb\u8baf","\u6bcf\u65e5\u89c6\u9891\u65b0\u95fb","\u6e2f\u6fb3\u53f0","\u793e\u4f1a","\u79d1\u6559\u6587","\u7f8e\u56fd\u4e4b\u97f3\u4e13\u8bbf","\u89c6\u9891","\ub274\uc2a4","\ub274\uc2a4 \ud074\ub9ad","\uba40\ud2f0\ubbf8\ub514\uc5b4","\ubbf8\uad6d","\ube44\ub514\uc624","\uc138\uacc4","\ud55c\ubc18\ub3c4"],"types":[["","All types"],["video","Videos"],["clips","Clips"],["media","Media"]]},"has_next":true,"has_prev":true,"items":[{"article_body_paragraphs":[],"audio_source_url":null,"author":null,"available_dubs":[],"downloadable_assets":["https://voa-video-ns.akamaized.net/pangeavideo/2026/08/7/7a/7a9b9868-d61c-478a-f2bd-08def2b12219_1080p.mp4?cb=ee2212a75"],"duration_display":"2:07","duration_seconds":127.24,"embed_url":null,"id":9334,"image_caption":null,"image_url":"https://gdb.voanews.com/7a9b9868-d61c-478a-f2bd-08def2b12219_tv_mw2048_mh2048_n.jpg","is_clip":true,"item_type":"video","item_type_label":"Video","language_label":"Kurdish","media_credit":"VOA","micro_label":"Video report","micro_label_kind":"video","network_label":"VOA","network_logo_url":"/static/uploads/direct_network_logos/voa_1ef13eedbd2f.svg","published_at":"2026-08-26T18:41:57.733000","published_at_display":"26 Aug 2026, 18:41 GMT","sequence_badge_label":null,"sequence_count":null,"sequence_count_label":null,"sequence_frames":[],"sequence_kind":null,"source_name":"dengeamerika_com_direct","source_name_label":"Dengeamerika","source_type":"direct_api","summary":"\u00c7ima her du Civat a N\u00fbneran \u00fb Civata Senator\u00ean Amer\u00eek\u00ee p\u00eadiv\u00ee ye ku heman p\u00ea\u015fniyaqan\u00fbna \u00eemze bikin ber\u00ee bibe qan\u00fbn. pesend bikin ber\u00ee ku ew bibe qan\u00fbn? Di v\u00ea rapor\u00ea de, Meriwan Heme li ser wan kevne\u015fop\u00eey\u00ean qan\u00fbn\u00ee y\u00ean dest\u00fbra Amer\u00eekay\u00ea radiweste.","title":"Cudahiya di Navbera Civata N\u00fbneran \u00fb Senatoya Amer\u00eekay\u00ea de \u00c7i Ye?","topic":"V\u00eedyo Galer\u00ee","translation_language":"","url":"https://voa-video-ns.akamaized.net/pangeavideo/2026/08/7/7a/7a9b9868-d61c-478a-f2bd-08def2b12219_1080p.mp4?cb=ee2212a75","video_url":"https://voa-video-ns.akamaized.net/pangeavideo/2026/08/7/7a/7a9b9868-d61c-478a-f2bd-08def2b12219_1080p.mp4?cb=ee2212a75"},{"article_body_paragraphs":[],"audio_source_url":null,"author":null,"available_dubs":[{"dubbed_video_url":"/static/video/direct_dubs/direct_dub_40_c879ae0e9d85.mp4","id":40,"label":"English","target_language":"en","target_language_label":"English","voice":"alloy"}],"downloadable_assets":["https://voa-video-ns.akamaized.net/pangeavideo/2026/08/7/7a/7aa56b35-2622-4415-7f49-08def2ed48ad_1080p.mp4?cb=ee2210eff"],"duration_display":"1:54","duration_seconds":114.9,"embed_url":null,"id":9266,"image_caption":null,"image_url":"https://gdb.voanews.com/7aa56b35-2622-4415-7f49-08def2ed48ad_tv_mw2048_mh2048_n.jpg","is_clip":true,"item_type":"video","item_type_label":"Video","language_label":"Kurdish","media_credit":"VOA","micro_label":"Video report","micro_label_kind":"video","network_label":"VOA","network_logo_url":"/static/uploads/direct_network_logos/voa_1ef13eedbd2f.svg","published_at":"2026-08-26T16:44:47.007000","published_at_display":"26 Aug 2026, 16:44 GMT","sequence_badge_label":null,"sequence_count":null,"sequence_count_label":null,"sequence_frames":[],"sequence_kind":null,"source_name":"dengeamerika_com_direct","source_name_label":"Dengeamerika","source_type":"direct_api","summary":"Biryara Amer\u00eekay\u00ea ya z\u00eadekirina fi\u015far\u00ean abor\u00ee li ser \u00ceran\u00ea \u00fb \u00eezolekirina w\u00ea, ji al\u00eey\u00ea civaka navnetew\u00ee ve bi er\u00ean\u00ee t\u00ea d\u00eetin. Are\u015f Salh di v\u00ea raport\u00ea de z\u00eadeteri zanyar\u00eeyan li ser mijar\u00ea dide.","title":"Reaksyon\u00ean Er\u00ean\u00ee Derbar\u00ea Biryara Amer\u00eekay\u00ea ya \u00cezolekirina \u00ceran\u00ea","topic":"V\u00eedyo Galer\u00ee","translation_language":"","url":"https://voa-video-ns.akamaized.net/pangeavideo/2026/08/7/7a/7aa56b35-2622-4415-7f49-08def2ed48ad_1080p.mp4?cb=ee2210eff","video_url":"https://voa-video-ns.akamaized.net/pangeavideo/2026/08/7/7a/7aa56b35-2622-4415-7f49-08def2ed48ad_1080p.mp4?cb=ee2210eff"},{"article_body_paragraphs":[],"audio_source_url":null,"author":"Ridwan B\u00eazar","available_dubs":[],"downloadable_assets":["https://voa-video-ns.akamaized.net/pangeavideo/2026/08/6/6e/6ef479d5-1616-4c8e-7f44-08def2ed48ad_1080p.mp4?cb=ee2210404"],"duration_display":"2:29","duration_seconds":149.46,"embed_url":null,"id":9252,"image_caption":null,"image_url":"https://gdb.voanews.com/6ef479d5-1616-4c8e-7f44-08def2ed48ad_tv_mw2048_mh2048_n.jpg","is_clip":true,"item_type":"video","item_type_label":"Video","language_label":"Kurdish","media_credit":"VOA","micro_label":"Video report","micro_label_kind":"video","network_label":"VOA","network_logo_url":"/static/uploads/direct_network_logos/voa_1ef13eedbd2f.svg","published_at":"2026-08-26T15:57:56.173000","published_at_display":"26 Aug 2026, 15:57 GMT","sequence_badge_label":null,"sequence_count":null,"sequence_count_label":null,"sequence_frames":[],"sequence_kind":null,"source_name":"dengeamerika_com_direct","source_name_label":"Dengeamerika","source_type":"direct_api","summary":"Hejmarek R\u00fbni\u015ftvan\u00ean bajar\u00ea Koban\u00eey\u00ea n\u00ear\u00eena xwe derbar\u00ea biryara hilwe\u015fandina HSD'\u00ea t\u00eenin ziman.","title":"Xelk\u00ea Koban\u00eey\u00ea bo Biryara Hilwe\u015fandina HSD'\u00ea \u00c7i Dib\u00eajin?","topic":"V\u00eedyo Galer\u00ee","translation_language":"","url":"https://voa-video-ns.akamaized.net/pangeavideo/2026/08/6/6e/6ef479d5-1616-4c8e-7f44-08def2ed48ad_1080p.mp4?cb=ee2210404","video_url":"https://voa-video-ns.akamaized.net/pangeavideo/2026/08/6/6e/6ef479d5-1616-4c8e-7f44-08def2ed48ad_1080p.mp4?cb=ee2210404"},{"article_body_paragraphs":[],"audio_source_url":null,"author":"Hem\u00eed Mistefa","available_dubs":[],"downloadable_assets":["https://voa-video-ns.akamaized.net/pangeavideo/2026/08/f/f2/f2f02956-9808-49a1-ca66-08decaecd3b3_1080p.mp4?cb=ee220fd0a"],"duration_display":"3:03","duration_seconds":183.16,"embed_url":null,"id":9220,"image_caption":null,"image_url":"https://gdb.voanews.com/f2f02956-9808-49a1-ca66-08decaecd3b3_tv_mw2048_mh2048_n.jpg","is_clip":true,"item_type":"video","item_type_label":"Video","language_label":"Kurdish","media_credit":"VOA","micro_label":"Video report","micro_label_kind":"video","network_label":"VOA","network_logo_url":"/static/uploads/direct_network_logos/voa_1ef13eedbd2f.svg","published_at":"2026-08-26T15:28:10.923000","published_at_display":"26 Aug 2026, 15:28 GMT","sequence_badge_label":null,"sequence_count":null,"sequence_count_label":null,"sequence_frames":[],"sequence_kind":null,"source_name":"dengeamerika_com_direct","source_name_label":"Dengeamerika","source_type":"direct_api","summary":"Kurd\u00ean li Belc\u00eekay\u00ea \u00fb li Ewrupa dij\u00een, Fest\u00eevalek \u00c7anda Kurd\u00ee lidar xistin, di fest\u00eeval\u00ea de gelek \u00e7alak\u00ee heb\u00fbn, \u00e7anda kurd\u00ee ji pir al\u00eeyan ve n\u00ee\u015fa tema\u015fevan \u00fb Ewrupiyan dida.","title":"Fest\u00eevala \u00c7anda Kurd\u00ee li Bruksel","topic":"V\u00eedyo Galer\u00ee","translation_language":"","url":"https://voa-video-ns.akamaized.net/pangeavideo/2026/08/f/f2/f2f02956-9808-49a1-ca66-08decaecd3b3_1080p.mp4?cb=ee220fd0a","video_url":"https://voa-video-ns.akamaized.net/pangeavideo/2026/08/f/f2/f2f02956-9808-49a1-ca66-08decaecd3b3_1080p.mp4?cb=ee220fd0a"},{"article_body_paragraphs":[],"audio_source_url":null,"author":"R\u00eaj\u00een Ehmed","available_dubs":[],"downloadable_assets":["https://voa-video-ns.akamaized.net/pangeavideo/2026/08/9/91/91d19736-614b-4ff1-f2bf-08def2b12219_1080p.mp4?cb=ee220f7cc"],"duration_display":"3:27","duration_seconds":207.04,"embed_url":null,"id":9222,"image_caption":null,"image_url":"https://gdb.voanews.com/91d19736-614b-4ff1-f2bf-08def2b12219_tv_mw2048_mh2048_n.jpg","is_clip":true,"item_type":"video","item_type_label":"Video","language_label":"Kurdish","media_credit":"VOA","micro_label":"Video report","micro_label_kind":"video","network_label":"VOA","network_logo_url":"/static/uploads/direct_network_logos/voa_1ef13eedbd2f.svg","published_at":"2026-08-26T15:05:48.013000","published_at_display":"26 Aug 2026, 15:05 GMT","sequence_badge_label":null,"sequence_count":null,"sequence_count_label":null,"sequence_frames":[],"sequence_kind":null,"source_name":"dengeamerika_com_direct","source_name_label":"Dengeamerika","source_type":"direct_api","summary":"Gund\u00ea M\u00earget\u00ee li par\u00eazgeha Duhok\u00ea yek ji hezaran gund\u00ean Kurdistan\u00ea b\u00fbye y\u00ean ku ket\u00eene ber operasyon\u00ean Enfalan. R\u00eaj\u00een Ehmed di raport\u00ea de \u00e7\u00eeroka qurban\u00eey\u00ean gund di Enfal\u00ean re\u015f de behs dike.","title":"\u00c7\u00eeroka Enfalkirina Gund\u00ea M\u00earget\u00eey\u00ea di Enfal\u00ean Bad\u00eenan de","topic":"V\u00eedyo Galer\u00ee","translation_language":"","url":"https://voa-video-ns.akamaized.net/pangeavideo/2026/08/9/91/91d19736-614b-4ff1-f2bf-08def2b12219_1080p.mp4?cb=ee220f7cc","video_url":"https://voa-video-ns.akamaized.net/pangeavideo/2026/08/9/91/91d19736-614b-4ff1-f2bf-08def2b12219_1080p.mp4?cb=ee220f7cc"},{"article_body_paragraphs":[],"audio_source_url":null,"author":"Emced Kurdo","available_dubs":[],"downloadable_assets":["https://voa-video-ns.akamaized.net/pangeavideo/2026/08/d/df/df0974bc-df4f-456f-f2be-08def2b12219_1080p.mp4?cb=ee220f339"],"duration_display":"3:19","duration_seconds":199.91,"embed_url":null,"id":9200,"image_caption":null,"image_url":"https://gdb.voanews.com/df0974bc-df4f-456f-f2be-08def2b12219_tv_mw2048_mh2048_n.jpg","is_clip":true,"item_type":"video","item_type_label":"Video","language_label":"Kurdish","media_credit":"VOA","micro_label":"Video report","micro_label_kind":"video","network_label":"VOA","network_logo_url":"/static/uploads/direct_network_logos/voa_1ef13eedbd2f.svg","published_at":"2026-08-26T14:45:42.580000","published_at_display":"26 Aug 2026, 14:45 GMT","sequence_badge_label":null,"sequence_count":null,"sequence_count_label":null,"sequence_frames":[],"sequence_kind":null,"source_name":"dengeamerika_com_direct","source_name_label":"Dengeamerika","source_type":"direct_api","summary":"Kurd\u00ean Rojava pi\u015ft\u00ee biryara hilwe\u015fandina HSD'\u00ea \u00fb tevl\u00eeb\u00fbna nava saziy\u00ean dewleta S\u00fbr\u00eey\u00ea n\u00ear\u00een\u00ean xwe t\u00eenin ziman.","title":"Al\u00eey\u00ean Siyas\u00ee y\u00ean Rojava Biryara Hilwe\u015fandina HSD'\u00ea Dinirx\u00eenin","topic":"V\u00eedyo Galer\u00ee","translation_language":"","url":"https://voa-video-ns.akamaized.net/pangeavideo/2026/08/d/df/df0974bc-df4f-456f-f2be-08def2b12219_1080p.mp4?cb=ee220f339","video_url":"https://voa-video-ns.akamaized.net/pangeavideo/2026/08/d/df/df0974bc-df4f-456f-f2be-08def2b12219_1080p.mp4?cb=ee220f339"},{"article_body_paragraphs":[],"audio_source_url":null,"author":null,"available_dubs":[],"downloadable_assets":["https://voa-video-ns.akamaized.net/pangeavideo/2026/08/b/bc/bc516c5a-081d-4d2f-a28e-08def2b10d93_1080p.mp4?cb=ee21fea53"],"duration_display":"4:15","duration_seconds":255.06,"embed_url":null,"id":8967,"image_caption":null,"image_url":"https://gdb.voanews.com/bc516c5a-081d-4d2f-a28e-08def2b10d93_tv_mw2048_mh2048_n.jpg","is_clip":true,"item_type":"video","item_type_label":"Video","language_label":"Kurdish","media_credit":"VOA","micro_label":"Video report","micro_label_kind":"video","network_label":"VOA","network_logo_url":"/static/uploads/direct_network_logos/voa_1ef13eedbd2f.svg","published_at":"2026-08-25T19:56:03.300000","published_at_display":"25 Aug 2026, 19:56 GMT","sequence_badge_label":null,"sequence_count":null,"sequence_count_label":null,"sequence_frames":[],"sequence_kind":null,"source_name":"dengeamerika_com_direct","source_name_label":"Dengeamerika","source_type":"direct_api","summary":"Serok\u00ea Demk\u00ee y\u00ea S\u00fbriy\u00ea Ehmed \u015eer'i \u00fb Fermandar\u00ea HSD'\u00ea Mezl\u00fbm Ebd\u00ee p\u00ea\u015fwaz\u00ee li biryara Amer\u00eekay\u00ea kir ku S\u00fbriy\u00ea ji l\u00eesta welat\u00ean pi\u015ftgir\u00ean teror\u00ea derxist. Emced Kurd ji Qami\u015flo qala reaksyon \u00fb n\u00ear\u00een\u00ean ser mijar\u00ea dike.","title":"Reaksyon\u00ean Navxwey\u00ee Derbar\u00ea Derxistina S\u00fbriy\u00ea ji L\u00eesta Welat\u00ean Pi\u015ftgir\u00ean Teror\u00ea","topic":"V\u00eedyo Galer\u00ee","translation_language":"","url":"https://voa-video-ns.akamaized.net/pangeavideo/2026/08/b/bc/bc516c5a-081d-4d2f-a28e-08def2b10d93_1080p.mp4?cb=ee21fea53","video_url":"https://voa-video-ns.akamaized.net/pangeavideo/2026/08/b/bc/bc516c5a-081d-4d2f-a28e-08def2b10d93_1080p.mp4?cb=ee21fea53"},{"article_body_paragraphs":[],"audio_source_url":null,"author":"S\u00eenor Ker\u00eem","available_dubs":[],"downloadable_assets":["https://voa-video-ns.akamaized.net/pangeavideo/2026/08/8/86/864d91be-c0d7-4ae6-4831-08decadaa577_1080p.mp4?cb=ee21fc1e4"],"duration_display":"3:24","duration_seconds":204.56,"embed_url":null,"id":8876,"image_caption":null,"image_url":"https://gdb.voanews.com/864d91be-c0d7-4ae6-4831-08decadaa577_tv_mw2048_mh2048_n.jpg","is_clip":true,"item_type":"video","item_type_label":"Video","language_label":"Kurdish","media_credit":"VOA","micro_label":"Video report","micro_label_kind":"video","network_label":"VOA","network_logo_url":"/static/uploads/direct_network_logos/voa_1ef13eedbd2f.svg","published_at":"2026-08-25T17:03:32.647000","published_at_display":"25 Aug 2026, 17:03 GMT","sequence_badge_label":null,"sequence_count":null,"sequence_count_label":null,"sequence_frames":[],"sequence_kind":null,"source_name":"dengeamerika_com_direct","source_name_label":"Dengeamerika","source_type":"direct_api","summary":"Diyar\u00ee, xortek\u00ee ji Ranyay\u00ea ye, ku ji derd\u00ea nexwe\u015fiyan diki\u015f\u00eene \u00fb debara xwe bi firotina av\u00ea derbas dike, dib\u00eaje ku ew rojane ten\u00ea 2,000 heta 3,000 d\u00eenaran qezenc dike.","title":"Xortek\u00ee li Ranyay\u00ea Tev\u00ee Nexwe\u015fiya Xwe bi Av Firotin\u00ea Debara Xwe Dike","topic":"V\u00eedyo Galer\u00ee","translation_language":"","url":"https://voa-video-ns.akamaized.net/pangeavideo/2026/08/8/86/864d91be-c0d7-4ae6-4831-08decadaa577_1080p.mp4?cb=ee21fc1e4","video_url":"https://voa-video-ns.akamaized.net/pangeavideo/2026/08/8/86/864d91be-c0d7-4ae6-4831-08decadaa577_1080p.mp4?cb=ee21fc1e4"},{"article_body_paragraphs":[],"audio_source_url":null,"author":"D\u00eeyar Cemal","available_dubs":[],"downloadable_assets":["https://voa-video-ns.akamaized.net/pangeavideo/2026/08/0/06/0605b05f-064e-4b3e-ca59-08decaecd3b3_1080p.mp4?cb=ee21fc051"],"duration_display":"2:47","duration_seconds":167.78,"embed_url":null,"id":8862,"image_caption":null,"image_url":"https://gdb.voanews.com/0605b05f-064e-4b3e-ca59-08decaecd3b3_tv_mw2048_mh2048_n.jpg","is_clip":true,"item_type":"video","item_type_label":"Video","language_label":"Kurdish","media_credit":"VOA","micro_label":"Video report","micro_label_kind":"video","network_label":"VOA","network_logo_url":"/static/uploads/direct_network_logos/voa_1ef13eedbd2f.svg","published_at":"2026-08-25T16:54:09.407000","published_at_display":"25 Aug 2026, 16:54 GMT","sequence_badge_label":null,"sequence_count":null,"sequence_count_label":null,"sequence_frames":[],"sequence_kind":null,"source_name":"dengeamerika_com_direct","source_name_label":"Dengeamerika","source_type":"direct_api","summary":"Li \u00ceraq\u00ea, dema nakokiy\u00ean siyas\u00ee derdikevin hol\u00ea, yekem bajar\u00ea ku bedela nakokiyan dide par\u00eazgeha Kerk\u00fbk\u00ea ye, welat\u00ee \u00fb rayedar dib\u00eajin van nakokiyan bandorek ney\u00een\u00ee li ser ewleh\u00ee, aramiya abor\u00ee \u00fb xizmetguzariyan heye.","title":"Kerk\u00fbk; Navenda Nakokiy\u00ean Siyas\u00ee li \u00ceraq\u00ea","topic":"V\u00eedyo Galer\u00ee","translation_language":"","url":"https://voa-video-ns.akamaized.net/pangeavideo/2026/08/0/06/0605b05f-064e-4b3e-ca59-08decaecd3b3_1080p.mp4?cb=ee21fc051","video_url":"https://voa-video-ns.akamaized.net/pangeavideo/2026/08/0/06/0605b05f-064e-4b3e-ca59-08decaecd3b3_1080p.mp4?cb=ee21fc051"},{"article_body_paragraphs":[],"audio_source_url":null,"author":"\u00cevan Hes\u00eeb","available_dubs":[],"downloadable_assets":["https://voa-video-ns.akamaized.net/pangeavideo/2026/08/0/09/09fdd598-4674-474d-f2ab-08def2b12219_1080p.mp4?cb=ee21fb4c6"],"duration_display":"3:39","duration_seconds":219.55,"embed_url":null,"id":8729,"image_caption":null,"image_url":"https://gdb.voanews.com/09fdd598-4674-474d-f2ab-08def2b12219_tv_mw2048_mh2048_n.jpg","is_clip":true,"item_type":"video","item_type_label":"Video","language_label":"Kurdish","media_credit":"VOA","micro_label":"Video report","micro_label_kind":"video","network_label":"VOA","network_logo_url":"/static/uploads/direct_network_logos/voa_1ef13eedbd2f.svg","published_at":"2026-08-25T16:07:22.203000","published_at_display":"25 Aug 2026, 16:07 GMT","sequence_badge_label":null,"sequence_count":null,"sequence_count_label":null,"sequence_frames":[],"sequence_kind":null,"source_name":"dengeamerika_com_direct","source_name_label":"Dengeamerika","source_type":"direct_api","summary":"Pi\u015ft\u00ee hilwe\u015f\u00eena rej\u00eema Esed nexwe\u015fxaneya ni\u015ftiman\u00ee ya Qami\u015flo ji aliy\u00ea Desteya Tenduristiy\u00ea ya R\u00eaveberiya Xweser ve hate n\u00fbjenkirin, \u00fb pi\u015ftre bi Wezareta Tenduristiy\u00ea ya S\u00fbriy\u00ea ve hate gir\u00eadan. Niha Nexwe\u015fxane b\u00ea pere xizmeta nexwe\u015fan dike.","title":"Nexwe\u015fxaneya Ni\u015ft\u00eeman\u00ee ya Qami\u015flo B\u00ea Pere Nexwe\u015fan Derman Dike","topic":"V\u00eedyo Galer\u00ee","translation_language":"","url":"https://voa-video-ns.akamaized.net/pangeavideo/2026/08/0/09/09fdd598-4674-474d-f2ab-08def2b12219_1080p.mp4?cb=ee21fb4c6","video_url":"https://voa-video-ns.akamaized.net/pangeavideo/2026/08/0/09/09fdd598-4674-474d-f2ab-08def2b12219_1080p.mp4?cb=ee21fb4c6"},{"article_body_paragraphs":[],"audio_source_url":null,"author":"\u00cevan Hes\u00eeb","available_dubs":[],"downloadable_assets":["https://voa-video-ns.akamaized.net/pangeavideo/2026/08/5/59/59bad8b6-34cb-4a08-f2a6-08def2b12219_1080p.mp4?cb=ee21f9050"],"duration_display":"3:33","duration_seconds":213.09,"embed_url":null,"id":8742,"image_caption":null,"image_url":"https://gdb.voanews.com/59bad8b6-34cb-4a08-f2a6-08def2b12219_tv_mw2048_mh2048_n.jpg","is_clip":true,"item_type":"video","item_type_label":"Video","language_label":"Kurdish","media_credit":"VOA","micro_label":"Video report","micro_label_kind":"video","network_label":"VOA","network_logo_url":"/static/uploads/direct_network_logos/voa_1ef13eedbd2f.svg","published_at":"2026-08-25T13:27:49.380000","published_at_display":"25 Aug 2026, 13:27 GMT","sequence_badge_label":null,"sequence_count":null,"sequence_count_label":null,"sequence_frames":[],"sequence_kind":null,"source_name":"dengeamerika_com_direct","source_name_label":"Dengeamerika","source_type":"direct_api","summary":"N\u00eaz\u00eek\u00ee \u00e7ar mehan e ku her du aliy\u00ean \u015fandeya hevbe\u015f a Kurd li S\u00fbriy\u00ea, Part\u00eey\u00ean Enc\u00fbmena Ni\u015ftiman\u00ee ya Kurd \u00fb Part\u00eey\u00ean Yek\u00eet\u00eeya Ni\u015ftiman\u00ee, neciviyane. P\u00eazan\u00een\u00ean z\u00eadetir di raporta \u00cevan Hes\u00eeb de.","title":"Aliy\u00ean ENKS \u00fb PYD'\u00ea Derabar\u00ea Neciv\u00eena \u015eandey\u00ean Hevbe\u015f Hevdu Tawanbar Dikin","topic":"V\u00eedyo Galer\u00ee","translation_language":"","url":"https://voa-video-ns.akamaized.net/pangeavideo/2026/08/5/59/59bad8b6-34cb-4a08-f2a6-08def2b12219_1080p.mp4?cb=ee21f9050","video_url":"https://voa-video-ns.akamaized.net/pangeavideo/2026/08/5/59/59bad8b6-34cb-4a08-f2a6-08def2b12219_1080p.mp4?cb=ee21f9050"},{"article_body_paragraphs":[],"audio_source_url":null,"author":"Hem\u00eed Mistefa","available_dubs":[],"downloadable_assets":["https://voa-video-ns.akamaized.net/pangeavideo/2026/08/b/b8/b8e5313a-6ad9-43f2-7f2d-08def2ed48ad_1080p.mp4?cb=ee21f8a72"],"duration_display":"3:04","duration_seconds":184.89,"embed_url":null,"id":8751,"image_caption":null,"image_url":"https://gdb.voanews.com/b8e5313a-6ad9-43f2-7f2d-08def2ed48ad_tv_mw2048_mh2048_n.jpg","is_clip":true,"item_type":"video","item_type_label":"Video","language_label":"Kurdish","media_credit":"VOA","micro_label":"Video report","micro_label_kind":"video","network_label":"VOA","network_logo_url":"/static/uploads/direct_network_logos/voa_1ef13eedbd2f.svg","published_at":"2026-08-25T13:06:58.367000","published_at_display":"25 Aug 2026, 13:06 GMT","sequence_badge_label":null,"sequence_count":null,"sequence_count_label":null,"sequence_frames":[],"sequence_kind":null,"source_name":"dengeamerika_com_direct","source_name_label":"Dengeamerika","source_type":"direct_api","summary":"Hunermend\u00ean Kurd weke \u00e7alak\u00eeyek kevne\u015fop\u00ee li Ewrupay\u00ea Re\u015fmal (Kon\u00ea Re\u015f) \u00ea \u00c7anda Kurd\u00ee vedigirin bi armanca ku alav \u00fb \u00e7anda Kurd\u00ee ya kevne\u015fop\u00ee bi Ewrup\u00ee \u00fb nif\u015f\u00ean n\u00fb y\u00ean Kurdan bidin naskirin.","title":"Li Belc\u00eekay\u00ea Re\u015fmal \u00c7anda Kurd\u00ee bi Ewrup\u00eeyan Dide Nas\u00een","topic":"V\u00eedyo Galer\u00ee","translation_language":"","url":"https://voa-video-ns.akamaized.net/pangeavideo/2026/08/b/b8/b8e5313a-6ad9-43f2-7f2d-08def2ed48ad_1080p.mp4?cb=ee21f8a72","video_url":"https://voa-video-ns.akamaized.net/pangeavideo/2026/08/b/b8/b8e5313a-6ad9-43f2-7f2d-08def2ed48ad_1080p.mp4?cb=ee21f8a72"},{"article_body_paragraphs":[],"audio_source_url":null,"author":null,"available_dubs":[],"downloadable_assets":["https://voa-video-ns.akamaized.net/pangeavideo/2026/08/2/2a/2a194cf0-79b3-42f3-8206-08decae8682a_1080p.mp4?cb=ee21eadbf"],"duration_display":"3:19","duration_seconds":199.16,"embed_url":null,"id":8557,"image_caption":null,"image_url":"https://gdb.voanews.com/2a194cf0-79b3-42f3-8206-08decae8682a_tv_mw2048_mh2048_n.jpg","is_clip":true,"item_type":"video","item_type_label":"Video","language_label":"Kurdish","media_credit":"VOA","micro_label":"Video report","micro_label_kind":"video","network_label":"VOA","network_logo_url":"/static/uploads/direct_network_logos/voa_1ef13eedbd2f.svg","published_at":"2026-08-24T21:25:19.343000","published_at_display":"24 Aug 2026, 21:25 GMT","sequence_badge_label":null,"sequence_count":null,"sequence_count_label":null,"sequence_frames":[],"sequence_kind":null,"source_name":"dengeamerika_com_direct","source_name_label":"Dengeamerika","source_type":"direct_api","summary":"Peyamn\u00ear\u00ea Deng\u00ea Amer\u00eeka li Wezareta derve Soran Xatir\u00ee n\u00fb\u00e7ey\u00ean daw\u00ee y\u00ean gir\u00eaday\u00ee operasyona \u00eezolekarina abor\u00ee ya Amer\u00eeka li dij\u00ee \u00ceran\u00ea dide.","title":"Bessent Operasyona \u00cezolekirin\u00ea ya Abor\u00ee li Dij\u00ee \u00ceran\u00ea Ragihand","topic":"V\u00eedyo Galer\u00ee","translation_language":"","url":"https://voa-video-ns.akamaized.net/pangeavideo/2026/08/2/2a/2a194cf0-79b3-42f3-8206-08decae8682a_1080p.mp4?cb=ee21eadbf","video_url":"https://voa-video-ns.akamaized.net/pangeavideo/2026/08/2/2a/2a194cf0-79b3-42f3-8206-08decae8682a_1080p.mp4?cb=ee21eadbf"},{"article_body_paragraphs":[],"audio_source_url":null,"author":null,"available_dubs":[],"downloadable_assets":["https://voa-video-ns.akamaized.net/pangeavideo/2026/08/2/2f/2f3e414a-c9c1-42f3-ca46-08decaecd3b3_1080p.mp4?cb=ee21eab6b"],"duration_display":"3:04","duration_seconds":184.63,"embed_url":null,"id":8558,"image_caption":null,"image_url":"https://gdb.voanews.com/2f3e414a-c9c1-42f3-ca46-08decaecd3b3_tv_mw2048_mh2048_n.jpg","is_clip":true,"item_type":"video","item_type_label":"Video","language_label":"Kurdish","media_credit":"VOA","micro_label":"Video report","micro_label_kind":"video","network_label":"VOA","network_logo_url":"/static/uploads/direct_network_logos/voa_1ef13eedbd2f.svg","published_at":"2026-08-24T21:15:23.223000","published_at_display":"24 Aug 2026, 21:15 GMT","sequence_badge_label":null,"sequence_count":null,"sequence_count_label":null,"sequence_frames":[],"sequence_kind":null,"source_name":"dengeamerika_com_direct","source_name_label":"Dengeamerika","source_type":"direct_api","summary":"Peyamn\u00ear\u00ea Deng\u00ea Amer\u00eeka li Stenbol\u00ea Eyy\u00fbp Dem\u00eer zanyar\u00eey\u00ean daw\u00ee li dor civ\u00eena yekem a enc\u00fbmena bilind a Qan\u00fbna \u00c7ar\u00e7ovey\u00ee dide.","title":"Enc\u00fbmena Bilind a Qan\u00fbna \u00c7ar\u00e7ovey\u00ee Civ\u00eena Xwe ya Yekem Lidar Xist","topic":"V\u00eedyo Galer\u00ee","translation_language":"","url":"https://voa-video-ns.akamaized.net/pangeavideo/2026/08/2/2f/2f3e414a-c9c1-42f3-ca46-08decaecd3b3_1080p.mp4?cb=ee21eab6b","video_url":"https://voa-video-ns.akamaized.net/pangeavideo/2026/08/2/2f/2f3e414a-c9c1-42f3-ca46-08decaecd3b3_1080p.mp4?cb=ee21eab6b"},{"article_body_paragraphs":[],"audio_source_url":null,"author":null,"available_dubs":[],"downloadable_assets":["https://voa-video-ns.akamaized.net/pangeavideo/2026/08/c/c3/c3bd16de-7600-42e6-8205-08decae8682a_1080p.mp4?cb=ee21ea62c"],"duration_display":"3:03","duration_seconds":183.06,"embed_url":null,"id":8552,"image_caption":null,"image_url":"https://gdb.voanews.com/c3bd16de-7600-42e6-8205-08decae8682a_tv_mw2048_mh2048_n.jpg","is_clip":true,"item_type":"video","item_type_label":"Video","language_label":"Kurdish","media_credit":"VOA","micro_label":"Video report","micro_label_kind":"video","network_label":"VOA","network_logo_url":"/static/uploads/direct_network_logos/voa_1ef13eedbd2f.svg","published_at":"2026-08-24T20:52:25.757000","published_at_display":"24 Aug 2026, 20:52 GMT","sequence_badge_label":null,"sequence_count":null,"sequence_count_label":null,"sequence_frames":[],"sequence_kind":null,"source_name":"dengeamerika_com_direct","source_name_label":"Dengeamerika","source_type":"direct_api","summary":"Li bajar\u00ea Heleb \u00ea Bakur\u00ea S\u00fbr\u00eey\u00ea, projeya n\u00fbavakirina bazara kevin a baj\u00ear dest p\u00ea kiriye. Bazar kevin a Heleb\u00ea n\u00fbnerat\u00eeya nasname \u00fb d\u00eeroka kevnar a baj\u00ear dike. Fatima Sind\u00ee zanyar\u00eey\u00ean b\u00eahtir dide.","title":"Li Bajar\u00ea Heleb\u00ea Bazara Kevin T\u00ea N\u00fbavakirin","topic":"V\u00eedyo Galer\u00ee","translation_language":"","url":"https://voa-video-ns.akamaized.net/pangeavideo/2026/08/c/c3/c3bd16de-7600-42e6-8205-08decae8682a_1080p.mp4?cb=ee21ea62c","video_url":"https://voa-video-ns.akamaized.net/pangeavideo/2026/08/c/c3/c3bd16de-7600-42e6-8205-08decae8682a_1080p.mp4?cb=ee21ea62c"},{"article_body_paragraphs":[],"audio_source_url":null,"author":null,"available_dubs":[],"downloadable_assets":["https://voa-video-ns.akamaized.net/pangeavideo/2026/08/2/2b/2b05c33b-3a90-493c-f29e-08def2b12219_1080p.mp4?cb=ee21e9dc0"],"duration_display":"3:13","duration_seconds":193.4,"embed_url":null,"id":8535,"image_caption":null,"image_url":"https://gdb.voanews.com/2b05c33b-3a90-493c-f29e-08def2b12219_tv_mw2048_mh2048_n.jpg","is_clip":true,"item_type":"video","item_type_label":"Video","language_label":"Kurdish","media_credit":"VOA","micro_label":"Video report","micro_label_kind":"video","network_label":"VOA","network_logo_url":"/static/uploads/direct_network_logos/voa_1ef13eedbd2f.svg","published_at":"2026-08-24T20:17:04.070000","published_at_display":"24 Aug 2026, 20:17 GMT","sequence_badge_label":null,"sequence_count":null,"sequence_count_label":null,"sequence_frames":[],"sequence_kind":null,"source_name":"dengeamerika_com_direct","source_name_label":"Dengeamerika","source_type":"direct_api","summary":"Dadgeha Cezayan a \u00c7arem\u00een li \u015eam\u00ea \u00eero Du\u015fem\u00ea mift\u00eey\u00ea ber\u00ea y\u00ea S\u00fbr\u00eey\u00ea, Ehmed Bedred\u00een Hes\u00fbn, bi z\u00eendana hetahetay\u00ea ceza kir. Emced Kurdo agah\u00eey\u00ean daw\u00ee dide.","title":"Agah\u00eey\u00ean Daw\u00ee li dor Cezakirina Mift\u00eey\u00ea Ber\u00ea y\u00ea S\u00fbr\u00eey\u00ea","topic":"V\u00eedyo Galer\u00ee","translation_language":"","url":"https://voa-video-ns.akamaized.net/pangeavideo/2026/08/2/2b/2b05c33b-3a90-493c-f29e-08def2b12219_1080p.mp4?cb=ee21e9dc0","video_url":"https://voa-video-ns.akamaized.net/pangeavideo/2026/08/2/2b/2b05c33b-3a90-493c-f29e-08def2b12219_1080p.mp4?cb=ee21e9dc0"},{"article_body_paragraphs":[],"audio_source_url":null,"author":"R\u00eaj\u00een Ehmed","available_dubs":[],"downloadable_assets":["https://voa-video-ns.akamaized.net/pangeavideo/2026/08/4/49/4963b70c-aaf6-475f-481c-08decadaa577_1080p.mp4?cb=ee21e7ff4"],"duration_display":"4:22","duration_seconds":262.18,"embed_url":null,"id":8479,"image_caption":null,"image_url":"https://gdb.voanews.com/4963b70c-aaf6-475f-481c-08decadaa577_tv_mw2048_mh2048_n.jpg","is_clip":true,"item_type":"video","item_type_label":"Video","language_label":"Kurdish","media_credit":"VOA","micro_label":"Video report","micro_label_kind":"video","network_label":"VOA","network_logo_url":"/static/uploads/direct_network_logos/voa_1ef13eedbd2f.svg","published_at":"2026-08-24T18:08:51","published_at_display":"24 Aug 2026, 18:08 GMT","sequence_badge_label":null,"sequence_count":null,"sequence_count_label":null,"sequence_frames":[],"sequence_kind":null,"source_name":"dengeamerika_com_direct","source_name_label":"Dengeamerika","source_type":"direct_api","summary":"Dergeh\u00ea Am\u00ead\u00eey\u00ea li nav\u00e7eya Behd\u00eenan yek ji \u015f\u00fbnwar\u00ean d\u00eerok\u00ee y\u00ean Her\u00eama Kurdistan\u00ea ye ku bi cih, taybetmend\u00ee \u00fb raz\u00ean xwe bala ge\u015ft\u00eeyar \u00fb serdaneran diki\u015f\u00eene. R\u00eaj\u00een Ehmed di v\u00ea raport\u00ea de ron\u00ee dide ser be\u015fek\u00ee ji d\u00eeroka v\u00ee dergeh\u00ee.","title":"Dergeh\u00ea Am\u00ead\u00eey\u00ea Yek ji Navdartir\u00een \u015e\u00fbnwar\u00ean Par\u00eazgeha Duhok\u00ea ye","topic":"V\u00eedyo Galer\u00ee","translation_language":"","url":"https://voa-video-ns.akamaized.net/pangeavideo/2026/08/4/49/4963b70c-aaf6-475f-481c-08decadaa577_1080p.mp4?cb=ee21e7ff4","video_url":"https://voa-video-ns.akamaized.net/pangeavideo/2026/08/4/49/4963b70c-aaf6-475f-481c-08decadaa577_1080p.mp4?cb=ee21e7ff4"},{"article_body_paragraphs":[],"audio_source_url":null,"author":"Eyy\u00fbp Dem\u00eer","available_dubs":[],"downloadable_assets":["https://voa-video-ns.akamaized.net/pangeavideo/2026/08/5/5b/5bebdf10-3025-4b6d-81f7-08decae8682a_1080p.mp4?cb=ee21e5c90"],"duration_display":"2:12","duration_seconds":132.31,"embed_url":null,"id":8392,"image_caption":null,"image_url":"https://gdb.voanews.com/5bebdf10-3025-4b6d-81f7-08decae8682a_tv_mw2048_mh2048_n.jpg","is_clip":true,"item_type":"video","item_type_label":"Video","language_label":"Kurdish","media_credit":"VOA","micro_label":"Video report","micro_label_kind":"video","network_label":"VOA","network_logo_url":"/static/uploads/direct_network_logos/voa_1ef13eedbd2f.svg","published_at":"2026-08-24T15:38:56.550000","published_at_display":"24 Aug 2026, 15:38 GMT","sequence_badge_label":null,"sequence_count":null,"sequence_count_label":null,"sequence_frames":[],"sequence_kind":null,"source_name":"dengeamerika_com_direct","source_name_label":"Dengeamerika","source_type":"direct_api","summary":"Di derbar\u00ea derbasb\u00fbna Qan\u00fbna \u00c7ar\u00e7ovey\u00ee de li Tirk\u00eey\u00ea, Kurd\u00ean w\u00ee welat\u00ee dib\u00eajin ku ew dixwazin li her\u00eam\u00ean wan a\u015ft\u00eeyeke may\u00eende \u00fb bi r\u00fbmet p\u00eak were. Raporta Eyy\u00fbp Dem\u00eer ron\u00ee dide ser v\u00ea mijar\u00ea.","title":"Kurd\u00ean Tirk\u00eey\u00ea Dib\u00eajin Ew A\u015ft\u00eeyeke May\u00eende Dixwazin","topic":"V\u00eedyo Galer\u00ee","translation_language":"","url":"https://voa-video-ns.akamaized.net/pangeavideo/2026/08/5/5b/5bebdf10-3025-4b6d-81f7-08decae8682a_1080p.mp4?cb=ee21e5c90","video_url":"https://voa-video-ns.akamaized.net/pangeavideo/2026/08/5/5b/5bebdf10-3025-4b6d-81f7-08decae8682a_1080p.mp4?cb=ee21e5c90"},{"article_body_paragraphs":[],"audio_source_url":null,"author":"Ridwan B\u00eazar","available_dubs":[],"downloadable_assets":["https://voa-video-ns.akamaized.net/pangeavideo/2026/08/3/31/31389007-5536-46ea-a263-08def2b10d93_1080p.mp4?cb=ee21e2f68"],"duration_display":"2:55","duration_seconds":175.21,"embed_url":null,"id":8318,"image_caption":null,"image_url":"https://gdb.voanews.com/31389007-5536-46ea-a263-08def2b10d93_tv_mw2048_mh2048_n.jpg","is_clip":true,"item_type":"video","item_type_label":"Video","language_label":"Kurdish","media_credit":"VOA","micro_label":"Video report","micro_label_kind":"video","network_label":"VOA","network_logo_url":"/static/uploads/direct_network_logos/voa_1ef13eedbd2f.svg","published_at":"2026-08-24T12:26:16.083000","published_at_display":"24 Aug 2026, 12:26 GMT","sequence_badge_label":null,"sequence_count":null,"sequence_count_label":null,"sequence_frames":[],"sequence_kind":null,"source_name":"dengeamerika_com_direct","source_name_label":"Dengeamerika","source_type":"direct_api","summary":"Mistefa Sex\u00eer, \u015eervan\u00ea ber\u00ea y\u00ea Meclisa Le\u015fker\u00ee ya Minbic\u00ea, dema ku li bajar\u00ea Ra\u2019\u00ee y\u00ea bakur rojhilat\u00ea S\u00fbr\u00eey\u00ea, ji al\u00eey\u00ea \u00e7ekdar\u00ean Art\u00ea\u015fa N\u00ee\u015ftiman\u00ee ve t\u00ea girtin, ew rast\u00ee \u00ea\u015fkencey\u00ea t\u00ea \u00fb \u00e7av\u00ean xwe ji dest dide. Niha, xewna w\u00ee ew e ku \u00e7av\u00ean w\u00ee vebin \u00fb zarok\u00ean xwe bib\u00eene.","title":"\u015eervanek\u00ee HSD\u2019\u00ea ji ber \u00ca\u015fkencey\u00ea \u00c7av\u00ean xwe Jidest Dane","topic":"V\u00eedyo Galer\u00ee","translation_language":"","url":"https://voa-video-ns.akamaized.net/pangeavideo/2026/08/3/31/31389007-5536-46ea-a263-08def2b10d93_1080p.mp4?cb=ee21e2f68","video_url":"https://voa-video-ns.akamaized.net/pangeavideo/2026/08/3/31/31389007-5536-46ea-a263-08def2b10d93_1080p.mp4?cb=ee21e2f68"},{"article_body_paragraphs":[],"audio_source_url":null,"author":"Xec\u00eecan Farq\u00een","available_dubs":[],"downloadable_assets":["https://voa-video-ns.akamaized.net/pangeavideo/2026/08/9/9d/9dbce8f2-e124-4cd6-f295-08def2b12219_1080p.mp4?cb=ee21e2f5b"],"duration_display":"2:55","duration_seconds":175.92,"embed_url":null,"id":8319,"image_caption":null,"image_url":"https://gdb.voanews.com/9dbce8f2-e124-4cd6-f295-08def2b12219_tv_mw2048_mh2048_n.jpg","is_clip":true,"item_type":"video","item_type_label":"Video","language_label":"Kurdish","media_credit":"VOA","micro_label":"Video report","micro_label_kind":"video","network_label":"VOA","network_logo_url":"/static/uploads/direct_network_logos/voa_1ef13eedbd2f.svg","published_at":"2026-08-24T12:26:03.350000","published_at_display":"24 Aug 2026, 12:26 GMT","sequence_badge_label":null,"sequence_count":null,"sequence_count_label":null,"sequence_frames":[],"sequence_kind":null,"source_name":"dengeamerika_com_direct","source_name_label":"Dengeamerika","source_type":"direct_api","summary":"Li bajar\u00ea Amed\u00ea \u015faredar\u00eey\u00ea ji bo jinan zev\u00eeyek ji bo bostanek\u00ee sebze \u00fb \u015f\u00eenkay\u00eey\u00ea terxan kiriye, ku gelek jin di \u00e7ar\u00e7oveya v\u00ea projey\u00ea de be\u015fdar\u00ee proseya \u00e7andin\u00eey\u00ea heta \u00e7in\u00een\u00ea dibin. Xec\u00eecan Farq\u00een serdana Bostan\u00ea Baj\u00ear kir \u00fb raportek amade kir.","title":"Projeya Bostan\u00ea Jinan li Bajar\u00ea Amed\u00ea","topic":"V\u00eedyo Galer\u00ee","translation_language":"","url":"https://voa-video-ns.akamaized.net/pangeavideo/2026/08/9/9d/9dbce8f2-e124-4cd6-f295-08def2b12219_1080p.mp4?cb=ee21e2f5b","video_url":"https://voa-video-ns.akamaized.net/pangeavideo/2026/08/9/9d/9dbce8f2-e124-4cd6-f295-08def2b12219_1080p.mp4?cb=ee21e2f5b"}],"next_num":5,"page":4,"pages":12,"per_page":20,"prev_num":3,"total":239}
