{"applied_filters":{"end_date":"","lang":"","language":"","network":"","page":6,"per_page":20,"search":"","source":"","start_date":"","topic":"V\u00eedyo Galer\u00ee","type":"clips"},"available_filters":{"language_choices":[{"label":"Choose Language","value":""},{"label":"English","value":"English"},{"label":"Espa\u00f1ol","value":"Espa\u00f1ol"},{"label":"Kurdish","value":"Kurdish"}],"network_choices":[{"label":"All networks","value":""},{"label":"VOA","value":"VOA"}],"source_choices":[{"label":"All sources","value":""},{"label":"Dengeamerika","value":"dengeamerika_com_direct"}],"sources":["dengeamerika_com_direct"],"topics":["250em\u00een Salvegera Serxweb\u00fbna Amer\u00eekay\u00ea","250\u0647\u06d5\u0645\u06cc\u0646 \u0633\u0627\u06b5\u06cc\u0627\u062f\u06cc \u0633\u06d5\u0631\u0628\u06d5\u062e\u06c6\u06cc\u06cc \u0626\u06d5\u0645\u06d5\u0631\u06cc\u06a9\u0627","Afghanistan","Amer\u00eeka","Am\u00e9rica Latina, VENEZUELA, Maiquetia","Asuntos de Estado","Audiovisuales Mart\u00ed","Audiovisuales Mart\u00ed, Cuba turismo, crisis del turismo en Cuba","Audiovisuales Mart\u00ed, VENEZUELA, apagones","Como Come Cuba, cuba, Como Come Cuba","Cuba Habla","Cuba Habla, Cuba","C\u00eehan","Human Rights","Info Mart\u00ed","Info Mart\u00ed , Cuba","Info Mart\u00ed , Estados Unidos, Colombia","Info Mart\u00ed , Estados Unidos, VENEZUELA","Info Mart\u00ed , estados unidos, Venezuela","Iran","Iz RSE sveta","Korea","Laos","Multimedija","Myanmar","Pacific","Ser Madre en cuba, cuba, hambre, r\u00e9gimen, madre, negligencia, Testimonios, Crisis Econ\u00f3mica, madre cubana, Crisis Alimentaria","Ser viejo en Cuba, cuba, cubanos, crisis, alimentos, ancianos, viejos, vejez","South China Sea","Srbija","Tibet","Ukraine","Video","Videos","V\u00eedyo Galer\u00ee","\u0412\u0438\u0434\u0435\u043e","\u0418\u043d\u0442\u0435\u0440\u0432\u044c\u044e","\u041a\u0430\u0434\u0440\u044b \u0434\u043d\u044f","\u0420\u043e\u0441\u0441\u0438\u044f","\u0421\u043c\u043e\u0442\u0440\u0438 \u0432 \u043e\u0431\u0430","\u0622\u062e\u0631\u06cc\u0646 \u0648\u06cc\u062f\u06cc\u0648\u0647\u0627","\u0626\u06ce\u0631\u0627\u0646","\u0626\u06d5\u0645\u06d5\u0631\u06cc\u06a9\u0627","\u0628\u06d5\u0631\u0646\u0627\u0645\u06d5\u06cc \u0695\u06c6\u0698\u0627\u0646\u06d5\u06cc \u062a\u06d5\u0644\u06d5\u0641\u06cc\u0632\u06cc\u06c6\u0646","\u062a\u0648\u0631\u06a9\u06cc\u0627","\u062c\u0647\u0627\u0646","\u062c\u06cc\u0647\u0627\u0646","\u0633\u0648\u0631\u06cc\u0627","\u0633\u0649\u0646","\u0639\u06ce\u0631\u0627\u0642","\u0642\u0649\u0633\u0642\u0627 \u062e\u06d5\u06cb\u06d5\u0631\u0644\u06d5\u0631","\u0645\u0631\u06a9\u06d0","\u0646\u0648\u0631 \u062e\u0628\u0631\u0648\u0646\u0647","\u0647\u06d5\u0631\u06ce\u0645\u06d5 \u06a9\u0648\u0631\u062f\u06cc\u0640\u06cc\u06d5\u06a9\u0627\u0646","\u0648\u06cc\u062f\u06cc\u0648","\u0648\u06cc\u0698\u0647 \u0628\u0631\u0646\u0627\u0645\u0647\u200c\u0647\u0627","\u0695\u06c6\u0698\u0647\u06d5\u06b5\u0627\u062a\u06cc \u0646\u0627\u0648\u06d5\u0695\u0627\u0633\u062a","\u06a4\u06cc\u062f\u06cc\u06c6","\u0e82\u0ec8\u0eb2\u0ea7\u0ec1\u0ea5\u0eb0\u0ea5\u0eb2\u0e8d\u0e87\u0eb2\u0e99","\u0ea7\u0eb5\u0e94\u0eb5\u0ec2\u0ead","\u0f38\u0f42\u0f7c\u0f44\u0f0b\u0f66\u0f0b\u0f58\u0f46\u0f7c\u0f42","\u0f56\u0f59\u0f53\u0f0b\u0f56\u0fb1\u0f7c\u0f63\u0f0d","\u0f56\u0f62\u0f99\u0f53\u0f0d","\u0f56\u0f7c\u0f51\u0f0d","\u1017\u102e\u1012\u102e\u101a\u102d\u102f\u1019\u103b\u102c\u1038","\u101e\u1010\u1004\u103a\u1038\u1019\u103b\u102c\u1038","\u10d5\u10d8\u10d3\u10d4\u10dd","\u1785\u17d2\u1794\u17b6\u1794\u17cb","\u1793\u1799\u17c4\u1794\u17b6\u1799","\u1794\u179a\u17b7\u179f\u17d2\u1790\u17b6\u1793","\u179c\u17b8\u178a\u17c1\u17a2\u17bc","\u179f\u1784\u17d2\u1782\u1798","\u4eba\u6743\u6cd5\u6cbb","\u56fd\u9645\u65b0\u95fb","\u5c08\u984c","\u5f71\u7247","\u653f\u6cbb","\u65b0\u805e","\u65b0\u95fb\u5feb\u8baf","\u6bcf\u65e5\u89c6\u9891\u65b0\u95fb","\u6e2f\u6fb3\u53f0","\u793e\u4f1a","\u79d1\u6559\u6587","\u7f8e\u56fd\u4e4b\u97f3\u4e13\u8bbf","\u89c6\u9891","\ub274\uc2a4","\ub274\uc2a4 \ud074\ub9ad","\uba40\ud2f0\ubbf8\ub514\uc5b4","\ubbf8\uad6d","\ube44\ub514\uc624","\uc138\uacc4","\ud55c\ubc18\ub3c4"],"types":[["","All types"],["video","Videos"],["clips","Clips"],["media","Media"]]},"has_next":true,"has_prev":true,"items":[{"article_body_paragraphs":[],"audio_source_url":null,"author":"Del\u00eel Sil\u00eaman","available_dubs":[],"downloadable_assets":["https://voa-video-ns.akamaized.net/pangeavideo/2026/08/b/bc/bc58a2a9-b37d-4c13-47d9-08decadaa577_1080p.mp4?cb=ee2190bdc"],"duration_display":"3:18","duration_seconds":198.03,"embed_url":null,"id":7212,"image_caption":null,"image_url":"https://gdb.voanews.com/bc58a2a9-b37d-4c13-47d9-08decadaa577_tv_mw2048_mh2048_n.jpg","is_clip":true,"item_type":"video","item_type_label":"Video","language_label":"Kurdish","media_credit":"VOA","micro_label":"Video report","micro_label_kind":"video","network_label":"VOA","network_logo_url":"/static/uploads/direct_network_logos/voa_1ef13eedbd2f.svg","published_at":"2026-08-20T14:53:16.180000","published_at_display":"20 Aug 2026, 14:53 GMT","sequence_badge_label":null,"sequence_count":null,"sequence_count_label":null,"sequence_frames":[],"sequence_kind":null,"source_name":"dengeamerika_com_direct","source_name_label":"Dengeamerika","source_type":"direct_api","summary":"Di werza hav\u00een\u00ea de \u00fb bi bilindb\u00fbna piley\u00ean germ\u00ea re, \u00e7em\u00ea ku \u00e7avkan\u00eeya jiyan\u00ea b\u00fb li bajarok\u00ea Tirbesp\u00eey\u00ea, \u00eero b\u00fbye metirs\u00eeyeke mezin li ser jiyana welat\u00eeyan ji ber av\u00eatina gil\u00ea\u015f \u00fb \u00e7op\u00ea li nava \u00e7em. Raporta Del\u00eel Sil\u00eaman b\u00eahtir agah\u00ee hene.","title":"Av\u00eatina Gil\u00ea\u015f \u00fb \u00c7op\u00ea li Nav \u00c7em\u00ea Tirbesip\u00eey\u00ea","topic":"V\u00eedyo Galer\u00ee","translation_language":"","url":"https://voa-video-ns.akamaized.net/pangeavideo/2026/08/b/bc/bc58a2a9-b37d-4c13-47d9-08decadaa577_1080p.mp4?cb=ee2190bdc","video_url":"https://voa-video-ns.akamaized.net/pangeavideo/2026/08/b/bc/bc58a2a9-b37d-4c13-47d9-08decadaa577_1080p.mp4?cb=ee2190bdc"},{"article_body_paragraphs":[],"audio_source_url":null,"author":"Emced Kurdo","available_dubs":[],"downloadable_assets":["https://voa-video-ns.akamaized.net/pangeavideo/2026/08/5/5d/5d4d36f3-8d0c-4891-f25f-08def2b12219_1080p.mp4?cb=ee219056e"],"duration_display":"2:51","duration_seconds":171.8,"embed_url":null,"id":7194,"image_caption":null,"image_url":"https://gdb.voanews.com/5d4d36f3-8d0c-4891-f25f-08def2b12219_tv_mw2048_mh2048_n.jpg","is_clip":true,"item_type":"video","item_type_label":"Video","language_label":"Kurdish","media_credit":"VOA","micro_label":"Video report","micro_label_kind":"video","network_label":"VOA","network_logo_url":"/static/uploads/direct_network_logos/voa_1ef13eedbd2f.svg","published_at":"2026-08-20T14:25:43.160000","published_at_display":"20 Aug 2026, 14:25 GMT","sequence_badge_label":null,"sequence_count":null,"sequence_count_label":null,"sequence_frames":[],"sequence_kind":null,"source_name":"dengeamerika_com_direct","source_name_label":"Dengeamerika","source_type":"direct_api","summary":"Li bajar\u00ea Qami\u015flo, tevgera avakirin\u00ea \u00fb weberh\u00eanana abor\u00ee di van dem\u00ean daw\u00ee de guhertineke berbi\u00e7av dib\u00eene. Bi destp\u00eakirina projey\u00ean mezin \u00ean bazirgan\u00ee \u00fb ni\u015ftec\u00eeb\u00fbn\u00ea, bajar derbas\u00ee qonaxeke n\u00fb ya ge\u015fep\u00eadana avakirin\u00ea dibe, ku armanca w\u00ea n\u00fbjenkirina binesaz\u00eey\u00ea \u00fb afirandina derfet\u00ean kar e.","title":"Ge\u015fb\u00fbna Projey\u00ean Avakirin\u00ea li Bajar\u00ea Qami\u015flo","topic":"V\u00eedyo Galer\u00ee","translation_language":"","url":"https://voa-video-ns.akamaized.net/pangeavideo/2026/08/5/5d/5d4d36f3-8d0c-4891-f25f-08def2b12219_1080p.mp4?cb=ee219056e","video_url":"https://voa-video-ns.akamaized.net/pangeavideo/2026/08/5/5d/5d4d36f3-8d0c-4891-f25f-08def2b12219_1080p.mp4?cb=ee219056e"},{"article_body_paragraphs":[],"audio_source_url":null,"author":"\u00cevan Hes\u00eeb","available_dubs":[],"downloadable_assets":["https://voa-video-ns.akamaized.net/pangeavideo/2026/08/7/7f/7ff22675-ff30-4545-81b3-08decae8682a_1080p.mp4?cb=ee2190c3a"],"duration_display":"3:15","duration_seconds":195.96,"embed_url":null,"id":7195,"image_caption":null,"image_url":"https://gdb.voanews.com/7ff22675-ff30-4545-81b3-08decae8682a_tv_mw2048_mh2048_n.jpg","is_clip":true,"item_type":"video","item_type_label":"Video","language_label":"Kurdish","media_credit":"VOA","micro_label":"Video report","micro_label_kind":"video","network_label":"VOA","network_logo_url":"/static/uploads/direct_network_logos/voa_1ef13eedbd2f.svg","published_at":"2026-08-20T14:19:31.700000","published_at_display":"20 Aug 2026, 14:19 GMT","sequence_badge_label":null,"sequence_count":null,"sequence_count_label":null,"sequence_frames":[],"sequence_kind":null,"source_name":"dengeamerika_com_direct","source_name_label":"Dengeamerika","source_type":"direct_api","summary":"Tev\u00ee merc\u00ean ewleh\u00eey\u00ea y\u00ean dijwar, xwendekara Kurd Roz\u00eara Cewher a ji bajar\u00ea Hesek\u00ea amadekar\u00eeyan dike ku projeya xwe ya der\u00e7\u00fbn\u00ea di teknoloj\u00eeya endazyar\u00eey\u00ea de li Zan\u00eengeha \u015eam\u00ea p\u00ea\u015fk\u00ea\u015f bike. Ew tekane xwendekara Kurd e di nav 200 xwendekar\u00ean be\u015f\u00ea Hi\u015fber\u00eeya \u00c7\u00eakir\u00ee de ku bi z\u00eerek\u00eeya xwe bal\u00ea diki\u015f\u00eene.","title":"Xwendekareke Hi\u015fber\u00eeya \u00c7\u00eakir\u00ee ya Kurd li \u015eam\u00ea Bal\u00ea Diki\u015f\u00eene","topic":"V\u00eedyo Galer\u00ee","translation_language":"","url":"https://voa-video-ns.akamaized.net/pangeavideo/2026/08/7/7f/7ff22675-ff30-4545-81b3-08decae8682a_1080p.mp4?cb=ee2190c3a","video_url":"https://voa-video-ns.akamaized.net/pangeavideo/2026/08/7/7f/7ff22675-ff30-4545-81b3-08decae8682a_1080p.mp4?cb=ee2190c3a"},{"article_body_paragraphs":[],"audio_source_url":null,"author":null,"available_dubs":[],"downloadable_assets":["https://voa-video-ns.akamaized.net/pangeavideo/2026/08/8/80/80766164-e61b-43b5-a21b-08def2b10d93_1080p.mp4?cb=ee21804f4"],"duration_display":"1:06","duration_seconds":66.08,"embed_url":null,"id":6995,"image_caption":null,"image_url":"https://gdb.voanews.com/80766164-e61b-43b5-a21b-08def2b10d93_tv_mw2048_mh2048_n.jpg","is_clip":true,"item_type":"video","item_type_label":"Video","language_label":"Kurdish","media_credit":"VOA","micro_label":"Video report","micro_label_kind":"video","network_label":"VOA","network_logo_url":"/static/uploads/direct_network_logos/voa_1ef13eedbd2f.svg","published_at":"2026-08-19T20:11:32.573000","published_at_display":"19 Aug 2026, 20:11 GMT","sequence_badge_label":null,"sequence_count":null,"sequence_count_label":null,"sequence_frames":[],"sequence_kind":null,"source_name":"dengeamerika_com_direct","source_name_label":"Dengeamerika","source_type":"direct_api","summary":"Hik\u00fbmeta Amer\u00eekay\u00ea budeyek mezin ji bo weberh\u00eanan\u00fb hilber\u00eena \u00e7ek \u00fb alav\u00ean le\u015fker\u00ee vediqet\u00eene \u00fb bi s\u00ea kompaniy\u00ean mezin re bi milyaran dolar gir\u00eabest \u00eemze kirine.","title":"Amer\u00eeka Budceyek Mezin bo Hilber\u00eena \u00c7ek \u00fb Cebilxaneya Le\u015fker\u00ee Terxan Dike","topic":"V\u00eedyo Galer\u00ee","translation_language":"","url":"https://voa-video-ns.akamaized.net/pangeavideo/2026/08/8/80/80766164-e61b-43b5-a21b-08def2b10d93_1080p.mp4?cb=ee21804f4","video_url":"https://voa-video-ns.akamaized.net/pangeavideo/2026/08/8/80/80766164-e61b-43b5-a21b-08def2b10d93_1080p.mp4?cb=ee21804f4"},{"article_body_paragraphs":[],"audio_source_url":null,"author":"Eyy\u00fbp Dem\u00eer","available_dubs":[],"downloadable_assets":["https://voa-video-ns.akamaized.net/pangeavideo/2026/08/c/c1/c1fed13f-427c-4d5f-f251-08def2b12219_1080p.mp4?cb=ee217f33e"],"duration_display":"2:49","duration_seconds":169.24,"embed_url":null,"id":6963,"image_caption":null,"image_url":"https://gdb.voanews.com/c1fed13f-427c-4d5f-f251-08def2b12219_tv_mw2048_mh2048_n.jpg","is_clip":true,"item_type":"video","item_type_label":"Video","language_label":"Kurdish","media_credit":"VOA","micro_label":"Video report","micro_label_kind":"video","network_label":"VOA","network_logo_url":"/static/uploads/direct_network_logos/voa_1ef13eedbd2f.svg","published_at":"2026-08-19T18:55:58.507000","published_at_display":"19 Aug 2026, 18:55 GMT","sequence_badge_label":null,"sequence_count":null,"sequence_count_label":null,"sequence_frames":[],"sequence_kind":null,"source_name":"dengeamerika_com_direct","source_name_label":"Dengeamerika","source_type":"direct_api","summary":"Qan\u00fbna \u00c7ar\u00e7ovey\u00ee di rojnama resm\u00ee de hate we\u015fandin, ji vir \u00fb p\u00eada pi\u015ft\u00ee l\u00eakol\u00een\u00ea d\u00ea raportek were amadekirin \u00fb p\u00ea\u015fk\u00ea\u015f\u00ee Lijneya Ewlekar\u00eeya Netew\u00ee were kirin. Hiq\u00fbqnas biryarday\u00eena Lijneya Ewlekar\u00eeya Netew\u00ee hiq\u015fq\u00ee nab\u00eenin.","title":"Hiq\u00fbqnas Biryarday\u00eena Lijneya Ewlekar\u00eeya Netew\u00ee Dinirx\u00eenin","topic":"V\u00eedyo Galer\u00ee","translation_language":"","url":"https://voa-video-ns.akamaized.net/pangeavideo/2026/08/c/c1/c1fed13f-427c-4d5f-f251-08def2b12219_1080p.mp4?cb=ee217f33e","video_url":"https://voa-video-ns.akamaized.net/pangeavideo/2026/08/c/c1/c1fed13f-427c-4d5f-f251-08def2b12219_1080p.mp4?cb=ee217f33e"},{"article_body_paragraphs":[],"audio_source_url":null,"author":null,"available_dubs":[],"downloadable_assets":["https://voa-video-ns.akamaized.net/pangeavideo/2026/08/3/31/319edbcc-10c9-4094-f250-08def2b12219_1080p.mp4?cb=ee217f24a"],"duration_display":"2:38","duration_seconds":158.93,"embed_url":null,"id":6964,"image_caption":null,"image_url":"https://gdb.voanews.com/319edbcc-10c9-4094-f250-08def2b12219_tv_mw2048_mh2048_n.jpg","is_clip":true,"item_type":"video","item_type_label":"Video","language_label":"Kurdish","media_credit":"VOA","micro_label":"Video report","micro_label_kind":"video","network_label":"VOA","network_logo_url":"/static/uploads/direct_network_logos/voa_1ef13eedbd2f.svg","published_at":"2026-08-19T18:46:37.703000","published_at_display":"19 Aug 2026, 18:46 GMT","sequence_badge_label":null,"sequence_count":null,"sequence_count_label":null,"sequence_frames":[],"sequence_kind":null,"source_name":"dengeamerika_com_direct","source_name_label":"Dengeamerika","source_type":"direct_api","summary":"M\u00eergeh\u00ean Ereb\u00ee y\u00ean Yekb\u00fby\u00ee pi\u015ft\u00ee gef\u00ean m\u00fb\u015fek\u00ee hem\u00fb dan\u00fbstandin\u00ean bazirgan\u00ee \u00fb daray\u00ee y\u00ean bi \u00ceran\u00ea re rawestandin. Rayedar\u00ean Amer\u00eek\u00ee j\u00ee dib\u00eajin, ew \u00ea fi\u015far\u00ean abor\u00ee li ser \u00ceran\u00ea z\u00eadetir bikin.","title":"Amer\u00eeka \u00fb Welat\u00ean Her\u00eam\u00ea Fi\u015far\u00ean Abor\u00ee li Ser \u00ceran\u00ea Z\u00eade Dikin","topic":"V\u00eedyo Galer\u00ee","translation_language":"","url":"https://voa-video-ns.akamaized.net/pangeavideo/2026/08/3/31/319edbcc-10c9-4094-f250-08def2b12219_1080p.mp4?cb=ee217f24a","video_url":"https://voa-video-ns.akamaized.net/pangeavideo/2026/08/3/31/319edbcc-10c9-4094-f250-08def2b12219_1080p.mp4?cb=ee217f24a"},{"article_body_paragraphs":[],"audio_source_url":null,"author":"Emced Kurdo","available_dubs":[],"downloadable_assets":["https://voa-video-ns.akamaized.net/pangeavideo/2026/08/d/d6/d6dd3821-a05a-41c3-f24b-08def2b12219_1080p.mp4?cb=ee217d996"],"duration_display":"2:43","duration_seconds":163.92,"embed_url":null,"id":6924,"image_caption":null,"image_url":"https://gdb.voanews.com/d6dd3821-a05a-41c3-f24b-08def2b12219_tv_mw2048_mh2048_n.jpg","is_clip":true,"item_type":"video","item_type_label":"Video","language_label":"Kurdish","media_credit":"VOA","micro_label":"Video report","micro_label_kind":"video","network_label":"VOA","network_logo_url":"/static/uploads/direct_network_logos/voa_1ef13eedbd2f.svg","published_at":"2026-08-19T17:06:30.310000","published_at_display":"19 Aug 2026, 17:06 GMT","sequence_badge_label":null,"sequence_count":null,"sequence_count_label":null,"sequence_frames":[],"sequence_kind":null,"source_name":"dengeamerika_com_direct","source_name_label":"Dengeamerika","source_type":"direct_api","summary":"Li Qami\u015flo, St\u00fbdyoya El-Zehra, yek ji kevntir\u00een st\u00fbdyoy\u00ean w\u00eaneyan e, tev\u00ee p\u00ea\u015fketina teknolojiya n\u00fbjen h\u00een j\u00ee b\u00eeran\u00een\u00ean z\u00eadetir\u00ee 40 salan dipar\u00eaze. Bi boneya Roja C\u00eehan\u00ee ya Fotografiy\u00ea de, Emced Kurdo ev raport amade kiriye.","title":"\u00c7\u00eeroka St\u00fbdyoya El-Zehra li Qami\u015flo di Roja C\u00eehan\u00ee ya Fotografiy\u00ea de","topic":"V\u00eedyo Galer\u00ee","translation_language":"","url":"https://voa-video-ns.akamaized.net/pangeavideo/2026/08/d/d6/d6dd3821-a05a-41c3-f24b-08def2b12219_1080p.mp4?cb=ee217d996","video_url":"https://voa-video-ns.akamaized.net/pangeavideo/2026/08/d/d6/d6dd3821-a05a-41c3-f24b-08def2b12219_1080p.mp4?cb=ee217d996"},{"article_body_paragraphs":[],"audio_source_url":null,"author":"Xetab Omer","available_dubs":[],"downloadable_assets":["https://voa-video-ns.akamaized.net/pangeavideo/2026/08/2/28/28750d1d-0e27-4d43-c9d1-08decaecd3b3_1080p.mp4?cb=ee217c988"],"duration_display":"3:06","duration_seconds":186.96,"embed_url":null,"id":6881,"image_caption":null,"image_url":"https://gdb.voanews.com/28750d1d-0e27-4d43-c9d1-08decaecd3b3_tv_mw2048_mh2048_n.jpg","is_clip":true,"item_type":"video","item_type_label":"Video","language_label":"Kurdish","media_credit":"VOA","micro_label":"Video report","micro_label_kind":"video","network_label":"VOA","network_logo_url":"/static/uploads/direct_network_logos/voa_1ef13eedbd2f.svg","published_at":"2026-08-19T15:58:00.680000","published_at_display":"19 Aug 2026, 15:58 GMT","sequence_badge_label":null,"sequence_count":null,"sequence_count_label":null,"sequence_frames":[],"sequence_kind":null,"source_name":"dengeamerika_com_direct","source_name_label":"Dengeamerika","source_type":"direct_api","summary":"Li s\u00eenor\u00ea devera par\u00eazgeha Duhok \u00fb \u00cedareya Serbixwe ya Zaxo 341 gund ji ber pev\u00e7\u00fbn\u00ean ber\u00ea y\u00ean di navbera PKK\u00ea \u00fb Tirk\u00eey\u00ea de hatb\u00fbn valakirin. Niha ber\u00ea gund\u00eeyan li serkeftina p\u00eavajoya a\u015ftiy\u00ea ye da ku vegerin ser mal \u00fb war\u00ean xwe. Xetab Omer ji gund\u00ea \u015eerani\u015f y\u00ea \u00e7olkir\u00ee \u00fb ev raporte.","title":"Proseya A\u015ftiy\u00ea li Tirk\u00eey\u00ea d\u00ea Bibe Sedem ku R\u00fbni\u015ftvan\u00ean 341 Gund\u00ean S\u00eenor\u00ee Vegerin Mal\u00ean Xwe?","topic":"V\u00eedyo Galer\u00ee","translation_language":"","url":"https://voa-video-ns.akamaized.net/pangeavideo/2026/08/2/28/28750d1d-0e27-4d43-c9d1-08decaecd3b3_1080p.mp4?cb=ee217c988","video_url":"https://voa-video-ns.akamaized.net/pangeavideo/2026/08/2/28/28750d1d-0e27-4d43-c9d1-08decaecd3b3_1080p.mp4?cb=ee217c988"},{"article_body_paragraphs":[],"audio_source_url":null,"author":"Huner Ehmed","available_dubs":[],"downloadable_assets":["https://voa-video-ns.akamaized.net/pangeavideo/2026/08/7/79/797187a3-29db-42a8-819b-08decae8682a_1080p.mp4?cb=ee217ba3f"],"duration_display":"2:34","duration_seconds":154.04,"embed_url":null,"id":6844,"image_caption":null,"image_url":"https://gdb.voanews.com/797187a3-29db-42a8-819b-08decae8682a_tv_mw2048_mh2048_n.jpg","is_clip":true,"item_type":"video","item_type_label":"Video","language_label":"Kurdish","media_credit":"VOA","micro_label":"Video report","micro_label_kind":"video","network_label":"VOA","network_logo_url":"/static/uploads/direct_network_logos/voa_1ef13eedbd2f.svg","published_at":"2026-08-19T14:52:47.560000","published_at_display":"19 Aug 2026, 14:52 GMT","sequence_badge_label":null,"sequence_count":null,"sequence_count_label":null,"sequence_frames":[],"sequence_kind":null,"source_name":"dengeamerika_com_direct","source_name_label":"Dengeamerika","source_type":"direct_api","summary":"Bask\u00ea siyas\u00ee y\u00ea \u00ceran\u00ea, bi r\u00eaya Wez\u00eer\u00ea Derve Ebas Eraq\u00e7\u00ee, \u00ear\u00ee\u015f\u00ea red kir, l\u00ea Pasdar\u00ean \u00ceran\u00ea li ser v\u00ea mijar\u00ea b\u00eadeng man. \u00c7avkaniyek hik\u00fbmet\u00ea j\u00ee ji VOA re got ku guman tune ye \u00ear\u00ee\u015f ji h\u00eala \u00ceran\u00ea ve hatiye kirin. Serokwez\u00eer\u00ea Iraq\u00ea \u00ear\u00ee\u015f \u015fermezar kir.","title":"Reaksyon li Ser \u00car\u00ee\u015fa Dron\u00ee ya ser Of\u00eesa Serokwez\u00eer\u00ea Her\u00eama Kurdistan\u00ea","topic":"V\u00eedyo Galer\u00ee","translation_language":"","url":"https://voa-video-ns.akamaized.net/pangeavideo/2026/08/7/79/797187a3-29db-42a8-819b-08decae8682a_1080p.mp4?cb=ee217ba3f","video_url":"https://voa-video-ns.akamaized.net/pangeavideo/2026/08/7/79/797187a3-29db-42a8-819b-08decae8682a_1080p.mp4?cb=ee217ba3f"},{"article_body_paragraphs":[],"audio_source_url":null,"author":"D\u00eeyar Cemal","available_dubs":[],"downloadable_assets":["https://voa-video-ns.akamaized.net/pangeavideo/2026/08/f/f6/f67d4100-a236-4da2-819a-08decae8682a_1080p.mp4?cb=ee217b52a"],"duration_display":"3:14","duration_seconds":194.0,"embed_url":null,"id":6809,"image_caption":null,"image_url":"https://gdb.voanews.com/f67d4100-a236-4da2-819a-08decae8682a_tv_mw2048_mh2048_n.jpg","is_clip":true,"item_type":"video","item_type_label":"Video","language_label":"Kurdish","media_credit":"VOA","micro_label":"Video report","micro_label_kind":"video","network_label":"VOA","network_logo_url":"/static/uploads/direct_network_logos/voa_1ef13eedbd2f.svg","published_at":"2026-08-19T14:30:55.877000","published_at_display":"19 Aug 2026, 14:30 GMT","sequence_badge_label":null,"sequence_count":null,"sequence_count_label":null,"sequence_frames":[],"sequence_kind":null,"source_name":"dengeamerika_com_direct","source_name_label":"Dengeamerika","source_type":"direct_api","summary":"Li navenda tax\u00ea Eynkawe y\u00ea li Hewl\u00ear fest\u00eevalek tir\u00ee hate lidarxistin ku t\u00ea de 52 c\u00fbrey\u00ean c\u00fbda y\u00ean tir\u00ee hatin p\u00ea\u015fandan. Raporta Diyar Cemal qala serbora serkeft\u00ee ya cotkar\u00ean kr\u00eest\u00eeyan dike.","title":"Berhem\u00ea Tir\u00ee y\u00ea Cotkar\u00ean Kr\u00eest\u00eeyan li Hewl\u00ear Berhem\u00ea Her\u00ee Ba\u015f e","topic":"V\u00eedyo Galer\u00ee","translation_language":"","url":"https://voa-video-ns.akamaized.net/pangeavideo/2026/08/f/f6/f67d4100-a236-4da2-819a-08decae8682a_1080p.mp4?cb=ee217b52a","video_url":"https://voa-video-ns.akamaized.net/pangeavideo/2026/08/f/f6/f67d4100-a236-4da2-819a-08decae8682a_1080p.mp4?cb=ee217b52a"},{"article_body_paragraphs":[],"audio_source_url":null,"author":"Huner Ehmed","available_dubs":[],"downloadable_assets":["https://voa-video-ns.akamaized.net/pangeavideo/2026/08/d/df/dffb7936-1575-4207-a20b-08def2b10d93_1080p.mp4?cb=ee216b3b6"],"duration_display":"4:33","duration_seconds":273.51,"embed_url":null,"id":6598,"image_caption":null,"image_url":"https://gdb.voanews.com/dffb7936-1575-4207-a20b-08def2b10d93_tv_mw2048_mh2048_n.jpg","is_clip":true,"item_type":"video","item_type_label":"Video","language_label":"Kurdish","media_credit":"VOA","micro_label":"Video report","micro_label_kind":"video","network_label":"VOA","network_logo_url":"/static/uploads/direct_network_logos/voa_1ef13eedbd2f.svg","published_at":"2026-08-18T20:12:38.673000","published_at_display":"18 Aug 2026, 20:12 GMT","sequence_badge_label":null,"sequence_count":null,"sequence_count_label":null,"sequence_frames":[],"sequence_kind":null,"source_name":"dengeamerika_com_direct","source_name_label":"Dengeamerika","source_type":"direct_api","summary":"Gr\u00fbp\u00ean \u00e7ekdar li \u00ceraq\u00ea dib\u00eajin, merc\u00ean wan hene bo radestkirina \u00e7ekdan, di nav de div\u00ea hem\u00ee le\u015fker\u00ean biyan\u00ee bi \u015f\u00eawrmend \u00fb \u00c7avd\u00ear ve derkevin \u00fb hin ji wan dib\u00eajin div\u00ea P\u00ea\u015fmerge j\u00ee \u00e7ek\u00ean xwe radest\u00ee dewlet\u00ea bike. Huner Ehmed ji Hewl\u00ear zanyar\u00eeyan dide.","title":"Merc\u00ean Gr\u00fbp\u00ean \u00c7ekdar bo Radestkirina \u00c7ekan li \u00ceraq\u00ea","topic":"V\u00eedyo Galer\u00ee","translation_language":"","url":"https://voa-video-ns.akamaized.net/pangeavideo/2026/08/d/df/dffb7936-1575-4207-a20b-08def2b10d93_1080p.mp4?cb=ee216b3b6","video_url":"https://voa-video-ns.akamaized.net/pangeavideo/2026/08/d/df/dffb7936-1575-4207-a20b-08def2b10d93_1080p.mp4?cb=ee216b3b6"},{"article_body_paragraphs":[],"audio_source_url":null,"author":"Eyy\u00fbp Dem\u00eer","available_dubs":[],"downloadable_assets":["https://voa-video-ns.akamaized.net/pangeavideo/2026/08/6/65/65b18d22-9841-48a4-7ec7-08def2ed48ad_1080p.mp4?cb=ee216ae2c"],"duration_display":"3:26","duration_seconds":206.84,"embed_url":null,"id":6590,"image_caption":null,"image_url":"https://gdb.voanews.com/65b18d22-9841-48a4-7ec7-08def2ed48ad_tv_mw2048_mh2048_n.jpg","is_clip":true,"item_type":"video","item_type_label":"Video","language_label":"Kurdish","media_credit":"VOA","micro_label":"Video report","micro_label_kind":"video","network_label":"VOA","network_logo_url":"/static/uploads/direct_network_logos/voa_1ef13eedbd2f.svg","published_at":"2026-08-18T19:49:00.063000","published_at_display":"18 Aug 2026, 19:49 GMT","sequence_badge_label":null,"sequence_count":null,"sequence_count_label":null,"sequence_frames":[],"sequence_kind":null,"source_name":"dengeamerika_com_direct","source_name_label":"Dengeamerika","source_type":"direct_api","summary":"Pi\u015ft\u00ee ku qan\u00fbna \u00e7ar\u00e7ovey\u00ee ku ev demeke di rojeva Tirk\u00eey\u00ea de ye di rojnameya ferm\u00ee ya dewlet\u00ea de hat we\u015fandin, niha \u00e7av li ser p\u00eakan\u00eena w\u00ea qan\u00fbn\u00ea ye. Eyy\u00fbp Dem\u00eer ji Stenbol\u00ea agah\u00eey\u00ean z\u00eadetir dide.","title":"Ragihandina Qan\u00fbna \u00c7ar\u00e7ovey\u00ee di Ronameya Ferm\u00ee ya Tirk\u00eey\u00ea de Hat We\u015fandin","topic":"V\u00eedyo Galer\u00ee","translation_language":"","url":"https://voa-video-ns.akamaized.net/pangeavideo/2026/08/6/65/65b18d22-9841-48a4-7ec7-08def2ed48ad_1080p.mp4?cb=ee216ae2c","video_url":"https://voa-video-ns.akamaized.net/pangeavideo/2026/08/6/65/65b18d22-9841-48a4-7ec7-08def2ed48ad_1080p.mp4?cb=ee216ae2c"},{"article_body_paragraphs":[],"audio_source_url":null,"author":"\u00cevan Hes\u00eeb","available_dubs":[],"downloadable_assets":["https://voa-video-ns.akamaized.net/pangeavideo/2026/08/4/42/42d360a2-e2a2-46fb-7ec6-08def2ed48ad_1080p.mp4?cb=ee216a2fd"],"duration_display":"4:09","duration_seconds":249.62,"embed_url":null,"id":6571,"image_caption":null,"image_url":"https://gdb.voanews.com/42d360a2-e2a2-46fb-7ec6-08def2ed48ad_tv_mw2048_mh2048_n.jpg","is_clip":true,"item_type":"video","item_type_label":"Video","language_label":"Kurdish","media_credit":"VOA","micro_label":"Video report","micro_label_kind":"video","network_label":"VOA","network_logo_url":"/static/uploads/direct_network_logos/voa_1ef13eedbd2f.svg","published_at":"2026-08-18T19:01:17.633000","published_at_display":"18 Aug 2026, 19:01 GMT","sequence_badge_label":null,"sequence_count":null,"sequence_count_label":null,"sequence_frames":[],"sequence_kind":null,"source_name":"dengeamerika_com_direct","source_name_label":"Dengeamerika","source_type":"direct_api","summary":"Qami\u015flo yek ji wan bajar\u00ean Kurdan e ku di nava kolan\u00ean xwe de d\u00eeroka bihevre jiyan\u00ea ya p\u00eakhatey\u00ean cuda tomar kiriye. Niv\u00eeskar Faris Osman di 100 sal\u00eeya baj\u00ear\u00ea Qami\u015flo de, qala d\u00eeroka avakirin \u00fb rew\u015fa jiyana xelk\u00ea baj\u00ear dike.","title":"Niv\u00eeskar \u00fb D\u00eerokanas Faris Osman di 100 Sal\u00eeya Qami\u015flo de Qala D\u00eeroka Baj\u00ear Dike","topic":"V\u00eedyo Galer\u00ee","translation_language":"","url":"https://voa-video-ns.akamaized.net/pangeavideo/2026/08/4/42/42d360a2-e2a2-46fb-7ec6-08def2ed48ad_1080p.mp4?cb=ee216a2fd","video_url":"https://voa-video-ns.akamaized.net/pangeavideo/2026/08/4/42/42d360a2-e2a2-46fb-7ec6-08def2ed48ad_1080p.mp4?cb=ee216a2fd"},{"article_body_paragraphs":[],"audio_source_url":null,"author":null,"available_dubs":[],"downloadable_assets":["https://voa-video-ns.akamaized.net/pangeavideo/2026/08/6/6b/6b96a2b1-a9a3-44a2-c9c4-08decaecd3b3_1080p.mp4?cb=ee216a052"],"duration_display":"2:23","duration_seconds":143.51,"embed_url":null,"id":6566,"image_caption":null,"image_url":"https://gdb.voanews.com/6b96a2b1-a9a3-44a2-c9c4-08decaecd3b3_tv_mw2048_mh2048_n.jpg","is_clip":true,"item_type":"video","item_type_label":"Video","language_label":"Kurdish","media_credit":"VOA","micro_label":"Video report","micro_label_kind":"video","network_label":"VOA","network_logo_url":"/static/uploads/direct_network_logos/voa_1ef13eedbd2f.svg","published_at":"2026-08-18T18:49:54.343000","published_at_display":"18 Aug 2026, 18:49 GMT","sequence_badge_label":null,"sequence_count":null,"sequence_count_label":null,"sequence_frames":[],"sequence_kind":null,"source_name":"dengeamerika_com_direct","source_name_label":"Dengeamerika","source_type":"direct_api","summary":"Raporteke Wall Street Journal dib\u00eaje ku pi\u015ft\u00ee 60 rojan ji \u00eemzekirina peymana lihevt\u00eagih\u00ee\u015ftin\u00ea di navbera Amer\u00eeka \u00fb \u00ceran\u00ea de, girj\u00ee z\u00eade dibin \u00fb bawer\u00eeya r\u00eaveberiya Amer\u00eekay\u00ea bi \u00ceran\u00ea re k\u00eam dibe.","title":"60 Roj\u00eeya \u00cemzekirina Peymana Lihevt\u00eagih\u00ee\u015ftin\u00ea ya di Navbera Amer\u00eeka \u00fb \u00ceran\u00ea de","topic":"V\u00eedyo Galer\u00ee","translation_language":"","url":"https://voa-video-ns.akamaized.net/pangeavideo/2026/08/6/6b/6b96a2b1-a9a3-44a2-c9c4-08decaecd3b3_1080p.mp4?cb=ee216a052","video_url":"https://voa-video-ns.akamaized.net/pangeavideo/2026/08/6/6b/6b96a2b1-a9a3-44a2-c9c4-08decaecd3b3_1080p.mp4?cb=ee216a052"},{"article_body_paragraphs":[],"audio_source_url":null,"author":null,"available_dubs":[],"downloadable_assets":["https://voa-video-ns.akamaized.net/pangeavideo/2026/08/9/95/956e097e-73ca-46d6-a20a-08def2b10d93_1080p.mp4?cb=ee216c703"],"duration_display":"1:36","duration_seconds":96.64,"embed_url":null,"id":6547,"image_caption":null,"image_url":"https://gdb.voanews.com/956e097e-73ca-46d6-a20a-08def2b10d93_tv_mw2048_mh2048_n.jpg","is_clip":true,"item_type":"video","item_type_label":"Video","language_label":"Kurdish","media_credit":"VOA","micro_label":"Video report","micro_label_kind":"video","network_label":"VOA","network_logo_url":"/static/uploads/direct_network_logos/voa_1ef13eedbd2f.svg","published_at":"2026-08-18T18:43:39.323000","published_at_display":"18 Aug 2026, 18:43 GMT","sequence_badge_label":null,"sequence_count":null,"sequence_count_label":null,"sequence_frames":[],"sequence_kind":null,"source_name":"dengeamerika_com_direct","source_name_label":"Dengeamerika","source_type":"direct_api","summary":"N\u00fbner\u00ea Taybet \u00ea Serok\u00ea Amer\u00eekay\u00ea Jared Kushner dib\u00eaje ku bala Serok Trump niha li ser zexta abor\u00ee ya li ser \u00ceran\u00ea \u00fb dorp\u00ea\u00e7a deryay\u00ee li Tengava Hurmuz\u00ea ye. \u00db serok her tim israr kiriye ku div\u00ea \u00ceran nebe xwed\u00ee \u00e7ek\u00ean navok\u00ee.","title":"Kushner N\u00fbner\u00ea Trump Ser Dan\u00fbstandin\u00eann Amer\u00eeka \u00fb \u00ceran\u00ea Axiv\u00ee","topic":"V\u00eedyo Galer\u00ee","translation_language":"","url":"https://voa-video-ns.akamaized.net/pangeavideo/2026/08/9/95/956e097e-73ca-46d6-a20a-08def2b10d93_1080p.mp4?cb=ee216c703","video_url":"https://voa-video-ns.akamaized.net/pangeavideo/2026/08/9/95/956e097e-73ca-46d6-a20a-08def2b10d93_1080p.mp4?cb=ee216c703"},{"article_body_paragraphs":[],"audio_source_url":null,"author":"D\u00eeyar Cemal","available_dubs":[],"downloadable_assets":["https://voa-video-ns.akamaized.net/pangeavideo/2026/08/9/94/94873ca2-18a5-4a02-8184-08decae8682a_1080p.mp4?cb=ee2169bd9"],"duration_display":"2:13","duration_seconds":133.18,"embed_url":null,"id":6548,"image_caption":null,"image_url":"https://gdb.voanews.com/94873ca2-18a5-4a02-8184-08decae8682a_tv_mw2048_mh2048_n.jpg","is_clip":true,"item_type":"video","item_type_label":"Video","language_label":"Kurdish","media_credit":"VOA","micro_label":"Video report","micro_label_kind":"video","network_label":"VOA","network_logo_url":"/static/uploads/direct_network_logos/voa_1ef13eedbd2f.svg","published_at":"2026-08-18T18:30:49.337000","published_at_display":"18 Aug 2026, 18:30 GMT","sequence_badge_label":null,"sequence_count":null,"sequence_count_label":null,"sequence_frames":[],"sequence_kind":null,"source_name":"dengeamerika_com_direct","source_name_label":"Dengeamerika","source_type":"direct_api","summary":"Fest\u00eevala De\u015fta Hewl\u00ear\u00ea bi amadeb\u00fbna hejmareke mezin ji gund\u00ee \u00fb welatiy\u00ean baj\u00ear hate lidarxistin. Di fest\u00eeval\u00ea de gelek \u00e7alak\u00eey\u00ean kevne\u015fop\u00ee y\u00ean weke hespsiwar\u00ee, Xwarin\u00ean Kurd\u00ee \u00fb kar\u00ean dest\u00ee y\u00ean jinan hatin p\u00ea\u015fke\u015fkirin.","title":"Fest\u00eevala De\u015fta Hewl\u00ear\u00ea ya \u00c7and \u00fb Huner\u00ea","topic":"V\u00eedyo Galer\u00ee","translation_language":"","url":"https://voa-video-ns.akamaized.net/pangeavideo/2026/08/9/94/94873ca2-18a5-4a02-8184-08decae8682a_1080p.mp4?cb=ee2169bd9","video_url":"https://voa-video-ns.akamaized.net/pangeavideo/2026/08/9/94/94873ca2-18a5-4a02-8184-08decae8682a_1080p.mp4?cb=ee2169bd9"},{"article_body_paragraphs":[],"audio_source_url":null,"author":"Ridwan B\u00eazar","available_dubs":[],"downloadable_assets":["https://voa-video-ns.akamaized.net/pangeavideo/2026/08/9/92/92c45ee9-b862-460b-479d-08decadaa577_1080p.mp4?cb=ee21691ad"],"duration_display":"2:43","duration_seconds":163.21,"embed_url":null,"id":6541,"image_caption":null,"image_url":"https://gdb.voanews.com/92c45ee9-b862-460b-479d-08decadaa577_tv_mw2048_mh2048_n.jpg","is_clip":true,"item_type":"video","item_type_label":"Video","language_label":"Kurdish","media_credit":"VOA","micro_label":"Video report","micro_label_kind":"video","network_label":"VOA","network_logo_url":"/static/uploads/direct_network_logos/voa_1ef13eedbd2f.svg","published_at":"2026-08-18T17:46:53.380000","published_at_display":"18 Aug 2026, 17:46 GMT","sequence_badge_label":null,"sequence_count":null,"sequence_count_label":null,"sequence_frames":[],"sequence_kind":null,"source_name":"dengeamerika_com_direct","source_name_label":"Dengeamerika","source_type":"direct_api","summary":"Bajar\u00ea Koban\u00ee di war\u00ea xizmetguzariy\u00ea de bi pirsgir\u00eak\u00ean mezin \u00fb k\u00eamasiy\u00ean giran re r\u00fb bi r\u00fb ye. \u015earedariya baj\u00ear j\u00ee dib\u00eaje ku derfet\u00ean p\u00eaw\u00eest n\u00eenin. Di Raporta Ridwan B\u00eazar de, zanyar\u00eey\u00ean b\u00eahtir hene.","title":"Bajar\u00ea Koban\u00ee Rast\u00ee Kr\u00eeza Xizmetguzariyan Hatiye","topic":"V\u00eedyo Galer\u00ee","translation_language":"","url":"https://voa-video-ns.akamaized.net/pangeavideo/2026/08/9/92/92c45ee9-b862-460b-479d-08decadaa577_1080p.mp4?cb=ee21691ad","video_url":"https://voa-video-ns.akamaized.net/pangeavideo/2026/08/9/92/92c45ee9-b862-460b-479d-08decadaa577_1080p.mp4?cb=ee21691ad"},{"article_body_paragraphs":[],"audio_source_url":null,"author":"Emced Kurdo","available_dubs":[],"downloadable_assets":["https://voa-video-ns.akamaized.net/pangeavideo/2026/08/1/11/11651b3f-de6d-44b1-8183-08decae8682a_1080p.mp4?cb=ee2167a0c"],"duration_display":"2:54","duration_seconds":174.29,"embed_url":null,"id":6488,"image_caption":null,"image_url":"https://gdb.voanews.com/11651b3f-de6d-44b1-8183-08decae8682a_tv_mw2048_mh2048_n.jpg","is_clip":true,"item_type":"video","item_type_label":"Video","language_label":"Kurdish","media_credit":"VOA","micro_label":"Video report","micro_label_kind":"video","network_label":"VOA","network_logo_url":"/static/uploads/direct_network_logos/voa_1ef13eedbd2f.svg","published_at":"2026-08-18T16:06:36.430000","published_at_display":"18 Aug 2026, 16:06 GMT","sequence_badge_label":null,"sequence_count":null,"sequence_count_label":null,"sequence_frames":[],"sequence_kind":null,"source_name":"dengeamerika_com_direct","source_name_label":"Dengeamerika","source_type":"direct_api","summary":"Bi boneya 100 saliya damezrandina Qami\u015flo, 15 hunermend\u00ean w\u00eanesaz be\u015fdar\u00ee komxebateke vekir\u00ee dibin da ku hezkirina xwe ji bo v\u00ee bajar\u00ee bi reng \u00fb tabloy\u00ean bijarde derbibirin.","title":"Li B\u00eeran\u00eena 100 Sal\u00eeya Qami\u015flo, 15 W\u00eanesaz Be\u015fdar\u00ee Komxebateke Huner\u00ee ya Vekir\u00ee Dibin","topic":"V\u00eedyo Galer\u00ee","translation_language":"","url":"https://voa-video-ns.akamaized.net/pangeavideo/2026/08/1/11/11651b3f-de6d-44b1-8183-08decae8682a_1080p.mp4?cb=ee2167a0c","video_url":"https://voa-video-ns.akamaized.net/pangeavideo/2026/08/1/11/11651b3f-de6d-44b1-8183-08decae8682a_1080p.mp4?cb=ee2167a0c"},{"article_body_paragraphs":[],"audio_source_url":null,"author":"D\u00eeyar Cemal","available_dubs":[],"downloadable_assets":["https://voa-video-ns.akamaized.net/pangeavideo/2026/08/c/c2/c27ee565-b66e-4014-8175-08decae8682a_1080p.mp4?cb=ee215647e"],"duration_display":"4:58","duration_seconds":298.07,"embed_url":null,"id":6217,"image_caption":null,"image_url":"https://gdb.voanews.com/c27ee565-b66e-4014-8175-08decae8682a_tv_mw2048_mh2048_n.jpg","is_clip":true,"item_type":"video","item_type_label":"Video","language_label":"Kurdish","media_credit":"VOA","micro_label":"Video report","micro_label_kind":"video","network_label":"VOA","network_logo_url":"/static/uploads/direct_network_logos/voa_1ef13eedbd2f.svg","published_at":"2026-08-17T20:21:14.860000","published_at_display":"17 Aug 2026, 20:21 GMT","sequence_badge_label":null,"sequence_count":null,"sequence_count_label":null,"sequence_frames":[],"sequence_kind":null,"source_name":"dengeamerika_com_direct","source_name_label":"Dengeamerika","source_type":"direct_api","summary":"Pi\u015ft\u00ee ku \u00ear\u00ee\u015f\u00ean dronan bo ser P\u00eermam ku of\u00ees\u00ean Serokwez\u00eer\u00ea Her\u00eama Kurdistan\u00ea \u00fb serok\u00ea Dezgeha parastin\u00ea l\u00ea dim\u00eenin, reaksyon\u00ean cuda derketin hol\u00ea. Diyar Cemal ji Hewl\u00ear\u00ea p\u00eazan\u00een\u00ean n\u00fb radigih\u00eene.","title":"P\u00eazan\u00een\u00ean N\u00fb Derbar\u00ea \u00car\u00ee\u015f\u00ean ser Of\u00eesa Serokwez\u00eer\u00ea Her\u00eama Kurdistan\u00ea","topic":"V\u00eedyo Galer\u00ee","translation_language":"","url":"https://voa-video-ns.akamaized.net/pangeavideo/2026/08/c/c2/c27ee565-b66e-4014-8175-08decae8682a_1080p.mp4?cb=ee215647e","video_url":"https://voa-video-ns.akamaized.net/pangeavideo/2026/08/c/c2/c27ee565-b66e-4014-8175-08decae8682a_1080p.mp4?cb=ee215647e"},{"article_body_paragraphs":[],"audio_source_url":null,"author":"Eyy\u00fbp Dem\u00eer","available_dubs":[],"downloadable_assets":["https://voa-video-ns.akamaized.net/pangeavideo/2026/08/9/9c/9c62dfe8-197b-485a-8176-08decae8682a_1080p.mp4?cb=ee2155886"],"duration_display":"3:47","duration_seconds":227.26,"embed_url":null,"id":6190,"image_caption":null,"image_url":"https://gdb.voanews.com/9c62dfe8-197b-485a-8176-08decae8682a_tv_mw2048_mh2048_n.jpg","is_clip":true,"item_type":"video","item_type_label":"Video","language_label":"Kurdish","media_credit":"VOA","micro_label":"Video report","micro_label_kind":"video","network_label":"VOA","network_logo_url":"/static/uploads/direct_network_logos/voa_1ef13eedbd2f.svg","published_at":"2026-08-17T19:31:18.640000","published_at_display":"17 Aug 2026, 19:31 GMT","sequence_badge_label":null,"sequence_count":null,"sequence_count_label":null,"sequence_frames":[],"sequence_kind":null,"source_name":"dengeamerika_com_direct","source_name_label":"Dengeamerika","source_type":"direct_api","summary":"Serokomar\u00ea Tirk\u00eey\u00ea di hevpeyv\u00eenek\u00ea ya bi kanala 'Al-Jazeera' re got ku ew bi Kurd\u00ean li her\u00eam\u00ea dij\u00een re t\u00eakil\u00eey\u00ean xwe xurt bikin \u00fb al\u00eekar\u00eeya wan bikin. Eyy\u00fbp Dem\u00eer ji Stenbol\u00ea z\u00eadetir ser daxuyan\u00eey\u00ean Erdogan diaxive.","title":"Erdogan Dib\u00eaje, Kurd\u00ean S\u00fbriy\u00ea j\u00ee d\u00ea ji Proseya A\u015ftiy\u00ea S\u00fbdmend Bin","topic":"V\u00eedyo Galer\u00ee","translation_language":"","url":"https://voa-video-ns.akamaized.net/pangeavideo/2026/08/9/9c/9c62dfe8-197b-485a-8176-08decae8682a_1080p.mp4?cb=ee2155886","video_url":"https://voa-video-ns.akamaized.net/pangeavideo/2026/08/9/9c/9c62dfe8-197b-485a-8176-08decae8682a_1080p.mp4?cb=ee2155886"}],"next_num":7,"page":6,"pages":12,"per_page":20,"prev_num":5,"total":239}
