{"applied_filters":{"end_date":"","lang":"","language":"","network":"","page":6,"per_page":20,"search":"","source":"","start_date":"","topic":"V\u00eedyo Galer\u00ee","type":"video"},"available_filters":{"language_choices":[{"label":"Choose Language","value":""},{"label":"English","value":"English"},{"label":"Espa\u00f1ol","value":"Espa\u00f1ol"},{"label":"Kurdish","value":"Kurdish"}],"network_choices":[{"label":"All networks","value":""},{"label":"VOA","value":"VOA"}],"source_choices":[{"label":"All sources","value":""},{"label":"Dengeamerika","value":"dengeamerika_com_direct"}],"sources":["dengeamerika_com_direct"],"topics":["250em\u00een Salvegera Serxweb\u00fbna Amer\u00eekay\u00ea","250\u0647\u06d5\u0645\u06cc\u0646 \u0633\u0627\u06b5\u06cc\u0627\u062f\u06cc \u0633\u06d5\u0631\u0628\u06d5\u062e\u06c6\u06cc\u06cc \u0626\u06d5\u0645\u06d5\u0631\u06cc\u06a9\u0627","8 \u10e4\u10dd\u10e2\u10dd \u10d0\u10e0\u10e5\u10d8\u10d5\u10d8\u10d3\u10d0\u10dc","Afghanistan","Amer\u00eeka","Am\u00e9rica Latina, VENEZUELA, Maiquetia","Asuntos de Estado","Audiovisuales Mart\u00ed","Audiovisuales Mart\u00ed, Cuba turismo, crisis del turismo en Cuba","Audiovisuales Mart\u00ed, VENEZUELA, apagones","Bernameya Televizyon\u00ee ya Rojane","Como Come Cuba, cuba, Como Come Cuba","Cuba Habla","Cuba Habla, Cuba","Cuba al D\u00eda, Cuba","C\u00eehan","Derechos Humanos, cuba, exilio, c\u00e1ncer, Ram\u00f3n Sa\u00fal S\u00e1nchez","Especiales, Exilio cubano, Freedom tower, \"Libertad\", Torre de la Libertad de Miami, Exilio cubano en Miami","Especiales, jos\u00e9 mart\u00ed, Exilio cubano","Esperando un techo, cuba, crisis, vivienda, derrumbes, techo, paredes, EsperandounTecho","Human Rights","Info Mart\u00ed","Info Mart\u00ed , Brigada 2506","Info Mart\u00ed , Cuba","Info Mart\u00ed , Estados Unidos, Colombia","Info Mart\u00ed , Estados Unidos, VENEZUELA","Info Mart\u00ed , estados unidos, Venezuela","Info Mart\u00ed , presos politicos, torturas, VENEZUELA","Iran","Iz RSE sveta","Kentu-Cubano, cuba, cubanos, Kentucky, migrantes, KentoCubano","Korea","Laos","Las Noticias Como Son, Cuba","Multimedija","Myanmar","Noticiero Mart\u00ed Noticias","Noticiero Mart\u00ed Noticias, Cuba","Pacific","Pe Agend\u0103 cu Cristina Popu\u0219oi","Perspektiva","Ser Madre en cuba, cuba, hambre, r\u00e9gimen, madre, negligencia, Testimonios, Crisis Econ\u00f3mica, madre cubana, Crisis Alimentaria","Ser viejo en Cuba, cuba, cubanos, crisis, alimentos, ancianos, viejos, vejez","South China Sea","Srbija","Tibet","Ukraine","Uvid","VOA \ud55c\uad6d\uc5b4 \ubcf4\uc774\ub294 \ub77c\ub514\uc624","VOA\u4eca\u65e5\u7126\u70b9","Video","Videos","V\u00eedyo Galer\u00ee","\u0410\u0440\u0445\u0435\u043e\u043b\u043e\u0433\u0438\u044f","\u0411\u0430\u043b\u0442\u0438\u044f","\u0412\u0438\u0434\u0435\u043e","\u0413\u043b\u0430\u0432\u043d\u043e\u0435","\u0413\u0440\u0430\u043d\u0438 \u0432\u0440\u0435\u043c\u0435\u043d\u0438","\u0418\u043d\u0442\u0435\u0440\u0432\u044c\u044e","\u041a\u0430\u0434\u0440\u044b \u0434\u043d\u044f","\u041b\u0438\u0446\u043e\u043c \u043a \u0441\u043e\u0431\u044b\u0442\u0438\u044e","\u0420\u0435\u043f\u043e\u0440\u0442\u0430\u0436","\u0420\u043e\u0441\u0441\u0438\u044f","\u0421\u043c\u043e\u0442\u0440\u0438 \u0432 \u043e\u0431\u0430","\u0423\u043a\u0440\u0430\u0438\u043d\u0430","\u0622\u062e\u0631\u06cc\u0646 \u0648\u06cc\u062f\u06cc\u0648\u0647\u0627","\u0626\u06ce\u0631\u0627\u0646","\u0626\u06d5\u0645\u06d5\u0631\u06cc\u06a9\u0627","\u0627\u0645\u0631\u06cc\u06a9\u0627 \u063a\u0696 \u067e\u069a\u062a\u0648","\u0628\u06d5\u0631\u0646\u0627\u0645\u06d5\u06cc \u0695\u06c6\u0698\u0627\u0646\u06d5\u06cc \u062a\u06d5\u0644\u06d5\u0641\u06cc\u0632\u06cc\u06c6\u0646","\u062a\u0648\u0631\u06a9\u06cc\u0627","\u062c\u0647\u0627\u0646","\u062c\u06cc\u0647\u0627\u0646","\u0633\u0648\u0631\u06cc\u0627","\u0633\u0649\u0646","\u0635\u062f\u0627\u06cc \u0627\u0645\u0631\u06cc\u06a9\u0627 \u062f\u0631\u06cc","\u0639\u06ce\u0631\u0627\u0642","\u0642\u0649\u0633\u0642\u0627 \u062e\u06d5\u06cb\u06d5\u0631\u0644\u06d5\u0631","\u0645\u0631\u06a9\u06d0","\u0646\u0648\u0631 \u062e\u0628\u0631\u0648\u0646\u0647","\u0647\u06d5\u0631\u06ce\u0645\u06d5 \u06a9\u0648\u0631\u062f\u06cc\u0640\u06cc\u06d5\u06a9\u0627\u0646","\u0648\u06cc\u062f\u06cc\u0648","\u0648\u06cc\u0698\u0647 \u0628\u0631\u0646\u0627\u0645\u0647\u200c\u0647\u0627","\u0695\u06c6\u0698\u0647\u06d5\u06b5\u0627\u062a\u06cc \u0646\u0627\u0648\u06d5\u0695\u0627\u0633\u062a","\u06a4\u06cc\u062f\u06cc\u06c6","\u0e82\u0ec8\u0eb2\u0ea7\u0ec1\u0ea5\u0eb0\u0ea5\u0eb2\u0e8d\u0e87\u0eb2\u0e99","\u0ea7\u0eb5\u0e94\u0eb5\u0ec2\u0ead","\u0f38\u0f42\u0f7c\u0f44\u0f0b\u0f66\u0f0b\u0f58\u0f46\u0f7c\u0f42","\u0f56\u0f59\u0f53\u0f0b\u0f56\u0fb1\u0f7c\u0f63\u0f0d","\u0f56\u0f62\u0f99\u0f53\u0f0d","\u0f56\u0f7c\u0f51\u0f0d","\u1017\u102e\u1012\u102e\u101a\u102d\u102f\u1019\u103b\u102c\u1038","\u101e\u1010\u1004\u103a\u1038\u1019\u103b\u102c\u1038","\u10d5\u10d8\u10d3\u10d4\u10dd","\u1785\u17d2\u1794\u17b6\u1794\u17cb","\u1793\u1799\u17c4\u1794\u17b6\u1799","\u1794\u179a\u17b7\u179f\u17d2\u1790\u17b6\u1793","\u179c\u17b8\u178a\u17c1\u17a2\u17bc","\u179f\u1784\u17d2\u1782\u1798","\u4eba\u6743\u6cd5\u6cbb"],"types":[["","All types"],["video","Videos"],["clips","Clips"],["media","Media"]]},"has_next":true,"has_prev":true,"items":[{"article_body_paragraphs":[],"audio_source_url":null,"author":"Ridwan B\u00eazar","available_dubs":[],"downloadable_assets":["https://voa-video-ns.akamaized.net/pangeavideo/2026/08/3/31/31389007-5536-46ea-a263-08def2b10d93_1080p.mp4?cb=ee21e2f68"],"duration_display":"2:55","duration_seconds":175.21,"embed_url":null,"id":8318,"image_caption":null,"image_url":"https://gdb.voanews.com/31389007-5536-46ea-a263-08def2b10d93_tv_mw2048_mh2048_n.jpg","is_clip":true,"item_type":"video","item_type_label":"Video","language_label":"Kurdish","media_credit":"VOA","micro_label":"Video report","micro_label_kind":"video","network_label":"VOA","network_logo_url":"/static/uploads/direct_network_logos/voa_1ef13eedbd2f.svg","published_at":"2026-08-24T12:26:16.083000","published_at_display":"24 Aug 2026, 12:26 GMT","sequence_badge_label":null,"sequence_count":null,"sequence_count_label":null,"sequence_frames":[],"sequence_kind":null,"source_name":"dengeamerika_com_direct","source_name_label":"Dengeamerika","source_type":"direct_api","summary":"Mistefa Sex\u00eer, \u015eervan\u00ea ber\u00ea y\u00ea Meclisa Le\u015fker\u00ee ya Minbic\u00ea, dema ku li bajar\u00ea Ra\u2019\u00ee y\u00ea bakur rojhilat\u00ea S\u00fbr\u00eey\u00ea, ji al\u00eey\u00ea \u00e7ekdar\u00ean Art\u00ea\u015fa N\u00ee\u015ftiman\u00ee ve t\u00ea girtin, ew rast\u00ee \u00ea\u015fkencey\u00ea t\u00ea \u00fb \u00e7av\u00ean xwe ji dest dide. Niha, xewna w\u00ee ew e ku \u00e7av\u00ean w\u00ee vebin \u00fb zarok\u00ean xwe bib\u00eene.","title":"\u015eervanek\u00ee HSD\u2019\u00ea ji ber \u00ca\u015fkencey\u00ea \u00c7av\u00ean xwe Jidest Dane","topic":"V\u00eedyo Galer\u00ee","translation_language":"","url":"https://voa-video-ns.akamaized.net/pangeavideo/2026/08/3/31/31389007-5536-46ea-a263-08def2b10d93_1080p.mp4?cb=ee21e2f68","video_url":"https://voa-video-ns.akamaized.net/pangeavideo/2026/08/3/31/31389007-5536-46ea-a263-08def2b10d93_1080p.mp4?cb=ee21e2f68"},{"article_body_paragraphs":[],"audio_source_url":null,"author":"Xec\u00eecan Farq\u00een","available_dubs":[],"downloadable_assets":["https://voa-video-ns.akamaized.net/pangeavideo/2026/08/9/9d/9dbce8f2-e124-4cd6-f295-08def2b12219_1080p.mp4?cb=ee21e2f5b"],"duration_display":"2:55","duration_seconds":175.92,"embed_url":null,"id":8319,"image_caption":null,"image_url":"https://gdb.voanews.com/9dbce8f2-e124-4cd6-f295-08def2b12219_tv_mw2048_mh2048_n.jpg","is_clip":true,"item_type":"video","item_type_label":"Video","language_label":"Kurdish","media_credit":"VOA","micro_label":"Video report","micro_label_kind":"video","network_label":"VOA","network_logo_url":"/static/uploads/direct_network_logos/voa_1ef13eedbd2f.svg","published_at":"2026-08-24T12:26:03.350000","published_at_display":"24 Aug 2026, 12:26 GMT","sequence_badge_label":null,"sequence_count":null,"sequence_count_label":null,"sequence_frames":[],"sequence_kind":null,"source_name":"dengeamerika_com_direct","source_name_label":"Dengeamerika","source_type":"direct_api","summary":"Li bajar\u00ea Amed\u00ea \u015faredar\u00eey\u00ea ji bo jinan zev\u00eeyek ji bo bostanek\u00ee sebze \u00fb \u015f\u00eenkay\u00eey\u00ea terxan kiriye, ku gelek jin di \u00e7ar\u00e7oveya v\u00ea projey\u00ea de be\u015fdar\u00ee proseya \u00e7andin\u00eey\u00ea heta \u00e7in\u00een\u00ea dibin. Xec\u00eecan Farq\u00een serdana Bostan\u00ea Baj\u00ear kir \u00fb raportek amade kir.","title":"Projeya Bostan\u00ea Jinan li Bajar\u00ea Amed\u00ea","topic":"V\u00eedyo Galer\u00ee","translation_language":"","url":"https://voa-video-ns.akamaized.net/pangeavideo/2026/08/9/9d/9dbce8f2-e124-4cd6-f295-08def2b12219_1080p.mp4?cb=ee21e2f5b","video_url":"https://voa-video-ns.akamaized.net/pangeavideo/2026/08/9/9d/9dbce8f2-e124-4cd6-f295-08def2b12219_1080p.mp4?cb=ee21e2f5b"},{"article_body_paragraphs":[],"audio_source_url":null,"author":"S\u00eenor Ker\u00eem","available_dubs":[],"downloadable_assets":["https://voa-video-ns.akamaized.net/pangeavideo/2026/08/7/76/7620e7b0-7181-420d-4801-08decadaa577_1080p.mp4?cb=ee21bd16d"],"duration_display":"3:06","duration_seconds":186.68,"embed_url":null,"id":7910,"image_caption":null,"image_url":"https://gdb.voanews.com/7620e7b0-7181-420d-4801-08decadaa577_tv_mw2048_mh2048_n.jpg","is_clip":true,"item_type":"video","item_type_label":"Video","language_label":"Kurdish","media_credit":"VOA","micro_label":"Video report","micro_label_kind":"video","network_label":"VOA","network_logo_url":"/static/uploads/direct_network_logos/voa_1ef13eedbd2f.svg","published_at":"2026-08-22T17:20:10.960000","published_at_display":"22 Aug 2026, 17:20 GMT","sequence_badge_label":null,"sequence_count":null,"sequence_count_label":null,"sequence_frames":[],"sequence_kind":null,"source_name":"dengeamerika_com_direct","source_name_label":"Dengeamerika","source_type":"direct_api","summary":"Li nav\u00e7eya Bitw\u00eane ya Her\u00eama Kurdistan\u00ea demsala \u00e7in\u00eena gulberojan \u00ead\u00ee destp\u00ea kiriye. Gulberoj yek ji berhem\u00ean serek\u00ee y\u00ean v\u00ea dever\u00ea ne.","title":"Demsala \u00c7in\u00eena Gulberojan li Her\u00eama Kurdistan\u00ea Destp\u00ea Dike","topic":"V\u00eedyo Galer\u00ee","translation_language":"","url":"https://voa-video-ns.akamaized.net/pangeavideo/2026/08/7/76/7620e7b0-7181-420d-4801-08decadaa577_1080p.mp4?cb=ee21bd16d","video_url":"https://voa-video-ns.akamaized.net/pangeavideo/2026/08/7/76/7620e7b0-7181-420d-4801-08decadaa577_1080p.mp4?cb=ee21bd16d"},{"article_body_paragraphs":[],"audio_source_url":null,"author":"J\u00eero M\u00eetan\u00ee","available_dubs":[],"downloadable_assets":["https://voa-video-ns.akamaized.net/pangeavideo/2026/08/4/4f/4f2ae82e-8128-421b-f280-08def2b12219_1080p.mp4?cb=ee21ba038"],"duration_display":"2:58","duration_seconds":178.18,"embed_url":null,"id":7850,"image_caption":null,"image_url":"https://gdb.voanews.com/4f2ae82e-8128-421b-f280-08def2b12219_tv_mw2048_mh2048_n.jpg","is_clip":true,"item_type":"video","item_type_label":"Video","language_label":"Kurdish","media_credit":"VOA","micro_label":"Video report","micro_label_kind":"video","network_label":"VOA","network_logo_url":"/static/uploads/direct_network_logos/voa_1ef13eedbd2f.svg","published_at":"2026-08-22T13:50:48.570000","published_at_display":"22 Aug 2026, 13:50 GMT","sequence_badge_label":null,"sequence_count":null,"sequence_count_label":null,"sequence_frames":[],"sequence_kind":null,"source_name":"dengeamerika_com_direct","source_name_label":"Dengeamerika","source_type":"direct_api","summary":"Tev\u00ee k\u00eamb\u00fbna derfet\u00ean daray\u00ee, li gund\u00ea K\u00ea\u015fk\u00ea y\u00ea par\u00eazgeha Hesek\u00ea li Rojava qehreman\u00eeyeke futbol\u00ea hate lidarxistin. Bi al\u00eekar\u00eeya r\u00fbni\u015ftvan\u00ean gund \u00fb hinek r\u00eaxistin\u00ean siv\u00eel, qehreman\u00ee li l\u00eestikgeha gund bir\u00eave \u00e7\u00fb.","title":"Gundek\u00ee Hesek\u00ea bi Derfet\u00ean S\u00eenordar Qehreman\u00eeyeke Futbol\u00ea Lidar Dixe","topic":"V\u00eedyo Galer\u00ee","translation_language":"","url":"https://voa-video-ns.akamaized.net/pangeavideo/2026/08/4/4f/4f2ae82e-8128-421b-f280-08def2b12219_1080p.mp4?cb=ee21ba038","video_url":"https://voa-video-ns.akamaized.net/pangeavideo/2026/08/4/4f/4f2ae82e-8128-421b-f280-08def2b12219_1080p.mp4?cb=ee21ba038"},{"article_body_paragraphs":[],"audio_source_url":null,"author":"Ozlem Yasak","available_dubs":[],"downloadable_assets":["https://voa-video-ns.akamaized.net/pangeavideo/2026/08/e/ec/ecb943ce-a2a8-4f2e-7f08-08def2ed48ad_1080p.mp4?cb=ee21ab2d0"],"duration_display":"3:17","duration_seconds":197.01,"embed_url":null,"id":7735,"image_caption":null,"image_url":"https://gdb.voanews.com/ecb943ce-a2a8-4f2e-7f08-08def2ed48ad_tv_mw2048_mh2048_n.jpg","is_clip":true,"item_type":"video","item_type_label":"Video","language_label":"Kurdish","media_credit":"VOA","micro_label":"Video report","micro_label_kind":"video","network_label":"VOA","network_logo_url":"/static/uploads/direct_network_logos/voa_1ef13eedbd2f.svg","published_at":"2026-08-21T20:57:52.847000","published_at_display":"21 Aug 2026, 20:57 GMT","sequence_badge_label":null,"sequence_count":null,"sequence_count_label":null,"sequence_frames":[],"sequence_kind":null,"source_name":"dengeamerika_com_direct","source_name_label":"Dengeamerika","source_type":"direct_api","summary":"Rayedar\u00ean Amer\u00eek\u00ee dib\u00eajin wan planeke ku bi \u00eelhama Dai\u015f\u00ea ji bo \u00ear\u00ee\u015fa li avah\u00eeya parlemana w\u00eelayeta New York\u00ea hatib\u00fb amadekirin, p\u00fb\u00e7 kiriye. Jineke 35 sal\u00ee ya ji Albany bi plana teqandina avah\u00eeya parleman\u00ea \u00fb ku\u015ftina qan\u00fbndaneran t\u00ea tawanbarkirin.","title":"Planeke \u00car\u00ee\u015fa Dai\u015f\u00ea li New York\u00ea Hat P\u00fb\u00e7kirin","topic":"V\u00eedyo Galer\u00ee","translation_language":"","url":"https://voa-video-ns.akamaized.net/pangeavideo/2026/08/e/ec/ecb943ce-a2a8-4f2e-7f08-08def2ed48ad_1080p.mp4?cb=ee21ab2d0","video_url":"https://voa-video-ns.akamaized.net/pangeavideo/2026/08/e/ec/ecb943ce-a2a8-4f2e-7f08-08def2ed48ad_1080p.mp4?cb=ee21ab2d0"},{"article_body_paragraphs":[],"audio_source_url":null,"author":"Eyy\u00fbp Dem\u00eer","available_dubs":[],"downloadable_assets":["https://voa-video-ns.akamaized.net/pangeavideo/2026/08/8/8d/8da69b02-c3bd-4ebe-7f07-08def2ed48ad_1080p.mp4?cb=ee21aaeb6"],"duration_display":"2:29","duration_seconds":149.82,"embed_url":null,"id":7721,"image_caption":null,"image_url":"https://gdb.voanews.com/8da69b02-c3bd-4ebe-7f07-08def2ed48ad_tv_mw2048_mh2048_n.jpg","is_clip":true,"item_type":"video","item_type_label":"Video","language_label":"Kurdish","media_credit":"VOA","micro_label":"Video report","micro_label_kind":"video","network_label":"VOA","network_logo_url":"/static/uploads/direct_network_logos/voa_1ef13eedbd2f.svg","published_at":"2026-08-21T20:39:11.590000","published_at_display":"21 Aug 2026, 20:39 GMT","sequence_badge_label":null,"sequence_count":null,"sequence_count_label":null,"sequence_frames":[],"sequence_kind":null,"source_name":"dengeamerika_com_direct","source_name_label":"Dengeamerika","source_type":"direct_api","summary":"Di 20 sal\u00ean daw\u00ee de weberh\u00eanan\u00ean biyan\u00ee li Tirk\u00eey\u00ea k\u00eam b\u00fbne. Pispor sedema v\u00ea yek\u00ea bi rew\u015fa s\u00eeyas\u00ee \u00fb xirab\u00fbna abor\u00eey\u00ea ve gir\u00ea didin.","title":"Welat\u00eey\u00ean Tirk\u00eey\u00ea Gazinan ji Xirab\u00eeya Rew\u015fa Abor\u00ee Dikin","topic":"V\u00eedyo Galer\u00ee","translation_language":"","url":"https://voa-video-ns.akamaized.net/pangeavideo/2026/08/8/8d/8da69b02-c3bd-4ebe-7f07-08def2ed48ad_1080p.mp4?cb=ee21aaeb6","video_url":"https://voa-video-ns.akamaized.net/pangeavideo/2026/08/8/8d/8da69b02-c3bd-4ebe-7f07-08def2ed48ad_1080p.mp4?cb=ee21aaeb6"},{"article_body_paragraphs":[],"audio_source_url":null,"author":null,"available_dubs":[],"downloadable_assets":["https://voa-video-ns.akamaized.net/pangeavideo/2026/08/4/4d/4db1d825-484d-4831-a247-08def2b10d93_1080p.mp4?cb=ee21aa59b"],"duration_display":"3:10","duration_seconds":190.27,"embed_url":null,"id":7709,"image_caption":null,"image_url":"https://gdb.voanews.com/4db1d825-484d-4831-a247-08def2b10d93_tv_mw2048_mh2048_n.jpg","is_clip":true,"item_type":"video","item_type_label":"Video","language_label":"Kurdish","media_credit":"VOA","micro_label":"Video report","micro_label_kind":"video","network_label":"VOA","network_logo_url":"/static/uploads/direct_network_logos/voa_1ef13eedbd2f.svg","published_at":"2026-08-21T19:59:00.190000","published_at_display":"21 Aug 2026, 19:59 GMT","sequence_badge_label":null,"sequence_count":null,"sequence_count_label":null,"sequence_frames":[],"sequence_kind":null,"source_name":"dengeamerika_com_direct","source_name_label":"Dengeamerika","source_type":"direct_api","summary":"Peyamn\u00ear\u00ea Deng\u00ea Amer\u00eeka li Stenbol\u00ea Eyy\u00fbp Dem\u00eer agah\u00eey\u00ean daw\u00ee y\u00ean li dor girj\u00eey\u00ean di navbera Tirk\u00eey\u00ea \u00fb \u00cesra\u00eel\u00ea de dide.","title":"Girj\u00eey\u00ean Navbera Tirk\u00eeye \u00fb \u00cesra\u00eel\u00ea Didomin","topic":"V\u00eedyo Galer\u00ee","translation_language":"","url":"https://voa-video-ns.akamaized.net/pangeavideo/2026/08/4/4d/4db1d825-484d-4831-a247-08def2b10d93_1080p.mp4?cb=ee21aa59b","video_url":"https://voa-video-ns.akamaized.net/pangeavideo/2026/08/4/4d/4db1d825-484d-4831-a247-08def2b10d93_1080p.mp4?cb=ee21aa59b"},{"article_body_paragraphs":[],"audio_source_url":null,"author":null,"available_dubs":[],"downloadable_assets":["https://voa-video-ns.akamaized.net/pangeavideo/2026/08/b/b3/b3911796-e339-457a-f279-08def2b12219_1080p.mp4?cb=ee21aa3d2"],"duration_display":"6:28","duration_seconds":388.56,"embed_url":null,"id":7710,"image_caption":null,"image_url":"https://gdb.voanews.com/b3911796-e339-457a-f279-08def2b12219_tv_mw2048_mh2048_n.jpg","is_clip":false,"item_type":"video","item_type_label":"Video","language_label":"Kurdish","media_credit":"VOA","micro_label":"Video report","micro_label_kind":"video","network_label":"VOA","network_logo_url":"/static/uploads/direct_network_logos/voa_1ef13eedbd2f.svg","published_at":"2026-08-21T19:43:48.240000","published_at_display":"21 Aug 2026, 19:43 GMT","sequence_badge_label":null,"sequence_count":null,"sequence_count_label":null,"sequence_frames":[],"sequence_kind":null,"source_name":"dengeamerika_com_direct","source_name_label":"Dengeamerika","source_type":"direct_api","summary":"Peyamn\u00eara Deng\u00ea Amer\u00eeka li Sil\u00eaman\u00eeya Her\u00eama Kurdistan\u00ea S\u00eenor Ker\u00eem behsa serdana serok\u00ea Parlemana \u00ceran\u00ea bo \u00ceraq\u00ea \u00fb \u00e7areser\u00eeya pirsa kom\u00ean \u00e7ekdar dike.","title":"\u00c7areser\u00eeya Pirsa Kom\u00ean \u00c7ekdar li \u00ceraq\u00ea","topic":"V\u00eedyo Galer\u00ee","translation_language":"","url":"https://voa-video-ns.akamaized.net/pangeavideo/2026/08/b/b3/b3911796-e339-457a-f279-08def2b12219_1080p.mp4?cb=ee21aa3d2","video_url":"https://voa-video-ns.akamaized.net/pangeavideo/2026/08/b/b3/b3911796-e339-457a-f279-08def2b12219_1080p.mp4?cb=ee21aa3d2"},{"article_body_paragraphs":[],"audio_source_url":null,"author":null,"available_dubs":[],"downloadable_assets":["https://voa-video-ns.akamaized.net/pangeavideo/2026/08/6/66/66da92bc-0efe-41e0-47f6-08decadaa577_1080p.mp4?cb=ee21aa56b"],"duration_display":"4:04","duration_seconds":244.97,"embed_url":null,"id":7686,"image_caption":null,"image_url":"https://gdb.voanews.com/66da92bc-0efe-41e0-47f6-08decadaa577_tv_mw2048_mh2048_n.jpg","is_clip":true,"item_type":"video","item_type_label":"Video","language_label":"Kurdish","media_credit":"VOA","micro_label":"Video report","micro_label_kind":"video","network_label":"VOA","network_logo_url":"/static/uploads/direct_network_logos/voa_1ef13eedbd2f.svg","published_at":"2026-08-21T18:56:50.980000","published_at_display":"21 Aug 2026, 18:56 GMT","sequence_badge_label":null,"sequence_count":null,"sequence_count_label":null,"sequence_frames":[],"sequence_kind":null,"source_name":"dengeamerika_com_direct","source_name_label":"Dengeamerika","source_type":"direct_api","summary":"Pispora Kar\u00fbbar\u00ean Navnetew\u00ee Leyla Mirwet\u00ee ku li Finlenday\u00ea dim\u00eene di hevpeyv\u00eeneke taybet de li gel Deng\u00ea Amer\u00eekay\u00ea behsa cezay\u00ean abor\u00ee y\u00ean daw\u00ee y\u00ean Amer\u00eeka li ser \u00ceran\u00ea dike.","title":"Cezay\u00ean Abor\u00ee y\u00ean Amer\u00eekay\u00ea li ser \u00ceran\u00ea","topic":"V\u00eedyo Galer\u00ee","translation_language":"","url":"https://voa-video-ns.akamaized.net/pangeavideo/2026/08/6/66/66da92bc-0efe-41e0-47f6-08decadaa577_1080p.mp4?cb=ee21aa56b","video_url":"https://voa-video-ns.akamaized.net/pangeavideo/2026/08/6/66/66da92bc-0efe-41e0-47f6-08decadaa577_1080p.mp4?cb=ee21aa56b"},{"article_body_paragraphs":[],"audio_source_url":null,"author":null,"available_dubs":[],"downloadable_assets":["https://voa-video-ns.akamaized.net/pangeavideo/2026/08/0/03/03cc4e97-499c-4622-47f4-08decadaa577_1080p.mp4?cb=ee21a961d"],"duration_display":"4:51","duration_seconds":291.03,"embed_url":null,"id":7687,"image_caption":null,"image_url":"https://gdb.voanews.com/03cc4e97-499c-4622-47f4-08decadaa577_tv_mw2048_mh2048_n.jpg","is_clip":true,"item_type":"video","item_type_label":"Video","language_label":"Kurdish","media_credit":"VOA","micro_label":"Video report","micro_label_kind":"video","network_label":"VOA","network_logo_url":"/static/uploads/direct_network_logos/voa_1ef13eedbd2f.svg","published_at":"2026-08-21T18:53:20.280000","published_at_display":"21 Aug 2026, 18:53 GMT","sequence_badge_label":null,"sequence_count":null,"sequence_count_label":null,"sequence_frames":[],"sequence_kind":null,"source_name":"dengeamerika_com_direct","source_name_label":"Dengeamerika","source_type":"direct_api","summary":"Payamn\u00ear\u00ea Deng\u00ea Amer\u00eeka y\u00ea Ko\u015fka Sip\u00ee H\u00eewa Selam behsa bername \u00fb \u00e7alak\u00eey\u00ean \u00eero y\u00ean Ko\u015fka Sip\u00ee dike.","title":"Trump: Eger P\u00eaw\u00eest be, Sed Car\u00ean Din j\u00ee li \u00ceran\u00ea Didim","topic":"V\u00eedyo Galer\u00ee","translation_language":"","url":"https://voa-video-ns.akamaized.net/pangeavideo/2026/08/0/03/03cc4e97-499c-4622-47f4-08decadaa577_1080p.mp4?cb=ee21a961d","video_url":"https://voa-video-ns.akamaized.net/pangeavideo/2026/08/0/03/03cc4e97-499c-4622-47f4-08decadaa577_1080p.mp4?cb=ee21a961d"},{"article_body_paragraphs":[],"audio_source_url":null,"author":"Ridwan B\u00eazar","available_dubs":[],"downloadable_assets":["https://voa-video-ns.akamaized.net/pangeavideo/2026/08/5/5e/5e567a0b-b353-43b7-47f1-08decadaa577_1080p.mp4?cb=ee21a7d25"],"duration_display":"2:31","duration_seconds":151.09,"embed_url":null,"id":7655,"image_caption":null,"image_url":"https://gdb.voanews.com/5e567a0b-b353-43b7-47f1-08decadaa577_tv_mw2048_mh2048_n.jpg","is_clip":true,"item_type":"video","item_type_label":"Video","language_label":"Kurdish","media_credit":"VOA","micro_label":"Video report","micro_label_kind":"video","network_label":"VOA","network_logo_url":"/static/uploads/direct_network_logos/voa_1ef13eedbd2f.svg","published_at":"2026-08-21T17:08:53.913000","published_at_display":"21 Aug 2026, 17:08 GMT","sequence_badge_label":null,"sequence_count":null,"sequence_count_label":null,"sequence_frames":[],"sequence_kind":null,"source_name":"dengeamerika_com_direct","source_name_label":"Dengeamerika","source_type":"direct_api","summary":"Bi hezar\u00ean ciwan\u00ean Koban\u00eey\u00ea di hewildana qazanckirina pereyan li ser internet\u00ea dibin qurban\u00eey\u00ean App\u2019\u00ean sexte \u00fb perey\u00ean xwe ji dest didin. Pispor dib\u00eajin ku ev rew\u015f encama \u015fer \u00fb b\u00eakar\u00eey\u00ea ye, \u00fb daxwaz dikin ku bi away\u00ean qan\u00fbn\u00ee r\u00ea li p\u00ea\u015f van App\u2019an b\u00ea girtin.","title":"Ciwan\u00ean Koban\u00eey\u00ea bi App'\u00ean Sexte T\u00ean Xapandin","topic":"V\u00eedyo Galer\u00ee","translation_language":"","url":"https://voa-video-ns.akamaized.net/pangeavideo/2026/08/5/5e/5e567a0b-b353-43b7-47f1-08decadaa577_1080p.mp4?cb=ee21a7d25","video_url":"https://voa-video-ns.akamaized.net/pangeavideo/2026/08/5/5e/5e567a0b-b353-43b7-47f1-08decadaa577_1080p.mp4?cb=ee21a7d25"},{"article_body_paragraphs":[],"audio_source_url":null,"author":"B\u00eeta Me\u015fayex\u00ee","available_dubs":[],"downloadable_assets":["https://voa-video-ns.akamaized.net/pangeavideo/2026/08/1/11/11068ab5-2dbe-4a81-ca0a-08decaecd3b3_1080p.mp4?cb=ee21a78a4"],"duration_display":"3:14","duration_seconds":194.53,"embed_url":null,"id":7636,"image_caption":null,"image_url":"https://gdb.voanews.com/11068ab5-2dbe-4a81-ca0a-08decaecd3b3_tv_mw2048_mh2048_n.jpg","is_clip":true,"item_type":"video","item_type_label":"Video","language_label":"Kurdish","media_credit":"VOA","micro_label":"Video report","micro_label_kind":"video","network_label":"VOA","network_logo_url":"/static/uploads/direct_network_logos/voa_1ef13eedbd2f.svg","published_at":"2026-08-21T16:30:21.060000","published_at_display":"21 Aug 2026, 16:30 GMT","sequence_badge_label":null,"sequence_count":null,"sequence_count_label":null,"sequence_frames":[],"sequence_kind":null,"source_name":"dengeamerika_com_direct","source_name_label":"Dengeamerika","source_type":"direct_api","summary":"\u015eerker\u00ea Kurd \u00ea navdar Namo Fazil li bajar\u00ea Las Vegas\u00ea y\u00ea W\u00eelayeta Nivaday\u00ea tevl\u00ee p\u00ea\u015fbaz\u00eeyeke navdar b\u00fb \u00fb her\u00e7end\u00ee ew di p\u00ea\u015fbirka daw\u00ee de bi ser neket j\u00ee, hezker\u00ean w\u00ee y\u00ean Kurd dib\u00eajin ew her dim\u00eene qehreman\u00ea wan. Raporta B\u00eeta Me\u015fayex\u00ee b\u00eahtir zanyar\u00ee hene.","title":"\u015eerker\u00ea Kurd Namo Fazil li Las Vegas\u00ea Be\u015fdar\u00ee P\u00ea\u015fbaz\u00eeyek\u00ea B\u00fb","topic":"V\u00eedyo Galer\u00ee","translation_language":"","url":"https://voa-video-ns.akamaized.net/pangeavideo/2026/08/1/11/11068ab5-2dbe-4a81-ca0a-08decaecd3b3_1080p.mp4?cb=ee21a78a4","video_url":"https://voa-video-ns.akamaized.net/pangeavideo/2026/08/1/11/11068ab5-2dbe-4a81-ca0a-08decaecd3b3_1080p.mp4?cb=ee21a78a4"},{"article_body_paragraphs":[],"audio_source_url":null,"author":"Hem\u00eed Mistefa","available_dubs":[],"downloadable_assets":["https://voa-video-ns.akamaized.net/pangeavideo/2026/08/e/ef/ef738a19-507f-40e6-a23f-08def2b10d93_1080p.mp4?cb=ee21b8069"],"duration_display":"3:02","duration_seconds":182.69,"embed_url":null,"id":7600,"image_caption":null,"image_url":"https://gdb.voanews.com/ef738a19-507f-40e6-a23f-08def2b10d93_tv_mw2048_mh2048_n.jpg","is_clip":true,"item_type":"video","item_type_label":"Video","language_label":"Kurdish","media_credit":"VOA","micro_label":"Video report","micro_label_kind":"video","network_label":"VOA","network_logo_url":"/static/uploads/direct_network_logos/voa_1ef13eedbd2f.svg","published_at":"2026-08-21T15:01:35.267000","published_at_display":"21 Aug 2026, 15:01 GMT","sequence_badge_label":null,"sequence_count":null,"sequence_count_label":null,"sequence_frames":[],"sequence_kind":null,"source_name":"dengeamerika_com_direct","source_name_label":"Dengeamerika","source_type":"direct_api","summary":"Koma Jorda ya muz\u00eeka Kurd\u00ee li ser cadey\u00ean Br\u00fbksel\u00ea stran\u00ean Kurd\u00ee p\u00ea\u015fk\u00ea\u015f kirin. Endam\u00ean kom\u00ea dib\u00eajin ew dixwazin performansa wan bala ge\u015ft\u00eeyaran biki\u015f\u00eene \u00fb pirsan li dor muz\u00eeka Kurd\u00ee derxe p\u00ea\u015f. Raporta Hem\u00eed Mistefa b\u00eahtir zanyar\u00ee hene.","title":"Muz\u00eeka Kurd\u00ee li Kolan\u00ean Br\u00fbksel\u00ea Bala Xelk\u00ea Diki\u015f\u00eene","topic":"V\u00eedyo Galer\u00ee","translation_language":"","url":"https://voa-video-ns.akamaized.net/pangeavideo/2026/08/e/ef/ef738a19-507f-40e6-a23f-08def2b10d93_1080p.mp4?cb=ee21b8069","video_url":"https://voa-video-ns.akamaized.net/pangeavideo/2026/08/e/ef/ef738a19-507f-40e6-a23f-08def2b10d93_1080p.mp4?cb=ee21b8069"},{"article_body_paragraphs":[],"audio_source_url":null,"author":"Emced Kurdo","available_dubs":[],"downloadable_assets":["https://voa-video-ns.akamaized.net/pangeavideo/2026/08/8/81/81d9bd60-e965-4ba9-f270-08def2b12219_1080p.mp4?cb=ee21a4f7b"],"duration_display":"2:34","duration_seconds":154.54,"embed_url":null,"id":7569,"image_caption":null,"image_url":"https://gdb.voanews.com/81d9bd60-e965-4ba9-f270-08def2b12219_tv_mw2048_mh2048_n.jpg","is_clip":true,"item_type":"video","item_type_label":"Video","language_label":"Kurdish","media_credit":"VOA","micro_label":"Video report","micro_label_kind":"video","network_label":"VOA","network_logo_url":"/static/uploads/direct_network_logos/voa_1ef13eedbd2f.svg","published_at":"2026-08-21T13:53:03.240000","published_at_display":"21 Aug 2026, 13:53 GMT","sequence_badge_label":null,"sequence_count":null,"sequence_count_label":null,"sequence_frames":[],"sequence_kind":null,"source_name":"dengeamerika_com_direct","source_name_label":"Dengeamerika","source_type":"direct_api","summary":"Bi amadeb\u00fbna bi hezaran welat\u00ee, li parka Azad\u00ee ya Qami\u015flo, ahenga sedsal\u00eeya damezirandina baj\u00ear hat lidarxistin. Di v\u00ea aheng\u00ea de, fermandar\u00ea Gi\u015ft\u00ee y\u00ea H\u00eaz\u00ean S\u00fbr\u00eeya Demokrat\u00eek Mazl\u00fbm Ebd\u00ee \u00fb n\u00fbner\u00ea Hik\u00fbmeta S\u00fbr\u00eey\u00ea Ehmed H\u00eelal\u00ee j\u00ee amade b\u00fbn. Raporta Emced Kurdo ron\u00ee dide ser v\u00ea boney\u00ea.","title":"Sedsal\u00eeya Qami\u015flo li Parka Baj\u00ear Hat P\u00eerozkirin","topic":"V\u00eedyo Galer\u00ee","translation_language":"","url":"https://voa-video-ns.akamaized.net/pangeavideo/2026/08/8/81/81d9bd60-e965-4ba9-f270-08def2b12219_1080p.mp4?cb=ee21a4f7b","video_url":"https://voa-video-ns.akamaized.net/pangeavideo/2026/08/8/81/81d9bd60-e965-4ba9-f270-08def2b12219_1080p.mp4?cb=ee21a4f7b"},{"article_body_paragraphs":[],"audio_source_url":null,"author":"\u00cevan Hes\u00eeb","available_dubs":[],"downloadable_assets":["https://voa-video-ns.akamaized.net/pangeavideo/2026/08/c/c4/c47dc1c8-4d39-4be1-7ef9-08def2ed48ad_1080p.mp4?cb=ee21a4ebe"],"duration_display":"3:12","duration_seconds":192.28,"embed_url":null,"id":7570,"image_caption":null,"image_url":"https://gdb.voanews.com/c47dc1c8-4d39-4be1-7ef9-08def2ed48ad_tv_mw2048_mh2048_n.jpg","is_clip":true,"item_type":"video","item_type_label":"Video","language_label":"Kurdish","media_credit":"VOA","micro_label":"Video report","micro_label_kind":"video","network_label":"VOA","network_logo_url":"/static/uploads/direct_network_logos/voa_1ef13eedbd2f.svg","published_at":"2026-08-21T13:50:54.417000","published_at_display":"21 Aug 2026, 13:50 GMT","sequence_badge_label":null,"sequence_count":null,"sequence_count_label":null,"sequence_frames":[],"sequence_kind":null,"source_name":"dengeamerika_com_direct","source_name_label":"Dengeamerika","source_type":"direct_api","summary":"Malbata Bidrosiyan a Ermen\u00ee ya her\u00ee navdar li bajar\u00ea Qami\u015flo, z\u00eadetir\u00ee 460 salan e p\u00ee\u015feya \u00e7\u00eakirina k\u00fbpan didom\u00eene. Bav \u00fb kal\u00ean wan di sala 1915\u2019an de ji bajar\u00ea Sason\u00ea y\u00ea Tirk\u00eey\u00ea reviyane \u00fb li qerax\u00ean \u00e7em\u00ea Cexceq\u00ea bi cih b\u00fbne. \u00cevan Hes\u00eeb ron\u00ee dide ser \u00e7\u00eeroka wan.","title":"Li Qami\u015flo Malbeteke Ermen Kevne\u015fop\u00eeya \u00c7\u00eakirina K\u00fbpan Parastiye","topic":"V\u00eedyo Galer\u00ee","translation_language":"","url":"https://voa-video-ns.akamaized.net/pangeavideo/2026/08/c/c4/c47dc1c8-4d39-4be1-7ef9-08def2ed48ad_1080p.mp4?cb=ee21a4ebe","video_url":"https://voa-video-ns.akamaized.net/pangeavideo/2026/08/c/c4/c47dc1c8-4d39-4be1-7ef9-08def2ed48ad_1080p.mp4?cb=ee21a4ebe"},{"article_body_paragraphs":[],"audio_source_url":null,"author":"D\u00eeyar Cemal","available_dubs":[],"downloadable_assets":["https://voa-video-ns.akamaized.net/pangeavideo/2026/08/2/29/29e9d178-5810-4a09-47e9-08decadaa577_1080p.mp4?cb=ee21964dd"],"duration_display":"3:54","duration_seconds":234.21,"embed_url":null,"id":7404,"image_caption":null,"image_url":"https://gdb.voanews.com/29e9d178-5810-4a09-47e9-08decadaa577_tv_mw2048_mh2048_n.jpg","is_clip":true,"item_type":"video","item_type_label":"Video","language_label":"Kurdish","media_credit":"VOA","micro_label":"Video report","micro_label_kind":"video","network_label":"VOA","network_logo_url":"/static/uploads/direct_network_logos/voa_1ef13eedbd2f.svg","published_at":"2026-08-20T21:13:01.647000","published_at_display":"20 Aug 2026, 21:13 GMT","sequence_badge_label":null,"sequence_count":null,"sequence_count_label":null,"sequence_frames":[],"sequence_kind":null,"source_name":"dengeamerika_com_direct","source_name_label":"Dengeamerika","source_type":"direct_api","summary":"Serokat\u00eeya Amer\u00eeka \u00fb Wezareta Xez\u00eeney\u00ea ya Amer\u00eekay\u00ea ragihand ku ew\u00ea fi\u015fra\u00ean dijawr \u00fb tundtir danin ser \u00ceran\u00ea \u00fb ew welat \u00fb al\u00eey\u00ean bi \u00ceran\u00ea re bazirgan\u00eey\u00ea dikin. Ev biryara Amer\u00eekay\u00ea rasterast d\u00ea bandor\u00ea li Her\u00eama Kurdsitan\u00ea bik. Diyar Cema ji Hewl\u00ear sedeman zelal dike.","title":"Fi\u015far\u00ean N\u00fb y\u00ean Amer\u00eekay\u00ea li Dij\u00ee \u00ceran\u00ea \u00fb Bandora li Ser Her\u00eama Kurdistan\u00ea","topic":"V\u00eedyo Galer\u00ee","translation_language":"","url":"https://voa-video-ns.akamaized.net/pangeavideo/2026/08/2/29/29e9d178-5810-4a09-47e9-08decadaa577_1080p.mp4?cb=ee21964dd","video_url":"https://voa-video-ns.akamaized.net/pangeavideo/2026/08/2/29/29e9d178-5810-4a09-47e9-08decadaa577_1080p.mp4?cb=ee21964dd"},{"article_body_paragraphs":[],"audio_source_url":null,"author":"Ferhan Hamaxan","available_dubs":[],"downloadable_assets":["https://voa-video-ns.akamaized.net/pangeavideo/2026/08/c/ca/ca59ad50-f006-4588-c9ff-08decaecd3b3_1080p.mp4?cb=ee2196226"],"duration_display":"3:31","duration_seconds":211.45,"embed_url":null,"id":7405,"image_caption":null,"image_url":"https://gdb.voanews.com/ca59ad50-f006-4588-c9ff-08decaecd3b3_tv_mw2048_mh2048_n.jpg","is_clip":true,"item_type":"video","item_type_label":"Video","language_label":"Kurdish","media_credit":"VOA","micro_label":"Video report","micro_label_kind":"video","network_label":"VOA","network_logo_url":"/static/uploads/direct_network_logos/voa_1ef13eedbd2f.svg","published_at":"2026-08-20T21:01:26.667000","published_at_display":"20 Aug 2026, 21:01 GMT","sequence_badge_label":null,"sequence_count":null,"sequence_count_label":null,"sequence_frames":[],"sequence_kind":null,"source_name":"dengeamerika_com_direct","source_name_label":"Dengeamerika","source_type":"direct_api","summary":"Hunera dengb\u00eaj\u00eey\u00ea, Siya\u00e7eman, m\u00fbz\u00eek \u00fb stran\u00ean taybet y\u00ean Hewram\u00ee, wek\u00ee yek ji \u00e7and\u00ean deng\u00ee y\u00ean her\u00ee rast\u00een \u00fb kevnar \u00ean Kurdistan\u00ea ne, l\u00ea gil\u00ee hene ku giring\u00ee bi w\u00ea huner\u00ea \u00fb dengb\u00eaj\u00ean w\u00ea nay\u00ea day\u00een, ew huner li ber neman\u00ea ye.","title":"Metis\u00eeya Lawazb\u00fbn \u00fb Nemana Hunera Dengb\u00eaj\u00eey\u00ea li Hewraman","topic":"V\u00eedyo Galer\u00ee","translation_language":"","url":"https://voa-video-ns.akamaized.net/pangeavideo/2026/08/c/ca/ca59ad50-f006-4588-c9ff-08decaecd3b3_1080p.mp4?cb=ee2196226","video_url":"https://voa-video-ns.akamaized.net/pangeavideo/2026/08/c/ca/ca59ad50-f006-4588-c9ff-08decaecd3b3_1080p.mp4?cb=ee2196226"},{"article_body_paragraphs":[],"audio_source_url":null,"author":"Eyy\u00fbp Dem\u00eer","available_dubs":[],"downloadable_assets":["https://voa-video-ns.akamaized.net/pangeavideo/2026/08/2/2c/2c4a792c-6c7a-4972-81c1-08decae8682a_1080p.mp4?cb=ee21959a9"],"duration_display":"2:08","duration_seconds":128.17,"embed_url":null,"id":7375,"image_caption":null,"image_url":"https://gdb.voanews.com/2c4a792c-6c7a-4972-81c1-08decae8682a_tv_mw2048_mh2048_n.jpg","is_clip":true,"item_type":"video","item_type_label":"Video","language_label":"Kurdish","media_credit":"VOA","micro_label":"Video report","micro_label_kind":"video","network_label":"VOA","network_logo_url":"/static/uploads/direct_network_logos/voa_1ef13eedbd2f.svg","published_at":"2026-08-20T20:22:00.260000","published_at_display":"20 Aug 2026, 20:22 GMT","sequence_badge_label":null,"sequence_count":null,"sequence_count_label":null,"sequence_frames":[],"sequence_kind":null,"source_name":"dengeamerika_com_direct","source_name_label":"Dengeamerika","source_type":"direct_api","summary":"Pi\u015ft\u00ee \u00ear\u00ee\u015fa \u00cesra\u00eel\u00ea ya ser bingeheke h\u00eaz\u00ean esman\u00ee li bakur\u00ea S\u00fbriy\u00ea, girj\u00eey\u00ean di navbera Tirkiy\u00ea \u00fb \u00cesra\u00eel\u00ea de z\u00eade b\u00fbne. Eyy\u00fbp Dem\u00eer ji Stenbol\u00ea, ser w\u00ea mijar\u00ea p\u00eazan\u00een\u00ean z\u00eadetir radigih\u00eene","title":"Girj\u00eey\u00ean Tirk\u00eey\u00ea \u00fb \u00cesra\u00eel\u00ea Derbar\u00ea S\u00fbr\u00eey\u00ea Z\u00eadetir Dibin","topic":"V\u00eedyo Galer\u00ee","translation_language":"","url":"https://voa-video-ns.akamaized.net/pangeavideo/2026/08/2/2c/2c4a792c-6c7a-4972-81c1-08decae8682a_1080p.mp4?cb=ee21959a9","video_url":"https://voa-video-ns.akamaized.net/pangeavideo/2026/08/2/2c/2c4a792c-6c7a-4972-81c1-08decae8682a_1080p.mp4?cb=ee21959a9"},{"article_body_paragraphs":[],"audio_source_url":null,"author":null,"available_dubs":[],"downloadable_assets":[],"duration_display":"0:00","duration_seconds":null,"embed_url":null,"id":7376,"image_caption":null,"image_url":"https://gdb.voanews.com/63f4a6db-132f-4176-c9fc-08decaecd3b3_tv_mw2048_mh2048_n.jpg","is_clip":false,"item_type":"video","item_type_label":"Video","language_label":"Kurdish","media_credit":"VOA","micro_label":"Photo","micro_label_kind":"gallery","network_label":"VOA","network_logo_url":"/static/uploads/direct_network_logos/voa_1ef13eedbd2f.svg","published_at":"2026-08-20T20:11:53.710000","published_at_display":"20 Aug 2026, 20:11 GMT","sequence_badge_label":null,"sequence_count":null,"sequence_count_label":null,"sequence_frames":[],"sequence_kind":null,"source_name":"dengeamerika_com_direct","source_name_label":"Dengeamerika","source_type":"direct_api","summary":"Pi\u015ft\u00ee derbasb\u00fbna qan\u00fbna \u00e7ar\u00e7ovey\u00ee \u00fb pejirandina w\u00ea ji al\u00eey\u00ea piran\u00eeya h\u00eaz\u00ean siyas\u00ee \u00fb civak\u00ee ve li Tirk\u00eey\u00ea, niha t\u00ea \u00e7aver\u00eakirin ku hik\u00fbmeta Tirk\u00eey\u00ea p\u00eangav\u00ean siyas\u00ee \u00fb qan\u00fbn\u00ee biav\u00eaje. Ozlem Yasak zanyar\u00eey\u00ean z\u00eadetir dide.","title":"Proseya A\u015ft\u00eey\u00ea li Tirk\u00eey\u00ea Dikeve di Qonaxek N\u00fb de","topic":"V\u00eedyo Galer\u00ee","translation_language":"","url":null,"video_url":null},{"article_body_paragraphs":[],"audio_source_url":null,"author":"Emced Kurdo","available_dubs":[],"downloadable_assets":["https://voa-video-ns.akamaized.net/pangeavideo/2026/08/2/22/2288f142-8fca-4e75-f26a-08def2b12219_1080p.mp4?cb=ee219558b"],"duration_display":"3:37","duration_seconds":217.49,"embed_url":null,"id":7377,"image_caption":null,"image_url":"https://gdb.voanews.com/2288f142-8fca-4e75-f26a-08def2b12219_tv_mw2048_mh2048_n.jpg","is_clip":true,"item_type":"video","item_type_label":"Video","language_label":"Kurdish","media_credit":"VOA","micro_label":"Video report","micro_label_kind":"video","network_label":"VOA","network_logo_url":"/static/uploads/direct_network_logos/voa_1ef13eedbd2f.svg","published_at":"2026-08-20T20:07:39.583000","published_at_display":"20 Aug 2026, 20:07 GMT","sequence_badge_label":null,"sequence_count":null,"sequence_count_label":null,"sequence_frames":[],"sequence_kind":null,"source_name":"dengeamerika_com_direct","source_name_label":"Dengeamerika","source_type":"direct_api","summary":"Qami\u015flo bajar\u00ea her\u00ee mezin \u00ea Kurd\u00ean Rojava ye, di sedsal\u00eeya baj\u00ear de gelek \u00e7alak\u00ee hatine lidarxistin \u00fb ew \u00e7alak\u00ee dom dikin. T\u00ea \u00e7aver\u00eakirin ku di \u015fah\u00eeya li Parka Azad\u00ee de, girseya gel \u00fb berpirs\u00ean R\u00eaveber\u00eeya Xweser \u00fb Hik\u00fbmeta demk\u00ee ya S\u00fbr\u00eey\u00ea be\u015fdar\u00ee aheng\u00ea bibin.","title":"P\u00eerozbah\u00eey\u00ean Sedsal\u00eeya Bajar\u00ea Qami\u015flo li Parka Azad\u00ee","topic":"V\u00eedyo Galer\u00ee","translation_language":"","url":"https://voa-video-ns.akamaized.net/pangeavideo/2026/08/2/22/2288f142-8fca-4e75-f26a-08def2b12219_1080p.mp4?cb=ee219558b","video_url":"https://voa-video-ns.akamaized.net/pangeavideo/2026/08/2/22/2288f142-8fca-4e75-f26a-08def2b12219_1080p.mp4?cb=ee219558b"}],"next_num":7,"page":6,"pages":15,"per_page":20,"prev_num":5,"total":298}
