{"applied_filters":{"end_date":"","lang":"","language":"","network":"","page":7,"per_page":20,"search":"","source":"","start_date":"","topic":"V\u00eedyo Galer\u00ee","type":"clips"},"available_filters":{"language_choices":[{"label":"Choose Language","value":""},{"label":"English","value":"English"},{"label":"Espa\u00f1ol","value":"Espa\u00f1ol"},{"label":"Kurdish","value":"Kurdish"}],"network_choices":[{"label":"All networks","value":""},{"label":"VOA","value":"VOA"}],"source_choices":[{"label":"All sources","value":""},{"label":"Dengeamerika","value":"dengeamerika_com_direct"}],"sources":["dengeamerika_com_direct"],"topics":["250em\u00een Salvegera Serxweb\u00fbna Amer\u00eekay\u00ea","250\u0647\u06d5\u0645\u06cc\u0646 \u0633\u0627\u06b5\u06cc\u0627\u062f\u06cc \u0633\u06d5\u0631\u0628\u06d5\u062e\u06c6\u06cc\u06cc \u0626\u06d5\u0645\u06d5\u0631\u06cc\u06a9\u0627","Afghanistan","Amer\u00eeka","Am\u00e9rica Latina, VENEZUELA, Maiquetia","Asuntos de Estado","Audiovisuales Mart\u00ed","Audiovisuales Mart\u00ed, Cuba turismo, crisis del turismo en Cuba","Audiovisuales Mart\u00ed, VENEZUELA, apagones","Como Come Cuba, cuba, Como Come Cuba","Cuba Habla","Cuba Habla, Cuba","C\u00eehan","Human Rights","Info Mart\u00ed","Info Mart\u00ed , Cuba","Info Mart\u00ed , Estados Unidos, Colombia","Info Mart\u00ed , Estados Unidos, VENEZUELA","Info Mart\u00ed , estados unidos, Venezuela","Iran","Iz RSE sveta","Korea","Laos","Multimedija","Myanmar","Pacific","Ser Madre en cuba, cuba, hambre, r\u00e9gimen, madre, negligencia, Testimonios, Crisis Econ\u00f3mica, madre cubana, Crisis Alimentaria","Ser viejo en Cuba, cuba, cubanos, crisis, alimentos, ancianos, viejos, vejez","South China Sea","Srbija","Tibet","Ukraine","Video","Videos","V\u00eedyo Galer\u00ee","\u0412\u0438\u0434\u0435\u043e","\u0418\u043d\u0442\u0435\u0440\u0432\u044c\u044e","\u041a\u0430\u0434\u0440\u044b \u0434\u043d\u044f","\u0420\u043e\u0441\u0441\u0438\u044f","\u0421\u043c\u043e\u0442\u0440\u0438 \u0432 \u043e\u0431\u0430","\u0622\u062e\u0631\u06cc\u0646 \u0648\u06cc\u062f\u06cc\u0648\u0647\u0627","\u0626\u06ce\u0631\u0627\u0646","\u0626\u06d5\u0645\u06d5\u0631\u06cc\u06a9\u0627","\u0628\u06d5\u0631\u0646\u0627\u0645\u06d5\u06cc \u0695\u06c6\u0698\u0627\u0646\u06d5\u06cc \u062a\u06d5\u0644\u06d5\u0641\u06cc\u0632\u06cc\u06c6\u0646","\u062a\u0648\u0631\u06a9\u06cc\u0627","\u062c\u0647\u0627\u0646","\u062c\u06cc\u0647\u0627\u0646","\u0633\u0648\u0631\u06cc\u0627","\u0633\u0649\u0646","\u0639\u06ce\u0631\u0627\u0642","\u0642\u0649\u0633\u0642\u0627 \u062e\u06d5\u06cb\u06d5\u0631\u0644\u06d5\u0631","\u0645\u0631\u06a9\u06d0","\u0646\u0648\u0631 \u062e\u0628\u0631\u0648\u0646\u0647","\u0647\u06d5\u0631\u06ce\u0645\u06d5 \u06a9\u0648\u0631\u062f\u06cc\u0640\u06cc\u06d5\u06a9\u0627\u0646","\u0648\u06cc\u062f\u06cc\u0648","\u0648\u06cc\u0698\u0647 \u0628\u0631\u0646\u0627\u0645\u0647\u200c\u0647\u0627","\u0695\u06c6\u0698\u0647\u06d5\u06b5\u0627\u062a\u06cc \u0646\u0627\u0648\u06d5\u0695\u0627\u0633\u062a","\u06a4\u06cc\u062f\u06cc\u06c6","\u0e82\u0ec8\u0eb2\u0ea7\u0ec1\u0ea5\u0eb0\u0ea5\u0eb2\u0e8d\u0e87\u0eb2\u0e99","\u0ea7\u0eb5\u0e94\u0eb5\u0ec2\u0ead","\u0f38\u0f42\u0f7c\u0f44\u0f0b\u0f66\u0f0b\u0f58\u0f46\u0f7c\u0f42","\u0f56\u0f59\u0f53\u0f0b\u0f56\u0fb1\u0f7c\u0f63\u0f0d","\u0f56\u0f62\u0f99\u0f53\u0f0d","\u0f56\u0f7c\u0f51\u0f0d","\u1017\u102e\u1012\u102e\u101a\u102d\u102f\u1019\u103b\u102c\u1038","\u101e\u1010\u1004\u103a\u1038\u1019\u103b\u102c\u1038","\u10d5\u10d8\u10d3\u10d4\u10dd","\u1785\u17d2\u1794\u17b6\u1794\u17cb","\u1793\u1799\u17c4\u1794\u17b6\u1799","\u1794\u179a\u17b7\u179f\u17d2\u1790\u17b6\u1793","\u179c\u17b8\u178a\u17c1\u17a2\u17bc","\u179f\u1784\u17d2\u1782\u1798","\u4eba\u6743\u6cd5\u6cbb","\u56fd\u9645\u65b0\u95fb","\u5c08\u984c","\u5f71\u7247","\u653f\u6cbb","\u65b0\u805e","\u65b0\u95fb\u5feb\u8baf","\u6bcf\u65e5\u89c6\u9891\u65b0\u95fb","\u6e2f\u6fb3\u53f0","\u793e\u4f1a","\u79d1\u6559\u6587","\u7f8e\u56fd\u4e4b\u97f3\u4e13\u8bbf","\u89c6\u9891","\ub274\uc2a4","\ub274\uc2a4 \ud074\ub9ad","\uba40\ud2f0\ubbf8\ub514\uc5b4","\ubbf8\uad6d","\ube44\ub514\uc624","\uc138\uacc4","\ud55c\ubc18\ub3c4"],"types":[["","All types"],["video","Videos"],["clips","Clips"],["media","Media"]]},"has_next":true,"has_prev":true,"items":[{"article_body_paragraphs":[],"audio_source_url":null,"author":null,"available_dubs":[],"downloadable_assets":["https://voa-video-ns.akamaized.net/pangeavideo/2026/08/e/e8/e83e3b72-eb94-47e4-a1f0-08def2b10d93_1080p.mp4?cb=ee2154ae1"],"duration_display":"2:57","duration_seconds":177.81,"embed_url":null,"id":6167,"image_caption":null,"image_url":"https://gdb.voanews.com/e83e3b72-eb94-47e4-a1f0-08def2b10d93_tv_mw2048_mh2048_n.jpg","is_clip":true,"item_type":"video","item_type_label":"Video","language_label":"Kurdish","media_credit":"VOA","micro_label":"Video report","micro_label_kind":"video","network_label":"VOA","network_logo_url":"/static/uploads/direct_network_logos/voa_1ef13eedbd2f.svg","published_at":"2026-08-17T18:33:05.253000","published_at_display":"17 Aug 2026, 18:33 GMT","sequence_badge_label":null,"sequence_count":null,"sequence_count_label":null,"sequence_frames":[],"sequence_kind":null,"source_name":"dengeamerika_com_direct","source_name_label":"Dengeamerika","source_type":"direct_api","summary":"Serok Donald Trump peymana n\u00fb ya berevaniya hevbe\u015f ya di navbera Tirk\u00eey\u00ea, Erebistana Sa\u00fbd\u00ee \u00fb Pakistan\u00ea de p\u00ea\u015fwaz\u00ee kir \u00fb ew wek \"gaveke yekem a mezin, w\u00earek \u00fb gir\u00eeng\" bi nav kir.","title":"Trump P\u00ea\u015fwaz\u00eeya Peymana Berevan\u00eey\u00ea ya Mekkey\u00ea Dike","topic":"V\u00eedyo Galer\u00ee","translation_language":"","url":"https://voa-video-ns.akamaized.net/pangeavideo/2026/08/e/e8/e83e3b72-eb94-47e4-a1f0-08def2b10d93_1080p.mp4?cb=ee2154ae1","video_url":"https://voa-video-ns.akamaized.net/pangeavideo/2026/08/e/e8/e83e3b72-eb94-47e4-a1f0-08def2b10d93_1080p.mp4?cb=ee2154ae1"},{"article_body_paragraphs":[],"audio_source_url":null,"author":null,"available_dubs":[],"downloadable_assets":["https://voa-video-ns.akamaized.net/pangeavideo/2026/08/d/d3/d37a14dc-f142-4fe9-7eab-08def2ed48ad_1080p.mp4?cb=ee2154501"],"duration_display":"1:55","duration_seconds":115.13,"embed_url":null,"id":6168,"image_caption":null,"image_url":"https://gdb.voanews.com/d37a14dc-f142-4fe9-7eab-08def2ed48ad_tv_mw2048_mh2048_n.jpg","is_clip":true,"item_type":"video","item_type_label":"Video","language_label":"Kurdish","media_credit":"VOA","micro_label":"Video report","micro_label_kind":"video","network_label":"VOA","network_logo_url":"/static/uploads/direct_network_logos/voa_1ef13eedbd2f.svg","published_at":"2026-08-17T18:08:01.900000","published_at_display":"17 Aug 2026, 18:08 GMT","sequence_badge_label":null,"sequence_count":null,"sequence_count_label":null,"sequence_frames":[],"sequence_kind":null,"source_name":"dengeamerika_com_direct","source_name_label":"Dengeamerika","source_type":"direct_api","summary":"\u015e\u00eawirmend\u00ea Bilind \u00ea Serok\u00ea Amer\u00eekay\u00ea Jared Kushner \u00eero Du\u015fem\u00ea, li Or\u015fel\u00eem\u00ea(Quds) bi Serokwez\u00eer\u00ea Isra\u00eel Benjamin Netanyahu re civiya da ku plana Serok Donald Trump ji bo daw\u00eekirina \u015fer\u00ea Xezay\u00ea dan\u00fbstandinan bikin \u00fb plana a\u015ft\u00eey\u00ea p\u00ea\u015f bixin.","title":"Kushner Pi\u015ft\u00ee Hevd\u00eetina bi R\u00eaber\u00ea Hamas\u00ea re bi Serokwez\u00eer\u00ea \u00cesra\u00eel\u00ea re Civiya","topic":"V\u00eedyo Galer\u00ee","translation_language":"","url":"https://voa-video-ns.akamaized.net/pangeavideo/2026/08/d/d3/d37a14dc-f142-4fe9-7eab-08def2ed48ad_1080p.mp4?cb=ee2154501","video_url":"https://voa-video-ns.akamaized.net/pangeavideo/2026/08/d/d3/d37a14dc-f142-4fe9-7eab-08def2ed48ad_1080p.mp4?cb=ee2154501"},{"article_body_paragraphs":[],"audio_source_url":null,"author":"Emced Kurdo","available_dubs":[],"downloadable_assets":["https://voa-video-ns.akamaized.net/pangeavideo/2026/08/0/03/0366e292-6cd3-430c-c9a8-08decaecd3b3_1080p.mp4?cb=ee215292f"],"duration_display":"3:25","duration_seconds":205.24,"embed_url":null,"id":6116,"image_caption":null,"image_url":"https://gdb.voanews.com/0366e292-6cd3-430c-c9a8-08decaecd3b3_tv_mw2048_mh2048_n.jpg","is_clip":true,"item_type":"video","item_type_label":"Video","language_label":"Kurdish","media_credit":"VOA","micro_label":"Video report","micro_label_kind":"video","network_label":"VOA","network_logo_url":"/static/uploads/direct_network_logos/voa_1ef13eedbd2f.svg","published_at":"2026-08-17T16:09:19.793000","published_at_display":"17 Aug 2026, 16:09 GMT","sequence_badge_label":null,"sequence_count":null,"sequence_count_label":null,"sequence_frames":[],"sequence_kind":null,"source_name":"dengeamerika_com_direct","source_name_label":"Dengeamerika","source_type":"direct_api","summary":"Niv\u00eeskar\u00ea naskir\u00ee Kon\u00ea Re\u015f roleke berbi\u00e7av di parastina folklor, edebiyat \u00fb d\u00eeroka kurd\u00ee de l\u00eestiye, \u00fb yek ji wan kesan e ku nav\u00ean wan bi d\u00eeroka bajar\u00ea Qami\u015flo \u00fb m\u00eerateya Bederxaniyan e ve gir\u00eaday\u00ee ye. Ev raport di salvegera sedsal\u00eeya bajar\u00ea Qami\u015flo de, rola Kon\u00ea Re\u015f p\u00ea\u015f\u00e7av dike.","title":"\u00c7\u00eeroka Kon\u00ea Re\u015f \u00fb Serbora W\u00ee ya Niv\u00eeskar\u00eey\u00ea","topic":"V\u00eedyo Galer\u00ee","translation_language":"","url":"https://voa-video-ns.akamaized.net/pangeavideo/2026/08/0/03/0366e292-6cd3-430c-c9a8-08decaecd3b3_1080p.mp4?cb=ee215292f","video_url":"https://voa-video-ns.akamaized.net/pangeavideo/2026/08/0/03/0366e292-6cd3-430c-c9a8-08decaecd3b3_1080p.mp4?cb=ee215292f"},{"article_body_paragraphs":[],"audio_source_url":null,"author":"Hem\u00eed Mistefa","available_dubs":[],"downloadable_assets":["https://voa-video-ns.akamaized.net/pangeavideo/2026/08/6/61/61cb8795-a0f8-4904-4789-08decadaa577_1080p.mp4?cb=ee215213a"],"duration_display":"2:17","duration_seconds":137.24,"embed_url":null,"id":6063,"image_caption":null,"image_url":"https://gdb.voanews.com/61cb8795-a0f8-4904-4789-08decadaa577_tv_mw2048_mh2048_n.jpg","is_clip":true,"item_type":"video","item_type_label":"Video","language_label":"Kurdish","media_credit":"VOA","micro_label":"Video report","micro_label_kind":"video","network_label":"VOA","network_logo_url":"/static/uploads/direct_network_logos/voa_1ef13eedbd2f.svg","published_at":"2026-08-17T15:35:22.380000","published_at_display":"17 Aug 2026, 15:35 GMT","sequence_badge_label":null,"sequence_count":null,"sequence_count_label":null,"sequence_frames":[],"sequence_kind":null,"source_name":"dengeamerika_com_direct","source_name_label":"Dengeamerika","source_type":"direct_api","summary":"Bajar\u00ea M\u00eelano y\u00ea \u00cetal\u00ee, yek ji bajar\u00ean Ewropa y\u00ean her\u00ee z\u00eade bala ge\u015ftiyaran diki\u015f\u00eene, her sal\u00ea bi milyonan ge\u015ftiyar t\u00ean v\u00ee bajar\u00ee, l\u00ea rew\u015fa xirab ya abor\u00eeya Ewropay\u00ea bandor li jiyana xelk\u00ea baj\u00ear \u00fb bazaran kiriye.","title":"Bandora Abor\u00ee \u00fb Siyaseta Ewopay\u00ea li Ser Bajar\u00ea M\u00eelano y\u00ea Ge\u015ftiyar\u00ee","topic":"V\u00eedyo Galer\u00ee","translation_language":"","url":"https://voa-video-ns.akamaized.net/pangeavideo/2026/08/6/61/61cb8795-a0f8-4904-4789-08decadaa577_1080p.mp4?cb=ee215213a","video_url":"https://voa-video-ns.akamaized.net/pangeavideo/2026/08/6/61/61cb8795-a0f8-4904-4789-08decadaa577_1080p.mp4?cb=ee215213a"},{"article_body_paragraphs":[],"audio_source_url":null,"author":"Eyy\u00fbp Dem\u00eer","available_dubs":[],"downloadable_assets":["https://voa-video-ns.akamaized.net/pangeavideo/2026/08/f/f7/f787b124-ca86-4659-c9a0-08decaecd3b3_1080p.mp4?cb=ee2154c11"],"duration_display":"2:40","duration_seconds":160.17,"embed_url":null,"id":6065,"image_caption":null,"image_url":"https://gdb.voanews.com/f787b124-ca86-4659-c9a0-08decaecd3b3_tv_mw2048_mh2048_n.jpg","is_clip":true,"item_type":"video","item_type_label":"Video","language_label":"Kurdish","media_credit":"VOA","micro_label":"Video report","micro_label_kind":"video","network_label":"VOA","network_logo_url":"/static/uploads/direct_network_logos/voa_1ef13eedbd2f.svg","published_at":"2026-08-17T15:16:19.510000","published_at_display":"17 Aug 2026, 15:16 GMT","sequence_badge_label":null,"sequence_count":null,"sequence_count_label":null,"sequence_frames":[],"sequence_kind":null,"source_name":"dengeamerika_com_direct","source_name_label":"Dengeamerika","source_type":"direct_api","summary":"Bi hezaran girt\u00eey\u00ean siyas\u00ee niha di zindan\u00ean Tirk\u00eey\u00ea de ne, ku yek ji wan j\u00ee Siyasetmedar\u00ea Kurd y\u00ea naskir\u00ee Selahatt\u00een Dem\u00eerta\u015f e. Pirsa sereke ewe ku gelo Qan\u00fbna \u00c7ar\u00e7ovey\u00ee w\u00ea li p\u00ea\u015f\u00eeya derketina Dem\u00eerta\u015f r\u00ea veke an na?","title":"Rew\u015fa Selahattin Demirta\u015f Di Qan\u00fbna \u00c7ar\u00e7ovey\u00ee de","topic":"V\u00eedyo Galer\u00ee","translation_language":"","url":"https://voa-video-ns.akamaized.net/pangeavideo/2026/08/f/f7/f787b124-ca86-4659-c9a0-08decaecd3b3_1080p.mp4?cb=ee2154c11","video_url":"https://voa-video-ns.akamaized.net/pangeavideo/2026/08/f/f7/f787b124-ca86-4659-c9a0-08decaecd3b3_1080p.mp4?cb=ee2154c11"},{"article_body_paragraphs":[],"audio_source_url":null,"author":null,"available_dubs":[],"downloadable_assets":["https://voa-video-ns.akamaized.net/pangeavideo/2026/08/b/bc/bc7632f4-77cc-4ea0-4787-08decadaa577_1080p.mp4?cb=ee2151e3e"],"duration_display":"1:31","duration_seconds":91.54,"embed_url":null,"id":6064,"image_caption":null,"image_url":"https://gdb.voanews.com/bc7632f4-77cc-4ea0-4787-08decadaa577_tv_mw2048_mh2048_n.jpg","is_clip":true,"item_type":"video","item_type_label":"Video","language_label":"Kurdish","media_credit":"VOA","micro_label":"Video report","micro_label_kind":"video","network_label":"VOA","network_logo_url":"/static/uploads/direct_network_logos/voa_1ef13eedbd2f.svg","published_at":"2026-08-17T15:02:17.807000","published_at_display":"17 Aug 2026, 15:02 GMT","sequence_badge_label":null,"sequence_count":null,"sequence_count_label":null,"sequence_frames":[],"sequence_kind":null,"source_name":"dengeamerika_com_direct","source_name_label":"Dengeamerika","source_type":"direct_api","summary":"Serok\u00ea Amer\u00eekay\u00ea Donald Trump \u00eero roja Du\u015fem\u00ea ragihand ku div\u00ea \u00ceran bi ti away\u00ee nebe xwed\u00eeya \u00e7ek\u00ean navok\u00ee. Trump herwiha got, ku div\u00ea \u00ceran ala sip\u00ee hilde \u00fb radest bibe.","title":"Serok Trump Dib\u00eaje; Div\u00ea \u00ceran Ti Car\u00ee Nebe Xwed\u00eeya \u00c7ek\u00ean Navok\u00ee","topic":"V\u00eedyo Galer\u00ee","translation_language":"","url":"https://voa-video-ns.akamaized.net/pangeavideo/2026/08/b/bc/bc7632f4-77cc-4ea0-4787-08decadaa577_1080p.mp4?cb=ee2151e3e","video_url":"https://voa-video-ns.akamaized.net/pangeavideo/2026/08/b/bc/bc7632f4-77cc-4ea0-4787-08decadaa577_1080p.mp4?cb=ee2151e3e"},{"article_body_paragraphs":[],"audio_source_url":null,"author":"Ferhan Hamaxan","available_dubs":[],"downloadable_assets":["https://voa-video-ns.akamaized.net/pangeavideo/2026/08/d/dc/dc47dcce-d408-45f8-c9a2-08decaecd3b3_1080p.mp4?cb=ee21550ae"],"duration_display":"3:53","duration_seconds":233.62,"embed_url":null,"id":6045,"image_caption":null,"image_url":"https://gdb.voanews.com/dc47dcce-d408-45f8-c9a2-08decaecd3b3_tv_mw2048_mh2048_n.jpg","is_clip":true,"item_type":"video","item_type_label":"Video","language_label":"Kurdish","media_credit":"VOA","micro_label":"Video report","micro_label_kind":"video","network_label":"VOA","network_logo_url":"/static/uploads/direct_network_logos/voa_1ef13eedbd2f.svg","published_at":"2026-08-17T14:58:08.727000","published_at_display":"17 Aug 2026, 14:58 GMT","sequence_badge_label":null,"sequence_count":null,"sequence_count_label":null,"sequence_frames":[],"sequence_kind":null,"source_name":"dengeamerika_com_direct","source_name_label":"Dengeamerika","source_type":"direct_api","summary":"Bawermend\u00ean Kakey\u00ee y\u00ean li gundewar\u00ea Hewraman\u00ea dij\u00een, Daxwaza avakirina navende ol\u00ee taybet bo bawermend\u00ean Kakey\u00ee li her\u00eam\u00ea ava bikin.","title":"Bawermend\u00ean Kakey\u00ee Daxwaza Avakirina Navendeke Ol\u00ee Dikin","topic":"V\u00eedyo Galer\u00ee","translation_language":"","url":"https://voa-video-ns.akamaized.net/pangeavideo/2026/08/d/dc/dc47dcce-d408-45f8-c9a2-08decaecd3b3_1080p.mp4?cb=ee21550ae","video_url":"https://voa-video-ns.akamaized.net/pangeavideo/2026/08/d/dc/dc47dcce-d408-45f8-c9a2-08decaecd3b3_1080p.mp4?cb=ee21550ae"},{"article_body_paragraphs":[],"audio_source_url":null,"author":"D\u00eeyar Cemal","available_dubs":[],"downloadable_assets":["https://voa-video-ns.akamaized.net/pangeavideo/2026/08/6/62/6215c7a8-212d-42b3-4788-08decadaa577_1080p.mp4?cb=ee215169a"],"duration_display":"3:10","duration_seconds":190.24,"embed_url":null,"id":6046,"image_caption":null,"image_url":"https://gdb.voanews.com/6215c7a8-212d-42b3-4788-08decadaa577_tv_mw2048_mh2048_n.jpg","is_clip":true,"item_type":"video","item_type_label":"Video","language_label":"Kurdish","media_credit":"VOA","micro_label":"Video report","micro_label_kind":"video","network_label":"VOA","network_logo_url":"/static/uploads/direct_network_logos/voa_1ef13eedbd2f.svg","published_at":"2026-08-17T14:50:02.570000","published_at_display":"17 Aug 2026, 14:50 GMT","sequence_badge_label":null,"sequence_count":null,"sequence_count_label":null,"sequence_frames":[],"sequence_kind":null,"source_name":"dengeamerika_com_direct","source_name_label":"Dengeamerika","source_type":"direct_api","summary":"Tevgera \u00ceslam\u00ee ya siyas\u00ee li Her\u00eama Kurdistan\u00ea di pa\u015fve\u00e7\u00fbn \u00fb b\u00eabawr\u00eeya gel de ye, ji ber v\u00ea yek\u00ea ew nekar\u00eene xizmeta doza Kurd\u00ee bikin \u00fb li gor\u00ee anal\u00eest\u00ean siyas\u00ee, neb\u00fbna zelaliy\u00ea di bernamey\u00ean wan de sedema windakirina deng\u00ea gel e.","title":"Pi\u015ftevan\u00eeya Gel bo Tevgera \u00ceslam\u00ee ya Siyas\u00ee li Her\u00eama Kurdistan\u00ea K\u00eam Dibe","topic":"V\u00eedyo Galer\u00ee","translation_language":"","url":"https://voa-video-ns.akamaized.net/pangeavideo/2026/08/6/62/6215c7a8-212d-42b3-4788-08decadaa577_1080p.mp4?cb=ee215169a","video_url":"https://voa-video-ns.akamaized.net/pangeavideo/2026/08/6/62/6215c7a8-212d-42b3-4788-08decadaa577_1080p.mp4?cb=ee215169a"},{"article_body_paragraphs":[],"audio_source_url":null,"author":"Xetab Omer","available_dubs":[],"downloadable_assets":["https://voa-video-ns.akamaized.net/pangeavideo/2026/08/e/e6/e6243dd9-b2c6-40cf-4773-08decadaa577_1080p.mp4?cb=ee2129dbf"],"duration_display":"2:39","duration_seconds":159.88,"embed_url":null,"id":5560,"image_caption":null,"image_url":"https://gdb.voanews.com/e6243dd9-b2c6-40cf-4773-08decadaa577_tv_mw2048_mh2048_n.jpg","is_clip":true,"item_type":"video","item_type_label":"Video","language_label":"Kurdish","media_credit":"VOA","micro_label":"Video report","micro_label_kind":"video","network_label":"VOA","network_logo_url":"/static/uploads/direct_network_logos/voa_1ef13eedbd2f.svg","published_at":"2026-08-15T17:49:51.373000","published_at_display":"15 Aug 2026, 17:49 GMT","sequence_badge_label":null,"sequence_count":null,"sequence_count_label":null,"sequence_frames":[],"sequence_kind":null,"source_name":"dengeamerika_com_direct","source_name_label":"Dengeamerika","source_type":"direct_api","summary":"Eb\u00fb Eymen xiristiyanek\u00ee Keldan\u00ee y\u00ea bajar\u00ea Zaxoy\u00ea ye ku n\u00eeva temen\u00ea xwe ji bo komkirina kel\u00fbpel\u00ean kelepora ay\u00een \u00fb netewey\u00ean cuda y\u00ean her\u00eam\u00ea terxan kiriye. Raporta Xetab Omer zanyar\u00eey\u00ean b\u00eahtir hene.","title":"Xirist\u00eeyanek\u00ee Zaxoy\u00ea Mozexaneyeke Kelepor\u00ee Vekiriye","topic":"V\u00eedyo Galer\u00ee","translation_language":"","url":"https://voa-video-ns.akamaized.net/pangeavideo/2026/08/e/e6/e6243dd9-b2c6-40cf-4773-08decadaa577_1080p.mp4?cb=ee2129dbf","video_url":"https://voa-video-ns.akamaized.net/pangeavideo/2026/08/e/e6/e6243dd9-b2c6-40cf-4773-08decadaa577_1080p.mp4?cb=ee2129dbf"},{"article_body_paragraphs":[],"audio_source_url":null,"author":"Ridwan B\u00eazar","available_dubs":[],"downloadable_assets":["https://voa-video-ns.akamaized.net/pangeavideo/2026/08/d/d5/d517c1dd-b914-4f17-f215-08def2b12219_1080p.mp4?cb=ee2129083"],"duration_display":"2:48","duration_seconds":168.06,"embed_url":null,"id":5546,"image_caption":null,"image_url":"https://gdb.voanews.com/d517c1dd-b914-4f17-f215-08def2b12219_tv_mw2048_mh2048_n.jpg","is_clip":true,"item_type":"video","item_type_label":"Video","language_label":"Kurdish","media_credit":"VOA","micro_label":"Video report","micro_label_kind":"video","network_label":"VOA","network_logo_url":"/static/uploads/direct_network_logos/voa_1ef13eedbd2f.svg","published_at":"2026-08-15T16:53:23.710000","published_at_display":"15 Aug 2026, 16:53 GMT","sequence_badge_label":null,"sequence_count":null,"sequence_count_label":null,"sequence_frames":[],"sequence_kind":null,"source_name":"dengeamerika_com_direct","source_name_label":"Dengeamerika","source_type":"direct_api","summary":"Roj\u00ean \u015fer \u00fb dorp\u00ea\u00e7a li ser Koban\u00eey\u00ea bandor li ser xwendekar\u00ean baj\u00ear kir, l\u00ea tev\u00ee w\u00ea j\u00ee, hin xwendekar\u00ean wek\u00ee El\u00ee Mihemed Qadir di xwendina xwe de serkeft\u00ee ne. Raporta Ridwan b\u00eazar zanyar\u00eey\u00ean b\u00eahtir hene.","title":"Xwendekar\u00ean Koban\u00eey\u00ea di Rew\u015f\u00ean Zehmet de Biser Dikevin","topic":"V\u00eedyo Galer\u00ee","translation_language":"","url":"https://voa-video-ns.akamaized.net/pangeavideo/2026/08/d/d5/d517c1dd-b914-4f17-f215-08def2b12219_1080p.mp4?cb=ee2129083","video_url":"https://voa-video-ns.akamaized.net/pangeavideo/2026/08/d/d5/d517c1dd-b914-4f17-f215-08def2b12219_1080p.mp4?cb=ee2129083"},{"article_body_paragraphs":[],"audio_source_url":null,"author":"\u00cevan Hes\u00eeb","available_dubs":[],"downloadable_assets":["https://voa-video-ns.akamaized.net/pangeavideo/2026/08/3/3b/3bbd4996-b3fc-4e2e-8155-08decae8682a_1080p.mp4?cb=ee2168221"],"duration_display":"3:29","duration_seconds":209.43,"embed_url":null,"id":5515,"image_caption":null,"image_url":"https://gdb.voanews.com/3bbd4996-b3fc-4e2e-8155-08decae8682a_tv_mw2048_mh2048_n.jpg","is_clip":true,"item_type":"video","item_type_label":"Video","language_label":"Kurdish","media_credit":"VOA","micro_label":"Video report","micro_label_kind":"video","network_label":"VOA","network_logo_url":"/static/uploads/direct_network_logos/voa_1ef13eedbd2f.svg","published_at":"2026-08-15T15:13:57.760000","published_at_display":"15 Aug 2026, 15:13 GMT","sequence_badge_label":null,"sequence_count":null,"sequence_count_label":null,"sequence_frames":[],"sequence_kind":null,"source_name":"dengeamerika_com_direct","source_name_label":"Dengeamerika","source_type":"direct_api","summary":"Li bajar\u00ea Qami\u015flo, ni\u015ftecih ji ber neb\u00fbna bankeke xw\u00een\u00ea zehmetyan diki\u015f\u00eenin \u00fb z\u00eeyan gihi\u015ft\u00eeye sektora tendurist\u00eey\u00ea. V\u00ea yek\u00ea bi taybet\u00ee rew\u015fa nexwe\u015f\u00ean talas\u00eema \u00fb pence\u015f\u00ear\u00ea xerabtir kiriye. Raporta \u00cevan Hes\u00eeb b\u00eahtir agah\u00ee hene.","title":"Neb\u00fbna Bankeke Xw\u00een\u00ea li Qami\u015flo Rew\u015fa Nexwe\u015fan Aloz Kiriye","topic":"V\u00eedyo Galer\u00ee","translation_language":"","url":"https://voa-video-ns.akamaized.net/pangeavideo/2026/08/3/3b/3bbd4996-b3fc-4e2e-8155-08decae8682a_1080p.mp4?cb=ee2168221","video_url":"https://voa-video-ns.akamaized.net/pangeavideo/2026/08/3/3b/3bbd4996-b3fc-4e2e-8155-08decae8682a_1080p.mp4?cb=ee2168221"},{"article_body_paragraphs":[],"audio_source_url":null,"author":null,"available_dubs":[],"downloadable_assets":["https://voa-video-ns.akamaized.net/pangeavideo/2026/08/8/80/8070532f-632d-48fd-7e8b-08def2ed48ad_1080p.mp4?cb=ee2116a35"],"duration_display":"2:26","duration_seconds":146.41,"embed_url":null,"id":5338,"image_caption":null,"image_url":"https://gdb.voanews.com/8070532f-632d-48fd-7e8b-08def2ed48ad_tv_mw2048_mh2048_n.jpg","is_clip":true,"item_type":"video","item_type_label":"Video","language_label":"Kurdish","media_credit":"VOA","micro_label":"Video report","micro_label_kind":"video","network_label":"VOA","network_logo_url":"/static/uploads/direct_network_logos/voa_1ef13eedbd2f.svg","published_at":"2026-08-14T19:57:41.797000","published_at_display":"14 Aug 2026, 19:57 GMT","sequence_badge_label":null,"sequence_count":null,"sequence_count_label":null,"sequence_frames":[],"sequence_kind":null,"source_name":"dengeamerika_com_direct","source_name_label":"Dengeamerika","source_type":"direct_api","summary":"Z\u00eadeb\u00fbna Giring\u00eeya Tengava Hormuz\u00ea di Opresyon\u00ean Le\u015fker\u00ea Amer\u00eekay\u00ea de, Are\u015f Salih di v\u00ea raport\u00ea de p\u00eazan\u00een\u00ean z\u00eadetir radigih\u00eene.","title":"Z\u00eadeb\u00fbna Giring\u00eeya Tengava Hormuz\u00ea di Opresyon\u00ean Le\u015fker\u00ea Amer\u00eekay\u00ea de","topic":"V\u00eedyo Galer\u00ee","translation_language":"","url":"https://voa-video-ns.akamaized.net/pangeavideo/2026/08/8/80/8070532f-632d-48fd-7e8b-08def2ed48ad_1080p.mp4?cb=ee2116a35","video_url":"https://voa-video-ns.akamaized.net/pangeavideo/2026/08/8/80/8070532f-632d-48fd-7e8b-08def2ed48ad_1080p.mp4?cb=ee2116a35"},{"article_body_paragraphs":[],"audio_source_url":null,"author":"S\u00eenor Ker\u00eem","available_dubs":[],"downloadable_assets":["https://voa-video-ns.akamaized.net/pangeavideo/2026/08/1/18/18ae97d5-2b18-444a-f20c-08def2b12219_1080p.mp4?cb=ee211679b"],"duration_display":"3:02","duration_seconds":182.52,"embed_url":null,"id":5339,"image_caption":null,"image_url":"https://gdb.voanews.com/18ae97d5-2b18-444a-f20c-08def2b12219_tv_mw2048_mh2048_n.jpg","is_clip":true,"item_type":"video","item_type_label":"Video","language_label":"Kurdish","media_credit":"VOA","micro_label":"Video report","micro_label_kind":"video","network_label":"VOA","network_logo_url":"/static/uploads/direct_network_logos/voa_1ef13eedbd2f.svg","published_at":"2026-08-14T19:46:35.067000","published_at_display":"14 Aug 2026, 19:46 GMT","sequence_badge_label":null,"sequence_count":null,"sequence_count_label":null,"sequence_frames":[],"sequence_kind":null,"source_name":"dengeamerika_com_direct","source_name_label":"Dengeamerika","source_type":"direct_api","summary":"Hik\u00fbmeta \u00ceraq\u00ea dib\u00eaje ku dawiya \u00celon\u00ea wek\u00ee roja daw\u00ee ji bo veki\u015f\u00eena h\u00eaz\u00ean biyan\u00ee ye li \u00ceraq\u00ea, hin Parlemanter \u00fb welat\u00ee daxwaz dikin ku le\u015fker\u00ean Tirk \u00ean ku 30 k\u00eelometreyan ketine Her\u00eama Kurdistan\u00ea, derkevin.","title":"Hin Parlemanter \u00fb Welat\u00ee Daxwaz Dikin ku H\u00eaz\u00ean Tirkiy\u00eay\u00ea ji \u00ceraq \u00fb Her\u00eaam Kurdistan\u00ea derkevin","topic":"V\u00eedyo Galer\u00ee","translation_language":"","url":"https://voa-video-ns.akamaized.net/pangeavideo/2026/08/1/18/18ae97d5-2b18-444a-f20c-08def2b12219_1080p.mp4?cb=ee211679b","video_url":"https://voa-video-ns.akamaized.net/pangeavideo/2026/08/1/18/18ae97d5-2b18-444a-f20c-08def2b12219_1080p.mp4?cb=ee211679b"},{"article_body_paragraphs":[],"audio_source_url":null,"author":null,"available_dubs":[],"downloadable_assets":["https://voa-video-ns.akamaized.net/pangeavideo/2026/08/f/fb/fbb77ba9-60a0-458d-476a-08decadaa577_1080p.mp4?cb=ee21160cc"],"duration_display":"4:56","duration_seconds":296.38,"embed_url":null,"id":5328,"image_caption":null,"image_url":"https://gdb.voanews.com/fbb77ba9-60a0-458d-476a-08decadaa577_tv_mw2048_mh2048_n.jpg","is_clip":true,"item_type":"video","item_type_label":"Video","language_label":"Kurdish","media_credit":"VOA","micro_label":"Video report","micro_label_kind":"video","network_label":"VOA","network_logo_url":"/static/uploads/direct_network_logos/voa_1ef13eedbd2f.svg","published_at":"2026-08-14T19:17:32.917000","published_at_display":"14 Aug 2026, 19:17 GMT","sequence_badge_label":null,"sequence_count":null,"sequence_count_label":null,"sequence_frames":[],"sequence_kind":null,"source_name":"dengeamerika_com_direct","source_name_label":"Dengeamerika","source_type":"direct_api","summary":"A\u015ftiya li Tirk\u00eey\u00ea pi\u015ft\u00ee pejirandina Qan\u00fbna \u00c7ar\u00e7ovey\u00ee ji aliy\u00ea piran\u00ee ya h\u00eaz\u00ean siyas\u00ee \u00fb parlemantoya Tirk\u00eey\u00ea ve, niha dikeve di qonaxa c\u00eebic\u00eekirin\u00ea de. Ozlem Yasak p\u00eazan\u00een\u00ean z\u00eadetir dide.","title":"Qan\u00fbna \u00c7ar\u00e7ovey\u00ee li Tirk\u00eey\u00ea Dikeve di Qonaxa C\u00eebic\u00eekirin\u00ea de","topic":"V\u00eedyo Galer\u00ee","translation_language":"","url":"https://voa-video-ns.akamaized.net/pangeavideo/2026/08/f/fb/fbb77ba9-60a0-458d-476a-08decadaa577_1080p.mp4?cb=ee21160cc","video_url":"https://voa-video-ns.akamaized.net/pangeavideo/2026/08/f/fb/fbb77ba9-60a0-458d-476a-08decadaa577_1080p.mp4?cb=ee21160cc"},{"article_body_paragraphs":[],"audio_source_url":null,"author":"Eyy\u00fbp Dem\u00eer","available_dubs":[],"downloadable_assets":["https://voa-video-ns.akamaized.net/pangeavideo/2026/08/3/31/31d32c3f-92a6-45aa-8148-08decae8682a_1080p.mp4?cb=ee21147b0"],"duration_display":"2:45","duration_seconds":165.84,"embed_url":null,"id":5263,"image_caption":null,"image_url":"https://gdb.voanews.com/31d32c3f-92a6-45aa-8148-08decae8682a_tv_mw2048_mh2048_n.jpg","is_clip":true,"item_type":"video","item_type_label":"Video","language_label":"Kurdish","media_credit":"VOA","micro_label":"Video report","micro_label_kind":"video","network_label":"VOA","network_logo_url":"/static/uploads/direct_network_logos/voa_1ef13eedbd2f.svg","published_at":"2026-08-14T17:30:24.497000","published_at_display":"14 Aug 2026, 17:30 GMT","sequence_badge_label":null,"sequence_count":null,"sequence_count_label":null,"sequence_frames":[],"sequence_kind":null,"source_name":"dengeamerika_com_direct","source_name_label":"Dengeamerika","source_type":"direct_api","summary":"Li Tirk\u00eey\u00ea gelek avah\u00eey\u00ean d\u00eerok\u00ee y\u00ean mes\u00eeh\u00eeyan pediv\u00ee bi lin\u00ear\u00een \u00fb \u00e7avd\u00ear\u00eey\u00ea ne, l\u00ea ew hatine mandila kirin \u00fb li ber r\u00fbxan \u00fb hilwe\u015f\u00een\u00ea ne. Yek ji wan d\u00eara ku weke \u201cS\u00eaw\u00eexaneya R\u00fbm\u201d t\u00ea naskirin li ber hilwe\u015f\u00een\u00ea ye.","title":"S\u00eaw\u00eexaneya R\u00fbm a D\u00eerok\u00ee li Stenbol\u00ea Ber bi Hilwe\u015f\u00een\u00ea ve Di\u00e7e","topic":"V\u00eedyo Galer\u00ee","translation_language":"","url":"https://voa-video-ns.akamaized.net/pangeavideo/2026/08/3/31/31d32c3f-92a6-45aa-8148-08decae8682a_1080p.mp4?cb=ee21147b0","video_url":"https://voa-video-ns.akamaized.net/pangeavideo/2026/08/3/31/31d32c3f-92a6-45aa-8148-08decae8682a_1080p.mp4?cb=ee21147b0"},{"article_body_paragraphs":[],"audio_source_url":null,"author":"R\u00eaj\u00een Ehmed","available_dubs":[],"downloadable_assets":["https://voa-video-ns.akamaized.net/pangeavideo/2026/08/9/9e/9ef4d513-e59f-49ae-a1c2-08def2b10d93_1080p.mp4?cb=ee211f2b8"],"duration_display":"3:49","duration_seconds":229.97,"embed_url":null,"id":5264,"image_caption":null,"image_url":"https://gdb.voanews.com/9ef4d513-e59f-49ae-a1c2-08def2b10d93_tv_mw2048_mh2048_n.jpg","is_clip":true,"item_type":"video","item_type_label":"Video","language_label":"Kurdish","media_credit":"VOA","micro_label":"Video report","micro_label_kind":"video","network_label":"VOA","network_logo_url":"/static/uploads/direct_network_logos/voa_1ef13eedbd2f.svg","published_at":"2026-08-14T17:09:31.033000","published_at_display":"14 Aug 2026, 17:09 GMT","sequence_badge_label":null,"sequence_count":null,"sequence_count_label":null,"sequence_frames":[],"sequence_kind":null,"source_name":"dengeamerika_com_direct","source_name_label":"Dengeamerika","source_type":"direct_api","summary":"Ev b\u00fbn z\u00eadetir\u00ee du hefteyan kr\u00eezeke dijwar ya sotemn\u00eey\u00ea li Her\u00eama Kurdistan\u00ea heye, gel gil\u00eeya hik\u00fbmet\u00ea dike \u00fb hik\u00fbmet j\u00ee sedeman n\u00ee\u015fan dide ku ti\u015ft\u00ea \u00e7\u00ea dibe ji dervey\u00ee kontrola w\u00ea ye. R\u00eaj\u00een Ehmed li Par\u00eazgeha Duhok\u00ea, kr\u00eeza hey\u00ee \u015fopandiye \u00fb ev raport amade kir\u00eeye","title":"\u00c7ima Kr\u00eezek Dijwar a Sotemeniy\u00ea li Her\u00eama Kurdistan\u00ea \u00c7\u00eab\u00fbye?","topic":"V\u00eedyo Galer\u00ee","translation_language":"","url":"https://voa-video-ns.akamaized.net/pangeavideo/2026/08/9/9e/9ef4d513-e59f-49ae-a1c2-08def2b10d93_1080p.mp4?cb=ee211f2b8","video_url":"https://voa-video-ns.akamaized.net/pangeavideo/2026/08/9/9e/9ef4d513-e59f-49ae-a1c2-08def2b10d93_1080p.mp4?cb=ee211f2b8"},{"article_body_paragraphs":[],"audio_source_url":null,"author":"Ridwan B\u00eazar","available_dubs":[],"downloadable_assets":["https://voa-video-ns.akamaized.net/pangeavideo/2026/08/e/e3/e3ab4a0d-6575-4f92-c971-08decaecd3b3_1080p.mp4?cb=ee2112c9f"],"duration_display":"2:23","duration_seconds":143.65,"embed_url":null,"id":5196,"image_caption":null,"image_url":"https://gdb.voanews.com/e3ab4a0d-6575-4f92-c971-08decaecd3b3_tv_mw2048_mh2048_n.jpg","is_clip":true,"item_type":"video","item_type_label":"Video","language_label":"Kurdish","media_credit":"VOA","micro_label":"Video report","micro_label_kind":"video","network_label":"VOA","network_logo_url":"/static/uploads/direct_network_logos/voa_1ef13eedbd2f.svg","published_at":"2026-08-14T15:34:55.390000","published_at_display":"14 Aug 2026, 15:34 GMT","sequence_badge_label":null,"sequence_count":null,"sequence_count_label":null,"sequence_frames":[],"sequence_kind":null,"source_name":"dengeamerika_com_direct","source_name_label":"Dengeamerika","source_type":"direct_api","summary":"Day\u00eek\u00ean Kurd li Koban\u00eey\u00ea bi \u00e7\u00eakirina xwarin\u00ean Kurd\u00ee \u00fb kar\u00ean dest\u00ee y\u00ean kevne\u015fop\u00ee be\u015fdar\u00ee Fest\u00eevala \u00c7and\u00ea ya li her\u00eama Koban\u00eey\u00ea dibin.","title":"Koban\u00ee Fest\u00eevala \u00c7anda Day\u00eek\u00ea Lidar Dixin","topic":"V\u00eedyo Galer\u00ee","translation_language":"","url":"https://voa-video-ns.akamaized.net/pangeavideo/2026/08/e/e3/e3ab4a0d-6575-4f92-c971-08decaecd3b3_1080p.mp4?cb=ee2112c9f","video_url":"https://voa-video-ns.akamaized.net/pangeavideo/2026/08/e/e3/e3ab4a0d-6575-4f92-c971-08decaecd3b3_1080p.mp4?cb=ee2112c9f"},{"article_body_paragraphs":[],"audio_source_url":null,"author":"J\u00eero M\u00eetan\u00ee","available_dubs":[],"downloadable_assets":["https://voa-video-ns.akamaized.net/pangeavideo/2026/08/c/cb/cb60d61e-f370-41ee-8141-08decae8682a_1080p.mp4?cb=ee2112716"],"duration_display":"2:44","duration_seconds":164.95,"embed_url":null,"id":5197,"image_caption":null,"image_url":"https://gdb.voanews.com/cb60d61e-f370-41ee-8141-08decae8682a_tv_mw2048_mh2048_n.jpg","is_clip":true,"item_type":"video","item_type_label":"Video","language_label":"Kurdish","media_credit":"VOA","micro_label":"Video report","micro_label_kind":"video","network_label":"VOA","network_logo_url":"/static/uploads/direct_network_logos/voa_1ef13eedbd2f.svg","published_at":"2026-08-14T15:11:18.960000","published_at_display":"14 Aug 2026, 15:11 GMT","sequence_badge_label":null,"sequence_count":null,"sequence_count_label":null,"sequence_frames":[],"sequence_kind":null,"source_name":"dengeamerika_com_direct","source_name_label":"Dengeamerika","source_type":"direct_api","summary":"Bajar\u00ea Girk\u00ea Leg\u00ea li Rojava, di S\u00eestema S\u00fbr\u00eey\u00ea de h\u00eaj\u00ee neb\u00fbye nav\u00e7ek \u00fb dezgeh\u00ean ferm\u00ee l\u00ea n\u00eenin, ev yek kar \u00fb jiyana xelk\u00ea baj\u00ear zehmet dike, r\u00fbni\u015ftvan\u00ean baj\u00ear daxwaza bicihan\u00eenan biriyara 2008an ya ku Girk\u00ea Leg\u00ea bibe nav\u00e7eyek taybet dikin.","title":"Bandora Neb\u00fbna Dezgeh\u00ean Ferm\u00ee li Girk\u00ea Leg\u00ea y\u00ea Rojava","topic":"V\u00eedyo Galer\u00ee","translation_language":"","url":"https://voa-video-ns.akamaized.net/pangeavideo/2026/08/c/cb/cb60d61e-f370-41ee-8141-08decae8682a_1080p.mp4?cb=ee2112716","video_url":"https://voa-video-ns.akamaized.net/pangeavideo/2026/08/c/cb/cb60d61e-f370-41ee-8141-08decae8682a_1080p.mp4?cb=ee2112716"},{"article_body_paragraphs":[],"audio_source_url":null,"author":"Emced Kurdo","available_dubs":[],"downloadable_assets":["https://voa-video-ns.akamaized.net/pangeavideo/2026/08/b/be/be025b79-8e1b-43c8-7e7b-08def2ed48ad_1080p.mp4?cb=ee2111d32"],"duration_display":"2:42","duration_seconds":162.88,"embed_url":null,"id":5172,"image_caption":null,"image_url":"https://gdb.voanews.com/be025b79-8e1b-43c8-7e7b-08def2ed48ad_tv_mw2048_mh2048_n.jpg","is_clip":true,"item_type":"video","item_type_label":"Video","language_label":"Kurdish","media_credit":"VOA","micro_label":"Video report","micro_label_kind":"video","network_label":"VOA","network_logo_url":"/static/uploads/direct_network_logos/voa_1ef13eedbd2f.svg","published_at":"2026-08-14T14:29:06.987000","published_at_display":"14 Aug 2026, 14:29 GMT","sequence_badge_label":null,"sequence_count":null,"sequence_count_label":null,"sequence_frames":[],"sequence_kind":null,"source_name":"dengeamerika_com_direct","source_name_label":"Dengeamerika","source_type":"direct_api","summary":"Di van dem\u00ean daw\u00ee de li Rojava, d\u00eeyardeya vexwarin\u00ean enerj\u00eey\u00ea di nav zarok \u00fb ciwanan de bi awayek\u00ee berbi\u00e7av z\u00eade b\u00fbye. Malbat ditirsin ku ew vexwarin bandorek xirab li ser tendirustiy\u00ea zarok\u00ean wan bih\u00eale. Emced Kurdo ev raport ji Qami\u015flo amade kiriye.","title":"D\u00eeyardeya Vexwarin\u00ean Enerj\u00eey\u00ea li Bajar\u00ea Qami\u015flo","topic":"V\u00eedyo Galer\u00ee","translation_language":"","url":"https://voa-video-ns.akamaized.net/pangeavideo/2026/08/b/be/be025b79-8e1b-43c8-7e7b-08def2ed48ad_1080p.mp4?cb=ee2111d32","video_url":"https://voa-video-ns.akamaized.net/pangeavideo/2026/08/b/be/be025b79-8e1b-43c8-7e7b-08def2ed48ad_1080p.mp4?cb=ee2111d32"},{"article_body_paragraphs":[],"audio_source_url":null,"author":null,"available_dubs":[],"downloadable_assets":["https://voa-video-ns.akamaized.net/pangeavideo/2026/08/b/b3/b3d3904b-9133-4d53-8136-08decae8682a_1080p.mp4?cb=ee21055bb"],"duration_display":"2:36","duration_seconds":156.49,"embed_url":null,"id":5011,"image_caption":null,"image_url":"https://gdb.voanews.com/b3d3904b-9133-4d53-8136-08decae8682a_tv_mw2048_mh2048_n.jpg","is_clip":true,"item_type":"video","item_type_label":"Video","language_label":"Kurdish","media_credit":"VOA","micro_label":"Video report","micro_label_kind":"video","network_label":"VOA","network_logo_url":"/static/uploads/direct_network_logos/voa_1ef13eedbd2f.svg","published_at":"2026-08-14T00:18:03.317000","published_at_display":"14 Aug 2026, 00:18 GMT","sequence_badge_label":null,"sequence_count":null,"sequence_count_label":null,"sequence_frames":[],"sequence_kind":null,"source_name":"dengeamerika_com_direct","source_name_label":"Dengeamerika","source_type":"direct_api","summary":"W\u00eaney\u00ean berpirs\u00ean \u015e\u00ee'a y\u00ean \u00ceraq\u00ee \u00fb \u00ceran\u00ee li Kolan \u00fb Meydan\u00ean gi\u015ft\u00ee y\u00ean bajar\u00ea Kerkuk\u00ea t\u00ean d\u00eetin, ev yek bo sedema neraz\u00eeb\u00fbna Kurd\u00ean Kerkuk\u00ea. Raporta Huner Ehmed \u00fb p\u00eazan\u00een\u00ean z\u00eadetir.","title":"Kurd\u00ean Kerkuk\u00ea ji Hilwas\u00eena W\u00eaney\u00ean Berpirs\u00ean \u015e\u00ee'a y\u00ean \u00ceraq\u00ee \u00fb \u00ceran\u00ee Neraz\u00eene","topic":"V\u00eedyo Galer\u00ee","translation_language":"","url":"https://voa-video-ns.akamaized.net/pangeavideo/2026/08/b/b3/b3d3904b-9133-4d53-8136-08decae8682a_1080p.mp4?cb=ee21055bb","video_url":"https://voa-video-ns.akamaized.net/pangeavideo/2026/08/b/b3/b3d3904b-9133-4d53-8136-08decae8682a_1080p.mp4?cb=ee21055bb"}],"next_num":8,"page":7,"pages":12,"per_page":20,"prev_num":6,"total":239}
