{"applied_filters":{"end_date":"","lang":"","language":"","network":"","page":8,"per_page":20,"search":"","source":"","start_date":"","topic":"V\u00eedyo Galer\u00ee","type":"clips"},"available_filters":{"language_choices":[{"label":"Choose Language","value":""},{"label":"English","value":"English"},{"label":"Espa\u00f1ol","value":"Espa\u00f1ol"},{"label":"Kurdish","value":"Kurdish"}],"network_choices":[{"label":"All networks","value":""},{"label":"VOA","value":"VOA"}],"source_choices":[{"label":"All sources","value":""},{"label":"Dengeamerika","value":"dengeamerika_com_direct"}],"sources":["dengeamerika_com_direct"],"topics":["250em\u00een Salvegera Serxweb\u00fbna Amer\u00eekay\u00ea","250\u0647\u06d5\u0645\u06cc\u0646 \u0633\u0627\u06b5\u06cc\u0627\u062f\u06cc \u0633\u06d5\u0631\u0628\u06d5\u062e\u06c6\u06cc\u06cc \u0626\u06d5\u0645\u06d5\u0631\u06cc\u06a9\u0627","Afghanistan","Amer\u00eeka","Am\u00e9rica Latina, VENEZUELA, Maiquetia","Asuntos de Estado","Audiovisuales Mart\u00ed","Audiovisuales Mart\u00ed, Cuba turismo, crisis del turismo en Cuba","Audiovisuales Mart\u00ed, VENEZUELA, apagones","Como Come Cuba, cuba, Como Come Cuba","Cuba Habla","Cuba Habla, Cuba","C\u00eehan","Human Rights","Info Mart\u00ed","Info Mart\u00ed , Cuba","Info Mart\u00ed , Estados Unidos, Colombia","Info Mart\u00ed , Estados Unidos, VENEZUELA","Info Mart\u00ed , estados unidos, Venezuela","Iran","Iz RSE sveta","Korea","Laos","Multimedija","Myanmar","Pacific","Ser Madre en cuba, cuba, hambre, r\u00e9gimen, madre, negligencia, Testimonios, Crisis Econ\u00f3mica, madre cubana, Crisis Alimentaria","Ser viejo en Cuba, cuba, cubanos, crisis, alimentos, ancianos, viejos, vejez","South China Sea","Srbija","Tibet","Ukraine","Video","Videos","V\u00eedyo Galer\u00ee","\u0412\u0438\u0434\u0435\u043e","\u0418\u043d\u0442\u0435\u0440\u0432\u044c\u044e","\u041a\u0430\u0434\u0440\u044b \u0434\u043d\u044f","\u0420\u043e\u0441\u0441\u0438\u044f","\u0421\u043c\u043e\u0442\u0440\u0438 \u0432 \u043e\u0431\u0430","\u0622\u062e\u0631\u06cc\u0646 \u0648\u06cc\u062f\u06cc\u0648\u0647\u0627","\u0626\u06ce\u0631\u0627\u0646","\u0626\u06d5\u0645\u06d5\u0631\u06cc\u06a9\u0627","\u0628\u06d5\u0631\u0646\u0627\u0645\u06d5\u06cc \u0695\u06c6\u0698\u0627\u0646\u06d5\u06cc \u062a\u06d5\u0644\u06d5\u0641\u06cc\u0632\u06cc\u06c6\u0646","\u062a\u0648\u0631\u06a9\u06cc\u0627","\u062c\u0647\u0627\u0646","\u062c\u06cc\u0647\u0627\u0646","\u0633\u0648\u0631\u06cc\u0627","\u0633\u0649\u0646","\u0639\u06ce\u0631\u0627\u0642","\u0642\u0649\u0633\u0642\u0627 \u062e\u06d5\u06cb\u06d5\u0631\u0644\u06d5\u0631","\u0645\u0631\u06a9\u06d0","\u0646\u0648\u0631 \u062e\u0628\u0631\u0648\u0646\u0647","\u0647\u06d5\u0631\u06ce\u0645\u06d5 \u06a9\u0648\u0631\u062f\u06cc\u0640\u06cc\u06d5\u06a9\u0627\u0646","\u0648\u06cc\u062f\u06cc\u0648","\u0648\u06cc\u0698\u0647 \u0628\u0631\u0646\u0627\u0645\u0647\u200c\u0647\u0627","\u0695\u06c6\u0698\u0647\u06d5\u06b5\u0627\u062a\u06cc \u0646\u0627\u0648\u06d5\u0695\u0627\u0633\u062a","\u06a4\u06cc\u062f\u06cc\u06c6","\u0e82\u0ec8\u0eb2\u0ea7\u0ec1\u0ea5\u0eb0\u0ea5\u0eb2\u0e8d\u0e87\u0eb2\u0e99","\u0ea7\u0eb5\u0e94\u0eb5\u0ec2\u0ead","\u0f38\u0f42\u0f7c\u0f44\u0f0b\u0f66\u0f0b\u0f58\u0f46\u0f7c\u0f42","\u0f56\u0f59\u0f53\u0f0b\u0f56\u0fb1\u0f7c\u0f63\u0f0d","\u0f56\u0f62\u0f99\u0f53\u0f0d","\u0f56\u0f7c\u0f51\u0f0d","\u1017\u102e\u1012\u102e\u101a\u102d\u102f\u1019\u103b\u102c\u1038","\u101e\u1010\u1004\u103a\u1038\u1019\u103b\u102c\u1038","\u10d5\u10d8\u10d3\u10d4\u10dd","\u1785\u17d2\u1794\u17b6\u1794\u17cb","\u1793\u1799\u17c4\u1794\u17b6\u1799","\u1794\u179a\u17b7\u179f\u17d2\u1790\u17b6\u1793","\u179c\u17b8\u178a\u17c1\u17a2\u17bc","\u179f\u1784\u17d2\u1782\u1798","\u4eba\u6743\u6cd5\u6cbb","\u56fd\u9645\u65b0\u95fb","\u5c08\u984c","\u5f71\u7247","\u653f\u6cbb","\u65b0\u805e","\u65b0\u95fb\u5feb\u8baf","\u6bcf\u65e5\u89c6\u9891\u65b0\u95fb","\u6e2f\u6fb3\u53f0","\u793e\u4f1a","\u79d1\u6559\u6587","\u7f8e\u56fd\u4e4b\u97f3\u4e13\u8bbf","\u89c6\u9891","\ub274\uc2a4","\ub274\uc2a4 \ud074\ub9ad","\uba40\ud2f0\ubbf8\ub514\uc5b4","\ubbf8\uad6d","\ube44\ub514\uc624","\uc138\uacc4","\ud55c\ubc18\ub3c4"],"types":[["","All types"],["video","Videos"],["clips","Clips"],["media","Media"]]},"has_next":true,"has_prev":true,"items":[{"article_body_paragraphs":[],"audio_source_url":null,"author":null,"available_dubs":[],"downloadable_assets":["https://voa-video-ns.akamaized.net/pangeavideo/2026/08/1/1d/1d0180dc-06f5-415a-4756-08decadaa577_1080p.mp4?cb=ee21051bc"],"duration_display":"4:59","duration_seconds":299.05,"embed_url":null,"id":5013,"image_caption":null,"image_url":"https://gdb.voanews.com/1d0180dc-06f5-415a-4756-08decadaa577_tv_mw2048_mh2048_n.jpg","is_clip":true,"item_type":"video","item_type_label":"Video","language_label":"Kurdish","media_credit":"VOA","micro_label":"Video report","micro_label_kind":"video","network_label":"VOA","network_logo_url":"/static/uploads/direct_network_logos/voa_1ef13eedbd2f.svg","published_at":"2026-08-14T00:01:00.423000","published_at_display":"14 Aug 2026, 00:01 GMT","sequence_badge_label":null,"sequence_count":null,"sequence_count_label":null,"sequence_frames":[],"sequence_kind":null,"source_name":"dengeamerika_com_direct","source_name_label":"Dengeamerika","source_type":"direct_api","summary":"Hin H\u00eaz\u00ean Art\u00ea\u015fa \u00ceraq\u00ea ji firokxaneya Hil\u00eawe \u00fb li derora kerkuk\u00ea \u00fb n\u00eaz\u00ee Toz X\u00fbrmato veki\u015fyan, di demek\u00ea de ku piran\u00eeya xelk\u00ea \u00ceraq\u00ea n\u00eegeranin ji ber veki\u015f\u00eena H\u00eaz\u00ean Hevpeyman\u00eeya Navnetew\u00ee ji w\u00ee welat\u00ea wan. Raporta S\u00eenor Ker\u00eem ji Sil\u00eaman\u00eey\u00ea.","title":"Veki\u015f\u00eena H\u00eaz\u00ean Le\u015fker\u00ea \u00ceraq\u00ea ji Ba\u015f\u00fbr\u00ea Kerk\u00fbk\u00ea","topic":"V\u00eedyo Galer\u00ee","translation_language":"","url":"https://voa-video-ns.akamaized.net/pangeavideo/2026/08/1/1d/1d0180dc-06f5-415a-4756-08decadaa577_1080p.mp4?cb=ee21051bc","video_url":"https://voa-video-ns.akamaized.net/pangeavideo/2026/08/1/1d/1d0180dc-06f5-415a-4756-08decadaa577_1080p.mp4?cb=ee21051bc"},{"article_body_paragraphs":[],"audio_source_url":null,"author":null,"available_dubs":[],"downloadable_assets":["https://voa-video-ns.akamaized.net/pangeavideo/2026/08/7/7b/7b5e7d59-e033-42cd-8134-08decae8682a_1080p.mp4?cb=ee2101a14"],"duration_display":"3:30","duration_seconds":210.49,"embed_url":null,"id":4959,"image_caption":null,"image_url":"https://gdb.voanews.com/7b5e7d59-e033-42cd-8134-08decae8682a_tv_mw2048_mh2048_n.jpg","is_clip":true,"item_type":"video","item_type_label":"Video","language_label":"Kurdish","media_credit":"VOA","micro_label":"Video report","micro_label_kind":"video","network_label":"VOA","network_logo_url":"/static/uploads/direct_network_logos/voa_1ef13eedbd2f.svg","published_at":"2026-08-13T20:03:32.820000","published_at_display":"13 Aug 2026, 20:03 GMT","sequence_badge_label":null,"sequence_count":null,"sequence_count_label":null,"sequence_frames":[],"sequence_kind":null,"source_name":"dengeamerika_com_direct","source_name_label":"Dengeamerika","source_type":"direct_api","summary":"Bi n\u00eaz\u00eekb\u00fbna veki\u015f\u00eena h\u00eaz\u00ean hevpeymaniya navnetewey\u00ee re, \u00ceraq ji bo qonaxek n\u00fb xwe amade dike. Karox Xo\u015fnaw, Serok\u00ea Enst\u00eetuya L\u00eakol\u00een\u00ea ya Amer\u00eek\u00ee li Her\u00eama Kurdistan\u00ea v\u00ea mijar\u00ea dinirx\u00eene.","title":"\u015eanda \u00cemral\u00ee bi Serokomar\u00ea Tirk\u00eey\u00ea Erdogan re Kom Dibe","topic":"V\u00eedyo Galer\u00ee","translation_language":"","url":"https://voa-video-ns.akamaized.net/pangeavideo/2026/08/7/7b/7b5e7d59-e033-42cd-8134-08decae8682a_1080p.mp4?cb=ee2101a14","video_url":"https://voa-video-ns.akamaized.net/pangeavideo/2026/08/7/7b/7b5e7d59-e033-42cd-8134-08decae8682a_1080p.mp4?cb=ee2101a14"},{"article_body_paragraphs":[],"audio_source_url":null,"author":"S\u00eenor Ker\u00eem","available_dubs":[],"downloadable_assets":["https://voa-video-ns.akamaized.net/pangeavideo/2026/08/b/bb/bbfd9367-c74d-4d81-f1e8-08def2b12219_1080p.mp4?cb=ee2100357"],"duration_display":"3:17","duration_seconds":197.28,"embed_url":null,"id":4902,"image_caption":null,"image_url":"https://gdb.voanews.com/bbfd9367-c74d-4d81-f1e8-08def2b12219_tv_mw2048_mh2048_n.jpg","is_clip":true,"item_type":"video","item_type_label":"Video","language_label":"Kurdish","media_credit":"VOA","micro_label":"Video report","micro_label_kind":"video","network_label":"VOA","network_logo_url":"/static/uploads/direct_network_logos/voa_1ef13eedbd2f.svg","published_at":"2026-08-13T18:26:31.887000","published_at_display":"13 Aug 2026, 18:26 GMT","sequence_badge_label":null,"sequence_count":null,"sequence_count_label":null,"sequence_frames":[],"sequence_kind":null,"source_name":"dengeamerika_com_direct","source_name_label":"Dengeamerika","source_type":"direct_api","summary":"Her\u00eama Kurdistan\u00ea bi xwezaya xwe ve, yek ji her\u00eam\u00ean her\u00ee ba\u015f \u00fb guncaye ji bo xwed\u00eekirina m\u00ea\u015f\u00ean hingiv. Raporta S\u00eenor Ker\u00eem p\u00eazan\u00een\u00ean z\u00eadetir dide.","title":"Hingiv\u00ea Kurdistan\u00ea Ba\u015ftir\u00een Cur\u00ea Hingiv e, li Her\u00eam\u00ea","topic":"V\u00eedyo Galer\u00ee","translation_language":"","url":"https://voa-video-ns.akamaized.net/pangeavideo/2026/08/b/bb/bbfd9367-c74d-4d81-f1e8-08def2b12219_1080p.mp4?cb=ee2100357","video_url":"https://voa-video-ns.akamaized.net/pangeavideo/2026/08/b/bb/bbfd9367-c74d-4d81-f1e8-08def2b12219_1080p.mp4?cb=ee2100357"},{"article_body_paragraphs":[],"audio_source_url":null,"author":"\u00cevan Hes\u00eeb","available_dubs":[],"downloadable_assets":["https://voa-video-ns.akamaized.net/pangeavideo/2026/08/4/46/46bdeac2-8174-4e85-7e68-08def2ed48ad_1080p.mp4?cb=ee20ff0b6"],"duration_display":"3:35","duration_seconds":215.32,"embed_url":null,"id":4876,"image_caption":null,"image_url":"https://gdb.voanews.com/46bdeac2-8174-4e85-7e68-08def2ed48ad_tv_mw2048_mh2048_n.jpg","is_clip":true,"item_type":"video","item_type_label":"Video","language_label":"Kurdish","media_credit":"VOA","micro_label":"Video report","micro_label_kind":"video","network_label":"VOA","network_logo_url":"/static/uploads/direct_network_logos/voa_1ef13eedbd2f.svg","published_at":"2026-08-13T17:07:02.533000","published_at_display":"13 Aug 2026, 17:07 GMT","sequence_badge_label":null,"sequence_count":null,"sequence_count_label":null,"sequence_frames":[],"sequence_kind":null,"source_name":"dengeamerika_com_direct","source_name_label":"Dengeamerika","source_type":"direct_api","summary":"Li bajar\u00ea Qami\u015flo p\u00ea\u015fangehek bi nav\u00ea \"Ar\u015f\u00eeva Civaka \u00caz\u00eed\u00ee\" hate lidarxistin bi mebesta danas\u00eena p\u00eakhatey\u00ean baj\u00ear bi d\u00eerok \u00fb \u00e7anda \u00caz\u00eed\u00eeyan.","title":"Li Qami\u015flo P\u00ea\u015fangeha 'Ar\u015f\u00eeva Civaka \u00caz\u00eed\u00ee' Hate Lidarxistin","topic":"V\u00eedyo Galer\u00ee","translation_language":"","url":"https://voa-video-ns.akamaized.net/pangeavideo/2026/08/4/46/46bdeac2-8174-4e85-7e68-08def2ed48ad_1080p.mp4?cb=ee20ff0b6","video_url":"https://voa-video-ns.akamaized.net/pangeavideo/2026/08/4/46/46bdeac2-8174-4e85-7e68-08def2ed48ad_1080p.mp4?cb=ee20ff0b6"},{"article_body_paragraphs":[],"audio_source_url":null,"author":"D\u00eeyar Cemal","available_dubs":[],"downloadable_assets":["https://voa-video-ns.akamaized.net/pangeavideo/2026/08/2/2f/2fcdfffb-97e1-4421-c956-08decaecd3b3_1080p.mp4?cb=ee20fd7cc"],"duration_display":"3:36","duration_seconds":216.68,"embed_url":null,"id":4816,"image_caption":null,"image_url":"https://gdb.voanews.com/2fcdfffb-97e1-4421-c956-08decaecd3b3_tv_mw2048_mh2048_n.jpg","is_clip":true,"item_type":"video","item_type_label":"Video","language_label":"Kurdish","media_credit":"VOA","micro_label":"Video report","micro_label_kind":"video","network_label":"VOA","network_logo_url":"/static/uploads/direct_network_logos/voa_1ef13eedbd2f.svg","published_at":"2026-08-13T15:11:12.883000","published_at_display":"13 Aug 2026, 15:11 GMT","sequence_badge_label":null,"sequence_count":null,"sequence_count_label":null,"sequence_frames":[],"sequence_kind":null,"source_name":"dengeamerika_com_direct","source_name_label":"Dengeamerika","source_type":"direct_api","summary":"Ligel n\u00eaz\u00eekb\u00fbna veki\u015f\u00eena tevah\u00ee ya h\u00eaz\u00ean hevpeymaniya navnetewey\u00ee, \u00ceraq ji bo qonaxeke n\u00fb xwe amade dike. N\u00eegeran\u00ee heye ku rew\u015fa ewleh\u00eey\u00ea li \u00ceraq\u00ea were guhertin. Raporta Diyar Cemal v\u00ea mijar\u00ea ron\u00ee dike.","title":"N\u00eegeran\u00eeya Kolana \u00ceraq\u00ee Derbar\u00ea Veki\u015f\u00eena H\u00eaz\u00ean Hevpeymaniy\u00ea ji \u00ceraq\u00ea","topic":"V\u00eedyo Galer\u00ee","translation_language":"","url":"https://voa-video-ns.akamaized.net/pangeavideo/2026/08/2/2f/2fcdfffb-97e1-4421-c956-08decaecd3b3_1080p.mp4?cb=ee20fd7cc","video_url":"https://voa-video-ns.akamaized.net/pangeavideo/2026/08/2/2f/2fcdfffb-97e1-4421-c956-08decaecd3b3_1080p.mp4?cb=ee20fd7cc"},{"article_body_paragraphs":[],"audio_source_url":null,"author":"Eyy\u00fbp Dem\u00eer","available_dubs":[],"downloadable_assets":["https://voa-video-ns.akamaized.net/pangeavideo/2026/08/d/da/dab14773-b1bd-45d2-7e5a-08def2ed48ad_1080p.mp4?cb=ee20fbde0"],"duration_display":"2:57","duration_seconds":177.75,"embed_url":null,"id":4409,"image_caption":null,"image_url":"https://gdb.voanews.com/dab14773-b1bd-45d2-7e5a-08def2ed48ad_tv_mw2048_mh2048_n.jpg","is_clip":true,"item_type":"video","item_type_label":"Video","language_label":"Kurdish","media_credit":"VOA","micro_label":"Video report","micro_label_kind":"video","network_label":"VOA","network_logo_url":"/static/uploads/direct_network_logos/voa_1ef13eedbd2f.svg","published_at":"2026-08-13T13:29:25.013000","published_at_display":"13 Aug 2026, 13:29 GMT","sequence_badge_label":null,"sequence_count":null,"sequence_count_label":null,"sequence_frames":[],"sequence_kind":null,"source_name":"dengeamerika_com_direct","source_name_label":"Dengeamerika","source_type":"direct_api","summary":"Xort\u00ea Kurd Ozcan Aksu di zindaneke Tirk\u00eey\u00ea de jiyana xwe ji dest daye \u00fb mirina w\u00ee ya pi\u015ft\u00ee 14 rojan ji girtin\u00ea pirs\u00ean cid\u00ee li ba xwed\u00eey\u00ean w\u00ee derxistine p\u00ea\u015f. Desthilatdaran sedema mirina w\u00ee negot\u00eeye \u00fb bav\u00ea w\u00ee j\u00ee dib\u00eaje n\u00ee\u015fan\u00ean \u00ea\u015fkencey\u00ea li ser la\u015f\u00ea w\u00ee hene. Raporta Eyy\u00fbp Dem\u00eer b\u00eahtir agah\u00ee hene.","title":"Li Stenbol\u00ea Mirina Kurdek\u00ee di Zindan\u00ea de Dibe Cih\u00ea Guman\u00ea","topic":"V\u00eedyo Galer\u00ee","translation_language":"","url":"https://voa-video-ns.akamaized.net/pangeavideo/2026/08/d/da/dab14773-b1bd-45d2-7e5a-08def2ed48ad_1080p.mp4?cb=ee20fbde0","video_url":"https://voa-video-ns.akamaized.net/pangeavideo/2026/08/d/da/dab14773-b1bd-45d2-7e5a-08def2ed48ad_1080p.mp4?cb=ee20fbde0"},{"article_body_paragraphs":[],"audio_source_url":null,"author":"Ridwan B\u00eazar","available_dubs":[],"downloadable_assets":["https://voa-video-ns.akamaized.net/pangeavideo/2026/08/4/45/45626cfa-5a03-480e-4739-08decadaa577_1080p.mp4?cb=ee20fba6d"],"duration_display":"2:32","duration_seconds":152.04,"embed_url":null,"id":4762,"image_caption":null,"image_url":"https://gdb.voanews.com/45626cfa-5a03-480e-4739-08decadaa577_tv_mw2048_mh2048_n.jpg","is_clip":true,"item_type":"video","item_type_label":"Video","language_label":"Kurdish","media_credit":"VOA","micro_label":"Video report","micro_label_kind":"video","network_label":"VOA","network_logo_url":"/static/uploads/direct_network_logos/voa_1ef13eedbd2f.svg","published_at":"2026-08-13T13:15:25.090000","published_at_display":"13 Aug 2026, 13:15 GMT","sequence_badge_label":null,"sequence_count":null,"sequence_count_label":null,"sequence_frames":[],"sequence_kind":null,"source_name":"dengeamerika_com_direct","source_name_label":"Dengeamerika","source_type":"direct_api","summary":"Alj\u00een Mislim ke\u00e7eke 16 sal\u00ee ye ku piran\u00eeya jiyana xwe li derbider\u00eey\u00ea qedand\u00eeye. Niha ew li bajar\u00ea Koban\u00eey\u00ea dixwaze bi r\u00eaya muz\u00eek\u00ea h\u00eav\u00eey\u00ean xwe \u00fb derbider\u00ean din ge\u015f bike.","title":"Li Koban\u00eey\u00ea Ke\u00e7eke Derbider bi Muz\u00eek\u00ea H\u00eav\u00eey\u00ean Xwe Ge\u015f Dike","topic":"V\u00eedyo Galer\u00ee","translation_language":"","url":"https://voa-video-ns.akamaized.net/pangeavideo/2026/08/4/45/45626cfa-5a03-480e-4739-08decadaa577_1080p.mp4?cb=ee20fba6d","video_url":"https://voa-video-ns.akamaized.net/pangeavideo/2026/08/4/45/45626cfa-5a03-480e-4739-08decadaa577_1080p.mp4?cb=ee20fba6d"},{"article_body_paragraphs":[],"audio_source_url":null,"author":"S\u00eenor Ker\u00eem","available_dubs":[],"downloadable_assets":["https://voa-video-ns.akamaized.net/pangeavideo/2026/08/1/12/1212f7c2-9bf5-4a10-a18f-08def2b10d93_1080p.mp4?cb=ee20ee554"],"duration_display":"4:58","duration_seconds":298.53,"embed_url":null,"id":4600,"image_caption":null,"image_url":"https://gdb.voanews.com/1212f7c2-9bf5-4a10-a18f-08def2b10d93_tv_mw2048_mh2048_n.jpg","is_clip":true,"item_type":"video","item_type_label":"Video","language_label":"Kurdish","media_credit":"VOA","micro_label":"Video report","micro_label_kind":"video","network_label":"VOA","network_logo_url":"/static/uploads/direct_network_logos/voa_1ef13eedbd2f.svg","published_at":"2026-08-12T22:06:12.607000","published_at_display":"12 Aug 2026, 22:06 GMT","sequence_badge_label":null,"sequence_count":null,"sequence_count_label":null,"sequence_frames":[],"sequence_kind":null,"source_name":"dengeamerika_com_direct","source_name_label":"Dengeamerika","source_type":"direct_api","summary":"S\u00eenor Ker\u00eem ji Her\u00eama Kurdistan\u00ea p\u00eazan\u00eenan derbar\u00ea \u00ear\u00ee\u015f\u00ean berdewam \u00ean dron \u00fb m\u00fb\u015fekan li Ser Her\u00eama Kurdistan\u00ea \u00fb d\u00eetina s\u00ea gor\u00ean bikom li M\u00fbsil\u00ea radigih\u00eene.","title":"P\u00eazan\u00een\u00ean Derbar\u00ea \u00car\u00ee\u015f\u00ean ser Her\u00eama Kurdistan\u00ea \u00fb D\u00eetina S\u00ea Gor\u00ean Bikom li M\u00fbsil\u00ea","topic":"V\u00eedyo Galer\u00ee","translation_language":"","url":"https://voa-video-ns.akamaized.net/pangeavideo/2026/08/1/12/1212f7c2-9bf5-4a10-a18f-08def2b10d93_1080p.mp4?cb=ee20ee554","video_url":"https://voa-video-ns.akamaized.net/pangeavideo/2026/08/1/12/1212f7c2-9bf5-4a10-a18f-08def2b10d93_1080p.mp4?cb=ee20ee554"},{"article_body_paragraphs":[],"audio_source_url":null,"author":"Ozlem Yasak","available_dubs":[],"downloadable_assets":["https://voa-video-ns.akamaized.net/pangeavideo/2026/08/5/59/596150fe-0330-4240-7e43-08def2ed48ad_1080p.mp4?cb=ee20ec55d"],"duration_display":"4:41","duration_seconds":281.68,"embed_url":null,"id":4561,"image_caption":null,"image_url":"https://gdb.voanews.com/596150fe-0330-4240-7e43-08def2ed48ad_tv_mw2048_mh2048_n.jpg","is_clip":true,"item_type":"video","item_type_label":"Video","language_label":"Kurdish","media_credit":"VOA","micro_label":"Video report","micro_label_kind":"video","network_label":"VOA","network_logo_url":"/static/uploads/direct_network_logos/voa_1ef13eedbd2f.svg","published_at":"2026-08-12T19:49:49.813000","published_at_display":"12 Aug 2026, 19:49 GMT","sequence_badge_label":null,"sequence_count":null,"sequence_count_label":null,"sequence_frames":[],"sequence_kind":null,"source_name":"dengeamerika_com_direct","source_name_label":"Dengeamerika","source_type":"direct_api","summary":"Pi\u015ft\u00ee ku Parlamentoy\u00ea bi 467 dengan qan\u00fbna \u00e7ar\u00e7ovey\u00ee pejirand ew, Tirk\u00eey\u00ea dest bi amadekar\u00eey\u00ean qonaxa din ya qan\u00fbna \u00e7ar\u00e7ovey\u00ee kir. Ozlem Yasak mijar\u00ea z\u00eadetir zelal dike.","title":"Qonaxa C\u00eebic\u00eekirina Qan\u00fbna \u00c7ar\u00e7ovey\u00ee li Tirk\u00eey\u00ea","topic":"V\u00eedyo Galer\u00ee","translation_language":"","url":"https://voa-video-ns.akamaized.net/pangeavideo/2026/08/5/59/596150fe-0330-4240-7e43-08def2ed48ad_1080p.mp4?cb=ee20ec55d","video_url":"https://voa-video-ns.akamaized.net/pangeavideo/2026/08/5/59/596150fe-0330-4240-7e43-08def2ed48ad_1080p.mp4?cb=ee20ec55d"},{"article_body_paragraphs":[],"audio_source_url":null,"author":"D\u00eeyar Cemal","available_dubs":[],"downloadable_assets":["https://voa-video-ns.akamaized.net/pangeavideo/2026/08/b/b9/b9eec554-fad6-4b0c-a18e-08def2b10d93_1080p.mp4?cb=ee20eb8bb"],"duration_display":"3:29","duration_seconds":209.16,"embed_url":null,"id":4541,"image_caption":null,"image_url":"https://gdb.voanews.com/b9eec554-fad6-4b0c-a18e-08def2b10d93_tv_mw2048_mh2048_n.jpg","is_clip":true,"item_type":"video","item_type_label":"Video","language_label":"Kurdish","media_credit":"VOA","micro_label":"Video report","micro_label_kind":"video","network_label":"VOA","network_logo_url":"/static/uploads/direct_network_logos/voa_1ef13eedbd2f.svg","published_at":"2026-08-12T18:55:55.367000","published_at_display":"12 Aug 2026, 18:55 GMT","sequence_badge_label":null,"sequence_count":null,"sequence_count_label":null,"sequence_frames":[],"sequence_kind":null,"source_name":"dengeamerika_com_direct","source_name_label":"Dengeamerika","source_type":"direct_api","summary":"Navenda Metro ji bo Parastina Rojnamevanan li Her\u00eama Kurdistana \u00ceraq\u00ea, deng\u00ean cuda di panelek\u00ea de li Hewl\u00eara paytex kom kirin ji bo got\u00fbb\u00eajkirina \u015f\u00eawaz\u00ean ku t\u00ea de medyaya Kurd\u00ee di dema pev\u00e7\u00fbn\u00ean navxwey\u00ee de bi awayek\u00ee profesyonel \u00fb b\u00eaal\u00ee bixebitin. Raporta Diyar Cemal agah\u00eey\u00ean b\u00eahtir hene.","title":"Hewl\u00ean Parastina B\u00eaal\u00eeb\u00fbna Medyay\u00ea li Her\u00eama Kurdistan\u00ea","topic":"V\u00eedyo Galer\u00ee","translation_language":"","url":"https://voa-video-ns.akamaized.net/pangeavideo/2026/08/b/b9/b9eec554-fad6-4b0c-a18e-08def2b10d93_1080p.mp4?cb=ee20eb8bb","video_url":"https://voa-video-ns.akamaized.net/pangeavideo/2026/08/b/b9/b9eec554-fad6-4b0c-a18e-08def2b10d93_1080p.mp4?cb=ee20eb8bb"},{"article_body_paragraphs":[],"audio_source_url":null,"author":"R\u00eaj\u00een Ehmed","available_dubs":[],"downloadable_assets":["https://voa-video-ns.akamaized.net/pangeavideo/2026/08/f/f6/f6066077-c0b6-46d9-811d-08decae8682a_1080p.mp4?cb=ee211f29e"],"duration_display":"3:36","duration_seconds":216.81,"embed_url":null,"id":4518,"image_caption":null,"image_url":"https://gdb.voanews.com/f6066077-c0b6-46d9-811d-08decae8682a_tv_mw2048_mh2048_n.jpg","is_clip":true,"item_type":"video","item_type_label":"Video","language_label":"Kurdish","media_credit":"VOA","micro_label":"Video report","micro_label_kind":"video","network_label":"VOA","network_logo_url":"/static/uploads/direct_network_logos/voa_1ef13eedbd2f.svg","published_at":"2026-08-12T18:32:34.287000","published_at_display":"12 Aug 2026, 18:32 GMT","sequence_badge_label":null,"sequence_count":null,"sequence_count_label":null,"sequence_frames":[],"sequence_kind":null,"source_name":"dengeamerika_com_direct","source_name_label":"Dengeamerika","source_type":"direct_api","summary":"Xwezaya ciwan a hav\u00eengeha Gel\u00eey\u00ea \u015e\u00earane di navbera \u00e7iyay\u00ean bilind \u00ean devera Am\u00ead\u00eey\u00ea de, di werza germ a hav\u00een\u00ea de dibe meqseda ge\u015ft\u00eeyaran ji seranser\u00ee \u00ceraq\u00ea. Raporta R\u00eaj\u00een Ehmed zanyar\u00eey\u00ean b\u00eahtir hene.","title":"Gel\u00eey\u00ea \u015e\u00earane li Duhok\u00ea Bala Ge\u015ft\u00eeyaran Diki\u015f\u00eene","topic":"V\u00eedyo Galer\u00ee","translation_language":"","url":"https://voa-video-ns.akamaized.net/pangeavideo/2026/08/f/f6/f6066077-c0b6-46d9-811d-08decae8682a_1080p.mp4?cb=ee211f29e","video_url":"https://voa-video-ns.akamaized.net/pangeavideo/2026/08/f/f6/f6066077-c0b6-46d9-811d-08decae8682a_1080p.mp4?cb=ee211f29e"},{"article_body_paragraphs":[],"audio_source_url":null,"author":"Emced Kurdo","available_dubs":[],"downloadable_assets":["https://voa-video-ns.akamaized.net/pangeavideo/2026/08/3/34/34852a85-18f8-47b5-7e3d-08def2ed48ad_1080p.mp4?cb=ee20eae32"],"duration_display":"2:49","duration_seconds":169.08,"embed_url":null,"id":4519,"image_caption":null,"image_url":"https://gdb.voanews.com/34852a85-18f8-47b5-7e3d-08def2ed48ad_tv_mw2048_mh2048_n.jpg","is_clip":true,"item_type":"video","item_type_label":"Video","language_label":"Kurdish","media_credit":"VOA","micro_label":"Video report","micro_label_kind":"video","network_label":"VOA","network_logo_url":"/static/uploads/direct_network_logos/voa_1ef13eedbd2f.svg","published_at":"2026-08-12T18:10:58.887000","published_at_display":"12 Aug 2026, 18:10 GMT","sequence_badge_label":null,"sequence_count":null,"sequence_count_label":null,"sequence_frames":[],"sequence_kind":null,"source_name":"dengeamerika_com_direct","source_name_label":"Dengeamerika","source_type":"direct_api","summary":"\u00car\u00ee\u015f\u00ean dij\u00ee derbider\u00ean Ser\u00ea Kan\u00eey\u00ea b\u00fbn cih\u00ea neraz\u00eeb\u00fbneke berfereh ji al\u00eey\u00ea welat\u00ee \u00fb al\u00eey\u00ean siyas\u00ee y\u00ean Kurd\u00ean S\u00fbr\u00eey\u00ea ve, di nav de j\u00ee Mecl\u00eesa S\u00fbr\u00eeya Demokrat\u00eek(MSD) \u00fb Enc\u00fbmena Ni\u015ftiman\u00ee ya Kurd\u00ee li S\u00fbr\u00eey\u00ea(ENKS). Raporta Emced Kurdo b\u00eahtir agah\u00ee hene.","title":"Part\u00eey\u00ean Rojava Tund\u00fbt\u00fbj\u00eeya li Ser\u00ea Kan\u00eey\u00ea \u015eermezar Dikin","topic":"V\u00eedyo Galer\u00ee","translation_language":"","url":"https://voa-video-ns.akamaized.net/pangeavideo/2026/08/3/34/34852a85-18f8-47b5-7e3d-08def2ed48ad_1080p.mp4?cb=ee20eae32","video_url":"https://voa-video-ns.akamaized.net/pangeavideo/2026/08/3/34/34852a85-18f8-47b5-7e3d-08def2ed48ad_1080p.mp4?cb=ee20eae32"},{"article_body_paragraphs":[],"audio_source_url":null,"author":"Xetab Omer","available_dubs":[],"downloadable_assets":["https://voa-video-ns.akamaized.net/pangeavideo/2026/08/4/47/47561ae7-c45d-4729-f1c7-08def2b12219_1080p.mp4?cb=ee20ea60f"],"duration_display":"2:50","duration_seconds":170.62,"embed_url":null,"id":4488,"image_caption":null,"image_url":"https://gdb.voanews.com/47561ae7-c45d-4729-f1c7-08def2b12219_tv_mw2048_mh2048_n.jpg","is_clip":true,"item_type":"video","item_type_label":"Video","language_label":"Kurdish","media_credit":"VOA","micro_label":"Video report","micro_label_kind":"video","network_label":"VOA","network_logo_url":"/static/uploads/direct_network_logos/voa_1ef13eedbd2f.svg","published_at":"2026-08-12T17:35:06.130000","published_at_display":"12 Aug 2026, 17:35 GMT","sequence_badge_label":null,"sequence_count":null,"sequence_count_label":null,"sequence_frames":[],"sequence_kind":null,"source_name":"dengeamerika_com_direct","source_name_label":"Dengeamerika","source_type":"direct_api","summary":"Pi\u015ft\u00ee biryara Hik\u00fbmeta \u00ceraq\u00ea ya kontrolirina \u00e7ekan di dest\u00ea hik\u00fbmet\u00ea de, pirsa \u00e7ekdar\u00ean \u015eigal\u00ea derdikeve p\u00ea\u015f. Hin Berpirs \u00fb kesayet\u00eey\u00ean \u015eingal\u00ea dibijin p\u00eaw\u00eest e ev h\u00eaz\u00ean \u00e7ekdar bibin be\u015fek ji h\u00eaz\u00ean ferm\u00ee y\u00ean \u00ceraq\u00ea. Raporta Xetab Omer zanyar\u00eey\u00ean b\u00eahtir hene.","title":"Siberoj \u00fb \u00c7aren\u00fbsa H\u00eaz\u00ean \u00c7ekdar li \u015eingal\u00ea","topic":"V\u00eedyo Galer\u00ee","translation_language":"","url":"https://voa-video-ns.akamaized.net/pangeavideo/2026/08/4/47/47561ae7-c45d-4729-f1c7-08def2b12219_1080p.mp4?cb=ee20ea60f","video_url":"https://voa-video-ns.akamaized.net/pangeavideo/2026/08/4/47/47561ae7-c45d-4729-f1c7-08def2b12219_1080p.mp4?cb=ee20ea60f"},{"article_body_paragraphs":[],"audio_source_url":null,"author":"Del\u00eel Sil\u00eaman","available_dubs":[],"downloadable_assets":["https://voa-video-ns.akamaized.net/pangeavideo/2026/08/a/a9/a9fda8b2-893a-4ef0-7e37-08def2ed48ad_1080p.mp4?cb=ee20e9f61"],"duration_display":"2:46","duration_seconds":166.68,"embed_url":null,"id":4475,"image_caption":null,"image_url":"https://gdb.voanews.com/a9fda8b2-893a-4ef0-7e37-08def2ed48ad_tv_mw2048_mh2048_n.jpg","is_clip":true,"item_type":"video","item_type_label":"Video","language_label":"Kurdish","media_credit":"VOA","micro_label":"Video report","micro_label_kind":"video","network_label":"VOA","network_logo_url":"/static/uploads/direct_network_logos/voa_1ef13eedbd2f.svg","published_at":"2026-08-12T16:50:09.073000","published_at_display":"12 Aug 2026, 16:50 GMT","sequence_badge_label":null,"sequence_count":null,"sequence_count_label":null,"sequence_frames":[],"sequence_kind":null,"source_name":"dengeamerika_com_direct","source_name_label":"Dengeamerika","source_type":"direct_api","summary":"Parastina navend \u00fb cih\u00ean \u00cazd\u00eeyan li Rojava di van sal\u00ean daw\u00ee de b\u00fbye p\u00eaw\u00eestek\u00ea ji bo piran\u00eeya endam\u00ean civaka \u00cazd\u00ee. Ew li S\u00fbr\u00eey\u00ea dixwazin ku maf\u00ean wan di dest\u00fbra wel\u00eat de werin parastin. Raporta Del\u00eel Sil\u00eaman b\u00eahtir zanyar\u00ee hene.","title":"\u00cazd\u00eey\u00ean Rojava Daxwaza Maf\u00ean Xwe di Dest\u00fbra S\u00fbr\u00eey\u00ea de Dikin","topic":"V\u00eedyo Galer\u00ee","translation_language":"","url":"https://voa-video-ns.akamaized.net/pangeavideo/2026/08/a/a9/a9fda8b2-893a-4ef0-7e37-08def2ed48ad_1080p.mp4?cb=ee20e9f61","video_url":"https://voa-video-ns.akamaized.net/pangeavideo/2026/08/a/a9/a9fda8b2-893a-4ef0-7e37-08def2ed48ad_1080p.mp4?cb=ee20e9f61"},{"article_body_paragraphs":[],"audio_source_url":null,"author":"Ferhan Hamaxan","available_dubs":[],"downloadable_assets":["https://voa-video-ns.akamaized.net/pangeavideo/2026/08/7/79/7960cc51-6d9c-43b2-c938-08decaecd3b3_1080p.mp4?cb=ee20e8ba0"],"duration_display":"3:23","duration_seconds":203.54,"embed_url":null,"id":4414,"image_caption":null,"image_url":"https://gdb.voanews.com/7960cc51-6d9c-43b2-c938-08decaecd3b3_tv_mw2048_mh2048_n.jpg","is_clip":true,"item_type":"video","item_type_label":"Video","language_label":"Kurdish","media_credit":"VOA","micro_label":"Video report","micro_label_kind":"video","network_label":"VOA","network_logo_url":"/static/uploads/direct_network_logos/voa_1ef13eedbd2f.svg","published_at":"2026-08-12T15:43:28.320000","published_at_display":"12 Aug 2026, 15:43 GMT","sequence_badge_label":null,"sequence_count":null,"sequence_count_label":null,"sequence_frames":[],"sequence_kind":null,"source_name":"dengeamerika_com_direct","source_name_label":"Dengeamerika","source_type":"direct_api","summary":"Li par\u00eazgeha Heleb\u00e7e ya Her\u00eama Kurdiustana \u00ceraq\u00ea, weke hem\u00fb par\u00eazgeh\u00ean \u00ceraq \u00fb Her\u00eama Kurdistan\u00ea, r\u00eajeya b\u00eakar\u00eey\u00ea di nava r\u00eaz\u00ean g\u00eancan de bilind e. Raporta Ferhan Hawraman\u00ee agah\u00eey\u00ean b\u00eahtir hene.","title":"Di Roja C\u00eehan\u00ee ya Gencan de B\u00eakar\u00eeya Genc\u00ean Heleb\u00e7ey\u00ea Bilind Dibe","topic":"V\u00eedyo Galer\u00ee","translation_language":"","url":"https://voa-video-ns.akamaized.net/pangeavideo/2026/08/7/79/7960cc51-6d9c-43b2-c938-08decaecd3b3_1080p.mp4?cb=ee20e8ba0","video_url":"https://voa-video-ns.akamaized.net/pangeavideo/2026/08/7/79/7960cc51-6d9c-43b2-c938-08decaecd3b3_1080p.mp4?cb=ee20e8ba0"},{"article_body_paragraphs":[],"audio_source_url":null,"author":null,"available_dubs":[],"downloadable_assets":["https://voa-video-ns.akamaized.net/pangeavideo/2026/08/5/51/511296d6-318c-4ee5-8112-08decae8682a_1080p.mp4?cb=ee20e75d9"],"duration_display":"3:22","duration_seconds":202.6,"embed_url":null,"id":4390,"image_caption":null,"image_url":"https://gdb.voanews.com/511296d6-318c-4ee5-8112-08decae8682a_tv_mw2048_mh2048_n.jpg","is_clip":true,"item_type":"video","item_type_label":"Video","language_label":"Kurdish","media_credit":"VOA","micro_label":"Video report","micro_label_kind":"video","network_label":"VOA","network_logo_url":"/static/uploads/direct_network_logos/voa_1ef13eedbd2f.svg","published_at":"2026-08-12T14:10:33.527000","published_at_display":"12 Aug 2026, 14:10 GMT","sequence_badge_label":null,"sequence_count":null,"sequence_count_label":null,"sequence_frames":[],"sequence_kind":null,"source_name":"dengeamerika_com_direct","source_name_label":"Dengeamerika","source_type":"direct_api","summary":"Mozexaneya ni\u015ftiman\u00ee ya d\u00eerok\u00ee ya Smithsonian li Washingtona paytext bi p\u00ea\u015fangeheke taybet a d\u00eerok \u00fb \u00e7anda wel\u00eat, salvegera 250 sal\u00eeya serxweb\u00fbna Amer\u00eekay\u00ea p\u00eeroz kir. Fatima Sind\u00ee raport\u00ea dixw\u00eene.","title":"Mozexaneya Smithsonian Serxweb\u00fbna Amer\u00eekay\u00ea P\u00eeroz Dike","topic":"V\u00eedyo Galer\u00ee","translation_language":"","url":"https://voa-video-ns.akamaized.net/pangeavideo/2026/08/5/51/511296d6-318c-4ee5-8112-08decae8682a_1080p.mp4?cb=ee20e75d9","video_url":"https://voa-video-ns.akamaized.net/pangeavideo/2026/08/5/51/511296d6-318c-4ee5-8112-08decae8682a_1080p.mp4?cb=ee20e75d9"},{"article_body_paragraphs":[],"audio_source_url":null,"author":"Hem\u00eed Mistefa","available_dubs":[],"downloadable_assets":["https://voa-video-ns.akamaized.net/pangeavideo/2026/08/2/29/29e4e454-ce63-4f0f-c935-08decaecd3b3_1080p.mp4?cb=ee20e5e1d"],"duration_display":"2:54","duration_seconds":174.62,"embed_url":null,"id":4334,"image_caption":null,"image_url":"https://gdb.voanews.com/29e4e454-ce63-4f0f-c935-08decaecd3b3_tv_mw2048_mh2048_n.jpg","is_clip":true,"item_type":"video","item_type_label":"Video","language_label":"Kurdish","media_credit":"VOA","micro_label":"Video report","micro_label_kind":"video","network_label":"VOA","network_logo_url":"/static/uploads/direct_network_logos/voa_1ef13eedbd2f.svg","published_at":"2026-08-12T12:28:50.167000","published_at_display":"12 Aug 2026, 12:28 GMT","sequence_badge_label":null,"sequence_count":null,"sequence_count_label":null,"sequence_frames":[],"sequence_kind":null,"source_name":"dengeamerika_com_direct","source_name_label":"Dengeamerika","source_type":"direct_api","summary":"Li bajar\u00ea M\u00eelano y\u00ea \u00cetalyay\u00ea, Xezal Koyuncuer, Kurda Anatolyay\u00ea ku bo sal\u00ean dir\u00eaj karmenda send\u00eekaya Karker\u00ean M\u00eelano ye, bi Deng\u00ea Amer\u00eeka y\u00ea re serbora xwe ya derbar\u00ea rew\u015fa kar \u00fb karkar\u00ean Kurd \u00ean li w\u00ee welat\u00ee parve kir. Raporeta Hem\u00eed Mistefa ron\u00ee dide ser \u00e7\u00eeroka w\u00ea.","title":"Jineke Kurd Berevan\u00eeya Maf\u00ean Karkeran li \u00cetalyay\u00ea Dike","topic":"V\u00eedyo Galer\u00ee","translation_language":"","url":"https://voa-video-ns.akamaized.net/pangeavideo/2026/08/2/29/29e4e454-ce63-4f0f-c935-08decaecd3b3_1080p.mp4?cb=ee20e5e1d","video_url":"https://voa-video-ns.akamaized.net/pangeavideo/2026/08/2/29/29e4e454-ce63-4f0f-c935-08decaecd3b3_1080p.mp4?cb=ee20e5e1d"},{"article_body_paragraphs":[],"audio_source_url":null,"author":"Emced Kurdo","available_dubs":[],"downloadable_assets":["https://voa-video-ns.akamaized.net/pangeavideo/2026/08/b/b0/b065c270-fb75-4b1d-f1b5-08def2b12219_1080p.mp4?cb=ee20d780a"],"duration_display":"4:12","duration_seconds":252.36,"embed_url":null,"id":4151,"image_caption":null,"image_url":"https://gdb.voanews.com/b065c270-fb75-4b1d-f1b5-08def2b12219_tv_mw2048_mh2048_n.jpg","is_clip":true,"item_type":"video","item_type_label":"Video","language_label":"Kurdish","media_credit":"VOA","micro_label":"Video report","micro_label_kind":"video","network_label":"VOA","network_logo_url":"/static/uploads/direct_network_logos/voa_1ef13eedbd2f.svg","published_at":"2026-08-11T19:50:54.497000","published_at_display":"11 Aug 2026, 19:50 GMT","sequence_badge_label":null,"sequence_count":null,"sequence_count_label":null,"sequence_frames":[],"sequence_kind":null,"source_name":"dengeamerika_com_direct","source_name_label":"Dengeamerika","source_type":"direct_api","summary":"Pi\u015ft\u00ee ku hejmarek malbat\u00ean Kurd roja Du\u015fem\u00ea veger\u00eeyan ser mal \u00fb war\u00ean xwe li Ser\u00ea kan\u00eey\u00ea rast\u00ee \u00ear\u00ee\u015f\u00ean hin kes \u00fb gr\u00fbp\u00ean tundr\u00ea hatin. Emced Kurd ji her\u00eam\u00ea agah\u00eey\u00ean n\u00fb radigih\u00eene.","title":"Prosesa Vegera Derbider\u00ean Ser\u00ea Kan\u00eey\u00ea Rast\u00ee Aloz\u00eeyan T\u00ea","topic":"V\u00eedyo Galer\u00ee","translation_language":"","url":"https://voa-video-ns.akamaized.net/pangeavideo/2026/08/b/b0/b065c270-fb75-4b1d-f1b5-08def2b12219_1080p.mp4?cb=ee20d780a","video_url":"https://voa-video-ns.akamaized.net/pangeavideo/2026/08/b/b0/b065c270-fb75-4b1d-f1b5-08def2b12219_1080p.mp4?cb=ee20d780a"},{"article_body_paragraphs":[],"audio_source_url":null,"author":null,"available_dubs":[],"downloadable_assets":["https://voa-video-ns.akamaized.net/pangeavideo/2026/08/3/3e/3e0230f7-dd9d-43c7-7e27-08def2ed48ad_1080p.mp4?cb=ee20d7046"],"duration_display":"4:11","duration_seconds":251.86,"embed_url":null,"id":4126,"image_caption":null,"image_url":"https://gdb.voanews.com/3e0230f7-dd9d-43c7-7e27-08def2ed48ad_tv_mw2048_mh2048_n.jpg","is_clip":true,"item_type":"video","item_type_label":"Video","language_label":"Kurdish","media_credit":"VOA","micro_label":"Video report","micro_label_kind":"video","network_label":"VOA","network_logo_url":"/static/uploads/direct_network_logos/voa_1ef13eedbd2f.svg","published_at":"2026-08-11T19:34:30.020000","published_at_display":"11 Aug 2026, 19:34 GMT","sequence_badge_label":null,"sequence_count":null,"sequence_count_label":null,"sequence_frames":[],"sequence_kind":null,"source_name":"dengeamerika_com_direct","source_name_label":"Dengeamerika","source_type":"direct_api","summary":"Bi 467 deng\u00ean er\u00ea qan\u00fbna \u00e7ar\u00e7ovey\u00ee di meclisa Tirk\u00eey\u00ea de hate pejirandin \u00fb derbas b\u00fb. Ozlem Yasak h\u00fbrgiliy\u00ean dengdan\u00ea \u00fb qonaxa pi\u015ft\u00ee dengdana ser qan\u00fbna \u00e7ar\u00e7ovey\u00ee behs dike.","title":"Qonaxa Pi\u015ft\u00ee Dengdan\u00ea ya ser Qan\u00fbna \u00c7ar\u00e7ovey\u00ee li Tirkiy\u00ea","topic":"V\u00eedyo Galer\u00ee","translation_language":"","url":"https://voa-video-ns.akamaized.net/pangeavideo/2026/08/3/3e/3e0230f7-dd9d-43c7-7e27-08def2ed48ad_1080p.mp4?cb=ee20d7046","video_url":"https://voa-video-ns.akamaized.net/pangeavideo/2026/08/3/3e/3e0230f7-dd9d-43c7-7e27-08def2ed48ad_1080p.mp4?cb=ee20d7046"},{"article_body_paragraphs":[],"audio_source_url":null,"author":"Eyy\u00fbp Dem\u00eer","available_dubs":[],"downloadable_assets":["https://voa-video-ns.akamaized.net/pangeavideo/2026/08/4/4a/4acff061-5015-4625-a179-08def2b10d93_1080p.mp4?cb=ee20d6d5f"],"duration_display":"3:07","duration_seconds":187.6,"embed_url":null,"id":4128,"image_caption":null,"image_url":"https://gdb.voanews.com/4acff061-5015-4625-a179-08def2b10d93_tv_mw2048_mh2048_n.jpg","is_clip":true,"item_type":"video","item_type_label":"Video","language_label":"Kurdish","media_credit":"VOA","micro_label":"Video report","micro_label_kind":"video","network_label":"VOA","network_logo_url":"/static/uploads/direct_network_logos/voa_1ef13eedbd2f.svg","published_at":"2026-08-11T19:22:07.417000","published_at_display":"11 Aug 2026, 19:22 GMT","sequence_badge_label":null,"sequence_count":null,"sequence_count_label":null,"sequence_frames":[],"sequence_kind":null,"source_name":"dengeamerika_com_direct","source_name_label":"Dengeamerika","source_type":"direct_api","summary":"Roja Du\u015fem\u00ea Qan\u00fbna \u00c7ar\u00e7ovey\u00ee ya b\u00ea\u00e7ekkirina PKK\u00ea li Parlemana Tirk\u00eey\u00ea b\u00fb, dengdan p\u00eakhat, bi piran\u00eeya deng\u00ean endaman qan\u00fbna hat derbazkirin. Eyy\u00fbp Dem\u00eer ji Stenbol\u00ea p\u00eazan\u00een\u00ean z\u00eadetir radigih\u00eene.","title":"Qan\u00fbna \u00c7ar\u015fovey\u00ee di Parlemana Tirkiy\u00ea de bi Piran\u00eeya Dengan Hat Pejirandin","topic":"V\u00eedyo Galer\u00ee","translation_language":"","url":"https://voa-video-ns.akamaized.net/pangeavideo/2026/08/4/4a/4acff061-5015-4625-a179-08def2b10d93_1080p.mp4?cb=ee20d6d5f","video_url":"https://voa-video-ns.akamaized.net/pangeavideo/2026/08/4/4a/4acff061-5015-4625-a179-08def2b10d93_1080p.mp4?cb=ee20d6d5f"}],"next_num":9,"page":8,"pages":12,"per_page":20,"prev_num":7,"total":239}
