{"applied_filters":{"end_date":"","lang":"","language":"","network":"","page":9,"per_page":20,"search":"","source":"","start_date":"","topic":"V\u00eedyo Galer\u00ee","type":"video"},"available_filters":{"language_choices":[{"label":"Choose Language","value":""},{"label":"English","value":"English"},{"label":"Espa\u00f1ol","value":"Espa\u00f1ol"},{"label":"Kurdish","value":"Kurdish"}],"network_choices":[{"label":"All networks","value":""},{"label":"VOA","value":"VOA"}],"source_choices":[{"label":"All sources","value":""},{"label":"Dengeamerika","value":"dengeamerika_com_direct"}],"sources":["dengeamerika_com_direct"],"topics":["250em\u00een Salvegera Serxweb\u00fbna Amer\u00eekay\u00ea","250\u0647\u06d5\u0645\u06cc\u0646 \u0633\u0627\u06b5\u06cc\u0627\u062f\u06cc \u0633\u06d5\u0631\u0628\u06d5\u062e\u06c6\u06cc\u06cc \u0626\u06d5\u0645\u06d5\u0631\u06cc\u06a9\u0627","8 \u10e4\u10dd\u10e2\u10dd \u10d0\u10e0\u10e5\u10d8\u10d5\u10d8\u10d3\u10d0\u10dc","Afghanistan","Amer\u00eeka","Am\u00e9rica Latina, VENEZUELA, Maiquetia","Asuntos de Estado","Audiovisuales Mart\u00ed","Audiovisuales Mart\u00ed, Cuba turismo, crisis del turismo en Cuba","Audiovisuales Mart\u00ed, VENEZUELA, apagones","Bernameya Televizyon\u00ee ya Rojane","Como Come Cuba, cuba, Como Come Cuba","Cuba Habla","Cuba Habla, Cuba","Cuba al D\u00eda, Cuba","C\u00eehan","Derechos Humanos, cuba, exilio, c\u00e1ncer, Ram\u00f3n Sa\u00fal S\u00e1nchez","Especiales, Exilio cubano, Freedom tower, \"Libertad\", Torre de la Libertad de Miami, Exilio cubano en Miami","Especiales, jos\u00e9 mart\u00ed, Exilio cubano","Esperando un techo, cuba, crisis, vivienda, derrumbes, techo, paredes, EsperandounTecho","Human Rights","Info Mart\u00ed","Info Mart\u00ed , Brigada 2506","Info Mart\u00ed , Cuba","Info Mart\u00ed , Estados Unidos, Colombia","Info Mart\u00ed , Estados Unidos, VENEZUELA","Info Mart\u00ed , estados unidos, Venezuela","Info Mart\u00ed , presos politicos, torturas, VENEZUELA","Iran","Iz RSE sveta","Kentu-Cubano, cuba, cubanos, Kentucky, migrantes, KentoCubano","Korea","Laos","Las Noticias Como Son, Cuba","Multimedija","Myanmar","Noticiero Mart\u00ed Noticias","Noticiero Mart\u00ed Noticias, Cuba","Pacific","Pe Agend\u0103 cu Cristina Popu\u0219oi","Perspektiva","Ser Madre en cuba, cuba, hambre, r\u00e9gimen, madre, negligencia, Testimonios, Crisis Econ\u00f3mica, madre cubana, Crisis Alimentaria","Ser viejo en Cuba, cuba, cubanos, crisis, alimentos, ancianos, viejos, vejez","South China Sea","Srbija","Tibet","Ukraine","Uvid","VOA \ud55c\uad6d\uc5b4 \ubcf4\uc774\ub294 \ub77c\ub514\uc624","VOA\u4eca\u65e5\u7126\u70b9","Video","Videos","V\u00eedyo Galer\u00ee","\u0410\u0440\u0445\u0435\u043e\u043b\u043e\u0433\u0438\u044f","\u0411\u0430\u043b\u0442\u0438\u044f","\u0412\u0438\u0434\u0435\u043e","\u0413\u043b\u0430\u0432\u043d\u043e\u0435","\u0413\u0440\u0430\u043d\u0438 \u0432\u0440\u0435\u043c\u0435\u043d\u0438","\u0418\u043d\u0442\u0435\u0440\u0432\u044c\u044e","\u041a\u0430\u0434\u0440\u044b \u0434\u043d\u044f","\u041b\u0438\u0446\u043e\u043c \u043a \u0441\u043e\u0431\u044b\u0442\u0438\u044e","\u0420\u0435\u043f\u043e\u0440\u0442\u0430\u0436","\u0420\u043e\u0441\u0441\u0438\u044f","\u0421\u043c\u043e\u0442\u0440\u0438 \u0432 \u043e\u0431\u0430","\u0423\u043a\u0440\u0430\u0438\u043d\u0430","\u0622\u062e\u0631\u06cc\u0646 \u0648\u06cc\u062f\u06cc\u0648\u0647\u0627","\u0626\u06ce\u0631\u0627\u0646","\u0626\u06d5\u0645\u06d5\u0631\u06cc\u06a9\u0627","\u0627\u0645\u0631\u06cc\u06a9\u0627 \u063a\u0696 \u067e\u069a\u062a\u0648","\u0628\u06d5\u0631\u0646\u0627\u0645\u06d5\u06cc \u0695\u06c6\u0698\u0627\u0646\u06d5\u06cc \u062a\u06d5\u0644\u06d5\u0641\u06cc\u0632\u06cc\u06c6\u0646","\u062a\u0648\u0631\u06a9\u06cc\u0627","\u062c\u0647\u0627\u0646","\u062c\u06cc\u0647\u0627\u0646","\u0633\u0648\u0631\u06cc\u0627","\u0633\u0649\u0646","\u0635\u062f\u0627\u06cc \u0627\u0645\u0631\u06cc\u06a9\u0627 \u062f\u0631\u06cc","\u0639\u06ce\u0631\u0627\u0642","\u0642\u0649\u0633\u0642\u0627 \u062e\u06d5\u06cb\u06d5\u0631\u0644\u06d5\u0631","\u0645\u0631\u06a9\u06d0","\u0646\u0648\u0631 \u062e\u0628\u0631\u0648\u0646\u0647","\u0647\u06d5\u0631\u06ce\u0645\u06d5 \u06a9\u0648\u0631\u062f\u06cc\u0640\u06cc\u06d5\u06a9\u0627\u0646","\u0648\u06cc\u062f\u06cc\u0648","\u0648\u06cc\u0698\u0647 \u0628\u0631\u0646\u0627\u0645\u0647\u200c\u0647\u0627","\u0695\u06c6\u0698\u0647\u06d5\u06b5\u0627\u062a\u06cc \u0646\u0627\u0648\u06d5\u0695\u0627\u0633\u062a","\u06a4\u06cc\u062f\u06cc\u06c6","\u0e82\u0ec8\u0eb2\u0ea7\u0ec1\u0ea5\u0eb0\u0ea5\u0eb2\u0e8d\u0e87\u0eb2\u0e99","\u0ea7\u0eb5\u0e94\u0eb5\u0ec2\u0ead","\u0f38\u0f42\u0f7c\u0f44\u0f0b\u0f66\u0f0b\u0f58\u0f46\u0f7c\u0f42","\u0f56\u0f59\u0f53\u0f0b\u0f56\u0fb1\u0f7c\u0f63\u0f0d","\u0f56\u0f62\u0f99\u0f53\u0f0d","\u0f56\u0f7c\u0f51\u0f0d","\u1017\u102e\u1012\u102e\u101a\u102d\u102f\u1019\u103b\u102c\u1038","\u101e\u1010\u1004\u103a\u1038\u1019\u103b\u102c\u1038","\u10d5\u10d8\u10d3\u10d4\u10dd","\u1785\u17d2\u1794\u17b6\u1794\u17cb","\u1793\u1799\u17c4\u1794\u17b6\u1799","\u1794\u179a\u17b7\u179f\u17d2\u1790\u17b6\u1793","\u179c\u17b8\u178a\u17c1\u17a2\u17bc","\u179f\u1784\u17d2\u1782\u1798","\u4eba\u6743\u6cd5\u6cbb"],"types":[["","All types"],["video","Videos"],["clips","Clips"],["media","Media"]]},"has_next":true,"has_prev":true,"items":[{"article_body_paragraphs":[],"audio_source_url":null,"author":"S\u00eenor Ker\u00eem","available_dubs":[],"downloadable_assets":["https://voa-video-ns.akamaized.net/pangeavideo/2026/08/1/18/18ae97d5-2b18-444a-f20c-08def2b12219_1080p.mp4?cb=ee211679b"],"duration_display":"3:02","duration_seconds":182.52,"embed_url":null,"id":5339,"image_caption":null,"image_url":"https://gdb.voanews.com/18ae97d5-2b18-444a-f20c-08def2b12219_tv_mw2048_mh2048_n.jpg","is_clip":true,"item_type":"video","item_type_label":"Video","language_label":"Kurdish","media_credit":"VOA","micro_label":"Video report","micro_label_kind":"video","network_label":"VOA","network_logo_url":"/static/uploads/direct_network_logos/voa_1ef13eedbd2f.svg","published_at":"2026-08-14T19:46:35.067000","published_at_display":"14 Aug 2026, 19:46 GMT","sequence_badge_label":null,"sequence_count":null,"sequence_count_label":null,"sequence_frames":[],"sequence_kind":null,"source_name":"dengeamerika_com_direct","source_name_label":"Dengeamerika","source_type":"direct_api","summary":"Hik\u00fbmeta \u00ceraq\u00ea dib\u00eaje ku dawiya \u00celon\u00ea wek\u00ee roja daw\u00ee ji bo veki\u015f\u00eena h\u00eaz\u00ean biyan\u00ee ye li \u00ceraq\u00ea, hin Parlemanter \u00fb welat\u00ee daxwaz dikin ku le\u015fker\u00ean Tirk \u00ean ku 30 k\u00eelometreyan ketine Her\u00eama Kurdistan\u00ea, derkevin.","title":"Hin Parlemanter \u00fb Welat\u00ee Daxwaz Dikin ku H\u00eaz\u00ean Tirkiy\u00eay\u00ea ji \u00ceraq \u00fb Her\u00eaam Kurdistan\u00ea derkevin","topic":"V\u00eedyo Galer\u00ee","translation_language":"","url":"https://voa-video-ns.akamaized.net/pangeavideo/2026/08/1/18/18ae97d5-2b18-444a-f20c-08def2b12219_1080p.mp4?cb=ee211679b","video_url":"https://voa-video-ns.akamaized.net/pangeavideo/2026/08/1/18/18ae97d5-2b18-444a-f20c-08def2b12219_1080p.mp4?cb=ee211679b"},{"article_body_paragraphs":[],"audio_source_url":null,"author":null,"available_dubs":[],"downloadable_assets":["https://voa-video-ns.akamaized.net/pangeavideo/2026/08/e/e0/e08bfe18-1e97-4c40-7e89-08def2ed48ad_1080p.mp4?cb=ee21163db"],"duration_display":"11:29","duration_seconds":689.49,"embed_url":null,"id":5327,"image_caption":null,"image_url":"https://gdb.voanews.com/e08bfe18-1e97-4c40-7e89-08def2ed48ad_tv_mw2048_mh2048_n.jpg","is_clip":false,"item_type":"video","item_type_label":"Video","language_label":"Kurdish","media_credit":"VOA","micro_label":"Video report","micro_label_kind":"video","network_label":"VOA","network_logo_url":"/static/uploads/direct_network_logos/voa_1ef13eedbd2f.svg","published_at":"2026-08-14T19:30:35.187000","published_at_display":"14 Aug 2026, 19:30 GMT","sequence_badge_label":null,"sequence_count":null,"sequence_count_label":null,"sequence_frames":[],"sequence_kind":null,"source_name":"dengeamerika_com_direct","source_name_label":"Dengeamerika","source_type":"direct_api","summary":"Qan\u00fbna \u00c7ar\u00e7ovey\u00ee di rojeva siyas\u00ee ya Tirk\u00eey\u00ea de d\u00eesan germe, hin part\u00eey\u00ean Kurd bi dudil\u00ee n\u00eaz\u00ee rew\u015fa hey\u00ee dibin. Mustafa Oz\u00e7elik Serok\u00ea Part\u00eeya Welatpar\u00eaz\u00ean Kurdistan\u00ea ji Stenbol\u00ea v\u00ea mijar\u00ea dinirx\u00eene.","title":"Part\u00eey\u00ean Kurd \u00ean Tirk\u00eey\u00ea Qan\u00fbna \u00c7ar\u00e7ovey\u00ee \u00c7awa Dib\u00eenin?","topic":"V\u00eedyo Galer\u00ee","translation_language":"","url":"https://voa-video-ns.akamaized.net/pangeavideo/2026/08/e/e0/e08bfe18-1e97-4c40-7e89-08def2ed48ad_1080p.mp4?cb=ee21163db","video_url":"https://voa-video-ns.akamaized.net/pangeavideo/2026/08/e/e0/e08bfe18-1e97-4c40-7e89-08def2ed48ad_1080p.mp4?cb=ee21163db"},{"article_body_paragraphs":[],"audio_source_url":null,"author":null,"available_dubs":[],"downloadable_assets":["https://voa-video-ns.akamaized.net/pangeavideo/2026/08/f/fb/fbb77ba9-60a0-458d-476a-08decadaa577_1080p.mp4?cb=ee21160cc"],"duration_display":"4:56","duration_seconds":296.38,"embed_url":null,"id":5328,"image_caption":null,"image_url":"https://gdb.voanews.com/fbb77ba9-60a0-458d-476a-08decadaa577_tv_mw2048_mh2048_n.jpg","is_clip":true,"item_type":"video","item_type_label":"Video","language_label":"Kurdish","media_credit":"VOA","micro_label":"Video report","micro_label_kind":"video","network_label":"VOA","network_logo_url":"/static/uploads/direct_network_logos/voa_1ef13eedbd2f.svg","published_at":"2026-08-14T19:17:32.917000","published_at_display":"14 Aug 2026, 19:17 GMT","sequence_badge_label":null,"sequence_count":null,"sequence_count_label":null,"sequence_frames":[],"sequence_kind":null,"source_name":"dengeamerika_com_direct","source_name_label":"Dengeamerika","source_type":"direct_api","summary":"A\u015ftiya li Tirk\u00eey\u00ea pi\u015ft\u00ee pejirandina Qan\u00fbna \u00c7ar\u00e7ovey\u00ee ji aliy\u00ea piran\u00ee ya h\u00eaz\u00ean siyas\u00ee \u00fb parlemantoya Tirk\u00eey\u00ea ve, niha dikeve di qonaxa c\u00eebic\u00eekirin\u00ea de. Ozlem Yasak p\u00eazan\u00een\u00ean z\u00eadetir dide.","title":"Qan\u00fbna \u00c7ar\u00e7ovey\u00ee li Tirk\u00eey\u00ea Dikeve di Qonaxa C\u00eebic\u00eekirin\u00ea de","topic":"V\u00eedyo Galer\u00ee","translation_language":"","url":"https://voa-video-ns.akamaized.net/pangeavideo/2026/08/f/fb/fbb77ba9-60a0-458d-476a-08decadaa577_1080p.mp4?cb=ee21160cc","video_url":"https://voa-video-ns.akamaized.net/pangeavideo/2026/08/f/fb/fbb77ba9-60a0-458d-476a-08decadaa577_1080p.mp4?cb=ee21160cc"},{"article_body_paragraphs":[],"audio_source_url":null,"author":"Eyy\u00fbp Dem\u00eer","available_dubs":[],"downloadable_assets":["https://voa-video-ns.akamaized.net/pangeavideo/2026/08/3/31/31d32c3f-92a6-45aa-8148-08decae8682a_1080p.mp4?cb=ee21147b0"],"duration_display":"2:45","duration_seconds":165.84,"embed_url":null,"id":5263,"image_caption":null,"image_url":"https://gdb.voanews.com/31d32c3f-92a6-45aa-8148-08decae8682a_tv_mw2048_mh2048_n.jpg","is_clip":true,"item_type":"video","item_type_label":"Video","language_label":"Kurdish","media_credit":"VOA","micro_label":"Video report","micro_label_kind":"video","network_label":"VOA","network_logo_url":"/static/uploads/direct_network_logos/voa_1ef13eedbd2f.svg","published_at":"2026-08-14T17:30:24.497000","published_at_display":"14 Aug 2026, 17:30 GMT","sequence_badge_label":null,"sequence_count":null,"sequence_count_label":null,"sequence_frames":[],"sequence_kind":null,"source_name":"dengeamerika_com_direct","source_name_label":"Dengeamerika","source_type":"direct_api","summary":"Li Tirk\u00eey\u00ea gelek avah\u00eey\u00ean d\u00eerok\u00ee y\u00ean mes\u00eeh\u00eeyan pediv\u00ee bi lin\u00ear\u00een \u00fb \u00e7avd\u00ear\u00eey\u00ea ne, l\u00ea ew hatine mandila kirin \u00fb li ber r\u00fbxan \u00fb hilwe\u015f\u00een\u00ea ne. Yek ji wan d\u00eara ku weke \u201cS\u00eaw\u00eexaneya R\u00fbm\u201d t\u00ea naskirin li ber hilwe\u015f\u00een\u00ea ye.","title":"S\u00eaw\u00eexaneya R\u00fbm a D\u00eerok\u00ee li Stenbol\u00ea Ber bi Hilwe\u015f\u00een\u00ea ve Di\u00e7e","topic":"V\u00eedyo Galer\u00ee","translation_language":"","url":"https://voa-video-ns.akamaized.net/pangeavideo/2026/08/3/31/31d32c3f-92a6-45aa-8148-08decae8682a_1080p.mp4?cb=ee21147b0","video_url":"https://voa-video-ns.akamaized.net/pangeavideo/2026/08/3/31/31d32c3f-92a6-45aa-8148-08decae8682a_1080p.mp4?cb=ee21147b0"},{"article_body_paragraphs":[],"audio_source_url":null,"author":"R\u00eaj\u00een Ehmed","available_dubs":[],"downloadable_assets":["https://voa-video-ns.akamaized.net/pangeavideo/2026/08/9/9e/9ef4d513-e59f-49ae-a1c2-08def2b10d93_1080p.mp4?cb=ee211f2b8"],"duration_display":"3:49","duration_seconds":229.97,"embed_url":null,"id":5264,"image_caption":null,"image_url":"https://gdb.voanews.com/9ef4d513-e59f-49ae-a1c2-08def2b10d93_tv_mw2048_mh2048_n.jpg","is_clip":true,"item_type":"video","item_type_label":"Video","language_label":"Kurdish","media_credit":"VOA","micro_label":"Video report","micro_label_kind":"video","network_label":"VOA","network_logo_url":"/static/uploads/direct_network_logos/voa_1ef13eedbd2f.svg","published_at":"2026-08-14T17:09:31.033000","published_at_display":"14 Aug 2026, 17:09 GMT","sequence_badge_label":null,"sequence_count":null,"sequence_count_label":null,"sequence_frames":[],"sequence_kind":null,"source_name":"dengeamerika_com_direct","source_name_label":"Dengeamerika","source_type":"direct_api","summary":"Ev b\u00fbn z\u00eadetir\u00ee du hefteyan kr\u00eezeke dijwar ya sotemn\u00eey\u00ea li Her\u00eama Kurdistan\u00ea heye, gel gil\u00eeya hik\u00fbmet\u00ea dike \u00fb hik\u00fbmet j\u00ee sedeman n\u00ee\u015fan dide ku ti\u015ft\u00ea \u00e7\u00ea dibe ji dervey\u00ee kontrola w\u00ea ye. R\u00eaj\u00een Ehmed li Par\u00eazgeha Duhok\u00ea, kr\u00eeza hey\u00ee \u015fopandiye \u00fb ev raport amade kir\u00eeye","title":"\u00c7ima Kr\u00eezek Dijwar a Sotemeniy\u00ea li Her\u00eama Kurdistan\u00ea \u00c7\u00eab\u00fbye?","topic":"V\u00eedyo Galer\u00ee","translation_language":"","url":"https://voa-video-ns.akamaized.net/pangeavideo/2026/08/9/9e/9ef4d513-e59f-49ae-a1c2-08def2b10d93_1080p.mp4?cb=ee211f2b8","video_url":"https://voa-video-ns.akamaized.net/pangeavideo/2026/08/9/9e/9ef4d513-e59f-49ae-a1c2-08def2b10d93_1080p.mp4?cb=ee211f2b8"},{"article_body_paragraphs":[],"audio_source_url":null,"author":"Ridwan B\u00eazar","available_dubs":[],"downloadable_assets":["https://voa-video-ns.akamaized.net/pangeavideo/2026/08/e/e3/e3ab4a0d-6575-4f92-c971-08decaecd3b3_1080p.mp4?cb=ee2112c9f"],"duration_display":"2:23","duration_seconds":143.65,"embed_url":null,"id":5196,"image_caption":null,"image_url":"https://gdb.voanews.com/e3ab4a0d-6575-4f92-c971-08decaecd3b3_tv_mw2048_mh2048_n.jpg","is_clip":true,"item_type":"video","item_type_label":"Video","language_label":"Kurdish","media_credit":"VOA","micro_label":"Video report","micro_label_kind":"video","network_label":"VOA","network_logo_url":"/static/uploads/direct_network_logos/voa_1ef13eedbd2f.svg","published_at":"2026-08-14T15:34:55.390000","published_at_display":"14 Aug 2026, 15:34 GMT","sequence_badge_label":null,"sequence_count":null,"sequence_count_label":null,"sequence_frames":[],"sequence_kind":null,"source_name":"dengeamerika_com_direct","source_name_label":"Dengeamerika","source_type":"direct_api","summary":"Day\u00eek\u00ean Kurd li Koban\u00eey\u00ea bi \u00e7\u00eakirina xwarin\u00ean Kurd\u00ee \u00fb kar\u00ean dest\u00ee y\u00ean kevne\u015fop\u00ee be\u015fdar\u00ee Fest\u00eevala \u00c7and\u00ea ya li her\u00eama Koban\u00eey\u00ea dibin.","title":"Koban\u00ee Fest\u00eevala \u00c7anda Day\u00eek\u00ea Lidar Dixin","topic":"V\u00eedyo Galer\u00ee","translation_language":"","url":"https://voa-video-ns.akamaized.net/pangeavideo/2026/08/e/e3/e3ab4a0d-6575-4f92-c971-08decaecd3b3_1080p.mp4?cb=ee2112c9f","video_url":"https://voa-video-ns.akamaized.net/pangeavideo/2026/08/e/e3/e3ab4a0d-6575-4f92-c971-08decaecd3b3_1080p.mp4?cb=ee2112c9f"},{"article_body_paragraphs":[],"audio_source_url":null,"author":"J\u00eero M\u00eetan\u00ee","available_dubs":[],"downloadable_assets":["https://voa-video-ns.akamaized.net/pangeavideo/2026/08/c/cb/cb60d61e-f370-41ee-8141-08decae8682a_1080p.mp4?cb=ee2112716"],"duration_display":"2:44","duration_seconds":164.95,"embed_url":null,"id":5197,"image_caption":null,"image_url":"https://gdb.voanews.com/cb60d61e-f370-41ee-8141-08decae8682a_tv_mw2048_mh2048_n.jpg","is_clip":true,"item_type":"video","item_type_label":"Video","language_label":"Kurdish","media_credit":"VOA","micro_label":"Video report","micro_label_kind":"video","network_label":"VOA","network_logo_url":"/static/uploads/direct_network_logos/voa_1ef13eedbd2f.svg","published_at":"2026-08-14T15:11:18.960000","published_at_display":"14 Aug 2026, 15:11 GMT","sequence_badge_label":null,"sequence_count":null,"sequence_count_label":null,"sequence_frames":[],"sequence_kind":null,"source_name":"dengeamerika_com_direct","source_name_label":"Dengeamerika","source_type":"direct_api","summary":"Bajar\u00ea Girk\u00ea Leg\u00ea li Rojava, di S\u00eestema S\u00fbr\u00eey\u00ea de h\u00eaj\u00ee neb\u00fbye nav\u00e7ek \u00fb dezgeh\u00ean ferm\u00ee l\u00ea n\u00eenin, ev yek kar \u00fb jiyana xelk\u00ea baj\u00ear zehmet dike, r\u00fbni\u015ftvan\u00ean baj\u00ear daxwaza bicihan\u00eenan biriyara 2008an ya ku Girk\u00ea Leg\u00ea bibe nav\u00e7eyek taybet dikin.","title":"Bandora Neb\u00fbna Dezgeh\u00ean Ferm\u00ee li Girk\u00ea Leg\u00ea y\u00ea Rojava","topic":"V\u00eedyo Galer\u00ee","translation_language":"","url":"https://voa-video-ns.akamaized.net/pangeavideo/2026/08/c/cb/cb60d61e-f370-41ee-8141-08decae8682a_1080p.mp4?cb=ee2112716","video_url":"https://voa-video-ns.akamaized.net/pangeavideo/2026/08/c/cb/cb60d61e-f370-41ee-8141-08decae8682a_1080p.mp4?cb=ee2112716"},{"article_body_paragraphs":[],"audio_source_url":null,"author":"Emced Kurdo","available_dubs":[],"downloadable_assets":["https://voa-video-ns.akamaized.net/pangeavideo/2026/08/b/be/be025b79-8e1b-43c8-7e7b-08def2ed48ad_1080p.mp4?cb=ee2111d32"],"duration_display":"2:42","duration_seconds":162.88,"embed_url":null,"id":5172,"image_caption":null,"image_url":"https://gdb.voanews.com/be025b79-8e1b-43c8-7e7b-08def2ed48ad_tv_mw2048_mh2048_n.jpg","is_clip":true,"item_type":"video","item_type_label":"Video","language_label":"Kurdish","media_credit":"VOA","micro_label":"Video report","micro_label_kind":"video","network_label":"VOA","network_logo_url":"/static/uploads/direct_network_logos/voa_1ef13eedbd2f.svg","published_at":"2026-08-14T14:29:06.987000","published_at_display":"14 Aug 2026, 14:29 GMT","sequence_badge_label":null,"sequence_count":null,"sequence_count_label":null,"sequence_frames":[],"sequence_kind":null,"source_name":"dengeamerika_com_direct","source_name_label":"Dengeamerika","source_type":"direct_api","summary":"Di van dem\u00ean daw\u00ee de li Rojava, d\u00eeyardeya vexwarin\u00ean enerj\u00eey\u00ea di nav zarok \u00fb ciwanan de bi awayek\u00ee berbi\u00e7av z\u00eade b\u00fbye. Malbat ditirsin ku ew vexwarin bandorek xirab li ser tendirustiy\u00ea zarok\u00ean wan bih\u00eale. Emced Kurdo ev raport ji Qami\u015flo amade kiriye.","title":"D\u00eeyardeya Vexwarin\u00ean Enerj\u00eey\u00ea li Bajar\u00ea Qami\u015flo","topic":"V\u00eedyo Galer\u00ee","translation_language":"","url":"https://voa-video-ns.akamaized.net/pangeavideo/2026/08/b/be/be025b79-8e1b-43c8-7e7b-08def2ed48ad_1080p.mp4?cb=ee2111d32","video_url":"https://voa-video-ns.akamaized.net/pangeavideo/2026/08/b/be/be025b79-8e1b-43c8-7e7b-08def2ed48ad_1080p.mp4?cb=ee2111d32"},{"article_body_paragraphs":[],"audio_source_url":null,"author":null,"available_dubs":[],"downloadable_assets":["https://voa-video-ns.akamaized.net/pangeavideo/2026/08/b/b3/b3d3904b-9133-4d53-8136-08decae8682a_1080p.mp4?cb=ee21055bb"],"duration_display":"2:36","duration_seconds":156.49,"embed_url":null,"id":5011,"image_caption":null,"image_url":"https://gdb.voanews.com/b3d3904b-9133-4d53-8136-08decae8682a_tv_mw2048_mh2048_n.jpg","is_clip":true,"item_type":"video","item_type_label":"Video","language_label":"Kurdish","media_credit":"VOA","micro_label":"Video report","micro_label_kind":"video","network_label":"VOA","network_logo_url":"/static/uploads/direct_network_logos/voa_1ef13eedbd2f.svg","published_at":"2026-08-14T00:18:03.317000","published_at_display":"14 Aug 2026, 00:18 GMT","sequence_badge_label":null,"sequence_count":null,"sequence_count_label":null,"sequence_frames":[],"sequence_kind":null,"source_name":"dengeamerika_com_direct","source_name_label":"Dengeamerika","source_type":"direct_api","summary":"W\u00eaney\u00ean berpirs\u00ean \u015e\u00ee'a y\u00ean \u00ceraq\u00ee \u00fb \u00ceran\u00ee li Kolan \u00fb Meydan\u00ean gi\u015ft\u00ee y\u00ean bajar\u00ea Kerkuk\u00ea t\u00ean d\u00eetin, ev yek bo sedema neraz\u00eeb\u00fbna Kurd\u00ean Kerkuk\u00ea. Raporta Huner Ehmed \u00fb p\u00eazan\u00een\u00ean z\u00eadetir.","title":"Kurd\u00ean Kerkuk\u00ea ji Hilwas\u00eena W\u00eaney\u00ean Berpirs\u00ean \u015e\u00ee'a y\u00ean \u00ceraq\u00ee \u00fb \u00ceran\u00ee Neraz\u00eene","topic":"V\u00eedyo Galer\u00ee","translation_language":"","url":"https://voa-video-ns.akamaized.net/pangeavideo/2026/08/b/b3/b3d3904b-9133-4d53-8136-08decae8682a_1080p.mp4?cb=ee21055bb","video_url":"https://voa-video-ns.akamaized.net/pangeavideo/2026/08/b/b3/b3d3904b-9133-4d53-8136-08decae8682a_1080p.mp4?cb=ee21055bb"},{"article_body_paragraphs":[],"audio_source_url":null,"author":null,"available_dubs":[],"downloadable_assets":["https://voa-video-ns.akamaized.net/pangeavideo/2026/08/8/8e/8e3bd82f-a319-4cb1-474b-08decadaa577_1080p.mp4?cb=ee21052d4"],"duration_display":"6:29","duration_seconds":389.5,"embed_url":null,"id":5012,"image_caption":null,"image_url":"https://gdb.voanews.com/8e3bd82f-a319-4cb1-474b-08decadaa577_tv_mw2048_mh2048_n.jpg","is_clip":false,"item_type":"video","item_type_label":"Video","language_label":"Kurdish","media_credit":"VOA","micro_label":"Video report","micro_label_kind":"video","network_label":"VOA","network_logo_url":"/static/uploads/direct_network_logos/voa_1ef13eedbd2f.svg","published_at":"2026-08-14T00:05:40.703000","published_at_display":"14 Aug 2026, 00:05 GMT","sequence_badge_label":null,"sequence_count":null,"sequence_count_label":null,"sequence_frames":[],"sequence_kind":null,"source_name":"dengeamerika_com_direct","source_name_label":"Dengeamerika","source_type":"direct_api","summary":"S\u00eaderadana welat\u00eeyan bi tohmet\u00ean cuda li \u00ceran\u00ea berdewam dike, maf\u00ean mirov t\u00ean binp\u00eakirin. L\u00eakoler N\u00eahr\u00fbz \u00c7emen Ara ji Almanya v\u00ea mijar\u00ea \u015firove dike.","title":"Binp\u00eakirina Mafan \u00fb S\u00eadaredan li \u00ceran\u00ea Didom in","topic":"V\u00eedyo Galer\u00ee","translation_language":"","url":"https://voa-video-ns.akamaized.net/pangeavideo/2026/08/8/8e/8e3bd82f-a319-4cb1-474b-08decadaa577_1080p.mp4?cb=ee21052d4","video_url":"https://voa-video-ns.akamaized.net/pangeavideo/2026/08/8/8e/8e3bd82f-a319-4cb1-474b-08decadaa577_1080p.mp4?cb=ee21052d4"},{"article_body_paragraphs":[],"audio_source_url":null,"author":null,"available_dubs":[],"downloadable_assets":["https://voa-video-ns.akamaized.net/pangeavideo/2026/08/1/1d/1d0180dc-06f5-415a-4756-08decadaa577_1080p.mp4?cb=ee21051bc"],"duration_display":"4:59","duration_seconds":299.05,"embed_url":null,"id":5013,"image_caption":null,"image_url":"https://gdb.voanews.com/1d0180dc-06f5-415a-4756-08decadaa577_tv_mw2048_mh2048_n.jpg","is_clip":true,"item_type":"video","item_type_label":"Video","language_label":"Kurdish","media_credit":"VOA","micro_label":"Video report","micro_label_kind":"video","network_label":"VOA","network_logo_url":"/static/uploads/direct_network_logos/voa_1ef13eedbd2f.svg","published_at":"2026-08-14T00:01:00.423000","published_at_display":"14 Aug 2026, 00:01 GMT","sequence_badge_label":null,"sequence_count":null,"sequence_count_label":null,"sequence_frames":[],"sequence_kind":null,"source_name":"dengeamerika_com_direct","source_name_label":"Dengeamerika","source_type":"direct_api","summary":"Hin H\u00eaz\u00ean Art\u00ea\u015fa \u00ceraq\u00ea ji firokxaneya Hil\u00eawe \u00fb li derora kerkuk\u00ea \u00fb n\u00eaz\u00ee Toz X\u00fbrmato veki\u015fyan, di demek\u00ea de ku piran\u00eeya xelk\u00ea \u00ceraq\u00ea n\u00eegeranin ji ber veki\u015f\u00eena H\u00eaz\u00ean Hevpeyman\u00eeya Navnetew\u00ee ji w\u00ee welat\u00ea wan. Raporta S\u00eenor Ker\u00eem ji Sil\u00eaman\u00eey\u00ea.","title":"Veki\u015f\u00eena H\u00eaz\u00ean Le\u015fker\u00ea \u00ceraq\u00ea ji Ba\u015f\u00fbr\u00ea Kerk\u00fbk\u00ea","topic":"V\u00eedyo Galer\u00ee","translation_language":"","url":"https://voa-video-ns.akamaized.net/pangeavideo/2026/08/1/1d/1d0180dc-06f5-415a-4756-08decadaa577_1080p.mp4?cb=ee21051bc","video_url":"https://voa-video-ns.akamaized.net/pangeavideo/2026/08/1/1d/1d0180dc-06f5-415a-4756-08decadaa577_1080p.mp4?cb=ee21051bc"},{"article_body_paragraphs":[],"audio_source_url":null,"author":null,"available_dubs":[],"downloadable_assets":["https://voa-video-ns.akamaized.net/pangeavideo/2026/08/7/7b/7b5e7d59-e033-42cd-8134-08decae8682a_1080p.mp4?cb=ee2101a14"],"duration_display":"3:30","duration_seconds":210.49,"embed_url":null,"id":4959,"image_caption":null,"image_url":"https://gdb.voanews.com/7b5e7d59-e033-42cd-8134-08decae8682a_tv_mw2048_mh2048_n.jpg","is_clip":true,"item_type":"video","item_type_label":"Video","language_label":"Kurdish","media_credit":"VOA","micro_label":"Video report","micro_label_kind":"video","network_label":"VOA","network_logo_url":"/static/uploads/direct_network_logos/voa_1ef13eedbd2f.svg","published_at":"2026-08-13T20:03:32.820000","published_at_display":"13 Aug 2026, 20:03 GMT","sequence_badge_label":null,"sequence_count":null,"sequence_count_label":null,"sequence_frames":[],"sequence_kind":null,"source_name":"dengeamerika_com_direct","source_name_label":"Dengeamerika","source_type":"direct_api","summary":"Bi n\u00eaz\u00eekb\u00fbna veki\u015f\u00eena h\u00eaz\u00ean hevpeymaniya navnetewey\u00ee re, \u00ceraq ji bo qonaxek n\u00fb xwe amade dike. Karox Xo\u015fnaw, Serok\u00ea Enst\u00eetuya L\u00eakol\u00een\u00ea ya Amer\u00eek\u00ee li Her\u00eama Kurdistan\u00ea v\u00ea mijar\u00ea dinirx\u00eene.","title":"\u015eanda \u00cemral\u00ee bi Serokomar\u00ea Tirk\u00eey\u00ea Erdogan re Kom Dibe","topic":"V\u00eedyo Galer\u00ee","translation_language":"","url":"https://voa-video-ns.akamaized.net/pangeavideo/2026/08/7/7b/7b5e7d59-e033-42cd-8134-08decae8682a_1080p.mp4?cb=ee2101a14","video_url":"https://voa-video-ns.akamaized.net/pangeavideo/2026/08/7/7b/7b5e7d59-e033-42cd-8134-08decae8682a_1080p.mp4?cb=ee2101a14"},{"article_body_paragraphs":[],"audio_source_url":null,"author":null,"available_dubs":[],"downloadable_assets":["https://voa-video-ns.akamaized.net/pangeavideo/2026/08/6/61/61c08581-80cc-4bdc-8135-08decae8682a_1080p.mp4?cb=ee21017b3"],"duration_display":"8:15","duration_seconds":495.97,"embed_url":null,"id":4947,"image_caption":null,"image_url":"https://gdb.voanews.com/61c08581-80cc-4bdc-8135-08decae8682a_tv_mw2048_mh2048_n.jpg","is_clip":false,"item_type":"video","item_type_label":"Video","language_label":"Kurdish","media_credit":"VOA","micro_label":"Video report","micro_label_kind":"video","network_label":"VOA","network_logo_url":"/static/uploads/direct_network_logos/voa_1ef13eedbd2f.svg","published_at":"2026-08-13T19:50:39.220000","published_at_display":"13 Aug 2026, 19:50 GMT","sequence_badge_label":null,"sequence_count":null,"sequence_count_label":null,"sequence_frames":[],"sequence_kind":null,"source_name":"dengeamerika_com_direct","source_name_label":"Dengeamerika","source_type":"direct_api","summary":"Bi n\u00eaz\u00eekb\u00fbna veki\u015f\u00eena h\u00eaz\u00ean hevpeymaniya navnetewey\u00ee re, \u00ceraq ji bo qonaxek n\u00fb xwe amade dike. Karox Xo\u015fnaw, Serok\u00ea Enst\u00eetuya L\u00eakol\u00een\u00ea ya Amer\u00eek\u00ee li Her\u00eama Kurdistan\u00ea v\u00ea mijar\u00ea dinirx\u00eene.","title":"Pispor Hi\u015fyar\u00eey\u00ea Derbar\u00ea Veki\u015f\u00eena H\u00eaz\u00ean Hevpeyman\u00eeya Navnetew\u00ee ji \u00ceraq\u00ea Didin","topic":"V\u00eedyo Galer\u00ee","translation_language":"","url":"https://voa-video-ns.akamaized.net/pangeavideo/2026/08/6/61/61c08581-80cc-4bdc-8135-08decae8682a_1080p.mp4?cb=ee21017b3","video_url":"https://voa-video-ns.akamaized.net/pangeavideo/2026/08/6/61/61c08581-80cc-4bdc-8135-08decae8682a_1080p.mp4?cb=ee21017b3"},{"article_body_paragraphs":[],"audio_source_url":null,"author":"S\u00eenor Ker\u00eem","available_dubs":[],"downloadable_assets":["https://voa-video-ns.akamaized.net/pangeavideo/2026/08/b/bb/bbfd9367-c74d-4d81-f1e8-08def2b12219_1080p.mp4?cb=ee2100357"],"duration_display":"3:17","duration_seconds":197.28,"embed_url":null,"id":4902,"image_caption":null,"image_url":"https://gdb.voanews.com/bbfd9367-c74d-4d81-f1e8-08def2b12219_tv_mw2048_mh2048_n.jpg","is_clip":true,"item_type":"video","item_type_label":"Video","language_label":"Kurdish","media_credit":"VOA","micro_label":"Video report","micro_label_kind":"video","network_label":"VOA","network_logo_url":"/static/uploads/direct_network_logos/voa_1ef13eedbd2f.svg","published_at":"2026-08-13T18:26:31.887000","published_at_display":"13 Aug 2026, 18:26 GMT","sequence_badge_label":null,"sequence_count":null,"sequence_count_label":null,"sequence_frames":[],"sequence_kind":null,"source_name":"dengeamerika_com_direct","source_name_label":"Dengeamerika","source_type":"direct_api","summary":"Her\u00eama Kurdistan\u00ea bi xwezaya xwe ve, yek ji her\u00eam\u00ean her\u00ee ba\u015f \u00fb guncaye ji bo xwed\u00eekirina m\u00ea\u015f\u00ean hingiv. Raporta S\u00eenor Ker\u00eem p\u00eazan\u00een\u00ean z\u00eadetir dide.","title":"Hingiv\u00ea Kurdistan\u00ea Ba\u015ftir\u00een Cur\u00ea Hingiv e, li Her\u00eam\u00ea","topic":"V\u00eedyo Galer\u00ee","translation_language":"","url":"https://voa-video-ns.akamaized.net/pangeavideo/2026/08/b/bb/bbfd9367-c74d-4d81-f1e8-08def2b12219_1080p.mp4?cb=ee2100357","video_url":"https://voa-video-ns.akamaized.net/pangeavideo/2026/08/b/bb/bbfd9367-c74d-4d81-f1e8-08def2b12219_1080p.mp4?cb=ee2100357"},{"article_body_paragraphs":[],"audio_source_url":null,"author":"\u00cevan Hes\u00eeb","available_dubs":[],"downloadable_assets":["https://voa-video-ns.akamaized.net/pangeavideo/2026/08/4/46/46bdeac2-8174-4e85-7e68-08def2ed48ad_1080p.mp4?cb=ee20ff0b6"],"duration_display":"3:35","duration_seconds":215.32,"embed_url":null,"id":4876,"image_caption":null,"image_url":"https://gdb.voanews.com/46bdeac2-8174-4e85-7e68-08def2ed48ad_tv_mw2048_mh2048_n.jpg","is_clip":true,"item_type":"video","item_type_label":"Video","language_label":"Kurdish","media_credit":"VOA","micro_label":"Video report","micro_label_kind":"video","network_label":"VOA","network_logo_url":"/static/uploads/direct_network_logos/voa_1ef13eedbd2f.svg","published_at":"2026-08-13T17:07:02.533000","published_at_display":"13 Aug 2026, 17:07 GMT","sequence_badge_label":null,"sequence_count":null,"sequence_count_label":null,"sequence_frames":[],"sequence_kind":null,"source_name":"dengeamerika_com_direct","source_name_label":"Dengeamerika","source_type":"direct_api","summary":"Li bajar\u00ea Qami\u015flo p\u00ea\u015fangehek bi nav\u00ea \"Ar\u015f\u00eeva Civaka \u00caz\u00eed\u00ee\" hate lidarxistin bi mebesta danas\u00eena p\u00eakhatey\u00ean baj\u00ear bi d\u00eerok \u00fb \u00e7anda \u00caz\u00eed\u00eeyan.","title":"Li Qami\u015flo P\u00ea\u015fangeha 'Ar\u015f\u00eeva Civaka \u00caz\u00eed\u00ee' Hate Lidarxistin","topic":"V\u00eedyo Galer\u00ee","translation_language":"","url":"https://voa-video-ns.akamaized.net/pangeavideo/2026/08/4/46/46bdeac2-8174-4e85-7e68-08def2ed48ad_1080p.mp4?cb=ee20ff0b6","video_url":"https://voa-video-ns.akamaized.net/pangeavideo/2026/08/4/46/46bdeac2-8174-4e85-7e68-08def2ed48ad_1080p.mp4?cb=ee20ff0b6"},{"article_body_paragraphs":[],"audio_source_url":null,"author":"D\u00eeyar Cemal","available_dubs":[],"downloadable_assets":["https://voa-video-ns.akamaized.net/pangeavideo/2026/08/2/2f/2fcdfffb-97e1-4421-c956-08decaecd3b3_1080p.mp4?cb=ee20fd7cc"],"duration_display":"3:36","duration_seconds":216.68,"embed_url":null,"id":4816,"image_caption":null,"image_url":"https://gdb.voanews.com/2fcdfffb-97e1-4421-c956-08decaecd3b3_tv_mw2048_mh2048_n.jpg","is_clip":true,"item_type":"video","item_type_label":"Video","language_label":"Kurdish","media_credit":"VOA","micro_label":"Video report","micro_label_kind":"video","network_label":"VOA","network_logo_url":"/static/uploads/direct_network_logos/voa_1ef13eedbd2f.svg","published_at":"2026-08-13T15:11:12.883000","published_at_display":"13 Aug 2026, 15:11 GMT","sequence_badge_label":null,"sequence_count":null,"sequence_count_label":null,"sequence_frames":[],"sequence_kind":null,"source_name":"dengeamerika_com_direct","source_name_label":"Dengeamerika","source_type":"direct_api","summary":"Ligel n\u00eaz\u00eekb\u00fbna veki\u015f\u00eena tevah\u00ee ya h\u00eaz\u00ean hevpeymaniya navnetewey\u00ee, \u00ceraq ji bo qonaxeke n\u00fb xwe amade dike. N\u00eegeran\u00ee heye ku rew\u015fa ewleh\u00eey\u00ea li \u00ceraq\u00ea were guhertin. Raporta Diyar Cemal v\u00ea mijar\u00ea ron\u00ee dike.","title":"N\u00eegeran\u00eeya Kolana \u00ceraq\u00ee Derbar\u00ea Veki\u015f\u00eena H\u00eaz\u00ean Hevpeymaniy\u00ea ji \u00ceraq\u00ea","topic":"V\u00eedyo Galer\u00ee","translation_language":"","url":"https://voa-video-ns.akamaized.net/pangeavideo/2026/08/2/2f/2fcdfffb-97e1-4421-c956-08decaecd3b3_1080p.mp4?cb=ee20fd7cc","video_url":"https://voa-video-ns.akamaized.net/pangeavideo/2026/08/2/2f/2fcdfffb-97e1-4421-c956-08decaecd3b3_1080p.mp4?cb=ee20fd7cc"},{"article_body_paragraphs":[],"audio_source_url":null,"author":"Eyy\u00fbp Dem\u00eer","available_dubs":[],"downloadable_assets":["https://voa-video-ns.akamaized.net/pangeavideo/2026/08/d/da/dab14773-b1bd-45d2-7e5a-08def2ed48ad_1080p.mp4?cb=ee20fbde0"],"duration_display":"2:57","duration_seconds":177.75,"embed_url":null,"id":4409,"image_caption":null,"image_url":"https://gdb.voanews.com/dab14773-b1bd-45d2-7e5a-08def2ed48ad_tv_mw2048_mh2048_n.jpg","is_clip":true,"item_type":"video","item_type_label":"Video","language_label":"Kurdish","media_credit":"VOA","micro_label":"Video report","micro_label_kind":"video","network_label":"VOA","network_logo_url":"/static/uploads/direct_network_logos/voa_1ef13eedbd2f.svg","published_at":"2026-08-13T13:29:25.013000","published_at_display":"13 Aug 2026, 13:29 GMT","sequence_badge_label":null,"sequence_count":null,"sequence_count_label":null,"sequence_frames":[],"sequence_kind":null,"source_name":"dengeamerika_com_direct","source_name_label":"Dengeamerika","source_type":"direct_api","summary":"Xort\u00ea Kurd Ozcan Aksu di zindaneke Tirk\u00eey\u00ea de jiyana xwe ji dest daye \u00fb mirina w\u00ee ya pi\u015ft\u00ee 14 rojan ji girtin\u00ea pirs\u00ean cid\u00ee li ba xwed\u00eey\u00ean w\u00ee derxistine p\u00ea\u015f. Desthilatdaran sedema mirina w\u00ee negot\u00eeye \u00fb bav\u00ea w\u00ee j\u00ee dib\u00eaje n\u00ee\u015fan\u00ean \u00ea\u015fkencey\u00ea li ser la\u015f\u00ea w\u00ee hene. Raporta Eyy\u00fbp Dem\u00eer b\u00eahtir agah\u00ee hene.","title":"Li Stenbol\u00ea Mirina Kurdek\u00ee di Zindan\u00ea de Dibe Cih\u00ea Guman\u00ea","topic":"V\u00eedyo Galer\u00ee","translation_language":"","url":"https://voa-video-ns.akamaized.net/pangeavideo/2026/08/d/da/dab14773-b1bd-45d2-7e5a-08def2ed48ad_1080p.mp4?cb=ee20fbde0","video_url":"https://voa-video-ns.akamaized.net/pangeavideo/2026/08/d/da/dab14773-b1bd-45d2-7e5a-08def2ed48ad_1080p.mp4?cb=ee20fbde0"},{"article_body_paragraphs":[],"audio_source_url":null,"author":"Ridwan B\u00eazar","available_dubs":[],"downloadable_assets":["https://voa-video-ns.akamaized.net/pangeavideo/2026/08/4/45/45626cfa-5a03-480e-4739-08decadaa577_1080p.mp4?cb=ee20fba6d"],"duration_display":"2:32","duration_seconds":152.04,"embed_url":null,"id":4762,"image_caption":null,"image_url":"https://gdb.voanews.com/45626cfa-5a03-480e-4739-08decadaa577_tv_mw2048_mh2048_n.jpg","is_clip":true,"item_type":"video","item_type_label":"Video","language_label":"Kurdish","media_credit":"VOA","micro_label":"Video report","micro_label_kind":"video","network_label":"VOA","network_logo_url":"/static/uploads/direct_network_logos/voa_1ef13eedbd2f.svg","published_at":"2026-08-13T13:15:25.090000","published_at_display":"13 Aug 2026, 13:15 GMT","sequence_badge_label":null,"sequence_count":null,"sequence_count_label":null,"sequence_frames":[],"sequence_kind":null,"source_name":"dengeamerika_com_direct","source_name_label":"Dengeamerika","source_type":"direct_api","summary":"Alj\u00een Mislim ke\u00e7eke 16 sal\u00ee ye ku piran\u00eeya jiyana xwe li derbider\u00eey\u00ea qedand\u00eeye. Niha ew li bajar\u00ea Koban\u00eey\u00ea dixwaze bi r\u00eaya muz\u00eek\u00ea h\u00eav\u00eey\u00ean xwe \u00fb derbider\u00ean din ge\u015f bike.","title":"Li Koban\u00eey\u00ea Ke\u00e7eke Derbider bi Muz\u00eek\u00ea H\u00eav\u00eey\u00ean Xwe Ge\u015f Dike","topic":"V\u00eedyo Galer\u00ee","translation_language":"","url":"https://voa-video-ns.akamaized.net/pangeavideo/2026/08/4/45/45626cfa-5a03-480e-4739-08decadaa577_1080p.mp4?cb=ee20fba6d","video_url":"https://voa-video-ns.akamaized.net/pangeavideo/2026/08/4/45/45626cfa-5a03-480e-4739-08decadaa577_1080p.mp4?cb=ee20fba6d"},{"article_body_paragraphs":[],"audio_source_url":null,"author":"S\u00eenor Ker\u00eem","available_dubs":[],"downloadable_assets":["https://voa-video-ns.akamaized.net/pangeavideo/2026/08/1/12/1212f7c2-9bf5-4a10-a18f-08def2b10d93_1080p.mp4?cb=ee20ee554"],"duration_display":"4:58","duration_seconds":298.53,"embed_url":null,"id":4600,"image_caption":null,"image_url":"https://gdb.voanews.com/1212f7c2-9bf5-4a10-a18f-08def2b10d93_tv_mw2048_mh2048_n.jpg","is_clip":true,"item_type":"video","item_type_label":"Video","language_label":"Kurdish","media_credit":"VOA","micro_label":"Video report","micro_label_kind":"video","network_label":"VOA","network_logo_url":"/static/uploads/direct_network_logos/voa_1ef13eedbd2f.svg","published_at":"2026-08-12T22:06:12.607000","published_at_display":"12 Aug 2026, 22:06 GMT","sequence_badge_label":null,"sequence_count":null,"sequence_count_label":null,"sequence_frames":[],"sequence_kind":null,"source_name":"dengeamerika_com_direct","source_name_label":"Dengeamerika","source_type":"direct_api","summary":"S\u00eenor Ker\u00eem ji Her\u00eama Kurdistan\u00ea p\u00eazan\u00eenan derbar\u00ea \u00ear\u00ee\u015f\u00ean berdewam \u00ean dron \u00fb m\u00fb\u015fekan li Ser Her\u00eama Kurdistan\u00ea \u00fb d\u00eetina s\u00ea gor\u00ean bikom li M\u00fbsil\u00ea radigih\u00eene.","title":"P\u00eazan\u00een\u00ean Derbar\u00ea \u00car\u00ee\u015f\u00ean ser Her\u00eama Kurdistan\u00ea \u00fb D\u00eetina S\u00ea Gor\u00ean Bikom li M\u00fbsil\u00ea","topic":"V\u00eedyo Galer\u00ee","translation_language":"","url":"https://voa-video-ns.akamaized.net/pangeavideo/2026/08/1/12/1212f7c2-9bf5-4a10-a18f-08def2b10d93_1080p.mp4?cb=ee20ee554","video_url":"https://voa-video-ns.akamaized.net/pangeavideo/2026/08/1/12/1212f7c2-9bf5-4a10-a18f-08def2b10d93_1080p.mp4?cb=ee20ee554"},{"article_body_paragraphs":[],"audio_source_url":null,"author":"Ozlem Yasak","available_dubs":[],"downloadable_assets":["https://voa-video-ns.akamaized.net/pangeavideo/2026/08/5/59/596150fe-0330-4240-7e43-08def2ed48ad_1080p.mp4?cb=ee20ec55d"],"duration_display":"4:41","duration_seconds":281.68,"embed_url":null,"id":4561,"image_caption":null,"image_url":"https://gdb.voanews.com/596150fe-0330-4240-7e43-08def2ed48ad_tv_mw2048_mh2048_n.jpg","is_clip":true,"item_type":"video","item_type_label":"Video","language_label":"Kurdish","media_credit":"VOA","micro_label":"Video report","micro_label_kind":"video","network_label":"VOA","network_logo_url":"/static/uploads/direct_network_logos/voa_1ef13eedbd2f.svg","published_at":"2026-08-12T19:49:49.813000","published_at_display":"12 Aug 2026, 19:49 GMT","sequence_badge_label":null,"sequence_count":null,"sequence_count_label":null,"sequence_frames":[],"sequence_kind":null,"source_name":"dengeamerika_com_direct","source_name_label":"Dengeamerika","source_type":"direct_api","summary":"Pi\u015ft\u00ee ku Parlamentoy\u00ea bi 467 dengan qan\u00fbna \u00e7ar\u00e7ovey\u00ee pejirand ew, Tirk\u00eey\u00ea dest bi amadekar\u00eey\u00ean qonaxa din ya qan\u00fbna \u00e7ar\u00e7ovey\u00ee kir. Ozlem Yasak mijar\u00ea z\u00eadetir zelal dike.","title":"Qonaxa C\u00eebic\u00eekirina Qan\u00fbna \u00c7ar\u00e7ovey\u00ee li Tirk\u00eey\u00ea","topic":"V\u00eedyo Galer\u00ee","translation_language":"","url":"https://voa-video-ns.akamaized.net/pangeavideo/2026/08/5/59/596150fe-0330-4240-7e43-08def2ed48ad_1080p.mp4?cb=ee20ec55d","video_url":"https://voa-video-ns.akamaized.net/pangeavideo/2026/08/5/59/596150fe-0330-4240-7e43-08def2ed48ad_1080p.mp4?cb=ee20ec55d"}],"next_num":10,"page":9,"pages":15,"per_page":20,"prev_num":8,"total":298}
